{"id":1331,"date":"2024-05-16T12:42:06","date_gmt":"2024-05-16T15:42:06","guid":{"rendered":"https:\/\/pos.uel.br\/ppga\/?page_id=1331"},"modified":"2025-02-28T19:08:51","modified_gmt":"2025-02-28T22:08:51","slug":"dissertacoes-defendidas-em-2015","status":"publish","type":"page","link":"https:\/\/pos.uel.br\/ppga\/dissertacoes-defendidas-em-2015\/","title":{"rendered":"Disserta\u00e7\u00f5es defendidas em 2015"},"content":{"rendered":"\n<p><a href=\"https:\/\/pos.uel.br\/ppga\/dissertacoes-defendidas\/\">retornar ao \u00edndice de disserta\u00e7\u00f5es defendidas<\/a><\/p>\n\n\n\n<div class=\"wp-block-uel-card\">\n<h4 class=\"wp-block-heading\">14\/08\/2015<\/h4>\n\n\n\n<blockquote class=\"wp-block-quote is-layout-flow wp-block-quote-is-layout-flow\">\n<h6 class=\"wp-block-heading\"><strong>T\u00edtulo:&nbsp;<\/strong><a href=\"https:\/\/repositorio.uel.br\/bitstreams\/11696515-2ecb-41a1-8516-af56602a32d0\/download\">CAPACIDADE DELIBERATIVA NAS POL\u00cdTICAS DE MUDAN\u00c7AS CLIM\u00c1TICAS: um estudo sobre a participa\u00e7\u00e3o no Programa Bioclima<\/a>.<\/h6>\n\n\n\n<p><strong>Autor:<\/strong> LEANDRO VIEIRA SILVA MATOS<br><strong>Banca:&nbsp;<\/strong>DR. BENILSON BORINELLI &#8211; (orientador)(UEL), Dr. LUIS MIGUEL LUZIO DOS SANTOS (UEL), Dr. ELFLAY MIRANDA (UEM)<strong><br>Palavras-chave:&nbsp;<\/strong>Pol\u00edtica Ambiental; Mudan\u00e7as Clim\u00e1ticas; Capacidade Deliberativa; Democratiza\u00e7\u00e3o.<\/p>\n<\/blockquote>\n<\/div>\n\n\n\n<div class=\"wp-block-uel-card\">\n<h4 class=\"wp-block-heading\">07\/08\/2015<\/h4>\n\n\n\n<blockquote class=\"wp-block-quote is-layout-flow wp-block-quote-is-layout-flow\">\n<h6 class=\"wp-block-heading\"><strong>T\u00edtulo<\/strong>: <a href=\"https:\/\/repositorio.uel.br\/bitstreams\/135ad06f-6024-4f68-99a6-132076b85042\/download\">A TEORIA DO AGIR COMUNICATIVO E A BUSCA DA SUSTENTABILIDADE: UM OLHAR SOBRE OS SUJEITOS NA CONSTRU\u00c7\u00c3O DE NOVAS REALIDADES ORGANIZACIONAIS<\/a>. <\/h6>\n\n\n\n<p><strong>Autora:&nbsp;<\/strong>GIOVANNA MIGOTTO DA FONSECA GALLELI<br><strong>Banca:&nbsp;<\/strong>Profa. Dra. MARLENE MARCHIORI (orientador)(UEL),Prof. Dr. F\u00c1BIO VIZEU FERREIRA(POSITIVO), Dr. LUIS MIGUEL LUZIO DOS SANTOS (UEL)<strong><br>Palavras-chave:<\/strong> Habermas. Racionalidade. Intera\u00e7\u00e3o. Sujeitos. Comunica\u00e7\u00e3o. Sustentabilidade.<\/p>\n<\/blockquote>\n<\/div>\n\n\n\n<div class=\"wp-block-uel-card\">\n<h4 class=\"wp-block-heading\">07\/08\/2015<\/h4>\n\n\n\n<blockquote class=\"wp-block-quote is-layout-flow wp-block-quote-is-layout-flow\">\n<h6 class=\"wp-block-heading\"><strong>T\u00edtulo:<\/strong> <a href=\"https:\/\/repositorio.uel.br\/bitstreams\/b4e965fa-b54a-4db0-b44d-4fb7a9a624cd\/download\">COMUNICA\u00c7\u00c3O DE RISCO COMO PROCESSO: UMA AN\u00c1LISE DO CASO SHELL\/BASF<\/a>. <\/h6>\n\n\n\n<p><strong>Autora:&nbsp;<\/strong>MILENE ROCHA LOURENCO LEITZKE<br><strong>Banca:&nbsp;<\/strong>Dra. MARLENE MARCHIORI (orientador)(UEL), Dr. LUIS MIGUEL LUZIO DOS SANTOS (UEL), Prof. SONIA REGINA VARGAS MANSANO (UEL)<strong><br>Palavras-chave:<\/strong> Comunica\u00e7\u00e3o de risco; Percep\u00e7\u00e3o de risco; Consci\u00eancia; Stakeholders; Sustentabilidade.<\/p>\n<\/blockquote>\n<\/div>\n\n\n\n<div class=\"wp-block-uel-card\">\n<h4 class=\"wp-block-heading\">10\/07\/2015<\/h4>\n\n\n\n<blockquote class=\"wp-block-quote is-layout-flow wp-block-quote-is-layout-flow\">\n<h6 class=\"wp-block-heading\"><strong>T\u00edtulo:<\/strong> <a href=\"https:\/\/repositorio.uel.br\/bitstreams\/6336513d-ffb2-487b-a965-ed1350a1d7d0\/download\">SUSTENTABILIDADE EM CONTEXTO ORGANIZACIONAL: AN\u00c1LISE DE MODELOS DE GEST\u00c3O \u00c0 LUZ DA PERSPECTIVA SIST\u00caMICA DE NIKLAS LUHMANN<\/a>.<\/h6>\n\n\n\n<p><strong>Autora:&nbsp;<\/strong>JAQUELINE CLAUDINO DA SILVA<br><strong>Banca:&nbsp;<\/strong>Dr. LUCIANO MUNCK (orientador)(UEL), Dr. RAFAEL BORIM DE SOUZA (UEL), Dr. LUIZ ALBERTO DE LIMA LEANDRO (UFRRJ)<strong><br>Palavras-chave:<\/strong> Modelos de Gest\u00e3o da Sustentabilidade; Organiza\u00e7\u00e3o, Niklas Luhmann, intera\u00e7\u00e3o sist\u00eamica.<\/p>\n<\/blockquote>\n<\/div>\n\n\n\n<div class=\"wp-block-uel-card\">\n<h4 class=\"wp-block-heading\">22\/06\/2015<\/h4>\n\n\n\n<blockquote class=\"wp-block-quote is-layout-flow wp-block-quote-is-layout-flow\">\n<h6 class=\"wp-block-heading\"><strong>T\u00edtulo:<\/strong> <a href=\"https:\/\/repositorio.uel.br\/bitstreams\/cac1790b-1dc6-4b67-99f0-b39e05f864a3\/download\">A INSER\u00c7\u00c3O SOCIOECON\u00d4MICA DE CATADORES DE RECICL\u00c1VEIS EM LONDRINA, PARAN\u00c1: A INFLU\u00caNCIA DE A\u00c7\u00d5ES ECON\u00d4MICAS EM IMERS\u00c3O SOCIAL DE REDES SOCIAIS<\/a>.<\/h6>\n\n\n\n<p><strong>Autor:&nbsp;<\/strong>MARCIO LUIS MASSARO<br><strong>Banca:&nbsp;<\/strong>Dr. IVAN DE SOUZA DUTRA (orientador)(UEL), Dr. MARCELO DE SOUZA BISPO (UFBP), Dr. LUIS MIGUEL LUZIO DOS SANTOS (UEL)<strong><br>Palavras-chave:<\/strong> Nova Sociologia Econ\u00f4mica. Imers\u00e3o Social. Rela\u00e7\u00f5es sociais.<\/p>\n<\/blockquote>\n<\/div>\n\n\n\n<div class=\"wp-block-uel-card\">\n<h4 class=\"wp-block-heading\">29\/05\/2015<\/h4>\n\n\n\n<blockquote class=\"wp-block-quote is-layout-flow wp-block-quote-is-layout-flow\">\n<h6 class=\"wp-block-heading\"><strong>T\u00edtulo:<\/strong> <a href=\"https:\/\/repositorio.uel.br\/bitstreams\/cfde54ff-e4ad-45fc-8226-ef759046a857\/download\">PROCESSO DE INSTITUCIONALIZA\u00c7\u00c3O DA ESTRUTURA DE GEST\u00c3O EDUCACIONAL: UMA AN\u00c1LISE NO MUNIC\u00cdPIO DE LONDRINA-PR.<\/a><\/h6>\n\n\n\n<p><strong>Autora:&nbsp;<\/strong>DANIELA MODOLO RIBEIRO DE GOUVEA<br><strong>Banca:&nbsp;<\/strong>Dr. SAULO FABIANO AM\u00c2NCIO VIEIRA (orientador)(UEL), Dra. S\u00d4NIA REGINA VARGAS MANSANO (UEL), Dr. RICARDO LEBBOS FAVORETTO (UNIVERSIDADE NOVE DE JULHO)<strong><br>Palavras-chave:<\/strong> Educa\u00e7\u00e3o, Teoria institucional, Modelos de Gest\u00e3o<\/p>\n<\/blockquote>\n<\/div>\n\n\n\n<div class=\"wp-block-uel-card\">\n<h4 class=\"wp-block-heading\">26\/05\/2015<\/h4>\n\n\n\n<blockquote class=\"wp-block-quote is-layout-flow wp-block-quote-is-layout-flow\">\n<h6 class=\"wp-block-heading\"><strong>T\u00edtulo:<\/strong> <a href=\"https:\/\/repositorio.uel.br\/bitstreams\/445e1fa9-2242-45ac-aae4-fb07b8284c49\/download\">IMPASSES POL\u00cdTICOS NA ATIVIDADE DE REFLORESTAMENTO<\/a>.<\/h6>\n\n\n\n<p><strong>Autor:&nbsp;<\/strong>JOAO PAULO LEITE BARBOSA<br><strong>Banca:<\/strong> Dra. S\u00d4NIA REGINA VARGAS MANSANO (orientador)(UEL), DR. BENILSON BORINELLI (UEL), Dr. MARCOS NALLI (UEL)<strong><br>Palavras-chave:<\/strong> Mata Atl\u00e2ntica. Reflorestamento. Sustentabilidade. Pol\u00edtica Ambiental. Poder.<\/p>\n<\/blockquote>\n<\/div>\n\n\n\n<div class=\"wp-block-uel-card\">\n<h4 class=\"wp-block-heading\">25\/05\/2015<\/h4>\n\n\n\n<blockquote class=\"wp-block-quote is-layout-flow wp-block-quote-is-layout-flow\">\n<h6 class=\"wp-block-heading\"><strong>T\u00edtulo:<\/strong> <a href=\"https:\/\/repositorio.uel.br\/bitstreams\/a978a598-1500-43d3-975c-a91609241f4e\/download\">GASTOS P\u00daBLICOS AMBIENTAIS DOS MUNIC\u00cdPIOS DO CONS\u00d3RCIO INTERMUNICIPAL CORIPA: ESTUDO DAS INFLU\u00caNCIAS DE A\u00c7\u00d5ES ORIGINADAS EM LA\u00c7OS SOCIAIS<\/a>.<\/h6>\n\n\n\n<p><strong>Autor:&nbsp;<\/strong>CLEBER BROIETTI<br><strong>Banca:<\/strong> Dr. IVAN DE SOUZA DUTRA (orientador)(UEL), DR. BENILSON BORINELLI (UEL), Dr. MAUR\u00cdCIO REINERT DO NASCIMENTO (UEM)<strong><br>Palavras-chave:<\/strong> Gasto Ambiental. Influ\u00eancia. La\u00e7o Social. CORIPA<\/p>\n<\/blockquote>\n<\/div>\n\n\n\n<div class=\"wp-block-uel-card\">\n<h4 class=\"wp-block-heading\">16\/04\/2015<\/h4>\n\n\n\n<blockquote class=\"wp-block-quote is-layout-flow wp-block-quote-is-layout-flow\">\n<h6 class=\"wp-block-heading\"><strong>T\u00edtulo:<\/strong> <a href=\"https:\/\/repositorio.uel.br\/bitstreams\/8955be4d-d6f7-4270-b2d5-582a837fa767\/download\">SUSTENTABILIDADE E EDUCA\u00c7\u00c3O: DESAFIOS CONTEMPOR\u00c2NEOS<\/a>.<\/h6>\n\n\n\n<p><strong>Autora:&nbsp;<\/strong> MAGDA DEI TOS BARRETO<br><strong>Banca:&nbsp;<\/strong> Dra. S\u00d4NIA REGINA VARGAS MANSANO (orientador)(UEL), Dr. DEIVIS PEREZ BISPO DOS SANTOS (UEL), Dr. LUIS MIGUEL LUZIO DOS SANTOS (UEL)<strong><br>Palavras-chave:<\/strong> Educa\u00e7\u00e3o. Desenvolvimento Sustent\u00e1vel. Pol\u00edticas Educacionais.<\/p>\n<\/blockquote>\n<\/div>\n\n\n\n<div class=\"wp-block-uel-card\">\n<h4 class=\"wp-block-heading\">15\/04\/2015<\/h4>\n\n\n\n<blockquote class=\"wp-block-quote is-layout-flow wp-block-quote-is-layout-flow\">\n<h6 class=\"wp-block-heading\"><strong>T\u00edtulo:<\/strong> <a href=\"https:\/\/repositorio.uel.br\/bitstreams\/972b46a5-1630-4d55-9ef3-6bc18dbb0bfe\/download\">A INSTITUCIONALIZA\u00c7\u00c3O DO TEMA SUSTENTABILIDADE NO CURSO DE GRADUA\u00c7\u00c3O EM ADMINISTRA\u00c7\u00c3O<\/a>.<\/h6>\n\n\n\n<p><strong>Autora:&nbsp;<\/strong> INDIARA BELTRAME BRANCHER<br><strong>Banca:&nbsp;<\/strong> Dr. LUCIANO GOMES DOS REIS (orientador)(UEL), Dr. DANIEL RAMOS NOGUEIRA (UEL), Dr. SAULO FABIANO AM\u00c2NCIO VIEIRA (UEL)<strong><br>Palavras-chave:<\/strong> Processo de institucionaliza\u00e7\u00e3o. Sustentabilidade. Gradua\u00e7\u00e3o em Administra\u00e7\u00e3o<\/p>\n<\/blockquote>\n<\/div>\n","protected":false},"excerpt":{"rendered":"<p>retornar ao \u00edndice de disserta\u00e7\u00f5es defendidas<\/p>\n","protected":false},"author":12,"featured_media":0,"parent":0,"menu_order":0,"comment_status":"closed","ping_status":"closed","template":"","meta":{"footnotes":""},"class_list":["post-1331","page","type-page","status-publish","hentry"],"acf":[],"_links":{"self":[{"href":"https:\/\/pos.uel.br\/ppga\/wp-json\/wp\/v2\/pages\/1331","targetHints":{"allow":["GET"]}}],"collection":[{"href":"https:\/\/pos.uel.br\/ppga\/wp-json\/wp\/v2\/pages"}],"about":[{"href":"https:\/\/pos.uel.br\/ppga\/wp-json\/wp\/v2\/types\/page"}],"author":[{"embeddable":true,"href":"https:\/\/pos.uel.br\/ppga\/wp-json\/wp\/v2\/users\/12"}],"replies":[{"embeddable":true,"href":"https:\/\/pos.uel.br\/ppga\/wp-json\/wp\/v2\/comments?post=1331"}],"version-history":[{"count":13,"href":"https:\/\/pos.uel.br\/ppga\/wp-json\/wp\/v2\/pages\/1331\/revisions"}],"predecessor-version":[{"id":2101,"href":"https:\/\/pos.uel.br\/ppga\/wp-json\/wp\/v2\/pages\/1331\/revisions\/2101"}],"wp:attachment":[{"href":"https:\/\/pos.uel.br\/ppga\/wp-json\/wp\/v2\/media?parent=1331"}],"curies":[{"name":"wp","href":"https:\/\/api.w.org\/{rel}","templated":true}]}}