{"id":1173,"date":"2023-12-05T16:33:46","date_gmt":"2023-12-05T19:33:46","guid":{"rendered":"https:\/\/pos.uel.br\/ppga\/?page_id=1173"},"modified":"2025-02-21T14:50:15","modified_gmt":"2025-02-21T17:50:15","slug":"bolsas-de-estudos-para-discentes","status":"publish","type":"page","link":"https:\/\/pos.uel.br\/ppga\/bolsas-de-estudos-para-discentes\/","title":{"rendered":"Bolsas de Estudos para Discentes"},"content":{"rendered":"\n<div class=\"wp-block-uel-card\">\n<p>Considera-se como Bolsa de Estudos todo e qualquer benef\u00edcio em forma de remunera\u00e7\u00e3o financeira designado a membros do corpo discente do PPGA-UEL, independente da natureza e da fonte de financiamento\/fomento.<\/p>\n\n\n\n<p>As bolsas ser\u00e3o concedidas conforme disponibilidade financeira a alunos regulares matriculados no programa que atendam aos requisitos estabelecidos pela comiss\u00e3o de bolsas de estudo e observadas as normas das ag\u00eancias concedentes.<\/p>\n<\/div>\n\n\n\n<div class=\"wp-block-uel-card\">\n<p>A <strong>Comiss\u00e3o de Bolsas do PPGA<\/strong> tem a seguinte composi\u00e7\u00e3o:<\/p>\n\n\n\n<figure class=\"wp-block-table is-style-stripes\"><table class=\"has-fixed-layout\"><tbody><tr><td><strong>Membro<\/strong><\/td><td><strong>Condi\u00e7\u00e3o<\/strong><\/td><\/tr><tr><td>Paulo Marcelo Ferrarese Pegino<\/td><td>Presidente da Comiss\u00e3o de Bolsas<\/td><\/tr><tr><td>Luciano Munck<\/td><td>Representante da Linha GOR<\/td><\/tr><tr><td>Ricardo Lebbos Favoreto<\/td><td>Representante da Linha OPS<\/td><\/tr><tr><td>Zero Dalmaso Carmona<\/td><td>Representante Discente<\/td><\/tr><\/tbody><\/table><\/figure>\n<\/div>\n\n\n\n<h3 class=\"wp-block-heading\">Normas e Documenta\u00e7\u00f5es para Bolsas<\/h3>\n\n\n\n<h4 class=\"wp-block-heading is-style-default has-primary-accent-color has-site-background-background-color has-text-color has-background\"><a href=\"https:\/\/pos.uel.br\/ppga\/regulamento-de-bolsas-do-ppga\/\">Regulamento de Bolsas do PPGA<\/a><\/h4>\n\n\n\n<h4 class=\"wp-block-heading is-style-default has-primary-accent-color has-site-background-background-color has-text-color has-background\"><a href=\"https:\/\/pos.uel.br\/ppga\/wp-content\/uploads\/2024\/03\/Portaria-no-187-de-28-de-Setembro-de-2023.pdf\">Portaria Capes 187\/2023 (altera, em partes, a Portaria 133\/2023)<\/a><\/h4>\n\n\n\n<h4 class=\"wp-block-heading is-style-default has-primary-accent-color has-site-background-background-color has-text-color has-background\"><a href=\"https:\/\/pos.uel.br\/ppga\/wp-content\/uploads\/2024\/03\/Portaria-no-133-de-10-de-Julho-de-2023.pdf\">Portaria Capes 133\/2023 (disp\u00f5e sobre ac\u00famulo de bolsa com atividade remunerada)<\/a><\/h4>\n\n\n\n<h4 class=\"wp-block-heading is-style-default has-primary-accent-color has-site-background-background-color has-text-color has-background\"><a href=\"https:\/\/pos.uel.br\/ppga\/wp-content\/uploads\/2023\/12\/Instrucao-de-Servico_PROPPG_07_2023-Portaria-133.pdf\">Instru\u00e7\u00e3o de Servi\u00e7o UEL PROPPG 07\/2023 (referente \u00e0 Portaria Capes 133\/2023)<\/a><\/h4>\n\n\n\n<h4 class=\"wp-block-heading is-style-default has-primary-accent-color has-site-background-background-color has-text-color has-background\"><a href=\"https:\/\/pos.uel.br\/ppga\/wp-content\/uploads\/2023\/12\/TermodeCompromissoDS_Bolsista.docx\">Termo de Compromisso do\/a Bolsista<\/a> (Bolsa CAPES Demanda Social)<\/h4>\n\n\n\n<h4 class=\"wp-block-heading is-style-default has-primary-accent-color has-site-background-background-color has-text-color has-background\"><a href=\"https:\/\/pos.uel.br\/ppga\/wp-content\/uploads\/2023\/12\/Declaracao_de_Acumulos-PPGA-UEL.docx\">Declara\u00e7\u00e3o de Ac\u00famulo<\/a> (Bolsa CAPES Demanda Social)<\/h4>\n\n\n\n<div style=\"height:62px\" aria-hidden=\"true\" class=\"wp-block-spacer\"><\/div>\n\n\n\n<div class=\"wp-block-uel-card\">\n<p><\/p>\n\n\n\n<h2 class=\"wp-block-heading\">Editais para Bolsas<\/h2>\n\n\n<div class=\"editais-block\"><a class=\"editais-block__item-block\" href=\"https:\/\/pos.uel.br\/ppga\/wp-content\/uploads\/2026\/03\/EDITAL_PPGA_006_2025_Resultado_Cadastro_de_Bolsa_assinado.pdf\"><div class=\"editais-block__titulo\"><span>EDITAL PPGA 06\/2026 &#8211; Cadastro de Reserva para Bolsas de Estudo &#8211; RESULTADO<\/span><\/div><div class=\"editais-block__resumo\"><span>A Comiss\u00e3o Coordenadora do Programa de P\u00f3s-Gradua\u00e7\u00e3o em Administra\u00e7\u00e3o da Universidade Estadual de Londrina (PPGA-UEL) e a Comiss\u00e3o de Bolsas do PPGA-UEL, em conformidade com o Edital PPGA 003\/2026, tornam p\u00fablico o resultado do Processo Seletivo para Forma\u00e7\u00e3o de Cadastro de Reserva para Bolsas de Estudo.<\/span><\/div><div class=\"editais-block__publicado\"><span>2 meses atr\u00e1s<\/span><\/div><\/a><a class=\"editais-block__item-block\" href=\"https:\/\/pos.uel.br\/ppga\/wp-content\/uploads\/2026\/02\/EDITAL_PPGA_003_2026_Cadastro_de_Reserva_Bolsas_de_Estudo_assinado.pdf\"><div class=\"editais-block__titulo\"><span>Edital 003\/2026 &#8211; Bolsas de Estudo (cadastro de reserva)<\/span><\/div><div class=\"editais-block__resumo\"><span>A Comiss\u00e3o Coordenadora do Programa de P\u00f3s-Gradua\u00e7\u00e3o em Administra\u00e7\u00e3o da Universidade Estadual de Londrina (PPGA-UEL) e a Comiss\u00e3o de Bolsas do PPGA-UEL tornam p\u00fablica a inscri\u00e7\u00e3o no Processo Seletivo para Forma\u00e7\u00e3o de Cadastro de Reserva para Bolsas de Estudo.\r\n<\/span><\/div><div class=\"editais-block__publicado\"><span>2 meses atr\u00e1s<\/span><\/div><\/a><a class=\"editais-block__item-block\" href=\"https:\/\/pos.uel.br\/ppga\/wp-content\/uploads\/2025\/02\/EDITAL_PPGA_006_2025_Resultado_Cadastro_de_Bolsa_assinado.pdf\"><div class=\"editais-block__titulo\"><span>EDITAL PPGA 06\/2025 &#8211; Resultados Cadastro Reserva de Bolsas<\/span><\/div><div class=\"editais-block__resumo\"><span>A Comiss\u00e3o Coordenadora do Programa de P\u00f3s-Gradua\u00e7\u00e3o em Administra\u00e7\u00e3o da Universidade Estadual de Londrina (PPGA-UEL) e a Comiss\u00e3o de Bolsas do PPGA-UEL, em conformidade com o Edital PPGA 004\/2025, tornam p\u00fablico o resultado do Processo Seletivo para Forma\u00e7\u00e3o de Cadastro de Reserva para Bolsas de Estudo.<\/span><\/div><div class=\"editais-block__publicado\"><span>1 ano atr\u00e1s<\/span><\/div><\/a><a class=\"editais-block__item-block\" href=\"https:\/\/pos.uel.br\/ppga\/wp-content\/uploads\/2025\/02\/EDITAL_PPGA_004_2025_Cadastro_de_Reserva_Bolsas_de_Estudo_assinado.pdf\"><div class=\"editais-block__titulo\"><span>Edital 04\/2025 &#8211; Cadastro de Reserva para Bolsas de Estudo<\/span><\/div><div class=\"editais-block__resumo\"><span>A Comiss\u00e3o Coordenadora do Programa de P\u00f3s-Gradua\u00e7\u00e3o em Administra\u00e7\u00e3o da Universidade Estadual de Londrina (PPGA-UEL) e a Comiss\u00e3o de Bolsas do PPGA-UEL tornam p\u00fablica a inscri\u00e7\u00e3o no Processo Seletivo para Forma\u00e7\u00e3o de Cadastro de Reserva para Bolsas de Estudo &#8211; Modalidade CAPES Demanda Social (CAPES DS).<\/span><\/div><div class=\"editais-block__publicado\"><span>1 ano atr\u00e1s<\/span><\/div><\/a><a class=\"editais-block__item-block\" href=\"https:\/\/pos.uel.br\/ppga\/wp-content\/uploads\/2024\/03\/EDITAL_PPGA_006_2024_Resultado_Cadastro_de_Bolsa_assinado.pdf\"><div class=\"editais-block__titulo\"><span>Edital de Bolsas de Estudo &#8211; CAPES DS &#8211; RESULTADO<\/span><\/div><div class=\"editais-block__resumo\"><span>A Comiss\u00e3o do PPGA e a Comiss\u00e3o de Bolsas tornam p\u00fablico o resultado do Processo Seletivo para Forma\u00e7\u00e3o de Cadastro de Reserva para Bolsas de Estudo &#8211; Modalidade CAPES Demanda Social (CAPES DS), e a distribui\u00e7\u00e3o de cotas conforme disponibilidade de bolsas no Programa.\r\n<\/span><\/div><div class=\"editais-block__publicado\"><span>2 anos atr\u00e1s<\/span><\/div><\/a><a class=\"editais-block__item-block\" href=\"https:\/\/pos.uel.br\/ppga\/wp-content\/uploads\/2024\/03\/EDITAL_PPGA_004_2024_Cadastro_de_Reserva_Bolsas_de_Estudo_assinado.pdf\"><div class=\"editais-block__titulo\"><span>Edital de Bolsas de Estudo &#8211; Modalidade CAPES DS<\/span><\/div><div class=\"editais-block__resumo\"><span>O PPGA torna p\u00fablica a inscri\u00e7\u00e3o no Processo Seletivo para Forma\u00e7\u00e3o de Cadastro de Reserva para Bolsas de Estudo &#8211; Modalidade CAPES Demanda Social (CAPES DS).<\/span><\/div><div class=\"editais-block__publicado\"><span>2 anos atr\u00e1s<\/span><\/div><\/a><a class=\"editais-block__item-block\" href=\"https:\/\/pos.uel.br\/ppga\/wp-content\/uploads\/2022\/09\/Edital_15_2022_PPGA_UEL_Processo_Seletivo_Bolsistas_RESULTADO.pdf\"><div class=\"editais-block__titulo\"><span>Restulado Final da Sele\u00e7\u00e3o para Concess\u00e3o de Bolsa de Estudos &#8211; CAPES<\/span><\/div><div class=\"editais-block__resumo\"><span>Restulado Final da Sele\u00e7\u00e3o para Concess\u00e3o de Bolsa de Estudos &#8211; CAPES<\/span><\/div><div class=\"editais-block__publicado\"><span>4 anos atr\u00e1s<\/span><\/div><\/a><a class=\"editais-block__item-block\" href=\"https:\/\/pos.uel.br\/ppga\/wp-content\/uploads\/2022\/09\/0132022-Edital-Selec\u0327a\u0303o-de-Bolsistas.pdf\"><div class=\"editais-block__titulo\"><span>Processo de Sele\u00e7\u00e3o para Concess\u00e3o de Bolsa de Estudos &#8211; CAPES<\/span><\/div><div class=\"editais-block__resumo\"><span>O PPGA divulga edital de abertura para o Processo de Sele\u00e7\u00e3o para Concess\u00e3o de Bolsa de Estudos &#8211; CAPES.<\/span><\/div><div class=\"editais-block__publicado\"><span>4 anos atr\u00e1s<\/span><\/div><\/a><\/div><\/div>\n\n\n\n<div class=\"wp-block-uel-card\">\n<h2 class=\"wp-block-heading\">Discentes com bolsas em vig\u00eancia<\/h2>\n\n\n\n<p>Discentes com bolsas em vig\u00eancia<\/p>\n\n\n\n<figure class=\"wp-block-table is-style-stripes\"><table><tbody><tr><td><\/td><td><strong>Discente<\/strong><\/td><td><strong>Tipo de Bolsa<\/strong><\/td><\/tr><tr><td>1<\/td><td>Ana Claudia Ribeiro<\/td><td>CAPES PDPG<\/td><\/tr><tr><td>2<\/td><td>Natasha de Araujo Cezar<\/td><td>CAPES PDPG<\/td><\/tr><tr><td>3<\/td><td>Mariana Liaschi Mazuchini<\/td><td>CAPES DS<\/td><\/tr><tr><td>4<\/td><td>Gracieli de Abreu Simplicio<\/td><td>CAPES DS<\/td><\/tr><tr><td>5<\/td><td>Zero Dalmaso Carmona<\/td><td>CAPES DS<\/td><\/tr><tr><td>6<\/td><td>Patricia de Almeida de Paula<\/td><td>CAPES DS<\/td><\/tr><tr><td>7<\/td><td>Paula Carolina Rocha Menezes<\/td><td>CAPES DS<\/td><\/tr><tr><td>8<\/td><td>Douglas Wellinson Secco<\/td><td>CNPQ<\/td><\/tr><\/tbody><\/table><\/figure>\n<\/div>\n\n\n\n<h3 class=\"wp-block-heading\"><\/h3>\n","protected":false},"excerpt":{"rendered":"<p>Normas e Documenta\u00e7\u00f5es para Bolsas Regulamento de Bolsas do PPGA Portaria Capes 187\/2023 (altera, em partes, a Portaria 133\/2023) Portaria Capes 133\/2023 (disp\u00f5e sobre ac\u00famulo de bolsa com atividade remunerada) Instru\u00e7\u00e3o de Servi\u00e7o UEL PROPPG 07\/2023 (referente \u00e0 Portaria Capes 133\/2023) Termo de Compromisso do\/a Bolsista (Bolsa CAPES Demanda Social) Declara\u00e7\u00e3o de Ac\u00famulo (Bolsa CAPES [&hellip;]<\/p>\n","protected":false},"author":8,"featured_media":0,"parent":0,"menu_order":0,"comment_status":"closed","ping_status":"closed","template":"","meta":{"footnotes":""},"class_list":["post-1173","page","type-page","status-publish","hentry"],"acf":[],"_links":{"self":[{"href":"https:\/\/pos.uel.br\/ppga\/wp-json\/wp\/v2\/pages\/1173","targetHints":{"allow":["GET"]}}],"collection":[{"href":"https:\/\/pos.uel.br\/ppga\/wp-json\/wp\/v2\/pages"}],"about":[{"href":"https:\/\/pos.uel.br\/ppga\/wp-json\/wp\/v2\/types\/page"}],"author":[{"embeddable":true,"href":"https:\/\/pos.uel.br\/ppga\/wp-json\/wp\/v2\/users\/8"}],"replies":[{"embeddable":true,"href":"https:\/\/pos.uel.br\/ppga\/wp-json\/wp\/v2\/comments?post=1173"}],"version-history":[{"count":22,"href":"https:\/\/pos.uel.br\/ppga\/wp-json\/wp\/v2\/pages\/1173\/revisions"}],"predecessor-version":[{"id":1871,"href":"https:\/\/pos.uel.br\/ppga\/wp-json\/wp\/v2\/pages\/1173\/revisions\/1871"}],"wp:attachment":[{"href":"https:\/\/pos.uel.br\/ppga\/wp-json\/wp\/v2\/media?parent=1173"}],"curies":[{"name":"wp","href":"https:\/\/api.w.org\/{rel}","templated":true}]}}