{"id":1131,"date":"2023-12-04T14:54:59","date_gmt":"2023-12-04T17:54:59","guid":{"rendered":"https:\/\/pos.uel.br\/ppga\/?page_id=1131"},"modified":"2025-02-28T16:59:43","modified_gmt":"2025-02-28T19:59:43","slug":"dissertacoes-defendidas-em-2014","status":"publish","type":"page","link":"https:\/\/pos.uel.br\/ppga\/dissertacoes-defendidas-em-2014\/","title":{"rendered":"Disserta\u00e7\u00f5es defendidas em 2014"},"content":{"rendered":"\n<p><a href=\"https:\/\/pos.uel.br\/ppga\/dissertacoes-defendidas\/\">retornar ao \u00edndice de disserta\u00e7\u00f5es defendidas<\/a><\/p>\n\n\n\n<div class=\"wp-block-uel-card\">\n<h4 class=\"wp-block-heading\">22\/08\/2014<\/h4>\n\n\n\n<blockquote class=\"wp-block-quote is-layout-flow wp-block-quote-is-layout-flow\">\n<h6 class=\"wp-block-heading\"><strong><strong><strong>T\u00edtulo:&nbsp;<a href=\"https:\/\/sucupira.capes.gov.br\/sucupira\/public\/consultas\/coleta\/trabalhoConclusao\/viewTrabalhoConclusao.jsf?popup=true&amp;id_trabalho=1705910#\">DESCENTRALIZA\u00c7\u00c3O OU RE-CENTRALIZA\u00c7\u00c3O? UMA AN\u00c1LISE DO PROCESSO DE IMPLEMENTA\u00c7\u00c3O DOS COMIT\u00caS DE BACIAS HIDROGR\u00c1FICAS DO PARAN\u00c1<\/a><\/strong><\/strong><\/strong><\/h6>\n\n\n\n<p><strong>Autora:<\/strong>\u00a0MA\u00cdRA GAGG<br><strong>Banca:<\/strong>\u00a0Dr. BENILSON BORINELLI (orientador) (PPGA-UEL), Dr. SAULO FABIANO AMANCIO VIEIRA (PPGA-UEL), Dr. ADILSON FRANCELINO ALVES (<a href=\"https:\/\/www.unioeste.br\/portal\/\">Universidade Estadual do Oeste do Paran\u00e1 &#8211; UNIOESTE<\/a>)<br><strong>Palavras-chave:\u00a0<\/strong>Pol\u00edtica p\u00fablica, Comit\u00ea de bacia hidrogr\u00e1fica, Neoinstitucionalismo hist\u00f3rico, Assimetria de poder, Depend\u00eancia da trajet\u00f3ria<\/p>\n<\/blockquote>\n<\/div>\n\n\n\n<div class=\"wp-block-uel-card\">\n<h4 class=\"wp-block-heading\">29\/05\/2014<\/h4>\n\n\n\n<blockquote class=\"wp-block-quote is-layout-flow wp-block-quote-is-layout-flow\">\n<h6 class=\"wp-block-heading\"><strong><strong><strong>T\u00edtulo:&nbsp;<a href=\"https:\/\/sucupira.capes.gov.br\/sucupira\/public\/consultas\/coleta\/trabalhoConclusao\/viewTrabalhoConclusao.jsf?popup=true&amp;id_trabalho=1666462#\">O PAPEL DA BUROCRACIA P\u00daBLICA DO SETOR FLORESTAS NO PROCESSO DE FORMULA\u00c7\u00c3O DA POL\u00cdTICA FLORESTAL DO ESTADO DO PARAN\u00c1 \u2013 BRASIL (1985-2013)<\/a><\/strong><\/strong><\/strong><\/h6>\n\n\n\n<p><strong>Autor:<\/strong>&nbsp;DOUGLAS FERNANDO DOS SANTOS GODOY<br><strong>Banca:<\/strong>&nbsp;Dr. BENILSON BORINELLI (orientador) (PPGA-UEL), Dr. IVAN DE SOUZA DUTRA (PPGA-UEL), Dr. JOZIMAR PAES DE ALMEIDA (<a href=\"https:\/\/www5.usp.br\/\">USP<\/a>)<br><strong>Palavras-chave:&nbsp;<\/strong>Pol\u00edtica florestal, Economia florestal, Autonomia administrativa, Administra\u00e7\u00e3o p\u00fablica, Pol\u00edticas p\u00fablicas, Formula\u00e7\u00e3o de pol\u00edticas<\/p>\n<\/blockquote>\n<\/div>\n\n\n\n<div class=\"wp-block-uel-card\">\n<h4 class=\"wp-block-heading\">26\/03\/2014<\/h4>\n\n\n\n<blockquote class=\"wp-block-quote is-layout-flow wp-block-quote-is-layout-flow\">\n<h6 class=\"wp-block-heading\"><strong><strong><strong>T\u00edtulo:&nbsp;<a href=\"https:\/\/sucupira.capes.gov.br\/sucupira\/public\/consultas\/coleta\/trabalhoConclusao\/viewTrabalhoConclusao.jsf?popup=true&amp;id_trabalho=1697518#\">SUSTENTABILIDADE E PRODU\u00c7\u00d5ES SOCIAIS: POR UM ENTENDIMENTO AMPLIADO DA NO\u00c7\u00c3O POL\u00cdTICA NA \u00c1REA DE ADMINISTRA\u00c7\u00c3O<\/a><\/strong><\/strong><\/strong><\/h6>\n\n\n\n<p><strong>Autora:<\/strong>&nbsp;TALITA RAVAGNA PIGA<br><strong>Banca:<\/strong>&nbsp;Dra. SONIA REGINA VARGAS MANSANO (orientadora) (PPGA-UEL), Dr. LUIS MIGUEL LUZIO DOS SANTOS (PPGA-UEL), Dr. KLEBER PRADO FILHO (<a href=\"https:\/\/ufsc.br\/\">UFSC<\/a>)<br><strong>Palavras-chave:&nbsp;<\/strong>Pol\u00edticas p\u00fablicas, Aspectos ambientais, Participa\u00e7\u00e3o do cidad\u00e3o, Prote\u00e7\u00e3o ambiental, Gest\u00e3o ambiental<\/p>\n<\/blockquote>\n<\/div>\n\n\n\n<div class=\"wp-block-uel-card\">\n<h4 class=\"wp-block-heading\">24\/03\/2014<\/h4>\n\n\n\n<blockquote class=\"wp-block-quote is-layout-flow wp-block-quote-is-layout-flow\">\n<h6 class=\"wp-block-heading\"><strong><strong><strong><strong>T\u00edtulo:&nbsp;<a href=\"https:\/\/sucupira.capes.gov.br\/sucupira\/public\/consultas\/coleta\/trabalhoConclusao\/viewTrabalhoConclusao.jsf?popup=true&amp;id_trabalho=1666828#\">OS PROCESSOS INTERACIONAIS NO DESENVOLVIMENTO SUSTENT\u00c1VEL NA ONG MAE<\/a><\/strong><\/strong><\/strong><\/strong><\/h6>\n\n\n\n<p><strong>Autora:<\/strong>&nbsp;FERNANDA GISELE BASSO<br><strong>Banca:<\/strong>&nbsp;Dra. MARLENE REGINA MARCHIORI (orientadora) (PPGA-UEL), Dr. SAULO FABIANO AMANCIO VIEIRA (PPGA-UEL), Dra. ELISA YOSHIE ICHIKAWA (UEM)<br><strong>Palavras-chave:&nbsp;<\/strong>Organiza\u00e7\u00f5es n\u00e3o-governamentais, Desenvolvimento sustent\u00e1vel &#8211; Agentes facilitadores, Prote\u00e7\u00e3o ambiental &#8211; Participa\u00e7\u00e3o do cidad\u00e3o, Comunica\u00e7\u00e3o nas organiza\u00e7\u00f5es, Interacionismo simb\u00f3lico<\/p>\n<\/blockquote>\n<\/div>\n\n\n\n<div class=\"wp-block-uel-card\">\n<h4 class=\"wp-block-heading\">14\/03\/2014<\/h4>\n\n\n\n<blockquote class=\"wp-block-quote is-layout-flow wp-block-quote-is-layout-flow\">\n<h6 class=\"wp-block-heading\"><strong><strong><strong><strong>T\u00edtulo:&nbsp;<a href=\"https:\/\/repositorio.uel.br\/items\/16afffc2-c14e-4c75-bb12-a19a4e4aa569\">A EMANCIPA\u00c7\u00c3O A PARTIR DA ECONOMIA SOLID\u00c1RIA: UM ESTUDO QUALITATIVO ACERCA DA EXPERI\u00caNCIA DA COOPER REGI\u00c3O<\/a><\/strong><\/strong><\/strong><\/strong><\/h6>\n\n\n\n<p><strong>Autor:<\/strong>&nbsp;IVAN FERREIRA DE CAMPOS<br><strong>Banca:<\/strong>&nbsp;Dr. LUIS MIGUEL LUZIO DOS SANTOS (orientador) (PPGA-UEL), Dr. BENILSON BORINELLI (PPGA-UEL), Dr. ARMANDO DE MELO LISBOA (<a href=\"https:\/\/ufsc.br\/\">UFSC<\/a>)<br><strong>Palavras-chave:&nbsp;<\/strong>Cooperativas, Catadores de lixo, Emancipa\u00e7\u00e3o, Renda, Distribui\u00e7\u00e3o, Economia solid\u00e1ria, Desenvolvimento sustent\u00e1vel &#8211; Aspectos sociais<\/p>\n<\/blockquote>\n<\/div>\n\n\n\n<div class=\"wp-block-uel-card\">\n<h4 class=\"wp-block-heading\">28\/02\/2014<\/h4>\n\n\n\n<blockquote class=\"wp-block-quote is-layout-flow wp-block-quote-is-layout-flow\">\n<h6 class=\"wp-block-heading\"><strong><strong><strong><strong><strong>T\u00edtulo:&nbsp;<a href=\"https:\/\/sucupira.capes.gov.br\/sucupira\/public\/consultas\/coleta\/trabalhoConclusao\/viewTrabalhoConclusao.jsf?popup=true&amp;id_trabalho=1658712#\">O UNIVERSO DO COM\u00c9RCIO DO CONSUMO CONSCIENTE: UMA AN\u00c1LISE DE CASO UTILIZANDO A TEORIA DAS REPRESENTA\u00c7\u00d5ES SOCIAIS<\/a><\/strong><\/strong><\/strong><\/strong><\/strong><\/h6>\n\n\n\n<p><strong>Autora:<\/strong>&nbsp;EMILIA YOKO OKAYAMA<br><strong>Banca:<\/strong>&nbsp;Dr. MARIO NEI PACAGNAN (orientador) (PPGA-UEL), Dr. LUIS MIGUEL LUZIO DOS SANTOS (PPGA-UEL), Dr. FABIANO PALHARES GALAO (<a href=\"https:\/\/portal.ufgd.edu.br\/\">UFGD<\/a>)<br><strong>Palavras-chave:&nbsp;<\/strong>Representa\u00e7\u00f5es sociais, Alimentos naturais &#8211; Consumo, Comportamento do consumidor, Consumo (Economia)<\/p>\n<\/blockquote>\n<\/div>\n\n\n\n<div class=\"wp-block-uel-card\">\n<h4 class=\"wp-block-heading\">25\/02\/2014<\/h4>\n\n\n\n<blockquote class=\"wp-block-quote is-layout-flow wp-block-quote-is-layout-flow\">\n<h6 class=\"wp-block-heading\"><strong><strong><strong><strong><strong>T\u00edtulo:&nbsp;<a href=\"https:\/\/sucupira.capes.gov.br\/sucupira\/public\/consultas\/coleta\/trabalhoConclusao\/viewTrabalhoConclusao.jsf?popup=true&amp;id_trabalho=1706806#\">A INFLU\u00caNCIA DO CUSTO DIRETO NO DESEMPENHO E EFICI\u00caNCIA DAS UNIDADES ESCOLARES DOS MUNIC\u00cdPIOS DA REGI\u00c3O METROPOLITANA DE LONDRINA<\/a><\/strong><\/strong><\/strong><\/strong><\/strong><\/h6>\n\n\n\n<p><strong>Autora:<\/strong>&nbsp;LETICIA FERNANDES DE NEGREIROS<br><strong>Banca:<\/strong>&nbsp;Dr. SAULO FABIANO AMANCIO VIEIRA (orientador) (PPGA-UEL), Dr. BENILSON BORINELLI (PPGA-UEL), Dr. ERNI JOSE SEIBEL (<a href=\"https:\/\/cfh.ufsc.br\/2022\/02\/nota-de-pesar-erni-jose-seibel\/\">UFSC<\/a>)<br><strong>Palavras-chave:&nbsp;<\/strong>Educa\u00e7\u00e3o e Estado, Administra\u00e7\u00e3o P\u00fablica, Educa\u00e7\u00e3o &#8211; custo direto, Educa\u00e7\u00e3o &#8211; custo social, Indicadores educacionais, Londrina, Regi\u00e3o metropolitana de (PR)<\/p>\n<\/blockquote>\n<\/div>\n\n\n\n<div class=\"wp-block-uel-card\">\n<h4 class=\"wp-block-heading\">14\/02\/2014<\/h4>\n\n\n\n<blockquote class=\"wp-block-quote is-layout-flow wp-block-quote-is-layout-flow\">\n<h6 class=\"wp-block-heading\"><strong><strong><strong><strong><strong><strong>T\u00edtulo:&nbsp;<a href=\"https:\/\/sucupira.capes.gov.br\/sucupira\/public\/consultas\/coleta\/trabalhoConclusao\/viewTrabalhoConclusao.jsf?popup=true&amp;id_trabalho=149561#\">ESTRAT\u00c9GIA AMBIENTAL: UM ESTUDO TE\u00d3RICO A PARTIR DA ESTRAT\u00c9GIA COMO PR\u00c1TICA<\/a><\/strong><\/strong><\/strong><\/strong><\/strong><\/strong><\/h6>\n\n\n\n<p><strong>Autor:<\/strong>&nbsp;PAULO FREDERICO PAGANINI OLIVEIRA JUNIOR<br><strong>Banca:<\/strong>&nbsp;Dr. MARIO NEI PACAGNAN (orientador) (PPGA-UEL), Dr. BENILSON BORINELLI (PPGA-UEL), Dr. FERNANDO ANTONIO PRADO GIMENEZ (<a href=\"https:\/\/ufpr.br\/\">UFPR<\/a>)<br><strong>Palavras-chave:&nbsp;<\/strong>Estrat\u00e9gia ambiental, Estrat\u00e9gia-como-pr\u00e1tica, Virada pr\u00e1tica<\/p>\n<\/blockquote>\n<\/div>\n\n\n\n<div class=\"wp-block-uel-card\">\n<h4 class=\"wp-block-heading\">06\/02\/2014<\/h4>\n\n\n\n<blockquote class=\"wp-block-quote is-layout-flow wp-block-quote-is-layout-flow\">\n<h6 class=\"wp-block-heading\"><strong><strong><strong><strong><strong><strong>T\u00edtulo:&nbsp;<a href=\"https:\/\/sucupira.capes.gov.br\/sucupira\/public\/consultas\/coleta\/trabalhoConclusao\/viewTrabalhoConclusao.jsf?popup=true&amp;id_trabalho=1707752#\">A INFLU\u00caNCIA DO MST NA RECONFIGURA\u00c7\u00c3O DA IDENTIDADE DOS SEUS ASSOCIADOS: O CASO DA COPRAN<\/a><\/strong><\/strong><\/strong><\/strong><\/strong><\/strong><\/h6>\n\n\n\n<p><strong>Autor:<\/strong>&nbsp;IVAN CESAR MARCONI<br><strong>Banca:<\/strong>&nbsp;Dr. LUIS MIGUEL LUZIO DOS SANTOS (orientador) (PPGA-UEL), Dr. ELIEL RIBEIRO MACHADO (UEL), Dra. FABIULA MENEGUETE VIDES DA SILVA (<a href=\"https:\/\/portal.ufgd.edu.br\/\">UFGD<\/a>)<br><strong>Palavras-chave:&nbsp;<\/strong>Movimentos sociais rurais, Identidade social, Cooperativas agr\u00edcolas, Economia solid\u00e1ria<\/p>\n<\/blockquote>\n<\/div>\n\n\n\n<div class=\"wp-block-uel-card\">\n<h4 class=\"wp-block-heading\">17\/01\/2014<\/h4>\n\n\n\n<blockquote class=\"wp-block-quote is-layout-flow wp-block-quote-is-layout-flow\">\n<h6 class=\"wp-block-heading\"><strong><strong><strong><strong><strong><strong><strong>T\u00edtulo:&nbsp;<a href=\"https:\/\/sucupira.capes.gov.br\/sucupira\/public\/consultas\/coleta\/trabalhoConclusao\/viewTrabalhoConclusao.jsf?popup=true&amp;id_trabalho=149562#\">VALIDADE DA SUSTENTABILIDADE ECON\u00d4MICA ENQUANTO UMA COMPET\u00caNCIA ORGANIZACIONAL<\/a><\/strong><\/strong><\/strong><\/strong><\/strong><\/strong><\/strong><\/h6>\n\n\n\n<p><strong>Autora:<\/strong>&nbsp;ELIZABETH WOOD MOCATO DE OLIVEIRA<br><strong>Banca:<\/strong>&nbsp;Dr. LUCIANO MUNCK (orientador) (PPGA-UEL), LUCIANO GOMES DOS REIS (PPGA-UEL), CHARBEL JOSE CHIAPPETTA JABBOUR (USP)<br><strong>Palavras-chave:&nbsp;<\/strong>sustentabilidade organizacional, sustentabilidade econ\u00f4mica, compet\u00eancias organizacionais, validade<\/p>\n<\/blockquote>\n<\/div>\n","protected":false},"excerpt":{"rendered":"<p>retornar ao \u00edndice de disserta\u00e7\u00f5es defendidas<\/p>\n","protected":false},"author":8,"featured_media":0,"parent":0,"menu_order":0,"comment_status":"closed","ping_status":"closed","template":"","meta":{"footnotes":""},"class_list":["post-1131","page","type-page","status-publish","hentry"],"acf":[],"_links":{"self":[{"href":"https:\/\/pos.uel.br\/ppga\/wp-json\/wp\/v2\/pages\/1131","targetHints":{"allow":["GET"]}}],"collection":[{"href":"https:\/\/pos.uel.br\/ppga\/wp-json\/wp\/v2\/pages"}],"about":[{"href":"https:\/\/pos.uel.br\/ppga\/wp-json\/wp\/v2\/types\/page"}],"author":[{"embeddable":true,"href":"https:\/\/pos.uel.br\/ppga\/wp-json\/wp\/v2\/users\/8"}],"replies":[{"embeddable":true,"href":"https:\/\/pos.uel.br\/ppga\/wp-json\/wp\/v2\/comments?post=1131"}],"version-history":[{"count":19,"href":"https:\/\/pos.uel.br\/ppga\/wp-json\/wp\/v2\/pages\/1131\/revisions"}],"predecessor-version":[{"id":2069,"href":"https:\/\/pos.uel.br\/ppga\/wp-json\/wp\/v2\/pages\/1131\/revisions\/2069"}],"wp:attachment":[{"href":"https:\/\/pos.uel.br\/ppga\/wp-json\/wp\/v2\/media?parent=1131"}],"curies":[{"name":"wp","href":"https:\/\/api.w.org\/{rel}","templated":true}]}}