{"id":1053,"date":"2023-12-04T10:01:09","date_gmt":"2023-12-04T13:01:09","guid":{"rendered":"https:\/\/pos.uel.br\/ppga\/?page_id=1053"},"modified":"2025-02-28T17:41:50","modified_gmt":"2025-02-28T20:41:50","slug":"dissertacoes-defendidas-em-2019","status":"publish","type":"page","link":"https:\/\/pos.uel.br\/ppga\/dissertacoes-defendidas-em-2019\/","title":{"rendered":"Disserta\u00e7\u00f5es defendidas em 2019"},"content":{"rendered":"\n<p><a href=\"https:\/\/pos.uel.br\/ppga\/dissertacoes-defendidas\/\">retornar ao \u00edndice de disserta\u00e7\u00f5es defendidas<\/a><\/p>\n\n\n\n<div class=\"wp-block-uel-card\">\n<h4 class=\"wp-block-heading\">12\/12\/2019<\/h4>\n\n\n\n<blockquote class=\"wp-block-quote is-layout-flow wp-block-quote-is-layout-flow\">\n<h6 class=\"wp-block-heading\"><strong>T\u00edtulo:&nbsp;<\/strong><a href=\"https:\/\/sucupira.capes.gov.br\/sucupira\/public\/consultas\/coleta\/trabalhoConclusao\/viewTrabalhoConclusao.jsf?popup=true&amp;id_trabalho=8114647#\"><strong>A INFLU\u00caNCIA DE CUSTOS, INFRAESTRUTURA ESCOLAR, CORPO PEDAG\u00d3GICO E N\u00cdVEL SOCIOECON\u00d4MICO NO DESEMPENHO ESCOLAR: UMA AN\u00c1LISE NAS ESCOLAS MUNICIPAIS DE ARAPONGAS\/PR<\/strong><\/a><\/h6>\n\n\n\n<p><strong>Autor:<\/strong>\u00a0PABLO HENRIQUE PASCHOAL CAPUCHO<br><strong>Banca:<\/strong>\u00a0Dr. SAULO FABIANO AMANCIO VIEIRA (orientador) (PPGA-UEL), Dra. THAIS ACCIOLY BACCARO (PPGA-UEL), Dra. LETICIA FERNANDES DE NEGREIROS (Universidade Estadual do Norte do Paran\u00e1 &#8211; UENP)<br><strong>Palavras-chave:\u00a0<\/strong>Desempenho Educacional, Gest\u00e3o P\u00fablica, Ensino Fundamental, Custos<\/p>\n<\/blockquote>\n<\/div>\n\n\n\n<div class=\"wp-block-uel-card\">\n<h4 class=\"wp-block-heading\">28\/11\/2019<\/h4>\n\n\n\n<blockquote class=\"wp-block-quote is-layout-flow wp-block-quote-is-layout-flow\">\n<h6 class=\"wp-block-heading\"><strong>T\u00edtulo:&nbsp;<a href=\"https:\/\/sucupira.capes.gov.br\/sucupira\/public\/consultas\/coleta\/trabalhoConclusao\/viewTrabalhoConclusao.jsf?popup=true&amp;id_trabalho=7852482#\">AS RELA\u00c7\u00d5ES OCULTADAS PELAS ASSOCIA\u00c7\u00d5ES ENTRE CREN\u00c7A E SUSTENTABILIDADE: SOMBRAS DA SAMARCO S.A. E DA VALE S.A. DESVELADAS \u00c0 LUZ DA SOCIOLOGIA BOURDIEUSIANA<\/a><\/strong><\/h6>\n\n\n\n<p><strong>Autor:\u00a0<\/strong>JACQUES HARUO FUKUSHIGUE CHIBA<br><strong>Banca:<\/strong>\u00a0Dr. RAFAEL BORIM DE SOUZA (orientador) (PPGA-UEL), Dr. RICARDO LEBBOS FAVORETO (PPGA-UEL), Dr. ARISTON AZEVEDO MENDES (UFRGS)<br><strong>Palavras-chave:<\/strong>\u00a0Rela\u00e7\u00f5es, Cren\u00e7a, Sustentabilidade, Samarco, Vale, Sociologia Bourdieusiana<\/p>\n<\/blockquote>\n<\/div>\n\n\n\n<div class=\"wp-block-uel-card\">\n<h4 class=\"wp-block-heading\">12\/11\/2019<\/h4>\n\n\n\n<blockquote class=\"wp-block-quote is-layout-flow wp-block-quote-is-layout-flow\">\n<h6 class=\"wp-block-heading\"><strong>T\u00edtulo:&nbsp;<a href=\"https:\/\/sucupira.capes.gov.br\/sucupira\/public\/consultas\/coleta\/trabalhoConclusao\/viewTrabalhoConclusao.jsf?popup=true&amp;id_trabalho=7827897#\">AS RELA\u00c7\u00d5ES DE PODER E AS FORMAS DE SUBJETIVIDADE COMO DIMENS\u00d5ES DA EXPERI\u00caNCIA DE ESTUDANTES LATINO-AMERICANOS NA UNIVERSIDADE ESTADUAL DE LONDRINA<\/a><\/strong><\/h6>\n\n\n\n<p><strong>Autor:<\/strong>\u00a0SEBASTIAN FRANCISCO LUPERA VALENCIA<br><strong>Banca:<\/strong>\u00a0Dra. ADRIANA DA SILVA VINHOLI RAMPAZO (orientadora) (PPGA-UEL), Dr. FABIO LUIZ ZANARDI COLTRO (PPGA-UEL), Dra. JOSIANE SILVA DE OLIVEIRA (UEM)<br><strong>Palavras-chave:\u00a0<\/strong>Experi\u00eancia, Subjetividade, Jogos de Poder, Estrangeiros<\/p>\n<\/blockquote>\n<\/div>\n\n\n\n<div class=\"wp-block-uel-card\">\n<h4 class=\"wp-block-heading\">30\/10\/2019<\/h4>\n\n\n\n<blockquote class=\"wp-block-quote is-layout-flow wp-block-quote-is-layout-flow\">\n<h6 class=\"wp-block-heading\"><strong>T\u00edtulo:&nbsp;<a href=\"https:\/\/sucupira.capes.gov.br\/sucupira\/public\/consultas\/coleta\/trabalhoConclusao\/viewTrabalhoConclusao.jsf?popup=true&amp;id_trabalho=7784732#\">OS CAPITAIS MOVIMENTADOS EM DECIS\u00d5ES SOBRE SUSTENTABILIDADE: UMA AN\u00c1LISE BOURDIEUSIANA DE NARRATIVAS REFERENTES \u00c0 E DA SAMARCO MINERA\u00c7\u00d5ES S.A. E VALE S.A.<\/a><\/strong><\/h6>\n\n\n\n<p><strong>Autora:<\/strong>\u00a0BEATRIZ LIMA ZANONI<br><strong>Banca:<\/strong>\u00a0Dr. RAFAEL BORIM DE SOUZA (orientador) (PPGA-UEL), Dr. LUCIANO MUNCK (PPGA-UEL), Dr. ERIC FORD TRAVIS (<a href=\"https:\/\/www.montevallo.edu\/\">University of Montevallo<\/a> &#8211; EUA)<br><strong>Palavras-chave:\u00a0<\/strong>Capitais, Decis\u00e3o, Sustentabilidade, Organiza\u00e7\u00f5es, Bourdieu<\/p>\n<\/blockquote>\n<\/div>\n\n\n\n<div class=\"wp-block-uel-card\">\n<h4 class=\"wp-block-heading\">18\/10\/2019<\/h4>\n\n\n\n<blockquote class=\"wp-block-quote is-layout-flow wp-block-quote-is-layout-flow\">\n<h6 class=\"wp-block-heading\"><strong>T\u00edtulo:&nbsp;<a href=\"https:\/\/sucupira.capes.gov.br\/sucupira\/public\/consultas\/coleta\/trabalhoConclusao\/viewTrabalhoConclusao.jsf?popup=true&amp;id_trabalho=10305880#\">GEST\u00c3O DA SUSTENTABILIDADE EM CONTEXTO ORGANIZACIONAL: ANALISANDO IMPLICA\u00c7\u00d5ES TE\u00d3RICO-PR\u00c1TICAS E SIMULANDO A APLICA\u00c7\u00c3O DE UM MODELO<\/a><\/strong><\/h6>\n\n\n\n<p><strong>Autor:<\/strong>\u00a0BRUNO HISAMATSU<br><strong>Banca:<\/strong>\u00a0Dr. LUCIANO MUNCK (orientador) (PPGA-UEL), Dr. SAULO FABIANO AMANCIO VIEIRA (PPGA-UEL), Dra. SIMONE RUCHDI BARAKAT (Universidade Anhembi Morumbi)<br><strong>Palavras-chave:\u00a0<\/strong>Sustentabilidade, Compet\u00eancia, Modelo de Gest\u00e3o Sustent\u00e1vel, Entregas, Requisitos, MRS.org<\/p>\n<\/blockquote>\n<\/div>\n\n\n\n<div class=\"wp-block-uel-card\">\n<h4 class=\"wp-block-heading\">09\/10\/2019<\/h4>\n\n\n\n<blockquote class=\"wp-block-quote is-layout-flow wp-block-quote-is-layout-flow\">\n<h6 class=\"wp-block-heading\"><strong>T\u00edtulo:&nbsp;<a href=\"https:\/\/sucupira.capes.gov.br\/sucupira\/public\/consultas\/coleta\/trabalhoConclusao\/viewTrabalhoConclusao.jsf?popup=true&amp;id_trabalho=7828887#\">GEST\u00c3O DA SUSTENTABILIDADE ORGANIZACIONAL: EXPLORANDO SUAS BASES TE\u00d3RICO-EMP\u00cdRICAS A PARTIR DA GROUNDED THEORY<\/a><\/strong><\/h6>\n\n\n\n<p><strong>Autora:<\/strong>\u00a0MARIA FERNANDA ALVES TOMIOTTO<br><strong>Banca:<\/strong>\u00a0Dr. LUCIANO MUNCK (orientador) (PPGA-UEL), Dr. RAFAEL BORIM DE SOUZA (PPGA-UEL), Dr. MARCELO DE SOUZA BISPO (UFPB)<br><strong>Palavras-chave:\u00a0<\/strong>Gest\u00e3o da Sustentabilidade, Desenvolvimento Sustent\u00e1vel, Empresas Brasileiras, Teoria Fundamentada em Dados<\/p>\n<\/blockquote>\n<\/div>\n\n\n\n<div class=\"wp-block-uel-card\">\n<h4 class=\"wp-block-heading\">24\/09\/2019<\/h4>\n\n\n\n<blockquote class=\"wp-block-quote is-layout-flow wp-block-quote-is-layout-flow\">\n<h6 class=\"wp-block-heading\"><strong>T\u00edtulo:&nbsp;<a href=\"https:\/\/sucupira.capes.gov.br\/sucupira\/public\/consultas\/coleta\/trabalhoConclusao\/viewTrabalhoConclusao.jsf?popup=true&amp;id_trabalho=7784820#\">\u00cdNDICES SUSTENT\u00c1VEIS: UM ESTUDO COMPARATIVO SOB A LUZ DE FUNDAMENTOS QUE ORIENTAM O ALCANCE DA SUSTENTABILIDADE ORGANIZACIONAL<\/a><\/strong><\/h6>\n\n\n\n<p><strong>Autor:<\/strong>\u00a0ALEXANDRE TREVIZAN BORGES<br><strong>Banca:<\/strong>\u00a0Dr. LUCIANO MUNCK (orientador) (PPGA-UEL), Dra. THAIS ACCIOLY BACCARO (PPGA-UEL), Dra. SIMONE RUCHDI BARAKAT (Universidade Anhembi Morumbi)<br><strong>Palavras-chave:\u00a0<\/strong>Sustentabilidade, Sustentabilidade Organizacional, Desenvolvimento Sustent\u00e1vel, \u00cdndices Sustent\u00e1veis<\/p>\n<\/blockquote>\n<\/div>\n\n\n\n<div class=\"wp-block-uel-card\">\n<h4 class=\"wp-block-heading\">28\/08\/2019<\/h4>\n\n\n\n<blockquote class=\"wp-block-quote is-layout-flow wp-block-quote-is-layout-flow\">\n<h6 class=\"wp-block-heading\"><strong>T\u00edtulo:&nbsp;<a href=\"https:\/\/pos.uel.br\/ppga\/wp-content\/uploads\/2025\/02\/Jose-Claudio-Pereira-o-surgimento-do-antropoceno-e-seus-estudos-na-administracao.pdf\">O SURGIMENTO DO ANTROPOCENO E SEUS ESTUDOS NA ADMINISTRA\u00c7\u00c3O<\/a><\/strong><\/h6>\n\n\n\n<p><strong>Autor:<\/strong>\u00a0JOSE CLAUDIO PEREIRA<br><strong>Banca:<\/strong>\u00a0Dr. FABIO LUIZ ZANARDI COLTRO (orientador) (PPGA-UEL), Dr. LUIS MIGUEL LUZIO DOS SANTOS (PPGA-UEL), Dr. PAULO JORGE REIS MOUR\u00c3O (Universidade do Minho &#8211; Portugal)<br><strong>Palavras-chave:\u00a0<\/strong>Antropoceno, Mudan\u00e7as Clim\u00e1ticas, Estudos Organizacionais, Descolonialidade<\/p>\n<\/blockquote>\n<\/div>\n\n\n\n<div class=\"wp-block-uel-card\">\n<h4 class=\"wp-block-heading\">07\/08\/2019<\/h4>\n\n\n\n<blockquote class=\"wp-block-quote is-layout-flow wp-block-quote-is-layout-flow\">\n<h6 class=\"wp-block-heading\"><strong>T\u00edtulo:&nbsp;<a href=\"https:\/\/sucupira.capes.gov.br\/sucupira\/public\/consultas\/coleta\/trabalhoConclusao\/viewTrabalhoConclusao.jsf?popup=true&amp;id_trabalho=8938149#\">ESTRUTURA DE REDE E OBJETIVOS DE SUSTENTABILIDADE: UM MAPEAMENTO DAS ORGANIZA\u00c7\u00d5ES SEM FINS LUCRATIVOS DO NOTA PARAN\u00c1 E AS UNIDADES DA UNIVERSIDADE ESTADUAL DE LONDRINA<\/a><\/strong><\/h6>\n\n\n\n<p><strong>Autora:<\/strong>\u00a0EDNAR RAFAELA MIEKO SHIMOHIGASHI<br><strong>Banca:<\/strong>\u00a0Dr. IVAN DE SOUZA DUTRA (orientador) (PPGA-UEL), Dr. RICARDO LEBBOS FAVORETO (PPGA-UEL), Dr. NILSON CESAR BERTOLI (UEL)<br><strong>Palavras-chave:\u00a0<\/strong>OSFL, An\u00e1lise de Redes Sociais, Unidades Organizacionais da UEL, Programa Nota Paran\u00e1, Sustentabilidade<\/p>\n<\/blockquote>\n<\/div>\n\n\n\n<div class=\"wp-block-uel-card\">\n<h4 class=\"wp-block-heading\">05\/08\/2019<\/h4>\n\n\n\n<blockquote class=\"wp-block-quote is-layout-flow wp-block-quote-is-layout-flow\">\n<h6 class=\"wp-block-heading\"><strong>T\u00edtulo:&nbsp;<a href=\"https:\/\/sucupira.capes.gov.br\/sucupira\/public\/consultas\/coleta\/trabalhoConclusao\/viewTrabalhoConclusao.jsf?popup=true&amp;id_trabalho=7743219#\">INTERA\u00c7\u00d5ES DA APEX-BRASIL PARA A GOVERNAN\u00c7A CORPORATIVA SUSTENT\u00c1VEL<\/a><\/strong><\/h6>\n\n\n\n<p><strong>Autor:<\/strong>\u00a0JOICE CARLA DE OLIVEIRA CORGOSINHO<br><strong>Banca:<\/strong>\u00a0Dra. MARLENE REGINA MARCHIORI (orientadora) (PPGA-UEL), Dra. SONIA REGINA VARGAS MANSANO (PPGA-UEL), Dr. SERGIO BULGACOV (EAESP-FGV)<br><strong>Palavras-chave:\u00a0<\/strong>Governan\u00e7a Corporativa, Sustentabilidade, Intera\u00e7\u00f5es<\/p>\n<\/blockquote>\n<\/div>\n\n\n\n<div class=\"wp-block-uel-card\">\n<h4 class=\"wp-block-heading\">05\/08\/2019<\/h4>\n\n\n\n<blockquote class=\"wp-block-quote is-layout-flow wp-block-quote-is-layout-flow\">\n<h6 class=\"wp-block-heading\"><strong>T\u00edtulo:&nbsp;<a href=\"https:\/\/sucupira.capes.gov.br\/sucupira\/public\/consultas\/coleta\/trabalhoConclusao\/viewTrabalhoConclusao.jsf?popup=true&amp;id_trabalho=7706670#\">PROCESSO COMUNICACIONAL RELACIONADO A SUSTENTABILIDADE: COMPREENS\u00d5ES A PARTIR DO CONTEXTO DE FUS\u00c3O E AQUISI\u00c7\u00c3O EM UMA COMPANHIA A\u00c9REA<\/a><\/strong><\/h6>\n\n\n\n<p><strong>Autora:<\/strong>\u00a0BARBARA IVY CREMA DE VASCONCELOS<br><strong>Banca:<\/strong>\u00a0Dra. MARLENE REGINA MARCHIORI (orientadora) (PPGA-UEL), Dr. SAULO FABIANO AMANCIO VIEIRA (PPGA-UEL), Dra. ELISA YOSHIE ICHIKAWA (UEM)<br><strong>Palavras-chave:\u00a0<\/strong>Processo comunicacional, Sustentabilidade, Fus\u00e3o e Aquisi\u00e7\u00e3o<\/p>\n<\/blockquote>\n<\/div>\n\n\n\n<div class=\"wp-block-uel-card\">\n<h4 class=\"wp-block-heading\">10\/05\/2019<\/h4>\n\n\n\n<blockquote class=\"wp-block-quote is-layout-flow wp-block-quote-is-layout-flow\">\n<h6 class=\"wp-block-heading\"><strong>T\u00edtulo:&nbsp;<a href=\"https:\/\/sucupira.capes.gov.br\/sucupira\/public\/consultas\/coleta\/trabalhoConclusao\/viewTrabalhoConclusao.jsf?popup=true&amp;id_trabalho=7658213#\">COMPRAS P\u00daBLICAS MUNICIPAIS: UMA PROPOSTA DE MODELO DE GEST\u00c3O PARA MUNIC\u00cdPIOS DE PEQUENO PORTE<\/a><\/strong><\/h6>\n\n\n\n<p><strong>Autor:<\/strong>\u00a0VALDINEI JULIANO PEREIRA<br><strong>Banca:<\/strong>\u00a0Dr. SAULO FABIANO AMANCIO VIEIRA (orientador) (PPGA-UEL), Dr. LUIS MIGUEL LUZIO DOS SANTOS (PPGA-UEL), Dr. JUAREZ PAULO TRIDAPALLI (UEL)<br><strong>Palavras-chave:\u00a0<\/strong>Compras P\u00fablicas, Lic\u00edta\u00e7\u00f5es, Custo do Processo, Arapongas\/PR, Modelo de Compras<\/p>\n<\/blockquote>\n<\/div>\n\n\n\n<div class=\"wp-block-uel-card\">\n<h4 class=\"wp-block-heading\">17\/04\/2019<\/h4>\n\n\n\n<blockquote class=\"wp-block-quote is-layout-flow wp-block-quote-is-layout-flow\">\n<h6 class=\"wp-block-heading\"><strong>T\u00edtulo:&nbsp;<\/strong><a href=\"https:\/\/sucupira.capes.gov.br\/sucupira\/public\/consultas\/coleta\/trabalhoConclusao\/viewTrabalhoConclusao.jsf?popup=true&amp;id_trabalho=7650823#\"><strong>O TRABALHO IMATERIAL DO DESIGNER: POSSIBILIDADES PARA A SUSTENTABILIDADE<\/strong><\/a><\/h6>\n\n\n\n<p><strong>Autora:<\/strong>\u00a0ANA MARIA DA ROCHA PERIGO<br><strong>Banca:<\/strong>\u00a0Dra. SONIA REGINA VARGAS MANSANO (orientadora) (PPGA-UEL), Dr. LUIS MIGUEL LUZIO DOS SANTOS (PPGA-UEL), Dra. ANA LUISA BOAVISTA LUSTOSA CAVALCANTE (Departamento de Design Gr\u00e1fico &#8211; UEL)<br><strong>Palavras-chave:\u00a0<\/strong>Designer, Sustentabilidade, Capitalismo, Trabalho Imaterial, Processos de Cria\u00e7\u00e3o<\/p>\n<\/blockquote>\n<\/div>\n","protected":false},"excerpt":{"rendered":"<p>retornar ao \u00edndice de disserta\u00e7\u00f5es defendidas<\/p>\n","protected":false},"author":8,"featured_media":0,"parent":0,"menu_order":0,"comment_status":"closed","ping_status":"closed","template":"","meta":{"footnotes":""},"class_list":["post-1053","page","type-page","status-publish","hentry"],"acf":[],"_links":{"self":[{"href":"https:\/\/pos.uel.br\/ppga\/wp-json\/wp\/v2\/pages\/1053","targetHints":{"allow":["GET"]}}],"collection":[{"href":"https:\/\/pos.uel.br\/ppga\/wp-json\/wp\/v2\/pages"}],"about":[{"href":"https:\/\/pos.uel.br\/ppga\/wp-json\/wp\/v2\/types\/page"}],"author":[{"embeddable":true,"href":"https:\/\/pos.uel.br\/ppga\/wp-json\/wp\/v2\/users\/8"}],"replies":[{"embeddable":true,"href":"https:\/\/pos.uel.br\/ppga\/wp-json\/wp\/v2\/comments?post=1053"}],"version-history":[{"count":23,"href":"https:\/\/pos.uel.br\/ppga\/wp-json\/wp\/v2\/pages\/1053\/revisions"}],"predecessor-version":[{"id":2094,"href":"https:\/\/pos.uel.br\/ppga\/wp-json\/wp\/v2\/pages\/1053\/revisions\/2094"}],"wp:attachment":[{"href":"https:\/\/pos.uel.br\/ppga\/wp-json\/wp\/v2\/media?parent=1053"}],"curies":[{"name":"wp","href":"https:\/\/api.w.org\/{rel}","templated":true}]}}