{"id":406,"date":"2021-10-28T16:49:46","date_gmt":"2021-10-28T19:49:46","guid":{"rendered":"https:\/\/pos.uel.br\/pgcif\/?page_id=406"},"modified":"2021-10-28T17:09:24","modified_gmt":"2021-10-28T20:09:24","slug":"matricula-e-ingresso","status":"publish","type":"page","link":"https:\/\/pos.uel.br\/pgcif\/matricula-e-ingresso\/","title":{"rendered":"Matr\u00edcula e ingresso"},"content":{"rendered":"\n<p>Ter\u00e3o&nbsp;direito&nbsp;\u00e0&nbsp;matr\u00edcula&nbsp;os&nbsp;candidatos&nbsp;inscritos&nbsp;que&nbsp;forem&nbsp;aprovados&nbsp;e&nbsp;classificados&nbsp;no&nbsp;processo&nbsp;de&nbsp;sele\u00e7\u00e3o,<\/p>\n\n\n\n<p>desde&nbsp;que&nbsp;n\u00e3o&nbsp;ultrapasse&nbsp;o&nbsp;n\u00famero&nbsp;de&nbsp;vagas&nbsp;ofertadas&nbsp;para&nbsp;cada&nbsp;n\u00edvel&nbsp;no&nbsp;processo&nbsp;de&nbsp;sele\u00e7\u00e3o.&nbsp;&nbsp;<\/p>\n\n\n\n<ul class=\"wp-block-list\"><li>O&nbsp;estudante&nbsp;matricular-se-\u00e1&nbsp;e&nbsp;ter\u00e1&nbsp;seus&nbsp;estudos&nbsp;supervisionados&nbsp;por&nbsp;um&nbsp;orientador.&nbsp;&nbsp;&nbsp;<\/li><li>O&nbsp;estudante&nbsp;que&nbsp;n\u00e3o&nbsp;realizar&nbsp;sua&nbsp;matr\u00edcula&nbsp;de&nbsp;acordo&nbsp;com&nbsp;o&nbsp;Calend\u00e1rio&nbsp;da&nbsp;P\u00f3s-Gradua\u00e7\u00e3o ser\u00e1 desligado do Programa.&nbsp;<\/li><\/ul>\n\n\n\n<p>Os&nbsp;estudantes&nbsp;matriculados&nbsp;ser\u00e3o&nbsp;classificados&nbsp;como&nbsp;aluno&nbsp;regular ou especial, de acordo com o Regulamento dos Programas&nbsp;de&nbsp;P\u00f3s-Gradua\u00e7\u00e3o&nbsp;Stricto&nbsp;Sensu:&nbsp;<\/p>\n\n\n\n<ul class=\"wp-block-list\"><li>\u00a0aprovado\u00a0no\u00a0exame\u00a0de\u00a0sele\u00e7\u00e3o,\u00a0matriculado\u00a0no\u00a0Programa\u00a0de\u00a0Mestrado\u00a0ou\u00a0Doutorado,\u00a0em\u00a0obedi\u00eancia a todos os\u00a0requisitos\u00a0necess\u00e1rios\u00a0\u00e0\u00a0obten\u00e7\u00e3o\u00a0dos\u00a0diplomas\u00a0correspondentes;\u00a0<\/li><li>\u00a0matriculado\u00a0em\u00a0disciplinas\u00a0isoladas\u00a0do\u00a0Programa,\u00a0definidas\u00a0pela\u00a0Coordena\u00e7\u00e3o\u00a0e\u00a0ouvido\u00a0o\u00a0docente respons\u00e1vel pela\u00a0disciplina\u00a0antes\u00a0do\u00a0per\u00edodo\u00a0de\u00a0inscri\u00e7\u00e3o\u00a0e\u00a0divulgadas\u00a0com\u00a0anteced\u00eancia\u00a0pela\u00a0Pro-PPG.<\/li><li>O estudante regular poder\u00e1 cursar em tempo integral ou parcial, obedecidos os prazos m\u00e1ximos permitidos para a obten\u00e7\u00e3o dos t\u00edtulos de Mestre ou Doutor<\/li><li>O estudante especial poder\u00e1 cursar at\u00e9 50% dos cr\u00e9ditos em disciplinas exigidas pelo Programa, mediante requerimento semestral \u00e0 coordena\u00e7\u00e3o, desde que devidamente comprovada a conclus\u00e3o da gradua\u00e7\u00e3o, seguido de hist\u00f3rico escolar e curr\u00edculo vitae.<\/li><\/ul>\n\n\n\n<p class=\"has-text-align-center has-medium-font-size\"><a rel=\"noreferrer noopener\" href=\"http:\/\/www.uel.br\/pos\/pgac\/wp-content\/uploads\/2014\/04\/Manual-de-Matricula-via-Web.pdf\" target=\"_blank\">Manual de Matr\u00edcula via WEB<\/a><\/p>\n","protected":false},"excerpt":{"rendered":"<p>Ter\u00e3o&nbsp;direito&nbsp;\u00e0&nbsp;matr\u00edcula&nbsp;os&nbsp;candidatos&nbsp;inscritos&nbsp;que&nbsp;forem&nbsp;aprovados&nbsp;e&nbsp;classificados&nbsp;no&nbsp;processo&nbsp;de&nbsp;sele\u00e7\u00e3o, desde&nbsp;que&nbsp;n\u00e3o&nbsp;ultrapasse&nbsp;o&nbsp;n\u00famero&nbsp;de&nbsp;vagas&nbsp;ofertadas&nbsp;para&nbsp;cada&nbsp;n\u00edvel&nbsp;no&nbsp;processo&nbsp;de&nbsp;sele\u00e7\u00e3o.&nbsp;&nbsp; O&nbsp;estudante&nbsp;matricular-se-\u00e1&nbsp;e&nbsp;ter\u00e1&nbsp;seus&nbsp;estudos&nbsp;supervisionados&nbsp;por&nbsp;um&nbsp;orientador.&nbsp;&nbsp;&nbsp; O&nbsp;estudante&nbsp;que&nbsp;n\u00e3o&nbsp;realizar&nbsp;sua&nbsp;matr\u00edcula&nbsp;de&nbsp;acordo&nbsp;com&nbsp;o&nbsp;Calend\u00e1rio&nbsp;da&nbsp;P\u00f3s-Gradua\u00e7\u00e3o ser\u00e1 desligado do Programa.&nbsp; Os&nbsp;estudantes&nbsp;matriculados&nbsp;ser\u00e3o&nbsp;classificados&nbsp;como&nbsp;aluno&nbsp;regular ou especial, de acordo com o Regulamento dos Programas&nbsp;de&nbsp;P\u00f3s-Gradua\u00e7\u00e3o&nbsp;Stricto&nbsp;Sensu:&nbsp; \u00a0aprovado\u00a0no\u00a0exame\u00a0de\u00a0sele\u00e7\u00e3o,\u00a0matriculado\u00a0no\u00a0Programa\u00a0de\u00a0Mestrado\u00a0ou\u00a0Doutorado,\u00a0em\u00a0obedi\u00eancia a todos os\u00a0requisitos\u00a0necess\u00e1rios\u00a0\u00e0\u00a0obten\u00e7\u00e3o\u00a0dos\u00a0diplomas\u00a0correspondentes;\u00a0 \u00a0matriculado\u00a0em\u00a0disciplinas\u00a0isoladas\u00a0do\u00a0Programa,\u00a0definidas\u00a0pela\u00a0Coordena\u00e7\u00e3o\u00a0e\u00a0ouvido\u00a0o\u00a0docente respons\u00e1vel pela\u00a0disciplina\u00a0antes\u00a0do\u00a0per\u00edodo\u00a0de\u00a0inscri\u00e7\u00e3o\u00a0e\u00a0divulgadas\u00a0com\u00a0anteced\u00eancia\u00a0pela\u00a0Pro-PPG. O estudante regular poder\u00e1 cursar em tempo integral ou parcial, obedecidos os prazos m\u00e1ximos permitidos para a obten\u00e7\u00e3o dos t\u00edtulos de Mestre ou Doutor O estudante especial poder\u00e1 cursar at\u00e9 [&hellip;]<\/p>\n","protected":false},"author":9,"featured_media":0,"parent":0,"menu_order":0,"comment_status":"closed","ping_status":"closed","template":"","meta":{"footnotes":""},"class_list":["post-406","page","type-page","status-publish","hentry"],"_links":{"self":[{"href":"https:\/\/pos.uel.br\/pgcif\/wp-json\/wp\/v2\/pages\/406","targetHints":{"allow":["GET"]}}],"collection":[{"href":"https:\/\/pos.uel.br\/pgcif\/wp-json\/wp\/v2\/pages"}],"about":[{"href":"https:\/\/pos.uel.br\/pgcif\/wp-json\/wp\/v2\/types\/page"}],"author":[{"embeddable":true,"href":"https:\/\/pos.uel.br\/pgcif\/wp-json\/wp\/v2\/users\/9"}],"replies":[{"embeddable":true,"href":"https:\/\/pos.uel.br\/pgcif\/wp-json\/wp\/v2\/comments?post=406"}],"version-history":[{"count":3,"href":"https:\/\/pos.uel.br\/pgcif\/wp-json\/wp\/v2\/pages\/406\/revisions"}],"predecessor-version":[{"id":413,"href":"https:\/\/pos.uel.br\/pgcif\/wp-json\/wp\/v2\/pages\/406\/revisions\/413"}],"wp:attachment":[{"href":"https:\/\/pos.uel.br\/pgcif\/wp-json\/wp\/v2\/media?parent=406"}],"curies":[{"name":"wp","href":"https:\/\/api.w.org\/{rel}","templated":true}]}}