{"id":1899,"date":"2025-12-18T10:08:48","date_gmt":"2025-12-18T13:08:48","guid":{"rendered":"https:\/\/pos.uel.br\/pgcif\/?page_id=1899"},"modified":"2026-04-29T09:40:25","modified_gmt":"2026-04-29T12:40:25","slug":"disciplinas-ofertadas-primeiro-semestre-2026","status":"publish","type":"page","link":"https:\/\/pos.uel.br\/pgcif\/disciplinas-ofertadas-primeiro-semestre-2026\/","title":{"rendered":"Disciplinas ofertadas primeiro semestre\/2026"},"content":{"rendered":"\n<h3 class=\"wp-block-heading\"><strong>FORMATO:&nbsp;<u><strong>PRESENCIAL<\/strong><\/u><\/strong><\/h3>\n\n\n\n<p><strong>As aulas acontecer\u00e3o preferencialmente no per\u00edodo da manh\u00e3, ficando a crit\u00e9rio dos docentes respons\u00e1veis o agendamento das aulas<\/strong>.<\/p>\n\n\n\n<p><strong>\u2013 16\/03\/2026: In\u00edcio do 1\u00ba per\u00edodo letivo de 2026 para os Programas de P\u00f3s-Gradua\u00e7\u00e3o Stricto sensu.<\/strong><\/p>\n\n\n\n<p><strong>\u2013 31\/07\/2026: T\u00e9rmino do 1\u00ba per\u00edodo letivo de 2026 dos Programas de P\u00f3s-Gradua\u00e7\u00e3o Stricto sensu.<\/strong><\/p>\n\n\n\n<p>\u2013&nbsp;<strong>Disciplina ofertada apenas para Mestrado: 446*<\/strong>, o estudante deve fazer matr\u00edcula na disciplina correspondente ao semestre em que est\u00e1 matriculado. Ex. estudante no primiero semestre do mestrado far\u00e1 matr\u00edcula em disserta\u00e7\u00e3o I<\/p>\n\n\n\n<p>\u2013&nbsp;<strong>Disciplina ofertada apenas para Doutorado: 447*<\/strong>, o estudante deve fazer matr\u00edcula na disciplina correspondente ao semestre em que est\u00e1 matriculado. Ex. estudante no primiero semestre do doutorado far\u00e1 matr\u00edcula em tese I<\/p>\n\n\n\n<p><strong>\u2013 Disciplinas de 1 a 4 s\u00e3o obrigat\u00f3rias<\/strong><\/p>\n\n\n\n<p><strong>\u2013 As aulas acontecer\u00e3o na sala de p\u00f3s-gradua\u00e7\u00e3o do Departamento de Ci\u00eancias Fisiol\u00f3gicas, no bloco 06 de CCB.<\/strong><\/p>\n\n\n\n<p><mark><strong>CLIQUE NO NOME DA DISCIPLINA PARA TER ACESSO AO CRONOGRAMA<\/strong>.<\/mark><\/p>\n\n\n\n<figure class=\"wp-block-table\"><table class=\"has-fixed-layout\"><tbody><tr><td class=\"has-text-align-center\" data-align=\"center\"><\/td><td><strong>C\u00f3digo<\/strong><\/td><td><strong>Disciplina<\/strong><\/td><td><strong>Professor(es) respons\u00e1vel(Is)<\/strong><\/td><td><strong>Carga Hor\u00e1ria<\/strong><\/td><td><strong>N\u00famero de cr\u00e9ditos<\/strong><\/td><td><strong>Data<\/strong>&nbsp;<strong>de in\u00edcio<\/strong><\/td><\/tr><tr><td class=\"has-text-align-center\" data-align=\"center\">1<\/td><td>2CIF358<\/td><td><a href=\"https:\/\/pos.uel.br\/pgcif\/wp-content\/uploads\/2026\/01\/cronograma-Etica-em-experimentacao-animal-e-humana-2026-Final.pdf\" target=\"_blank\" rel=\"noreferrer noopener\">\u00c9tica em experimenta\u00e7\u00e3o animal e humana<\/a><\/td><td>Estef\u00e2nia, Glaura, Thais, Maria Fernanda e Claudia<\/td><td><br>30<\/td><td>02<\/td><td>25\/03 a 17\/04\/2026<\/td><\/tr><tr><td class=\"has-text-align-center\" data-align=\"center\">2<\/td><td>2CIF366<\/td><td><a href=\"https:\/\/pos.uel.br\/pgcif\/wp-content\/uploads\/2026\/02\/PK_PD_Cronograma_2026.pdf\" target=\"_blank\" rel=\"noreferrer noopener\">Farmacocin\u00e9tica e Farmacodin\u00e2mica<\/a><\/td><td>Andressa, Estef\u00e2nia, Graziela<\/td><td>30<\/td><td>02<\/td><td>22\/04 a 15\/05\/2026<\/td><\/tr><tr><td class=\"has-text-align-center\" data-align=\"center\">3<\/td><td><br>2CIF359<\/td><td><a href=\"https:\/\/pos.uel.br\/pgcif\/wp-content\/uploads\/2026\/04\/cronograma-Neuroendocrino-2026-1.pdf\">Fisiologia Neuroend\u00f3crin<\/a>a<\/td><td>Ernane, Gisele, Thais<\/td><td>60<\/td><td>04<\/td><td>20\/05 a 01\/07\/2026<\/td><\/tr><tr><td class=\"has-text-align-center\" data-align=\"center\">4<\/td><td>2CIF300<\/td><td>Semin\u00e1rios<\/td><td>Gisele e F\u00e1bio<\/td><td>&nbsp;15<\/td><td>01<\/td><td><br>08 e 10\/07\/2026<br><\/td><\/tr><tr><td class=\"has-text-align-center\" data-align=\"center\">5<\/td><td>2CIF297<\/td><td>TOPICS IN PHYSIOLOGICAL SCIENCES: ACADEMIC WRITING<\/td><td>Fernanda Brener<br>(Departamento de Letras Estrangeiras Modernas \u2013 Paran\u00e1 Fala Ingl\u00eas)<\/td><td>60<\/td><td>04<\/td><td>16\/03 a 31\/07\/2026<br>sempre as segundas-feiras das 8:00 as 12:00<\/td><\/tr><tr><td class=\"has-text-align-center\" data-align=\"center\">6<\/td><td>2CIF298<\/td><td><a href=\"https:\/\/docs.google.com\/document\/d\/1TfOuELlzjAHJPbNN99Cps6FnmEm4QaM5\/edit?usp=sharing&amp;ouid=107249565786480348257&amp;rtpof=true&amp;sd=true\">T\u00f3picos em Ci\u00eancias Fisiol\u00f3gicas &#8211; International Seminars in Physiological Sciences<\/a><\/td><td>Andressa, Graziela, Waldiceu (PPG Ci\u00eancias da Sa\u00fade)<\/td><td>45<\/td><td>03<\/td><td>26\/03 a 30\/07\/2026<br>sempre as quintas-feiras das 14:00 as 18:00<\/td><\/tr><tr><td class=\"has-text-align-center\" data-align=\"center\">7<\/td><td>2CIF302<\/td><td><a href=\"https:\/\/pos.uel.br\/pgcif\/wp-content\/uploads\/2026\/02\/CRONOGRAMA-2026.pdf\">T\u00f3picos em Ci\u00eancias Fisiol\u00f3gicas &#8211; Mentoria Acad\u00eamica, Cient\u00edfica e Profissional<\/a><\/td><td>Graziela e Tiago  da Costa (ICB-USP)<\/td><td>60<\/td><td>04<\/td><td>01\/04 a 21\/06\/2026<br>sempre as quartas-feiras das 14:00 as 18:00<\/td><\/tr><\/tbody><\/table><\/figure>\n\n\n\n<p><\/p>\n","protected":false},"excerpt":{"rendered":"<p>FORMATO:&nbsp;PRESENCIAL As aulas acontecer\u00e3o preferencialmente no per\u00edodo da manh\u00e3, ficando a crit\u00e9rio dos docentes respons\u00e1veis o agendamento das aulas. \u2013 16\/03\/2026: In\u00edcio do 1\u00ba per\u00edodo letivo de 2026 para os Programas de P\u00f3s-Gradua\u00e7\u00e3o Stricto sensu. \u2013 31\/07\/2026: T\u00e9rmino do 1\u00ba per\u00edodo letivo de 2026 dos Programas de P\u00f3s-Gradua\u00e7\u00e3o Stricto sensu. \u2013&nbsp;Disciplina ofertada apenas para Mestrado: [&hellip;]<\/p>\n","protected":false},"author":9,"featured_media":0,"parent":0,"menu_order":0,"comment_status":"closed","ping_status":"closed","template":"","meta":{"footnotes":""},"class_list":["post-1899","page","type-page","status-publish","hentry"],"_links":{"self":[{"href":"https:\/\/pos.uel.br\/pgcif\/wp-json\/wp\/v2\/pages\/1899","targetHints":{"allow":["GET"]}}],"collection":[{"href":"https:\/\/pos.uel.br\/pgcif\/wp-json\/wp\/v2\/pages"}],"about":[{"href":"https:\/\/pos.uel.br\/pgcif\/wp-json\/wp\/v2\/types\/page"}],"author":[{"embeddable":true,"href":"https:\/\/pos.uel.br\/pgcif\/wp-json\/wp\/v2\/users\/9"}],"replies":[{"embeddable":true,"href":"https:\/\/pos.uel.br\/pgcif\/wp-json\/wp\/v2\/comments?post=1899"}],"version-history":[{"count":13,"href":"https:\/\/pos.uel.br\/pgcif\/wp-json\/wp\/v2\/pages\/1899\/revisions"}],"predecessor-version":[{"id":1986,"href":"https:\/\/pos.uel.br\/pgcif\/wp-json\/wp\/v2\/pages\/1899\/revisions\/1986"}],"wp:attachment":[{"href":"https:\/\/pos.uel.br\/pgcif\/wp-json\/wp\/v2\/media?parent=1899"}],"curies":[{"name":"wp","href":"https:\/\/api.w.org\/{rel}","templated":true}]}}