{"id":1823,"date":"2025-10-13T16:00:56","date_gmt":"2025-10-13T19:00:56","guid":{"rendered":"https:\/\/pos.uel.br\/pgcif\/?page_id=1823"},"modified":"2025-10-13T16:52:12","modified_gmt":"2025-10-13T19:52:12","slug":"autoavaliacao-2025-2029","status":"publish","type":"page","link":"https:\/\/pos.uel.br\/pgcif\/autoavaliacao-2025-2029\/","title":{"rendered":"Autoavalia\u00e7\u00e3o 2025 &#8211; 2028"},"content":{"rendered":"\n<p><\/p>\n\n\n\n<p><strong>Comiss\u00e3o Autoavalia\u00e7\u00e3o (CAA) PGCIF &#8211; UEL 2025-2028<\/strong><\/p>\n\n\n\n<p>Dra. Gisele Lopes Bertolini (presidente da CAA \u2013 PGCIF)<\/p>\n\n\n\n<p>Dra. Graziela Scalianti Ceravolo (coordenadora do PGCIF)<\/p>\n\n\n\n<p>Dra. Cl\u00e1udia Bueno dos Reis Martinez (terceiro membro da Comiss\u00e3o Coordenadora \u2013 PGCIF)<\/p>\n\n\n\n<p>Dra. Marli Cardoso Martins Pinge (docente externa \u00e0 comiss\u00e3o coordenadora)<\/p>\n\n\n\n<p>Dr. Ernane Torres Uch\u00f4a  (docente externo \u00e0 comiss\u00e3o coordenadora)<\/p>\n\n\n\n<p>Dra. Silvia Guatimosim Fonseca &#8211; UFMG (membro externo \u00e0 UEL)<\/p>\n\n\n\n<p>Me. Maria Vit\u00f3ria Oliveira Miguel (representante discente)<\/p>\n\n\n\n<p>Gabriela Cruz Alves (representante discente)<\/p>\n\n\n\n<p><\/p>\n\n\n\n<p><strong><a href=\"https:\/\/pos.uel.br\/pgcif\/wp-content\/uploads\/2025\/10\/FOPEx-_251013_164441.pdf\" target=\"_blank\" rel=\"noreferrer noopener\">2\u00b0 F\u00d3RUM DE AUTOAVALIA\u00c7\u00c3O DA UNIVERSIDADE ESTADUAL DE LONDRINA &#8211; 01\/10\/2025<\/a> &#8211; PROGRAMA\u00c7\u00c3O<\/strong><\/p>\n\n\n\n<p><\/p>\n","protected":false},"excerpt":{"rendered":"<p>Comiss\u00e3o Autoavalia\u00e7\u00e3o (CAA) PGCIF &#8211; UEL 2025-2028 Dra. Gisele Lopes Bertolini (presidente da CAA \u2013 PGCIF) Dra. Graziela Scalianti Ceravolo (coordenadora do PGCIF) Dra. Cl\u00e1udia Bueno dos Reis Martinez (terceiro membro da Comiss\u00e3o Coordenadora \u2013 PGCIF) Dra. Marli Cardoso Martins Pinge (docente externa \u00e0 comiss\u00e3o coordenadora) Dr. Ernane Torres Uch\u00f4a (docente externo \u00e0 comiss\u00e3o coordenadora) [&hellip;]<\/p>\n","protected":false},"author":11,"featured_media":0,"parent":0,"menu_order":0,"comment_status":"closed","ping_status":"closed","template":"","meta":{"footnotes":""},"class_list":["post-1823","page","type-page","status-publish","hentry"],"_links":{"self":[{"href":"https:\/\/pos.uel.br\/pgcif\/wp-json\/wp\/v2\/pages\/1823","targetHints":{"allow":["GET"]}}],"collection":[{"href":"https:\/\/pos.uel.br\/pgcif\/wp-json\/wp\/v2\/pages"}],"about":[{"href":"https:\/\/pos.uel.br\/pgcif\/wp-json\/wp\/v2\/types\/page"}],"author":[{"embeddable":true,"href":"https:\/\/pos.uel.br\/pgcif\/wp-json\/wp\/v2\/users\/11"}],"replies":[{"embeddable":true,"href":"https:\/\/pos.uel.br\/pgcif\/wp-json\/wp\/v2\/comments?post=1823"}],"version-history":[{"count":12,"href":"https:\/\/pos.uel.br\/pgcif\/wp-json\/wp\/v2\/pages\/1823\/revisions"}],"predecessor-version":[{"id":1848,"href":"https:\/\/pos.uel.br\/pgcif\/wp-json\/wp\/v2\/pages\/1823\/revisions\/1848"}],"wp:attachment":[{"href":"https:\/\/pos.uel.br\/pgcif\/wp-json\/wp\/v2\/media?parent=1823"}],"curies":[{"name":"wp","href":"https:\/\/api.w.org\/{rel}","templated":true}]}}