{"id":1691,"date":"2025-06-23T14:07:49","date_gmt":"2025-06-23T17:07:49","guid":{"rendered":"https:\/\/pos.uel.br\/pgcif\/?page_id=1691"},"modified":"2025-07-31T10:12:35","modified_gmt":"2025-07-31T13:12:35","slug":"disciplinas-ofertadas-segundo-semestre-2025","status":"publish","type":"page","link":"https:\/\/pos.uel.br\/pgcif\/disciplinas-ofertadas-segundo-semestre-2025\/","title":{"rendered":"Disciplinas ofertadas segundo semestre\/2025"},"content":{"rendered":"\n<p><\/p>\n\n\n\n<h3 class=\"wp-block-heading\"><strong>FORMATO:&nbsp;<u><strong>PRESENCIAL<\/strong><\/u><\/strong><\/h3>\n\n\n\n<p><strong>As aulas acontecer\u00e3o preferencialmente no per\u00edodo da manh\u00e3, ficando a crit\u00e9rio dos docentes respons\u00e1veis o agendamento das aulas<\/strong>. <\/p>\n\n\n\n<p><strong>\u2013 18\/08\/2025: In\u00edcio do 2\u00ba per\u00edodo letivo de 2025 para os Programas de P\u00f3s-Gradua\u00e7\u00e3o Stricto sensu.<\/strong><\/p>\n\n\n\n<p><strong>\u2013 28\/02\/2025: T\u00e9rmino do 2\u00ba per\u00edodo letivo de 2025 dos Programas de P\u00f3s-Gradua\u00e7\u00e3o Stricto sensu.<\/strong><\/p>\n\n\n\n<p>\u2013&nbsp;<strong>Disciplina ofertada apenas para Mestrado: 446*<\/strong>, o estudante deve fazer matr\u00edcula na disciplina correspondente ao semestre em que est\u00e1 matriculado. Ex. estudante no primiero semestre do mestrado far\u00e1 matr\u00edcula em disserta\u00e7\u00e3o I<\/p>\n\n\n\n<p>\u2013&nbsp;<strong>Disciplina ofertada apenas para Doutorado: 447*<\/strong>,  o estudante deve fazer matr\u00edcula na disciplina correspondente ao semestre em que est\u00e1 matriculado. Ex. estudante no primiero semestre do doutorado far\u00e1 matr\u00edcula em tese I<\/p>\n\n\n\n<p><strong>&#8211; Disciplinas de 1 a 4 s\u00e3o obrigat\u00f3rias<\/strong><\/p>\n\n\n\n<p><strong>&#8211; As aulas acontecer\u00e3o na sala de p\u00f3s-gradua\u00e7\u00e3o do Departamento de Ci\u00eancias Fisiol\u00f3gicas, no bloco 06 de CCB.<\/strong><\/p>\n\n\n\n<p><mark><strong>CLIQUE NO NOME DA DISCIPLINA PARA TER ACESSO AO CRONOGRAMA<\/strong>.<\/mark><\/p>\n\n\n\n<figure class=\"wp-block-table\"><table class=\"has-fixed-layout\"><tbody><tr><td class=\"has-text-align-center\" data-align=\"center\"><\/td><td><strong>C\u00f3digo<\/strong><\/td><td><strong>Disciplina<\/strong><\/td><td><strong>Professor(es) respons\u00e1vel(Is)<\/strong><\/td><td><strong>Carga Hor\u00e1ria<\/strong><\/td><td><strong>N\u00famero de cr\u00e9ditos<\/strong><\/td><td><strong>Data<\/strong>&nbsp;<strong>de in\u00edcio<\/strong><\/td><\/tr><tr><td class=\"has-text-align-center\" data-align=\"center\">1<\/td><td>2CIF276<\/td><td><a href=\"https:\/\/pos.uel.br\/pgcif\/wp-content\/uploads\/2025\/07\/CRONOGRAMA-2025-1-3.pdf\" target=\"_blank\" rel=\"noreferrer noopener\">FISIOLOGIA E FARMACOLOGIA<br>RESPIRAT\u00d3RIA<\/a><\/td><td>Claudia, Juliana, Andressa<\/td><td><br>30<\/td><td>02<\/td><td>18\/08 a 22\/08\/2025<\/td><\/tr><tr><td class=\"has-text-align-center\" data-align=\"center\">2<\/td><td>2CIF367<\/td><td><a href=\"https:\/\/pos.uel.br\/pgcif\/wp-content\/uploads\/2025\/07\/2CIF367.pdf\" target=\"_blank\" rel=\"noreferrer noopener\">FISIOLOGIA E FARMACOLOGIA<br>CARDIOVASCULAR<\/a><\/td><td>Marli, Gislaine<\/td><td>30<\/td><td>02<\/td><td>10\/09 a 03\/10\/2025<\/td><\/tr><tr><td class=\"has-text-align-center\" data-align=\"center\">3<\/td><td><br>2CIF275<\/td><td><a href=\"https:\/\/pos.uel.br\/pgcif\/wp-content\/uploads\/2025\/07\/Cronograma-2025-Fisiologia-e-Farmacologia-do-Sistema-Renal-com-alteracoes-do-Paulo.pdf\" target=\"_blank\" rel=\"noreferrer noopener\">FISIOLOGIA E FARMACOLOGIA RENAL<\/a><\/td><td>Paulo e Graziela<\/td><td>30<\/td><td>02<\/td><td>08\/10 a 05\/11\/2025<\/td><\/tr><tr><td class=\"has-text-align-center\" data-align=\"center\">4<\/td><td>2CIF273<\/td><td><a href=\"https:\/\/pos.uel.br\/pgcif\/wp-content\/uploads\/2025\/07\/2CIF273-FISIOLOGIA-E-FARMACOLOGIA-DIGESTORIA-Programa-2025.pdf\" data-type=\"link\" data-id=\"https:\/\/pos.uel.br\/pgcif\/wp-content\/uploads\/2025\/07\/2CIF273-FISIOLOGIA-E-FARMACOLOGIA-DIGESTORIA-Programa-2025.pdf\" target=\"_blank\" rel=\"noreferrer noopener\">FISIOLOGIA E FARMACOLOGIA<br>DIGEST\u00d3RIA<\/a><\/td><td> Graziela, Maria Fernanda<\/td><td>&nbsp;30<\/td><td>02<\/td><td><br>12\/11 a 11\/12\/2025<br><br><\/td><\/tr><tr><td class=\"has-text-align-center\" data-align=\"center\">5<\/td><td>2CIF297<\/td><td>TOPICS IN PHYSIOLOGICAL SCIENCES: ACADEMIC WRITING<br><\/td><td>Fernanda Brener<br>(Departamento de Letras Estrangeiras Modernas &#8211; Paran\u00e1 Fala Ingl\u00eas)<\/td><td>60<\/td><td>04<\/td><td>18\/08\/2025 a 30\/01\/2026<br>sempre as segunda-feiras das 8:00 as 12:00<\/td><\/tr><tr><td class=\"has-text-align-center\" data-align=\"center\">6<\/td><td>2CIF361&nbsp;<\/td><td><a href=\"https:\/\/pos.uel.br\/pgcif\/wp-content\/uploads\/2025\/07\/Cronograma_Disciplina-Controle-da-ingestao-alimentar-e-do-metabolismo-2025-2.pdf\">CONTROLE DA INGEST\u00c3O ALIMENTAR E DO METABOLISMO<br><\/a><br><\/td><td>Gisele, Priscila, Ernane, Thais<\/td><td>45<\/td><td>03<\/td><td>02 a 27\/02\/2026<\/td><\/tr><tr><td class=\"has-text-align-center\" data-align=\"center\">7<\/td><td>2CIF301<\/td><td>T\u00d3PICOS ESPECIAIS EM CI\u00caNCIAS FISIOL\u00d3GICAS: AN\u00c1LISE DO COMPORTAMENTO DE PEIXES APLICADA \u00c0S CI\u00caNCIAS FISIOL\u00d3GICAS<br><br><\/td><td>Paulo<\/td><td>15<\/td><td>01<\/td><td>26 a 30\/01\/2026<\/td><\/tr><tr><td class=\"has-text-align-center\" data-align=\"center\">8<\/td><td>2CIF300<\/td><td>T\u00d3PICOS ESPECIAIS EM CI\u00caNCIAS FISIOL\u00d3GICAS: SEMIN\u00c3RIOS EM CI\u00caNCIAS FISIOL\u00d3GICAS<\/td><td>Fabio e Gisele<\/td><td>15<\/td><td>01<\/td><td>a confirmar<\/td><\/tr><\/tbody><\/table><\/figure>\n\n\n\n<p><\/p>\n\n\n\n<figure class=\"wp-block-table\"><table class=\"has-fixed-layout\"><tbody><tr><td><br><\/td><td>2CIF 334<\/td><td>Disserta\u00e7\u00e3o I*<\/td><td><\/td><td>&nbsp;<\/td><td>15<\/td><td><\/td><\/tr><tr><td>&nbsp;<\/td><td>2CIF 335<\/td><td>Disserta\u00e7\u00e3o II*<\/td><td><\/td><td>&nbsp;<\/td><td>15<\/td><td><\/td><\/tr><tr><td>&nbsp;<\/td><td>2CIF 336<\/td><td>Disserta\u00e7\u00e3o III*<\/td><td><\/td><td><\/td><td>15<\/td><td><\/td><\/tr><tr><td>&nbsp;<\/td><td>2CIF 337<\/td><td>Disserta\u00e7\u00e3o IV*<\/td><td><\/td><td><\/td><td>15<\/td><td><\/td><\/tr><tr><td>&nbsp;<\/td><td>2CIF 338<\/td><td>Tese I**<\/td><td><\/td><td><\/td><td>15<\/td><td><\/td><\/tr><tr><td>&nbsp;<\/td><td>2CIF 339<\/td><td>Tese II**<\/td><td><\/td><td><\/td><td>15<\/td><td><\/td><\/tr><tr><td>&nbsp;<\/td><td>2CIF 340<\/td><td>Tese III**<\/td><td><\/td><td><\/td><td>15<\/td><td><\/td><\/tr><tr><td><\/td><td>2CIF 341<\/td><td>Tese IV**<\/td><td><\/td><td><\/td><td>15<\/td><td><\/td><\/tr><tr><td>&nbsp;<\/td><td>2CIF 342<\/td><td>Tese VI**<\/td><td><\/td><td><\/td><td>15<\/td><td><\/td><\/tr><tr><td>&nbsp;<\/td><td>2CIF 343<\/td><td>Tese VII**<\/td><td><\/td><td><\/td><td>15<\/td><td><\/td><\/tr><tr><td>&nbsp;<\/td><td>2CIF 349<\/td><td>Tese VIII**<\/td><td><\/td><td>&nbsp;<\/td><td>15<\/td><td><\/td><\/tr><\/tbody><\/table><\/figure>\n\n\n\n<p><\/p>\n","protected":false},"excerpt":{"rendered":"<p>FORMATO:&nbsp;PRESENCIAL As aulas acontecer\u00e3o preferencialmente no per\u00edodo da manh\u00e3, ficando a crit\u00e9rio dos docentes respons\u00e1veis o agendamento das aulas. \u2013 18\/08\/2025: In\u00edcio do 2\u00ba per\u00edodo letivo de 2025 para os Programas de P\u00f3s-Gradua\u00e7\u00e3o Stricto sensu. \u2013 28\/02\/2025: T\u00e9rmino do 2\u00ba per\u00edodo letivo de 2025 dos Programas de P\u00f3s-Gradua\u00e7\u00e3o Stricto sensu. \u2013&nbsp;Disciplina ofertada apenas para Mestrado: [&hellip;]<\/p>\n","protected":false},"author":9,"featured_media":0,"parent":0,"menu_order":0,"comment_status":"closed","ping_status":"closed","template":"","meta":{"footnotes":""},"class_list":["post-1691","page","type-page","status-publish","hentry"],"_links":{"self":[{"href":"https:\/\/pos.uel.br\/pgcif\/wp-json\/wp\/v2\/pages\/1691","targetHints":{"allow":["GET"]}}],"collection":[{"href":"https:\/\/pos.uel.br\/pgcif\/wp-json\/wp\/v2\/pages"}],"about":[{"href":"https:\/\/pos.uel.br\/pgcif\/wp-json\/wp\/v2\/types\/page"}],"author":[{"embeddable":true,"href":"https:\/\/pos.uel.br\/pgcif\/wp-json\/wp\/v2\/users\/9"}],"replies":[{"embeddable":true,"href":"https:\/\/pos.uel.br\/pgcif\/wp-json\/wp\/v2\/comments?post=1691"}],"version-history":[{"count":27,"href":"https:\/\/pos.uel.br\/pgcif\/wp-json\/wp\/v2\/pages\/1691\/revisions"}],"predecessor-version":[{"id":1761,"href":"https:\/\/pos.uel.br\/pgcif\/wp-json\/wp\/v2\/pages\/1691\/revisions\/1761"}],"wp:attachment":[{"href":"https:\/\/pos.uel.br\/pgcif\/wp-json\/wp\/v2\/media?parent=1691"}],"curies":[{"name":"wp","href":"https:\/\/api.w.org\/{rel}","templated":true}]}}