{"id":116,"date":"2021-06-15T02:57:35","date_gmt":"2021-06-15T05:57:35","guid":{"rendered":"https:\/\/pos.uel.br\/pgcif\/pagina-inicial\/"},"modified":"2026-03-31T08:37:48","modified_gmt":"2026-03-31T11:37:48","slug":"pagina-inicial","status":"publish","type":"page","link":"https:\/\/pos.uel.br\/pgcif\/","title":{"rendered":"P\u00e1gina inicial"},"content":{"rendered":"\n<div class=\"wp-block-columns is-layout-flex wp-container-core-columns-is-layout-9d6595d7 wp-block-columns-is-layout-flex\">\n<div class=\"wp-block-column is-layout-flow wp-block-column-is-layout-flow\" style=\"flex-basis:66.66%\">\n<div class=\"wp-block-uel-card\">\n<h3 class=\"wp-block-heading is-style-highlighted-heading\"><strong>\u00daLTIMAS NOT\u00cdCIAS<\/strong><\/h3>\n\n\n\n<p><\/p>\n\n\n\n<p>02\/03\/2026 &#8211; <a href=\"https:\/\/operobal.uel.br\/ccb\/2026\/02\/25\/estudo-investiga-relacao-entre-agrotoxico-e-infertilidade\/\" target=\"_blank\" rel=\"noreferrer noopener\"><strong>Estudo investiga rela\u00e7\u00e3o entre agrot\u00f3xico e infertilidade<\/strong><\/a><\/p>\n\n\n\n<p>04\/11\/2025 &#8211;<strong> <a href=\"https:\/\/operobal.uel.br\/jornal-noticia\/2025\/11\/04\/vitamina-c-no-controle-de-comorbidades-causadas-pela-obesidade\/\" target=\"_blank\" rel=\"noreferrer noopener\">Vitamina C no controle de comorbidades causadas pela obesidade<\/a><\/strong><\/p>\n\n\n\n<p>01\/10\/2025 &#8211; A Profa <a href=\"https:\/\/pos.uel.br\/pgcif\/profa-dra-claudia-bueno-dos-reis-martinez\/\" target=\"_blank\" rel=\"noreferrer noopener\"><strong>Cl\u00e1udia Martinez<\/strong><\/a> est\u00e1 entre os pesquisadores mais influentes do mundo segundo Ranking Stanford\/Elsevier &#8211; Fonte:<a href=\"https:\/\/operobal.uel.br\/ultimas\/2025\/10\/01\/uel-possui-11-pesquisadores-entre-os-2-mais-influentes-do-mundo\/\" target=\"_blank\" rel=\"noreferrer noopener\"><strong> https:\/\/operobal.uel.br\/ultimas\/2025\/10\/01\/uel-possui-11-pesquisadores-entre-os-2-mais-influentes-do-mundo\/<\/strong><\/a><\/p>\n\n\n\n<p>09\/06\/2025 &#8211; <strong><a href=\"https:\/\/agro.estadao.com.br\/tudo-sobre-agrosp\/alcool-com-odor-de-rosas-vira-pesticida-natural-que-preserva-anfibios\">Nanopart\u00edcula com geraniol evita que sapos e r\u00e3s sofram efeitos dos defensivos qu\u00edmicos que chegam aos cursos d\u2019\u00e1gua<\/a> <\/strong> &#8211; Fonte: https:\/\/agro.estadao.com.br\/tudo-sobre-agrosp\/alcool-com-odor-de-rosas-vira-pesticida-natural-que-preserva-anfibios<\/p>\n\n\n\n<p>27\/01\/2025 &#8211; <strong><a href=\"https:\/\/operobal.uel.br\/jornal-noticia\/2025\/01\/27\/projeto-estuda-contaminacao-de-animais-em-ambientes-aquaticos-e-busca-solucoes\/\">Projeto estuda contamina\u00e7\u00e3o de animais em ambientes aqu\u00e1ticos e busca solu\u00e7\u00f5es<\/a><\/strong>.<\/p>\n\n\n\n<p><\/p>\n\n\n\n<p><\/p>\n\n\n\n<h3 class=\"wp-block-heading is-style-highlighted-heading\">Editais<\/h3>\n\n\n\n<p><\/p>\n\n\n\n<p><\/p>\n\n\n<div class=\"editais-block\"><a class=\"editais-block__item-block\" href=\"https:\/\/pos.uel.br\/pgcif\/wp-content\/uploads\/2026\/04\/Inscricoes-isencao2026.2.pdf\"><div class=\"editais-block__titulo\"><span>RESULTADO DOS PEDIDOS DE ISEN\u00c7\u00c3O NA TAXA DE INSCRI\u00c7\u00c3O PARA O EDITAL EDITAL N\u00ba  07\/2026<\/span><\/div><div class=\"editais-block__resumo\"><span>RESULTADO DOS PEDIDOS DE ISEN\u00c7\u00c3O NA TAXA DE INSCRI\u00c7\u00c3O PARA O EDITAL EDITAL N\u00ba  07\/2026 \u2013 Estudante Regular 2\u00ba Semestre de 2026 \r\n<\/span><\/div><div class=\"editais-block__publicado\"><span>2 semanas atr\u00e1s<\/span><\/div><\/a><a class=\"editais-block__item-block\" href=\"http:\/\/www.uel.br\/eventos\/sigec\/?id=11805\"><div class=\"editais-block__titulo\"><span>Link para isen\u00e7\u00e3o do pre\u00e7o p\u00fablico (Cad\u00danico) \u2013 inscri\u00e7\u00e3o<\/span><\/div><div class=\"editais-block__resumo\"><span>Inscri\u00e7\u00e3o<\/span><\/div><div class=\"editais-block__publicado\"><span>1 m\u00eas atr\u00e1s<\/span><\/div><\/a><a class=\"editais-block__item-block\" href=\"https:\/\/pos.uel.br\/pgcif\/wp-content\/uploads\/2026\/03\/regulares-2026-2.pdf\"><div class=\"editais-block__titulo\"><span>EDITAL N\u00ba 07\/2026\u2013  Sele\u00e7\u00e3o de aluno regular 2026\/02<\/span><\/div><div class=\"editais-block__resumo\"><span>Estabelece normas e procedimentos de inscri\u00e7\u00e3o e sele\u00e7\u00e3o para o ingresso no Programa de P\u00f3s-Gradua\u00e7\u00e3o Stricto sensu em Ci\u00eancias Fisiol\u00f3gicas, na condi\u00e7\u00e3o de Estudante Regular.<\/span><\/div><div class=\"editais-block__publicado\"><span>1 m\u00eas atr\u00e1s<\/span><\/div><\/a><a class=\"editais-block__item-block\" href=\"https:\/\/pos.uel.br\/pgcif\/wp-content\/uploads\/2026\/03\/EDITAL-06_2026_Resultado-da-Selecao-de-Bolsistas.docx-2.pdf\"><div class=\"editais-block__titulo\"><span>EDITAL PGCIF N\u00ba 06\/2026 \u2013 Resultado da Sele\u00e7\u00e3o de Bolsista<\/span><\/div><div class=\"editais-block__resumo\"><span>RESULTADO da Sele\u00e7\u00e3o Interna para Bolsistas &#8211; Programa CAPES-DS, aberto\r\nno Edital PGCIF 05\/20265, para implementa\u00e7\u00e3o de 01 bolsa de Mestrado de acordo com a\r\nclassifica\u00e7\u00e3o deste edital e resolu\u00e7\u00e3o PGCIF 01\/2023.\r\n<\/span><\/div><div class=\"editais-block__publicado\"><span>1 m\u00eas atr\u00e1s<\/span><\/div><\/a><\/div><\/div>\n<\/div>\n\n\n\n<div class=\"wp-block-column is-layout-flow wp-block-column-is-layout-flow\" style=\"flex-basis:33.33%\">\n<p><\/p>\n\n\n\n<figure class=\"wp-block-image size-large is-resized\"><img loading=\"lazy\" decoding=\"async\" width=\"1024\" height=\"821\" src=\"https:\/\/pos.uel.br\/pgcif\/wp-content\/uploads\/2021\/10\/LOGO-PGCIF-1024x821.png\" alt=\"\" class=\"wp-image-342\" style=\"width:346px;height:auto\" srcset=\"https:\/\/pos.uel.br\/pgcif\/wp-content\/uploads\/2021\/10\/LOGO-PGCIF-1024x821.png 1024w, https:\/\/pos.uel.br\/pgcif\/wp-content\/uploads\/2021\/10\/LOGO-PGCIF-300x241.png 300w, https:\/\/pos.uel.br\/pgcif\/wp-content\/uploads\/2021\/10\/LOGO-PGCIF-768x616.png 768w, https:\/\/pos.uel.br\/pgcif\/wp-content\/uploads\/2021\/10\/LOGO-PGCIF-1536x1232.png 1536w, https:\/\/pos.uel.br\/pgcif\/wp-content\/uploads\/2021\/10\/LOGO-PGCIF-2048x1642.png 2048w\" sizes=\"auto, (max-width: 1024px) 100vw, 1024px\" \/><\/figure>\n\n\n<div class=\"wp-block-image\">\n<figure class=\"aligncenter size-full is-resized\"><a href=\"https:\/\/www.instagram.com\/pgcif?igsh=MTR2MTJ0YjhjMXhsNw==\"><img loading=\"lazy\" decoding=\"async\" width=\"225\" height=\"224\" src=\"https:\/\/pos.uel.br\/pgcif\/wp-content\/uploads\/2021\/06\/image-1.jpeg\" alt=\"\" class=\"wp-image-225\" style=\"width:97px;height:auto\" srcset=\"https:\/\/pos.uel.br\/pgcif\/wp-content\/uploads\/2021\/06\/image-1.jpeg 225w, https:\/\/pos.uel.br\/pgcif\/wp-content\/uploads\/2021\/06\/image-1-150x150.jpeg 150w\" sizes=\"auto, (max-width: 225px) 100vw, 225px\" \/><\/a><figcaption class=\"wp-element-caption\"><strong>@pgcif<\/strong><\/figcaption><\/figure>\n<\/div>\n\n\n<div class=\"wp-block-uel-card\">\n<h3 class=\"wp-block-heading is-style-highlighted-heading\">Teses e disserta\u00e7\u00f5es<\/h3>\n\n\n\n<p><a href=\"https:\/\/repositorio.uel.br\/\">Acesso \u00e0s disserta\u00e7\u00f5es e teses<\/a><\/p>\n<\/div>\n\n\n\n<figure class=\"wp-block-image is-resized\"><a href=\"https:\/\/pos.uel.br\/pgcif\/programa-de-posgrado-en-ciencias-fisiologicas-pgcif\/\"><img decoding=\"async\" src=\"https:\/\/pos.uel.br\/gbm\/wp-content\/uploads\/2021\/10\/espanhol.jpeg\" alt=\"\" class=\"wp-image-868\" style=\"width:58px;height:40px\" \/><\/a><\/figure>\n\n\n\n<figure class=\"wp-block-image is-resized\"><a href=\"https:\/\/pos.uel.br\/pgcif\/graduate-program-in-physiological-sciences\/\"><img decoding=\"async\" src=\"https:\/\/pos.uel.br\/gbm\/wp-content\/uploads\/2021\/10\/ingles.png\" alt=\"\" class=\"wp-image-869\" style=\"width:57px;height:34px\" \/><\/a><\/figure>\n\n\n\n<p><\/p>\n\n\n\n<p><strong>Coordena\u00e7\u00e3o<\/strong><\/p>\n\n\n\n<p><a href=\"https:\/\/pos.uel.br\/pgcif\/profa-dra-graziela-scalianti-ceravolo\/\">Dra. Graziela Scalianti Ceravolo<\/a><\/p>\n\n\n\n<p><a href=\"https:\/\/pos.uel.br\/pgcif\/profa-dra-gisele-lopes-bertolini-2\/\">Dra. Gisele Lopes Bertolini<\/a><\/p>\n\n\n\n<p><a href=\"https:\/\/pos.uel.br\/pgcif\/profa-dra-claudia-bueno-dos-reis-martinez\/\">Dra. Claudia Bueno dos Reis Martinez<\/a><\/p>\n\n\n\n<p><strong>Contato<\/strong><\/p>\n\n\n\n<p><strong>Telefone:&nbsp;<\/strong>+55 43 33714307<br><strong>E-mail<\/strong>: pgcif@uel.br<br><strong>Endere\u00e7o:<\/strong>&nbsp;Universidade Estadual de Londrina, Campus Universit\u00e1rio, Rodovia Celso Garcia Cid, PR 445, Km 380. Centro de Ci\u00eancias Biol\u00f3gicas. Londrina, Paran\u00e1, Brasil. CEP: 86057-970.<\/p>\n\n\n\n<figure class=\"wp-block-image is-resized\"><img decoding=\"async\" src=\"https:\/\/pos.uel.br\/gbm\/wp-content\/uploads\/2021\/06\/UEL_imagem.png\" alt=\"\" class=\"wp-image-317\" style=\"width:200px;height:153px\" \/><figcaption class=\"wp-element-caption\"><a href=\"https:\/\/www.google.com.br\/maps\/place\/Universidade+Estadual+de+Londrina\/@-23.3256536,-51.2111813,15z\/data=!4m5!3m4!1s0x94eb5ca6a7aa0ad7:0x8cd1fb9730cff6b!8m2!3d-23.3268108!4d-51.2038207?hl=pt-BR\" target=\"_blank\" rel=\"noreferrer noopener\">abra o link<\/a><\/figcaption><\/figure>\n\n\n\n<p><strong>Apoio financeiro e parceiros<\/strong><\/p>\n\n\n<div class=\"wp-block-image\">\n<figure class=\"alignleft is-resized\"><a href=\"https:\/\/www.gov.br\/capes\/pt-br\" target=\"_blank\" rel=\"noreferrer noopener\"><img decoding=\"async\" src=\"https:\/\/pos.uel.br\/gbm\/wp-content\/uploads\/2021\/06\/logo-original-fundo-claro-1.jpg\" alt=\"\" class=\"wp-image-664\" style=\"width:70px;height:70px\" \/><\/a><\/figure>\n<\/div>\n\n<div class=\"wp-block-image\">\n<figure class=\"alignleft is-resized\"><a href=\"https:\/\/www.gov.br\/cnpq\/pt-br\" target=\"_blank\" rel=\"noreferrer noopener\"><img decoding=\"async\" src=\"https:\/\/pos.uel.br\/gbm\/wp-content\/uploads\/2021\/06\/cnpq-logo-7-1024x307.png\" alt=\"\" class=\"wp-image-662\" style=\"width:92px;height:27px\" \/><\/a><\/figure>\n<\/div>\n\n<div class=\"wp-block-image\">\n<figure class=\"alignleft is-resized\"><a href=\"http:\/\/www.fappr.pr.gov.br\/\" target=\"_blank\" rel=\"noreferrer noopener\"><img decoding=\"async\" src=\"https:\/\/pos.uel.br\/gbm\/wp-content\/uploads\/2021\/06\/MarcaColorHor_FA.jpg\" alt=\"\" class=\"wp-image-657\" style=\"width:126px;height:58px\" \/><\/a><\/figure>\n<\/div>\n\n\n<figure class=\"wp-block-image is-resized\"><a href=\"http:\/\/finep.gov.br\/\" target=\"_blank\" rel=\"noreferrer noopener\"><img decoding=\"async\" src=\"https:\/\/pos.uel.br\/gbm\/wp-content\/uploads\/2021\/06\/finep_empresa_brasileira_de_inovacao_e_pesquisa_RGB-1024x596.jpg\" alt=\"\" class=\"wp-image-660\" style=\"width:109px;height:64px\" \/><\/a><\/figure>\n<\/div>\n<\/div>\n\n\n\n<p><\/p>\n","protected":false},"excerpt":{"rendered":"<p>Coordena\u00e7\u00e3o Dra. Graziela Scalianti Ceravolo Dra. Gisele Lopes Bertolini Dra. Claudia Bueno dos Reis Martinez Contato Telefone:&nbsp;+55 43 33714307E-mail: pgcif@uel.brEndere\u00e7o:&nbsp;Universidade Estadual de Londrina, Campus Universit\u00e1rio, Rodovia Celso Garcia Cid, PR 445, Km 380. Centro de Ci\u00eancias Biol\u00f3gicas. Londrina, Paran\u00e1, Brasil. CEP: 86057-970. Apoio financeiro e parceiros<\/p>\n","protected":false},"author":0,"featured_media":0,"parent":0,"menu_order":0,"comment_status":"closed","ping_status":"closed","template":"page-templates\/template-without-title.php","meta":{"footnotes":""},"class_list":["post-116","page","type-page","status-publish","hentry"],"_links":{"self":[{"href":"https:\/\/pos.uel.br\/pgcif\/wp-json\/wp\/v2\/pages\/116","targetHints":{"allow":["GET"]}}],"collection":[{"href":"https:\/\/pos.uel.br\/pgcif\/wp-json\/wp\/v2\/pages"}],"about":[{"href":"https:\/\/pos.uel.br\/pgcif\/wp-json\/wp\/v2\/types\/page"}],"replies":[{"embeddable":true,"href":"https:\/\/pos.uel.br\/pgcif\/wp-json\/wp\/v2\/comments?post=116"}],"version-history":[{"count":87,"href":"https:\/\/pos.uel.br\/pgcif\/wp-json\/wp\/v2\/pages\/116\/revisions"}],"predecessor-version":[{"id":1980,"href":"https:\/\/pos.uel.br\/pgcif\/wp-json\/wp\/v2\/pages\/116\/revisions\/1980"}],"wp:attachment":[{"href":"https:\/\/pos.uel.br\/pgcif\/wp-json\/wp\/v2\/media?parent=116"}],"curies":[{"name":"wp","href":"https:\/\/api.w.org\/{rel}","templated":true}]}}