{"id":685,"date":"2025-07-15T11:15:03","date_gmt":"2025-07-15T14:15:03","guid":{"rendered":"https:\/\/pos.uel.br\/periciacontabil\/?page_id=685"},"modified":"2025-07-15T13:39:11","modified_gmt":"2025-07-15T16:39:11","slug":"corpo-docente","status":"publish","type":"page","link":"https:\/\/pos.uel.br\/periciacontabil\/corpo-docente\/","title":{"rendered":"Corpo Docente"},"content":{"rendered":"\n<figure class=\"wp-block-table is-style-stripes has-small-font-size\"><table class=\"has-fixed-layout\"><tbody><tr><td><strong>Professor<\/strong><\/td><td><strong>Titula\u00e7\u00e3o<\/strong><\/td><td><strong>Institui\u00e7\u00e3o<\/strong><\/td><td><strong>Forma\u00e7\u00e3o<\/strong><\/td><\/tr><tr><td>Adriana C. Carvalho Luciano Kothe<\/td><td>Especialista<\/td><td>FAFI\/PR<\/td><td>Ger\u00eancia Cont\u00e1bil<\/td><\/tr><tr><td>Cassia Vanessa Olak Alves Cruz<\/td><td>Doutora&nbsp;<\/td><td>&nbsp;USP\/SP<\/td><td>Contabilidade\/Controladoria<\/td><\/tr><tr><td>Claudecir Paton<\/td><td>Mestre<\/td><td>USP\/SP<\/td><td>Contabilidade\/Controladoria<\/td><\/tr><tr><td>Cosmo Rog\u00e9rio de Oliveira<\/td><td>Mestre<\/td><td>USP\/SP<\/td><td>Contabilidade\/Controladoria<\/td><\/tr><tr><td>Daniel Ramos Nogueira<\/td><td>&nbsp;Doutor<\/td><td>&nbsp;UFPR\/PR<\/td><td>&nbsp;Ci\u00eancias Cont\u00e1beis<\/td><\/tr><tr><td>Heleomar Gon\u00e7alves<\/td><td>&nbsp;Mestre<\/td><td>&nbsp;UEL\/PR<\/td><td>&nbsp;Educa\u00e7\u00e3o<\/td><\/tr><tr><td>Jair Gravena<\/td><td>Mestre<\/td><td>UNOPAR\/PR<\/td><td>Contabilidade\/Controladoria<\/td><\/tr><tr><td>Jo\u00e3o Claudio Machado Pizzo<\/td><td>Especialista&nbsp;<\/td><td>&nbsp;UEL\/PR<\/td><td>Contabilidade\/Controladoria<\/td><\/tr><tr><td>Luciano Gomes dos Reis<\/td><td>&nbsp;Doutor<\/td><td>&nbsp;USP\/SP<\/td><td>&nbsp;Contabilidade<\/td><\/tr><tr><td>Luis Henrique&nbsp;Fernandes Hidalgo<\/td><td>Mestre<\/td><td>UEL\/PR<\/td><td>Ci\u00eancia Jur\u00eddica<\/td><\/tr><tr><td>Marcelo Resquetti Tarifa<\/td><td>Doutro<\/td><td>UFP\/PR<\/td><td>Contabilidade\/Controladoria<\/td><\/tr><tr><td>Marcio Antunes da Silva<\/td><td>&nbsp;Mestre<\/td><td>&nbsp;UEL\/PR<\/td><td>Servi\u00e7o Social&nbsp;<\/td><\/tr><\/tbody><\/table><\/figure>\n\n\n\n<div class=\"wp-block-columns is-layout-flex wp-container-core-columns-is-layout-9d6595d7 wp-block-columns-is-layout-flex\">\n<div class=\"wp-block-column is-layout-flow wp-block-column-is-layout-flow\"><\/div>\n<\/div>\n\n\n\n<p><\/p>\n","protected":false},"excerpt":{"rendered":"<p>Professor Titula\u00e7\u00e3o Institui\u00e7\u00e3o Forma\u00e7\u00e3o Adriana C. Carvalho Luciano Kothe Especialista FAFI\/PR Ger\u00eancia Cont\u00e1bil Cassia Vanessa Olak Alves Cruz Doutora&nbsp; &nbsp;USP\/SP Contabilidade\/Controladoria Claudecir Paton Mestre USP\/SP Contabilidade\/Controladoria Cosmo Rog\u00e9rio de Oliveira Mestre USP\/SP Contabilidade\/Controladoria Daniel Ramos Nogueira &nbsp;Doutor &nbsp;UFPR\/PR &nbsp;Ci\u00eancias Cont\u00e1beis Heleomar Gon\u00e7alves &nbsp;Mestre &nbsp;UEL\/PR &nbsp;Educa\u00e7\u00e3o Jair Gravena Mestre UNOPAR\/PR Contabilidade\/Controladoria Jo\u00e3o Claudio Machado Pizzo Especialista&nbsp; [&hellip;]<\/p>\n","protected":false},"author":8,"featured_media":0,"parent":0,"menu_order":0,"comment_status":"closed","ping_status":"closed","template":"","meta":{"footnotes":""},"class_list":["post-685","page","type-page","status-publish","hentry"],"acf":[],"_links":{"self":[{"href":"https:\/\/pos.uel.br\/periciacontabil\/wp-json\/wp\/v2\/pages\/685","targetHints":{"allow":["GET"]}}],"collection":[{"href":"https:\/\/pos.uel.br\/periciacontabil\/wp-json\/wp\/v2\/pages"}],"about":[{"href":"https:\/\/pos.uel.br\/periciacontabil\/wp-json\/wp\/v2\/types\/page"}],"author":[{"embeddable":true,"href":"https:\/\/pos.uel.br\/periciacontabil\/wp-json\/wp\/v2\/users\/8"}],"replies":[{"embeddable":true,"href":"https:\/\/pos.uel.br\/periciacontabil\/wp-json\/wp\/v2\/comments?post=685"}],"version-history":[{"count":4,"href":"https:\/\/pos.uel.br\/periciacontabil\/wp-json\/wp\/v2\/pages\/685\/revisions"}],"predecessor-version":[{"id":705,"href":"https:\/\/pos.uel.br\/periciacontabil\/wp-json\/wp\/v2\/pages\/685\/revisions\/705"}],"wp:attachment":[{"href":"https:\/\/pos.uel.br\/periciacontabil\/wp-json\/wp\/v2\/media?parent=685"}],"curies":[{"name":"wp","href":"https:\/\/api.w.org\/{rel}","templated":true}]}}