{"id":635,"date":"2024-10-04T09:46:20","date_gmt":"2024-10-04T12:46:20","guid":{"rendered":"https:\/\/pos.uel.br\/periciacontabil\/?page_id=635"},"modified":"2025-10-06T10:41:03","modified_gmt":"2025-10-06T13:41:03","slug":"insc_2024_2","status":"publish","type":"page","link":"https:\/\/pos.uel.br\/periciacontabil\/inscricoes\/insc_2024_2\/","title":{"rendered":"Insc_2024_2"},"content":{"rendered":"\n<p><strong>Segundo Semestre 2024<\/strong><\/p>\n\n\n\n<figure class=\"wp-block-table has-small-font-size\"><table><thead><tr><td class=\"has-text-align-center\" data-align=\"center\"><strong>&nbsp;DOC<\/strong><strong><\/strong><\/td><td><strong>ATIVIDADES<\/strong><strong><\/strong><\/td><td class=\"has-text-align-center\" data-align=\"center\"><strong>DATA<\/strong> |<strong> PER\u00cdODO DE PUBLICA\u00c7\u00c3O<\/strong><\/td><td class=\"has-text-align-center\" data-align=\"center\"><strong>SITUA\u00c7\u00c3O ATUAL<\/strong><strong><\/strong><\/td><\/tr><\/thead><tbody><tr><td class=\"has-text-align-center\" data-align=\"center\"><a href=\"https:\/\/pos.uel.br\/periciacontabil\/wp-content\/uploads\/2024\/05\/240_03mai24_Edital-de-Oferta_FINAL_OK.pdf\" target=\"_blank\" rel=\"noreferrer noopener\"><img decoding=\"async\" class=\"wp-image-412\" style=\"width: 25px\" src=\"https:\/\/pos.uel.br\/direitocivil\/wp-content\/uploads\/2022\/09\/paste_red1-e1663003698481.jpg\" alt=\"\"><\/a><\/td><td>Edital de Oferta | Inscri\u00e7\u00e3o e Sele\u00e7\u00e3o<\/td><td class=\"has-text-align-center\" data-align=\"center\">03\/05\/2024<\/td><td class=\"has-text-align-center\" data-align=\"center\">&nbsp;<strong><\/strong><strong>Imprescind\u00edvel Leitura!<\/strong><\/td><\/tr><tr><td class=\"has-text-align-center\" data-align=\"center\"><a href=\"https:\/\/pos.uel.br\/periciacontabil\/wp-content\/uploads\/2022\/09\/Form_Isencao_Inscricao.doc\"><img decoding=\"async\" class=\"wp-image-412\" style=\"width: 25px\" src=\"https:\/\/pos.uel.br\/direitocivil\/wp-content\/uploads\/2022\/09\/paste_red1-e1663003698481.jpg\" alt=\"\"><\/a><\/td><td>Pedido de Isen\u00e7\u00e3o: Doa\u00e7\u00e3o de Sangue e Servi\u00e7o Eleitoral<\/td><td class=\"has-text-align-center\" data-align=\"center\">03\/05\/24 a 07\/05\/24<\/td><td class=\"has-text-align-center\" data-align=\"center\">&nbsp;<\/td><\/tr><tr><td class=\"has-text-align-center\" data-align=\"center\"><a href=\"https:\/\/pos.uel.br\/periciacontabil\/wp-content\/uploads\/2024\/05\/240_Edital_ISENCAO_2024-2_ok.pdf\" target=\"_blank\" rel=\"noreferrer noopener\"><img decoding=\"async\" class=\"wp-image-412\" style=\"width: 25px\" src=\"https:\/\/pos.uel.br\/direitocivil\/wp-content\/uploads\/2022\/09\/paste_red1-e1663003698481.jpg\" alt=\"\"><\/a><\/td><td>Publica\u00e7\u00e3o do Edital do Resultado dos pedidos de Isen\u00e7\u00e3o<\/td><td class=\"has-text-align-center\" data-align=\"center\">09\/05\/2024<\/td><td class=\"has-text-align-center\" data-align=\"center\">&nbsp;<\/td><\/tr><tr><td class=\"has-text-align-center\" data-align=\"center\">&nbsp;<\/td><td>Pedido de Recurso ao Resultado de Isen\u00e7\u00f5es<\/td><td class=\"has-text-align-center\" data-align=\"center\">10\/05\/2024<\/td><td class=\"has-text-align-center\" data-align=\"center\">&nbsp;<\/td><\/tr><tr><td class=\"has-text-align-center\" data-align=\"center\"><\/td><td>Publica\u00e7\u00e3o do Edital do Resultado dos Recursos referente aos pedidos de Isen\u00e7\u00f5es<\/td><td class=\"has-text-align-center\" data-align=\"center\">14\/05\/2024<\/td><td class=\"has-text-align-center\" data-align=\"center\">&nbsp;<\/td><\/tr><tr><td class=\"has-text-align-center\" data-align=\"center\"><a href=\"https:\/\/pos.uel.br\/periciacontabil\/wp-content\/uploads\/2024\/05\/2024_Pericia-Formulario-Curriculo.doc\" target=\"_blank\" rel=\"noreferrer noopener\"><img decoding=\"async\" class=\"wp-image-412\" style=\"width: 25px\" src=\"https:\/\/pos.uel.br\/direitocivil\/wp-content\/uploads\/2022\/09\/paste_red1-e1663003698481.jpg\" alt=\"\"><\/a><\/td><td>Curr\u00edculo | Formul\u00e1rio Obrigat\u00f3rio<\/td><td class=\"has-text-align-center\" data-align=\"center\">17\/05\/2024<\/td><td class=\"has-text-align-center\" data-align=\"center\"><\/td><\/tr><tr><td class=\"has-text-align-center\" data-align=\"center\"><\/td><td>Sistema de inscri\u00e7\u00e3o ONLINE<\/td><td class=\"has-text-align-center\" data-align=\"center\"><strong>17\/05\/2024 a 01\/07\/2024<\/strong><\/td><td class=\"has-text-align-center\" data-align=\"center\">No \u00faltimo dia <strong>at\u00e9 \u00e0s 16h<\/strong><\/td><\/tr><tr><td class=\"has-text-align-center\" data-align=\"center\">&nbsp;<\/td><td>Entrega de Documentos via sistema de inscri\u00e7\u00e3o ONLINE (UPLOAD)<\/td><td class=\"has-text-align-center\" data-align=\"center\"><strong>17\/05\/2024 a 02\/07\/2024<\/strong><\/td><td class=\"has-text-align-center\" data-align=\"center\">No<strong>&nbsp;<\/strong>\u00faltimo dia <strong>at\u00e9 \u00e0s 16h<\/strong><\/td><\/tr><tr><td class=\"has-text-align-center\" data-align=\"center\"><a href=\"https:\/\/pos.uel.br\/periciacontabil\/wp-content\/uploads\/2024\/07\/240_Edital-Cancelamento-2024-2_Restituir-Preco-Publico.pdf\" target=\"_blank\" rel=\"noreferrer noopener\"><img decoding=\"async\" class=\"wp-image-412\" style=\"width: 25px\" src=\"https:\/\/pos.uel.br\/direitocivil\/wp-content\/uploads\/2022\/09\/paste_red1-e1663003698481.jpg\" alt=\"\"><\/a><\/td><td><strong><mark>Cancelamento da Oferta<\/mark><\/strong><\/td><td class=\"has-text-align-center\" data-align=\"center\"><strong>08\/07\/2024<\/strong><\/td><td class=\"has-text-align-center\" data-align=\"center\"><\/td><\/tr><tr><td class=\"has-text-align-center\" data-align=\"center\">&nbsp;<\/td><td>Sele\u00e7\u00e3o<\/td><td class=\"has-text-align-center\" data-align=\"center\"><s>10\/07\/2024 a 12\/07\/2024<\/s><\/td><td class=\"has-text-align-center\" data-align=\"center\">&nbsp;<\/td><\/tr><tr><td class=\"has-text-align-center\" data-align=\"center\"><a rel=\"noreferrer noopener\" href=\"https:\/\/pos.uel.br\/direitocivil\/wp-content\/uploads\/2023\/02\/158_Edital-de-Resultado_17fev23.pdf\" data-type=\"URL\" data-id=\"https:\/\/pos.uel.br\/direitocivil\/wp-content\/uploads\/2023\/02\/158_Edital-de-Resultado_17fev23.pdf\" target=\"_blank\"><\/a><\/td><td>Publica\u00e7\u00e3o do Edital de Resultado<\/td><td class=\"has-text-align-center\" data-align=\"center\"><s>18\/07\/2024<\/s><\/td><td class=\"has-text-align-center\" data-align=\"center\">&nbsp;<strong>18h<\/strong> | <strong>Imprescind\u00edvel Leitura!<\/strong><\/td><\/tr><tr><td class=\"has-text-align-center\" data-align=\"center\"><\/td><td>Divulga\u00e7\u00e3o do N\u00famero de Matr\u00edcula<\/td><td class=\"has-text-align-center\" data-align=\"center\"><s>23\/07\/2027<\/s><\/td><td class=\"has-text-align-center\" data-align=\"center\">&nbsp;<\/td><\/tr><tr><td class=\"has-text-align-center\" data-align=\"center\">&nbsp;<\/td><td>Matr\u00edcula \u2013 Via Web e entrega de documentos pendentes<\/td><td class=\"has-text-align-center\" data-align=\"center\"><strong><s>23\/07\/2024 a 26\/07\/2024<\/s><\/strong><\/td><td class=\"has-text-align-center\" data-align=\"center\">&nbsp;<\/td><\/tr><tr><td class=\"has-text-align-center\" data-align=\"center\">&nbsp;<\/td><td>Convoca\u00e7\u00e3o de suplente &#8211; via e-mail<\/td><td class=\"has-text-align-center\" data-align=\"center\"><s>29\/07\/2024 a 02\/08\/2024<\/s><\/td><td class=\"has-text-align-center\" data-align=\"center\">&nbsp;<\/td><\/tr><tr><td class=\"has-text-align-center\" data-align=\"center\">&nbsp;<\/td><td>Matr\u00edcula de suplente<\/td><td class=\"has-text-align-center\" data-align=\"center\"><s>29\/07\/2024 a 02\/08\/2024<\/s><\/td><td class=\"has-text-align-center\" data-align=\"center\">&nbsp;<\/td><\/tr><tr><td class=\"has-text-align-center\" data-align=\"center\">&nbsp;<\/td><td>In\u00edcio das Aulas &#8211; data a confirmar pela Coordena\u00e7\u00e3o do Curso<\/td><td class=\"has-text-align-center\" data-align=\"center\"><s>09\/08\/2024<\/s><\/td><td class=\"has-text-align-center\" data-align=\"center\"><strong>&nbsp;Entre em contato com a Coordena\u00e7\u00e3o do curso!<\/strong><\/td><\/tr><\/tbody><\/table><\/figure>\n","protected":false},"excerpt":{"rendered":"<p>Segundo Semestre 2024 &nbsp;DOC ATIVIDADES DATA | PER\u00cdODO DE PUBLICA\u00c7\u00c3O SITUA\u00c7\u00c3O ATUAL Edital de Oferta | Inscri\u00e7\u00e3o e Sele\u00e7\u00e3o 03\/05\/2024 &nbsp;Imprescind\u00edvel Leitura! Pedido de Isen\u00e7\u00e3o: Doa\u00e7\u00e3o de Sangue e Servi\u00e7o Eleitoral 03\/05\/24 a 07\/05\/24 &nbsp; Publica\u00e7\u00e3o do Edital do Resultado dos pedidos de Isen\u00e7\u00e3o 09\/05\/2024 &nbsp; &nbsp; Pedido de Recurso ao Resultado de Isen\u00e7\u00f5es 10\/05\/2024 [&hellip;]<\/p>\n","protected":false},"author":7,"featured_media":0,"parent":59,"menu_order":0,"comment_status":"closed","ping_status":"closed","template":"","meta":{"footnotes":""},"class_list":["post-635","page","type-page","status-publish","hentry"],"acf":[],"_links":{"self":[{"href":"https:\/\/pos.uel.br\/periciacontabil\/wp-json\/wp\/v2\/pages\/635","targetHints":{"allow":["GET"]}}],"collection":[{"href":"https:\/\/pos.uel.br\/periciacontabil\/wp-json\/wp\/v2\/pages"}],"about":[{"href":"https:\/\/pos.uel.br\/periciacontabil\/wp-json\/wp\/v2\/types\/page"}],"author":[{"embeddable":true,"href":"https:\/\/pos.uel.br\/periciacontabil\/wp-json\/wp\/v2\/users\/7"}],"replies":[{"embeddable":true,"href":"https:\/\/pos.uel.br\/periciacontabil\/wp-json\/wp\/v2\/comments?post=635"}],"version-history":[{"count":1,"href":"https:\/\/pos.uel.br\/periciacontabil\/wp-json\/wp\/v2\/pages\/635\/revisions"}],"predecessor-version":[{"id":638,"href":"https:\/\/pos.uel.br\/periciacontabil\/wp-json\/wp\/v2\/pages\/635\/revisions\/638"}],"up":[{"embeddable":true,"href":"https:\/\/pos.uel.br\/periciacontabil\/wp-json\/wp\/v2\/pages\/59"}],"wp:attachment":[{"href":"https:\/\/pos.uel.br\/periciacontabil\/wp-json\/wp\/v2\/media?parent=635"}],"curies":[{"name":"wp","href":"https:\/\/api.w.org\/{rel}","templated":true}]}}