{"id":31,"date":"2022-08-30T17:01:41","date_gmt":"2022-08-30T20:01:41","guid":{"rendered":"https:\/\/pos.uel.br\/direitocivil\/?page_id=31"},"modified":"2025-10-09T08:32:29","modified_gmt":"2025-10-09T11:32:29","slug":"regulamento","status":"publish","type":"page","link":"https:\/\/pos.uel.br\/periciacontabil\/regulamento\/","title":{"rendered":"Resolu\u00e7\u00f5es | Delibera\u00e7\u00f5es\u00a0"},"content":{"rendered":"\n<hr class=\"wp-block-separator has-text-color has-secondary-accent-color has-alpha-channel-opacity has-secondary-accent-background-color has-background is-style-wide\" \/>\n\n\n\n<div class=\"wp-block-columns has-primary-text-color has-text-color is-layout-flex wp-container-core-columns-is-layout-9d6595d7 wp-block-columns-is-layout-flex\">\n<div class=\"wp-block-column is-layout-flow wp-block-column-is-layout-flow\">\n<p><strong>2021<\/strong><\/p>\n\n\n\n<ul class=\"wp-block-list has-small-font-size\">\n<li><a href=\"https:\/\/pos.uel.br\/periciacontabil\/wp-content\/uploads\/2022\/10\/Del_007_2021_Reestruturacao_Pericia_Contabil.pdf\" data-type=\"URL\" data-id=\"https:\/\/pos.uel.br\/periciacontabil\/wp-content\/uploads\/2022\/10\/Del_007_2021_Reestruturacao_Pericia_Contabil.pdf\" target=\"_blank\" rel=\"noreferrer noopener\">Delibera\u00e7\u00e3o_007_2021-PCA-Reestrutura\u00e7\u00e3o<\/a><\/li>\n\n\n\n<li><a href=\"https:\/\/pos.uel.br\/periciacontabil\/wp-content\/uploads\/2022\/10\/Resolucao-CA-62-2021-Mensalidade-Esp-Pericia-Cont-e-Auditoria.pdf\" data-type=\"URL\" data-id=\"https:\/\/pos.uel.br\/periciacontabil\/wp-content\/uploads\/2022\/10\/Resolucao-CA-62-2021-Mensalidade-Esp-Pericia-Cont-e-Auditoria.pdf\" target=\"_blank\" rel=\"noreferrer noopener\">Resolu\u00e7\u00e3o_062_2021-PCA-Mensalidade<\/a><\/li>\n\n\n\n<li><a href=\"https:\/\/pos.uel.br\/periciacontabil\/wp-content\/uploads\/2022\/10\/Resolucao-CEPE-72-2021-Vagas-Esp-Pericia-Contabil-e-Auditoria.pdf\" data-type=\"URL\" data-id=\"https:\/\/pos.uel.br\/periciacontabil\/wp-content\/uploads\/2022\/10\/Resolucao-CEPE-72-2021-Vagas-Esp-Pericia-Contabil-e-Auditoria.pdf\" target=\"_blank\" rel=\"noreferrer noopener\">Resolu\u00e7\u00e3o_072_2021-PCA-Vagas<\/a><\/li>\n<\/ul>\n\n\n\n<p><strong>2018<\/strong><\/p>\n\n\n\n<ul class=\"wp-block-list has-small-font-size\">\n<li><a href=\"https:\/\/pos.uel.br\/periciacontabil\/wp-content\/uploads\/2022\/10\/Res_100_2006_CEPE_PCA.pdf\" data-type=\"URL\" data-id=\"https:\/\/pos.uel.br\/periciacontabil\/wp-content\/uploads\/2022\/10\/Res_100_2006_CEPE_PCA.pdf\" target=\"_blank\" rel=\"noreferrer noopener\">Resolu\u00e7\u00e3o_100_2006-PCA-Reestrutura\u00e7\u00e3o<\/a><\/li>\n\n\n\n<li><a href=\"https:\/\/pos.uel.br\/periciacontabil\/wp-content\/uploads\/2022\/10\/Resolucao_057_2017_Mensalidade-1.pdf\" data-type=\"URL\" data-id=\"https:\/\/pos.uel.br\/periciacontabil\/wp-content\/uploads\/2022\/10\/Resolucao_057_2017_Mensalidade-1.pdf\" target=\"_blank\" rel=\"noreferrer noopener\">Resolu\u00e7\u00e3o_057_2017-PCA-Mensalidade<\/a><\/li>\n\n\n\n<li><a href=\"https:\/\/pos.uel.br\/periciacontabil\/wp-content\/uploads\/2022\/10\/Res_234_2009_CEPE_PCA.pdf\" data-type=\"URL\" data-id=\"https:\/\/pos.uel.br\/periciacontabil\/wp-content\/uploads\/2022\/10\/Res_234_2009_CEPE_PCA.pdf\" target=\"_blank\" rel=\"noreferrer noopener\">Resolu\u00e7\u00e3o_234_2009-PCA-Vagas<\/a><\/li>\n<\/ul>\n\n\n\n<p><strong>2017<\/strong><\/p>\n\n\n\n<ul class=\"wp-block-list has-small-font-size\">\n<li><a href=\"https:\/\/pos.uel.br\/periciacontabil\/wp-content\/uploads\/2022\/10\/Res_100_2006_CEPE_PCA.pdf\" data-type=\"URL\" data-id=\"https:\/\/pos.uel.br\/periciacontabil\/wp-content\/uploads\/2022\/10\/Res_100_2006_CEPE_PCA.pdf\" target=\"_blank\" rel=\"noreferrer noopener\">Resolu\u00e7\u00e3o_100_2006-PCA-Reestrutura\u00e7\u00e3o<\/a><\/li>\n\n\n\n<li><a href=\"https:\/\/pos.uel.br\/periciacontabil\/wp-content\/uploads\/2022\/10\/Res_208_2009_CA_PCA.pdf\" data-type=\"URL\" data-id=\"https:\/\/pos.uel.br\/periciacontabil\/wp-content\/uploads\/2022\/10\/Res_208_2009_CA_PCA.pdf\" target=\"_blank\" rel=\"noreferrer noopener\">Resolu\u00e7\u00e3o_208_2009-PCA-Mensalidade<\/a><\/li>\n\n\n\n<li><a href=\"https:\/\/pos.uel.br\/periciacontabil\/wp-content\/uploads\/2022\/10\/Res_234_2009_CEPE_PCA.pdf\" data-type=\"URL\" data-id=\"https:\/\/pos.uel.br\/periciacontabil\/wp-content\/uploads\/2022\/10\/Res_234_2009_CEPE_PCA.pdf\" target=\"_blank\" rel=\"noreferrer noopener\">Resolu\u00e7\u00e3o_234_2009-PCA-Vagas<\/a><\/li>\n<\/ul>\n<\/div>\n\n\n\n<div class=\"wp-block-column is-vertically-aligned-center is-layout-flow wp-block-column-is-layout-flow\">\n<p class=\"has-text-align-center\">\u00a0<\/p>\n\n\n<div class=\"wp-block-image is-resized is-style-default\">\n<figure class=\"aligncenter\"><img loading=\"lazy\" decoding=\"async\" width=\"795\" height=\"467\" src=\"https:\/\/pos.uel.br\/direitocivil\/wp-content\/uploads\/2022\/09\/ementas.png\" alt=\"\" class=\"wp-image-174\" style=\"width:366px;height:auto\" srcset=\"https:\/\/pos.uel.br\/periciacontabil\/wp-content\/uploads\/2022\/09\/ementas.png 795w, https:\/\/pos.uel.br\/periciacontabil\/wp-content\/uploads\/2022\/09\/ementas-300x176.png 300w, https:\/\/pos.uel.br\/periciacontabil\/wp-content\/uploads\/2022\/09\/ementas-768x451.png 768w\" sizes=\"auto, (max-width: 795px) 100vw, 795px\" \/><figcaption class=\"wp-element-caption\"><strong>EMENTAS<\/strong><\/figcaption><\/figure>\n<\/div>\n\n\n<p class=\"has-text-align-center\"><\/p>\n<\/div>\n<\/div>\n\n\n\n<hr class=\"wp-block-separator has-text-color has-secondary-accent-color has-alpha-channel-opacity has-secondary-accent-background-color has-background is-style-wide\" \/>\n","protected":false},"excerpt":{"rendered":"<p>2021 2018 2017 \u00a0<\/p>\n","protected":false},"author":7,"featured_media":0,"parent":0,"menu_order":0,"comment_status":"closed","ping_status":"closed","template":"","meta":{"footnotes":""},"class_list":["post-31","page","type-page","status-publish","hentry"],"acf":[],"_links":{"self":[{"href":"https:\/\/pos.uel.br\/periciacontabil\/wp-json\/wp\/v2\/pages\/31","targetHints":{"allow":["GET"]}}],"collection":[{"href":"https:\/\/pos.uel.br\/periciacontabil\/wp-json\/wp\/v2\/pages"}],"about":[{"href":"https:\/\/pos.uel.br\/periciacontabil\/wp-json\/wp\/v2\/types\/page"}],"author":[{"embeddable":true,"href":"https:\/\/pos.uel.br\/periciacontabil\/wp-json\/wp\/v2\/users\/7"}],"replies":[{"embeddable":true,"href":"https:\/\/pos.uel.br\/periciacontabil\/wp-json\/wp\/v2\/comments?post=31"}],"version-history":[{"count":19,"href":"https:\/\/pos.uel.br\/periciacontabil\/wp-json\/wp\/v2\/pages\/31\/revisions"}],"predecessor-version":[{"id":748,"href":"https:\/\/pos.uel.br\/periciacontabil\/wp-json\/wp\/v2\/pages\/31\/revisions\/748"}],"wp:attachment":[{"href":"https:\/\/pos.uel.br\/periciacontabil\/wp-json\/wp\/v2\/media?parent=31"}],"curies":[{"name":"wp","href":"https:\/\/api.w.org\/{rel}","templated":true}]}}