{"id":388,"date":"2025-04-14T14:46:06","date_gmt":"2025-04-14T17:46:06","guid":{"rendered":"https:\/\/pos.uel.br\/pef\/?page_id=388"},"modified":"2026-04-22T11:36:39","modified_gmt":"2026-04-22T14:36:39","slug":"banca-de-defesa-pef","status":"publish","type":"page","link":"https:\/\/pos.uel.br\/pef\/banca-de-defesa-pef\/","title":{"rendered":"Pr\u00f3ximas Bancas do PEF"},"content":{"rendered":"\n<p><strong>UEL<\/strong><\/p>\n\n\n\n<p><strong>Banca de qualifica\u00e7\u00e3o e defesa<\/strong><\/p>\n\n\n\n<figure class=\"wp-block-table is-style-stripes\"><table class=\"has-fixed-layout\"><tbody><tr><td><\/td><td><\/td><td><\/td><\/tr><\/tbody><\/table><\/figure>\n\n\n\n<figure class=\"wp-block-table\"><table class=\"has-fixed-layout\"><tbody><tr><td>A Coordena\u00e7\u00e3o do PEF-UEL convida a todos para QUALIFICA\u00c7\u00c3O DE MESTRADO de:<br><strong>Discente:<\/strong> Adriano Alves Pereira<br><strong>Orientadora:<\/strong>&nbsp;Profa. Dra. Marcia Greguol<br><strong>Defesa da Tese:<\/strong>&nbsp;\u201cPREVAL\u00caNCIA DE LES\u00d5ES NO PARACICLISMO E FATORES ASSOCIADOS\u201d<br><strong>Data:<\/strong>&nbsp;<strong>02\/04\/2026&nbsp;<\/strong>\u2013 14:30 H<br><strong>Local: <\/strong>&nbsp;Sala virtual &#8211; &nbsp;<a href=\"http:\/\/meet.google.com\/okd-vqmp-wii\" target=\"_blank\" rel=\"noreferrer noopener\">meet.google.com\/okd-vqmp-wii<\/a><\/td><\/tr><tr><td>A Coordena\u00e7\u00e3o do PEF-UEL convida a todos para DEFESA DE DISSERTA\u00c7\u00c3O de:<br><strong>Discente:<\/strong>&nbsp;Maria Ang\u00e9lica Alves Morais<br><strong>Orientador:<\/strong>&nbsp;Prof. Dr. Helio Serassuelo Junior<br><strong>Defesa da Tese:<\/strong>&nbsp;\u201cPERCEP\u00c7\u00d5ES DE COMPET\u00caNCIAS E ATITUDES ASSOCIADAS A DUPLA CARREIRA DE ATLETAS UNIVERSIT\u00c1RIOS DO ESTADO DO PARAN\u00c1.&#8221;<br><strong>Data:<\/strong>&nbsp;<strong>23\/04\/2026&nbsp;<\/strong>\u2013 14 horas<br>Local: sal virtual &#8211;  &nbsp;<a href=\"https:\/\/meet.google.com\/zwo-hfmn-zhe\">https:\/\/meet.google.com\/zwo-hfmn-zhe<\/a><\/td><\/tr><tr><td>A Coordena\u00e7\u00e3o do PEF-UEL convida a todos para EXAME GERAL DE QUALIFICA\u00c7\u00c3O DE MESTRADO<br><strong>Discente:<\/strong> Jo\u00e3o Lucas Marques Ramos<br><strong>Orientadora:<\/strong>\u00a0Profa. Dra. Catiana Leila Possamai Romanzini<br><strong>Defesa da Tese:<\/strong>\u00a0\u201cASSOCIA\u00c7\u00d5ES ENTRE O TEMPO DE TELA E PERCEP\u00c7\u00c3O DE SA\u00daDE EM ADOLESCENTES: UMA AN\u00c1LISE POR INDICADORES SOCIODEMOGR\u00c1FICOS, COMPORTAMENTAIS E PSICOSSOCIASI\u201d<br><strong>Data:<\/strong>\u00a0<strong>28\/04\/2026\u00a0<\/strong>\u2013 14:00 H<br><strong>Local: <\/strong>\u00a0Sala virtual &#8211; \u00a0\u00a0<a href=\"https:\/\/meet.google.com\/noe-pdwd-kku\" target=\"_blank\" rel=\"noreferrer noopener\">https:\/\/meet.google.com\/noe-pdwd-kku<\/a><\/td><\/tr><\/tbody><\/table><\/figure>\n\n\n\n<p><strong>UEM<\/strong><\/p>\n\n\n\n<p><strong>Banca de qualifica\u00e7\u00e3o e defesa<\/strong><\/p>\n\n\n\n<figure class=\"wp-block-table is-style-stripes\"><table class=\"has-fixed-layout\"><tbody><tr><td>A Coordena\u00e7\u00e3o do PEF-UEM convida a todos para QUALIFICA\u00c7\u00c3O\/DEFESA de:<\/td><\/tr><tr><td>Discente: Claudiana Marcela Siste Charal<br>Orientador: Prof. Dr. Wendell Arthur Lopes<br>Qualifica\u00e7\u00e3o da Tese: \u201cEfeitos agudos do treinamento isom\u00e9trico de agachamento na parede sobre a press\u00e3o arterial ambulatorial e a hemodin\u00e2mica central<br>em adultos com hipertens\u00e3o arterial\u201d<br>Data: 26\/03\/2026 \u2013 09:00 H <br>Local: sala virtual &#8211; <a href=\"https:\/\/meet.google.com\/bsf-ewbv-pch\">https:\/\/meet.google.com\/bsf-ewbv-pch<\/a><\/td><\/tr><tr><td>Discente: Higor Barbosa Reck<br>Orientador: Prof. Dr. Wendell Arthur Lopes<br>Qualifica\u00e7\u00e3o da Tese: \u201cEfeitos do treinamento isom\u00e9trico de agachamento na parede sobre a press\u00e3o arterial central e perif\u00e9rica ambulatorial de 24 horas e par\u00e2metros de sarcopenia em homens com hipertens\u00e3o arterial\u201d<br>Data: 27\/03\/2026 \u2013 14:00 H <br>Local: sala virtual &#8211; <a href=\"https:\/\/meet.google.com\/das-qzbh-ipq\">https:\/\/meet.google.com\/das-qzbh-ipq<\/a><\/td><\/tr><tr><td>Discente: Nat\u00e1lia Nascimento da Silva<br>Orientador: Prof. Dr. Fernando Augusto Starepravo<br>Defesa da Disserta\u00e7\u00e3o: \u201cQuem faz o esporte em Paranava\u00ed-PR? As rela\u00e7\u00f5es entre poder p\u00fablico e associa\u00e7\u00f5es esportivas nas pol\u00edticas municipais de esporte.\u201d<br>Data: 01\/04\/2026 \u2013 14:00 H <br>Local: Laborat\u00f3rio GEPPOL, Bloco M015 &#8211; DEF\/UEM (formato h\u00edbrido) <a href=\"https:\/\/meet.google.com\/uyu-rhjh-pih\">https:\/\/meet.google.com\/uyu-rhjh-pih<\/a><\/td><\/tr><tr><td>Discente: Andr\u00e9a dos Santos Azevedo<br>Orientador: Prof. Dr. Giuliano Gomes de Assis Pimentel<br>Defesa da Disserta\u00e7\u00e3o: \u201cO esporte dos discentes do IFPA \u2013 Campus Bel\u00e9m na perspectiva do lazer s\u00e9rio\u201d<br>Data: 25\/05\/2026 \u2013 14:30 H <br>Local: Sala 02, Bloco M05 &#8211; DEF\/UEM (formato h\u00edbrido) &#8211; <a href=\"https:\/\/meet.google.com\/qgo-ihuy-rvw\">https:\/\/meet.google.com\/qgo-ihuy-rvw<\/a><\/td><\/tr><\/tbody><\/table><\/figure>\n\n\n\n<p><\/p>\n","protected":false},"excerpt":{"rendered":"<p>UEL Banca de qualifica\u00e7\u00e3o e defesa A Coordena\u00e7\u00e3o do PEF-UEL convida a todos para QUALIFICA\u00c7\u00c3O DE MESTRADO de:Discente: Adriano Alves PereiraOrientadora:&nbsp;Profa. Dra. Marcia GreguolDefesa da Tese:&nbsp;\u201cPREVAL\u00caNCIA DE LES\u00d5ES NO PARACICLISMO E FATORES ASSOCIADOS\u201dData:&nbsp;02\/04\/2026&nbsp;\u2013 14:30 HLocal: &nbsp;Sala virtual &#8211; &nbsp;meet.google.com\/okd-vqmp-wii A Coordena\u00e7\u00e3o do PEF-UEL convida a todos para DEFESA DE DISSERTA\u00c7\u00c3O de:Discente:&nbsp;Maria Ang\u00e9lica Alves MoraisOrientador:&nbsp;Prof. Dr. [&hellip;]<\/p>\n","protected":false},"author":9,"featured_media":0,"parent":0,"menu_order":0,"comment_status":"closed","ping_status":"closed","template":"","meta":{"_acf_changed":false,"_themeisle_gutenberg_block_has_review":false,"footnotes":""},"class_list":["post-388","page","type-page","status-publish","hentry"],"acf":[],"_links":{"self":[{"href":"https:\/\/pos.uel.br\/pef\/wp-json\/wp\/v2\/pages\/388","targetHints":{"allow":["GET"]}}],"collection":[{"href":"https:\/\/pos.uel.br\/pef\/wp-json\/wp\/v2\/pages"}],"about":[{"href":"https:\/\/pos.uel.br\/pef\/wp-json\/wp\/v2\/types\/page"}],"author":[{"embeddable":true,"href":"https:\/\/pos.uel.br\/pef\/wp-json\/wp\/v2\/users\/9"}],"replies":[{"embeddable":true,"href":"https:\/\/pos.uel.br\/pef\/wp-json\/wp\/v2\/comments?post=388"}],"version-history":[{"count":76,"href":"https:\/\/pos.uel.br\/pef\/wp-json\/wp\/v2\/pages\/388\/revisions"}],"predecessor-version":[{"id":1180,"href":"https:\/\/pos.uel.br\/pef\/wp-json\/wp\/v2\/pages\/388\/revisions\/1180"}],"wp:attachment":[{"href":"https:\/\/pos.uel.br\/pef\/wp-json\/wp\/v2\/media?parent=388"}],"curies":[{"name":"wp","href":"https:\/\/api.w.org\/{rel}","templated":true}]}}