{"id":182,"date":"2025-04-11T14:53:28","date_gmt":"2025-04-11T17:53:28","guid":{"rendered":"https:\/\/pos.uel.br\/pef\/?page_id=182"},"modified":"2026-03-12T10:02:32","modified_gmt":"2026-03-12T13:02:32","slug":"bolsa-de-mestrado-doutorado-e-pos-doutorado","status":"publish","type":"page","link":"https:\/\/pos.uel.br\/pef\/bolsa-de-mestrado-doutorado-e-pos-doutorado\/","title":{"rendered":"Bolsa de Mestrado, Doutorado e P\u00f3s-Doutorado"},"content":{"rendered":"\n<p><\/p>\n\n\n\n<p><strong>Editais de Bolsas&nbsp;<\/strong><\/p>\n\n\n\n<hr class=\"wp-block-separator has-alpha-channel-opacity is-style-wide\" \/>\n\n\n\n<p><strong>Normativas<\/strong><\/p>\n\n\n\n<ul class=\"wp-block-list\">\n<li><a href=\"https:\/\/pos.uel.br\/pef\/wp-content\/uploads\/2025\/08\/Resolucao-de-Bolsas-setembro-2023.pdf\" data-type=\"attachment\" data-id=\"764\">Resolu\u00e7\u00e3o n. 01\/2023 &#8211; Comiss\u00e3o de Bolsas PEF\/UEM-UEL &#8211; Mestrado e Doutorado<\/a><\/li>\n<\/ul>\n\n\n\n<ul class=\"wp-block-list\">\n<li><a href=\"https:\/\/www.uel.br\/pos\/ppgef\/portal\/pages\/arquivos\/Instrucao%20de%20Servico_PROPPG_07_2023%20(Portaria%20133)%20(1).pdf\">Instru\u00e7\u00e3o de Servi\u00e7o PROPPG n. 07\/2023<\/a><\/li>\n\n\n\n<li><a href=\"https:\/\/pos.uel.br\/pef\/wp-content\/uploads\/2025\/07\/Resolucao_009cep2024.pdf\" data-type=\"attachment\" data-id=\"643\">Resolu\u00e7\u00e3o n. 009\/2024-CEP &#8211; Est\u00e1gio P\u00f3s-Doutoral &#8211; UEM<\/a> (anexos e formul\u00e1rios dispon\u00edveis no site <a href=\"https:\/\/pgd.uem.br\/pos-doutorado\">https:\/\/pgd.uem.br\/pos-doutorado<\/a>) <\/li>\n<\/ul>\n\n\n\n<hr class=\"wp-block-separator has-alpha-channel-opacity is-style-wide\" \/>\n\n\n\n<h3 class=\"wp-block-heading\"><strong>UEL<\/strong><\/h3>\n\n\n\n<p><\/p>\n\n\n\n<ul class=\"wp-block-list\">\n<li><a href=\"https:\/\/pos.uel.br\/pef\/wp-content\/uploads\/2026\/02\/Edital-de-bolsa-03-2026.pdf\" data-type=\"attachment\" data-id=\"1016\">Edital 03\/2026 &#8211; Bolsa de Mestrado e Doutorado &#8211; retificado<\/a><\/li>\n\n\n\n<li><a href=\"https:\/\/pos.uel.br\/pef\/wp-content\/uploads\/2026\/03\/Edital-de-bolsa-05-2026-resultado.pdf\" data-type=\"attachment\" data-id=\"1092\">Edital 05\/2026 &#8211; resultado de bolsa<\/a><\/li>\n\n\n\n<li><a href=\"https:\/\/pos.uel.br\/pef\/wp-content\/uploads\/2026\/03\/Edital-PEF-05-2026-retificacao.pdf\" data-type=\"attachment\" data-id=\"1100\">Retifica\u00e7\u00e3o do Edital PEF 05-2026 &#8211; resultado de bolsa<\/a><\/li>\n<\/ul>\n\n\n\n<p><strong>Comiss\u00e3o de Bolsas (UEL)<\/strong><\/p>\n\n\n\n<p>Prof. Dr. Enio Ricardo Vaz Ronque (coordenador)<\/p>\n\n\n\n<p>Prof. Dr. Helcio Rossi Gon\u00e7alves (membro)<\/p>\n\n\n\n<p>Prof. Dr. Felipe Arruda Moura (membro)<\/p>\n\n\n\n<p>Vitor Cimonetti (represente discente)<\/p>\n\n\n\n<p>Milena Chefer Pretz (vice-representante discente)<\/p>\n\n\n\n<hr class=\"wp-block-separator has-alpha-channel-opacity is-style-wide\" \/>\n\n\n\n<h3 class=\"wp-block-heading\"><strong>UEM<\/strong><\/h3>\n\n\n\n<p><\/p>\n\n\n\n<ul class=\"wp-block-list\">\n<li><a href=\"https:\/\/pos.uel.br\/pef\/wp-content\/uploads\/2026\/01\/EDITAL-01-2026-PEF-bolsa-DS-mest-e-dout.pdf\" data-type=\"attachment\" data-id=\"965\">UEM Edital de Bolsa 01\/2026 &#8211; Mestrado e Doutorado<\/a><\/li>\n<\/ul>\n\n\n\n<ul class=\"wp-block-list\">\n<li><a href=\"https:\/\/pos.uel.br\/pef\/wp-content\/uploads\/2026\/01\/EDITAL-01-2026-PEF-bolsa-DS-mest-e-dout-Republicacao.pdf\" data-type=\"attachment\" data-id=\"979\">Republica\u00e7\u00e3o do Edital de Bolsa 01\/2026 &#8211; Mestrado e Doutorado<\/a><\/li>\n<\/ul>\n\n\n\n<ul class=\"wp-block-list\">\n<li><a href=\"https:\/\/pos.uel.br\/pef\/wp-content\/uploads\/2026\/02\/Retificacao-do-Edital-01-2026-PEF-bolsa-DS.pdf\" data-type=\"attachment\" data-id=\"1066\">Retifica\u00e7\u00e3o do Edital de Bolsa 01\/2026 &#8211; Mestrado e Doutorado<\/a><\/li>\n\n\n\n<li><a href=\"https:\/\/pos.uel.br\/pef\/wp-content\/uploads\/2026\/03\/doc00529520260303164732.pdf\" data-type=\"attachment\" data-id=\"1070\">Segunda retifica\u00e7\u00e3o do Edital de Bolsa 01\/2026 &#8211; Mestrado e Doutorado<\/a><\/li>\n\n\n\n<li><a href=\"https:\/\/pos.uel.br\/pef\/wp-content\/uploads\/2026\/03\/doc00532120260304164306.pdf\" data-type=\"attachment\" data-id=\"1078\">Edital de Bolsa 04\/2026 &#8211; Resultado preliminar<\/a><\/li>\n\n\n\n<li><a href=\"https:\/\/pos.uel.br\/pef\/wp-content\/uploads\/2026\/03\/EDITAL-05-2026-result-recurso-e-result-final-bolsa-ME-e-DO.pdf\" data-type=\"attachment\" data-id=\"1095\">Edital de Bolsa 05\/2026 &#8211; Resultado do recurso e Resultado final<\/a><\/li>\n<\/ul>\n\n\n\n<hr class=\"wp-block-separator has-alpha-channel-opacity\" \/>\n\n\n\n<p><strong>Comiss\u00e3o de Bolsas (UEM)<\/strong><\/p>\n\n\n\n<p>Profa. Dra. Ieda Parra Barbosa Rinaldi (coordenadora)<\/p>\n\n\n\n<p>Prof. Dr. Carlos Herold Junior (membro)<\/p>\n\n\n\n<p>Alessandra Precinda Kauffman Tacada (represente discente &#8211; doutorado)<\/p>\n\n\n\n<p>Jo\u00e3o Vitor Oblanca (representante discente &#8211; mestrado)<\/p>\n\n\n\n<p>Suplentes:<\/p>\n\n\n\n<p>            Gabriella Gon\u00e7alves Mendes da Silva (suplente &#8211; doutorado)<\/p>\n\n\n\n<p>            Karina Bredow (suplente &#8211; mestrado)<\/p>\n","protected":false},"excerpt":{"rendered":"<p>Editais de Bolsas&nbsp; Normativas UEL Comiss\u00e3o de Bolsas (UEL) Prof. Dr. Enio Ricardo Vaz Ronque (coordenador) Prof. Dr. Helcio Rossi Gon\u00e7alves (membro) Prof. Dr. Felipe Arruda Moura (membro) Vitor Cimonetti (represente discente) Milena Chefer Pretz (vice-representante discente) UEM Comiss\u00e3o de Bolsas (UEM) Profa. Dra. Ieda Parra Barbosa Rinaldi (coordenadora) Prof. Dr. Carlos Herold Junior (membro) [&hellip;]<\/p>\n","protected":false},"author":9,"featured_media":0,"parent":0,"menu_order":0,"comment_status":"closed","ping_status":"closed","template":"","meta":{"_acf_changed":false,"_themeisle_gutenberg_block_has_review":false,"footnotes":""},"class_list":["post-182","page","type-page","status-publish","hentry"],"acf":[],"_links":{"self":[{"href":"https:\/\/pos.uel.br\/pef\/wp-json\/wp\/v2\/pages\/182","targetHints":{"allow":["GET"]}}],"collection":[{"href":"https:\/\/pos.uel.br\/pef\/wp-json\/wp\/v2\/pages"}],"about":[{"href":"https:\/\/pos.uel.br\/pef\/wp-json\/wp\/v2\/types\/page"}],"author":[{"embeddable":true,"href":"https:\/\/pos.uel.br\/pef\/wp-json\/wp\/v2\/users\/9"}],"replies":[{"embeddable":true,"href":"https:\/\/pos.uel.br\/pef\/wp-json\/wp\/v2\/comments?post=182"}],"version-history":[{"count":34,"href":"https:\/\/pos.uel.br\/pef\/wp-json\/wp\/v2\/pages\/182\/revisions"}],"predecessor-version":[{"id":1111,"href":"https:\/\/pos.uel.br\/pef\/wp-json\/wp\/v2\/pages\/182\/revisions\/1111"}],"wp:attachment":[{"href":"https:\/\/pos.uel.br\/pef\/wp-json\/wp\/v2\/media?parent=182"}],"curies":[{"name":"wp","href":"https:\/\/api.w.org\/{rel}","templated":true}]}}