{"id":124,"date":"2025-04-10T21:09:51","date_gmt":"2025-04-11T00:09:51","guid":{"rendered":"https:\/\/pos.uel.br\/pef\/?page_id=124"},"modified":"2026-02-04T09:10:53","modified_gmt":"2026-02-04T12:10:53","slug":"linha-de-pesquisa-e-orientadores","status":"publish","type":"page","link":"https:\/\/pos.uel.br\/pef\/linha-de-pesquisa-e-orientadores\/","title":{"rendered":"Linha de Pesquisa e Orientadores"},"content":{"rendered":"\n<p><\/p>\n\n\n\n<h3 class=\"wp-block-heading\"><strong>\u00c1rea de Concentra\u00e7\u00e3o:<\/strong>&nbsp;<\/h3>\n\n\n\n<hr class=\"wp-block-separator has-alpha-channel-opacity is-style-wide\" \/>\n\n\n\n<h4 class=\"wp-block-heading has-text-align-center\"><strong><mark style=\"background-color:#00753B\" class=\"has-inline-color has-site-background-color\">DESEMPENHO HUMANO E ATIVIDADE F\u00cdSICA<\/mark><\/strong><\/h4>\n\n\n\n<p class=\"has-text-align-center has-medium-font-size\">Estruturas, processos e mecanismos vinculados ao estudo do desempenho humano e da atividade f\u00edsica.<\/p>\n\n\n\n<hr class=\"wp-block-separator has-alpha-channel-opacity is-style-wide\" \/>\n\n\n\n<h3 class=\"wp-block-heading\"><strong>Linhas de Pesquisa:<\/strong><\/h3>\n\n\n\n<h4 class=\"wp-block-heading has-text-align-center is-style-highlighted-heading has-site-background-color has-primary-accent-background-color has-text-color has-background has-link-color has-medium-font-size wp-elements-64035b6cab53ede4b4e8251c92534533\" style=\"text-transform:uppercase\"><strong><mark style=\"background-color:#00753B\" class=\"has-inline-color has-site-background-color\">Atividade f\u00edsica relacionada \u00e0 sa\u00fade<\/mark><\/strong><\/h4>\n\n\n\n<ul class=\"wp-block-list\">\n<li class=\"has-medium-font-size\">Programas de atividade f\u00edsica em diversas popula\u00e7\u00f5es, com emprego de m\u00e9todos e t\u00e9cnicas de avalia\u00e7\u00e3o de indicadores relacionados \u00e0 sa\u00fade.<\/li>\n<\/ul>\n\n\n\n<p class=\"has-medium-font-size\"><strong>Orientadores:<\/strong><\/p>\n\n\n\n<figure class=\"wp-block-table aligncenter is-style-stripes\"><table class=\"has-fixed-layout\"><tbody><tr><td><strong>Prof. Dr. Ademar Avelar de Almeida Junior (UEM)<\/strong><br>Departamento de Educa\u00e7\u00e3o F\u00edsica UEM<br>E-mail: <a href=\"mailto:ademaravelar@yahoo.com.br\">ademaravelar@yahoo.com.br<\/a><br>Lattes: <a href=\"http:\/\/lattes.cnpq.br\/7250757293357947\">http:\/\/lattes.cnpq.br\/7250757293357947<\/a><br>Grupo e Estudo e Pesquisa em Exerc\u00edcio e Nutri\u00e7\u00e3o para a Sa\u00fade e no Esporte &#8211; GEPENSE<\/td><td><img loading=\"lazy\" decoding=\"async\" width=\"571\" height=\"800\" class=\"wp-image-331\" style=\"width: 150px\" src=\"https:\/\/pos.uel.br\/pef\/wp-content\/uploads\/2025\/04\/AdemarAvelar.gif\" alt=\"\"><\/td><\/tr><tr><td><strong>Profa. Dra. Catiana Leila Possamai Romanzini (UEL)<\/strong><br>Departamento de Educa\u00e7\u00e3o F\u00edsica UEL<br>E-mail: <a href=\"mailto:clpossamai@uel.br\" target=\"_blank\" rel=\"noreferrer noopener\">clpossamai@uel.br<\/a><br>lattes:&nbsp;<a href=\"http:\/\/lattes.cnpq.br\/7952283223361759\" target=\"_blank\" rel=\"noreferrer noopener\">http:\/\/lattes.cnpq.br\/7952283223361759<\/a><br><a href=\"http:\/\/www.uel.br\/grupo-pesquisa\/gepafe\/\" target=\"_blank\" rel=\"noreferrer noopener\">Grupo de Estudo e Pesquisa em Atividade F\u00edsica e Exerc\u00edcio<\/a>&nbsp;<br>Grupo de Estudos em Epidemiologia da Atividade F\u00edsica e Comportamento Sedent\u00e1rio<\/td><td><img loading=\"lazy\" decoding=\"async\" width=\"1413\" height=\"1259\" class=\"wp-image-334\" style=\"width: 150px\" src=\"https:\/\/pos.uel.br\/pef\/wp-content\/uploads\/2025\/04\/catiana.jpg\" alt=\"\" srcset=\"https:\/\/pos.uel.br\/pef\/wp-content\/uploads\/2025\/04\/catiana.jpg 1413w, https:\/\/pos.uel.br\/pef\/wp-content\/uploads\/2025\/04\/catiana-300x267.jpg 300w, https:\/\/pos.uel.br\/pef\/wp-content\/uploads\/2025\/04\/catiana-1024x912.jpg 1024w, https:\/\/pos.uel.br\/pef\/wp-content\/uploads\/2025\/04\/catiana-768x684.jpg 768w\" sizes=\"auto, (max-width: 1413px) 100vw, 1413px\" \/><\/td><\/tr><tr><td><strong>Profa. Dra. <strong>Carla Cristiane da Silva<\/strong> (UEL)<\/strong><br>Departamento de Estudos do Movimento Humano UEL<br>E-mail: <a href=\"mailto:ccsilva@uel.br\" target=\"_blank\" rel=\"noreferrer noopener\">ccsilva@uel.br<\/a><br>Lattes:&nbsp;<a href=\"https:\/\/wwws.cnpq.br\/cvlattesweb\/PKG_MENU.menu?f_cod=B895D953FDE558F260F24A80AAB008DA#\" target=\"_blank\" rel=\"noreferrer noopener\">https:\/\/lattes.cnpq.br\/5330803795655133<\/a>&nbsp;<br><a href=\"http:\/\/dgp.cnpq.br\/dgp\/espelhogrupo\/1389271446876899\" target=\"_blank\" rel=\"noreferrer noopener\">Grupo de Estudos e Pesquisa em Educa\u00e7\u00e3o F\u00edsica Escolar e Sa\u00fade &#8211; GEPEFES<\/a><\/td><td><img loading=\"lazy\" decoding=\"async\" width=\"1100\" height=\"1600\" class=\"wp-image-752\" style=\"width: 150px\" src=\"https:\/\/pos.uel.br\/pef\/wp-content\/uploads\/2025\/07\/profacarla.jpg\" alt=\"\" srcset=\"https:\/\/pos.uel.br\/pef\/wp-content\/uploads\/2025\/07\/profacarla.jpg 1100w, https:\/\/pos.uel.br\/pef\/wp-content\/uploads\/2025\/07\/profacarla-206x300.jpg 206w, https:\/\/pos.uel.br\/pef\/wp-content\/uploads\/2025\/07\/profacarla-704x1024.jpg 704w, https:\/\/pos.uel.br\/pef\/wp-content\/uploads\/2025\/07\/profacarla-768x1117.jpg 768w, https:\/\/pos.uel.br\/pef\/wp-content\/uploads\/2025\/07\/profacarla-1056x1536.jpg 1056w\" sizes=\"auto, (max-width: 1100px) 100vw, 1100px\" \/><\/td><\/tr><tr><td><strong>Prof. Dr.&nbsp;Daniel Vicentini de Oliveira&nbsp;(UEM)<\/strong><br>Departamento de Ci\u00eancias do Movimento Humano UEM&nbsp;&nbsp;<br>E-mail: <a href=\"mailto:dvoliveira@uem.br\" target=\"_blank\" rel=\"noreferrer noopener\">dvoliveira@uem.br<\/a><br>Lattes:&nbsp;<a href=\"http:\/\/lattes.cnpq.br\/2388265927737135\" target=\"_blank\" rel=\"noreferrer noopener\">http:\/\/lattes.cnpq.br\/2388265927737135<\/a><br><a href=\"http:\/\/dgp.cnpq.br\/dgp\/espelhogrupo\/816078\" target=\"_blank\" rel=\"noreferrer noopener\">Grupo de&nbsp;Estudo e&nbsp;Pesquisa em Educa\u00e7\u00e3o F\u00edsica em Gerontologia&nbsp;&#8211;&nbsp;GEPEG<\/a><\/td><td><img loading=\"lazy\" decoding=\"async\" width=\"1920\" height=\"2560\" class=\"wp-image-750\" style=\"width: 150px\" src=\"https:\/\/pos.uel.br\/pef\/wp-content\/uploads\/2025\/07\/profdaniel-scaled.jpg\" alt=\"\" srcset=\"https:\/\/pos.uel.br\/pef\/wp-content\/uploads\/2025\/07\/profdaniel-scaled.jpg 1920w, https:\/\/pos.uel.br\/pef\/wp-content\/uploads\/2025\/07\/profdaniel-225x300.jpg 225w, https:\/\/pos.uel.br\/pef\/wp-content\/uploads\/2025\/07\/profdaniel-768x1024.jpg 768w, https:\/\/pos.uel.br\/pef\/wp-content\/uploads\/2025\/07\/profdaniel-1152x1536.jpg 1152w, https:\/\/pos.uel.br\/pef\/wp-content\/uploads\/2025\/07\/profdaniel-1536x2048.jpg 1536w\" sizes=\"auto, (max-width: 1920px) 100vw, 1920px\" \/><\/td><\/tr><tr><td><strong>Prof. Dr.&nbsp;Denilson de Castro Teixeira&nbsp;(UEL)<\/strong><br>Departamento de Educa\u00e7\u00e3o F\u00edsica UEL<br>E-mail: <a href=\"mailto:denict@uel.br\">denict@uel.br<\/a> , <a href=\"mailto:denict.9@gmail.com\">denict.9@gmail.com<\/a><br>Lattes:&nbsp;<a href=\"http:\/\/lattes.cnpq.br\/8134763463354265\" target=\"_blank\" rel=\"noreferrer noopener\">http:\/\/lattes.cnpq.br\/8134763463354265<\/a><br><a href=\"https:\/\/www.facebook.com\/gepehaf.uel.1\" target=\"_blank\" rel=\"noreferrer noopener\">Grupo de Estudos e Pesquisa sobre Envelhecimento Humano e Atividade F\u00edsica&nbsp;<\/a><\/td><td><img loading=\"lazy\" decoding=\"async\" width=\"571\" height=\"751\" class=\"wp-image-335\" style=\"width: 150px\" src=\"https:\/\/pos.uel.br\/pef\/wp-content\/uploads\/2025\/04\/Denilson-de-Castro-Teixeira.gif\" alt=\"\"><\/td><\/tr><tr><td><strong>Prof. Dr.&nbsp;Edilson Serpeloni Cyrino<\/strong> <strong>(UEL)<\/strong><br>Departamento de Educa\u00e7\u00e3o F\u00edsica UEL<br>E-mail: <a href=\"mailto:emcyrino@uel.br\">emcyrino@uel.br<\/a>&nbsp;<br>Lattes:&nbsp;<a href=\"http:\/\/lattes.cnpq.br\/2218631591820466\" target=\"_blank\" rel=\"noreferrer noopener\">http:\/\/lattes.cnpq.br\/2218631591820466<\/a><br><a href=\"http:\/\/www2.uel.br\/grupo-pesquisa\/gepemene\" target=\"_blank\" rel=\"noreferrer noopener\">Grupo de Estudo e Pesquisa em Metabolismo, Nutri\u00e7\u00e3o e Exerc\u00edcio &#8211; GEPEMENE<\/a><br>&nbsp;<\/td><td><img loading=\"lazy\" decoding=\"async\" width=\"571\" height=\"736\" class=\"wp-image-336\" style=\"width: 150px\" src=\"https:\/\/pos.uel.br\/pef\/wp-content\/uploads\/2025\/04\/Edilson-Cyrino.gif\" alt=\"\"><\/td><\/tr><tr><td><strong>Prof. Dr.&nbsp;Enio Ricardo Vaz Ronque <strong>(UEL)<\/strong><\/strong>&nbsp;<br>Departamento de Educa\u00e7\u00e3o F\u00edsica UEL<br>E-mail: <a href=\"mailto:enioronque@uel.br\">enioronque@uel.br<\/a><br>Lattes:&nbsp;<a href=\"http:\/\/lattes.cnpq.br\/3612754707916354\" target=\"_blank\" rel=\"noreferrer noopener\">http:\/\/lattes.cnpq.br\/3612754707916354<\/a><br><a href=\"http:\/\/www.uel.br\/grupo-pesquisa\/gepafe\/\" target=\"_blank\" rel=\"noreferrer noopener\">Grupo de Estudo e Pesquisa em Atividade F\u00edsica e Exerc\u00edcio<\/a>&nbsp;<\/td><td><img loading=\"lazy\" decoding=\"async\" width=\"571\" height=\"761\" class=\"wp-image-337\" style=\"width: 150px\" src=\"https:\/\/pos.uel.br\/pef\/wp-content\/uploads\/2025\/04\/Enio-Ronque.gif\" alt=\"\"><\/td><\/tr><tr><td><strong>Prof. Dr.&nbsp;Helio Serassuelo Junior&nbsp;(UEL)<\/strong><br>Departamento de Esporte UEL<br>Email:&nbsp;<a href=\"mailto:heliojr@uel.br\" target=\"_blank\" rel=\"noreferrer noopener\">heliojr@uel.br<\/a><br>Lattes:&nbsp;<a href=\"http:\/\/lattes.cnpq.br\/4234360237099660\" target=\"_blank\" rel=\"noreferrer noopener\">http:\/\/lattes.cnpq.br\/4234360237099660<\/a><br><a href=\"https:\/\/www.instagram.com\/geaps.uel\/\" target=\"_blank\" rel=\"noreferrer noopener\">Grupo de Estudos em Atividade F\u00edsica, Psicologia e Sa\u00fade<\/a><\/td><td><img loading=\"lazy\" decoding=\"async\" width=\"571\" height=\"808\" class=\"wp-image-345\" style=\"width: 150px\" src=\"https:\/\/pos.uel.br\/pef\/wp-content\/uploads\/2025\/04\/Helio-Serassuelo.gif\" alt=\"\"><\/td><\/tr><tr><td><strong>Prof. Dr.&nbsp;Marcelo Romanzini&nbsp;(UEL)<\/strong><br>Departamento de Educa\u00e7\u00e3o F\u00edsica UEL<br>Email:&nbsp;<a href=\"mailto:mromanzini@uel.br\">mromanzini@uel.br<\/a><br>Lattes:&nbsp;<a href=\"http:\/\/lattes.cnpq.br\/6467663420798938\" target=\"_blank\" rel=\"noreferrer noopener\">http:\/\/lattes.cnpq.br\/646763420798938<\/a><br>Grupo de Estudos em Epidemiologia da Atividade F\u00edsica e Comportamento Sedent\u00e1rio<\/td><td><img loading=\"lazy\" decoding=\"async\" width=\"571\" height=\"780\" class=\"wp-image-348\" style=\"width: 150px\" src=\"https:\/\/pos.uel.br\/pef\/wp-content\/uploads\/2025\/04\/Marcelo-Romanzini.gif\" alt=\"\"><\/td><\/tr><tr><td><strong>Profa. Dra.&nbsp;Marcia Greguol&nbsp;(UEL)<\/strong><br>Departamento de Esporte UEL<br>Email:&nbsp;<a href=\"mailto:mgreguol@uel.br\">mgreguol@uel.br<\/a><br>Lattes:&nbsp;<a href=\"http:\/\/lattes.cnpq.br\/7268537126311037\">http:\/\/lattes.cnpq.br\/7268537126311037<\/a><br><a href=\"https:\/\/www.facebook.com\/gepafid\" target=\"_blank\" rel=\"noreferrer noopener\">Grupo de Estudo e Pesquisa em Atividade F\u00edsica e Defici\u00eancia &#8211;&nbsp; GEPAFID<\/a><\/td><td><img loading=\"lazy\" decoding=\"async\" width=\"571\" height=\"780\" class=\"wp-image-349\" style=\"width: 150px\" src=\"https:\/\/pos.uel.br\/pef\/wp-content\/uploads\/2025\/04\/Marcia-Greguol.gif\" alt=\"\"><\/td><\/tr><tr><td><strong>Prof. Dr.&nbsp;Marcos Roberto Queiroga<\/strong><br>Departamento de Educa\u00e7\u00e3o F\u00edsica UNICENTRO<br>E-mail:&nbsp;<a href=\"mailto:queirogamr@hotmail.com\">queirogamr@hotmail.com<\/a>&nbsp;<br>Lattes:&nbsp;<a href=\"http:\/\/lattes.cnpq.br\/6567883239960466\" target=\"_blank\" rel=\"noreferrer noopener\">http:\/\/lattes.cnpq.br\/6567883239960466<\/a><\/td><td><img loading=\"lazy\" decoding=\"async\" width=\"1039\" height=\"1423\" class=\"wp-image-350\" style=\"width: 150px\" src=\"https:\/\/pos.uel.br\/pef\/wp-content\/uploads\/2025\/04\/Marcos-Queiroga.jpg\" alt=\"\" srcset=\"https:\/\/pos.uel.br\/pef\/wp-content\/uploads\/2025\/04\/Marcos-Queiroga.jpg 1039w, https:\/\/pos.uel.br\/pef\/wp-content\/uploads\/2025\/04\/Marcos-Queiroga-219x300.jpg 219w, https:\/\/pos.uel.br\/pef\/wp-content\/uploads\/2025\/04\/Marcos-Queiroga-748x1024.jpg 748w, https:\/\/pos.uel.br\/pef\/wp-content\/uploads\/2025\/04\/Marcos-Queiroga-768x1052.jpg 768w\" sizes=\"auto, (max-width: 1039px) 100vw, 1039px\" \/><\/td><\/tr><tr><td><strong>Prof. Dr.&nbsp;Matheus Amarante do Nascimento&nbsp;(UEM)<\/strong><br>Departamento de Educa\u00e7\u00e3o F\u00edsica UNESPAR<br>E-mail:&nbsp;<a href=\"mailto:matheusamarante@hotmail.com\">matheusamarante@hotmail.com<\/a><br>Lattes:&nbsp;<a href=\"http:\/\/lattes.cnpq.br\/2598923794674223\" target=\"_blank\" rel=\"noreferrer noopener\">http:\/\/lattes.cnpq.br\/2598923794675223<\/a><br><a href=\"https:\/\/www.facebook.com\/gepafit\/?ti=as\" target=\"_blank\" rel=\"noreferrer noopener\">Grupo de Estudo e Pesquisa em Aptid\u00e3o F\u00edsica e Treinamento<\/a><\/td><td><img loading=\"lazy\" decoding=\"async\" width=\"571\" height=\"838\" class=\"wp-image-351\" style=\"width: 150px\" src=\"https:\/\/pos.uel.br\/pef\/wp-content\/uploads\/2025\/04\/Matheus-Amarante.gif\" alt=\"\"><\/td><\/tr><tr><td><strong>Prof. Dr.&nbsp;Nelson Nardo Junior&nbsp;(UEM)<\/strong><br>Departamento de Educa\u00e7\u00e3o F\u00edsica UEM&nbsp;&nbsp;<br>E-mail: <a href=\"mailto:nnjunior@uem.br\">nnjunior@uem.br<\/a>&nbsp;<br>Lattes:&nbsp;<a href=\"http:\/\/lattes.cnpq.br\/0191378671965616\" target=\"_blank\" rel=\"noreferrer noopener\">http:\/\/lattes.cnpq.br\/0191378671965616<\/a><\/td><td><img loading=\"lazy\" decoding=\"async\" width=\"565\" height=\"377\" class=\"wp-image-576\" style=\"width: 150px\" src=\"https:\/\/pos.uel.br\/pef\/wp-content\/uploads\/2025\/06\/IMG-20250513-WA0002.jpg\" alt=\"\" srcset=\"https:\/\/pos.uel.br\/pef\/wp-content\/uploads\/2025\/06\/IMG-20250513-WA0002.jpg 565w, https:\/\/pos.uel.br\/pef\/wp-content\/uploads\/2025\/06\/IMG-20250513-WA0002-300x200.jpg 300w\" sizes=\"auto, (max-width: 565px) 100vw, 565px\" \/><\/td><\/tr><tr><td><strong>Prof. Dr.&nbsp;Wendell Arthur Lopes&nbsp;(UEM)<\/strong><br>Departamento de Educa\u00e7\u00e3o F\u00edsica UEM<br>E-mail: <a href=\"mailto:warthurlopes@gmail.com\">warthurlopes@gmail.com<\/a><br>Lattes:&nbsp;<a href=\"http:\/\/lattes.cnpq.br\/4143527787028406\" target=\"_blank\" rel=\"noreferrer noopener\">http:\/\/lattes.cnpq.br\/4143527787028406<\/a><br><a href=\"http:\/\/www.uem.br\/gpharv\/\" target=\"_blank\" rel=\"noreferrer noopener\">Grupo de Pesquisa em Hipertens\u00e3o Arterial Sist\u00eamica, Rigidez Arterial e Envelhecimento Vascular<\/a>&nbsp;<\/td><td><img loading=\"lazy\" decoding=\"async\" width=\"571\" height=\"808\" class=\"wp-image-354\" style=\"width: 150px\" src=\"https:\/\/pos.uel.br\/pef\/wp-content\/uploads\/2025\/04\/Wendell-Lopes.jpeg\" alt=\"\" srcset=\"https:\/\/pos.uel.br\/pef\/wp-content\/uploads\/2025\/04\/Wendell-Lopes.jpeg 571w, https:\/\/pos.uel.br\/pef\/wp-content\/uploads\/2025\/04\/Wendell-Lopes-212x300.jpeg 212w\" sizes=\"auto, (max-width: 571px) 100vw, 571px\" \/><\/td><\/tr><tr><td><strong>Prof. Dr.&nbsp;Wilson Rinaldi&nbsp;(UEM)<\/strong><br>Departamento de Educa\u00e7\u00e3o F\u00edsica UEM<br>E-mail: <a href=\"mailto:wrinaldi@uem.br\">wrinaldi@uem.br<\/a><br>Lattes:&nbsp;<a href=\"http:\/\/lattes.cnpq.br\/3678615902015128\" target=\"_blank\" rel=\"noreferrer noopener\">http:\/\/lattes.cnpq.br\/3678615902015128<\/a><\/td><td><img decoding=\"async\" class=\"wp-image-355\" style=\"width: 150px\" src=\"https:\/\/pos.uel.br\/pef\/wp-content\/uploads\/2025\/04\/Wilson-Rinaldi.jpeg\" alt=\"\"><img loading=\"lazy\" decoding=\"async\" width=\"914\" height=\"1280\" class=\"wp-image-408\" style=\"width: 150px\" src=\"https:\/\/pos.uel.br\/pef\/wp-content\/uploads\/2025\/04\/wilson.jpeg\" alt=\"\" srcset=\"https:\/\/pos.uel.br\/pef\/wp-content\/uploads\/2025\/04\/wilson.jpeg 914w, https:\/\/pos.uel.br\/pef\/wp-content\/uploads\/2025\/04\/wilson-214x300.jpeg 214w, https:\/\/pos.uel.br\/pef\/wp-content\/uploads\/2025\/04\/wilson-731x1024.jpeg 731w, https:\/\/pos.uel.br\/pef\/wp-content\/uploads\/2025\/04\/wilson-768x1076.jpeg 768w\" sizes=\"auto, (max-width: 914px) 100vw, 914px\" \/><\/td><\/tr><tr><td><\/td><td><\/td><\/tr><\/tbody><\/table><\/figure>\n\n\n\n<h4 class=\"wp-block-heading has-text-align-center is-style-highlighted-heading has-site-background-color has-primary-accent-background-color has-text-color has-background has-link-color wp-elements-ef8374e39654e87a599c076ca162c367\" style=\"text-transform:uppercase\"><strong><mark style=\"background-color:#00753B\" class=\"has-inline-color has-site-background-color\"><strong>Fatores psicossociais e motores relacionados ao desempenho humano<\/strong><\/mark><\/strong><\/h4>\n\n\n\n<ul class=\"wp-block-list\">\n<li class=\"has-medium-font-size\">Caracter\u00edsticas psicossociais e motoras, aplica\u00e7\u00e3o das teorias de mudan\u00e7a de comportamento, mecanismos de aquisi\u00e7\u00e3o e organiza\u00e7\u00e3o no desempenho de habilidades.<\/li>\n<\/ul>\n\n\n\n<p class=\"has-medium-font-size\"><strong>Orientadores:<\/strong><\/p>\n\n\n\n<figure class=\"wp-block-table aligncenter is-style-stripes\"><table class=\"has-fixed-layout\"><tbody><tr><td><strong>Prof. Dr.&nbsp;Felipe Arruda Moura&nbsp;(UEL)<\/strong><br>Departamento de Esporte UEL<br>E-mail:&nbsp;<a href=\"mailto:felipemoura@uel.br\">felipemoura@uel.br<\/a><br>Lattes:&nbsp;<a href=\"http:\/\/lattes.cnpq.br\/3281585283454985\" target=\"_blank\" rel=\"noreferrer noopener\">http:\/\/lattes.cnpq.br\/3281585283454985<\/a><br><a href=\"https:\/\/www.instagram.com\/lab.biomecanica\/\" target=\"_blank\" rel=\"noreferrer noopener\">Laborat\u00f3rio de Biomec\u00e2nica Aplicada<\/a><\/td><td><img loading=\"lazy\" decoding=\"async\" width=\"571\" height=\"794\" class=\"wp-image-356\" style=\"width: 150px\" src=\"https:\/\/pos.uel.br\/pef\/wp-content\/uploads\/2025\/04\/Felipe-Arruda-Moura-1.gif\" alt=\"\"><\/td><\/tr><tr><td><strong>Prof. Dr.&nbsp;Jefferson Rosa Cardoso&nbsp;(UEL)<\/strong><br>Departamento de Fisioterapia UEL<br>E-mail: <a href=\"mailto:jeffcar@hotmail.com\">jeffcar@hotmail.com<\/a><br>Lattes:&nbsp;<a href=\"http:\/\/lattes.cnpq.br\/2396235759654466\" target=\"_blank\" rel=\"noreferrer noopener\">http:\/\/lattes.cnpq.br\/2396235759654466<\/a><br><a href=\"http:\/\/paifit.com.br\/site\/\" target=\"_blank\" rel=\"noreferrer noopener\">Grupo<\/a>&nbsp;<a href=\"http:\/\/paifit.com.br\/site\/\" target=\"_blank\" rel=\"noreferrer noopener\">de Pesquisa em Avalia\u00e7\u00e3o e Interven\u00e7\u00e3o em Fisioterapia<\/a><\/td><td><img loading=\"lazy\" decoding=\"async\" width=\"571\" height=\"809\" class=\"wp-image-357\" style=\"width: 150px\" src=\"https:\/\/pos.uel.br\/pef\/wp-content\/uploads\/2025\/04\/Jefferson-Cardoso.gif\" alt=\"\"><\/td><\/tr><tr><td><strong>Profa. Dra. Juliana Bayeux Dascal (UEL)<\/strong><br><strong>D<\/strong>epartamento de Educa\u00e7\u00e3o F\u00edsica UEL<br>E-mail: <a href=\"mailto:jbdascal@uel.br\">jbdascal@uel.br<\/a><br>Lattes:&nbsp;<a href=\"http:\/\/lattes.cnpq.br\/3658718868344137\">http:\/\/lattes.cnpq.br\/3658718868344137<\/a><\/td><td><img loading=\"lazy\" decoding=\"async\" width=\"335\" height=\"448\" class=\"wp-image-358\" style=\"width: 150px\" src=\"https:\/\/pos.uel.br\/pef\/wp-content\/uploads\/2025\/04\/JulianaBD.jpg\" alt=\"\" srcset=\"https:\/\/pos.uel.br\/pef\/wp-content\/uploads\/2025\/04\/JulianaBD.jpg 335w, https:\/\/pos.uel.br\/pef\/wp-content\/uploads\/2025\/04\/JulianaBD-224x300.jpg 224w\" sizes=\"auto, (max-width: 335px) 100vw, 335px\" \/><\/td><\/tr><tr><td><strong>Prof. Dr.&nbsp;Leandro Rechenchosky (UEM)<\/strong><br>Departamento de Educa\u00e7\u00e3o F\u00edsica UEM<br>E-mail:<a href=\"mailto:lrechenchosky@uem.br\" target=\"_blank\" rel=\"noreferrer noopener\">lrechenchosky@uem.br<\/a><br>Lattes:&nbsp;<a href=\"http:\/\/lattes.cnpq.br\/9562645672228550\" target=\"_blank\" rel=\"noreferrer noopener\">http:\/\/lattes.cnpq.br\/9562645672228550<\/a><\/td><td><img loading=\"lazy\" decoding=\"async\" width=\"934\" height=\"1025\" class=\"wp-image-359\" style=\"width: 150px\" src=\"https:\/\/pos.uel.br\/pef\/wp-content\/uploads\/2025\/04\/Leandro.png\" alt=\"\" srcset=\"https:\/\/pos.uel.br\/pef\/wp-content\/uploads\/2025\/04\/Leandro.png 934w, https:\/\/pos.uel.br\/pef\/wp-content\/uploads\/2025\/04\/Leandro-273x300.png 273w, https:\/\/pos.uel.br\/pef\/wp-content\/uploads\/2025\/04\/Leandro-768x843.png 768w\" sizes=\"auto, (max-width: 934px) 100vw, 934px\" \/><\/td><\/tr><tr><td><strong>Profa. Dra.&nbsp;Lenamar Fiorese&nbsp;(UEM)<\/strong><br>Departamento de Educa\u00e7\u00e3o F\u00edsica UEM<br>E-mail: <a href=\"mailto:lfvieira@uem.br\">lfvieira@uem.br<\/a>&nbsp;<br>Lattes:&nbsp;<a href=\"http:\/\/lattes.cnpq.br\/5838785367664224\" target=\"_blank\" rel=\"noreferrer noopener\">http:\/\/lattes.cnpq.br\/5838785367664224<\/a><br><a href=\"http:\/\/www.facebook.com\/gepedh\/\" target=\"_blank\" rel=\"noreferrer noopener\">Grupo de Estudos de Psicologia do Esporte e Desempenho Humano<\/a><\/td><td><img loading=\"lazy\" decoding=\"async\" width=\"43\" height=\"64\" class=\"wp-image-360\" style=\"width: 150px\" src=\"https:\/\/pos.uel.br\/pef\/wp-content\/uploads\/2025\/04\/Lenamar-Fioresi.jpeg\" alt=\"\"><\/td><\/tr><tr><td><strong>Profa. Dra.&nbsp;Luciane Cristina Arantes&nbsp;(UEM)<\/strong><br>Departamento de Educa\u00e7\u00e3o F\u00edsica UEM<br>E-mail: <a href=\"mailto:luarantes100@gmail.com\">luarantes100@gmail.com<\/a><br>Lattes:&nbsp;<a href=\"http:\/\/lattes.cnpq.br\/4373667750972554\" target=\"_blank\" rel=\"noreferrer noopener\">http:\/\/lattes.cnpq.br\/4373667750972554<\/a><br><a href=\"http:\/\/www.facebook.com\/gepedh\/\" target=\"_blank\" rel=\"noreferrer noopener\">Grupo de Estudos de Psicologia do Esporte e Desempenho Humano<\/a><\/td><td><img loading=\"lazy\" decoding=\"async\" width=\"47\" height=\"64\" class=\"wp-image-361\" style=\"width: 150px\" src=\"https:\/\/pos.uel.br\/pef\/wp-content\/uploads\/2025\/04\/Luciane-Arantes.jpeg\" alt=\"\"><\/td><\/tr><tr><td><strong>Prof. Dr.&nbsp;Pedro Paulo Dapr\u00e1 (UEM)<\/strong><br>Departamento de Educa\u00e7\u00e3o F\u00edsica UEM<br>E-mail: <a href=\"mailto:ppdepra@uem.br\">ppdepra@uem.br<\/a><br>Lattes:&nbsp;<a href=\"http:\/\/lattes.cnpq.br\/1068980185495185\">http:\/\/lattes.cnpq.br\/1068980185495185<\/a><\/td><td><img loading=\"lazy\" decoding=\"async\" width=\"109\" height=\"75\" class=\"wp-image-363\" style=\"width: 150px\" src=\"https:\/\/pos.uel.br\/pef\/wp-content\/uploads\/2025\/04\/Pedro-Dapra.png\" alt=\"\"><\/td><\/tr><tr><td><strong>Profa. Dra.&nbsp;Vanessa Menezes Menegassi&nbsp;(UEM)<\/strong><br>Departamento de&nbsp;&nbsp;Ci\u00eancias do Movimento Humano&nbsp;UEM<br>E-mail:&nbsp;<a href=\"mailto:vmmenegassi@uem.br\" target=\"_blank\" rel=\"noreferrer noopener\">vmmenegassi@uem.br<\/a><br>Lattes:&nbsp;<a href=\"http:\/\/lattes.cnpq.br\/5635904267734119\" target=\"_blank\" rel=\"noreferrer noopener\">http:\/\/lattes.cnpq.br\/5635904267734119<\/a><\/td><td><img loading=\"lazy\" decoding=\"async\" width=\"458\" height=\"426\" class=\"wp-image-364\" style=\"width: 150px\" src=\"https:\/\/pos.uel.br\/pef\/wp-content\/uploads\/2025\/04\/Vanessa-Menegassi.png\" alt=\"\" srcset=\"https:\/\/pos.uel.br\/pef\/wp-content\/uploads\/2025\/04\/Vanessa-Menegassi.png 458w, https:\/\/pos.uel.br\/pef\/wp-content\/uploads\/2025\/04\/Vanessa-Menegassi-300x279.png 300w\" sizes=\"auto, (max-width: 458px) 100vw, 458px\" \/><\/td><\/tr><tr><td><strong>Prof. Dr.&nbsp;Victor Hugo Alves Okazaki&nbsp;(UEL)<\/strong><br>Departamento de Educa\u00e7\u00e3o F\u00edsica UEL<br>Email:&nbsp;<a href=\"mailto:vhaokazaki@gmail.com\">vhaokazaki@gmail.com<\/a><br>Lattes:&nbsp;<a href=\"http:\/\/lattes.cnpq.br\/6001623592355733\" target=\"_blank\" rel=\"noreferrer noopener\">http:\/\/lattes.cnpq.br\/6001623592355733<\/a><\/td><td><img loading=\"lazy\" decoding=\"async\" width=\"571\" height=\"806\" class=\"wp-image-365\" style=\"width: 150px\" src=\"https:\/\/pos.uel.br\/pef\/wp-content\/uploads\/2025\/04\/Victor-Okazaki.gif\" alt=\"\"><\/td><\/tr><tr><td><strong>Prof. Dr.&nbsp;Wilson Rinaldi&nbsp;(UEM)<\/strong><br>Departamento de Educa\u00e7\u00e3o F\u00edsica UEM<br>E-mail: <a href=\"mailto:wrinaldi@uem.br\">wrinaldi@uem.br<\/a><br>Lattes:&nbsp;<a href=\"http:\/\/lattes.cnpq.br\/3678615902015128\" target=\"_blank\" rel=\"noreferrer noopener\">http:\/\/lattes.cnpq.br\/3678615902015128<\/a><\/td><td><img loading=\"lazy\" decoding=\"async\" width=\"914\" height=\"1280\" class=\"wp-image-408\" style=\"width: 150px\" src=\"https:\/\/pos.uel.br\/pef\/wp-content\/uploads\/2025\/04\/wilson.jpeg\" alt=\"\" srcset=\"https:\/\/pos.uel.br\/pef\/wp-content\/uploads\/2025\/04\/wilson.jpeg 914w, https:\/\/pos.uel.br\/pef\/wp-content\/uploads\/2025\/04\/wilson-214x300.jpeg 214w, https:\/\/pos.uel.br\/pef\/wp-content\/uploads\/2025\/04\/wilson-731x1024.jpeg 731w, https:\/\/pos.uel.br\/pef\/wp-content\/uploads\/2025\/04\/wilson-768x1076.jpeg 768w\" sizes=\"auto, (max-width: 914px) 100vw, 914px\" \/><\/td><\/tr><tr><td><strong>Prof. Dr.&nbsp;William Fernando Garcia (UEM)<\/strong><br>Departamento de&nbsp;Ci\u00eancias do Movimento Humano UEM<br>E-mail:&nbsp;<a href=\"mailto:wfgarcia2@uem.br\" target=\"_blank\" rel=\"noreferrer noopener\">wfgarcia2@uem.br<\/a><br>Lattes:&nbsp;<a href=\"http:\/\/lattes.cnpq.br\/3333085900393274\" target=\"_blank\" rel=\"noreferrer noopener\">http:\/\/lattes.cnpq.br\/3333085900393274<\/a><\/td><td><img loading=\"lazy\" decoding=\"async\" width=\"945\" height=\"2048\" class=\"wp-image-367\" style=\"width: 150px\" src=\"https:\/\/pos.uel.br\/pef\/wp-content\/uploads\/2025\/04\/Willian-Garcia.png\" alt=\"\" srcset=\"https:\/\/pos.uel.br\/pef\/wp-content\/uploads\/2025\/04\/Willian-Garcia.png 945w, https:\/\/pos.uel.br\/pef\/wp-content\/uploads\/2025\/04\/Willian-Garcia-138x300.png 138w, https:\/\/pos.uel.br\/pef\/wp-content\/uploads\/2025\/04\/Willian-Garcia-473x1024.png 473w, https:\/\/pos.uel.br\/pef\/wp-content\/uploads\/2025\/04\/Willian-Garcia-768x1664.png 768w, https:\/\/pos.uel.br\/pef\/wp-content\/uploads\/2025\/04\/Willian-Garcia-709x1536.png 709w\" sizes=\"auto, (max-width: 945px) 100vw, 945px\" \/><\/td><\/tr><tr><td><\/td><td><\/td><\/tr><\/tbody><\/table><\/figure>\n\n\n\n<p><\/p>\n\n\n\n<h4 class=\"wp-block-heading has-text-align-center is-style-highlighted-heading has-site-background-color has-primary-accent-background-color has-text-color has-background has-link-color wp-elements-4261850bf92d3011870ec06649a75df5\" style=\"text-transform:uppercase\"><strong><mark style=\"background-color:#00753B\" class=\"has-inline-color has-site-background-color\"><strong><strong>Ajustes e respostas fisiol\u00f3gicas e metab\u00f3licas ao exerc\u00edcio f\u00edsico<\/strong><\/strong><\/mark><\/strong><\/h4>\n\n\n\n<ul class=\"wp-block-list\">\n<li class=\"has-medium-font-size\">Respostas fisiol\u00f3gicas e metab\u00f3licas do organismo em situa\u00e7\u00f5es de exerc\u00edcio agudo ou cr\u00f4nico em diferentes popula\u00e7\u00f5es.<\/li>\n<\/ul>\n\n\n\n<p class=\"has-medium-font-size\"><strong>Orientadores:<\/strong><\/p>\n\n\n\n<figure class=\"wp-block-table aligncenter is-style-stripes\"><table class=\"has-fixed-layout\"><tbody><tr><td><strong>Profa. Dra. Fabiana Andrade Machado&nbsp;(UEM)<\/strong><br>Departamento de Educa\u00e7\u00e3o F\u00edsica UEM<br>E-mail:<sup>&nbsp;<\/sup><a href=\"mailto:famachado_uem@hotmail.com\">famachado_uem@hotmail.com<\/a><br>Lattes:&nbsp;<a href=\"http:\/\/lattes.cnpq.br\/8550924080798366\" target=\"_blank\" rel=\"noreferrer noopener\">http:\/\/lattes.cnpq.br\/8550924080798366<\/a><br><a href=\"https:\/\/www.instagram.com\/gefeah.uem\/\" target=\"_blank\" rel=\"noreferrer noopener\">Grupo de Estudos e Pesquisa em Fisiologia do Exerc\u00edcio Aplicada a Humanos<\/a><\/td><td><img loading=\"lazy\" decoding=\"async\" width=\"47\" height=\"64\" class=\"wp-image-368\" style=\"width: 150px\" src=\"https:\/\/pos.uel.br\/pef\/wp-content\/uploads\/2025\/04\/Fabiana-Andrade-1.jpeg\" alt=\"\"><\/td><\/tr><tr><td><strong>Prof. Dr. Helcio Rossi Gon\u00e7alves<\/strong><br>Departamento de Esporte UEL<br>E-mail: <a href=\"mailto:helcio@uel.br\">helcio@uel.br<\/a><br>lattes:&nbsp;<a href=\"http:\/\/lattes.cnpq.br\/3301165885488385\">http:\/\/lattes.cnpq.br\/3301165885488385<\/a><\/td><td><img loading=\"lazy\" decoding=\"async\" width=\"443\" height=\"597\" class=\"wp-image-338\" style=\"width: 150px\" src=\"https:\/\/pos.uel.br\/pef\/wp-content\/uploads\/2025\/04\/helcio.jpg\" alt=\"\" srcset=\"https:\/\/pos.uel.br\/pef\/wp-content\/uploads\/2025\/04\/helcio.jpg 443w, https:\/\/pos.uel.br\/pef\/wp-content\/uploads\/2025\/04\/helcio-223x300.jpg 223w\" sizes=\"auto, (max-width: 443px) 100vw, 443px\" \/><\/td><\/tr><tr><td><strong>Prof. Dr. Rafael Deminice&nbsp;(UEL)<\/strong><br>Departamento de Educa\u00e7\u00e3o F\u00edsica UEL<br>E-mail: <a href=\"mailto:rdeminice@uel.br\">rdeminice@uel.br<\/a><br>Lattes:&nbsp;<a href=\"http:\/\/lattes.cnpq.br\/6111668112712319\" target=\"_blank\" rel=\"noreferrer noopener\">http:\/\/lattes.cnpq.br\/6111668112712319<\/a><br><a href=\"http:\/\/rdeminice.wixsite.com\/labbioquimica\" target=\"_blank\" rel=\"noreferrer noopener\">Laborat\u00f3rio de Bioqu\u00edmica do Exerc\u00edcio da UEL<\/a><\/td><td><img loading=\"lazy\" decoding=\"async\" width=\"571\" height=\"801\" class=\"wp-image-370\" style=\"width: 150px\" src=\"https:\/\/pos.uel.br\/pef\/wp-content\/uploads\/2025\/04\/Rafael-Deminice.gif\" alt=\"\"><\/td><\/tr><tr><td><strong>Profa. Dra. Solange de Paula Ramos&nbsp;(UEL)<\/strong><br>Departamento de Histologia UEL<br>E-mail:&nbsp;<a href=\"mailto:ramossolange@uel.br\">ramossolange@uel.br<\/a><br>Lattes:&nbsp;<a href=\"http:\/\/lattes.cnpq.br\/9973710742421796\" target=\"_blank\" rel=\"noreferrer noopener\">http:\/\/lattes.cnpq.br\/9973710742421796<\/a><br><a href=\"https:\/\/www.facebook.com\/Gerart-179309872890196\/\" target=\"_blank\" rel=\"noreferrer noopener\">Grupo de Estudos em Regenera\u00e7\u00e3o, Adapta\u00e7\u00e3o e Reparo Tecidual<\/a><\/td><td><\/td><\/tr><tr><td><\/td><td><\/td><\/tr><\/tbody><\/table><\/figure>\n\n\n\n<p><\/p>\n\n\n\n<h3 class=\"wp-block-heading\"><strong>\u00c1rea de Concentra\u00e7\u00e3o:<\/strong>&nbsp;<\/h3>\n\n\n\n<hr class=\"wp-block-separator has-alpha-channel-opacity is-style-wide\" \/>\n\n\n\n<h4 class=\"wp-block-heading has-text-align-center\"><strong><mark style=\"background-color:#00753B\" class=\"has-inline-color has-site-background-color\"><strong>PR\u00c1TICAS SOCIAIS EM EDUCA\u00c7\u00c3O F\u00cdSICA<\/strong><\/mark><\/strong><\/h4>\n\n\n\n<p class=\"has-text-align-center has-medium-font-size\">Estruturas, processos e representa\u00e7\u00f5es vinculados ao estudo das pr\u00e1ticas sociais em educa\u00e7\u00e3o f\u00edsica.<\/p>\n\n\n\n<hr class=\"wp-block-separator has-alpha-channel-opacity is-style-wide\" \/>\n\n\n\n<h3 class=\"wp-block-heading\"><strong>Linhas de Pesquisa:<\/strong><\/h3>\n\n\n\n<h4 class=\"wp-block-heading has-text-align-center is-style-highlighted-heading has-site-background-color has-primary-accent-background-color has-text-color has-background has-link-color wp-elements-63ce5a6d364c16407efc921033c0efad\" style=\"text-transform:uppercase\"><strong><mark style=\"background-color:#00753B\" class=\"has-inline-color has-site-background-color\"><strong><strong><strong>Trabalho e forma\u00e7\u00e3o em educa\u00e7\u00e3o f\u00edsica<\/strong><\/strong><\/strong><\/mark><\/strong><\/h4>\n\n\n\n<ul class=\"wp-block-list\">\n<li class=\"has-medium-font-size\">Processos de forma\u00e7\u00e3o em educa\u00e7\u00e3o f\u00edsica a partir de suas especificidades na educa\u00e7\u00e3o brasileira, aspectos te\u00f3rico-metodol\u00f3gicos da pr\u00e1tica docente e constitui\u00e7\u00e3o da interven\u00e7\u00e3o profissional.<\/li>\n<\/ul>\n\n\n\n<p class=\"has-medium-font-size\"><strong>Orientadores:<\/strong><\/p>\n\n\n\n<p><\/p>\n\n\n\n<figure class=\"wp-block-table aligncenter is-style-stripes\"><table class=\"has-fixed-layout\"><tbody><tr><td><strong>Prof. Dr.&nbsp;Amauri Aparecido B\u00e1ssoli de Oliveira&nbsp;(UEM)<\/strong><br>Departamento de Educa\u00e7\u00e3o F\u00edsica UEM<br>E-mail: <a href=\"mailto:aaboliveira@uem.br\">aaboliveira@uem.br<\/a><br>Lattes:&nbsp;<a href=\"http:\/\/lattes.cnpq.br\/5845836567219056\" target=\"_blank\" rel=\"noreferrer noopener\">http:\/\/lattes.cnpq.br\/5845836567219056<\/a><br><a href=\"https:\/\/geefe-uem.wixsite.com\/geefe-uem\" target=\"_blank\" rel=\"noreferrer noopener\">Grupo de Estudos em Educa\u00e7\u00e3o F\u00edsica Escolar<\/a><\/td><td><img loading=\"lazy\" decoding=\"async\" width=\"45\" height=\"64\" class=\"wp-image-372\" style=\"width: 150px\" src=\"https:\/\/pos.uel.br\/pef\/wp-content\/uploads\/2025\/04\/Amauri-Oliveira.jpeg\" alt=\"\"><\/td><\/tr><tr><td><strong>Profa. Dra.&nbsp;Ieda Parra Barbosa Rinaldi&nbsp;(UEM)<\/strong><br>Departamento de Educa\u00e7\u00e3o F\u00edsica UEM<br>E-mail:&nbsp;<a href=\"mailto:ipbrinaldi@uem.br\">ipbrinaldi@uem.br<\/a><br>Lattes:&nbsp;<a href=\"http:\/\/lattes.cnpq.br\/8875226890794702\" target=\"_blank\" rel=\"noreferrer noopener\">http:\/\/lattes.cnpq.br\/8875226890794702<\/a><br><a href=\"https:\/\/labgimnica.wixsite.com\/labgimnica\" target=\"_blank\" rel=\"noreferrer noopener\">G\u00edmnica &#8211; forma\u00e7\u00e3o, interven\u00e7\u00e3o e escola<\/a><\/td><td><img loading=\"lazy\" decoding=\"async\" width=\"44\" height=\"64\" class=\"wp-image-346\" style=\"width: 150px\" src=\"https:\/\/pos.uel.br\/pef\/wp-content\/uploads\/2025\/04\/Ieda-Rinaldi.jpeg\" alt=\"\"><\/td><\/tr><tr><td><strong>Prof. Dr.&nbsp;Jorge Both&nbsp;(UEL)&nbsp;<\/strong><br>Departamento de Educa\u00e7\u00e3o F\u00edsica UEL<br>E-mail:&nbsp;<a href=\"mailto:jorgeboth@yahoo.com.br\">jorgeboth@yahoo.com.br<\/a><br>Lattes:&nbsp;<a href=\"http:\/\/lattes.cnpq.br\/9513144319502175\" target=\"_blank\" rel=\"noreferrer noopener\">http:\/\/lattes.cnpq.br\/9513144319502175<\/a><br><a href=\"http:\/\/dgp.cnpq.br\/dgp\/espelhogrupo\/1016980735165350\" target=\"_blank\" rel=\"noreferrer noopener\">Grupo de Pesquisa sobre Forma\u00e7\u00e3o e Trabalho em Educa\u00e7\u00e3o F\u00edsica<\/a><\/td><td><img loading=\"lazy\" decoding=\"async\" width=\"571\" height=\"820\" class=\"wp-image-373\" style=\"width: 150px\" src=\"https:\/\/pos.uel.br\/pef\/wp-content\/uploads\/2025\/04\/Jorge-Both.gif\" alt=\"\"><\/td><\/tr><tr><td><strong>Profa. Dra.\u00a0V\u00e2nia (UEM)<\/strong><br>Departamento de Educa\u00e7\u00e3o F\u00edsica UEL<br>E-mail:\u00a0<a href=\"mailto:jorgeboth@yahoo.com.br\">\u00a0<\/a><a href=\"mailto:vfmatias@uem.br\">vfmatias@uem.br<\/a><br>Lattes:\u00a0<a href=\"https:\/\/lattes.cnpq.br\/7642081335847897\" target=\"_blank\" rel=\"noreferrer noopener\">https:\/\/lattes.cnpq.br\/7642081335847897<\/a><br><a href=\"https:\/\/www.instagram.com\/geefeuem?igsh=bnd4NXBwdHBkamcw\" target=\"_blank\" rel=\"noreferrer noopener\">Grupo de Estudos e\u00a0Pesquisas em Educa\u00e7\u00e3o, Educa\u00e7\u00e3o F\u00edsica e Pol\u00edticas Educacionais &#8211; GEEFE<\/a><\/td><td><img loading=\"lazy\" decoding=\"async\" width=\"1164\" height=\"1600\" class=\"wp-image-731\" style=\"width: 150px\" src=\"https:\/\/pos.uel.br\/pef\/wp-content\/uploads\/2025\/07\/profavania.jpeg\" alt=\"\" srcset=\"https:\/\/pos.uel.br\/pef\/wp-content\/uploads\/2025\/07\/profavania.jpeg 1164w, https:\/\/pos.uel.br\/pef\/wp-content\/uploads\/2025\/07\/profavania-218x300.jpeg 218w, https:\/\/pos.uel.br\/pef\/wp-content\/uploads\/2025\/07\/profavania-745x1024.jpeg 745w, https:\/\/pos.uel.br\/pef\/wp-content\/uploads\/2025\/07\/profavania-768x1056.jpeg 768w, https:\/\/pos.uel.br\/pef\/wp-content\/uploads\/2025\/07\/profavania-1117x1536.jpeg 1117w\" sizes=\"auto, (max-width: 1164px) 100vw, 1164px\" \/><\/td><\/tr><\/tbody><\/table><\/figure>\n\n\n\n<p><\/p>\n\n\n\n<h4 class=\"wp-block-heading has-text-align-center is-style-highlighted-heading has-site-background-color has-primary-accent-background-color has-text-color has-background has-link-color wp-elements-e8088817e91e731db80c574bb582e317\" style=\"text-transform:uppercase\"><strong><mark style=\"background-color:#00753B\" class=\"has-inline-color has-site-background-color\"><strong><strong><strong>Pr\u00e1ticas, pol\u00edticas e produ\u00e7\u00e3o de conhecimento em educa\u00e7\u00e3o f\u00edsica<\/strong><\/strong><\/strong><\/mark><\/strong><\/h4>\n\n\n\n<ul class=\"wp-block-list\">\n<li class=\"has-medium-font-size\">Produ\u00e7\u00e3o de conhecimento em educa\u00e7\u00e3o f\u00edsica, esporte, lazer, e rela\u00e7\u00f5es em que as pr\u00e1ticas, as pol\u00edticas e a produ\u00e7\u00e3o encontram-se inscritas.<\/li>\n<\/ul>\n\n\n\n<p class=\"has-medium-font-size\"><strong>Orientadores:<\/strong><\/p>\n\n\n\n<figure class=\"wp-block-table aligncenter is-style-stripes\"><table class=\"has-fixed-layout\"><tbody><tr><td><strong>Prof. Dr.&nbsp;Carlos Herold Junior&nbsp;(UEM)<\/strong><br>Departamento de Educa\u00e7\u00e3o F\u00edsica UEM<br>E-mail:<sup>&nbsp;<\/sup><a href=\"mailto:carlosherold@hotmail.com\">carlosherold@hotmail.com<\/a><br>Lattes:&nbsp;<a href=\"http:\/\/lattes.cnpq.br\/9723444517016722\" target=\"_blank\" rel=\"noreferrer noopener\">http:\/\/lattes.cnpq.br\/9723444517016722<\/a><\/td><td><img loading=\"lazy\" decoding=\"async\" width=\"423\" height=\"460\" class=\"wp-image-374\" style=\"width: 150px\" src=\"https:\/\/pos.uel.br\/pef\/wp-content\/uploads\/2025\/04\/Carlos-herold-1.jpg\" alt=\"\" srcset=\"https:\/\/pos.uel.br\/pef\/wp-content\/uploads\/2025\/04\/Carlos-herold-1.jpg 423w, https:\/\/pos.uel.br\/pef\/wp-content\/uploads\/2025\/04\/Carlos-herold-1-276x300.jpg 276w\" sizes=\"auto, (max-width: 423px) 100vw, 423px\" \/><\/td><\/tr><tr><td><strong>Prof. Dr. Fernando Augusto Starepravo&nbsp;(UEM)<\/strong><br>Departamento de Educa\u00e7\u00e3o F\u00edsica UEM<br>E-mail: <a href=\"mailto:fernando.starepravo@hotmail.com\">fernando.starepravo@hotmail.com<\/a><br>Lattes:&nbsp;<a href=\"http:\/\/lattes.cnpq.br\/5763073227935698\" target=\"_blank\" rel=\"noreferrer noopener\">http:\/\/lattes.cnpq.br\/5763073227935698<\/a><br><a href=\"https:\/\/www.facebook.com\/geppoluem\/\" target=\"_blank\" rel=\"noreferrer noopener\">Grupo de Estudos em Pol\u00edticas de Esporte e Lazer<\/a><\/td><td><img loading=\"lazy\" decoding=\"async\" width=\"122\" height=\"178\" class=\"wp-image-342\" style=\"width: 150px\" src=\"https:\/\/pos.uel.br\/pef\/wp-content\/uploads\/2025\/04\/Fernando-Starepravo.gif\" alt=\"\"><\/td><\/tr><tr><td><a href=\"https:\/\/www.facebook.com\/gepehaf.uel.1\" target=\"_blank\" rel=\"noreferrer noopener\">&nbsp;<\/a><strong>Prof. Dr. Giuliano Gomes de Assis Pimental&nbsp;(UEM)<\/strong><br>Departamento de Educa\u00e7\u00e3o F\u00edsica UEM<br>E-mail: <a href=\"mailto:ggapimentel@uem.br\">ggapimentel@uem.br<\/a><br>Lattes:&nbsp;<a href=\"http:\/\/lattes.cnpq.br\/5074388036246808\" target=\"_blank\" rel=\"noreferrer noopener\">http:\/\/lattes.cnpq.br\/5074388036246808<\/a><br><a href=\"https:\/\/cleber-junior.wixsite.com\/seminariodolazer\" target=\"_blank\" rel=\"noreferrer noopener\">Grupo de Estudos do Lazer<\/a><\/td><td><img loading=\"lazy\" decoding=\"async\" width=\"217\" height=\"298\" class=\"wp-image-375\" style=\"width: 150px\" src=\"https:\/\/pos.uel.br\/pef\/wp-content\/uploads\/2025\/04\/Giuliano-Pimentel-1.gif\" alt=\"\"><\/td><\/tr><tr><td><strong>Prof. Dr. Jeferson Roberto Rojo (UEM)<\/strong><br>Departamento de Educa\u00e7\u00e3o F\u00edsica UEM<br>E-mail:&nbsp;<a href=\"mailto:jrrojo2@uem.br\" target=\"_blank\" rel=\"noreferrer noopener\">jrrojo2@uem.br<\/a><br>Lattes:&nbsp;<a href=\"http:\/\/lattes.cnpq.br\/8756958465142835\" target=\"_blank\" rel=\"noreferrer noopener\">http:\/\/lattes.cnpq.br\/8756958465142835<\/a>&nbsp;<br><a href=\"https:\/\/www.instagram.com\/gepseuem?utm_source=ig_web_button_share_sheet&amp;igsh=MXd1bWRoenV6Z2NlaA==\" target=\"_blank\" rel=\"noreferrer noopener\">Grupo de Estudos e Pesquisa em Sociologia do Esporte<\/a><\/td><td><img loading=\"lazy\" decoding=\"async\" width=\"1707\" height=\"2560\" class=\"wp-image-381\" style=\"width: 150px\" src=\"https:\/\/pos.uel.br\/pef\/wp-content\/uploads\/2025\/04\/jeferson-rojo-2-scaled.jpg\" alt=\"\" srcset=\"https:\/\/pos.uel.br\/pef\/wp-content\/uploads\/2025\/04\/jeferson-rojo-2-scaled.jpg 1707w, https:\/\/pos.uel.br\/pef\/wp-content\/uploads\/2025\/04\/jeferson-rojo-2-200x300.jpg 200w, https:\/\/pos.uel.br\/pef\/wp-content\/uploads\/2025\/04\/jeferson-rojo-2-683x1024.jpg 683w, https:\/\/pos.uel.br\/pef\/wp-content\/uploads\/2025\/04\/jeferson-rojo-2-768x1152.jpg 768w, https:\/\/pos.uel.br\/pef\/wp-content\/uploads\/2025\/04\/jeferson-rojo-2-1024x1536.jpg 1024w, https:\/\/pos.uel.br\/pef\/wp-content\/uploads\/2025\/04\/jeferson-rojo-2-1365x2048.jpg 1365w\" sizes=\"auto, (max-width: 1707px) 100vw, 1707px\" \/><\/td><\/tr><tr><td><strong>Prof. Dr.&nbsp;Juliano de Souza&nbsp;(UEM)<\/strong><br>Departamento de Educa\u00e7\u00e3o F\u00edsica UEM<br>E-mail: julianoedf@yahoo.com.br<br>Lattes:&nbsp;<a href=\"http:\/\/lattes.cnpq.br\/1955037705102744\" target=\"_blank\" rel=\"noreferrer noopener\">http:\/\/lattes.cnpq.br\/1955037705102744<\/a><br><a href=\"https:\/\/www.facebook.com\/oefeuem\/\" target=\"_blank\" rel=\"noreferrer noopener\">Observat\u00f3rio de Educa\u00e7\u00e3o F\u00edsica e Esporte<\/a><\/td><td><img loading=\"lazy\" decoding=\"async\" width=\"763\" height=\"910\" class=\"wp-image-466\" style=\"width: 150px\" src=\"https:\/\/pos.uel.br\/pef\/wp-content\/uploads\/2025\/05\/juliano.jpg\" alt=\"\" srcset=\"https:\/\/pos.uel.br\/pef\/wp-content\/uploads\/2025\/05\/juliano.jpg 763w, https:\/\/pos.uel.br\/pef\/wp-content\/uploads\/2025\/05\/juliano-252x300.jpg 252w\" sizes=\"auto, (max-width: 763px) 100vw, 763px\" \/><\/td><\/tr><tr><td><strong>Prof. Dra. Larissa Michelle Lara&nbsp;(UEM)<\/strong><br>Departamento de Educa\u00e7\u00e3o F\u00edsica UEM<br>E-mail:&nbsp;<a href=\"mailto:lmlarauem@gmail.com\" target=\"_blank\" rel=\"noreferrer noopener\">lmlarauem@gmail.com<\/a><br>Lattes:&nbsp;<a href=\"http:\/\/lattes.cnpq.br\/5513604609812725\" target=\"_blank\" rel=\"noreferrer noopener\">http:\/\/lattes.cnpq.br\/5513604609812725<\/a><br><a href=\"https:\/\/www.facebook.com\/geppoluem\/\" target=\"_blank\" rel=\"noreferrer noopener\">Grupo de Estudos em Pol\u00edticas de Esporte e Lazer<\/a><\/td><td><img loading=\"lazy\" decoding=\"async\" width=\"851\" height=\"1122\" class=\"wp-image-383\" style=\"width: 150px\" src=\"https:\/\/pos.uel.br\/pef\/wp-content\/uploads\/2025\/04\/Larissa-Lara.gif\" alt=\"\"><\/td><\/tr><\/tbody><\/table><\/figure>\n","protected":false},"excerpt":{"rendered":"<p>\u00c1rea de Concentra\u00e7\u00e3o:&nbsp; DESEMPENHO HUMANO E ATIVIDADE F\u00cdSICA Estruturas, processos e mecanismos vinculados ao estudo do desempenho humano e da atividade f\u00edsica. Linhas de Pesquisa: Atividade f\u00edsica relacionada \u00e0 sa\u00fade Orientadores: Prof. Dr. Ademar Avelar de Almeida Junior (UEM)Departamento de Educa\u00e7\u00e3o F\u00edsica UEME-mail: ademaravelar@yahoo.com.brLattes: http:\/\/lattes.cnpq.br\/7250757293357947Grupo e Estudo e Pesquisa em Exerc\u00edcio e Nutri\u00e7\u00e3o para a [&hellip;]<\/p>\n","protected":false},"author":9,"featured_media":0,"parent":0,"menu_order":0,"comment_status":"closed","ping_status":"closed","template":"","meta":{"_acf_changed":false,"_themeisle_gutenberg_block_has_review":false,"footnotes":""},"class_list":["post-124","page","type-page","status-publish","hentry"],"acf":[],"_links":{"self":[{"href":"https:\/\/pos.uel.br\/pef\/wp-json\/wp\/v2\/pages\/124","targetHints":{"allow":["GET"]}}],"collection":[{"href":"https:\/\/pos.uel.br\/pef\/wp-json\/wp\/v2\/pages"}],"about":[{"href":"https:\/\/pos.uel.br\/pef\/wp-json\/wp\/v2\/types\/page"}],"author":[{"embeddable":true,"href":"https:\/\/pos.uel.br\/pef\/wp-json\/wp\/v2\/users\/9"}],"replies":[{"embeddable":true,"href":"https:\/\/pos.uel.br\/pef\/wp-json\/wp\/v2\/comments?post=124"}],"version-history":[{"count":47,"href":"https:\/\/pos.uel.br\/pef\/wp-json\/wp\/v2\/pages\/124\/revisions"}],"predecessor-version":[{"id":991,"href":"https:\/\/pos.uel.br\/pef\/wp-json\/wp\/v2\/pages\/124\/revisions\/991"}],"wp:attachment":[{"href":"https:\/\/pos.uel.br\/pef\/wp-json\/wp\/v2\/media?parent=124"}],"curies":[{"name":"wp","href":"https:\/\/api.w.org\/{rel}","templated":true}]}}