{"id":3083,"date":"2025-04-27T00:19:13","date_gmt":"2025-04-27T03:19:13","guid":{"rendered":"https:\/\/pos.uel.br\/pecem\/?page_id=3083"},"modified":"2026-04-07T15:56:28","modified_gmt":"2026-04-07T18:56:28","slug":"processo-de-seleccion","status":"publish","type":"page","link":"https:\/\/pos.uel.br\/pecem\/es\/processo-de-seleccion\/","title":{"rendered":"Processo de selecci\u00f3n"},"content":{"rendered":"\n<p><strong>EDITAL N.\u00ba <a href=\"https:\/\/pos.uel.br\/pecem\/wp-content\/uploads\/2025\/09\/Edital_Selecao_PECEM_2026_1_assinado_assinado.pdf\" target=\"_blank\" rel=\"noreferrer noopener\"><strong><strong><a href=\"https:\/\/pos.uel.br\/pecem\/wp-content\/uploads\/2025\/09\/Edital_Selecao_PECEM_2026_1_assinado_assinado.pdf\" data-type=\"link\" data-id=\"https:\/\/www.sistemasweb.uel.br\/index.php?contents=system\/insc\/index.php&amp;pagina=view\/inscricoes\/seleciona_evento.php&amp;cod_evento=11183\" target=\"_blank\" rel=\"noreferrer noopener\"><\/a><a href=\"https:\/\/pos.uel.br\/pecem\/wp-content\/uploads\/2026\/03\/2026_-_edital_03-2026_-_Selecao2026-2_assinado.pdf\" target=\"_blank\" rel=\"noreferrer noopener\"><strong>03\/2026<\/strong> <\/a><\/strong><\/strong><\/a><\/strong> \u2013 Establece normas y procedimientos de inscripci\u00f3n y selecci\u00f3n para el ingreso en el Programa de Posgrado Stricto sensu en Ense\u00f1anza de Ciencias y Educaci\u00f3n Matem\u00e1tica \u2013 PECEM \u2013, en la condici\u00f3n de Estudiante Regular, promoci\u00f3n 2026\/02.<\/p>\n\n\n\n<p class=\"has-text-align-center\"><strong>\u00c1REA DE CONCENTRACI\u00d3N DEL PROGRAMA<\/strong><\/p>\n\n\n\n<p class=\"has-text-align-center\"><strong>ENSE\u00d1ANZA DE CIENCIAS Y EDUCACI\u00d3N MATEM\u00c1TICA <\/strong>&nbsp;<\/p>\n\n\n\n<figure class=\"wp-block-table\"><table><tbody><tr><td class=\"has-text-align-center\" data-align=\"center\"><strong>LA CONSTRUCCI\u00d3N DEL CONOCIMIENTO EN CIENCIAS Y MATEM\u00c1TICAS<\/strong><\/td><td class=\"has-text-align-center\" data-align=\"center\"><strong>LA FORMACI\u00d3N DE PROFESORES EN CIENCIAS Y MATEM\u00c1TICAS<\/strong><\/td><td class=\"has-text-align-center\" data-align=\"center\"><strong>HISTORIA Y FILOSOF\u00cdA DE LA CIENCIA Y DE LAS MATEM\u00c1TICAS<\/strong><\/td><\/tr><tr><td class=\"has-text-align-center\" data-align=\"center\">\u00c1lvaro Lorencini J\u00fanior<br>Andreia de Freitas Z\u00f4mpero<br>Angela Marta Pereira das D. Savioli&nbsp;<br>Carlos Eduardo Labur\u00fa<br>Edilaine Regina dos Santos<br>Fabiele Cristiane Dias Broietti<br>Lourdes Maria Werle de Almeida<br>Mariana A. B. Soares de Andrade<br>Marinez Meneghello Passos<br>Mois\u00e9s Alves de Oliveira<br>Paulo S\u00e9rgio de Camargo Filho<br>S\u00e9rgio de Mello Arruda<\/td><td class=\"has-text-align-center\" data-align=\"center\">\u00c1lvaro Lorencini J\u00fanior<br>Bruno Rodrigo Teixeira<br>Edilaine Regina dos Santos<br>Fabiele Cristiane Dias Broietti<br>Gustavo Iachel<br>Irin\u00e9ia de Lourdes Batista<br>M\u00e1rcia Cristina de C. Trindade Cyrino<br>Mariana A. B. Soares de Andrade<br>Marinez Meneghello Passos<br>Pamela Emanueli Alves Ferreira<br>Regina Luzia Corio de Buriasco<br>S\u00e9rgio de Mello Arruda<\/td><td class=\"has-text-align-center\" data-align=\"center\">Carlos Eduardo Labur\u00fa<br>Irin\u00e9a de Lourdes Batista<br>Lourdes Maria Werle de Almeida<br>Mariana A. B. Soares de Andrade<br>Mois\u00e9s Alves de Oliveira<br><\/td><\/tr><\/tbody><\/table><\/figure>\n\n\n\n<p class=\"has-text-align-center\">&nbsp;&nbsp;&nbsp;&nbsp;&nbsp;<strong>CUADRO DE VACANTES POR DOCENTE PARA ORIENTACI\u00d3N EDITAL N.\u00ba <strong><strong><a href=\"https:\/\/pos.uel.br\/pecem\/wp-content\/uploads\/2025\/09\/Edital_Selecao_PECEM_2026_1_assinado_assinado.pdf\" data-type=\"link\" data-id=\"https:\/\/www.sistemasweb.uel.br\/index.php?contents=system\/insc\/index.php&amp;pagina=view\/inscricoes\/seleciona_evento.php&amp;cod_evento=11183\" target=\"_blank\" rel=\"noreferrer noopener\"><\/a><a href=\"https:\/\/pos.uel.br\/pecem\/wp-content\/uploads\/2026\/03\/2026_-_edital_03-2026_-_Selecao2026-2_assinado.pdf\" target=\"_blank\" rel=\"noreferrer noopener\"><strong>03\/2026<\/strong> <\/a><\/strong><\/strong><\/strong> &#8211;<strong>Oferta alumno regular 2026\/02<\/strong>&nbsp;<\/p>\n\n\n\n<div class=\"wp-block-columns is-layout-flex wp-container-core-columns-is-layout-9d6595d7 wp-block-columns-is-layout-flex\">\n<div class=\"wp-block-column is-layout-flow wp-block-column-is-layout-flow\" style=\"flex-basis:100%\">\n<figure class=\"wp-block-table is-style-stripes\"><table><tbody><tr><td class=\"has-text-align-center\" data-align=\"center\"><strong>&nbsp;Docente<\/strong><\/td><td class=\"has-text-align-center\" data-align=\"center\"><strong>Vacantes en el m\u00e1ster<\/strong><\/td><td class=\"has-text-align-center\" data-align=\"center\"><\/td><\/tr><tr><td class=\"has-text-align-center\" data-align=\"center\">&nbsp;\u00c1lvaro Lorencini J\u00fanior<\/td><td class=\"has-text-align-center\" data-align=\"center\">1<\/td><td class=\"has-text-align-center\" data-align=\"center\"><\/td><\/tr><tr><td class=\"has-text-align-center\" data-align=\"center\">Andreia de Freitas Z\u00f4mpero <\/td><td class=\"has-text-align-center\" data-align=\"center\">1<\/td><td class=\"has-text-align-center\" data-align=\"center\"><\/td><\/tr><tr><td class=\"has-text-align-center\" data-align=\"center\">&nbsp;Angela Marta P. D. Savioli<\/td><td class=\"has-text-align-center\" data-align=\"center\">&#8211;<\/td><td class=\"has-text-align-center\" data-align=\"center\"><\/td><\/tr><tr><td class=\"has-text-align-center\" data-align=\"center\">Bruno Rodrigo Teixeira<\/td><td class=\"has-text-align-center\" data-align=\"center\">&#8211;<\/td><td class=\"has-text-align-center\" data-align=\"center\"><\/td><\/tr><tr><td class=\"has-text-align-center\" data-align=\"center\">&nbsp;Carlos Eduardo Labur\u00fa<\/td><td class=\"has-text-align-center\" data-align=\"center\">&#8211;<\/td><td class=\"has-text-align-center\" data-align=\"center\"><\/td><\/tr><tr><td class=\"has-text-align-center\" data-align=\"center\">Edilaine Regina dos Santos<\/td><td class=\"has-text-align-center\" data-align=\"center\">&#8211;<\/td><td class=\"has-text-align-center\" data-align=\"center\"><\/td><\/tr><tr><td class=\"has-text-align-center\" data-align=\"center\">&nbsp;Fabiele Cristiane Dias Broietti<\/td><td class=\"has-text-align-center\" data-align=\"center\">&#8211;<\/td><td class=\"has-text-align-center\" data-align=\"center\"><\/td><\/tr><tr><td class=\"has-text-align-center\" data-align=\"center\">Gustavo Iachel<\/td><td class=\"has-text-align-center\" data-align=\"center\">1<\/td><td class=\"has-text-align-center\" data-align=\"center\"><\/td><\/tr><tr><td class=\"has-text-align-center\" data-align=\"center\">&nbsp;Irin\u00e9a de Lourdes Batista<\/td><td class=\"has-text-align-center\" data-align=\"center\">&#8211;<\/td><td class=\"has-text-align-center\" data-align=\"center\"><\/td><\/tr><tr><td class=\"has-text-align-center\" data-align=\"center\">&nbsp;Lourdes Maria W. de Almeida<\/td><td class=\"has-text-align-center\" data-align=\"center\">&#8211;<\/td><td class=\"has-text-align-center\" data-align=\"center\"><\/td><\/tr><tr><td class=\"has-text-align-center\" data-align=\"center\">&nbsp;M\u00e1rcia Cristina C. T. Cyrino<\/td><td class=\"has-text-align-center\" data-align=\"center\">1<\/td><td class=\"has-text-align-center\" data-align=\"center\"><\/td><\/tr><tr><td class=\"has-text-align-center\" data-align=\"center\">&nbsp;Mariana A. B. Soares de Andrade<\/td><td class=\"has-text-align-center\" data-align=\"center\">1<\/td><td class=\"has-text-align-center\" data-align=\"center\"><\/td><\/tr><tr><td class=\"has-text-align-center\" data-align=\"center\">&nbsp;Marinez Meneghello Passos<\/td><td class=\"has-text-align-center\" data-align=\"center\">&#8211;<\/td><td class=\"has-text-align-center\" data-align=\"center\"><\/td><\/tr><tr><td class=\"has-text-align-center\" data-align=\"center\">&nbsp;Mois\u00e9s Alves de Oliveira<\/td><td class=\"has-text-align-center\" data-align=\"center\">1<\/td><td class=\"has-text-align-center\" data-align=\"center\"><\/td><\/tr><tr><td class=\"has-text-align-center\" data-align=\"center\">Pamela Emanueli Alves Ferreira<\/td><td class=\"has-text-align-center\" data-align=\"center\">2<\/td><td class=\"has-text-align-center\" data-align=\"center\"><\/td><\/tr><tr><td class=\"has-text-align-center\" data-align=\"center\">&nbsp;Paulo S\u00e9rgio de Camargo Filho<\/td><td class=\"has-text-align-center\" data-align=\"center\">&#8211;<\/td><td class=\"has-text-align-center\" data-align=\"center\"><\/td><\/tr><tr><td class=\"has-text-align-center\" data-align=\"center\">&nbsp;Regina L. Corio de Buriasco<\/td><td class=\"has-text-align-center\" data-align=\"center\">&#8211;<\/td><td class=\"has-text-align-center\" data-align=\"center\"><\/td><\/tr><tr><td class=\"has-text-align-center\" data-align=\"center\">&nbsp;S\u00e9rgio de Mello Arruda<\/td><td class=\"has-text-align-center\" data-align=\"center\">&#8211;<\/td><td class=\"has-text-align-center\" data-align=\"center\"><\/td><\/tr><tr><td class=\"has-text-align-center\" data-align=\"center\"><strong>&nbsp;Total<\/strong><\/td><td class=\"has-text-align-center\" data-align=\"center\"><strong>8<\/strong><\/td><td class=\"has-text-align-center\" data-align=\"center\"><\/td><\/tr><\/tbody><\/table><\/figure>\n<\/div>\n<\/div>\n\n\n\n<div style=\"height:40px\" aria-hidden=\"true\" class=\"wp-block-spacer\"><\/div>\n\n\n\n<p><strong><strong>Total de vacantes: Proceso de Selecci\u00f3n PECEM &#8211; EDITAL N.\u00ba <strong><strong><a href=\"https:\/\/pos.uel.br\/pecem\/wp-content\/uploads\/2025\/09\/Edital_Selecao_PECEM_2026_1_assinado_assinado.pdf\" data-type=\"link\" data-id=\"https:\/\/www.sistemasweb.uel.br\/index.php?contents=system\/insc\/index.php&amp;pagina=view\/inscricoes\/seleciona_evento.php&amp;cod_evento=11183\" target=\"_blank\" rel=\"noreferrer noopener\"><\/a><a href=\"https:\/\/pos.uel.br\/pecem\/wp-content\/uploads\/2026\/03\/2026_-_edital_03-2026_-_Selecao2026-2_assinado.pdf\" target=\"_blank\" rel=\"noreferrer noopener\"><strong>03\/2026<\/strong> <\/a><\/strong><\/strong> <\/strong><\/strong>&#8211; <strong>Oferta alumno regular 2026\/02<\/strong><\/p>\n\n\n\n<p><strong>Hasta 8 vacantes para el m\u00e1ster .&nbsp;<\/strong><\/p>\n\n\n\n<p><strong>Obs<\/strong>.: La Comisi\u00f3n Coordinadora se reserva el derecho de no llenar todas las vacantes.<\/p>\n\n\n\n<p><\/p>\n\n\n\n<div class=\"wp-block-buttons is-layout-flex wp-block-buttons-is-layout-flex\">\n<div class=\"wp-block-button\"><a class=\"wp-block-button__link wp-element-button\" href=\"http:\/\/www.uel.br\/eventos\/sigec\/?id=11805\" target=\"_blank\" rel=\"noreferrer noopener\"><strong><strong><strong>SOLICITUDES DE EXENCI\u00d3N CAD\u00daNICO<\/strong><\/strong><\/strong><\/a><\/div>\n<\/div>\n\n\n\n<p><\/p>\n\n\n\n<p><strong>Per\u00edodo<\/strong>: del 06 al 07 de abril de 2026<\/p>\n\n\n\n<p><a href=\"http:\/\/www.uel.br\/eventos\/sigec\/?id=11805\" target=\"_blank\" rel=\"noreferrer noopener\">LINK<\/a>: a trav\u00e9s del <a href=\"http:\/\/www.uel.br\/eventos\/sigec\/?id=11805\" target=\"_blank\" rel=\"noreferrer noopener\">enlace<\/a><\/p>\n\n\n\n<p><\/p>\n\n\n\n<div class=\"wp-block-buttons is-layout-flex wp-block-buttons-is-layout-flex\">\n<div class=\"wp-block-button\"><a class=\"wp-block-button__link wp-element-button\" href=\"https:\/\/sites.uel.br\/proppg\/wp-content\/uploads\/2023\/12\/Formulario-Isencao.docx\" target=\"_blank\" rel=\"noreferrer noopener\"><strong><strong><strong><strong>SOLICITUD DE EXENCI\u00d3N TRABAJO ELECTORAL Y DONACI\u00d3N DE SANGRE<\/strong> <\/strong><\/strong><\/strong><\/a><\/div>\n<\/div>\n\n\n\n<p><\/p>\n\n\n\n<p><strong>Per\u00edodo<\/strong>: del 06 al 07 de abril de 2026<\/p>\n\n\n\n<p>Complete el <a href=\"https:\/\/sites.uel.br\/proppg\/wp-content\/uploads\/2023\/12\/Formulario-Isencao.docx\">formulario <\/a>seg\u00fan el punto II del apartado 2.1 del Aviso P\u00fablico <strong><strong><strong><strong><a href=\"https:\/\/pos.uel.br\/pecem\/wp-content\/uploads\/2026\/03\/2026_-_edital_03-2026_-_Selecao2026-2_assinado.pdf\" target=\"_blank\" rel=\"noreferrer noopener\"><strong>03\/2026<\/strong> <\/a><\/strong><\/strong><\/strong><\/strong>de PECEM.<\/p>\n\n\n\n<p><\/p>\n\n\n\n<p><\/p>\n\n\n\n<div class=\"wp-block-buttons is-layout-flex wp-block-buttons-is-layout-flex\">\n<div class=\"wp-block-button\"><a class=\"wp-block-button__link wp-element-button\" href=\"https:\/\/pos.uel.br\/pecem\/wp-content\/uploads\/2026\/03\/2026_-_edital_03-2026_-_Selecao2026-2_assinado.pdf\" target=\"_blank\" rel=\"noreferrer noopener\"><strong>PER\u00cdODO DE INSCRIPCI\u00d3N 03\/2026<\/strong><\/a><\/div>\n<\/div>\n\n\n\n<p><\/p>\n\n\n\n<p><strong>Per\u00edodo<\/strong>: Del 16 de abril al 10 de mayo de 2026<\/p>\n\n\n\n<p>V\u00eda Web &#8211; Enlaces 1 y 2 \u2013 Consultar <strong><strong>EDITAL N.\u00ba <strong><strong><strong><strong><a href=\"https:\/\/pos.uel.br\/pecem\/wp-content\/uploads\/2026\/03\/2026_-_edital_03-2026_-_Selecao2026-2_assinado.pdf\" target=\"_blank\" rel=\"noreferrer noopener\"><strong>03\/2026<\/strong> <\/a><\/strong><\/strong><\/strong><\/strong><\/strong><\/strong><br><\/p>\n\n\n\n<div class=\"wp-block-buttons is-layout-flex wp-block-buttons-is-layout-flex\">\n<div class=\"wp-block-button\"><a class=\"wp-block-button__link wp-element-button\">APROBACI\u00d3N DE REGISTROS<\/a><\/div>\n<\/div>\n\n\n\n<p><\/p>\n\n\n\n<p><strong>Periodo<\/strong>: hasta el 13 de mayo de 2026, en la p\u00e1gina de Avisos y Resultados.<\/p>\n\n\n\n<p><\/p>\n\n\n\n<p>&#8212;&#8212;&#8212;&#8212;&#8212;-<\/p>\n\n\n\n<p><strong>SOBRE LOS EX\u00c1MENES DE SELECCI\u00d3N<\/strong><\/p>\n\n\n\n<ul class=\"wp-block-list\">\n<li>EL CONTENIDO SUGERIDO PARA EL EXAMEN DE REDACCI\u00d3N DE LA MAESTR\u00cdA SE INCLUYE EN EL <a href=\"https:\/\/pos.uel.br\/pecem\/wp-content\/uploads\/2026\/04\/Edital-Oferta-Regular-2026-2-ANEXOS.pdf\" target=\"_blank\" rel=\"noreferrer noopener\">AP\u00c9NDICE A<\/a>.<\/li>\n\n\n\n<li>EL CONTENIDO SUGERIDO Y LAS BIBLIOGRAF\u00cdAS PARA LOS EX\u00c1MENES ESPEC\u00cdFICOS DE LA MAESTR\u00cdA SE INCLUYEN EN EL <a href=\"https:\/\/pos.uel.br\/pecem\/wp-content\/uploads\/2026\/04\/Edital-Oferta-Regular-2026-2-ANEXOS.pdf\" target=\"_blank\" rel=\"noreferrer noopener\">AP\u00c9NDICE B<\/a>.<\/li>\n<\/ul>\n\n\n\n<p><\/p>\n\n\n\n<p><strong>An\u00e1lisis de CURR\u00cdCULO LATTES <\/strong><\/p>\n\n\n\n<div class=\"wp-block-file\"><a id=\"wp-block-file--media-94f4c416-7499-486c-8298-5feadd70a137\" href=\"https:\/\/pos.uel.br\/pecem\/wp-content\/uploads\/2022\/09\/Planilhacurriculummestrado.pdf\">Haga clic aqu\u00ed para acceder a los criterios de an\u00e1lisis del curr\u00edculo para el <strong>M\u00e1ster <\/strong>Descargar<\/a><a href=\"https:\/\/pos.uel.br\/pecem\/wp-content\/uploads\/2022\/09\/Planilhacurriculummestrado.pdf\" class=\"wp-block-file__button wp-element-button\" download aria-describedby=\"wp-block-file--media-94f4c416-7499-486c-8298-5feadd70a137\">Baixar<\/a><\/div>\n\n\n\n<div class=\"wp-block-file\"><a id=\"wp-block-file--media-b3d92594-b520-4b08-9cce-085a143f9471\" href=\"https:\/\/pos.uel.br\/pecem\/wp-content\/uploads\/2021\/10\/Planilhacurriculumdoutorado.pdf\">Haga clic aqu\u00ed para acceder a los criterios de an\u00e1lisis del curr\u00edculo para el <strong>Doctorado <\/strong>Descargar<\/a><a href=\"https:\/\/pos.uel.br\/pecem\/wp-content\/uploads\/2021\/10\/Planilhacurriculumdoutorado.pdf\" class=\"wp-block-file__button wp-element-button\" download aria-describedby=\"wp-block-file--media-b3d92594-b520-4b08-9cce-085a143f9471\">Baixar<\/a><\/div>\n\n\n\n<p>Dudas sobre el proceso de selecci\u00f3n del PECEM deben ser enviadas al correo electr\u00f3nico:&nbsp;<a href=\"mailto:spgcceselecao@uel.br\">spgcceselecao@uel.br<\/a><\/p>\n","protected":false},"excerpt":{"rendered":"<p>EDITAL N.\u00ba 03\/2026 \u2013 Establece normas y procedimientos de inscripci\u00f3n y selecci\u00f3n para el ingreso en el Programa de Posgrado Stricto sensu en Ense\u00f1anza de Ciencias y Educaci\u00f3n Matem\u00e1tica \u2013 PECEM \u2013, en la condici\u00f3n de Estudiante Regular, promoci\u00f3n 2026\/02. \u00c1REA DE CONCENTRACI\u00d3N DEL PROGRAMA ENSE\u00d1ANZA DE CIENCIAS Y EDUCACI\u00d3N MATEM\u00c1TICA &nbsp; LA CONSTRUCCI\u00d3N DEL [&hellip;]<\/p>\n","protected":false},"author":8,"featured_media":0,"parent":0,"menu_order":0,"comment_status":"closed","ping_status":"closed","template":"","meta":{"_acf_changed":false,"footnotes":""},"class_list":["post-3083","page","type-page","status-publish","hentry"],"acf":[],"_links":{"self":[{"href":"https:\/\/pos.uel.br\/pecem\/wp-json\/wp\/v2\/pages\/3083","targetHints":{"allow":["GET"]}}],"collection":[{"href":"https:\/\/pos.uel.br\/pecem\/wp-json\/wp\/v2\/pages"}],"about":[{"href":"https:\/\/pos.uel.br\/pecem\/wp-json\/wp\/v2\/types\/page"}],"author":[{"embeddable":true,"href":"https:\/\/pos.uel.br\/pecem\/wp-json\/wp\/v2\/users\/8"}],"replies":[{"embeddable":true,"href":"https:\/\/pos.uel.br\/pecem\/wp-json\/wp\/v2\/comments?post=3083"}],"version-history":[{"count":22,"href":"https:\/\/pos.uel.br\/pecem\/wp-json\/wp\/v2\/pages\/3083\/revisions"}],"predecessor-version":[{"id":3816,"href":"https:\/\/pos.uel.br\/pecem\/wp-json\/wp\/v2\/pages\/3083\/revisions\/3816"}],"wp:attachment":[{"href":"https:\/\/pos.uel.br\/pecem\/wp-json\/wp\/v2\/media?parent=3083"}],"curies":[{"name":"wp","href":"https:\/\/api.w.org\/{rel}","templated":true}]}}