{"id":3075,"date":"2025-04-27T00:17:17","date_gmt":"2025-04-27T03:17:17","guid":{"rendered":"https:\/\/pos.uel.br\/pecem\/?page_id=3075"},"modified":"2025-06-16T10:49:23","modified_gmt":"2025-06-16T13:49:23","slug":"becas-del-programa","status":"publish","type":"page","link":"https:\/\/pos.uel.br\/pecem\/es\/becas-del-programa\/","title":{"rendered":"Becas del programa"},"content":{"rendered":"\n<p><strong>Cantidad de becas actualmente<\/strong><\/p>\n\n\n\n<p>El programa cuenta con 33 (treinta y tres) becas de Doctorado de la CAPES, 2 (dos) becas de Doctorado vigentes de la CAPES a trav\u00e9s de la convocatoria de la Fundaci\u00f3n Arauc\u00e1ria y 1 (una) beca de Doctorado vigente de la CNPQ a trav\u00e9s de la convocatoria de la Fundaci\u00f3n Arauc\u00e1ria.\u00a0<\/p>\n\n\n\n<p>Para el nivel de M\u00e1ster, el programa tiene 19 (diecinueve) becas de la CAPES, 1 (una) beca de la CAPES a trav\u00e9s de la convocatoria de la Fundaci\u00f3n Arauc\u00e1ria y 1 (una) beca de la CNPQ a trav\u00e9s de la convocatoria de la Fundaci\u00f3n Arauc\u00e1ria.&nbsp;<\/p>\n\n\n\n<p><strong>Criterios de clasificaci\u00f3n de los estudiantes y distribuci\u00f3n de las becas \u2013 para ingresantes que entraron hasta 2023<\/strong><\/p>\n\n\n\n<p>El primer criterio es el orden (descendente) de la nota del examen de redacci\u00f3n realizado en el proceso de selecci\u00f3n. El segundo criterio es considerar a los alumnos cuyo orientador a\u00fan no tiene becario, con el objetivo de la equidad en el n\u00famero de alumnos becados por orientador.&nbsp;<\/p>\n\n\n\n<p><strong>Criterios de clasificaci\u00f3n de los estudiantes y distribuci\u00f3n de las becas \u2013 para ingresantes a partir de 2024<\/strong><\/p>\n\n\n\n<p><strong>M\u00e1ster&nbsp;<\/strong><\/p>\n\n\n\n<p>El primer criterio es el orden (descendente) de la nota del examen de redacci\u00f3n realizado en el proceso de selecci\u00f3n. El segundo criterio es considerar a los alumnos cuyo orientador a\u00fan no tiene becario, con el objetivo de la equidad en el n\u00famero de alumnos becados por orientador.&nbsp;<\/p>\n\n\n\n<p><strong>Doctorado&nbsp;<\/strong><\/p>\n\n\n\n<p>El criterio ser\u00e1 la media ponderada de la nota del examen de selecci\u00f3n (NS) m\u00e1s la nota del primer examen de ingl\u00e9s (NPPI) aplicadas por el programa siguiendo la f\u00f3rmula:&nbsp;<\/p>\n\n\n\n<p>(NS x 0.7) + (NPPI x 0.3)<\/p>\n\n\n\n<p><strong>Beca y v\u00ednculo laboral y becas de otra naturaleza<\/strong><\/p>\n\n\n\n<p>El programa tiene una norma interna respecto al v\u00ednculo laboral de los estudiantes becados o el v\u00ednculo de becas de naturaleza diferente a las recibidas en el PECEM. Ser\u00e1 posible solicitar acumulaci\u00f3n considerando solo una de las dos situaciones presentadas a continuaci\u00f3n:&nbsp;<\/p>\n\n\n\n<p><strong>1. Estudiantes del PECEM que trabajan como profesores en la Educaci\u00f3n B\u00e1sica o en la Educaci\u00f3n Superior&nbsp;<\/strong><\/p>\n\n\n\n<p>\u2022&nbsp;&nbsp;&nbsp;&nbsp;&nbsp;&nbsp;&nbsp;&nbsp;&nbsp;&nbsp;&nbsp;&nbsp; Se permite trabajar en un est\u00e1ndar en el Estado de 20 horas semanales o hasta 20 horas CONTRACTUALES en la red privada;&nbsp;<\/p>\n\n\n\n<p>\u2022&nbsp;&nbsp;&nbsp;&nbsp;&nbsp;&nbsp;&nbsp;&nbsp;&nbsp;&nbsp;&nbsp;&nbsp; Es necesario obtener la aprobaci\u00f3n del orientador.&nbsp;<\/p>\n\n\n\n<p><strong>2. Estudiantes del PECEM con becas de naturaleza diferente&nbsp;<\/strong><\/p>\n\n\n\n<p>La acumulaci\u00f3n ser\u00e1 permitida si se cumplen los siguientes criterios:&nbsp;<\/p>\n\n\n\n<p>\u2022&nbsp;&nbsp;&nbsp;&nbsp;&nbsp;&nbsp;&nbsp;&nbsp;&nbsp;&nbsp;&nbsp;&nbsp; La beca adicional es de otra naturaleza y no es de la misma fuente pagadora;&nbsp;<\/p>\n\n\n\n<p>\u2022&nbsp;&nbsp;&nbsp;&nbsp;&nbsp;&nbsp;&nbsp;&nbsp;&nbsp;&nbsp;&nbsp;&nbsp; La actividad financiada por la otra beca tiene car\u00e1cter acad\u00e9mico y est\u00e1 relacionada con el \u00e1rea de Ense\u00f1anza (actividades de ense\u00f1anza, investigaci\u00f3n, extensi\u00f3n o producci\u00f3n de material educativo);&nbsp;<\/p>\n\n\n\n<p>\u2022&nbsp;&nbsp;&nbsp;&nbsp;&nbsp;&nbsp;&nbsp;&nbsp;&nbsp;&nbsp;&nbsp;&nbsp; Presentaci\u00f3n y aprobaci\u00f3n del plan de trabajo, indicando las actividades a desarrollar;&nbsp;<\/p>\n\n\n\n<p>\u2022&nbsp;&nbsp;&nbsp;&nbsp;&nbsp;&nbsp;&nbsp;&nbsp;&nbsp;&nbsp;&nbsp;&nbsp; Presentaci\u00f3n de una carta del orientador confirmando el conocimiento y la aprobaci\u00f3n de la beca, asegurando que las actividades no perjudicar\u00e1n la dedicaci\u00f3n a las actividades del becario del PECEM.&nbsp;<\/p>\n\n\n\n<p><strong>Observaci\u00f3n<\/strong>: No se permite la acumulaci\u00f3n de becas si la beca adicional:<\/p>\n\n\n\n<p>(a) tiene la misma naturaleza \u2013 beca de m\u00e1ster o doctorado;<\/p>\n\n\n\n<p>(b) tiene la misma fuente pagadora (CAPES o CNPq); y\/o<\/p>\n\n\n\n<p>(c) financia actividades no acad\u00e9micas (actividades ajenas a la ense\u00f1anza, investigaci\u00f3n, extensi\u00f3n o producci\u00f3n de material educativo).&nbsp;<\/p>\n\n\n\n<p><strong>A partir del 1 de octubre de 2023<\/strong>: los estudiantes que ya tengan los v\u00ednculos mencionados anteriormente antes de ser becados podr\u00e1n ser beneficiados con cuotas de las becas.&nbsp;<\/p>\n\n\n\n<p>La distribuci\u00f3n de las becas de m\u00e1ster y doctorado, despu\u00e9s de la clasificaci\u00f3n, seguir\u00e1 una ronda inicial de distribuci\u00f3n para los estudiantes que no trabajan y no reciben becas. Despu\u00e9s de esta distribuci\u00f3n, habr\u00e1 una distribuci\u00f3n considerando a los estudiantes que presentan los v\u00ednculos laborales o con becas establecidos por el programa.&nbsp;<\/p>\n\n\n\n<p>El estudiante debe informar a la comisi\u00f3n de becas sobre los v\u00ednculos que posea o llegue a poseer para evaluaci\u00f3n, aprobaci\u00f3n o mantenimiento de las Becas del PECEM. En los casos en que el estudiante no informe a la comisi\u00f3n de becas o no entregue los documentos solicitados, la beca de m\u00e1ster o doctorado del PECEM no ser\u00e1 asignada, o ser\u00e1 cancelada.<\/p>\n\n\n\n<div style=\"height:20px\" aria-hidden=\"true\" class=\"wp-block-spacer\"><\/div>\n\n\n\n<div class=\"wp-block-columns is-layout-flex wp-container-core-columns-is-layout-9d6595d7 wp-block-columns-is-layout-flex\">\n<div class=\"wp-block-column is-layout-flow wp-block-column-is-layout-flow\">\n<div class=\"wp-block-buttons is-content-justification-center is-layout-flex wp-container-core-buttons-is-layout-16018d1d wp-block-buttons-is-layout-flex\">\n<div class=\"wp-block-button has-custom-width wp-block-button__width-100\"><a class=\"wp-block-button__link has-extra-1-background-color has-background wp-element-button\" href=\"https:\/\/pos.uel.br\/pecem\/wp-content\/uploads\/2023\/09\/portaria_133-1-1.pdf\" target=\"_blank\" rel=\"noreferrer noopener\"><strong><strong>PORTARIA CAPES N\u00ba 133, DE 10 DE JULIO DE 2023<\/strong><\/strong><\/a><\/div>\n<\/div>\n\n\n\n<div style=\"height:20px\" aria-hidden=\"true\" class=\"wp-block-spacer\"><\/div>\n\n\n\n<div class=\"wp-block-buttons is-layout-flex wp-block-buttons-is-layout-flex\">\n<div class=\"wp-block-button has-custom-width wp-block-button__width-100\"><a class=\"wp-block-button__link has-extra-1-background-color has-background wp-element-button\" href=\"https:\/\/pos.uel.br\/pecem\/wp-content\/uploads\/2024\/07\/TermodeCompromissoDS_Bolsista.docx\" target=\"_blank\" rel=\"noreferrer noopener\"><strong><strong>T\u00e9rmino de Compromiso del Becado<\/strong><\/strong><\/a><\/div>\n<\/div>\n\n\n\n<div style=\"height:20px\" aria-hidden=\"true\" class=\"wp-block-spacer\"><\/div>\n\n\n\n<div class=\"wp-block-buttons is-layout-flex wp-block-buttons-is-layout-flex\">\n<div class=\"wp-block-button has-custom-width wp-block-button__width-100\"><a class=\"wp-block-button__link has-extra-1-background-color has-background wp-element-button\" href=\"https:\/\/pos.uel.br\/pecem\/wp-content\/uploads\/2021\/08\/DIPPG_Bolsa_PortariaConjuntaCapesCNPq1.pdf\" target=\"_blank\" rel=\"noreferrer noopener\"><strong><strong>Resoluci\u00f3n conjunta de 15\/07\/2010 de la CAPES\/CNPq<\/strong><\/strong><\/a><\/div>\n<\/div>\n\n\n\n<div style=\"height:20px\" aria-hidden=\"true\" class=\"wp-block-spacer\"><\/div>\n\n\n\n<div class=\"wp-block-buttons is-layout-flex wp-block-buttons-is-layout-flex\">\n<div class=\"wp-block-button has-custom-width wp-block-button__width-100\"><a class=\"wp-block-button__link has-extra-1-background-color has-background wp-element-button\" href=\"https:\/\/pos.uel.br\/pecem\/wp-content\/uploads\/2021\/08\/proex-consulta-historica1.pdf\" target=\"_blank\" rel=\"noreferrer noopener\"><strong><strong>Reglamento de la PROEX para consulta hist\u00f3rica<\/strong><\/strong><\/a><\/div>\n<\/div>\n\n\n\n<div style=\"height:20px\" aria-hidden=\"true\" class=\"wp-block-spacer\"><\/div>\n\n\n\n<div class=\"wp-block-buttons is-layout-flex wp-block-buttons-is-layout-flex\">\n<div class=\"wp-block-button has-custom-width wp-block-button__width-100\"><a class=\"wp-block-button__link has-extra-1-background-color has-background wp-element-button\" href=\"https:\/\/pos.uel.br\/pecem\/wp-content\/uploads\/2021\/08\/portaria-2271.pdf\" target=\"_blank\" rel=\"noreferrer noopener\"><strong><strong>PORTARIA CAPES N\u00ba 227 de 27 de Noviembre de 2017<\/strong><\/strong><\/a><\/div>\n<\/div>\n\n\n\n<div style=\"height:20px\" aria-hidden=\"true\" class=\"wp-block-spacer\"><\/div>\n\n\n\n<div class=\"wp-block-buttons is-layout-flex wp-block-buttons-is-layout-flex\">\n<div class=\"wp-block-button has-custom-width wp-block-button__width-100\"><a class=\"wp-block-button__link has-extra-1-background-color has-background wp-element-button\" href=\"https:\/\/pos.uel.br\/pecem\/wp-content\/uploads\/2021\/08\/devolucao-de-bolsa.pdf\" target=\"_blank\" rel=\"noreferrer noopener\"><strong><strong>Orientaciones para la devoluci\u00f3n de becas<\/strong><\/strong><\/a><\/div>\n<\/div>\n\n\n\n<div style=\"height:20px\" aria-hidden=\"true\" class=\"wp-block-spacer\"><\/div>\n\n\n\n<div class=\"wp-block-buttons is-layout-flex wp-block-buttons-is-layout-flex\">\n<div class=\"wp-block-button has-custom-width wp-block-button__width-100\"><a class=\"wp-block-button__link has-extra-1-background-color has-background wp-element-button\" href=\"https:\/\/pos.uel.br\/pecem\/wp-content\/uploads\/2025\/02\/SEI_2538198_Oficio_Circular_1-Novas-regras-em-caso-de-licenca-maternidade-1.pdf\" target=\"_blank\" rel=\"noreferrer noopener\"><strong><strong>Nuevas Reglas para la Pr\u00f3rroga de Becas de Estudio en Caso de Licencia por Maternidad (2025)<\/strong><\/strong><\/a><\/div>\n<\/div>\n<\/div>\n\n\n\n<div class=\"wp-block-column is-layout-flow wp-block-column-is-layout-flow\">\n<div class=\"wp-block-buttons is-content-justification-center is-layout-flex wp-container-core-buttons-is-layout-16018d1d wp-block-buttons-is-layout-flex\">\n<div class=\"wp-block-button has-custom-width wp-block-button__width-100\"><a class=\"wp-block-button__link has-extra-1-background-color has-background wp-element-button\" href=\"https:\/\/pos.uel.br\/pecem\/wp-content\/uploads\/2024\/07\/Instrucao-de-Servico_PROPPG_07_2023-Portaria-133.pdf\" target=\"_blank\" rel=\"noreferrer noopener\"><strong><strong>INSTRUCCI\u00d3N DE SERVICIO PROPPG N. 07\/2023<\/strong><\/strong><\/a><\/div>\n<\/div>\n\n\n\n<div style=\"height:20px\" aria-hidden=\"true\" class=\"wp-block-spacer\"><\/div>\n\n\n\n<div class=\"wp-block-buttons is-layout-flex wp-block-buttons-is-layout-flex\">\n<div class=\"wp-block-button has-custom-width wp-block-button__width-100\"><a class=\"wp-block-button__link has-extra-1-background-color has-background wp-element-button\" href=\"https:\/\/pos.uel.br\/pecem\/wp-content\/uploads\/2024\/07\/DeclaraodeAcmulos1-Modelo-2.docx\" target=\"_blank\" rel=\"noreferrer noopener\"><strong><strong>DECLARACI\u00d3N DE ACUMULOS<\/strong><\/strong><\/a><\/div>\n<\/div>\n\n\n\n<div style=\"height:20px\" aria-hidden=\"true\" class=\"wp-block-spacer\"><\/div>\n\n\n\n<div class=\"wp-block-buttons is-layout-flex wp-block-buttons-is-layout-flex\">\n<div class=\"wp-block-button has-custom-width wp-block-button__width-100\"><a class=\"wp-block-button__link has-extra-1-background-color has-background wp-element-button\" href=\"https:\/\/pos.uel.br\/pecem\/wp-content\/uploads\/2021\/08\/proex-atualizado1.pdf\" target=\"_blank\" rel=\"noreferrer noopener\"><strong><strong>Reglamento de la PROEX actualizado<\/strong><\/strong><\/a><\/div>\n<\/div>\n\n\n\n<div style=\"height:20px\" aria-hidden=\"true\" class=\"wp-block-spacer\"><\/div>\n\n\n\n<div class=\"wp-block-buttons is-layout-flex wp-block-buttons-is-layout-flex\">\n<div class=\"wp-block-button has-custom-width wp-block-button__width-100\"><a class=\"wp-block-button__link has-extra-1-background-color has-background wp-element-button\" href=\"https:\/\/pos.uel.br\/pecem\/wp-content\/uploads\/2021\/08\/portaria-1321.pdf\" target=\"_blank\" rel=\"noreferrer noopener\"><strong><strong>PORTARIA CAPES N\u00ba 132 de 18 de Agosto de 2016&nbsp;<\/strong><\/strong><\/a><\/div>\n<\/div>\n\n\n\n<div style=\"height:20px\" aria-hidden=\"true\" class=\"wp-block-spacer\"><\/div>\n\n\n\n<div class=\"wp-block-buttons is-layout-flex wp-block-buttons-is-layout-flex\">\n<div class=\"wp-block-button has-custom-width wp-block-button__width-100\"><a class=\"wp-block-button__link has-extra-1-background-color has-background wp-element-button\" href=\"https:\/\/pos.uel.br\/pecem\/wp-content\/uploads\/2021\/08\/termo-de-compromisso-discente1.pdf\" target=\"_blank\" rel=\"noreferrer noopener\"><strong><strong>T\u00e9rmino de Compromiso para estudiantes becados<\/strong><\/strong><\/a><\/div>\n<\/div>\n\n\n\n<div style=\"height:20px\" aria-hidden=\"true\" class=\"wp-block-spacer\"><\/div>\n\n\n\n<div class=\"wp-block-buttons is-layout-flex wp-block-buttons-is-layout-flex\">\n<div class=\"wp-block-button has-custom-width wp-block-button__width-100\"><a class=\"wp-block-button__link has-extra-1-background-color has-background wp-element-button\" href=\"https:\/\/pos.uel.br\/pecem\/wp-content\/uploads\/2021\/08\/devolucao-custeio-e-capital.pdf\" target=\"_blank\" rel=\"noreferrer noopener\"><strong><strong>Orientaciones para la devoluci\u00f3n de recursos de financiamiento y capital<\/strong><\/strong><\/a><\/div>\n<\/div>\n<\/div>\n<\/div>\n\n\n\n<p><strong>Miembros de la Comisi\u00f3n de Becas del PECEM:<\/strong><br>Presidente: Profa. Mariana A. Bologna Soares de Andrade<br>Profa. Fabiele Cristiane Dias Broietti<br>Profa. Pamela Emanueli Alves Ferreira<br>Representante estudiantil: Isadora Polvani Barbosa<\/p>\n","protected":false},"excerpt":{"rendered":"<p>Cantidad de becas actualmente El programa cuenta con 33 (treinta y tres) becas de Doctorado de la CAPES, 2 (dos) becas de Doctorado vigentes de la CAPES a trav\u00e9s de la convocatoria de la Fundaci\u00f3n Arauc\u00e1ria y 1 (una) beca de Doctorado vigente de la CNPQ a trav\u00e9s de la convocatoria de la Fundaci\u00f3n Arauc\u00e1ria.\u00a0 [&hellip;]<\/p>\n","protected":false},"author":8,"featured_media":0,"parent":0,"menu_order":0,"comment_status":"closed","ping_status":"closed","template":"","meta":{"_acf_changed":false,"footnotes":""},"class_list":["post-3075","page","type-page","status-publish","hentry"],"acf":[],"_links":{"self":[{"href":"https:\/\/pos.uel.br\/pecem\/wp-json\/wp\/v2\/pages\/3075","targetHints":{"allow":["GET"]}}],"collection":[{"href":"https:\/\/pos.uel.br\/pecem\/wp-json\/wp\/v2\/pages"}],"about":[{"href":"https:\/\/pos.uel.br\/pecem\/wp-json\/wp\/v2\/types\/page"}],"author":[{"embeddable":true,"href":"https:\/\/pos.uel.br\/pecem\/wp-json\/wp\/v2\/users\/8"}],"replies":[{"embeddable":true,"href":"https:\/\/pos.uel.br\/pecem\/wp-json\/wp\/v2\/comments?post=3075"}],"version-history":[{"count":5,"href":"https:\/\/pos.uel.br\/pecem\/wp-json\/wp\/v2\/pages\/3075\/revisions"}],"predecessor-version":[{"id":3366,"href":"https:\/\/pos.uel.br\/pecem\/wp-json\/wp\/v2\/pages\/3075\/revisions\/3366"}],"wp:attachment":[{"href":"https:\/\/pos.uel.br\/pecem\/wp-json\/wp\/v2\/media?parent=3075"}],"curies":[{"name":"wp","href":"https:\/\/api.w.org\/{rel}","templated":true}]}}