{"id":2464,"date":"2024-07-25T01:45:22","date_gmt":"2024-07-25T04:45:22","guid":{"rendered":"https:\/\/pos.uel.br\/pecem\/?page_id=2464"},"modified":"2025-04-28T18:41:15","modified_gmt":"2025-04-28T21:41:15","slug":"ii-epecem","status":"publish","type":"page","link":"https:\/\/pos.uel.br\/pecem\/ii-epecem\/","title":{"rendered":"II EPECEM"},"content":{"rendered":"\n<h2 class=\"wp-block-heading\"><strong>II Encontro de Estudantes e Egressos do Programa de P\u00f3s-Gradua\u00e7\u00e3o em Ensino de Ci\u00eancias e Educa\u00e7\u00e3o Matem\u00e1tica \u2013 \u201cComemorando 20 anos de hist\u00f3ria\u201d<\/strong><\/h2>\n\n\n<div class=\"wp-block-image\">\n<figure class=\"aligncenter is-resized\"><img loading=\"lazy\" decoding=\"async\" width=\"750\" height=\"564\" src=\"https:\/\/pos.uel.br\/pecem\/wp-content\/uploads\/2023\/05\/Imagem1.png\" alt=\"\" class=\"wp-image-1853\" style=\"width:682px;height:auto\" srcset=\"https:\/\/pos.uel.br\/pecem\/wp-content\/uploads\/2023\/05\/Imagem1.png 750w, https:\/\/pos.uel.br\/pecem\/wp-content\/uploads\/2023\/05\/Imagem1-300x226.png 300w\" sizes=\"auto, (max-width: 750px) 100vw, 750px\" \/><\/figure>\n<\/div>\n\n\n<p><strong>Organiza\u00e7\u00e3o<\/strong>: Iniciativa dos estudantes do PECEM com o apoio dos docentes do Programa.<\/p>\n\n\n\n<p><strong>Objetivo<\/strong>: Reunir estudantes, egressos e docentes para discutir temas relacionados \u00e0 aspectos avaliativos, como os dados da \u00faltima Avalia\u00e7\u00e3o Quadrienal (2017-2020) e resultados da comiss\u00e3o de auto avalia\u00e7\u00e3o do PECEM. Para al\u00e9m dessas discuss\u00f5es, foi sistematizada uma parte das atividades, considerando-o como um evento comemorativo, em celebra\u00e7\u00e3o aos 20 anos do Programa de P\u00f3s-Gradua\u00e7\u00e3o em Ensino de Ci\u00eancias e Educa\u00e7\u00e3o Matem\u00e1tica.<\/p>\n\n\n\n<p><strong>Per\u00edodo de realiza\u00e7\u00e3o:&nbsp;<\/strong>01 dezembro de 2022 (evento presencial).<\/p>\n\n\n\n<p><strong>Resultados<\/strong>: Por meio da colabora\u00e7\u00e3o entre docentes, discentes e egressos foi organizado o II EPECEM. &nbsp;Nesta segunda edi\u00e7\u00e3o, cientes da necessidade de olhar o cen\u00e1rio atual, discutiu-se temas de extrema relev\u00e2ncia que possibilitam avaliar a\u00e7\u00f5es passadas e (re)pensar a\u00e7\u00f5es futuras.&nbsp;<a href=\"https:\/\/www.youtube.com\/watch?v=Naicx2cuhtU\" target=\"_blank\" rel=\"noreferrer noopener\">Como atividade inicial do evento foram relembrados alguns acontecimentos que demarcaram a trajet\u00f3ria do PECEM, seguida de uma homenagem aos docentes do programa.<\/a>&nbsp;Na continuidade foram apresentados dados da Avalia\u00e7\u00e3o Quadrienal (2017-2020), demarcando aspectos avaliativos importantes para a qualidade e excel\u00eancia do Programa. Foram tamb\u00e9m apresentados dados que expressam a auto avalia\u00e7\u00e3o do programa, extra\u00eddo de question\u00e1rios que foram respondidos por estudantes, egressos e docentes. Ao final, para comemorar os vinte anos de exist\u00eancia do PECEM e sua hist\u00f3ria de pioneirismo, avan\u00e7os, refer\u00eancia e novas perspectivas na \u00e1rea de Ensino, foi lan\u00e7ado o Livro:&nbsp;<em>PECEM: 20 anos de pesquisas em Ensino de Ci\u00eancias e Educa\u00e7\u00e3o Matem\u00e1tica.<\/em><\/p>\n\n\n\n<p><strong>Discente que participaram da comiss\u00e3o organizadora do evento:<\/strong><\/p>\n\n\n\n<ul class=\"wp-block-list\">\n<li>Daniele Bremm;<\/li>\n\n\n\n<li>Eloisa Antunes Maciel;<\/li>\n\n\n\n<li>Fernanda Garcia de Almeida;<\/li>\n\n\n\n<li>Gabriela Gonzaga Cher;<\/li>\n\n\n\n<li>Isadora Polvani;<\/li>\n\n\n\n<li>Marllon Moreti de Souza Rosa;<\/li>\n<\/ul>\n\n\n\n<p><strong>Egressos que participaram da comiss\u00e3o organizadora do evento:<\/strong><\/p>\n\n\n\n<ul class=\"wp-block-list\">\n<li>Bruna Adriane Fary;<\/li>\n\n\n\n<li>Gabriel dos Santos e Silva;<\/li>\n<\/ul>\n\n\n\n<p><strong>Docentes que participaram da comiss\u00e3o organizadora do evento:<\/strong><\/p>\n\n\n\n<ul class=\"wp-block-list\">\n<li>Andreia de Freitas Zompero;<\/li>\n\n\n\n<li>Fabiele C. Dias Broietti;<\/li>\n\n\n\n<li>Mariana Aparecida Bologna Soares de Andrade;<\/li>\n\n\n\n<li>P\u00e2mela E. Alves Ferreira;<\/li>\n<\/ul>\n\n\n\n<p><strong>Produ\u00e7\u00e3o:&nbsp;<\/strong>Foi divulgado, no evento, o livro&nbsp;<a href=\"https:\/\/pos.uel.br\/pecem\/producoes-do-pecem\/\" target=\"_blank\" rel=\"noreferrer noopener\"><strong><em>\u201cPECEM \u2013 20 anos de pesquisas em Ensino de Ci\u00eancias e Educa\u00e7\u00e3o Matem\u00e1tica\u201d<\/em><\/strong>,<\/a>&nbsp;organizado pela Profa. Mariana A. B. S. de Andrade e Profa. Dra. Fabiele C. Dias Broietti.<\/p>\n\n\n\n<div style=\"height:45px\" aria-hidden=\"true\" class=\"wp-block-spacer\"><\/div>\n\n\n\n<div class=\"wp-block-columns is-layout-flex wp-container-core-columns-is-layout-9d6595d7 wp-block-columns-is-layout-flex\">\n<div class=\"wp-block-column is-layout-flow wp-block-column-is-layout-flow\">\n<figure class=\"wp-block-gallery has-nested-images columns-default is-cropped wp-block-gallery-1 is-layout-flex wp-block-gallery-is-layout-flex\">\n<figure class=\"wp-block-image size-large\"><img loading=\"lazy\" decoding=\"async\" width=\"1024\" height=\"768\" data-id=\"2821\" src=\"https:\/\/pos.uel.br\/pecem\/wp-content\/uploads\/2024\/12\/image00098-1024x768.jpeg\" alt=\"\" class=\"wp-image-2821\" srcset=\"https:\/\/pos.uel.br\/pecem\/wp-content\/uploads\/2024\/12\/image00098-1024x768.jpeg 1024w, https:\/\/pos.uel.br\/pecem\/wp-content\/uploads\/2024\/12\/image00098-300x225.jpeg 300w, https:\/\/pos.uel.br\/pecem\/wp-content\/uploads\/2024\/12\/image00098-768x576.jpeg 768w, https:\/\/pos.uel.br\/pecem\/wp-content\/uploads\/2024\/12\/image00098-1536x1152.jpeg 1536w, https:\/\/pos.uel.br\/pecem\/wp-content\/uploads\/2024\/12\/image00098-2048x1536.jpeg 2048w\" sizes=\"auto, (max-width: 1024px) 100vw, 1024px\" \/><\/figure>\n<\/figure>\n<\/div>\n\n\n\n<div class=\"wp-block-column is-layout-flow wp-block-column-is-layout-flow\">\n<figure class=\"wp-block-image size-large\"><img loading=\"lazy\" decoding=\"async\" width=\"1024\" height=\"768\" src=\"https:\/\/pos.uel.br\/pecem\/wp-content\/uploads\/2024\/12\/image00093-1024x768.jpeg\" alt=\"\" class=\"wp-image-2822\" srcset=\"https:\/\/pos.uel.br\/pecem\/wp-content\/uploads\/2024\/12\/image00093-1024x768.jpeg 1024w, https:\/\/pos.uel.br\/pecem\/wp-content\/uploads\/2024\/12\/image00093-300x225.jpeg 300w, https:\/\/pos.uel.br\/pecem\/wp-content\/uploads\/2024\/12\/image00093-768x576.jpeg 768w, https:\/\/pos.uel.br\/pecem\/wp-content\/uploads\/2024\/12\/image00093-1536x1152.jpeg 1536w, https:\/\/pos.uel.br\/pecem\/wp-content\/uploads\/2024\/12\/image00093-2048x1536.jpeg 2048w\" sizes=\"auto, (max-width: 1024px) 100vw, 1024px\" \/><\/figure>\n<\/div>\n<\/div>\n\n\n\n<div class=\"wp-block-columns is-layout-flex wp-container-core-columns-is-layout-9d6595d7 wp-block-columns-is-layout-flex\">\n<div class=\"wp-block-column is-layout-flow wp-block-column-is-layout-flow\">\n<figure class=\"wp-block-image size-large\"><img loading=\"lazy\" decoding=\"async\" width=\"1024\" height=\"678\" src=\"https:\/\/pos.uel.br\/pecem\/wp-content\/uploads\/2024\/12\/DSC_0008-1024x678.jpg\" alt=\"\" class=\"wp-image-2823\" srcset=\"https:\/\/pos.uel.br\/pecem\/wp-content\/uploads\/2024\/12\/DSC_0008-1024x678.jpg 1024w, https:\/\/pos.uel.br\/pecem\/wp-content\/uploads\/2024\/12\/DSC_0008-300x199.jpg 300w, https:\/\/pos.uel.br\/pecem\/wp-content\/uploads\/2024\/12\/DSC_0008-768x509.jpg 768w, https:\/\/pos.uel.br\/pecem\/wp-content\/uploads\/2024\/12\/DSC_0008-1536x1017.jpg 1536w, https:\/\/pos.uel.br\/pecem\/wp-content\/uploads\/2024\/12\/DSC_0008-2048x1356.jpg 2048w\" sizes=\"auto, (max-width: 1024px) 100vw, 1024px\" \/><\/figure>\n<\/div>\n\n\n\n<div class=\"wp-block-column is-layout-flow wp-block-column-is-layout-flow\">\n<figure class=\"wp-block-gallery has-nested-images columns-default is-cropped wp-block-gallery-2 is-layout-flex wp-block-gallery-is-layout-flex\">\n<figure class=\"wp-block-image size-large\"><img loading=\"lazy\" decoding=\"async\" width=\"1024\" height=\"678\" data-id=\"2827\" src=\"https:\/\/pos.uel.br\/pecem\/wp-content\/uploads\/2024\/12\/DSC_0099-3-1024x678.jpg\" alt=\"\" class=\"wp-image-2827\" srcset=\"https:\/\/pos.uel.br\/pecem\/wp-content\/uploads\/2024\/12\/DSC_0099-3-1024x678.jpg 1024w, https:\/\/pos.uel.br\/pecem\/wp-content\/uploads\/2024\/12\/DSC_0099-3-300x199.jpg 300w, https:\/\/pos.uel.br\/pecem\/wp-content\/uploads\/2024\/12\/DSC_0099-3-768x509.jpg 768w, https:\/\/pos.uel.br\/pecem\/wp-content\/uploads\/2024\/12\/DSC_0099-3-1536x1017.jpg 1536w, https:\/\/pos.uel.br\/pecem\/wp-content\/uploads\/2024\/12\/DSC_0099-3-2048x1356.jpg 2048w\" sizes=\"auto, (max-width: 1024px) 100vw, 1024px\" \/><\/figure>\n<\/figure>\n<\/div>\n<\/div>\n\n\n\n<p>Reportagem &#8211; <a href=\"https:\/\/operobal.uel.br\/pos-graduacao\/2022\/12\/06\/programa-de-pos-graduacao-em-ensino-de-ciencias-e-educacao-matematica-comemora-20-anos\/\" data-type=\"link\" data-id=\"https:\/\/operobal.uel.br\/pos-graduacao\/2022\/12\/06\/programa-de-pos-graduacao-em-ensino-de-ciencias-e-educacao-matematica-comemora-20-anos\/\">Ag\u00eancia de Not\u00edcias UEL<\/a><\/p>\n\n\n\n<p><\/p>\n","protected":false},"excerpt":{"rendered":"<p>II Encontro de Estudantes e Egressos do Programa de P\u00f3s-Gradua\u00e7\u00e3o em Ensino de Ci\u00eancias e Educa\u00e7\u00e3o Matem\u00e1tica \u2013 \u201cComemorando 20 anos de hist\u00f3ria\u201d Organiza\u00e7\u00e3o: Iniciativa dos estudantes do PECEM com o apoio dos docentes do Programa. Objetivo: Reunir estudantes, egressos e docentes para discutir temas relacionados \u00e0 aspectos avaliativos, como os dados da \u00faltima Avalia\u00e7\u00e3o [&hellip;]<\/p>\n","protected":false},"author":8,"featured_media":0,"parent":0,"menu_order":0,"comment_status":"closed","ping_status":"closed","template":"","meta":{"_acf_changed":false,"footnotes":""},"class_list":["post-2464","page","type-page","status-publish","hentry"],"acf":[],"_links":{"self":[{"href":"https:\/\/pos.uel.br\/pecem\/wp-json\/wp\/v2\/pages\/2464","targetHints":{"allow":["GET"]}}],"collection":[{"href":"https:\/\/pos.uel.br\/pecem\/wp-json\/wp\/v2\/pages"}],"about":[{"href":"https:\/\/pos.uel.br\/pecem\/wp-json\/wp\/v2\/types\/page"}],"author":[{"embeddable":true,"href":"https:\/\/pos.uel.br\/pecem\/wp-json\/wp\/v2\/users\/8"}],"replies":[{"embeddable":true,"href":"https:\/\/pos.uel.br\/pecem\/wp-json\/wp\/v2\/comments?post=2464"}],"version-history":[{"count":4,"href":"https:\/\/pos.uel.br\/pecem\/wp-json\/wp\/v2\/pages\/2464\/revisions"}],"predecessor-version":[{"id":3266,"href":"https:\/\/pos.uel.br\/pecem\/wp-json\/wp\/v2\/pages\/2464\/revisions\/3266"}],"wp:attachment":[{"href":"https:\/\/pos.uel.br\/pecem\/wp-json\/wp\/v2\/media?parent=2464"}],"curies":[{"name":"wp","href":"https:\/\/api.w.org\/{rel}","templated":true}]}}