{"id":2391,"date":"2024-07-17T16:32:45","date_gmt":"2024-07-17T19:32:45","guid":{"rendered":"https:\/\/pos.uel.br\/pecem\/?page_id=2391"},"modified":"2025-09-18T16:27:52","modified_gmt":"2025-09-18T19:27:52","slug":"pci-pecem-uel","status":"publish","type":"page","link":"https:\/\/pos.uel.br\/pecem\/pci-pecem-uel\/","title":{"rendered":"PCI\/PECEM\/UEL"},"content":{"rendered":"\n<p><\/p>\n\n\n\n<p>No \u00e2mbito dos <a href=\"https:\/\/www.gov.br\/capes\/pt-br\/acesso-a-informacao\/acoes-e-programas\/avaliacao\/sistema-nacional-de-pos-graduacao-snpg\/pci\" target=\"_blank\" rel=\"noreferrer noopener\"><strong>Projetos de Coopera\u00e7\u00e3o entre Institui\u00e7\u00f5es (PCI)<\/strong><\/a>, visando \u00e0 forma\u00e7\u00e3o do corpo docente da <strong>Universidade de Licungo (Mo\u00e7ambique)<\/strong> para garantir o aprimoramento do ensino, pesquisa, extens\u00e3o e inova\u00e7\u00e3o, foi assinado, em dezembro de 2020, um Memorando com a Universidade Estadual de Londrina (UEL). Esse memorando resultou em um programa conjunto de forma\u00e7\u00e3o de docentes da Universidade de Licungo em n\u00edveis de Mestrado e Doutorado no Programa de P\u00f3s-Gradua\u00e7\u00e3o em Ensino de Ci\u00eancias e Educa\u00e7\u00e3o Matem\u00e1tica (PECEM).<\/p>\n\n\n\n<p>O programa de coopera\u00e7\u00e3o prev\u00ea as seguintes atividades: i) ministrar disciplinas para os professores aprovados na sele\u00e7\u00e3o de Mestrado de Doutorado; ii) realizar miss\u00f5es de pesquisa \u2014 coordena\u00e7\u00e3o e\/ou docentes do PECEM \u2014 na UniLicungo para o desenvolvimento de atividades de pesquisas; e iii) auxiliar no fortalecimento dos grupos de pesquisa, diversificando as discuss\u00f5es em fun\u00e7\u00e3o dos contextos de ambos os pa\u00edses. No Quadro 1, apresentamos os docentes da Unilicungo, participantes do PCI &#8211; (PECEM\/UEL e UniLicungo)<\/p>\n\n\n\n<p><strong>Quadro 1<\/strong>: Estudantes, n\u00edvel do curso, \u00e1rea de conhecimento e docentes orientadores<\/p>\n\n\n\n<figure class=\"wp-block-table\"><table class=\"has-fixed-layout\"><tbody><tr><td class=\"has-text-align-center\" data-align=\"center\"><strong>Estudantes<\/strong><\/td><td class=\"has-text-align-center\" data-align=\"center\"><strong>N\u00edvel<\/strong><\/td><td class=\"has-text-align-center\" data-align=\"center\"><strong>\u00c1rea<\/strong><\/td><td class=\"has-text-align-center\" data-align=\"center\"><strong>Orientador(a)<\/strong><\/td><\/tr><tr><td class=\"has-text-align-center\" data-align=\"center\">Antonio Pinto Azevedo Muanaoba<\/td><td class=\"has-text-align-center\" data-align=\"center\">Mestrado<\/td><td class=\"has-text-align-center\" data-align=\"center\">Matem\u00e1tica<\/td><td class=\"has-text-align-center\" data-align=\"center\">Angela M. P. D. Savioli<\/td><\/tr><tr><td class=\"has-text-align-center\" data-align=\"center\">Ezequiel Elias Forma Semente<\/td><td class=\"has-text-align-center\" data-align=\"center\">Mestrado<\/td><td class=\"has-text-align-center\" data-align=\"center\">Matem\u00e1tica<\/td><td class=\"has-text-align-center\" data-align=\"center\">Angela M. P. D. Savioli<\/td><\/tr><tr><td class=\"has-text-align-center\" data-align=\"center\">Am\u00e2ndio Baci\u00e3o Mutumula &nbsp;<\/td><td class=\"has-text-align-center\" data-align=\"center\">Doutorado<\/td><td class=\"has-text-align-center\" data-align=\"center\">Biologia<\/td><td class=\"has-text-align-center\" data-align=\"center\">\u00c1lvaro Lorencini J\u00fanior<\/td><\/tr><tr><td class=\"has-text-align-center\" data-align=\"center\">Cristina Fernanda Chamussora da Costa &nbsp;<\/td><td class=\"has-text-align-center\" data-align=\"center\">Doutorado<\/td><td class=\"has-text-align-center\" data-align=\"center\">Matem\u00e1tica<\/td><td class=\"has-text-align-center\" data-align=\"center\">Regina L. C. de Buriasco<\/td><\/tr><tr><td class=\"has-text-align-center\" data-align=\"center\">Em\u00edlio Sobrinho Gomes Alfandega<\/td><td class=\"has-text-align-center\" data-align=\"center\">Doutorado<\/td><td class=\"has-text-align-center\" data-align=\"center\">F\u00edsica<\/td><td class=\"has-text-align-center\" data-align=\"center\">Sergio de M. Arruda<\/td><\/tr><tr><td class=\"has-text-align-center\" data-align=\"center\">Fernando Jo\u00e3o &nbsp;<\/td><td class=\"has-text-align-center\" data-align=\"center\">Doutorado<\/td><td class=\"has-text-align-center\" data-align=\"center\">Matem\u00e1tica<\/td><td class=\"has-text-align-center\" data-align=\"center\">Marinez M. Passos<\/td><\/tr><tr><td class=\"has-text-align-center\" data-align=\"center\">Gisela Francisco Mapatse &nbsp;<\/td><td class=\"has-text-align-center\" data-align=\"center\">Doutorado<\/td><td class=\"has-text-align-center\" data-align=\"center\">F\u00edsica<\/td><td class=\"has-text-align-center\" data-align=\"center\">Irin\u00e9a L. Batista<\/td><\/tr><tr><td class=\"has-text-align-center\" data-align=\"center\">Luis Morais Macaripe &nbsp;<\/td><td class=\"has-text-align-center\" data-align=\"center\">Doutorado<\/td><td class=\"has-text-align-center\" data-align=\"center\">Qu\u00edmica<\/td><td class=\"has-text-align-center\" data-align=\"center\">Mois\u00e9s A. de Oliveira<\/td><\/tr><tr><td class=\"has-text-align-center\" data-align=\"center\">Nito Artur Mirione &nbsp;<\/td><td class=\"has-text-align-center\" data-align=\"center\">Doutorado<\/td><td class=\"has-text-align-center\" data-align=\"center\">Biologia<\/td><td class=\"has-text-align-center\" data-align=\"center\">Mariana A. B. S. Andrade<\/td><\/tr><tr><td class=\"has-text-align-center\" data-align=\"center\">Rosalino Subtil Chicote &nbsp;<\/td><td class=\"has-text-align-center\" data-align=\"center\">Doutorado<\/td><td class=\"has-text-align-center\" data-align=\"center\">Matem\u00e1tica<\/td><td class=\"has-text-align-center\" data-align=\"center\">Marinez M. Passos<\/td><\/tr><tr><td class=\"has-text-align-center\" data-align=\"center\">St\u00e9lia Mariana Alfredo Capathia Nahia &nbsp;<\/td><td class=\"has-text-align-center\" data-align=\"center\">Doutorado<\/td><td class=\"has-text-align-center\" data-align=\"center\">Qu\u00edmica<\/td><td class=\"has-text-align-center\" data-align=\"center\">Fabiele C. D. Broietti<\/td><\/tr><\/tbody><\/table><\/figure>\n\n\n\n<p><\/p>\n\n\n\n<p><\/p>\n\n\n\n<p><strong><a href=\"https:\/\/operobal.uel.br\/internacional\/2023\/03\/16\/docentes-visitam-universidade-em-mocambique-em-projeto-de-parceria-academica\/\" data-type=\"link\" data-id=\"https:\/\/operobal.uel.br\/internacional\/2023\/03\/16\/docentes-visitam-universidade-em-mocambique-em-projeto-de-parceria-academica\/\" target=\"_blank\" rel=\"noreferrer noopener\">Professores do PECEM visitam universidade em Mo\u00e7ambique em projeto de parceria acad\u00eamica<\/a><\/strong> (clique para ler a reportagem).<\/p>\n\n\n\n<p>As visitas aconteceram entre os meses de fevereiro e mar\u00e7o de 2023.<\/p>\n\n\n\n<div class=\"wp-block-columns is-layout-flex wp-container-core-columns-is-layout-9d6595d7 wp-block-columns-is-layout-flex\">\n<div class=\"wp-block-column is-layout-flow wp-block-column-is-layout-flow\">\n<figure class=\"wp-block-gallery has-nested-images columns-default is-cropped wp-block-gallery-1 is-layout-flex wp-block-gallery-is-layout-flex\">\n<figure class=\"wp-block-image size-large\"><img loading=\"lazy\" decoding=\"async\" width=\"1024\" height=\"768\" data-id=\"2767\" src=\"https:\/\/pos.uel.br\/pecem\/wp-content\/uploads\/2024\/10\/ECXD1822-1-1024x768.jpg\" alt=\"\" class=\"wp-image-2767\" srcset=\"https:\/\/pos.uel.br\/pecem\/wp-content\/uploads\/2024\/10\/ECXD1822-1-1024x768.jpg 1024w, https:\/\/pos.uel.br\/pecem\/wp-content\/uploads\/2024\/10\/ECXD1822-1-300x225.jpg 300w, https:\/\/pos.uel.br\/pecem\/wp-content\/uploads\/2024\/10\/ECXD1822-1-768x576.jpg 768w, https:\/\/pos.uel.br\/pecem\/wp-content\/uploads\/2024\/10\/ECXD1822-1.jpg 1152w\" sizes=\"auto, (max-width: 1024px) 100vw, 1024px\" \/><\/figure>\n<\/figure>\n<\/div>\n\n\n\n<div class=\"wp-block-column is-layout-flow wp-block-column-is-layout-flow\">\n<figure class=\"wp-block-gallery has-nested-images columns-default is-cropped wp-block-gallery-2 is-layout-flex wp-block-gallery-is-layout-flex\">\n<figure class=\"wp-block-image size-large\"><img loading=\"lazy\" decoding=\"async\" width=\"1024\" height=\"768\" data-id=\"2768\" src=\"https:\/\/pos.uel.br\/pecem\/wp-content\/uploads\/2024\/10\/EERH7372-1024x768.jpg\" alt=\"\" class=\"wp-image-2768\" srcset=\"https:\/\/pos.uel.br\/pecem\/wp-content\/uploads\/2024\/10\/EERH7372-1024x768.jpg 1024w, https:\/\/pos.uel.br\/pecem\/wp-content\/uploads\/2024\/10\/EERH7372-300x225.jpg 300w, https:\/\/pos.uel.br\/pecem\/wp-content\/uploads\/2024\/10\/EERH7372-768x576.jpg 768w, https:\/\/pos.uel.br\/pecem\/wp-content\/uploads\/2024\/10\/EERH7372-1536x1152.jpg 1536w, https:\/\/pos.uel.br\/pecem\/wp-content\/uploads\/2024\/10\/EERH7372.jpg 1600w\" sizes=\"auto, (max-width: 1024px) 100vw, 1024px\" \/><\/figure>\n<\/figure>\n<\/div>\n<\/div>\n\n\n\n<p><strong>RECEP\u00c7\u00c3O INSTITUCIONAL<\/strong><\/p>\n\n\n\n<p><\/p>\n\n\n\n<p>No dia <strong>09 de outubro de 2024<\/strong>, ocorreu, no Gabinete da Reitoria da UEL, a recep\u00e7\u00e3o institucional dos doutorandos e doutorandas de Mo\u00e7ambique que participam do acordo de coopera\u00e7\u00e3o entre a Universidade Estadual de Londrina e a UniLicungo\/Mo\u00e7ambique, por meio do Programa de P\u00f3s-Gradua\u00e7\u00e3o em Ensino de Ci\u00eancias e Educa\u00e7\u00e3o Matem\u00e1tica (PECEM). Estiveram presentes os doutorandos e doutorandas, docentes do PECEM, a equipe da ARI \u2014 Assessoria de Rela\u00e7\u00f5es Internacionais, e o vice-reitor da Universidade Estadual de Londrina. <\/p>\n\n\n\n<p>Ao todo, sete professores da UniLicungo est\u00e3o na UEL para um est\u00e1gio sandu\u00edche com dura\u00e7\u00e3o de seis meses.<\/p>\n\n\n\n<p><\/p>\n\n\n\n<div class=\"wp-block-columns is-layout-flex wp-container-core-columns-is-layout-9d6595d7 wp-block-columns-is-layout-flex\">\n<div class=\"wp-block-column is-layout-flow wp-block-column-is-layout-flow\">\n<figure class=\"wp-block-image size-large is-resized\"><img loading=\"lazy\" decoding=\"async\" width=\"768\" height=\"1024\" src=\"https:\/\/pos.uel.br\/pecem\/wp-content\/uploads\/2024\/10\/WhatsApp-Image-2024-10-09-at-08.58.25-768x1024.jpeg\" alt=\"\" class=\"wp-image-2769\" style=\"width:409px;height:auto\" srcset=\"https:\/\/pos.uel.br\/pecem\/wp-content\/uploads\/2024\/10\/WhatsApp-Image-2024-10-09-at-08.58.25-768x1024.jpeg 768w, https:\/\/pos.uel.br\/pecem\/wp-content\/uploads\/2024\/10\/WhatsApp-Image-2024-10-09-at-08.58.25-225x300.jpeg 225w, https:\/\/pos.uel.br\/pecem\/wp-content\/uploads\/2024\/10\/WhatsApp-Image-2024-10-09-at-08.58.25.jpeg 960w\" sizes=\"auto, (max-width: 768px) 100vw, 768px\" \/><\/figure>\n<\/div>\n\n\n\n<div class=\"wp-block-column is-layout-flow wp-block-column-is-layout-flow\">\n<figure class=\"wp-block-image size-large is-resized\"><img loading=\"lazy\" decoding=\"async\" width=\"768\" height=\"1024\" src=\"https:\/\/pos.uel.br\/pecem\/wp-content\/uploads\/2024\/10\/WhatsApp-Image-2024-10-08-at-19.29.57-768x1024.jpeg\" alt=\"\" class=\"wp-image-2770\" style=\"width:398px;height:auto\" srcset=\"https:\/\/pos.uel.br\/pecem\/wp-content\/uploads\/2024\/10\/WhatsApp-Image-2024-10-08-at-19.29.57-768x1024.jpeg 768w, https:\/\/pos.uel.br\/pecem\/wp-content\/uploads\/2024\/10\/WhatsApp-Image-2024-10-08-at-19.29.57-225x300.jpeg 225w, https:\/\/pos.uel.br\/pecem\/wp-content\/uploads\/2024\/10\/WhatsApp-Image-2024-10-08-at-19.29.57.jpeg 960w\" sizes=\"auto, (max-width: 768px) 100vw, 768px\" \/><\/figure>\n<\/div>\n<\/div>\n\n\n\n<div class=\"wp-block-columns is-layout-flex wp-container-core-columns-is-layout-9d6595d7 wp-block-columns-is-layout-flex\">\n<div class=\"wp-block-column is-layout-flow wp-block-column-is-layout-flow\">\n<figure class=\"wp-block-image size-full is-resized\"><img loading=\"lazy\" decoding=\"async\" width=\"960\" height=\"715\" src=\"https:\/\/pos.uel.br\/pecem\/wp-content\/uploads\/2024\/10\/WhatsApp-Image-2024-10-08-at-19.29.57-2.jpeg\" alt=\"\" class=\"wp-image-2773\" style=\"width:427px;height:auto\" srcset=\"https:\/\/pos.uel.br\/pecem\/wp-content\/uploads\/2024\/10\/WhatsApp-Image-2024-10-08-at-19.29.57-2.jpeg 960w, https:\/\/pos.uel.br\/pecem\/wp-content\/uploads\/2024\/10\/WhatsApp-Image-2024-10-08-at-19.29.57-2-300x223.jpeg 300w, https:\/\/pos.uel.br\/pecem\/wp-content\/uploads\/2024\/10\/WhatsApp-Image-2024-10-08-at-19.29.57-2-768x572.jpeg 768w\" sizes=\"auto, (max-width: 960px) 100vw, 960px\" \/><\/figure>\n<\/div>\n\n\n\n<div class=\"wp-block-column is-layout-flow wp-block-column-is-layout-flow\">\n<figure class=\"wp-block-image size-large is-resized\"><img loading=\"lazy\" decoding=\"async\" width=\"1024\" height=\"447\" src=\"https:\/\/pos.uel.br\/pecem\/wp-content\/uploads\/2024\/10\/WhatsApp-Image-2024-10-08-at-19.29.59-1024x447.jpeg\" alt=\"\" class=\"wp-image-2772\" style=\"width:593px;height:auto\" srcset=\"https:\/\/pos.uel.br\/pecem\/wp-content\/uploads\/2024\/10\/WhatsApp-Image-2024-10-08-at-19.29.59-1024x447.jpeg 1024w, https:\/\/pos.uel.br\/pecem\/wp-content\/uploads\/2024\/10\/WhatsApp-Image-2024-10-08-at-19.29.59-300x131.jpeg 300w, https:\/\/pos.uel.br\/pecem\/wp-content\/uploads\/2024\/10\/WhatsApp-Image-2024-10-08-at-19.29.59-768x335.jpeg 768w, https:\/\/pos.uel.br\/pecem\/wp-content\/uploads\/2024\/10\/WhatsApp-Image-2024-10-08-at-19.29.59.jpeg 1280w\" sizes=\"auto, (max-width: 1024px) 100vw, 1024px\" \/><\/figure>\n<\/div>\n<\/div>\n\n\n\n<p><\/p>\n\n\n\n<p><a href=\"https:\/\/operobal.uel.br\/ultimas\/2024\/10\/10\/uel-garante-apoio-na-formacao-de-docentes-da-africa-lusofona\/\" target=\"_blank\" rel=\"noreferrer noopener\"><strong>RECEP\u00c7\u00c3O INSTITUCIONAL &#8211; PCI (PECEM\/UEL e UNILICUNGO)<\/strong><\/a> (clique para ler a reportagem)<\/p>\n\n\n\n<p><\/p>\n\n\n\n<p><strong>DEFESAS<\/strong><\/p>\n\n\n\n<div class=\"wp-block-buttons is-layout-flex wp-block-buttons-is-layout-flex\">\n<div class=\"wp-block-button is-style-fill\"><a class=\"wp-block-button__link wp-element-button\">Defesas de Mestrado<\/a><\/div>\n<\/div>\n\n\n\n<p><\/p>\n\n\n\n<p>     <strong>1\u00aa Defesa de Mestrado do PCI &#8211; (PECEM\/UEL e UniLicungo) &#8211; Data: 16\/10\/2023<\/strong><\/p>\n\n\n\n<p>Mestrando: EZEQUIEL ELIAS FORMA SEMENTE (Orientadora: Profa. Dra. Angela M. P. D. Savioli)<\/p>\n\n\n\n<p>T\u00edtulo da Disserta\u00e7\u00e3o: Uma Trajet\u00f3ria Hipot\u00e9tica de Aprendizagem auxiliando o reconhecimento de fun\u00e7\u00f5es por meio de representa\u00e7\u00f5es: an\u00e1lise de erros e dificuldades em tarefas na 8\u00aa classe no 1\u00ba ciclo do Ensino Secund\u00e1rio Geral de uma Escola de Quelimane &#8211; Mo\u00e7ambique<\/p>\n\n\n\n<figure class=\"wp-block-image size-large is-resized\"><img loading=\"lazy\" decoding=\"async\" width=\"1024\" height=\"364\" src=\"https:\/\/pos.uel.br\/pecem\/wp-content\/uploads\/2025\/02\/image-3-1024x364.png\" alt=\"\" class=\"wp-image-2933\" style=\"width:470px;height:auto\" srcset=\"https:\/\/pos.uel.br\/pecem\/wp-content\/uploads\/2025\/02\/image-3-1024x364.png 1024w, https:\/\/pos.uel.br\/pecem\/wp-content\/uploads\/2025\/02\/image-3-300x107.png 300w, https:\/\/pos.uel.br\/pecem\/wp-content\/uploads\/2025\/02\/image-3-768x273.png 768w, https:\/\/pos.uel.br\/pecem\/wp-content\/uploads\/2025\/02\/image-3.png 1280w\" sizes=\"auto, (max-width: 1024px) 100vw, 1024px\" \/><\/figure>\n\n\n\n<p><strong>2\u00aa Defesa de Mestrado do <strong>PCI &#8211; (PECEM\/UEL e UniLicungo) &#8211; Data: <\/strong>18\/10\/2023<\/strong><\/p>\n\n\n\n<p>Mestrando: ANTONIO PINTO AZEVEDO MUANAOBA (Orientadora: Profa. Dra. Angela M. P. D. Savioli)<\/p>\n\n\n\n<p>T\u00edtulo da Disserta\u00e7\u00e3o: A Monografia Cient\u00edfica do curso de Licenciatura em Ensino de Matem\u00e1tica na UniLicungo-Mo\u00e7ambique: <br>raz\u00f5es de uma escolha<\/p>\n\n\n\n<div class=\"wp-block-columns is-layout-flex wp-container-core-columns-is-layout-9d6595d7 wp-block-columns-is-layout-flex\">\n<div class=\"wp-block-column is-layout-flow wp-block-column-is-layout-flow\">\n<figure class=\"wp-block-image size-full is-resized\"><img loading=\"lazy\" decoding=\"async\" width=\"715\" height=\"357\" src=\"https:\/\/pos.uel.br\/pecem\/wp-content\/uploads\/2025\/02\/WhatsApp-Image-2025-02-24-at-19.17.04-1.jpeg\" alt=\"\" class=\"wp-image-2935\" style=\"width:465px;height:auto\" srcset=\"https:\/\/pos.uel.br\/pecem\/wp-content\/uploads\/2025\/02\/WhatsApp-Image-2025-02-24-at-19.17.04-1.jpeg 715w, https:\/\/pos.uel.br\/pecem\/wp-content\/uploads\/2025\/02\/WhatsApp-Image-2025-02-24-at-19.17.04-1-300x150.jpeg 300w\" sizes=\"auto, (max-width: 715px) 100vw, 715px\" \/><\/figure>\n<\/div>\n\n\n\n<div class=\"wp-block-column is-layout-flow wp-block-column-is-layout-flow\">\n<figure class=\"wp-block-image size-full is-resized\"><img loading=\"lazy\" decoding=\"async\" width=\"716\" height=\"354\" src=\"https:\/\/pos.uel.br\/pecem\/wp-content\/uploads\/2025\/02\/WhatsApp-Image-2025-02-24-at-19.17.04.jpeg\" alt=\"\" class=\"wp-image-2936\" style=\"width:463px;height:auto\" srcset=\"https:\/\/pos.uel.br\/pecem\/wp-content\/uploads\/2025\/02\/WhatsApp-Image-2025-02-24-at-19.17.04.jpeg 716w, https:\/\/pos.uel.br\/pecem\/wp-content\/uploads\/2025\/02\/WhatsApp-Image-2025-02-24-at-19.17.04-300x148.jpeg 300w\" sizes=\"auto, (max-width: 716px) 100vw, 716px\" \/><\/figure>\n<\/div>\n<\/div>\n\n\n\n<p><strong><a href=\"https:\/\/operobal.uel.br\/proppg\/2025\/03\/10\/estudantes-de-mocambique-fazem-defesa-de-doutorado-na-uel\/\" target=\"_blank\" rel=\"noreferrer noopener\">Estudantes de Mo\u00e7ambique fazem defesa de doutorado na UEL<\/a> <\/strong>(clique para ler a reportagem)<\/p>\n\n\n\n<p><\/p>\n\n\n\n<div class=\"wp-block-buttons is-layout-flex wp-block-buttons-is-layout-flex\">\n<div class=\"wp-block-button\"><a class=\"wp-block-button__link wp-element-button\">Defesas de Doutorado<\/a><\/div>\n<\/div>\n\n\n\n<p><strong>1\u00aa Defesa de Doutorado do <strong><strong>PCI &#8211; (PECEM\/UEL e UniLicungo) &#8211; Data: <\/strong><\/strong>24\/02\/2025<\/strong><\/p>\n\n\n\n<p>Doutorando: EMILIO SOBRINHO GOMES ALFANDEGA (Orientador: Prof. Dr. Sergio de M. Arruda)<\/p>\n\n\n\n<p>T\u00edtulo da Tese: A\u00c7\u00d5ES DOCENTES EM AULAS DE F\u00cdSICA NO ENSINO SECUND\u00c1RIO EM MO\u00c7AMBIQUE<br><\/p>\n\n\n\n<div class=\"wp-block-columns is-layout-flex wp-container-core-columns-is-layout-9d6595d7 wp-block-columns-is-layout-flex\">\n<div class=\"wp-block-column is-layout-flow wp-block-column-is-layout-flow\">\n<figure class=\"wp-block-image size-full is-resized\"><img loading=\"lazy\" decoding=\"async\" width=\"451\" height=\"496\" src=\"https:\/\/pos.uel.br\/pecem\/wp-content\/uploads\/2025\/02\/Imagem4.png\" alt=\"\" class=\"wp-image-2937\" style=\"width:295px;height:auto\" srcset=\"https:\/\/pos.uel.br\/pecem\/wp-content\/uploads\/2025\/02\/Imagem4.png 451w, https:\/\/pos.uel.br\/pecem\/wp-content\/uploads\/2025\/02\/Imagem4-273x300.png 273w\" sizes=\"auto, (max-width: 451px) 100vw, 451px\" \/><\/figure>\n<\/div>\n\n\n\n<div class=\"wp-block-column is-layout-flow wp-block-column-is-layout-flow\">\n<figure class=\"wp-block-image size-full is-resized\"><img loading=\"lazy\" decoding=\"async\" width=\"567\" height=\"325\" src=\"https:\/\/pos.uel.br\/pecem\/wp-content\/uploads\/2025\/02\/Imagem1-1.png\" alt=\"\" class=\"wp-image-2956\" style=\"width:515px;height:auto\" srcset=\"https:\/\/pos.uel.br\/pecem\/wp-content\/uploads\/2025\/02\/Imagem1-1.png 567w, https:\/\/pos.uel.br\/pecem\/wp-content\/uploads\/2025\/02\/Imagem1-1-300x172.png 300w\" sizes=\"auto, (max-width: 567px) 100vw, 567px\" \/><\/figure>\n<\/div>\n<\/div>\n\n\n\n<p><strong>2\u00aa Defesa de Doutorado do <strong><strong>PCI &#8211; (PECEM\/UEL e UniLicungo) &#8211; Data: <\/strong><\/strong>26\/02\/2025<\/strong><\/p>\n\n\n\n<p>Doutorando: FERNANDO JO\u00c3O (Orientadora: Profa. Dra. Marinez Meneghello Passos)<\/p>\n\n\n\n<p>T\u00edtulo da Tese: A\u00e7\u00f5es docentes dos formadores da disciplina de Did\u00e1tica de Matem\u00e1tica no Instituto de Forma\u00e7\u00e3o de Professores Prim\u00e1rios de Quelimane \u2013 Mo\u00e7ambique.<\/p>\n\n\n\n<div class=\"wp-block-columns is-layout-flex wp-container-core-columns-is-layout-9d6595d7 wp-block-columns-is-layout-flex\">\n<div class=\"wp-block-column is-layout-flow wp-block-column-is-layout-flow\">\n<figure class=\"wp-block-image size-large is-resized\"><img loading=\"lazy\" decoding=\"async\" width=\"1024\" height=\"462\" src=\"https:\/\/pos.uel.br\/pecem\/wp-content\/uploads\/2025\/02\/WhatsApp-Image-2025-02-26-at-11.28.23-1024x462.jpeg\" alt=\"\" class=\"wp-image-2957\" style=\"width:532px;height:auto\" srcset=\"https:\/\/pos.uel.br\/pecem\/wp-content\/uploads\/2025\/02\/WhatsApp-Image-2025-02-26-at-11.28.23-1024x462.jpeg 1024w, https:\/\/pos.uel.br\/pecem\/wp-content\/uploads\/2025\/02\/WhatsApp-Image-2025-02-26-at-11.28.23-300x135.jpeg 300w, https:\/\/pos.uel.br\/pecem\/wp-content\/uploads\/2025\/02\/WhatsApp-Image-2025-02-26-at-11.28.23-768x346.jpeg 768w, https:\/\/pos.uel.br\/pecem\/wp-content\/uploads\/2025\/02\/WhatsApp-Image-2025-02-26-at-11.28.23.jpeg 1156w\" sizes=\"auto, (max-width: 1024px) 100vw, 1024px\" \/><\/figure>\n<\/div>\n\n\n\n<div class=\"wp-block-column is-layout-flow wp-block-column-is-layout-flow\">\n<figure class=\"wp-block-image size-large is-resized\"><img loading=\"lazy\" decoding=\"async\" width=\"1024\" height=\"462\" src=\"https:\/\/pos.uel.br\/pecem\/wp-content\/uploads\/2025\/02\/WhatsApp-Image-2025-02-26-at-11.28.22-1024x462.jpeg\" alt=\"\" class=\"wp-image-2958\" style=\"width:530px;height:auto\" srcset=\"https:\/\/pos.uel.br\/pecem\/wp-content\/uploads\/2025\/02\/WhatsApp-Image-2025-02-26-at-11.28.22-1024x462.jpeg 1024w, https:\/\/pos.uel.br\/pecem\/wp-content\/uploads\/2025\/02\/WhatsApp-Image-2025-02-26-at-11.28.22-300x135.jpeg 300w, https:\/\/pos.uel.br\/pecem\/wp-content\/uploads\/2025\/02\/WhatsApp-Image-2025-02-26-at-11.28.22-768x346.jpeg 768w, https:\/\/pos.uel.br\/pecem\/wp-content\/uploads\/2025\/02\/WhatsApp-Image-2025-02-26-at-11.28.22.jpeg 1156w\" sizes=\"auto, (max-width: 1024px) 100vw, 1024px\" \/><\/figure>\n<\/div>\n<\/div>\n\n\n\n<p><strong>3\u00aa Defesa de Doutorado do <strong><strong>PCI &#8211; (PECEM\/UEL e UniLicungo) &#8211; Data: <\/strong><\/strong>28\/02\/2025<\/strong><\/p>\n\n\n\n<p>Doutorando: LUIS MORAIS MACARIPE (Orientador: Prof. Dr. Mois\u00e9s Alves de Oliveira)<\/p>\n\n\n\n<p>T\u00edtulo da Tese: Representa\u00e7\u00e3o das florestas sagradas e comunit\u00e1rias nos trabalhos de forma\u00e7\u00e3o de graduandos em Mo\u00e7ambique: implica\u00e7\u00f5es para educa\u00e7\u00e3o ambiental.<\/p>\n\n\n\n<div class=\"wp-block-columns is-layout-flex wp-container-core-columns-is-layout-9d6595d7 wp-block-columns-is-layout-flex\">\n<div class=\"wp-block-column is-layout-flow wp-block-column-is-layout-flow\">\n<figure class=\"wp-block-image size-large is-resized\"><img loading=\"lazy\" decoding=\"async\" width=\"1024\" height=\"554\" src=\"https:\/\/pos.uel.br\/pecem\/wp-content\/uploads\/2025\/03\/WhatsApp-Image-2025-03-05-at-11.20.50-1024x554.jpeg\" alt=\"\" class=\"wp-image-2963\" style=\"width:532px;height:auto\" srcset=\"https:\/\/pos.uel.br\/pecem\/wp-content\/uploads\/2025\/03\/WhatsApp-Image-2025-03-05-at-11.20.50-1024x554.jpeg 1024w, https:\/\/pos.uel.br\/pecem\/wp-content\/uploads\/2025\/03\/WhatsApp-Image-2025-03-05-at-11.20.50-300x162.jpeg 300w, https:\/\/pos.uel.br\/pecem\/wp-content\/uploads\/2025\/03\/WhatsApp-Image-2025-03-05-at-11.20.50-768x416.jpeg 768w, https:\/\/pos.uel.br\/pecem\/wp-content\/uploads\/2025\/03\/WhatsApp-Image-2025-03-05-at-11.20.50.jpeg 1280w\" sizes=\"auto, (max-width: 1024px) 100vw, 1024px\" \/><\/figure>\n<\/div>\n\n\n\n<div class=\"wp-block-column is-layout-flow wp-block-column-is-layout-flow\"><\/div>\n<\/div>\n\n\n\n<p><strong>4\u00aa Defesa de Doutorado do <strong><strong>PCI &#8211; (PECEM\/UEL e UniLicungo) &#8211; Data: <\/strong><\/strong>10\/03\/2025<\/strong><\/p>\n\n\n\n<p>Doutoranda: CRISTINA FERNANDA CHAMUSSORA DA COSTA (Orientadora: Profa. Dra. REGINA LUZIA CORIO DE BURIASCO)<\/p>\n\n\n\n<p>T\u00edtulo da Tese: Prova-em-Fases: um di\u00e1logo poss\u00edvel na sala de aula<\/p>\n\n\n\n<div class=\"wp-block-columns is-layout-flex wp-container-core-columns-is-layout-9d6595d7 wp-block-columns-is-layout-flex\">\n<div class=\"wp-block-column is-layout-flow wp-block-column-is-layout-flow\">\n<figure class=\"wp-block-gallery has-nested-images columns-default is-cropped wp-block-gallery-3 is-layout-flex wp-block-gallery-is-layout-flex\">\n<figure class=\"wp-block-image size-large\"><img loading=\"lazy\" decoding=\"async\" width=\"1024\" height=\"768\" data-id=\"2971\" src=\"https:\/\/pos.uel.br\/pecem\/wp-content\/uploads\/2025\/03\/WhatsApp-Image-2025-03-11-at-11.40.11-1-1-1024x768.jpeg\" alt=\"\" class=\"wp-image-2971\" srcset=\"https:\/\/pos.uel.br\/pecem\/wp-content\/uploads\/2025\/03\/WhatsApp-Image-2025-03-11-at-11.40.11-1-1-1024x768.jpeg 1024w, https:\/\/pos.uel.br\/pecem\/wp-content\/uploads\/2025\/03\/WhatsApp-Image-2025-03-11-at-11.40.11-1-1-300x225.jpeg 300w, https:\/\/pos.uel.br\/pecem\/wp-content\/uploads\/2025\/03\/WhatsApp-Image-2025-03-11-at-11.40.11-1-1-768x576.jpeg 768w, https:\/\/pos.uel.br\/pecem\/wp-content\/uploads\/2025\/03\/WhatsApp-Image-2025-03-11-at-11.40.11-1-1-1536x1152.jpeg 1536w, https:\/\/pos.uel.br\/pecem\/wp-content\/uploads\/2025\/03\/WhatsApp-Image-2025-03-11-at-11.40.11-1-1.jpeg 1600w\" sizes=\"auto, (max-width: 1024px) 100vw, 1024px\" \/><\/figure>\n<\/figure>\n<\/div>\n\n\n\n<div class=\"wp-block-column is-layout-flow wp-block-column-is-layout-flow\">\n<figure class=\"wp-block-image size-large\"><img loading=\"lazy\" decoding=\"async\" width=\"1024\" height=\"408\" src=\"https:\/\/pos.uel.br\/pecem\/wp-content\/uploads\/2025\/03\/WhatsApp-Image-2025-03-11-at-11.40.12-2-1024x408.jpeg\" alt=\"\" class=\"wp-image-2970\" srcset=\"https:\/\/pos.uel.br\/pecem\/wp-content\/uploads\/2025\/03\/WhatsApp-Image-2025-03-11-at-11.40.12-2-1024x408.jpeg 1024w, https:\/\/pos.uel.br\/pecem\/wp-content\/uploads\/2025\/03\/WhatsApp-Image-2025-03-11-at-11.40.12-2-300x120.jpeg 300w, https:\/\/pos.uel.br\/pecem\/wp-content\/uploads\/2025\/03\/WhatsApp-Image-2025-03-11-at-11.40.12-2-768x306.jpeg 768w, https:\/\/pos.uel.br\/pecem\/wp-content\/uploads\/2025\/03\/WhatsApp-Image-2025-03-11-at-11.40.12-2-1536x612.jpeg 1536w, https:\/\/pos.uel.br\/pecem\/wp-content\/uploads\/2025\/03\/WhatsApp-Image-2025-03-11-at-11.40.12-2.jpeg 1600w\" sizes=\"auto, (max-width: 1024px) 100vw, 1024px\" \/><\/figure>\n<\/div>\n<\/div>\n\n\n\n<p><strong>5\u00aa Defesa de Doutorado do <strong><strong>PCI &#8211; (PECEM\/UEL e UniLicungo) &#8211; Data: <\/strong><\/strong>24\/03\/2025<\/strong><\/p>\n\n\n\n<p>Doutoranda: GISELA FRANCISCO MAPATSE (Orientadora: Profa. Dra. Irin\u00e9a de Lourdes Batista)<\/p>\n\n\n\n<p>T\u00edtulo da Tese:  Ado\u00e7\u00e3o de Unidades de Ensino Potencialmente Significativas para Mec\u00e2nica de Fluidos contextualizadas historicamente e com rela\u00e7\u00e3o a fen\u00f4menos de ciclones e cheias.<\/p>\n\n\n\n<div class=\"wp-block-columns is-layout-flex wp-container-core-columns-is-layout-9d6595d7 wp-block-columns-is-layout-flex\">\n<div class=\"wp-block-column is-layout-flow wp-block-column-is-layout-flow\">\n<figure class=\"wp-block-image size-large is-resized\"><img loading=\"lazy\" decoding=\"async\" width=\"1024\" height=\"768\" src=\"https:\/\/pos.uel.br\/pecem\/wp-content\/uploads\/2025\/03\/WhatsApp-Image-2025-03-26-at-13.38.36-1024x768.jpeg\" alt=\"\" class=\"wp-image-2986\" style=\"width:499px;height:auto\" srcset=\"https:\/\/pos.uel.br\/pecem\/wp-content\/uploads\/2025\/03\/WhatsApp-Image-2025-03-26-at-13.38.36-1024x768.jpeg 1024w, https:\/\/pos.uel.br\/pecem\/wp-content\/uploads\/2025\/03\/WhatsApp-Image-2025-03-26-at-13.38.36-300x225.jpeg 300w, https:\/\/pos.uel.br\/pecem\/wp-content\/uploads\/2025\/03\/WhatsApp-Image-2025-03-26-at-13.38.36-768x576.jpeg 768w, https:\/\/pos.uel.br\/pecem\/wp-content\/uploads\/2025\/03\/WhatsApp-Image-2025-03-26-at-13.38.36.jpeg 1280w\" sizes=\"auto, (max-width: 1024px) 100vw, 1024px\" \/><\/figure>\n<\/div>\n\n\n\n<div class=\"wp-block-column is-layout-flow wp-block-column-is-layout-flow\">\n<figure class=\"wp-block-image size-large is-resized\"><img loading=\"lazy\" decoding=\"async\" width=\"1024\" height=\"768\" src=\"https:\/\/pos.uel.br\/pecem\/wp-content\/uploads\/2025\/03\/WhatsApp-Image-2025-03-26-at-13.39.20-1-1024x768.jpeg\" alt=\"\" class=\"wp-image-2987\" style=\"width:503px;height:auto\" srcset=\"https:\/\/pos.uel.br\/pecem\/wp-content\/uploads\/2025\/03\/WhatsApp-Image-2025-03-26-at-13.39.20-1-1024x768.jpeg 1024w, https:\/\/pos.uel.br\/pecem\/wp-content\/uploads\/2025\/03\/WhatsApp-Image-2025-03-26-at-13.39.20-1-300x225.jpeg 300w, https:\/\/pos.uel.br\/pecem\/wp-content\/uploads\/2025\/03\/WhatsApp-Image-2025-03-26-at-13.39.20-1-768x576.jpeg 768w, https:\/\/pos.uel.br\/pecem\/wp-content\/uploads\/2025\/03\/WhatsApp-Image-2025-03-26-at-13.39.20-1-1536x1152.jpeg 1536w, https:\/\/pos.uel.br\/pecem\/wp-content\/uploads\/2025\/03\/WhatsApp-Image-2025-03-26-at-13.39.20-1.jpeg 1600w\" sizes=\"auto, (max-width: 1024px) 100vw, 1024px\" \/><\/figure>\n<\/div>\n<\/div>\n\n\n\n<p><strong>6\u00aa Defesa de Doutorado do <strong><strong>PCI &#8211; (PECEM\/UEL e UniLicungo) &#8211; Data: <\/strong><\/strong>27\/03\/2025<\/strong><\/p>\n\n\n\n<p>Doutorando: AM\u00c2NDIO BACI\u00c3O MUTUMULA (Orientador: Prof. Dr. Alvaro Lorencini Junior)<\/p>\n\n\n\n<p>T\u00edtulo da Tese: A TEM\u00c1TICA DA SEXUALIDADE NOS CURR\u00cdCULOS ESCOLARES DE MO\u00c7AMBIQUE: UMA PROPOSTA NA PERSPECTIVA DA EDUCA\u00c7\u00c3O PARA A SEXUALIDADE<\/p>\n\n\n\n<div class=\"wp-block-columns is-layout-flex wp-container-core-columns-is-layout-9d6595d7 wp-block-columns-is-layout-flex\">\n<div class=\"wp-block-column is-layout-flow wp-block-column-is-layout-flow\">\n<figure class=\"wp-block-image size-large is-resized\"><img loading=\"lazy\" decoding=\"async\" width=\"708\" height=\"1024\" src=\"https:\/\/pos.uel.br\/pecem\/wp-content\/uploads\/2025\/04\/WhatsApp-Image-2025-04-14-at-09.08.16-708x1024.jpeg\" alt=\"\" class=\"wp-image-3055\" style=\"width:339px;height:auto\" srcset=\"https:\/\/pos.uel.br\/pecem\/wp-content\/uploads\/2025\/04\/WhatsApp-Image-2025-04-14-at-09.08.16-708x1024.jpeg 708w, https:\/\/pos.uel.br\/pecem\/wp-content\/uploads\/2025\/04\/WhatsApp-Image-2025-04-14-at-09.08.16-208x300.jpeg 208w, https:\/\/pos.uel.br\/pecem\/wp-content\/uploads\/2025\/04\/WhatsApp-Image-2025-04-14-at-09.08.16-768x1110.jpeg 768w, https:\/\/pos.uel.br\/pecem\/wp-content\/uploads\/2025\/04\/WhatsApp-Image-2025-04-14-at-09.08.16-1063x1536.jpeg 1063w, https:\/\/pos.uel.br\/pecem\/wp-content\/uploads\/2025\/04\/WhatsApp-Image-2025-04-14-at-09.08.16.jpeg 1107w\" sizes=\"auto, (max-width: 708px) 100vw, 708px\" \/><\/figure>\n<\/div>\n\n\n\n<div class=\"wp-block-column is-layout-flow wp-block-column-is-layout-flow\">\n<figure class=\"wp-block-image size-large is-resized\"><img loading=\"lazy\" decoding=\"async\" width=\"1024\" height=\"575\" src=\"https:\/\/pos.uel.br\/pecem\/wp-content\/uploads\/2025\/04\/WhatsApp-Image-2025-04-14-at-09.09.55-1024x575.jpeg\" alt=\"\" class=\"wp-image-3056\" style=\"width:556px;height:auto\" srcset=\"https:\/\/pos.uel.br\/pecem\/wp-content\/uploads\/2025\/04\/WhatsApp-Image-2025-04-14-at-09.09.55-1024x575.jpeg 1024w, https:\/\/pos.uel.br\/pecem\/wp-content\/uploads\/2025\/04\/WhatsApp-Image-2025-04-14-at-09.09.55-300x169.jpeg 300w, https:\/\/pos.uel.br\/pecem\/wp-content\/uploads\/2025\/04\/WhatsApp-Image-2025-04-14-at-09.09.55-768x431.jpeg 768w, https:\/\/pos.uel.br\/pecem\/wp-content\/uploads\/2025\/04\/WhatsApp-Image-2025-04-14-at-09.09.55.jpeg 1280w\" sizes=\"auto, (max-width: 1024px) 100vw, 1024px\" \/><\/figure>\n<\/div>\n<\/div>\n\n\n\n<p><strong>7\u00aa Defesa de Doutorado do <strong><strong>PCI &#8211; (PECEM\/UEL e UniLicungo) &#8211; Data: <\/strong><\/strong>15\/05\/2025<\/strong><\/p>\n\n\n\n<p>Doutorando: NITO ARTUR MIRIONE (Orientadora: Profa. Dra. MARIANA A. BOLOGNA S. DE ANDRADE)<\/p>\n\n\n\n<p>T\u00edtulo da Tese: Ensino de Biologia Evolutiva: An\u00e1lise de um Curso de Forma\u00e7\u00e3o Continuada na Cidade da Beira-Mo\u00e7ambique<\/p>\n\n\n\n<p><\/p>\n\n\n\n<figure class=\"wp-block-image size-large is-resized\"><img loading=\"lazy\" decoding=\"async\" width=\"1024\" height=\"576\" src=\"https:\/\/pos.uel.br\/pecem\/wp-content\/uploads\/2025\/06\/Imagem-do-WhatsApp-de-2025-05-16-as-13.19.16_08d06583-1024x576.jpg\" alt=\"\" class=\"wp-image-3353\" style=\"width:651px;height:auto\" srcset=\"https:\/\/pos.uel.br\/pecem\/wp-content\/uploads\/2025\/06\/Imagem-do-WhatsApp-de-2025-05-16-as-13.19.16_08d06583-1024x576.jpg 1024w, https:\/\/pos.uel.br\/pecem\/wp-content\/uploads\/2025\/06\/Imagem-do-WhatsApp-de-2025-05-16-as-13.19.16_08d06583-300x169.jpg 300w, https:\/\/pos.uel.br\/pecem\/wp-content\/uploads\/2025\/06\/Imagem-do-WhatsApp-de-2025-05-16-as-13.19.16_08d06583-768x432.jpg 768w, https:\/\/pos.uel.br\/pecem\/wp-content\/uploads\/2025\/06\/Imagem-do-WhatsApp-de-2025-05-16-as-13.19.16_08d06583.jpg 1366w\" sizes=\"auto, (max-width: 1024px) 100vw, 1024px\" \/><\/figure>\n\n\n\n<div class=\"wp-block-columns is-layout-flex wp-container-core-columns-is-layout-9d6595d7 wp-block-columns-is-layout-flex\">\n<div class=\"wp-block-column is-layout-flow wp-block-column-is-layout-flow\">\n<p><\/p>\n\n\n\n<p><strong>8\u00aa Defesa de Doutorado do <strong><strong>PCI &#8211; (PECEM\/UEL e UniLicungo) &#8211; Data: <\/strong><\/strong>25\/08\/2025<\/strong><\/p>\n\n\n\n<p>Doutoranda: St\u00e9lia Mariana Alfredo Capathia Nahia (Orientadora: Profa. Dra. Fabiele Cristiane Dias Broietti)<\/p>\n\n\n\n<p>T\u00edtulo da Tese: Experi\u00eancias metacognitivas de estudantes de qu\u00edmica em forma\u00e7\u00e3o inicial de uma universidade mo\u00e7ambicana<\/p>\n\n\n\n<figure class=\"wp-block-image size-large is-resized\"><img loading=\"lazy\" decoding=\"async\" width=\"1024\" height=\"490\" src=\"https:\/\/pos.uel.br\/pecem\/wp-content\/uploads\/2025\/08\/Stelia-defesa-1024x490.jpg\" alt=\"\" class=\"wp-image-3478\" style=\"width:709px;height:auto\" srcset=\"https:\/\/pos.uel.br\/pecem\/wp-content\/uploads\/2025\/08\/Stelia-defesa-1024x490.jpg 1024w, https:\/\/pos.uel.br\/pecem\/wp-content\/uploads\/2025\/08\/Stelia-defesa-300x144.jpg 300w, https:\/\/pos.uel.br\/pecem\/wp-content\/uploads\/2025\/08\/Stelia-defesa-768x368.jpg 768w, https:\/\/pos.uel.br\/pecem\/wp-content\/uploads\/2025\/08\/Stelia-defesa-1536x735.jpg 1536w, https:\/\/pos.uel.br\/pecem\/wp-content\/uploads\/2025\/08\/Stelia-defesa.jpg 1600w\" sizes=\"auto, (max-width: 1024px) 100vw, 1024px\" \/><\/figure>\n\n\n\n<figure class=\"wp-block-image size-large is-resized\"><img loading=\"lazy\" decoding=\"async\" width=\"1024\" height=\"502\" src=\"https:\/\/pos.uel.br\/pecem\/wp-content\/uploads\/2025\/08\/Stelia-defesa2-1024x502.jpg\" alt=\"\" class=\"wp-image-3477\" style=\"width:705px;height:auto\" srcset=\"https:\/\/pos.uel.br\/pecem\/wp-content\/uploads\/2025\/08\/Stelia-defesa2-1024x502.jpg 1024w, https:\/\/pos.uel.br\/pecem\/wp-content\/uploads\/2025\/08\/Stelia-defesa2-300x147.jpg 300w, https:\/\/pos.uel.br\/pecem\/wp-content\/uploads\/2025\/08\/Stelia-defesa2-768x376.jpg 768w, https:\/\/pos.uel.br\/pecem\/wp-content\/uploads\/2025\/08\/Stelia-defesa2-1536x753.jpg 1536w, https:\/\/pos.uel.br\/pecem\/wp-content\/uploads\/2025\/08\/Stelia-defesa2.jpg 1583w\" sizes=\"auto, (max-width: 1024px) 100vw, 1024px\" \/><\/figure>\n\n\n\n<p><\/p>\n\n\n\n<p><strong>9\u00aa Defesa de Doutorado do <strong><strong>PCI &#8211; (PECEM\/UEL e UniLicungo) &#8211; Data<\/strong><\/strong>: 09\/09\/2025<\/strong><\/p>\n\n\n\n<p>Doutorando: Rosalino Subtil Chicote (Orientadora: Profa. Dra. Marinez M. Passos)<\/p>\n\n\n\n<p>T\u00edtulo da Tese: Trabalho de Culmina\u00e7\u00e3o de Curso por tr\u00eas olhares: Docente, Matriz do Professor e Matriz do Saber<\/p>\n\n\n\n<figure class=\"wp-block-image size-large is-resized\"><img loading=\"lazy\" decoding=\"async\" width=\"1024\" height=\"576\" src=\"https:\/\/pos.uel.br\/pecem\/wp-content\/uploads\/2025\/09\/defesa-rosalino2-1024x576.jpg\" alt=\"\" class=\"wp-image-3598\" style=\"width:765px;height:auto\" srcset=\"https:\/\/pos.uel.br\/pecem\/wp-content\/uploads\/2025\/09\/defesa-rosalino2-1024x576.jpg 1024w, https:\/\/pos.uel.br\/pecem\/wp-content\/uploads\/2025\/09\/defesa-rosalino2-300x169.jpg 300w, https:\/\/pos.uel.br\/pecem\/wp-content\/uploads\/2025\/09\/defesa-rosalino2-768x432.jpg 768w, https:\/\/pos.uel.br\/pecem\/wp-content\/uploads\/2025\/09\/defesa-rosalino2-1536x864.jpg 1536w, https:\/\/pos.uel.br\/pecem\/wp-content\/uploads\/2025\/09\/defesa-rosalino2.jpg 1600w\" sizes=\"auto, (max-width: 1024px) 100vw, 1024px\" \/><\/figure>\n\n\n\n<figure class=\"wp-block-image size-large is-resized\"><img loading=\"lazy\" decoding=\"async\" width=\"1024\" height=\"576\" src=\"https:\/\/pos.uel.br\/pecem\/wp-content\/uploads\/2025\/09\/Defesa-Rosalino-1024x576.jpeg\" alt=\"\" class=\"wp-image-3591\" style=\"width:763px;height:auto\" srcset=\"https:\/\/pos.uel.br\/pecem\/wp-content\/uploads\/2025\/09\/Defesa-Rosalino-1024x576.jpeg 1024w, https:\/\/pos.uel.br\/pecem\/wp-content\/uploads\/2025\/09\/Defesa-Rosalino-300x169.jpeg 300w, https:\/\/pos.uel.br\/pecem\/wp-content\/uploads\/2025\/09\/Defesa-Rosalino-768x432.jpeg 768w, https:\/\/pos.uel.br\/pecem\/wp-content\/uploads\/2025\/09\/Defesa-Rosalino-1536x864.jpeg 1536w, https:\/\/pos.uel.br\/pecem\/wp-content\/uploads\/2025\/09\/Defesa-Rosalino.jpeg 1600w\" sizes=\"auto, (max-width: 1024px) 100vw, 1024px\" \/><\/figure>\n<\/div>\n<\/div>\n\n\n\n<p>Artigo<\/p>\n\n\n\n<p><a href=\"https:\/\/seer.uenp.edu.br\/index.php\/reppe\/article\/view\/1783\/1180\" data-type=\"link\" data-id=\"https:\/\/seer.uenp.edu.br\/index.php\/reppe\/article\/view\/1783\/1180\" target=\"_blank\" rel=\"noreferrer noopener\"><strong>PROJETOS DE COOPERA\u00c7\u00c3O ENTRE INSTITUI\u00c7\u00d5ES: A COLABORA\u00c7\u00c3O INTERNACIONAL ENTRE O PECEM\/UEL E A UNIVERSIDADE LICUNGO EM MO\u00c7AMBIQUE<\/strong><\/a><\/p>\n\n\n\n<p><a href=\"https:\/\/periodicos.ufam.edu.br\/index.php\/rech\/article\/view\/12920\/8682\" data-type=\"link\" data-id=\"https:\/\/periodicos.ufam.edu.br\/index.php\/rech\/article\/view\/12920\/8682\" target=\"_blank\" rel=\"noreferrer noopener\"><strong>DESAFIOS FORMA\u00c7\u00c3O T\u00c9CNICA E CONT\u00cdNUA DOS PROFESSORES -EXPERI\u00caNCIA DA UNIVERSIDADE LICUNGO<\/strong><\/a><\/p>\n\n\n\n<p><\/p>\n","protected":false},"excerpt":{"rendered":"<p>No \u00e2mbito dos Projetos de Coopera\u00e7\u00e3o entre Institui\u00e7\u00f5es (PCI), visando \u00e0 forma\u00e7\u00e3o do corpo docente da Universidade de Licungo (Mo\u00e7ambique) para garantir o aprimoramento do ensino, pesquisa, extens\u00e3o e inova\u00e7\u00e3o, foi assinado, em dezembro de 2020, um Memorando com a Universidade Estadual de Londrina (UEL). Esse memorando resultou em um programa conjunto de forma\u00e7\u00e3o de [&hellip;]<\/p>\n","protected":false},"author":8,"featured_media":0,"parent":0,"menu_order":0,"comment_status":"closed","ping_status":"closed","template":"","meta":{"_acf_changed":false,"footnotes":""},"class_list":["post-2391","page","type-page","status-publish","hentry"],"acf":[],"_links":{"self":[{"href":"https:\/\/pos.uel.br\/pecem\/wp-json\/wp\/v2\/pages\/2391","targetHints":{"allow":["GET"]}}],"collection":[{"href":"https:\/\/pos.uel.br\/pecem\/wp-json\/wp\/v2\/pages"}],"about":[{"href":"https:\/\/pos.uel.br\/pecem\/wp-json\/wp\/v2\/types\/page"}],"author":[{"embeddable":true,"href":"https:\/\/pos.uel.br\/pecem\/wp-json\/wp\/v2\/users\/8"}],"replies":[{"embeddable":true,"href":"https:\/\/pos.uel.br\/pecem\/wp-json\/wp\/v2\/comments?post=2391"}],"version-history":[{"count":40,"href":"https:\/\/pos.uel.br\/pecem\/wp-json\/wp\/v2\/pages\/2391\/revisions"}],"predecessor-version":[{"id":3604,"href":"https:\/\/pos.uel.br\/pecem\/wp-json\/wp\/v2\/pages\/2391\/revisions\/3604"}],"wp:attachment":[{"href":"https:\/\/pos.uel.br\/pecem\/wp-json\/wp\/v2\/media?parent=2391"}],"curies":[{"name":"wp","href":"https:\/\/api.w.org\/{rel}","templated":true}]}}