{"id":160,"date":"2021-07-21T12:19:15","date_gmt":"2021-07-21T15:19:15","guid":{"rendered":"https:\/\/pos.uel.br\/pecem\/?page_id=160"},"modified":"2026-04-07T14:06:24","modified_gmt":"2026-04-07T17:06:24","slug":"processo-de-selecao","status":"publish","type":"page","link":"https:\/\/pos.uel.br\/pecem\/processo-de-selecao\/","title":{"rendered":"Processo de sele\u00e7\u00e3o"},"content":{"rendered":"\n<p><\/p>\n\n\n\n<p><a href=\"https:\/\/pos.uel.br\/pecem\/wp-content\/uploads\/2026\/03\/2026_-_edital_03-2026_-_Selecao2026-2_assinado.pdf\" target=\"_blank\" rel=\"noreferrer noopener\"><strong>EDITAL N.\u00ba 03\/2026<\/strong> <\/a>\u2013 Estabelece normas e procedimentos de inscri\u00e7\u00e3o e sele\u00e7\u00e3o para o ingresso no Programa de P\u00f3s-Gradua\u00e7\u00e3o Stricto sensu em Ensino de Ci\u00eancias e Educa\u00e7\u00e3o Matem\u00e1tica \u2013 PECEM \u2013, na condi\u00e7\u00e3o de Estudante Regular, turma 2026\/02.<\/p>\n\n\n\n<p class=\"has-text-align-center\"><strong>\u00c1REA DE CONCENTRA\u00c7\u00c3O DO PROGRAMA<\/strong><\/p>\n\n\n\n<p class=\"has-text-align-center\"><strong>ENSINO DE CI\u00caNCIAS E EDUCA\u00c7\u00c3O MATEM\u00c1TICA<\/strong><strong> <\/strong>&nbsp;<\/p>\n\n\n\n<figure class=\"wp-block-table\"><table><tbody><tr><td class=\"has-text-align-center\" data-align=\"center\"><strong>A CONSTRU\u00c7\u00c3O DO CONHECIMENTO EM CI\u00caNCIAS E MATEM\u00c1TICA<\/strong><\/td><td class=\"has-text-align-center\" data-align=\"center\"><strong>A FORMA\u00c7\u00c3O DE PROFESSORES  EM CI\u00caNCIAS E MATEM\u00c1TICA <\/strong><\/td><td class=\"has-text-align-center\" data-align=\"center\"><strong>HIST\u00d3RIA E FILOSOFIA DA CI\u00caNCIA<\/strong> <strong>E DA MATEM\u00c1TICA<\/strong><\/td><\/tr><tr><td class=\"has-text-align-center\" data-align=\"center\">\u00c1lvaro Lorencini J\u00fanior<br>Andreia de Freitas Z\u00f4mpero<br>Angela Marta Pereira das D. Savioli&nbsp;<br>Carlos Eduardo Labur\u00fa<br>Edilaine Regina dos Santos<br>Fabiele Cristiane Dias Broietti<br>Lourdes Maria Werle de Almeida<br>Mariana A. B. Soares de Andrade<br>Marinez Meneghello Passos<br>Mois\u00e9s Alves de Oliveira<br>Paulo S\u00e9rgio de Camargo Filho<br>S\u00e9rgio de Mello Arruda<\/td><td class=\"has-text-align-center\" data-align=\"center\">\u00c1lvaro Lorencini J\u00fanior<br>Bruno Rodrigo Teixeira<br>Edilaine Regina dos Santos<br>Fabiele Cristiane Dias Broietti<br>Gustavo Iachel<br>Irin\u00e9ia de Lourdes Batista<br>M\u00e1rcia Cristina de C. Trindade Cyrino<br>Mariana A. B. Soares de Andrade<br>Marinez Meneghello Passos<br>Pamela Emanueli Alves Ferreira<br>Regina Luzia Corio de Buriasco<br>S\u00e9rgio de Mello Arruda<\/td><td class=\"has-text-align-center\" data-align=\"center\">Carlos Eduardo Labur\u00fa<br>Irin\u00e9a de Lourdes Batista<br>Lourdes Maria Werle de Almeida<br>Mariana A. B. Soares de Andrade<br>Mois\u00e9s Alves de Oliveira<br><\/td><\/tr><\/tbody><\/table><\/figure>\n\n\n\n<p class=\"has-text-align-center\">\u00a0\u00a0\u00a0\u00a0\u00a0<strong>QUADRO DE VAGAS POR DOCENTE PARA ORIENTA\u00c7\u00c3O EDITAL N.\u00ba <a href=\"https:\/\/pos.uel.br\/pecem\/wp-content\/uploads\/2025\/09\/Edital_Selecao_PECEM_2026_1_assinado_assinado.pdf\" data-type=\"link\" data-id=\"https:\/\/pos.uel.br\/pecem\/wp-content\/uploads\/2025\/09\/Edital_Selecao_PECEM_2026_1_assinado_assinado.pdf\"><a href=\"https:\/\/pos.uel.br\/pecem\/wp-content\/uploads\/2026\/03\/2026_-_edital_03-2026_-_Selecao2026-2_assinado.pdf\" target=\"_blank\" rel=\"noreferrer noopener\"><strong>03\/2026<\/strong><\/a><\/a><\/strong> &#8211;<strong>Oferta aluno regular 2026\/02<\/strong>\u00a0\u00a0<\/p>\n\n\n\n<div class=\"wp-block-columns is-layout-flex wp-container-core-columns-is-layout-9d6595d7 wp-block-columns-is-layout-flex\">\n<div class=\"wp-block-column is-layout-flow wp-block-column-is-layout-flow\" style=\"flex-basis:100%\">\n<figure class=\"wp-block-table is-style-stripes\"><table><tbody><tr><td class=\"has-text-align-center\" data-align=\"center\"><strong>&nbsp;Docente<\/strong><\/td><td class=\"has-text-align-center\" data-align=\"center\"><strong>Vagas no mestrado<\/strong><\/td><td class=\"has-text-align-center\" data-align=\"center\"><\/td><\/tr><tr><td class=\"has-text-align-center\" data-align=\"center\">&nbsp;\u00c1lvaro Lorencini J\u00fanior<\/td><td class=\"has-text-align-center\" data-align=\"center\">1<\/td><td class=\"has-text-align-center\" data-align=\"center\"><\/td><\/tr><tr><td class=\"has-text-align-center\" data-align=\"center\">Andreia de Freitas Z\u00f4mpero <\/td><td class=\"has-text-align-center\" data-align=\"center\">1<\/td><td class=\"has-text-align-center\" data-align=\"center\"><\/td><\/tr><tr><td class=\"has-text-align-center\" data-align=\"center\">&nbsp;Angela Marta P. D. Savioli<\/td><td class=\"has-text-align-center\" data-align=\"center\">&#8211;<\/td><td class=\"has-text-align-center\" data-align=\"center\"><\/td><\/tr><tr><td class=\"has-text-align-center\" data-align=\"center\">Bruno Rodrigo Teixeira<\/td><td class=\"has-text-align-center\" data-align=\"center\">&#8211;<\/td><td class=\"has-text-align-center\" data-align=\"center\"><\/td><\/tr><tr><td class=\"has-text-align-center\" data-align=\"center\">&nbsp;Carlos Eduardo Labur\u00fa<\/td><td class=\"has-text-align-center\" data-align=\"center\">&#8211;<\/td><td class=\"has-text-align-center\" data-align=\"center\"><\/td><\/tr><tr><td class=\"has-text-align-center\" data-align=\"center\">Edilaine Regina dos Santos<\/td><td class=\"has-text-align-center\" data-align=\"center\">&#8211;<\/td><td class=\"has-text-align-center\" data-align=\"center\"><\/td><\/tr><tr><td class=\"has-text-align-center\" data-align=\"center\">&nbsp;Fabiele Cristiane Dias Broietti<\/td><td class=\"has-text-align-center\" data-align=\"center\">&#8211;<\/td><td class=\"has-text-align-center\" data-align=\"center\"><\/td><\/tr><tr><td class=\"has-text-align-center\" data-align=\"center\">Gustavo Iachel<\/td><td class=\"has-text-align-center\" data-align=\"center\">1<\/td><td class=\"has-text-align-center\" data-align=\"center\"><\/td><\/tr><tr><td class=\"has-text-align-center\" data-align=\"center\">&nbsp;Irin\u00e9a de Lourdes Batista<\/td><td class=\"has-text-align-center\" data-align=\"center\">&#8211;<\/td><td class=\"has-text-align-center\" data-align=\"center\"><\/td><\/tr><tr><td class=\"has-text-align-center\" data-align=\"center\">&nbsp;Lourdes Maria W. de Almeida<\/td><td class=\"has-text-align-center\" data-align=\"center\">&#8211;<\/td><td class=\"has-text-align-center\" data-align=\"center\"><\/td><\/tr><tr><td class=\"has-text-align-center\" data-align=\"center\">&nbsp;M\u00e1rcia Cristina C. T. Cyrino<\/td><td class=\"has-text-align-center\" data-align=\"center\">1<\/td><td class=\"has-text-align-center\" data-align=\"center\"><\/td><\/tr><tr><td class=\"has-text-align-center\" data-align=\"center\">&nbsp;Mariana A. B. Soares de Andrade<\/td><td class=\"has-text-align-center\" data-align=\"center\">1<\/td><td class=\"has-text-align-center\" data-align=\"center\"><\/td><\/tr><tr><td class=\"has-text-align-center\" data-align=\"center\">&nbsp;Marinez Meneghello Passos<\/td><td class=\"has-text-align-center\" data-align=\"center\">&#8211;<\/td><td class=\"has-text-align-center\" data-align=\"center\"><\/td><\/tr><tr><td class=\"has-text-align-center\" data-align=\"center\">&nbsp;Mois\u00e9s Alves de Oliveira<\/td><td class=\"has-text-align-center\" data-align=\"center\">1<\/td><td class=\"has-text-align-center\" data-align=\"center\"><\/td><\/tr><tr><td class=\"has-text-align-center\" data-align=\"center\">Pamela Emanueli Alves Ferreira<\/td><td class=\"has-text-align-center\" data-align=\"center\">2<\/td><td class=\"has-text-align-center\" data-align=\"center\"><\/td><\/tr><tr><td class=\"has-text-align-center\" data-align=\"center\">&nbsp;Paulo S\u00e9rgio de Camargo Filho<\/td><td class=\"has-text-align-center\" data-align=\"center\">&#8211;<\/td><td class=\"has-text-align-center\" data-align=\"center\"><\/td><\/tr><tr><td class=\"has-text-align-center\" data-align=\"center\">&nbsp;Regina L. Corio de Buriasco<\/td><td class=\"has-text-align-center\" data-align=\"center\">&#8211;<\/td><td class=\"has-text-align-center\" data-align=\"center\"><\/td><\/tr><tr><td class=\"has-text-align-center\" data-align=\"center\">&nbsp;S\u00e9rgio de Mello Arruda<\/td><td class=\"has-text-align-center\" data-align=\"center\">&#8211;<\/td><td class=\"has-text-align-center\" data-align=\"center\"><\/td><\/tr><tr><td class=\"has-text-align-center\" data-align=\"center\"><strong>&nbsp;Total<\/strong><\/td><td class=\"has-text-align-center\" data-align=\"center\"><strong>8<\/strong><\/td><td class=\"has-text-align-center\" data-align=\"center\"><\/td><\/tr><\/tbody><\/table><\/figure>\n<\/div>\n<\/div>\n\n\n\n<div style=\"height:40px\" aria-hidden=\"true\" class=\"wp-block-spacer\"><\/div>\n\n\n\n<p><strong><strong>Total de vagas: Processo de Sele\u00e7\u00e3o PECEM &#8211; <a href=\"https:\/\/pos.uel.br\/pecem\/wp-content\/uploads\/2026\/03\/2026_-_edital_03-2026_-_Selecao2026-2_assinado.pdf\" target=\"_blank\" rel=\"noreferrer noopener\">EDITAL N.\u00ba 03\/2026<\/a> <\/strong><\/strong>&#8211; <strong>Oferta aluno regular 2026\/02<\/strong><\/p>\n\n\n\n<p><strong>At\u00e9 8 vagas para o mestrado.<\/strong><\/p>\n\n\n\n<p><strong>Obs.:<\/strong> A Comiss\u00e3o Coordenadora reserva-se o direito de n\u00e3o preencher todas as vagas.<\/p>\n\n\n\n<p><\/p>\n\n\n\n<div class=\"wp-block-buttons is-layout-flex wp-block-buttons-is-layout-flex\">\n<div class=\"wp-block-button\"><a class=\"wp-block-button__link wp-element-button\" href=\"http:\/\/www.uel.br\/eventos\/sigec\/?id=11805\" target=\"_blank\" rel=\"noreferrer noopener\"><strong>PEDIDOS DE ISEN\u00c7\u00c3O CAD\u00daNICO<\/strong><\/a><\/div>\n<\/div>\n\n\n\n<p><\/p>\n\n\n\n<p><strong>Per\u00edodo: <\/strong>06 e 07 de abril de 2026<\/p>\n\n\n\n<p>Por meio do LINK: <a href=\"http:\/\/www.uel.br\/eventos\/sigec\/?id=11805\">http:\/\/www.uel.br\/eventos\/sigec\/?id=11805<\/a><\/p>\n\n\n\n<p><\/p>\n\n\n\n<div class=\"wp-block-buttons is-layout-flex wp-block-buttons-is-layout-flex\">\n<div class=\"wp-block-button\"><a class=\"wp-block-button__link wp-element-button\"><strong><strong>PEDIDO DE ISEN\u00c7\u00c3O TRABALHO ELEITORAL E DOA\u00c7\u00c3O DE SANGUE<\/strong><\/strong><\/a><\/div>\n<\/div>\n\n\n\n<p><\/p>\n\n\n\n<p><strong>Per\u00edodo<\/strong>: 06 e 07 de abril de 2026<\/p>\n\n\n\n<p>Preencher <a href=\"https:\/\/sites.uel.br\/proppg\/wp-content\/uploads\/2023\/12\/Formulario-Isencao.docx\">formul\u00e1rio <\/a>conforme item II de 2.1 do Edital 03\/2026 do PECEM<\/p>\n\n\n\n<p><\/p>\n\n\n\n<div class=\"wp-block-buttons is-layout-flex wp-block-buttons-is-layout-flex\">\n<div class=\"wp-block-button\"><a class=\"wp-block-button__link wp-element-button\" href=\"https:\/\/pos.uel.br\/pecem\/wp-content\/uploads\/2026\/03\/2026_-_edital_03-2026_-_Selecao2026-2_assinado.pdf\" target=\"_blank\" rel=\"noreferrer noopener\"><strong>INSCRI\u00c7\u00c3O EDITAL 03\/2026<\/strong><\/a><\/div>\n<\/div>\n\n\n\n<p><\/p>\n\n\n\n<p><strong><strong>Per\u00edodo<\/strong>: <\/strong>16 de abril a 10 de maio de 2026<\/p>\n\n\n\n<p>Via Web &#8211; Links 1 e 2 &#8211; Consultar <strong><strong><a href=\"https:\/\/pos.uel.br\/pecem\/wp-content\/uploads\/2026\/03\/2026_-_edital_03-2026_-_Selecao2026-2_assinado.pdf\" target=\"_blank\" rel=\"noreferrer noopener\">EDITAL N.\u00ba 03\/2026<\/a><\/strong><\/strong><br><br><\/p>\n\n\n\n<div class=\"wp-block-buttons is-layout-flex wp-block-buttons-is-layout-flex\">\n<div class=\"wp-block-button\"><a class=\"wp-block-button__link wp-element-button\"><strong>HOMOLOGA\u00c7\u00c3O DAS INSCRI\u00c7\u00d5ES<\/strong><\/a><\/div>\n<\/div>\n\n\n\n<p><\/p>\n\n\n\n<p><strong>Per\u00edodo:<\/strong>&nbsp;at\u00e9 13 de maio de 2026, na p\u00e1gina Editais e Resultados<\/p>\n\n\n\n<p><\/p>\n\n\n\n<p>&#8212;&#8212;&#8212;&#8212;&#8212;-<\/p>\n\n\n\n<p><strong>SOBRE AS PROVAS DA SELE\u00c7\u00c3O<\/strong><\/p>\n\n\n\n<ul class=\"wp-block-list\">\n<li>AS SUGEST\u00d5ES DE CONTE\u00daDOS PARA A PROVA DE REDA\u00c7\u00c3O DO MESTRADO CONSTAM NO <strong><a href=\"https:\/\/pos.uel.br\/pecem\/wp-content\/uploads\/2026\/04\/Edital-Oferta-Regular-2026-2-ANEXOS.pdf\" target=\"_blank\" rel=\"noreferrer noopener\">ANEXO A<\/a><\/strong>.<br><\/li>\n<\/ul>\n\n\n\n<ul class=\"wp-block-list\">\n<li>AS SUGEST\u00d5ES DE CONTE\u00daDOS E BIBLIOGRAFIAS PARA AS PROVAS ESPEC\u00cdFICAS DO MESTRADO CONSTAM NO <strong><a href=\"https:\/\/pos.uel.br\/pecem\/wp-content\/uploads\/2026\/04\/Edital-Oferta-Regular-2026-2-ANEXOS.pdf\" target=\"_blank\" rel=\"noreferrer noopener\">ANEXO B<\/a><\/strong>.<\/li>\n<\/ul>\n\n\n\n<p><br><strong>An\u00e1lise de <em>CURR\u00cdCULO LATTES<\/em> <\/strong><\/p>\n\n\n\n<div class=\"wp-block-file\"><a id=\"wp-block-file--media-94f4c416-7499-486c-8298-5feadd70a137\" href=\"https:\/\/pos.uel.br\/pecem\/wp-content\/uploads\/2022\/09\/Planilhacurriculummestrado.pdf\">Clique aqui para acessar os crit\u00e9rios de an\u00e1lise do curr\u00edculo para o <strong>Mestrado<\/strong><\/a><a href=\"https:\/\/pos.uel.br\/pecem\/wp-content\/uploads\/2022\/09\/Planilhacurriculummestrado.pdf\" class=\"wp-block-file__button wp-element-button\" download aria-describedby=\"wp-block-file--media-94f4c416-7499-486c-8298-5feadd70a137\">Baixar<\/a><\/div>\n\n\n\n<div class=\"wp-block-file\"><a id=\"wp-block-file--media-b3d92594-b520-4b08-9cce-085a143f9471\" href=\"https:\/\/pos.uel.br\/pecem\/wp-content\/uploads\/2021\/10\/Planilhacurriculumdoutorado.pdf\">Clique aqui para acessar os crit\u00e9rios de an\u00e1lise do curr\u00edculo para o <strong>Doutorado<\/strong><\/a><a href=\"https:\/\/pos.uel.br\/pecem\/wp-content\/uploads\/2021\/10\/Planilhacurriculumdoutorado.pdf\" class=\"wp-block-file__button wp-element-button\" download aria-describedby=\"wp-block-file--media-b3d92594-b520-4b08-9cce-085a143f9471\">Baixar<\/a><\/div>\n\n\n\n<p>D\u00favidas sobre o processo de sele\u00e7\u00e3o do PECEM devem ser enviadas para o e-mail:&nbsp;<a href=\"mailto:spgcceselecao@uel.br\">spgcceselecao@uel.br<\/a><\/p>\n","protected":false},"excerpt":{"rendered":"<p>EDITAL N.\u00ba 03\/2026 \u2013 Estabelece normas e procedimentos de inscri\u00e7\u00e3o e sele\u00e7\u00e3o para o ingresso no Programa de P\u00f3s-Gradua\u00e7\u00e3o Stricto sensu em Ensino de Ci\u00eancias e Educa\u00e7\u00e3o Matem\u00e1tica \u2013 PECEM \u2013, na condi\u00e7\u00e3o de Estudante Regular, turma 2026\/02. \u00c1REA DE CONCENTRA\u00c7\u00c3O DO PROGRAMA ENSINO DE CI\u00caNCIAS E EDUCA\u00c7\u00c3O MATEM\u00c1TICA &nbsp; A CONSTRU\u00c7\u00c3O DO CONHECIMENTO EM [&hellip;]<\/p>\n","protected":false},"author":8,"featured_media":0,"parent":0,"menu_order":0,"comment_status":"closed","ping_status":"closed","template":"","meta":{"_acf_changed":false,"footnotes":""},"class_list":["post-160","page","type-page","status-publish","hentry"],"acf":[],"_links":{"self":[{"href":"https:\/\/pos.uel.br\/pecem\/wp-json\/wp\/v2\/pages\/160","targetHints":{"allow":["GET"]}}],"collection":[{"href":"https:\/\/pos.uel.br\/pecem\/wp-json\/wp\/v2\/pages"}],"about":[{"href":"https:\/\/pos.uel.br\/pecem\/wp-json\/wp\/v2\/types\/page"}],"author":[{"embeddable":true,"href":"https:\/\/pos.uel.br\/pecem\/wp-json\/wp\/v2\/users\/8"}],"replies":[{"embeddable":true,"href":"https:\/\/pos.uel.br\/pecem\/wp-json\/wp\/v2\/comments?post=160"}],"version-history":[{"count":162,"href":"https:\/\/pos.uel.br\/pecem\/wp-json\/wp\/v2\/pages\/160\/revisions"}],"predecessor-version":[{"id":3810,"href":"https:\/\/pos.uel.br\/pecem\/wp-json\/wp\/v2\/pages\/160\/revisions\/3810"}],"wp:attachment":[{"href":"https:\/\/pos.uel.br\/pecem\/wp-json\/wp\/v2\/media?parent=160"}],"curies":[{"name":"wp","href":"https:\/\/api.w.org\/{rel}","templated":true}]}}