{"id":137,"date":"2021-07-21T11:27:06","date_gmt":"2021-07-21T14:27:06","guid":{"rendered":"https:\/\/pos.uel.br\/pecem\/?page_id=137"},"modified":"2025-07-12T17:05:35","modified_gmt":"2025-07-12T20:05:35","slug":"bolsas-do-programa","status":"publish","type":"page","link":"https:\/\/pos.uel.br\/pecem\/bolsas-do-programa\/","title":{"rendered":"Bolsas do programa"},"content":{"rendered":"\n<p><strong>Quantidade de bolsas atualmente<\/strong><\/p>\n\n\n\n<p>O Programa possui 33 (trinta e tr\u00eas) bolsas de Doutorado da CAPES, 2 (duas) bolsas de Doutorado vigentes da CAPES via edital Funda\u00e7\u00e3o Arauc\u00e1ria e 1 (uma) bolsa CNPQ via edital Funda\u00e7\u00e3o Arauc\u00e1ria &#8211; totalizando 36 bolsas.<\/p>\n\n\n\n<p>Para o n\u00edvel de Mestrado, o&nbsp;Programa possui 19 (dezenove) bolsas da CAPES, 1 (uma) bolsa da CAPES via edital da Funda\u00e7\u00e3o Arauc\u00e1ria e 1 (uma) bolsa CNPQ via edital Funda\u00e7\u00e3o Arauc\u00e1ria &#8211; totalizando 21 bolsas.<\/p>\n\n\n\n<p><strong><strong>Crit\u00e9rios de classifica\u00e7\u00e3o dos estudantes e distribui\u00e7\u00e3o das bolsas &#8211; para ingressantes que entraram at\u00e9 2023<\/strong><\/strong><\/p>\n\n\n\n<p>O primeiro crit\u00e9rio \u00e9 a ordem (decrescente) da nota da prova de reda\u00e7\u00e3o realizada no processo de sele\u00e7\u00e3o. O segundo crit\u00e9rio \u00e9 considerar os alunos cujo orientador ainda n\u00e3o tem bolsista, visando \u00e0 equidade no n\u00famero de alunos bolsistas por orientador.&nbsp;<\/p>\n\n\n\n<p><strong><strong><strong>Crit\u00e9rios de classifica\u00e7\u00e3o dos estudantes e distribui\u00e7\u00e3o das bolsas &#8211; para ingressantes a partir de 2024<\/strong><\/strong><\/strong><\/p>\n\n\n\n<p><strong>Mestrado<\/strong><\/p>\n\n\n\n<p>O primeiro crit\u00e9rio \u00e9 a ordem (decrescente) da nota da prova de reda\u00e7\u00e3o realizada no processo de sele\u00e7\u00e3o. O segundo crit\u00e9rio \u00e9 considerar os alunos cujo orientador ainda n\u00e3o tem bolsista, visando \u00e0 equidade no n\u00famero de alunos bolsistas por orientador.&nbsp;<\/p>\n\n\n\n<p><strong>Doutorado<\/strong><\/p>\n\n\n\n<p>O crit\u00e9rio ser\u00e1 a m\u00e9dia ponderada da nota prova da sele\u00e7\u00e3o (NS) mais a nota da primeira prova de ingl\u00eas (NPPI) aplicadas pelo programa seguindo a f\u00f3rmula:<\/p>\n\n\n\n<p>(NS x 0.7) + (NPPI x 0.3)<\/p>\n\n\n\n<p><strong>Bolsa e v\u00ednculo empregat\u00edcio<\/strong> <strong>e bolsas de outra natureza<\/strong><\/p>\n\n\n\n<p>O Programa possui uma norma interna quanto ao v\u00ednculo empregat\u00edcio de estudantes bolsistas ou v\u00ednculo de bolsas de natureza diferente das recebidas no PECEM. Ser\u00e1 poss\u00edvel solicitar ac\u00famulo considerando apenas uma das duas situa\u00e7\u00f5es abaixo apresentadas: <\/p>\n\n\n\n<p><strong>1. Estudantes do PECEM que atuam como professores na Educa\u00e7\u00e3o B\u00e1sica ou no Ensino Superior<\/strong><\/p>\n\n\n\n<ul class=\"wp-block-list\">\n<li>\u00c9 permitido atuar em um padr\u00e3o no Estado de 20 horas semanais ou at\u00e9 20 horas CONTRATUAIS na rede particular;<\/li>\n<\/ul>\n\n\n\n<ul class=\"wp-block-list\">\n<li>\u00c9 necess\u00e1rio obter a concord\u00e2ncia do orientador.<\/li>\n<\/ul>\n\n\n\n<p><strong>2. Estudantes do PECEM com bolsas de natureza diferente<\/strong><\/p>\n\n\n\n<p>O ac\u00famulo ser\u00e1 permitido se atender aos seguintes crit\u00e9rios:<\/p>\n\n\n\n<ul class=\"wp-block-list\">\n<li>A bolsa adicional for de outra natureza e n\u00e3o ser da mesma fonte pagadora;<\/li>\n\n\n\n<li>A atividade financiada pela outra bolsa tiver car\u00e1ter acad\u00eamico e estiver relacionada \u00e0 \u00e1rea de Ensino (atividades de ensino, pesquisa, extens\u00e3o ou produ\u00e7\u00e3o de material educativo);<\/li>\n\n\n\n<li>Apresenta\u00e7\u00e3o e aprova\u00e7\u00e3o do plano de trabalho, indicando as atividades a serem desenvolvidas;<\/li>\n\n\n\n<li>Apresenta\u00e7\u00e3o de uma carta do orientador confirmando ci\u00eancia e concord\u00e2ncia com a bolsa, assegurando que as atividades n\u00e3o prejudicar\u00e3o a dedica\u00e7\u00e3o \u00e0s atividades do bolsista PECEM.<\/li>\n<\/ul>\n\n\n\n<p><strong>Observa\u00e7\u00e3o<\/strong>: N\u00e3o \u00e9 permitido o ac\u00famulo de bolsas, se a bolsa adicional: (a) tiver a mesma natureza &#8211; bolsa de mestrado ou doutorado; (b) tiver a mesma fonte pagadora (CAPES ou CNPq); e\/ou (c) financiar atividades n\u00e3o acad\u00eamicas (atividades alheias a ensino, pesquisa, extens\u00e3o ou produ\u00e7\u00e3o de material educativo).<\/p>\n\n\n\n<p>A partir de 1\u00ba de outubro de 2023: estudantes que j\u00e1 possu\u00edrem os v\u00ednculos acima citados antes de serem bolsistas poder\u00e3o ser contemplados com cotas das bolsas.<\/p>\n\n\n\n<p>A distribui\u00e7\u00e3o das bolsas de mestrado e doutorado, ap\u00f3s a classifica\u00e7\u00e3o, seguir\u00e1 uma rodada inicial de distribui\u00e7\u00e3o para os estudantes que n\u00e3o trabalham e n\u00e3o recebem bolsas. Ap\u00f3s esta distribui\u00e7\u00e3o, haver\u00e1 a distribui\u00e7\u00e3o considerando os estudantes que apresentam os v\u00ednculos empregat\u00edcios ou com bolsas estabelecidos pelo programa.<\/p>\n\n\n\n<p>O estudante deve informar \u00e0 comiss\u00e3o de bolsas os v\u00ednculos que possuir ou vier a possuir para avalia\u00e7\u00e3o, aprova\u00e7\u00e3o ou manuten\u00e7\u00e3o das Bolsas do PECEM. Nos casos em que o estudante n\u00e3o informar \u00e0 comiss\u00e3o de bolsas ou n\u00e3o entregar os documentos solicitados, a bolsa de mestrado ou doutorado do PECEM n\u00e3o ser\u00e1 atribu\u00edda, ou ser\u00e1 cancelada.<\/p>\n\n\n\n<div style=\"height:20px\" aria-hidden=\"true\" class=\"wp-block-spacer\"><\/div>\n\n\n\n<div class=\"wp-block-columns is-layout-flex wp-container-core-columns-is-layout-9d6595d7 wp-block-columns-is-layout-flex\">\n<div class=\"wp-block-column is-layout-flow wp-block-column-is-layout-flow\">\n<div class=\"wp-block-buttons is-content-justification-center is-layout-flex wp-container-core-buttons-is-layout-16018d1d wp-block-buttons-is-layout-flex\">\n<div class=\"wp-block-button has-custom-width wp-block-button__width-100\"><a class=\"wp-block-button__link has-extra-1-background-color has-background wp-element-button\" href=\"https:\/\/pos.uel.br\/pecem\/wp-content\/uploads\/2023\/09\/portaria_133-1-1.pdf\" target=\"_blank\" rel=\"noreferrer noopener\"><strong>PORTARIA CAPES N\u00ba 133, DE 10 DE JULHO DE 2023<\/strong><\/a><\/div>\n<\/div>\n\n\n\n<div style=\"height:20px\" aria-hidden=\"true\" class=\"wp-block-spacer\"><\/div>\n\n\n\n<div class=\"wp-block-buttons is-layout-flex wp-block-buttons-is-layout-flex\">\n<div class=\"wp-block-button has-custom-width wp-block-button__width-100\"><a class=\"wp-block-button__link has-extra-1-background-color has-background wp-element-button\" href=\"https:\/\/pos.uel.br\/pecem\/wp-content\/uploads\/2024\/07\/TermodeCompromissoDS_Bolsista.docx\" target=\"_blank\" rel=\"noreferrer noopener\"><strong>Termo de Compromisso do Bolsista<\/strong><\/a><\/div>\n<\/div>\n\n\n\n<div style=\"height:20px\" aria-hidden=\"true\" class=\"wp-block-spacer\"><\/div>\n\n\n\n<div class=\"wp-block-buttons is-layout-flex wp-block-buttons-is-layout-flex\">\n<div class=\"wp-block-button has-custom-width wp-block-button__width-100\"><a class=\"wp-block-button__link has-extra-1-background-color has-background wp-element-button\" href=\"https:\/\/pos.uel.br\/pecem\/wp-content\/uploads\/2021\/08\/DIPPG_Bolsa_PortariaConjuntaCapesCNPq1.pdf\" target=\"_blank\" rel=\"noreferrer noopener\"><strong>Portaria conjunta de 15\/07\/2010 da CAPES\/CNPq<\/strong><\/a><\/div>\n<\/div>\n\n\n\n<div style=\"height:20px\" aria-hidden=\"true\" class=\"wp-block-spacer\"><\/div>\n\n\n\n<div class=\"wp-block-buttons is-layout-flex wp-block-buttons-is-layout-flex\">\n<div class=\"wp-block-button has-custom-width wp-block-button__width-100\"><a class=\"wp-block-button__link has-extra-1-background-color has-background wp-element-button\" href=\"https:\/\/pos.uel.br\/pecem\/wp-content\/uploads\/2021\/08\/proex-consulta-historica1.pdf\" target=\"_blank\" rel=\"noreferrer noopener\"><strong>Regulamento da PROEX para consulta hist\u00f3rica<\/strong><\/a><\/div>\n<\/div>\n\n\n\n<div style=\"height:20px\" aria-hidden=\"true\" class=\"wp-block-spacer\"><\/div>\n\n\n\n<div class=\"wp-block-buttons is-layout-flex wp-block-buttons-is-layout-flex\">\n<div class=\"wp-block-button has-custom-width wp-block-button__width-100\"><a class=\"wp-block-button__link has-extra-1-background-color has-background wp-element-button\" href=\"https:\/\/pos.uel.br\/pecem\/wp-content\/uploads\/2021\/08\/portaria-2271.pdf\" target=\"_blank\" rel=\"noreferrer noopener\"><strong>Portaria CAPES N\u00ba 227 de 27 de Novembro de 2017<\/strong><\/a><\/div>\n<\/div>\n\n\n\n<div style=\"height:20px\" aria-hidden=\"true\" class=\"wp-block-spacer\"><\/div>\n\n\n\n<div class=\"wp-block-buttons is-layout-flex wp-block-buttons-is-layout-flex\">\n<div class=\"wp-block-button has-custom-width wp-block-button__width-100\"><a class=\"wp-block-button__link has-extra-1-background-color has-background wp-element-button\" href=\"https:\/\/pos.uel.br\/pecem\/wp-content\/uploads\/2021\/08\/devolucao-de-bolsa.pdf\" target=\"_blank\" rel=\"noreferrer noopener\"><strong>Orienta\u00e7\u00f5es para devolu\u00e7\u00e3o de bolsa<\/strong><\/a><\/div>\n<\/div>\n\n\n\n<div style=\"height:20px\" aria-hidden=\"true\" class=\"wp-block-spacer\"><\/div>\n\n\n\n<div class=\"wp-block-buttons is-layout-flex wp-block-buttons-is-layout-flex\">\n<div class=\"wp-block-button has-custom-width wp-block-button__width-100\"><a class=\"wp-block-button__link has-extra-1-background-color has-background wp-element-button\" href=\"https:\/\/pos.uel.br\/pecem\/wp-content\/uploads\/2025\/02\/SEI_2538198_Oficio_Circular_1-Novas-regras-em-caso-de-licenca-maternidade-1.pdf\" target=\"_blank\" rel=\"noreferrer noopener\"><strong>Novas Regras para Prorroga\u00e7\u00e3o de Bolsas de Estudo em Caso de Licen\u00e7a Maternidade (2025)<\/strong><\/a><\/div>\n<\/div>\n<\/div>\n\n\n\n<div class=\"wp-block-column is-layout-flow wp-block-column-is-layout-flow\">\n<div class=\"wp-block-buttons is-content-justification-center is-layout-flex wp-container-core-buttons-is-layout-16018d1d wp-block-buttons-is-layout-flex\">\n<div class=\"wp-block-button has-custom-width wp-block-button__width-100\"><a class=\"wp-block-button__link has-extra-1-background-color has-background wp-element-button\" href=\"https:\/\/pos.uel.br\/pecem\/wp-content\/uploads\/2024\/07\/Instrucao-de-Servico_PROPPG_07_2023-Portaria-133.pdf\" target=\"_blank\" rel=\"noreferrer noopener\"><strong>INSTRU\u00c7\u00c3O DE SERVI\u00c7O PROPPG N. 07\/2023<\/strong><\/a><\/div>\n<\/div>\n\n\n\n<div style=\"height:20px\" aria-hidden=\"true\" class=\"wp-block-spacer\"><\/div>\n\n\n\n<div class=\"wp-block-buttons is-layout-flex wp-block-buttons-is-layout-flex\">\n<div class=\"wp-block-button has-custom-width wp-block-button__width-100\"><a class=\"wp-block-button__link has-extra-1-background-color has-background wp-element-button\" href=\"https:\/\/pos.uel.br\/pecem\/wp-content\/uploads\/2024\/07\/DeclaraodeAcmulos1-Modelo-2.docx\" target=\"_blank\" rel=\"noreferrer noopener\"><strong>DECLARA\u00c7\u00c3O DE AC\u00daMULOS<\/strong><\/a><\/div>\n<\/div>\n\n\n\n<div style=\"height:20px\" aria-hidden=\"true\" class=\"wp-block-spacer\"><\/div>\n\n\n\n<div class=\"wp-block-buttons is-layout-flex wp-block-buttons-is-layout-flex\">\n<div class=\"wp-block-button has-custom-width wp-block-button__width-100\"><a class=\"wp-block-button__link has-extra-1-background-color has-background wp-element-button\" href=\"https:\/\/pos.uel.br\/pecem\/wp-content\/uploads\/2021\/08\/proex-atualizado1.pdf\" target=\"_blank\" rel=\"noreferrer noopener\"><strong>Regulamento da PROEX atualizado<\/strong><\/a><\/div>\n<\/div>\n\n\n\n<div style=\"height:20px\" aria-hidden=\"true\" class=\"wp-block-spacer\"><\/div>\n\n\n\n<div class=\"wp-block-buttons is-layout-flex wp-block-buttons-is-layout-flex\">\n<div class=\"wp-block-button has-custom-width wp-block-button__width-100\"><a class=\"wp-block-button__link has-extra-1-background-color has-background wp-element-button\" href=\"https:\/\/pos.uel.br\/pecem\/wp-content\/uploads\/2021\/08\/portaria-1321.pdf\" target=\"_blank\" rel=\"noreferrer noopener\"><strong>Portaria CAPES N\u00ba 132 de 18 de Agosto de 2016<\/strong><\/a><\/div>\n<\/div>\n\n\n\n<div style=\"height:20px\" aria-hidden=\"true\" class=\"wp-block-spacer\"><\/div>\n\n\n\n<div class=\"wp-block-buttons is-layout-flex wp-block-buttons-is-layout-flex\">\n<div class=\"wp-block-button has-custom-width wp-block-button__width-100\"><a class=\"wp-block-button__link has-extra-1-background-color has-background wp-element-button\" href=\"https:\/\/pos.uel.br\/pecem\/wp-content\/uploads\/2021\/08\/termo-de-compromisso-discente1.pdf\" target=\"_blank\" rel=\"noreferrer noopener\"><strong>Termo de Compromisso para discentes bolsistas<\/strong><\/a><\/div>\n<\/div>\n\n\n\n<div style=\"height:20px\" aria-hidden=\"true\" class=\"wp-block-spacer\"><\/div>\n\n\n\n<div class=\"wp-block-buttons is-layout-flex wp-block-buttons-is-layout-flex\">\n<div class=\"wp-block-button has-custom-width wp-block-button__width-100\"><a class=\"wp-block-button__link has-extra-1-background-color has-background wp-element-button\" href=\"https:\/\/pos.uel.br\/pecem\/wp-content\/uploads\/2021\/08\/devolucao-custeio-e-capital.pdf\" target=\"_blank\" rel=\"noreferrer noopener\"><strong>Orienta\u00e7\u00f5es para devolu\u00e7\u00e3o de recursos de custeio e capital<\/strong><\/a><\/div>\n<\/div>\n<\/div>\n<\/div>\n\n\n\n<p><strong>Membros da Comiss\u00e3o de Bolsas do PECEM:<\/strong><\/p>\n\n\n\n<p>Presidente: Profa. Mariana A. Bologna Soares de Andrade<\/p>\n\n\n\n<p>Profa. Fabiele Cristiane Dias Broietti<\/p>\n\n\n\n<p>Profa. Pamela Emanueli Alves Ferreira<\/p>\n\n\n\n<p>Representante discente: Jessica Aparecida Borssoi Zanquim<\/p>\n","protected":false},"excerpt":{"rendered":"<p>Quantidade de bolsas atualmente O Programa possui 33 (trinta e tr\u00eas) bolsas de Doutorado da CAPES, 2 (duas) bolsas de Doutorado vigentes da CAPES via edital Funda\u00e7\u00e3o Arauc\u00e1ria e 1 (uma) bolsa CNPQ via edital Funda\u00e7\u00e3o Arauc\u00e1ria &#8211; totalizando 36 bolsas. Para o n\u00edvel de Mestrado, o&nbsp;Programa possui 19 (dezenove) bolsas da CAPES, 1 (uma) [&hellip;]<\/p>\n","protected":false},"author":8,"featured_media":0,"parent":0,"menu_order":0,"comment_status":"closed","ping_status":"closed","template":"","meta":{"_acf_changed":false,"footnotes":""},"class_list":["post-137","page","type-page","status-publish","hentry"],"acf":[],"_links":{"self":[{"href":"https:\/\/pos.uel.br\/pecem\/wp-json\/wp\/v2\/pages\/137","targetHints":{"allow":["GET"]}}],"collection":[{"href":"https:\/\/pos.uel.br\/pecem\/wp-json\/wp\/v2\/pages"}],"about":[{"href":"https:\/\/pos.uel.br\/pecem\/wp-json\/wp\/v2\/types\/page"}],"author":[{"embeddable":true,"href":"https:\/\/pos.uel.br\/pecem\/wp-json\/wp\/v2\/users\/8"}],"replies":[{"embeddable":true,"href":"https:\/\/pos.uel.br\/pecem\/wp-json\/wp\/v2\/comments?post=137"}],"version-history":[{"count":32,"href":"https:\/\/pos.uel.br\/pecem\/wp-json\/wp\/v2\/pages\/137\/revisions"}],"predecessor-version":[{"id":3415,"href":"https:\/\/pos.uel.br\/pecem\/wp-json\/wp\/v2\/pages\/137\/revisions\/3415"}],"wp:attachment":[{"href":"https:\/\/pos.uel.br\/pecem\/wp-json\/wp\/v2\/media?parent=137"}],"curies":[{"name":"wp","href":"https:\/\/api.w.org\/{rel}","templated":true}]}}