{"id":1203,"date":"2021-09-21T20:10:02","date_gmt":"2021-09-21T23:10:02","guid":{"rendered":"https:\/\/pos.uel.br\/pecem\/?page_id=1203"},"modified":"2026-04-07T15:56:29","modified_gmt":"2026-04-07T18:56:29","slug":"selection-process","status":"publish","type":"page","link":"https:\/\/pos.uel.br\/pecem\/en\/selection-process\/","title":{"rendered":"Admission"},"content":{"rendered":"\n<p><strong><strong>NOTICE No. <a href=\"https:\/\/pos.uel.br\/pecem\/wp-content\/uploads\/2025\/09\/Edital_Selecao_PECEM_2026_1_assinado_assinado.pdf\" data-type=\"link\" data-id=\"https:\/\/www.sistemasweb.uel.br\/index.php?contents=system\/insc\/index.php&amp;pagina=view\/inscricoes\/seleciona_evento.php&amp;cod_evento=11183\" target=\"_blank\" rel=\"noreferrer noopener\"><\/a><a href=\"https:\/\/pos.uel.br\/pecem\/wp-content\/uploads\/2026\/03\/2026_-_edital_03-2026_-_Selecao2026-2_assinado.pdf\" target=\"_blank\" rel=\"noreferrer noopener\"><strong>03\/2026<\/strong> <\/a><\/strong><\/strong> \u2013 Establishes rules and procedures for registration and selection for admission to the Stricto Sensu Postgraduate Program in Science Education and Mathematical Education (GPSEME), in the condition of Regular Student, class of 2026\/02.<\/p>\n\n\n\n<p class=\"has-text-align-center\"><strong>PROGRAM CONCENTRATION AREA<\/strong><\/p>\n\n\n\n<p class=\"has-text-align-center\"><strong>SCIENCE TEACHING AND MATHEMATICS EDUCATION<\/strong><\/p>\n\n\n\n<figure class=\"wp-block-table\"><table><tbody><tr><td class=\"has-text-align-center\" data-align=\"center\"><strong><strong>The construction of knowledge in Science and Mathematics<\/strong><\/strong><\/td><td class=\"has-text-align-center\" data-align=\"center\"><strong><strong>Teacher training in Science and Mathematics<\/strong><\/strong><\/td><td class=\"has-text-align-center\" data-align=\"center\"><strong>History and Philosophy of Science and Mathematics<\/strong><\/td><\/tr><tr><td class=\"has-text-align-center\" data-align=\"center\">\u00c1lvaro Lorencini J\u00fanior<br>Andreia de Freitas Z\u00f4mpero<br>Angela Marta Pereira das D. Savioli&nbsp;<br>Carlos Eduardo Labur\u00fa<br>Edilaine Regina dos Santos<br>Fabiele Cristiane Dias Broietti<br>Lourdes Maria Werle de Almeida<br>Mariana A. B. Soares de Andrade<br>Marinez Meneghello Passos<br>Mois\u00e9s Alves de Oliveira<br>Paulo S\u00e9rgio de Camargo Filho<br>S\u00e9rgio de Mello Arruda<\/td><td class=\"has-text-align-center\" data-align=\"center\">\u00c1lvaro Lorencini J\u00fanior<br>Bruno Rodrigo Teixeira<br>Edilaine Regina dos Santos<br>Fabiele Cristiane Dias Broietti<br>Gustavo Iachel<br>Irin\u00e9ia de Lourdes Batista<br>M\u00e1rcia Cristina de C. Trindade Cyrino<br>Mariana A. B. Soares de Andrade<br>Marinez Meneghello Passos<br>Pamela Emanueli Alves Ferreira<br>Regina Luzia Corio de Buriasco<br>S\u00e9rgio de Mello Arruda<\/td><td class=\"has-text-align-center\" data-align=\"center\">Carlos Eduardo Labur\u00fa<br>Irin\u00e9a de Lourdes Batista<br>Lourdes Maria Werle de Almeida<br>Mariana A. B. Soares de Andrade<br>Mois\u00e9s Alves de Oliveira<br><\/td><\/tr><\/tbody><\/table><\/figure>\n\n\n\n<p class=\"has-text-align-center\">&nbsp;&nbsp;&nbsp;&nbsp;&nbsp;<strong><strong>VACANCIES PER TEACHER<\/strong> <strong>NOTICE No. <strong><strong><a href=\"https:\/\/pos.uel.br\/pecem\/wp-content\/uploads\/2025\/09\/Edital_Selecao_PECEM_2026_1_assinado_assinado.pdf\" data-type=\"link\" data-id=\"https:\/\/www.sistemasweb.uel.br\/index.php?contents=system\/insc\/index.php&amp;pagina=view\/inscricoes\/seleciona_evento.php&amp;cod_evento=11183\" target=\"_blank\" rel=\"noreferrer noopener\"><\/a><a href=\"https:\/\/pos.uel.br\/pecem\/wp-content\/uploads\/2026\/03\/2026_-_edital_03-2026_-_Selecao2026-2_assinado.pdf\" target=\"_blank\" rel=\"noreferrer noopener\"><strong>03\/2026<\/strong> <\/a><\/strong><\/strong><\/strong><\/strong> &#8211;<strong><strong>Regular Student Offer 2026\/02<\/strong><\/strong>&nbsp;&nbsp;<\/p>\n\n\n\n<div class=\"wp-block-columns is-layout-flex wp-container-core-columns-is-layout-9d6595d7 wp-block-columns-is-layout-flex\">\n<div class=\"wp-block-column is-layout-flow wp-block-column-is-layout-flow\" style=\"flex-basis:100%\">\n<figure class=\"wp-block-table is-style-stripes\"><table><tbody><tr><td class=\"has-text-align-center\" data-align=\"center\"><strong><strong>Teacher<\/strong><\/strong><\/td><td class=\"has-text-align-center\" data-align=\"center\"><strong><strong>Masters<\/strong>&nbsp;<strong>vacancies<\/strong><\/strong><\/td><td class=\"has-text-align-center\" data-align=\"center\"><\/td><\/tr><tr><td class=\"has-text-align-center\" data-align=\"center\">&nbsp;\u00c1lvaro Lorencini J\u00fanior<\/td><td class=\"has-text-align-center\" data-align=\"center\">1<\/td><td class=\"has-text-align-center\" data-align=\"center\"><\/td><\/tr><tr><td class=\"has-text-align-center\" data-align=\"center\">Andreia de Freitas Z\u00f4mpero <\/td><td class=\"has-text-align-center\" data-align=\"center\">1<\/td><td class=\"has-text-align-center\" data-align=\"center\"><\/td><\/tr><tr><td class=\"has-text-align-center\" data-align=\"center\">&nbsp;Angela Marta P. D. Savioli<\/td><td class=\"has-text-align-center\" data-align=\"center\">&#8211;<\/td><td class=\"has-text-align-center\" data-align=\"center\"><\/td><\/tr><tr><td class=\"has-text-align-center\" data-align=\"center\">Bruno Rodrigo Teixeira<\/td><td class=\"has-text-align-center\" data-align=\"center\">&#8211;<\/td><td class=\"has-text-align-center\" data-align=\"center\"><\/td><\/tr><tr><td class=\"has-text-align-center\" data-align=\"center\">&nbsp;Carlos Eduardo Labur\u00fa<\/td><td class=\"has-text-align-center\" data-align=\"center\">&#8211;<\/td><td class=\"has-text-align-center\" data-align=\"center\"><\/td><\/tr><tr><td class=\"has-text-align-center\" data-align=\"center\">Edilaine Regina dos Santos<\/td><td class=\"has-text-align-center\" data-align=\"center\">&#8211;<\/td><td class=\"has-text-align-center\" data-align=\"center\"><\/td><\/tr><tr><td class=\"has-text-align-center\" data-align=\"center\">&nbsp;Fabiele Cristiane Dias Broietti<\/td><td class=\"has-text-align-center\" data-align=\"center\">&#8211;<\/td><td class=\"has-text-align-center\" data-align=\"center\"><\/td><\/tr><tr><td class=\"has-text-align-center\" data-align=\"center\">Gustavo Iachel<\/td><td class=\"has-text-align-center\" data-align=\"center\">1<\/td><td class=\"has-text-align-center\" data-align=\"center\"><\/td><\/tr><tr><td class=\"has-text-align-center\" data-align=\"center\">&nbsp;Irin\u00e9a de Lourdes Batista<\/td><td class=\"has-text-align-center\" data-align=\"center\">&#8211;<\/td><td class=\"has-text-align-center\" data-align=\"center\"><\/td><\/tr><tr><td class=\"has-text-align-center\" data-align=\"center\">&nbsp;Lourdes Maria W. de Almeida<\/td><td class=\"has-text-align-center\" data-align=\"center\">&#8211;<\/td><td class=\"has-text-align-center\" data-align=\"center\"><\/td><\/tr><tr><td class=\"has-text-align-center\" data-align=\"center\">&nbsp;M\u00e1rcia Cristina C. T. Cyrino<\/td><td class=\"has-text-align-center\" data-align=\"center\">1<\/td><td class=\"has-text-align-center\" data-align=\"center\"><\/td><\/tr><tr><td class=\"has-text-align-center\" data-align=\"center\">&nbsp;Mariana A. B. Soares de Andrade<\/td><td class=\"has-text-align-center\" data-align=\"center\">1<\/td><td class=\"has-text-align-center\" data-align=\"center\"><\/td><\/tr><tr><td class=\"has-text-align-center\" data-align=\"center\">&nbsp;Marinez Meneghello Passos<\/td><td class=\"has-text-align-center\" data-align=\"center\">&#8211;<\/td><td class=\"has-text-align-center\" data-align=\"center\"><\/td><\/tr><tr><td class=\"has-text-align-center\" data-align=\"center\">&nbsp;Mois\u00e9s Alves de Oliveira<\/td><td class=\"has-text-align-center\" data-align=\"center\">1<\/td><td class=\"has-text-align-center\" data-align=\"center\"><\/td><\/tr><tr><td class=\"has-text-align-center\" data-align=\"center\">Pamela Emanueli Alves Ferreira<\/td><td class=\"has-text-align-center\" data-align=\"center\">2<\/td><td class=\"has-text-align-center\" data-align=\"center\"><\/td><\/tr><tr><td class=\"has-text-align-center\" data-align=\"center\">&nbsp;Paulo S\u00e9rgio de Camargo Filho<\/td><td class=\"has-text-align-center\" data-align=\"center\">&#8211;<\/td><td class=\"has-text-align-center\" data-align=\"center\"><\/td><\/tr><tr><td class=\"has-text-align-center\" data-align=\"center\">&nbsp;Regina L. Corio de Buriasco<\/td><td class=\"has-text-align-center\" data-align=\"center\">&#8211;<\/td><td class=\"has-text-align-center\" data-align=\"center\"><\/td><\/tr><tr><td class=\"has-text-align-center\" data-align=\"center\">&nbsp;S\u00e9rgio de Mello Arruda<\/td><td class=\"has-text-align-center\" data-align=\"center\">&#8211;<\/td><td class=\"has-text-align-center\" data-align=\"center\"><\/td><\/tr><tr><td class=\"has-text-align-center\" data-align=\"center\"><strong>&nbsp;Total<\/strong><\/td><td class=\"has-text-align-center\" data-align=\"center\"><strong>8<\/strong><\/td><td class=\"has-text-align-center\" data-align=\"center\"><\/td><\/tr><\/tbody><\/table><\/figure>\n<\/div>\n<\/div>\n\n\n\n<div style=\"height:40px\" aria-hidden=\"true\" class=\"wp-block-spacer\"><\/div>\n\n\n\n<p><strong><strong><strong>Total Number of Vacancies: Selection Process GPSEME<\/strong> &#8211; <strong>NOTICE <strong><strong><a href=\"https:\/\/pos.uel.br\/pecem\/wp-content\/uploads\/2026\/03\/2026_-_edital_03-2026_-_Selecao2026-2_assinado.pdf\" target=\"_blank\" rel=\"noreferrer noopener\">N.\u00ba 03\/2026<\/a> <\/strong><\/strong>&#8211;<\/strong><\/strong><\/strong> <strong><strong>Regular Student Offer 2026\/02<\/strong><\/strong><\/p>\n\n\n\n<p><strong>Up to 8 vacancies for the Master&#8217;s program<\/strong><\/p>\n\n\n\n<p><strong>Note:<\/strong> The Coordinating Committee reserves the right not to fill all vacancies.<\/p>\n\n\n\n<p><\/p>\n\n\n\n<div class=\"wp-block-buttons is-layout-flex wp-block-buttons-is-layout-flex\">\n<div class=\"wp-block-button\"><a class=\"wp-block-button__link wp-element-button\" href=\"http:\/\/www.uel.br\/eventos\/sigec\/?id=11805\" target=\"_blank\" rel=\"noreferrer noopener\"><strong><strong><strong>EXEMPTION REQUESTS (CAD\u00daNICO)<\/strong><\/strong><\/strong><\/a><\/div>\n<\/div>\n\n\n\n<p><\/p>\n\n\n\n<p><strong>Period:<\/strong> April 6 to 7, 2026<\/p>\n\n\n\n<p>Link <a href=\"http:\/\/www.uel.br\/eventos\/sigec\/?id=11805\">http:\/\/www.uel.br\/eventos\/sigec\/?id=11805<\/a><\/p>\n\n\n\n<p><\/p>\n\n\n\n<div class=\"wp-block-buttons is-layout-flex wp-block-buttons-is-layout-flex\">\n<div class=\"wp-block-button\"><a class=\"wp-block-button__link wp-element-button\" href=\"https:\/\/sites.uel.br\/proppg\/wp-content\/uploads\/2023\/12\/Formulario-Isencao.docx\" target=\"_blank\" rel=\"noreferrer noopener\"><strong><strong><strong>EXEMPTION REQUESTS FOR ELECTORAL WORK AND BLOOD DONATION <\/strong><\/strong><\/strong><\/a><\/div>\n<\/div>\n\n\n\n<p><\/p>\n\n\n\n<p><strong>Period: <\/strong>April 6 to 7, 2026<\/p>\n\n\n\n<p>Complete the <a href=\"https:\/\/sites.uel.br\/proppg\/wp-content\/uploads\/2023\/12\/Formulario-Isencao.docx\" target=\"_blank\" rel=\"noreferrer noopener\">Form<\/a> as per item II of 2.1 of Public Notice 03\/2026 of PECEM.<\/p>\n\n\n\n<p><\/p>\n\n\n\n<div class=\"wp-block-buttons is-layout-flex wp-block-buttons-is-layout-flex\">\n<div class=\"wp-block-button\"><a class=\"wp-block-button__link wp-element-button\" href=\"https:\/\/pos.uel.br\/pecem\/wp-content\/uploads\/2026\/03\/2026_-_edital_03-2026_-_Selecao2026-2_assinado.pdf\" target=\"_blank\" rel=\"noreferrer noopener\"><strong>REGISTRATION FOR PUBLIC NOTICE 03\/2026<\/strong><\/a><\/div>\n<\/div>\n\n\n\n<p><\/p>\n\n\n\n<p><strong>Period<\/strong>: April 16 to May 10, 2026<\/p>\n\n\n\n<p>Via Web &#8211; Links 1 and 2 &#8211; See Notice No. <strong><strong><a href=\"https:\/\/pos.uel.br\/pecem\/wp-content\/uploads\/2025\/09\/Edital_Selecao_PECEM_2026_1_assinado_assinado.pdf\" data-type=\"link\" data-id=\"https:\/\/www.sistemasweb.uel.br\/index.php?contents=system\/insc\/index.php&amp;pagina=view\/inscricoes\/seleciona_evento.php&amp;cod_evento=11183\" target=\"_blank\" rel=\"noreferrer noopener\"><\/a><a href=\"https:\/\/pos.uel.br\/pecem\/wp-content\/uploads\/2026\/03\/2026_-_edital_03-2026_-_Selecao2026-2_assinado.pdf\" target=\"_blank\" rel=\"noreferrer noopener\"><strong>03\/2026<\/strong> <\/a><\/strong><\/strong><\/p>\n\n\n\n<p><\/p>\n\n\n\n<p><\/p>\n\n\n\n<div class=\"wp-block-buttons is-layout-flex wp-block-buttons-is-layout-flex\">\n<div class=\"wp-block-button\"><a class=\"wp-block-button__link wp-element-button\"><strong>APPROVAL OF REGISTRATIONS<\/strong><\/a><\/div>\n<\/div>\n\n\n\n<p><\/p>\n\n\n\n<p><strong>Period:<\/strong> until May 13, 2026, on the Notices and Results page<\/p>\n\n\n\n<p><\/p>\n\n\n\n<p>&#8212;&#8212;&#8212;&#8212;&#8212;-<\/p>\n\n\n\n<p><strong>ABOUT THE SELECTION EXAMS<\/strong><\/p>\n\n\n\n<ul class=\"wp-block-list\">\n<li>SUGGESTED CONTENT FOR THE MASTER&#8217;S WRITING EXAM IS INCLUDED IN <a href=\"https:\/\/pos.uel.br\/pecem\/wp-content\/uploads\/2026\/04\/Edital-Oferta-Regular-2026-2-ANEXOS.pdf\" target=\"_blank\" rel=\"noreferrer noopener\">APPENDIX A<\/a>.<\/li>\n<\/ul>\n\n\n\n<ul class=\"wp-block-list\">\n<li>SUGGESTED CONTENT AND BIBLIOGRAPHIES FOR THE SPECIFIC MASTER&#8217;S EXAMS ARE INCLUDED IN <a href=\"https:\/\/pos.uel.br\/pecem\/wp-content\/uploads\/2026\/04\/Edital-Oferta-Regular-2026-2-ANEXOS.pdf\" target=\"_blank\" rel=\"noreferrer noopener\">APPENDIX B<\/a>.<\/li>\n<\/ul>\n\n\n\n<p><strong><strong>Analysis of LATTES CURRICULUM<\/strong> <\/strong><\/p>\n\n\n\n<div class=\"wp-block-file\"><a id=\"wp-block-file--media-94f4c416-7499-486c-8298-5feadd70a137\" href=\"https:\/\/pos.uel.br\/pecem\/wp-content\/uploads\/2022\/09\/Planilhacurriculummestrado.pdf\">Click here to access the analysis criteria for the <strong>Master&#8217;s <\/strong>curriculum<\/a><a href=\"https:\/\/pos.uel.br\/pecem\/wp-content\/uploads\/2022\/09\/Planilhacurriculummestrado.pdf\" class=\"wp-block-file__button wp-element-button\" download aria-describedby=\"wp-block-file--media-94f4c416-7499-486c-8298-5feadd70a137\">Baixar<\/a><\/div>\n\n\n\n<div class=\"wp-block-file\"><a id=\"wp-block-file--media-b3d92594-b520-4b08-9cce-085a143f9471\" href=\"https:\/\/pos.uel.br\/pecem\/wp-content\/uploads\/2021\/10\/Planilhacurriculumdoutorado.pdf\">Click here to access the analysis criteria for the <strong>Doctoral <\/strong>curriculum<\/a><a href=\"https:\/\/pos.uel.br\/pecem\/wp-content\/uploads\/2021\/10\/Planilhacurriculumdoutorado.pdf\" class=\"wp-block-file__button wp-element-button\" download aria-describedby=\"wp-block-file--media-b3d92594-b520-4b08-9cce-085a143f9471\">Baixar<\/a><\/div>\n\n\n\n<p>For questions regarding the GPSEME selection process, please email:&nbsp;<a href=\"mailto:spgcceselecao@uel.br\">spgcceselecao@uel.br<\/a><\/p>\n","protected":false},"excerpt":{"rendered":"<p>NOTICE No. 03\/2026 \u2013 Establishes rules and procedures for registration and selection for admission to the Stricto Sensu Postgraduate Program in Science Education and Mathematical Education (GPSEME), in the condition of Regular Student, class of 2026\/02. PROGRAM CONCENTRATION AREA SCIENCE TEACHING AND MATHEMATICS EDUCATION The construction of knowledge in Science and Mathematics Teacher training in [&hellip;]<\/p>\n","protected":false},"author":8,"featured_media":0,"parent":0,"menu_order":0,"comment_status":"closed","ping_status":"closed","template":"","meta":{"_acf_changed":false,"footnotes":""},"class_list":["post-1203","page","type-page","status-publish","hentry"],"acf":[],"_links":{"self":[{"href":"https:\/\/pos.uel.br\/pecem\/wp-json\/wp\/v2\/pages\/1203","targetHints":{"allow":["GET"]}}],"collection":[{"href":"https:\/\/pos.uel.br\/pecem\/wp-json\/wp\/v2\/pages"}],"about":[{"href":"https:\/\/pos.uel.br\/pecem\/wp-json\/wp\/v2\/types\/page"}],"author":[{"embeddable":true,"href":"https:\/\/pos.uel.br\/pecem\/wp-json\/wp\/v2\/users\/8"}],"replies":[{"embeddable":true,"href":"https:\/\/pos.uel.br\/pecem\/wp-json\/wp\/v2\/comments?post=1203"}],"version-history":[{"count":37,"href":"https:\/\/pos.uel.br\/pecem\/wp-json\/wp\/v2\/pages\/1203\/revisions"}],"predecessor-version":[{"id":3817,"href":"https:\/\/pos.uel.br\/pecem\/wp-json\/wp\/v2\/pages\/1203\/revisions\/3817"}],"wp:attachment":[{"href":"https:\/\/pos.uel.br\/pecem\/wp-json\/wp\/v2\/media?parent=1203"}],"curies":[{"name":"wp","href":"https:\/\/api.w.org\/{rel}","templated":true}]}}