{"id":9,"date":"2021-04-28T15:35:54","date_gmt":"2021-04-28T18:35:54","guid":{"rendered":"https:\/\/pos.uel.br\/patologiaexperimental\/?page_id=9"},"modified":"2025-09-10T20:52:08","modified_gmt":"2025-09-10T23:52:08","slug":"areas-de-concentracao","status":"publish","type":"page","link":"https:\/\/pos.uel.br\/patologiaexperimental\/areas-de-concentracao\/","title":{"rendered":"Informa\u00e7\u00f5es Gerais"},"content":{"rendered":"\n<div class=\"wp-block-columns is-layout-flex wp-container-core-columns-is-layout-9d6595d7 wp-block-columns-is-layout-flex\">\n<div class=\"wp-block-column is-layout-flow wp-block-column-is-layout-flow\" style=\"flex-basis:33.33%\">\n<figure class=\"wp-block-video\"><video height=\"1080\" style=\"aspect-ratio: 1920 \/ 1080;\" width=\"1920\" autoplay loop muted src=\"https:\/\/pos.uel.br\/patologiaexperimental\/wp-content\/uploads\/2025\/09\/VIDEO-CURTO-PATOLOGIA-EXPERIMENTAL-LOGO-CIRCULAR.mp4\"><\/video><\/figure>\n\n\n\n<hr class=\"wp-block-separator has-css-opacity is-style-wide\" \/>\n\n\n\n<h2 class=\"wp-block-heading has-extra-1-color has-text-color has-link-color has-medium-font-size wp-elements-142b82172cb377db13be43cd2ccca7ba\">N\u00famero de Vagas<\/h2>\n\n\n\n<p>S\u00e3o ofertadas anualmente at\u00e9 20 vagas para o Mestrado, e at\u00e9 15 vagas para o Doutorado.<\/p>\n\n\n\n<p><\/p>\n\n\n\n<hr class=\"wp-block-separator has-css-opacity is-style-wide\" \/>\n<\/div>\n\n\n\n<div class=\"wp-block-column is-layout-flow wp-block-column-is-layout-flow\" style=\"flex-basis:66.66%\">\n<div class=\"wp-block-uel-card\">\n<div class=\"wp-block-group is-vertical is-content-justification-stretch is-layout-flex wp-container-core-group-is-layout-0a8f9e4e wp-block-group-is-layout-flex\">\n<div class=\"wp-block-group\"><div class=\"wp-block-group__inner-container is-layout-constrained wp-block-group-is-layout-constrained\">\n<p class=\"has-extra-1-color has-text-color has-link-color wp-elements-f7f80f902315966810c951b80563b303\"><strong>\u00c1rea<\/strong><\/p>\n\n\n\n<p class=\"has-text-align-left has-link-color wp-elements-d45dcc105df1f0d109ea0d96297b7506\"><strong>\u00c1rea de Conhecimento:&nbsp;<\/strong>Anatomia Patol\u00f3gica e Patologia Cl\u00ednica (Medicina II)<\/p>\n\n\n\n<p class=\"has-link-color wp-elements-46b63084f5af4f301b8e7847a7ea5854\"><strong>\u00c1rea de concentra\u00e7\u00e3o:<\/strong>&nbsp;Patologia Experimental<\/p>\n\n\n\n<hr class=\"wp-block-separator has-text-color has-secondary-text-color has-alpha-channel-opacity has-secondary-text-background-color has-background is-style-wide\" \/>\n\n\n\n<h2 class=\"wp-block-heading is-style-highlighted-heading has-extra-1-color has-text-color has-link-color has-medium-font-size wp-elements-1724baf1c6fd05bc4330b116ab9edd43\">Miss\u00e3o<\/h2>\n\n\n\n<p>O programa de P\u00f3s-Gradua\u00e7\u00e3o em Patologia Experimental tem como a sua principal miss\u00e3o, atuar na forma\u00e7\u00e3o de recursos humanos altamente capacitados para o exerc\u00edcio da pesquisa cient\u00edfica, do ensino e da extens\u00e3o na \u00e1rea de Patologia. Ainda, promover de forma integrada e multidisciplinar, a produ\u00e7\u00e3o e a difus\u00e3o do conhecimento cient\u00edfico, visando incentivar e contribuir, cada vez mais com o desenvolvimento de pesquisa translacional.<\/p>\n<\/div><\/div>\n<\/div>\n\n\n\n<hr class=\"wp-block-separator has-text-color has-secondary-text-color has-alpha-channel-opacity has-secondary-text-background-color has-background is-style-wide\" \/>\n<\/div>\n<\/div>\n<\/div>\n\n\n\n<p class=\"has-extra-1-color has-text-color has-link-color has-medium-font-size wp-elements-944fee16ef489117e6af518cd57c7dae\"><\/p>\n\n\n\n<div class=\"wp-block-columns is-layout-flex wp-container-core-columns-is-layout-9d6595d7 wp-block-columns-is-layout-flex\">\n<div class=\"wp-block-column is-layout-flow wp-block-column-is-layout-flow\" style=\"flex-basis:33.33%\">\n<h2 class=\"wp-block-heading has-medium-font-size\">Perfil do profissional a ser formado<\/h2>\n\n\n\n<p>O programa de Patologia Experimental prepara um profissional capaz de lecionar os conte\u00fados das disciplinas de Patologia Geral e Imunologia essenciais para os cursos de gradua\u00e7\u00e3o da \u00c1rea da Sa\u00fade, incluindo uma abordagem cient\u00edfica e multidisciplinar dos temas abordados. Al\u00e9m disso, o Programa estimula a forma\u00e7\u00e3o de profissionais que dominem t\u00e9cnicas laboratoriais, planejamento em pesquisa e racioc\u00ednio cient\u00edfico para serem agentes de desenvolvimento de solu\u00e7\u00f5es t\u00e9cnico-cient\u00edficas para situa\u00e7\u00f5es relacionadas \u00e0 sa\u00fade humana, seja em \u00e2mbito regional, nacional e internacional.<\/p>\n\n\n\n<h2 class=\"wp-block-heading has-medium-font-size\"><\/h2>\n\n\n\n<hr class=\"wp-block-separator has-css-opacity is-style-wide\" \/>\n\n\n\n<h2 class=\"wp-block-heading has-medium-font-size\">Bolsas de estudo<\/h2>\n\n\n\n<p>O Programa \u00e9 atendido com bolsas de estudo da CAPES, CNPq e Funda\u00e7\u00e3o Arauc\u00e1ria. Atualmente o Programa conta com 25 bolsas de Mestrado e 17 bolsas de Doutorado, todas implantadas.<\/p>\n<\/div>\n\n\n\n<div class=\"wp-block-column is-layout-flow wp-block-column-is-layout-flow\" style=\"flex-basis:66.66%\">\n<h2 class=\"wp-block-heading has-medium-font-size\">Objetivos<\/h2>\n\n\n\n<p>O programa de P\u00f3s-Gradua\u00e7\u00e3o em Patologia Experimental tem como principal objetivo proporcionar uma forma\u00e7\u00e3o cient\u00edfica e did\u00e1tico-pedag\u00f3gica s\u00f3lida para futuros docentes e pesquisadores da \u00e1rea da sa\u00fade, capacitando-os a exercer atividades acad\u00eamicas e de pesquisa.<\/p>\n\n\n\n<p>Al\u00e9m disso, o programa tem objetivos secund\u00e1rios:<\/p>\n\n\n\n<p>\u2013 Proporcionar aos alunos de p\u00f3s-gradua\u00e7\u00e3o conhecimentos s\u00f3lidos sobre princ\u00edpios dos mecanismos das les\u00f5es celulares e moleculares, e o entendimento da resposta imune gerada pelos mecanismos de agress\u00e3o de pat\u00f3genos, agentes qu\u00edmicos e f\u00edsicos.<\/p>\n\n\n\n<p>\u2013 Refor\u00e7ar a pr\u00e1tica da pesquisa e forma\u00e7\u00e3o de recursos humanos como um elemento essencial nas atividades da UEL, reafirmando a Universidade como um important\u00edssimo polo de gera\u00e7\u00e3o de conhecimentos, de forma\u00e7\u00e3o profissional e de presta\u00e7\u00e3o de servi\u00e7os.<\/p>\n\n\n\n<p>\u2013 Formar recursos humanos de alto n\u00edvel capazes de atuar de forma multidisciplinar como agentes de transforma\u00e7\u00e3o e avan\u00e7o para a \u00e1rea da sa\u00fade.<\/p>\n\n\n\n<p>\u2013 Capacitar profissionais da \u00e1rea da sa\u00fade e biol\u00f3gica para atuar na forma\u00e7\u00e3o de recursos humanos.<\/p>\n\n\n\n<p>\u2013 Estimular e desenvolver do racioc\u00ednio cient\u00edfico dos graduandos da \u00e1rea da sa\u00fade da Universidade Estadual de Londrina, atrav\u00e9s da abertura de vagas de Inicia\u00e7\u00e3o cient\u00edfica e Extens\u00e3o, monitoria acad\u00eamica e desenvolvimento de Trabalhos de Conclus\u00e3o de Curso.<\/p>\n\n\n\n<p>\u2013 Aproximar a pesquisa cient\u00edfica da pr\u00e1tica cl\u00ednica atrav\u00e9s do envolvimento de m\u00e9dicos e outros profissionais da sa\u00fade que atuam em Centros de sa\u00fade onde s\u00e3o desenvolvidas algumas das pesquisas do Programa.<\/p>\n\n\n\n<p>\u2013 Proporcionar o contato da popula\u00e7\u00e3o com a pesquisa cient\u00edfica atrav\u00e9s de a\u00e7\u00f5es de extens\u00e3o que visem apresentar o conhecimento cient\u00edfico e esclarecer d\u00favidas sobre temas importantes da \u00e1rea da sa\u00fade.<\/p>\n\n\n\n<p>\u2013 Construir e ampliar rela\u00e7\u00f5es com outras institui\u00e7\u00f5es e pesquisadores nacionais e internacionais.<\/p>\n\n\n\n<div style=\"height:30px\" aria-hidden=\"true\" class=\"wp-block-spacer\"><\/div>\n\n\n\n<h2 class=\"wp-block-heading has-medium-font-size\">Estrutura do Programa<\/h2>\n\n\n\n<p><strong>Mestrado<\/strong><\/p>\n\n\n\n<p>Tem dura\u00e7\u00e3o de at\u00e9 24 meses, envolve atividades pr\u00e1ticas e te\u00f3ricas. O estudante dever\u00e1 cumprir as cargas hor\u00e1rias e atividades necess\u00e1rias previstas na resolu\u00e7\u00e3o da P\u00f3s-gradua\u00e7\u00e3o para estar apto para a defesa da disserta\u00e7\u00e3o para obten\u00e7\u00e3o do t\u00edtulo de Mestre.<\/p>\n\n\n\n<p><strong>Doutorado<\/strong><\/p>\n\n\n\n<p>Tem dura\u00e7\u00e3o de at\u00e9 48 meses, envolve atividades pr\u00e1ticas e te\u00f3ricas. O estudante dever\u00e1 cumprir as cargas hor\u00e1rias e atividades necess\u00e1rias previstas na resolu\u00e7\u00e3o da P\u00f3s-gradua\u00e7\u00e3o para estar apto para a defesa de tese para obten\u00e7\u00e3o do t\u00edtulo de Doutor.<\/p>\n\n\n\n<p><strong>P\u00f3s-Doutorado<\/strong><\/p>\n\n\n\n<p>Tem dura\u00e7\u00e3o de seis a 12 meses, sendo permitida prorroga\u00e7\u00e3o. Depende de vagas disponibilizadas pelo docente supervisor. O objetivo \u00e9 possibilitar a consolida\u00e7\u00e3o de pesquisadores que j\u00e1 obtiveram o t\u00edtulo de Doutor atrav\u00e9s do desenvolvimento de um projeto com conte\u00fado cient\u00edfico inovador.<\/p>\n<\/div>\n<\/div>\n\n\n\n<p><\/p>\n","protected":false},"excerpt":{"rendered":"<p>N\u00famero de Vagas S\u00e3o ofertadas anualmente at\u00e9 20 vagas para o Mestrado, e at\u00e9 15 vagas para o Doutorado. Perfil do profissional a ser formado O programa de Patologia Experimental prepara um profissional capaz de lecionar os conte\u00fados das disciplinas de Patologia Geral e Imunologia essenciais para os cursos de gradua\u00e7\u00e3o da \u00c1rea da Sa\u00fade, [&hellip;]<\/p>\n","protected":false},"author":7,"featured_media":0,"parent":0,"menu_order":0,"comment_status":"closed","ping_status":"closed","template":"","meta":{"footnotes":""},"class_list":["post-9","page","type-page","status-publish","hentry"],"_links":{"self":[{"href":"https:\/\/pos.uel.br\/patologiaexperimental\/wp-json\/wp\/v2\/pages\/9","targetHints":{"allow":["GET"]}}],"collection":[{"href":"https:\/\/pos.uel.br\/patologiaexperimental\/wp-json\/wp\/v2\/pages"}],"about":[{"href":"https:\/\/pos.uel.br\/patologiaexperimental\/wp-json\/wp\/v2\/types\/page"}],"author":[{"embeddable":true,"href":"https:\/\/pos.uel.br\/patologiaexperimental\/wp-json\/wp\/v2\/users\/7"}],"replies":[{"embeddable":true,"href":"https:\/\/pos.uel.br\/patologiaexperimental\/wp-json\/wp\/v2\/comments?post=9"}],"version-history":[{"count":20,"href":"https:\/\/pos.uel.br\/patologiaexperimental\/wp-json\/wp\/v2\/pages\/9\/revisions"}],"predecessor-version":[{"id":1126,"href":"https:\/\/pos.uel.br\/patologiaexperimental\/wp-json\/wp\/v2\/pages\/9\/revisions\/1126"}],"wp:attachment":[{"href":"https:\/\/pos.uel.br\/patologiaexperimental\/wp-json\/wp\/v2\/media?parent=9"}],"curies":[{"name":"wp","href":"https:\/\/api.w.org\/{rel}","templated":true}]}}