{"id":87,"date":"2021-06-15T02:57:15","date_gmt":"2021-06-15T05:57:15","guid":{"rendered":"https:\/\/pos.uel.br\/patologiaexperimental\/pagina-inicial\/"},"modified":"2026-03-30T15:53:59","modified_gmt":"2026-03-30T18:53:59","slug":"pagina-inicial","status":"publish","type":"page","link":"https:\/\/pos.uel.br\/patologiaexperimental\/","title":{"rendered":"P\u00e1gina inicial"},"content":{"rendered":"\n<div class=\"wp-block-columns is-layout-flex wp-container-core-columns-is-layout-9d6595d7 wp-block-columns-is-layout-flex\">\n<div class=\"wp-block-column is-layout-flow wp-block-column-is-layout-flow\">\n<div class=\"wp-block-columns is-layout-flex wp-container-core-columns-is-layout-9d6595d7 wp-block-columns-is-layout-flex\">\n<div class=\"wp-block-column is-layout-flow wp-block-column-is-layout-flow\" style=\"flex-basis:66.66%\">\n<div class=\"wp-block-uel-card\">\n<h3 class=\"wp-block-heading is-style-highlighted-heading has-text-color\" style=\"color:#eaa255\">\u00daltimas Not\u00edcias<\/h3>\n\n\n\n<p class=\"has-text-color\" style=\"color:#0d26ee\"><img loading=\"lazy\" decoding=\"async\" width=\"256\" height=\"256\" class=\"wp-image-698\" style=\"width: 35px\" src=\"https:\/\/pos.uel.br\/patologiaexperimental\/wp-content\/uploads\/2023\/06\/new-icon.png\" alt=\"\" srcset=\"https:\/\/pos.uel.br\/patologiaexperimental\/wp-content\/uploads\/2023\/06\/new-icon.png 256w, https:\/\/pos.uel.br\/patologiaexperimental\/wp-content\/uploads\/2023\/06\/new-icon-150x150.png 150w\" sizes=\"auto, (max-width: 256px) 100vw, 256px\" \/> <strong>EDITAL No. 008\/2026 &#8211; Sele\u00e7\u00e3o para estudantes regulares &#8211; 2026\/2<\/strong>(vers\u00e3o somente em portugu\u00eas)<\/p>\n\n\n\n<p class=\"has-primary-text-color has-text-color has-small-font-size\">Estabelece normas e procedimentos de sele\u00e7\u00e3o para o ingresso no Programa de P\u00f3s-Gradua\u00e7\u00e3o <em>Stricto sensu<\/em> em Patologia Experimental <a href=\"https:\/\/drive.google.com\/file\/d\/1BqUSP2PkIW0roIq5lS5wcEabH7oYbukm\/view?usp=sharing\">(clique aqui)<\/a><\/p>\n\n\n\n<p class=\"has-primary-text-color has-text-color has-small-font-size\"><strong>Modelo de Carta de Inten\u00e7\u00e3o <a href=\"https:\/\/docs.google.com\/document\/d\/1K521zHMNww2i-tGgx35zfk-p_A2-nyLA\/edit?usp=sharing&amp;ouid=112175253460256515150&amp;rtpof=true&amp;sd=true\">(clique aqui para download)<\/a><\/strong><\/p>\n\n\n\n<p class=\"has-primary-text-color has-text-color has-small-font-size\"><strong><em>Link para isen\u00e7\u00e3o do pre\u00e7o p\u00fablico (Cad\u00danico) &#8211; inscri\u00e7\u00e3o:<\/em><\/strong> <\/p>\n\n\n\n<p class=\"has-primary-text-color has-text-color has-small-font-size\"><a href=\"http:\/\/www.uel.br\/eventos\/sigec\/?id=11805\">http:\/\/www.uel.br\/eventos\/sigec\/?id=11805<\/a><\/p>\n\n\n\n<p class=\"has-text-color\" style=\"color:#0d26ee\"><img loading=\"lazy\" decoding=\"async\" width=\"256\" height=\"256\" class=\"wp-image-698\" style=\"width: 35px\" src=\"https:\/\/pos.uel.br\/patologiaexperimental\/wp-content\/uploads\/2023\/06\/new-icon.png\" alt=\"\" srcset=\"https:\/\/pos.uel.br\/patologiaexperimental\/wp-content\/uploads\/2023\/06\/new-icon.png 256w, https:\/\/pos.uel.br\/patologiaexperimental\/wp-content\/uploads\/2023\/06\/new-icon-150x150.png 150w\" sizes=\"auto, (max-width: 256px) 100vw, 256px\" \/> <strong>EDITAL No. 007\/2026<\/strong> <strong>&#8211; Resultado da Sele\u00e7\u00e3o para Estudantes Especiais &#8211; 2026\/1<\/strong> (somente em portugu\u00eas)<\/p>\n\n\n\n<p class=\"has-primary-text-color has-text-color has-small-font-size\">Divulga o Resultado FInal da sele\u00e7\u00e3o para o ingresso no Programa de P\u00f3s-Gradua\u00e7\u00e3o <em>Stricto sensu<\/em> em Patologia Experimental como Estudante Especial <a href=\"https:\/\/drive.google.com\/file\/d\/1NsqNnDH3RIQ6aH-gD_kXTxfi5QOGUxwG\/view?usp=sharing\">(clique aqui)<\/a><\/p>\n\n\n\n<p class=\"has-text-color\" style=\"color:#ed960c\"><img loading=\"lazy\" decoding=\"async\" width=\"256\" height=\"256\" class=\"wp-image-698\" style=\"width: 35px\" src=\"https:\/\/pos.uel.br\/patologiaexperimental\/wp-content\/uploads\/2023\/06\/new-icon.png\" alt=\"\" srcset=\"https:\/\/pos.uel.br\/patologiaexperimental\/wp-content\/uploads\/2023\/06\/new-icon.png 256w, https:\/\/pos.uel.br\/patologiaexperimental\/wp-content\/uploads\/2023\/06\/new-icon-150x150.png 150w\" sizes=\"auto, (max-width: 256px) 100vw, 256px\" \/> <strong>EDITAL No. 006\/2026<\/strong> <strong>&#8211; Edital de concess\u00e3o de bolsas de Doutorado 2026\/1<\/strong><\/p>\n\n\n\n<p class=\"has-primary-text-color has-text-color has-small-font-size\">Divulga a concess\u00e3o de Bolsas 2026\/1 para o Curso de <strong>Doutorado <\/strong>em Patologia Experimental <a href=\"https:\/\/drive.google.com\/file\/d\/127twaQoQXiUFYcUpJuqrM8gdeIDBilGX\/view?usp=sharing\">(clique aqui)<\/a><\/p>\n\n\n\n<p class=\"has-text-color\" style=\"color:#ed960c\"><img loading=\"lazy\" decoding=\"async\" width=\"256\" height=\"256\" class=\"wp-image-698\" style=\"width: 35px\" src=\"https:\/\/pos.uel.br\/patologiaexperimental\/wp-content\/uploads\/2023\/06\/new-icon.png\" alt=\"\" srcset=\"https:\/\/pos.uel.br\/patologiaexperimental\/wp-content\/uploads\/2023\/06\/new-icon.png 256w, https:\/\/pos.uel.br\/patologiaexperimental\/wp-content\/uploads\/2023\/06\/new-icon-150x150.png 150w\" sizes=\"auto, (max-width: 256px) 100vw, 256px\" \/> <strong>EDITAL No. 005\/2026<\/strong> <strong>&#8211; Edital de concess\u00e3o de bolsas de Mestrado 2026\/1<\/strong><\/p>\n\n\n\n<p class=\"has-primary-text-color has-text-color has-small-font-size\">Divulga a concess\u00e3o de Bolsas 2026\/1 para o Curso de <strong>Mestrado<\/strong> em Patologia Experimental <a href=\"https:\/\/drive.google.com\/file\/d\/15_VzsspundtBrxyJi-AQGXOQGmb_t8uz\/view?usp=sharing\">(clique aqui)<\/a><\/p>\n\n\n\n<p class=\"has-text-color\" style=\"color:#0d26ee\"><img loading=\"lazy\" decoding=\"async\" width=\"256\" height=\"256\" class=\"wp-image-698\" style=\"width: 35px\" src=\"https:\/\/pos.uel.br\/patologiaexperimental\/wp-content\/uploads\/2023\/06\/new-icon.png\" alt=\"\" srcset=\"https:\/\/pos.uel.br\/patologiaexperimental\/wp-content\/uploads\/2023\/06\/new-icon.png 256w, https:\/\/pos.uel.br\/patologiaexperimental\/wp-content\/uploads\/2023\/06\/new-icon-150x150.png 150w\" sizes=\"auto, (max-width: 256px) 100vw, 256px\" \/> <strong>EDITAL No. 004\/2026<\/strong> <strong>&#8211; Sele\u00e7\u00e3o para Estudantes Especiais &#8211; 2026\/1<\/strong> (somente em portugu\u00eas)<\/p>\n\n\n\n<p class=\"has-primary-text-color has-text-color has-small-font-size\">Estabelece normas e procedimentos de sele\u00e7\u00e3o para o ingresso no Programa de P\u00f3s-Gradua\u00e7\u00e3o <em>Stricto sensu<\/em> em Patologia Experimental como Estudante Especial <a href=\"https:\/\/drive.google.com\/file\/d\/1t20X9UA5llB8a2vHVUDruf-RWc7zg9dD\/view?usp=sharing\">(clique aqui)<\/a><\/p>\n\n\n\n<p class=\"has-extra-1-color has-text-color\"><img loading=\"lazy\" decoding=\"async\" width=\"256\" height=\"256\" class=\"wp-image-698\" style=\"width: 35px\" src=\"https:\/\/pos.uel.br\/patologiaexperimental\/wp-content\/uploads\/2023\/06\/new-icon.png\" alt=\"\" srcset=\"https:\/\/pos.uel.br\/patologiaexperimental\/wp-content\/uploads\/2023\/06\/new-icon.png 256w, https:\/\/pos.uel.br\/patologiaexperimental\/wp-content\/uploads\/2023\/06\/new-icon-150x150.png 150w\" sizes=\"auto, (max-width: 256px) 100vw, 256px\" \/> <strong>EDITAL No. 003\/2026 &#8211; PPGPE &#8211; Programa de Doutorado Sandu\u00edche no Exterior <\/strong> &#8211; Resultado Final<\/p>\n\n\n\n<p class=\"has-primary-text-color has-text-color has-small-font-size\">Divulga edital interno &#8211; Resultado Final da sele\u00e7\u00e3o de candidatos a bolsa para Doutorado Sandu\u00edche no Exterior <a href=\"https:\/\/drive.google.com\/file\/d\/1MvK3W_abWdcPSPGekWC81V4yrPFgNNDU\/view?usp=sharing\">(clique aqui)<\/a><\/p>\n\n\n\n<p class=\"has-extra-1-color has-text-color\"><img loading=\"lazy\" decoding=\"async\" width=\"256\" height=\"256\" class=\"wp-image-698\" style=\"width: 35px\" src=\"https:\/\/pos.uel.br\/patologiaexperimental\/wp-content\/uploads\/2023\/06\/new-icon.png\" alt=\"\" srcset=\"https:\/\/pos.uel.br\/patologiaexperimental\/wp-content\/uploads\/2023\/06\/new-icon.png 256w, https:\/\/pos.uel.br\/patologiaexperimental\/wp-content\/uploads\/2023\/06\/new-icon-150x150.png 150w\" sizes=\"auto, (max-width: 256px) 100vw, 256px\" \/> <strong>EDITAL No. 002\/2026 &#8211; PPGPE &#8211; Programa de Doutorado Sandu\u00edche no Exterior <\/strong> &#8211; Resultado Preliminar<\/p>\n\n\n\n<p class=\"has-primary-text-color has-text-color has-small-font-size\">Divulga edital interno &#8211; Resultado Preliminar da sele\u00e7\u00e3o de candidatos a bolsa para Doutorado Sandu\u00edche no Exterior <a href=\"https:\/\/drive.google.com\/file\/d\/1v4Bt0E_TaPLE-RYXAWRyse8oa4lw5_YI\/view?usp=drive_link\">(clique aqui)<\/a><\/p>\n\n\n\n<p class=\"has-extra-1-color has-text-color\"><img loading=\"lazy\" decoding=\"async\" width=\"256\" height=\"256\" class=\"wp-image-698\" style=\"width: 35px\" src=\"https:\/\/pos.uel.br\/patologiaexperimental\/wp-content\/uploads\/2023\/06\/new-icon.png\" alt=\"\" srcset=\"https:\/\/pos.uel.br\/patologiaexperimental\/wp-content\/uploads\/2023\/06\/new-icon.png 256w, https:\/\/pos.uel.br\/patologiaexperimental\/wp-content\/uploads\/2023\/06\/new-icon-150x150.png 150w\" sizes=\"auto, (max-width: 256px) 100vw, 256px\" \/>  <strong>EDITAL No. 001\/2026 &#8211; PPGPE &#8211; Programa de Doutorado Sandu\u00edche no Exterior <\/strong><\/p>\n\n\n\n<p class=\"has-primary-text-color has-text-color has-small-font-size\">Divulga edital interno para sele\u00e7\u00e3o de candidatos a bolsa para Doutorado Sandu\u00edche no Exterior <a href=\"https:\/\/drive.google.com\/file\/d\/124BkPPEf8k3_dRYDiFe-Q-NoynYh5rNy\/view?usp=sharing\">(clique aqui)<\/a><\/p>\n\n\n\n<p class=\"has-primary-text-color has-text-color has-small-font-size\"><strong>Edital CAPES no. 017\/2025:<\/strong> <a href=\"https:\/\/www.gov.br\/capes\/pt-br\/centrais-de-conteudo\/editais\/21082025_Edital_2662823_SEI_2661209_Edital_n__17_2025.pdf\">acesse aqui<\/a><\/p>\n\n\n\n<p class=\"has-primary-text-color has-text-color has-small-font-size\"><strong>Edital PROPPG no. 48\/2025:<\/strong> <a href=\"https:\/\/sites.uel.br\/proppg\/wp-content\/uploads\/2025\/08\/Edital-PROPPG_48_2025_PDSE_UEL.pdf\">acesse aqui<\/a><\/p>\n\n\n\n<p class=\"has-primary-text-color has-text-color has-small-font-size\"><strong>Anexos do Edital 001\/2026 &#8211; PPGPE:<\/strong><\/p>\n\n\n\n<p class=\"has-primary-text-color has-text-color has-small-font-size\"><strong>1. <\/strong>Anexo I \u2013 <a href=\"https:\/\/sites.uel.br\/proppg\/wp-content\/uploads\/2025\/08\/3.-Anexo_I___Termo_de_Outorga_.pdf\">Termo de Outorga e Aceite de Bolsa<\/a><\/p>\n\n\n\n<p class=\"has-primary-text-color has-text-color has-small-font-size\">2. Anexo II &#8211; <a href=\"https:\/\/sites.uel.br\/proppg\/wp-content\/uploads\/2025\/08\/4.-Anexo_II___Declaracao_Reconhecimento_da_Fluencia_Linguistica_do_cooorientador_no_exterior__1_.pdf\">Declara\u00e7\u00e3o de reconhecimento de flu\u00eancia lingu\u00edstica &#8211; coorientador no exterior<\/a><\/p>\n\n\n\n<p class=\"has-primary-text-color has-text-color has-small-font-size\">3.Anexo III &#8211; <a href=\"https:\/\/sites.uel.br\/proppg\/wp-content\/uploads\/2025\/08\/5.-Anexo_III_Declaracao-de-Reconhecimento-da-Fluencia-Linguistica_Orientador-no-Brasil.pdf\">Declara\u00e7\u00e3o de reconhecimento de flu\u00eancia lingu\u00edstica &#8211; orientador brasileiro<\/a><\/p>\n\n\n\n<p class=\"has-primary-text-color has-text-color has-small-font-size\">4. Anexo IV &#8211; <a href=\"https:\/\/sites.uel.br\/proppg\/wp-content\/uploads\/2025\/08\/6.-Anexo_IV__Requisitos-de-proficiencia-em-lingua-estrangeira-Alternativa-a-Declaracao.pdf\">Requisitos para apresenta\u00e7\u00e3o do teste de profici\u00eancia em l\u00edngua estrangeira<\/a><\/p>\n\n\n\n<p class=\"has-primary-text-color has-text-color has-small-font-size\">5. Anexo V &#8211; <a href=\"https:\/\/sites.uel.br\/proppg\/wp-content\/uploads\/2025\/08\/7.-Anexo_V___MODELO_DA_DECLARACAO_DO_COORIENTADOR_NO_EXTERIOR_.pdf\">Modelo de carta do coorientador no exterior<\/a><\/p>\n\n\n\n<p class=\"has-primary-text-color has-text-color has-small-font-size\">6. Ata de resultado da sele\u00e7\u00e3o interna &#8211; acesso em: <a href=\"https:\/\/sites.uel.br\/proppg\/edital-proppg-48-2025-pdse\/\">https:\/\/sites.uel.br\/proppg\/edital-proppg-48-2025-pdse\/<\/a><\/p>\n\n\n\n<p class=\"has-primary-text-color has-text-color has-small-font-size\">*Delibera\u00e7\u00e3o 001\/2025 &#8211; PPGPE &#8211; Normas e Procedimentos para elabora\u00e7\u00e3o do Plano de pesquisa PDSE\/CAPES + Tabela de pontua\u00e7\u00e3o &#8211; <a href=\"https:\/\/drive.google.com\/file\/d\/1gxkqL3OOFoNu3t0ORgYyv4LKMNHUV0Wd\/view?usp=sharing\">clique aqui<\/a><\/p>\n\n\n\n<p><\/p>\n\n\n\n<p class=\"has-text-color\" style=\"color:#0d26ee\"><img loading=\"lazy\" decoding=\"async\" width=\"256\" height=\"256\" class=\"wp-image-698\" style=\"width: 35px\" src=\"https:\/\/pos.uel.br\/patologiaexperimental\/wp-content\/uploads\/2023\/06\/new-icon.png\" alt=\"\" srcset=\"https:\/\/pos.uel.br\/patologiaexperimental\/wp-content\/uploads\/2023\/06\/new-icon.png 256w, https:\/\/pos.uel.br\/patologiaexperimental\/wp-content\/uploads\/2023\/06\/new-icon-150x150.png 150w\" sizes=\"auto, (max-width: 256px) 100vw, 256px\" \/> <strong>EDITAL No. 028\/2025<\/strong>&nbsp;<strong>\u2013&nbsp;Resultado Final e Convoca\u00e7\u00e3o para a Matr\u00edcula &#8211; Cursos de Mestrado e Doutorado \u2013 Processo seletivo 2026\/1<\/strong>&nbsp;&#8211; RETIFICADO &#8211; CORRE\u00c7\u00c3O DE PONTUA\u00c7\u00c3O<\/p>\n\n\n\n<p class=\"has-primary-text-color has-text-color has-small-font-size\">Divulga o Resultado Final e Convoca para a Matr\u00edcula &#8211; Cursos de Mestrado e Doutorado &#8211; do Processo Seletivo 2026. 1 &nbsp;<a href=\"https:\/\/drive.google.com\/file\/d\/1RXdFyc9-SUgat0hswoPwLzqGWvthjy9B\/view?usp=sharing\">(clique aqui)<\/a><\/p>\n\n\n\n<p class=\"has-text-color\" style=\"color:#0d26ee\"><img loading=\"lazy\" decoding=\"async\" width=\"256\" height=\"256\" class=\"wp-image-698\" style=\"width: 35px\" src=\"https:\/\/pos.uel.br\/patologiaexperimental\/wp-content\/uploads\/2023\/06\/new-icon.png\" alt=\"\" srcset=\"https:\/\/pos.uel.br\/patologiaexperimental\/wp-content\/uploads\/2023\/06\/new-icon.png 256w, https:\/\/pos.uel.br\/patologiaexperimental\/wp-content\/uploads\/2023\/06\/new-icon-150x150.png 150w\" sizes=\"auto, (max-width: 256px) 100vw, 256px\" \/>  <strong>EDITAL No. 027\/2025<\/strong>&nbsp;<strong>\u2013&nbsp;Resultado Parcial Cursos de Mestrado e Doutorado \u2013 Processo seletivo 2026\/1<\/strong>&nbsp;<\/p>\n\n\n\n<p class=\"has-primary-text-color has-text-color has-small-font-size\">Divulga o Resultado Parcial &#8211; Cursos de Mestrado e Doutorado &#8211; do Processo Seletivo 2026. 1 &nbsp;<a href=\"https:\/\/drive.google.com\/file\/d\/1AGmghDDGokqWX3VAACof6RtnqV8kbx_k\/view?usp=sharing\">(clique aqui)<\/a><\/p>\n\n\n\n<p class=\"has-text-color\" style=\"color:#0d26ee\"><img loading=\"lazy\" decoding=\"async\" width=\"256\" height=\"256\" class=\"wp-image-698\" style=\"width: 35px\" src=\"https:\/\/pos.uel.br\/patologiaexperimental\/wp-content\/uploads\/2023\/06\/new-icon.png\" alt=\"\" srcset=\"https:\/\/pos.uel.br\/patologiaexperimental\/wp-content\/uploads\/2023\/06\/new-icon.png 256w, https:\/\/pos.uel.br\/patologiaexperimental\/wp-content\/uploads\/2023\/06\/new-icon-150x150.png 150w\" sizes=\"auto, (max-width: 256px) 100vw, 256px\" \/> <strong>EDITAL No. 026\/2025 &#8211;  Edital de homologa\u00e7\u00e3o das inscri\u00e7\u00f5es &#8211; 2026\/1 <\/strong>(vers\u00e3o somente em portugu\u00eas)<\/p>\n\n\n\n<p class=\"has-primary-text-color has-text-color has-small-font-size\">Homologa as inscri\u00e7\u00f5es para o processo seletivo 2026.1 <a href=\"https:\/\/drive.google.com\/file\/d\/1G7UxRukmHJhlKYj8WubHv7o736EQrEhk\/view?usp=sharing\">(clique aqui)<\/a><\/p>\n\n\n\n<p class=\"has-text-color\" style=\"color:#0d26ee\"><img loading=\"lazy\" decoding=\"async\" width=\"256\" height=\"256\" class=\"wp-image-698\" style=\"width: 35px\" src=\"https:\/\/pos.uel.br\/patologiaexperimental\/wp-content\/uploads\/2023\/06\/new-icon.png\" alt=\"\" srcset=\"https:\/\/pos.uel.br\/patologiaexperimental\/wp-content\/uploads\/2023\/06\/new-icon.png 256w, https:\/\/pos.uel.br\/patologiaexperimental\/wp-content\/uploads\/2023\/06\/new-icon-150x150.png 150w\" sizes=\"auto, (max-width: 256px) 100vw, 256px\" \/> <strong>EDITAL No. 025\/2025 &#8211;  Resultado da An\u00e1lise de Inscri\u00e7\u00f5es por A\u00e7\u00f5es Afirmativas &#8211; 2026\/1 <\/strong>(vers\u00e3o somente em portugu\u00eas)<\/p>\n\n\n\n<p class=\"has-primary-text-color has-text-color has-small-font-size\">Divulga o Resultado da an\u00e1lise das comiss\u00f5es das A\u00e7\u00f5es Afirmativas \u2013 negros (pretos e pardos), ind\u00edgenas e pessoas com defici\u00eancia <a href=\"https:\/\/drive.google.com\/file\/d\/1bwvk6iQoMjHeSLnmOCmJIX5yFFLEuhbB\/view?usp=sharing\">(clique aqui)<\/a><\/p>\n\n\n\n<p class=\"has-text-color\" style=\"color:#ed960c\"><img loading=\"lazy\" decoding=\"async\" width=\"256\" height=\"256\" class=\"wp-image-698\" style=\"width: 35px\" src=\"https:\/\/pos.uel.br\/patologiaexperimental\/wp-content\/uploads\/2023\/06\/new-icon.png\" alt=\"\" srcset=\"https:\/\/pos.uel.br\/patologiaexperimental\/wp-content\/uploads\/2023\/06\/new-icon.png 256w, https:\/\/pos.uel.br\/patologiaexperimental\/wp-content\/uploads\/2023\/06\/new-icon-150x150.png 150w\" sizes=\"auto, (max-width: 256px) 100vw, 256px\" \/> <strong>EDITAL No. 024\/2025<\/strong> <strong>&#8211; Edital de concess\u00e3o de bolsas de Doutorado 2025\/2<\/strong> &#8211; 3a chamada<\/p>\n\n\n\n<p class=\"has-primary-text-color has-text-color has-small-font-size\">Divulga a concess\u00e3o de Bolsas 2025\/2 para o Curso de Doutorado em Patologia Experimental <a href=\"https:\/\/drive.google.com\/file\/d\/1TpIr5BNEkGcDJZkCEm_XRx7c_VpsmlXu\/view?usp=sharing\">(clique aqui)<\/a><\/p>\n\n\n\n<p class=\"has-extra-1-color has-text-color\"><img loading=\"lazy\" decoding=\"async\" width=\"256\" height=\"256\" class=\"wp-image-698\" style=\"width: 35px\" src=\"https:\/\/pos.uel.br\/patologiaexperimental\/wp-content\/uploads\/2023\/06\/new-icon.png\" alt=\"\" srcset=\"https:\/\/pos.uel.br\/patologiaexperimental\/wp-content\/uploads\/2023\/06\/new-icon.png 256w, https:\/\/pos.uel.br\/patologiaexperimental\/wp-content\/uploads\/2023\/06\/new-icon-150x150.png 150w\" sizes=\"auto, (max-width: 256px) 100vw, 256px\" \/>  <strong>EDITAL No. 023\/2025 &#8211; PPGPE &#8211; Programa de Doutorado Sandu\u00edche no Exterior <\/strong><\/p>\n\n\n\n<p class=\"has-primary-text-color has-text-color has-small-font-size\">Divulga edital interno pasele\u00e7\u00e3o de candidatos a bolsa para Doutorado Sandu\u00edche no Exterior <a href=\"https:\/\/drive.google.com\/file\/d\/1m_Qlcv0O5-UjZMZfzFgkMZYF-Np0qAaI\/view?usp=sharing\">(clique aqui)<\/a><\/p>\n\n\n\n<p class=\"has-text-color\" style=\"color:#ed960c\"><img loading=\"lazy\" decoding=\"async\" width=\"256\" height=\"256\" class=\"wp-image-698\" style=\"width: 35px\" src=\"https:\/\/pos.uel.br\/patologiaexperimental\/wp-content\/uploads\/2023\/06\/new-icon.png\" alt=\"\" srcset=\"https:\/\/pos.uel.br\/patologiaexperimental\/wp-content\/uploads\/2023\/06\/new-icon.png 256w, https:\/\/pos.uel.br\/patologiaexperimental\/wp-content\/uploads\/2023\/06\/new-icon-150x150.png 150w\" sizes=\"auto, (max-width: 256px) 100vw, 256px\" \/> <strong>EDITAL No. 022\/2025<\/strong> <strong>&#8211; Edital de concess\u00e3o de bolsas de Doutorado 2025\/2<\/strong> &#8211; 2a chamada<\/p>\n\n\n\n<p class=\"has-primary-text-color has-text-color has-small-font-size\">Divulga a concess\u00e3o de Bolsas 2025\/2 para o Cursosde Doutorado em Patologia Experimental <a href=\"https:\/\/drive.google.com\/file\/d\/1wavHBx9OsfhNEXTcP8X2VPiIOTBINxQW\/view?usp=sharing\">(clique aqui)<\/a><\/p>\n\n\n\n<p class=\"has-extra-1-color has-text-color\"><img loading=\"lazy\" decoding=\"async\" width=\"256\" height=\"256\" class=\"wp-image-698\" style=\"width: 35px\" src=\"https:\/\/pos.uel.br\/patologiaexperimental\/wp-content\/uploads\/2023\/06\/new-icon.png\" alt=\"\" srcset=\"https:\/\/pos.uel.br\/patologiaexperimental\/wp-content\/uploads\/2023\/06\/new-icon.png 256w, https:\/\/pos.uel.br\/patologiaexperimental\/wp-content\/uploads\/2023\/06\/new-icon-150x150.png 150w\" sizes=\"auto, (max-width: 256px) 100vw, 256px\" \/> <strong>EDITAL No. 021\/2025 &#8211; PPGPE &#8211; Programa de Doutorado Sandu\u00edche no Exterior <\/strong><\/p>\n\n\n\n<p class=\"has-primary-text-color has-text-color has-small-font-size\">Divulga edital interno para sele\u00e7\u00e3o de candidatos a bolsa para Doutorado Sandu\u00edche no Exterior <a href=\"https:\/\/drive.google.com\/file\/d\/1_Yz7OssIkGHqxYJiqKQvoGMCY0_1uWFD\/view?usp=sharing\">(clique aqui)<\/a><\/p>\n\n\n\n<p class=\"has-primary-text-color has-text-color has-small-font-size\"><strong>Edital CAPES no. 017\/2025:<\/strong> <a href=\"https:\/\/www.gov.br\/capes\/pt-br\/centrais-de-conteudo\/editais\/21082025_Edital_2662823_SEI_2661209_Edital_n__17_2025.pdf\">acesse aqui<\/a><\/p>\n\n\n\n<p class=\"has-primary-text-color has-text-color has-small-font-size\"><strong>Edital PROPPG no. 48\/2025:<\/strong> <a href=\"https:\/\/sites.uel.br\/proppg\/wp-content\/uploads\/2025\/08\/Edital-PROPPG_48_2025_PDSE_UEL.pdf\">acesse aqui<\/a><\/p>\n\n\n\n<p class=\"has-primary-text-color has-text-color has-small-font-size\"><strong>Anexos do Edital 021\/2025 &#8211; PPGPE:<\/strong><\/p>\n\n\n\n<p class=\"has-primary-text-color has-text-color has-small-font-size\"><strong>1. <\/strong>Anexo I \u2013 <a href=\"https:\/\/sites.uel.br\/proppg\/wp-content\/uploads\/2025\/08\/3.-Anexo_I___Termo_de_Outorga_.pdf\">Termo de Outorga e Aceite de Bolsa<\/a><\/p>\n\n\n\n<p class=\"has-primary-text-color has-text-color has-small-font-size\">2. Anexo II &#8211; <a href=\"https:\/\/sites.uel.br\/proppg\/wp-content\/uploads\/2025\/08\/4.-Anexo_II___Declaracao_Reconhecimento_da_Fluencia_Linguistica_do_cooorientador_no_exterior__1_.pdf\">Declara\u00e7\u00e3o de reconhecimento de flu\u00eancia lingu\u00edstica &#8211; coorientador no exterior<\/a><\/p>\n\n\n\n<p class=\"has-primary-text-color has-text-color has-small-font-size\">3.Anexo III &#8211; <a href=\"https:\/\/sites.uel.br\/proppg\/wp-content\/uploads\/2025\/08\/5.-Anexo_III_Declaracao-de-Reconhecimento-da-Fluencia-Linguistica_Orientador-no-Brasil.pdf\">Declara\u00e7\u00e3o de reconhecimento de flu\u00eancia lingu\u00edstica &#8211; orientador brasileiro<\/a><\/p>\n\n\n\n<p class=\"has-primary-text-color has-text-color has-small-font-size\">4. Anexo IV &#8211; <a href=\"https:\/\/sites.uel.br\/proppg\/wp-content\/uploads\/2025\/08\/6.-Anexo_IV__Requisitos-de-proficiencia-em-lingua-estrangeira-Alternativa-a-Declaracao.pdf\">Requisitos para apresenta\u00e7\u00e3o do teste de profici\u00eancia em l\u00edngua estrangeira<\/a><\/p>\n\n\n\n<p class=\"has-primary-text-color has-text-color has-small-font-size\">5. Anexo V &#8211; <a href=\"https:\/\/sites.uel.br\/proppg\/wp-content\/uploads\/2025\/08\/7.-Anexo_V___MODELO_DA_DECLARACAO_DO_COORIENTADOR_NO_EXTERIOR_.pdf\">Modelo de carta do coorientador no exterior<\/a><\/p>\n\n\n\n<p class=\"has-primary-text-color has-text-color has-small-font-size\">6. Ata de resultado da sele\u00e7\u00e3o interna &#8211; acesso em: <a href=\"https:\/\/sites.uel.br\/proppg\/edital-proppg-48-2025-pdse\/\">https:\/\/sites.uel.br\/proppg\/edital-proppg-48-2025-pdse\/<\/a><\/p>\n\n\n\n<p class=\"has-primary-text-color has-text-color has-small-font-size\">*Delibera\u00e7\u00e3o 001\/2025 &#8211; PPGPE &#8211; Normas e Procedimentos para elabora\u00e7\u00e3o do Plano de pesquisa PDSE\/CAPES + Tabela de pontua\u00e7\u00e3o &#8211; <a href=\"https:\/\/drive.google.com\/file\/d\/1gxkqL3OOFoNu3t0ORgYyv4LKMNHUV0Wd\/view?usp=sharing\">clique aqui<\/a><\/p>\n\n\n\n<p><\/p>\n\n\n\n<p class=\"has-text-color\" style=\"color:#0d26ee\"><img loading=\"lazy\" decoding=\"async\" width=\"256\" height=\"256\" class=\"wp-image-698\" style=\"width: 35px\" src=\"https:\/\/pos.uel.br\/patologiaexperimental\/wp-content\/uploads\/2023\/06\/new-icon.png\" alt=\"\" srcset=\"https:\/\/pos.uel.br\/patologiaexperimental\/wp-content\/uploads\/2023\/06\/new-icon.png 256w, https:\/\/pos.uel.br\/patologiaexperimental\/wp-content\/uploads\/2023\/06\/new-icon-150x150.png 150w\" sizes=\"auto, (max-width: 256px) 100vw, 256px\" \/> <strong>EDITAL No. 020\/2025 &#8211; Sele\u00e7\u00e3o para estudantes regulares &#8211; 2026\/1 <\/strong>(vers\u00e3o somente em portugu\u00eas)<\/p>\n\n\n\n<p class=\"has-primary-text-color has-text-color has-small-font-size\">Estabelece normas e procedimentos de sele\u00e7\u00e3o para o ingresso no Programa de P\u00f3s-Gradua\u00e7\u00e3o <em>Stricto sensu<\/em> em Patologia Experimental <a href=\"https:\/\/drive.google.com\/file\/d\/1aS6Vrd5-dXQ6fLC2Zh_cXS9ct82OyJBk\/view?usp=sharing\">(clique aqui)<\/a><\/p>\n\n\n\n<p class=\"has-primary-text-color has-text-color has-small-font-size\"><strong>Modelo de Carta de Inten\u00e7\u00e3o <a href=\"https:\/\/docs.google.com\/document\/d\/1K521zHMNww2i-tGgx35zfk-p_A2-nyLA\/edit?usp=sharing&amp;ouid=112175253460256515150&amp;rtpof=true&amp;sd=true\">(clique aqui para download)<\/a><\/strong><\/p>\n\n\n\n<p class=\"has-primary-text-color has-text-color has-small-font-size\"><strong><em>Link para isen\u00e7\u00e3o do pre\u00e7o p\u00fablico (Cad\u00danico) &#8211; inscri\u00e7\u00e3o:<\/em><\/strong> <a href=\"https:\/\/www.sistemasweb.uel.br\/index.php?contents=system\/insc\/index.php&amp;pagina=view\/inscricoes\/seleciona_evento.php&amp;cod_evento=11183\">https:\/\/www.sistemasweb.uel.br\/index.php?contents=system\/insc\/index.php&amp;pagina=view\/inscricoes\/seleciona_evento.php&amp;cod_evento=11183<\/a><\/p>\n\n\n\n<p class=\"has-text-color\" style=\"color:#0d26ee\"><img loading=\"lazy\" decoding=\"async\" width=\"256\" height=\"256\" class=\"wp-image-698\" style=\"width: 35px\" src=\"https:\/\/pos.uel.br\/patologiaexperimental\/wp-content\/uploads\/2023\/06\/new-icon.png\" alt=\"\" srcset=\"https:\/\/pos.uel.br\/patologiaexperimental\/wp-content\/uploads\/2023\/06\/new-icon.png 256w, https:\/\/pos.uel.br\/patologiaexperimental\/wp-content\/uploads\/2023\/06\/new-icon-150x150.png 150w\" sizes=\"auto, (max-width: 256px) 100vw, 256px\" \/> <strong>EDITAL No. 019\/2025<\/strong> <strong>&#8211; Sele\u00e7\u00e3o para Estudantes Especiais &#8211; 2025\/2<\/strong> RESULTADO FINAL<\/p>\n\n\n\n<p class=\"has-primary-text-color has-text-color has-small-font-size\">Divulga o Resultado para o ingresso no Programa de P\u00f3s-Gradua\u00e7\u00e3o Stricto sensu em Patologia Experimental como Estudante Especial <a href=\"https:\/\/drive.google.com\/file\/d\/1jzlvPc6gyMO9IOB7ki8XGY3Ludbterpm\/view?usp=sharing\">(clique aqui)<\/a><\/p>\n\n\n\n<p class=\"has-text-color\" style=\"color:#ed960c\"><img loading=\"lazy\" decoding=\"async\" width=\"256\" height=\"256\" class=\"wp-image-698\" style=\"width: 35px\" src=\"https:\/\/pos.uel.br\/patologiaexperimental\/wp-content\/uploads\/2023\/06\/new-icon.png\" alt=\"\" srcset=\"https:\/\/pos.uel.br\/patologiaexperimental\/wp-content\/uploads\/2023\/06\/new-icon.png 256w, https:\/\/pos.uel.br\/patologiaexperimental\/wp-content\/uploads\/2023\/06\/new-icon-150x150.png 150w\" sizes=\"auto, (max-width: 256px) 100vw, 256px\" \/> <strong>EDITAL No. 018\/2025<\/strong> <strong>&#8211; Edital de concess\u00e3o de bolsas de Doutorado 2025\/2<\/strong> &#8211; 1a chamada<\/p>\n\n\n\n<p class=\"has-primary-text-color has-text-color has-small-font-size\">Divulga a concess\u00e3o de Bolsas 2025\/2 para o Curso de Doutorado em Patologia Experimental <a href=\"https:\/\/drive.google.com\/file\/d\/15dOHTsgPlVeVev5MgXfPQGniM3fjuy4h\/view?usp=sharing\">(clique aqui)<\/a><\/p>\n\n\n\n<p class=\"has-text-color\" style=\"color:#ed960c\"><img loading=\"lazy\" decoding=\"async\" width=\"256\" height=\"256\" class=\"wp-image-698\" style=\"width: 35px\" src=\"https:\/\/pos.uel.br\/patologiaexperimental\/wp-content\/uploads\/2023\/06\/new-icon.png\" alt=\"\" srcset=\"https:\/\/pos.uel.br\/patologiaexperimental\/wp-content\/uploads\/2023\/06\/new-icon.png 256w, https:\/\/pos.uel.br\/patologiaexperimental\/wp-content\/uploads\/2023\/06\/new-icon-150x150.png 150w\" sizes=\"auto, (max-width: 256px) 100vw, 256px\" \/> <strong>EDITAL No. 017\/2025<\/strong> <strong>&#8211; Edital de concess\u00e3o de bolsas de Mestrado 2025\/2<\/strong><\/p>\n\n\n\n<p class=\"has-primary-text-color has-text-color has-small-font-size\">Divulga a concess\u00e3o de Bolsas 2025\/2 para o Curso de Mestrado em Patologia Experimental <a href=\"https:\/\/drive.google.com\/file\/d\/15lqmZ5d-rgJ24uXWRIvYlKEGBAzVKrrs\/view?usp=sharing\">(clique aqui)<\/a><\/p>\n\n\n\n<p class=\"has-extra-1-color has-text-color\"><img loading=\"lazy\" decoding=\"async\" width=\"256\" height=\"256\" class=\"wp-image-698\" style=\"width: 35px\" src=\"https:\/\/pos.uel.br\/patologiaexperimental\/wp-content\/uploads\/2023\/06\/new-icon.png\" alt=\"\" srcset=\"https:\/\/pos.uel.br\/patologiaexperimental\/wp-content\/uploads\/2023\/06\/new-icon.png 256w, https:\/\/pos.uel.br\/patologiaexperimental\/wp-content\/uploads\/2023\/06\/new-icon-150x150.png 150w\" sizes=\"auto, (max-width: 256px) 100vw, 256px\" \/> <strong>EDITAL No. 016\/2025<\/strong> <strong>&#8211; PPGPE &#8211; Programa Institucional de P\u00f3s-Doutorado &#8211; PIPD\/CAPES<\/strong> &#8211; RESULTADO FINAL<\/p>\n\n\n\n<p class=\"has-primary-text-color has-text-color has-small-font-size\">Divulga o Resultado Final do Processo Seletivo &#8211; Edital 007\/2025 &#8211; PPGPE <a href=\"https:\/\/drive.google.com\/file\/d\/1FEE_h2dNdEHVEtF3e-UuORZEzpl8qPfC\/view?usp=sharing\">(clique aqui)<\/a><\/p>\n\n\n\n<p class=\"has-primary-text-color has-text-color\"><strong>EDITAL No. 015\/2025<\/strong> <strong>&#8211; PPGPE &#8211; Programa Institucinal de P\u00f3s-Doutorado &#8211; PIPD\/CAPES<\/strong> &#8211; RESULTADO PARCIAL<\/p>\n\n\n\n<p class=\"has-primary-text-color has-text-color has-small-font-size\">Divulga o Resultado Parcial do Processo Seletivo &#8211; Edital 007\/2025 &#8211; PPGPE <a href=\"https:\/\/drive.google.com\/file\/d\/1uaa5Co_edQcb--v6Cnt5xXT-SwGEHHt8\/view?usp=sharing\">(clique aqui)<\/a><\/p>\n\n\n\n<p class=\"has-text-color\" style=\"color:#0d26ee\"><strong>EDITAL No. 014\/2025<\/strong> <strong>&#8211; Sele\u00e7\u00e3o para Estudantes Especiais &#8211; 2025\/2<\/strong> (somente em portugu\u00eas)<\/p>\n\n\n\n<p class=\"has-primary-text-color has-text-color has-small-font-size\">Estabelece normas e procedimentos de sele\u00e7\u00e3o para o ingresso no Programa de P\u00f3s-Gradua\u00e7\u00e3o Stricto sensu em Patologia Experimental como Estudante Especial <a href=\"https:\/\/drive.google.com\/file\/d\/1hVuVksiLAndR1wf4Clf5OmKGnjLyMzyT\/view?usp=drive_link\">(clique aqui)<\/a><\/p>\n\n\n\n<p class=\"has-primary-text-color has-text-color\"><strong>EDITAL No. 013\/2025<\/strong>&nbsp;<strong>\u2013&nbsp;Homologa\u00e7\u00e3o das inscri\u00e7\u00f5es \u2013 Processo seletivo 2025<\/strong> &#8211; <strong>Programa Institucional de P\u00f3s-Doutorado (PIPD\/CAPES) &#8211; <\/strong>SEGUNDO EDITAL<\/p>\n\n\n\n<p class=\"has-primary-text-color has-text-color has-small-font-size\">Homologa as inscri\u00e7\u00f5es para a sele\u00e7\u00e3o de candidatos \u00e0 bolsa do Programa Institucional de P\u00f3s-Doutorado (PIPD\/CAPES) <a href=\"https:\/\/drive.google.com\/file\/d\/1rc7uYHL2vGraEYKRKyLNKXdsuSLtC3AY\/view?usp=sharing\">(clique aqui)<\/a><\/p>\n\n\n\n<p class=\"has-primary-text-color has-text-color\"><strong>EDITAL No. 012\/2025<\/strong> <strong>&#8211; <strong>Resultado Final Cursos de Mestrado e Doutorado &#8211; Processo seletivo 2025\/<\/strong><\/strong>2<\/p>\n\n\n\n<p class=\"has-primary-text-color has-text-color has-small-font-size\">Divulga o Resultado Final do Processo Seletivo 2025. 2 &#8211; CURSOS DE MESTRADO E DOUTORADO <a href=\"https:\/\/drive.google.com\/file\/d\/1Iti7EqahMhTZMDAvgxn-oJjL2w99o8iG\/view?usp=sharing\">(clique aqui)<\/a><\/p>\n\n\n\n<p class=\"has-primary-text-color has-text-color\"><strong>EDITAL No. 011\/2025<\/strong>&nbsp;<strong>\u2013&nbsp;Resultado Parcial Curso de Mestrado \u2013 Processo seletivo 2025\/2<\/strong>&nbsp;&#8211; Ap\u00f3s An\u00e1lise de Recurso<\/p>\n\n\n\n<p class=\"has-primary-text-color has-text-color has-small-font-size\">Divulga o Resultado Parcial &#8211; Curso de Mestrado &#8211; do Processo Seletivo 2025. 2 &#8211; Ap\u00f3s An\u00e1lise de Pedido de Recurso&nbsp;<a href=\"https:\/\/drive.google.com\/file\/d\/1x4TZZ36EPtEjj-oL3iXz3ylwKg5CnbY6\/view?usp=sharing\">(clique aqui)<\/a><\/p>\n\n\n\n<p class=\"has-primary-text-color has-text-color\"><strong>EDITAL No. 010\/2025<\/strong>&nbsp;<strong>\u2013&nbsp;Resultado Parcial Curso de Doutorado \u2013 Processo seletivo 2025\/2<\/strong>&nbsp;(vers\u00e3o somente em portugu\u00eas)<\/p>\n\n\n\n<p class=\"has-primary-text-color has-text-color has-small-font-size\">Divulga o Resultado Parcial &#8211; Curso de Doutorado &#8211; do Processo Seletivo 2025. 2&nbsp;<a href=\"https:\/\/drive.google.com\/file\/d\/1RARXXenQ1elGD9FGgOVmF5wCcp8l6rVl\/view?usp=sharing\">(clique aqui)<\/a><\/p>\n\n\n\n<p class=\"has-primary-text-color has-text-color\"><strong>EDITAL No. 009\/2025<\/strong>&nbsp;<strong>\u2013&nbsp;Resultado Parcial Curso de Mestrado \u2013 Processo seletivo 2025\/2<\/strong>&nbsp;(vers\u00e3o somente em portugu\u00eas)<\/p>\n\n\n\n<p class=\"has-primary-text-color has-text-color has-small-font-size\">Divulga o Resultado Parcial &#8211; Curso de Mestrado &#8211; do Processo Seletivo 2025. 2&nbsp;<a href=\"https:\/\/drive.google.com\/file\/d\/1s9_LyCdZNCB8W0bg5_dUfMjAORD231xy\/view?usp=sharing\">(clique aqui)<\/a><\/p>\n\n\n\n<p class=\"has-primary-text-color has-text-color\"><strong>EDITAL No. 008\/2025<\/strong>&nbsp;<strong>\u2013&nbsp;Homologa\u00e7\u00e3o das inscri\u00e7\u00f5es \u2013 Processo seletivo 2025\/2<\/strong>&nbsp;(vers\u00e3o somente em portugu\u00eas)<\/p>\n\n\n\n<p class=\"has-primary-text-color has-text-color has-small-font-size\">Homologa as inscri\u00e7\u00f5es para o Processo Seletivo 2025. 2&nbsp;<a href=\"https:\/\/drive.google.com\/file\/d\/1XKAgUiovkv9knXUWsDWnE_eDOFqzmqm9\/view?usp=sharing\">(clique aqui)<\/a><\/p>\n\n\n\n<p class=\"has-primary-text-color has-text-color\"><strong>EDITAL No. 007\/2025 &#8211; PPGPE &#8211; Programa Institucional de P\u00f3s-Doutorado (PIPD\/CAPES) &#8211; <\/strong>SEGUNDO EDITAL<\/p>\n\n\n\n<p class=\"has-primary-text-color has-text-color has-small-font-size\">Divulga edital interno para sele\u00e7\u00e3o de candidatos a bolsa do Programa Institucional de P\u00f3s-Doutorado (PIPD\/CAPES) <a href=\"https:\/\/docs.google.com\/document\/d\/18sT_8dvfVCLKi0fmPPR5Rc2AV17_tCMU\/edit?usp=sharing&amp;ouid=112175253460256515150&amp;rtpof=true&amp;sd=true\">(clique aqui)<\/a><\/p>\n\n\n\n<p class=\"has-primary-text-color has-text-color has-small-font-size\"><strong>Portaria CAPES no. 282 de 04 de setembro de 2024:<\/strong> <a href=\"https:\/\/drive.google.com\/file\/d\/1cDnS_ZJRU-6UJaCSpB-kz3jyHfMWgayK\/view?usp=sharing\">acesse aqui<\/a> <\/p>\n\n\n\n<p class=\"has-primary-text-color has-text-color has-small-font-size\"><strong>Portaria CAPES no. 307 de 24 de setembro de 2024:<\/strong> <a href=\"https:\/\/drive.google.com\/file\/d\/13VSJ0qtOctNzMWgWtOEzUIlIDCkY7Juv\/view?usp=sharing\">acesse aqui<\/a><\/p>\n\n\n\n<p class=\"has-primary-text-color has-text-color has-small-font-size\"><strong>Portaria CAPES no. 318 de 04 de outubro de 2024:<\/strong> <a href=\"https:\/\/drive.google.com\/file\/d\/1kqnI_bhZcK_EX9FHeXrKLEBDtAVBDIOQ\/view?usp=sharing\">acesse aqui<\/a><\/p>\n\n\n\n<p class=\"has-primary-text-color has-text-color has-small-font-size\"><strong>Anexos do Edital 004\/2025 &#8211; PPGPE:<\/strong><\/p>\n\n\n\n<p class=\"has-primary-text-color has-text-color has-small-font-size\"><strong>1. <\/strong>Anexo I \u2013 <a href=\"https:\/\/drive.google.com\/file\/d\/1TCQn3b4BtpfXBP6PZS_X0h7d86o8yDOH\/view?usp=sharing\">Termo de compromisso<\/a><\/p>\n\n\n\n<p class=\"has-primary-text-color has-text-color has-small-font-size\">2. Anexo II &#8211; <a href=\"https:\/\/drive.google.com\/file\/d\/19H45YjgPOro-jZQsdSPvxGYK9cOQbeut\/view?usp=sharing\">Ficha de inscri\u00e7\u00e3o para o Processo Seletivo<\/a><\/p>\n\n\n\n<p class=\"has-primary-text-color has-text-color has-small-font-size\">*Delibera\u00e7\u00e3o 003\/2025 &#8211; PPGPE &#8211; Normas e Procedimentos para elabora\u00e7\u00e3o, apresenta\u00e7\u00e3o e tabela de pontua\u00e7\u00e3o, de planos de trabalho que envolvam qualquer processo seletivo referente \u00e0 concess\u00e3o de bolsas de p\u00f3s-doutorado por ag\u00eancias de fomento e que sejam implantadas pelo Programa P\u00f3s-Gradua\u00e7\u00e3o em Patologia Experimental (PPGPE) da Universidade Estadual de Londrina. Retifica a Delibera\u00e7\u00e3o 002\/2025 &#8211; PPGPE. &#8211; <a href=\"https:\/\/docs.google.com\/document\/d\/13TkxIdjZDr6YETAGpGjRvWMAenNthg-9\/edit?usp=sharing&amp;ouid=112175253460256515150&amp;rtpof=true&amp;sd=true\">clique aqui<\/a><\/p>\n\n\n\n<p><\/p>\n\n\n\n<p class=\"has-primary-text-color has-text-color\"><strong>EDITAL No. 006\/2025 &#8211; Sele\u00e7\u00e3o para estudantes regulares &#8211; 2025\/2 <\/strong>(vers\u00e3o somente em portugu\u00eas)<\/p>\n\n\n\n<p class=\"has-text-color has-link-color wp-elements-6afa85cc0d8e437291ab57f775224774\" style=\"color:#e31717\"><img loading=\"lazy\" decoding=\"async\" width=\"512\" height=\"218\" class=\"wp-image-867\" style=\"width: 80px\" src=\"https:\/\/pos.uel.br\/patologiaexperimental\/wp-content\/uploads\/2024\/09\/atenc\u0327a\u0303o.jpeg\" alt=\"\" srcset=\"https:\/\/pos.uel.br\/patologiaexperimental\/wp-content\/uploads\/2024\/09\/atenc\u0327a\u0303o.jpeg 512w, https:\/\/pos.uel.br\/patologiaexperimental\/wp-content\/uploads\/2024\/09\/atenc\u0327a\u0303o-300x128.jpeg 300w\" sizes=\"auto, (max-width: 512px) 100vw, 512px\" \/><strong>DEVIDO \u00c0 INSTABILIDADE NOS SISTEMAS UEL, AS INSCRI\u00c7\u00d5ES FORAM PRORROGADAS AT\u00c9 19\/05\/2025, \u00c0S 12H.<\/strong><\/p>\n\n\n\n<p class=\"has-primary-text-color has-text-color has-small-font-size\">Estabelece normas e procedimentos de sele\u00e7\u00e3o para o ingresso no Programa de P\u00f3s-Gradua\u00e7\u00e3o <em>Stricto sensu<\/em> em Patologia Experimental <a href=\"https:\/\/drive.google.com\/file\/d\/1oL-Z0YnA-0qcYlcxp_WdnlUsbFpl3P68\/view?usp=sharing\">(clique aqui)<\/a><\/p>\n\n\n\n<p class=\"has-primary-text-color has-text-color has-small-font-size\"><strong>Modelo de Carta de Inten\u00e7\u00e3o <a href=\"https:\/\/docs.google.com\/document\/d\/1K521zHMNww2i-tGgx35zfk-p_A2-nyLA\/edit?usp=sharing&amp;ouid=112175253460256515150&amp;rtpof=true&amp;sd=true\">(clique aqui para download)<\/a><\/strong><\/p>\n\n\n\n<p class=\"has-primary-text-color has-text-color has-small-font-size\"><strong><em>Link para isen\u00e7\u00e3o do pre\u00e7o p\u00fablico  (Cad\u00danico) &#8211; inscri\u00e7\u00e3o:<\/em><\/strong>  <a href=\"http:\/\/www.uel.br\/eventos\/sigec\/?id=10462\">http:\/\/www.uel.br\/eventos\/sigec\/?id=10462<\/a><\/p>\n\n\n\n<p><\/p>\n\n\n\n<p class=\"has-primary-text-color has-text-color\"><strong>EDITAL No. 005\/2025<\/strong> <strong>&#8211; Edital de concess\u00e3o de bolsas de Mestrado e Doutorado 2025\/1<\/strong><\/p>\n\n\n\n<p class=\"has-primary-text-color has-text-color has-small-font-size\">Divulga a concess\u00e3o de Bolsas 2025\/1 para os Cursos de Mestrado e Doutorado em Patologia Experimental <a href=\"https:\/\/drive.google.com\/file\/d\/1V6rWXwXNyLtGLLJfx6bcS92_vxRRF7My\/view?usp=sharing\">(clique aqui)<\/a><\/p>\n\n\n\n<p><\/p>\n\n\n\n<p class=\"has-primary-text-color has-text-color\"><s><strong>EDITAL No. 004\/2025 &#8211; PPGPE &#8211; Programa Institucional de P\u00f3s-Doutorado (PIPD\/CAPES) &#8211; <\/strong>EDITAL CANCELADO<\/s><\/p>\n\n\n\n<p class=\"has-primary-text-color has-text-color has-small-font-size\"><s>Divulga edital interno para sele\u00e7\u00e3o de candidatos a bolsa do Programa Institucional de P\u00f3s-Doutorado (PIPD\/CAPES)<\/s><\/p>\n\n\n\n<p class=\"has-primary-text-color has-text-color has-small-font-size\"><strong>Portaria CAPES no. 282 de 04 de setembro de 2024:<\/strong> <a href=\"https:\/\/drive.google.com\/file\/d\/1cDnS_ZJRU-6UJaCSpB-kz3jyHfMWgayK\/view?usp=sharing\">acesse aqui<\/a> <\/p>\n\n\n\n<p class=\"has-primary-text-color has-text-color has-small-font-size\"><strong>Portaria CAPES no. 307 de 24 de setembro de 2024:<\/strong> <a href=\"https:\/\/drive.google.com\/file\/d\/13VSJ0qtOctNzMWgWtOEzUIlIDCkY7Juv\/view?usp=sharing\">acesse aqui<\/a><\/p>\n\n\n\n<p class=\"has-primary-text-color has-text-color has-small-font-size\"><strong>Portaria CAPES no. 318 de 04 de outubro de 2024:<\/strong> <a href=\"https:\/\/drive.google.com\/file\/d\/1kqnI_bhZcK_EX9FHeXrKLEBDtAVBDIOQ\/view?usp=sharing\">acesse aqui<\/a><\/p>\n\n\n\n<p class=\"has-primary-text-color has-text-color has-small-font-size\"><strong>Anexos do Edital 004\/2025 &#8211; PPGPE:<\/strong><\/p>\n\n\n\n<p class=\"has-primary-text-color has-text-color has-small-font-size\"><strong>1. <\/strong>Anexo I \u2013 <a href=\"https:\/\/drive.google.com\/file\/d\/1TCQn3b4BtpfXBP6PZS_X0h7d86o8yDOH\/view?usp=sharing\">Termo de compromisso<\/a><\/p>\n\n\n\n<p class=\"has-primary-text-color has-text-color has-small-font-size\">2. Anexo II &#8211; <a href=\"https:\/\/drive.google.com\/file\/d\/19H45YjgPOro-jZQsdSPvxGYK9cOQbeut\/view?usp=sharing\">Ficha de inscri\u00e7\u00e3o para o Processo Seletivo<\/a><\/p>\n\n\n\n<p class=\"has-primary-text-color has-text-color has-small-font-size\">*Delibera\u00e7\u00e3o 002\/2025 &#8211; PPGPE &#8211; Normas e Procedimentos para elabora\u00e7\u00e3o, apresenta\u00e7\u00e3o e tabela de pontua\u00e7\u00e3o, de planos de trabalho que envolvam qualquer processo seletivo referente \u00e0 concess\u00e3o de bolsas de p\u00f3s-doutorado por ag\u00eancias de fomento e que sejam implantadas pelo Programa P\u00f3s-Gradua\u00e7\u00e3o em Patologia Experimental (PPGPE) &#8211; <a href=\"https:\/\/drive.google.com\/file\/d\/10uVnF0jcRtmf-2dRAT-9pGcio3GI9ZXc\/view?usp=sharing\">clique aqui<\/a><\/p>\n\n\n\n<p><\/p>\n\n\n\n<p class=\"has-primary-text-color has-text-color\"><strong>EDITAL No. 003\/2025<\/strong> <strong>&#8211; Sele\u00e7\u00e3o para Estudantes Especiais &#8211; 2025\/1<\/strong> (somente em portugu\u00eas)<\/p>\n\n\n\n<p class=\"has-primary-text-color has-text-color has-small-font-size\">Estabelece normas e procedimentos de sele\u00e7\u00e3o para o ingresso no Programa de P\u00f3s-Gradua\u00e7\u00e3o Stricto sensu em Patologia Experimental como Estudante Especial <a href=\"https:\/\/drive.google.com\/file\/d\/1DvQ-4Fpr78P4dDOxO6Ygt0WwmBDZxD0e\/view?usp=sharing\">(clique aqui)<\/a> <\/p>\n\n\n\n<p class=\"has-primary-text-color has-text-color\"><strong>EDITAL No. 002\/2025 &#8211; PPGPE &#8211; Programa de Doutorado Sandu\u00edche no Exterior &#8211; Resultado final<\/strong><\/p>\n\n\n\n<p class=\"has-primary-text-color has-text-color has-small-font-size\">Divulga Resultado Final do processo de sele\u00e7\u00e3o interna &#8211; bolsa para Doutorado Sandu\u00edche no Exterior <a href=\"https:\/\/drive.google.com\/file\/d\/1vig06v3EqKV9MXFBLqB4BlYL-v-slQl1\/view?usp=sharing\">(clique aqui)<\/a><\/p>\n\n\n\n<p class=\"has-primary-text-color has-text-color\"><strong>EDITAL No. 001\/2025 &#8211; PPGPE &#8211; Programa de Doutorado Sandu\u00edche no Exterior <\/strong><\/p>\n\n\n\n<p class=\"has-primary-text-color has-text-color has-small-font-size\">Divulga edital interno para sele\u00e7\u00e3o de candidatos a bolsa para Doutorado Sandu\u00edche no Exterior <a href=\"https:\/\/drive.google.com\/file\/d\/124SJpmAhDutcxWAf_rEerT7wAvKS9xVX\/view?usp=sharing\">(clique aqui)<\/a><\/p>\n\n\n\n<p class=\"has-primary-text-color has-text-color has-small-font-size\"><strong>Edital CAPES no. 026\/2024:<\/strong> <a href=\"https:\/\/drive.google.com\/file\/d\/1aSijHTHzT-BMm1dX-N3gM5OTZulqHs3g\/view?usp=sharing\">acesse aqui<\/a> &#8211; <strong>Edital de Retifica\u00e7\u00e3o<\/strong> &#8211; <a href=\"https:\/\/www.gov.br\/capes\/pt-br\/centrais-de-conteudo\/editais\/14102024_Edital_2477735_SEI_2477608_Edital_N__26_2024.pdf\">clique aqui<\/a><\/p>\n\n\n\n<p class=\"has-primary-text-color has-text-color has-small-font-size\"><strong>Edital PROPPG no. 58\/2024:<\/strong> <a href=\"https:\/\/sites.uel.br\/proppg\/wp-content\/uploads\/2024\/10\/Edital-PROPPG_58_PDSE_UEL-2024.pdf\">acesse aqui<\/a><\/p>\n\n\n\n<p class=\"has-primary-text-color has-text-color has-small-font-size\"><strong>Anexos do Edital 001\/2025 &#8211; PPGPE:<\/strong><\/p>\n\n\n\n<p class=\"has-primary-text-color has-text-color has-small-font-size\"><strong>1. <\/strong>Anexo I \u2013 <a href=\"https:\/\/sites.uel.br\/proppg\/wp-content\/uploads\/2024\/10\/Anexo_I___Termo_de_Outorga___1_.pdf\">Termo de Outorga e Aceite de Bolsa<\/a><\/p>\n\n\n\n<p class=\"has-primary-text-color has-text-color has-small-font-size\">2. Anexo II &#8211; <a href=\"https:\/\/sites.uel.br\/proppg\/wp-content\/uploads\/2024\/10\/Anexo_II___Declaracao_Reconhecimento_da_Fluencia_Linguistica_do_cooorientador_no_exterior__1_.pdf\">Declara\u00e7\u00e3o de reconhecimento de flu\u00eancia lingu\u00edstica &#8211; coorientador no exterior<\/a><\/p>\n\n\n\n<p class=\"has-primary-text-color has-text-color has-small-font-size\">3.Anexo III &#8211; <a href=\"https:\/\/sites.uel.br\/proppg\/wp-content\/uploads\/2024\/10\/Anexo_III___Declaracao_Reconhecimento_da_Fluencia___Orient_Brasileiro.pdf\">Declara\u00e7\u00e3o de reconhecimento de flu\u00eancia lingu\u00edstica &#8211; orientador brasileiro<\/a><\/p>\n\n\n\n<p class=\"has-primary-text-color has-text-color has-small-font-size\">4. Anexo IV &#8211; <a href=\"https:\/\/sites.uel.br\/proppg\/wp-content\/uploads\/2024\/11\/08102024_Edital_2391763_Anexo_IV__Proficiencia_2024.pdf\">Requisitos para apresenta\u00e7\u00e3o do teste de profici\u00eancia em l\u00edngua estrangeira<\/a> <\/p>\n\n\n\n<p class=\"has-primary-text-color has-text-color has-small-font-size\">5. Anexo V &#8211; <a href=\"https:\/\/sites.uel.br\/proppg\/wp-content\/uploads\/2024\/10\/Anexo_V___MODELO_DA_DECLARACAO_DO_COORIENTADOR_NO_EXTERIOR_.pdf\">Modelo de carta do coorientador no exterior<\/a><\/p>\n\n\n\n<p class=\"has-primary-text-color has-text-color has-small-font-size\">6. Ata de resultado da sele\u00e7\u00e3o interna &#8211; acesso em: <a href=\"https:\/\/sites.uel.br\/proppg\/edital-proppg-57-2024\/\">https:\/\/sites.uel.br\/proppg\/edital-proppg-57-2024\/<\/a><\/p>\n\n\n\n<p class=\"has-primary-text-color has-text-color has-small-font-size\">*Delibera\u00e7\u00e3o 001\/2025 &#8211; PPGPE &#8211; Normas e Procedimentos para elabora\u00e7\u00e3o do Plano de pesquisa PDSE\/CAPES + Tabela de pontua\u00e7\u00e3o &#8211; <a href=\"https:\/\/drive.google.com\/file\/d\/1gxkqL3OOFoNu3t0ORgYyv4LKMNHUV0Wd\/view?usp=sharing\">clique aqui<\/a><\/p>\n\n\n\n<p class=\"has-text-color\" style=\"color:#0d26ee\"><\/p>\n\n\n\n<p class=\"has-primary-text-color has-text-color\"><strong>EDITAL No. 018\/2024<\/strong> <strong>&#8211; <strong>Resultado Final Cursos de Mestrado e Doutorado &#8211; Processo seletivo 2025\/<\/strong>1<\/strong><\/p>\n\n\n\n<p class=\"has-primary-text-color has-text-color has-small-font-size\">Divulga o Resultado Final do Processo Seletivo 2025. 1 &#8211; CURSOS DE MESTRADO E DOUTORADO <a href=\"https:\/\/drive.google.com\/file\/d\/1L6ZKC2_ojnUlGyjSu0bUipFTNlOnRzNW\/view?usp=sharing\">(<\/a><a href=\"https:\/\/drive.google.com\/file\/d\/1Echf7-UMnxHR0bDaEBzZ35HIDKKKsxfn\/view?usp=sharing\">clique aqui)<\/a><\/p>\n\n\n\n<p class=\"has-primary-text-color has-text-color\"><strong>EDITAL No. 017\/2024<\/strong> <strong>&#8211; <strong>Resultado Parcial Curso de Doutorado &#8211; Processo seletivo 2025\/<\/strong>1<\/strong><\/p>\n\n\n\n<p class=\"has-primary-text-color has-text-color has-small-font-size\">Divulga o Resultado Parcial do Processo Seletivo 2025. 1 &#8211; CURSO DE DOUTORADO <a href=\"https:\/\/drive.google.com\/file\/d\/1L6ZKC2_ojnUlGyjSu0bUipFTNlOnRzNW\/view?usp=sharing\">(clique aqui)<\/a><\/p>\n\n\n\n<p class=\"has-primary-text-color has-text-color\"><strong>EDITAL No. 016\/2024<\/strong> <strong>&#8211; <strong>Resultado Parcial Curso de Mestrado &#8211; Processo seletivo 2025\/<\/strong>1<\/strong><\/p>\n\n\n\n<p class=\"has-primary-text-color has-text-color has-small-font-size\">Divulga o Resultado Parcial do Processo Seletivo 2025. 1 &#8211; CURSO DE MESTRADO <a href=\"https:\/\/drive.google.com\/file\/d\/1osSLINIG9V-q4XhtT12rb0-WV0ct2eQk\/view?usp=sharing\">(clique aqui)<\/a><\/p>\n\n\n\n<p class=\"has-primary-text-color has-text-color\"><strong>EDITAL No. 015\/2024<\/strong> <strong>&#8211; <strong>Homologa\u00e7\u00e3o das inscri\u00e7\u00f5es &#8211; Processo seletivo 2025<\/strong>\/1<\/strong> (vers\u00e3o somente em portugu\u00eas)<\/p>\n\n\n\n<p class=\"has-primary-text-color has-text-color has-small-font-size\">Homologa as inscri\u00e7\u00f5es para o Processo Seletivo 2025. 1 <a href=\"https:\/\/drive.google.com\/file\/d\/1l9NxKFR4fEn4DO_FRSQNwZYLZh-jIH5U\/view?usp=sharing\">(clique aqui)<\/a><\/p>\n\n\n\n<p class=\"has-primary-text-color has-text-color\"><strong>EDITAL No. 014\/2024<\/strong> <strong>&#8211; Sele\u00e7\u00e3o para estudantes regulares &#8211; 2025\/1<\/strong> (vers\u00e3o somente em portugu\u00eas)<\/p>\n\n\n\n<p class=\"has-primary-text-color has-text-color has-small-font-size\">Estabelece normas e procedimentos de sele\u00e7\u00e3o para o ingresso no Programa de P\u00f3s-Gradua\u00e7\u00e3o <em>Stricto sensu<\/em> em Patologia Experimental <a href=\"https:\/\/drive.google.com\/file\/d\/1zi58KDG_YmWOo0eJoeGj8ucI8Wy-jObi\/view?usp=sharing\">(clique aqui)<\/a><\/p>\n\n\n\n<p class=\"has-primary-text-color has-text-color has-small-font-size\"><strong><em>Link para isen\u00e7\u00e3o do pre\u00e7o p\u00fablico &#8211; inscri\u00e7\u00e3o:<\/em><\/strong>  <a href=\"http:\/\/www.uel.br\/eventos\/sigec\/?id=9672\">http:\/\/www.uel.br\/eventos\/sigec\/?id=9672<\/a><\/p>\n\n\n\n<p class=\"has-primary-text-color has-text-color has-small-font-size\"><img loading=\"lazy\" decoding=\"async\" width=\"512\" height=\"218\" class=\"wp-image-867\" style=\"width: 80px\" src=\"https:\/\/pos.uel.br\/patologiaexperimental\/wp-content\/uploads\/2024\/09\/atenc\u0327a\u0303o.jpeg\" alt=\"\" srcset=\"https:\/\/pos.uel.br\/patologiaexperimental\/wp-content\/uploads\/2024\/09\/atenc\u0327a\u0303o.jpeg 512w, https:\/\/pos.uel.br\/patologiaexperimental\/wp-content\/uploads\/2024\/09\/atenc\u0327a\u0303o-300x128.jpeg 300w\" sizes=\"auto, (max-width: 512px) 100vw, 512px\" \/><strong><em>Resultado pedidos de isen\u00e7\u00e3o de pre\u00e7o p\u00fablico para inscri\u00e7\u00e3o:<\/em><\/strong> <strong><a href=\"https:\/\/drive.google.com\/file\/d\/1dux1rxK_u2rqVKzzOIcrIs3eSTu7nswW\/view?usp=sharing\">CLIQUE AQUI<\/a><\/strong><\/p>\n\n\n\n<p><\/p>\n\n\n\n<p class=\"has-primary-text-color has-text-color\"><strong>EDITAL No. 013\/2024<\/strong> <strong>&#8211; Edital de concess\u00e3o de bolsas de Doutorado 2024\/2<\/strong><\/p>\n\n\n\n<p class=\"has-primary-text-color has-text-color has-small-font-size\">Divulga a concess\u00e3o de Bolsas 2024\/1 para o Curso de Mestrado em Patologia Experimental:&nbsp;<a href=\"https:\/\/drive.google.com\/file\/d\/1sAtG9DZwOf2HdC1r-T21tOYAflWbP2Pg\/view?usp=sharing\">(clique aqui)<\/a> <\/p>\n\n\n\n<p class=\"has-primary-text-color has-text-color\"><strong>EDITAL No. 012\/2024<\/strong> <strong>&#8211; Edital de concess\u00e3o de bolsas de Mestrado 2024\/2<\/strong><\/p>\n\n\n\n<p class=\"has-primary-text-color has-text-color has-small-font-size\">Divulga a concess\u00e3o de Bolsas 2024\/1 para o Curso de Mestrado em Patologia Experimental:&nbsp;<a href=\"https:\/\/drive.google.com\/file\/d\/17tGxKepG4qhyGJs9PVW_URL-_cBpeBRU\/view?usp=sharing\">(clique aqui) <\/a><\/p>\n\n\n\n<p class=\"has-primary-accent-color has-text-color\"><\/p>\n\n\n\n<p><\/p>\n\n\n\n<p><\/p>\n<\/div>\n\n\n\n<div class=\"wp-block-uel-card\">\n<h2 class=\"wp-block-heading has-primary-accent-color has-text-color has-medium-font-size\">Defesas e disserta\u00e7\u00f5es<\/h2>\n\n\n\n<p>Em breve voc\u00ea poder\u00e1 conhecer as datas e hor\u00e1rios das pr\u00f3ximas defesas de tese e disserta\u00e7\u00f5es do Programa.<\/p>\n\n\n<div class=\"defesas-qualificacoes\">N\u00e3o existem defesas ou qualifica\u00e7\u00f5es agendadas.<a href=\"https:\/\/pos.uel.br\/patologiaexperimental\/defesas-qualificacoes\/\" class=\"defesas-qualificacoes__todas\">Ver todas<\/a><\/div>\n\n\n<p class=\"is-style-default has-small-font-size\"><strong>Saiba mais&#8230;<\/strong><\/p>\n<\/div>\n\n\n\n<div class=\"wp-block-uel-card\">\n<h3 class=\"wp-block-heading is-style-highlighted-heading has-medium-font-size\">Teses e disserta\u00e7\u00f5es<\/h3>\n\n\n\n<p>Em breve voc\u00ea ter\u00e1 acesso ao arquivo pdf das defesas de tese e disserta\u00e7\u00f5es do Programa.<\/p>\n\n\n<div class=\"teses-dissertacoes\">Ainda n\u00e3o existem teses ou disserta\u00e7\u00f5es cadastradas.<\/div>\n\n\n<p class=\"has-small-font-size\"><strong>Saiba mais&#8230;<\/strong><\/p>\n<\/div>\n<\/div>\n\n\n\n<div class=\"wp-block-column is-layout-flow wp-block-column-is-layout-flow\" style=\"flex-basis:33.33%\">\n<div class=\"wp-block-group is-nowrap is-layout-flex wp-container-core-group-is-layout-ad2f72ca wp-block-group-is-layout-flex\">\n<p style=\"font-size:11px\"><strong><a href=\"https:\/\/pos.uel.br\/patologiaexperimental\/general-information\/\" data-type=\"page\" data-id=\"301\">general information<\/a> \/ <a href=\"https:\/\/pos.uel.br\/patologiaexperimental\/informaciones-generales\/\" data-type=\"page\" data-id=\"303\">informaciones generales<\/a><\/strong>          <\/p>\n\n\n\n<figure class=\"wp-block-image size-full is-resized\"><a href=\"https:\/\/pos.uel.br\/patologiaexperimental\/general-information\/\"><img loading=\"lazy\" decoding=\"async\" width=\"255\" height=\"153\" src=\"https:\/\/pos.uel.br\/patologiaexperimental\/wp-content\/uploads\/2022\/07\/bandeira-reino-unido.png\" alt=\"\" class=\"wp-image-296\" style=\"width:46px;height:28px\" \/><\/a><\/figure>\n\n\n\n<figure class=\"wp-block-image size-full is-resized\"><a href=\"https:\/\/pos.uel.br\/patologiaexperimental\/informaciones-generales\/\"><img loading=\"lazy\" decoding=\"async\" width=\"240\" height=\"160\" src=\"https:\/\/pos.uel.br\/patologiaexperimental\/wp-content\/uploads\/2022\/07\/espanha.png\" alt=\"\" class=\"wp-image-298\" style=\"width:44px;height:29px\" \/><\/a><\/figure>\n<\/div>\n\n\n\n<div style=\"height:15px\" aria-hidden=\"true\" class=\"wp-block-spacer\"><\/div>\n\n\n\n<figure class=\"wp-block-image size-large\"><img loading=\"lazy\" decoding=\"async\" width=\"1024\" height=\"317\" src=\"https:\/\/pos.uel.br\/patologiaexperimental\/wp-content\/uploads\/2022\/09\/conceito-capes-1024x317.png\" alt=\"\" class=\"wp-image-451\" srcset=\"https:\/\/pos.uel.br\/patologiaexperimental\/wp-content\/uploads\/2022\/09\/conceito-capes-1024x317.png 1024w, https:\/\/pos.uel.br\/patologiaexperimental\/wp-content\/uploads\/2022\/09\/conceito-capes-300x93.png 300w, https:\/\/pos.uel.br\/patologiaexperimental\/wp-content\/uploads\/2022\/09\/conceito-capes-768x238.png 768w, https:\/\/pos.uel.br\/patologiaexperimental\/wp-content\/uploads\/2022\/09\/conceito-capes-1536x476.png 1536w, https:\/\/pos.uel.br\/patologiaexperimental\/wp-content\/uploads\/2022\/09\/conceito-capes.png 1771w\" sizes=\"auto, (max-width: 1024px) 100vw, 1024px\" \/><\/figure>\n\n\n\n<p class=\"has-text-align-center\"><img loading=\"lazy\" decoding=\"async\" width=\"740\" height=\"740\" class=\"wp-image-835\" style=\"width: 50px\" src=\"https:\/\/pos.uel.br\/patologiaexperimental\/wp-content\/uploads\/2024\/06\/logotipo-da-aplicacao-instagram_23-2151544096.avif\" alt=\"\">@patologia_experimental<\/p>\n\n\n\n<div style=\"height:0px\" aria-hidden=\"true\" class=\"wp-block-spacer\"><\/div>\n\n\n\n<h2 class=\"wp-block-heading has-primary-accent-color has-text-color has-medium-font-size\"><strong>Coordena\u00e7\u00e3o<\/strong><\/h2>\n\n\n\n<p><strong>Coordenadora<\/strong><\/p>\n\n\n\n<ul class=\"wp-block-list\">\n<li>Profa. Dra. Fl\u00e1via Alessandra Guarnier (DIPPG)<\/li>\n<\/ul>\n\n\n\n<p><strong>Vice-Coordenadora<\/strong><\/p>\n\n\n\n<ul class=\"wp-block-list\">\n<li>Profa. Dra. Karen Braj\u00e3o de Oliveira (DIPPG)<\/li>\n<\/ul>\n\n\n\n<p class=\"has-primary-accent-color has-text-color\"><strong>Comiss\u00e3o Coordenadora<\/strong><\/p>\n\n\n\n<ul class=\"wp-block-list\">\n<li>Profa. Dra. Glaura S. A. Fernandes (BIO)<\/li>\n\n\n\n<li>Profa. Dra. Alessandra L. C. Armani (DIPPG)<\/li>\n\n\n\n<li><strong>Representantes discentes:<\/strong>\n<ul class=\"wp-block-list\">\n<li>Leonardo Berto Pereira<\/li>\n\n\n\n<li>Ellen Mayara Souza Cruz<\/li>\n<\/ul>\n<\/li>\n<\/ul>\n\n\n\n<p class=\"has-text-align-left\"><strong>* <sup>As Comiss\u00f5es Financeira e de Bolsas s\u00e3o compostas pelos mesmos membros da Comiss\u00e3o Coordenadora.<\/sup><\/strong><\/p>\n\n\n\n<p>*<strong><sup>A Comiss\u00e3o de sele\u00e7\u00e3o \u00e9 definida a cada Edital.<\/sup><\/strong><\/p>\n\n\n\n<p class=\"has-primary-accent-color has-text-color has-medium-font-size\"><strong>Contato<\/strong><\/p>\n\n\n\n<p><strong>Telefone:&nbsp;<\/strong> +55 (43) 3371-4387<br><strong>E-mail<\/strong>: <a rel=\"noreferrer noopener\" href=\"mailto:ppgpe.ccb@uel.br\" target=\"_blank\">ppgpe.ccb@uel.br<\/a><br><strong>Endere\u00e7o:<\/strong>&nbsp; Universidade Estadual de Londrina-UEL, Centro de Ci\u00eancias Biol\u00f3gicas \u2013 CCB, Departamento de Ci\u00eancias Patol\u00f3gicas \u2013 PAT, Campus Universit\u00e1rio&nbsp;&nbsp;Caixa Postal 10011, CEP: 86.057-970,&nbsp;&nbsp;Londrina \u2013 Paran\u00e1<\/p>\n\n\n\n<div class=\"wp-block-cover is-light\" style=\"min-height:121px;aspect-ratio:unset;\"><img loading=\"lazy\" decoding=\"async\" width=\"1024\" height=\"806\" class=\"wp-block-cover__image-background wp-image-243\" alt=\"\" src=\"https:\/\/pos.uel.br\/patologiaexperimental\/wp-content\/uploads\/2022\/07\/maps-patologia-1024x806.png\" data-object-fit=\"cover\" srcset=\"https:\/\/pos.uel.br\/patologiaexperimental\/wp-content\/uploads\/2022\/07\/maps-patologia-1024x806.png 1024w, https:\/\/pos.uel.br\/patologiaexperimental\/wp-content\/uploads\/2022\/07\/maps-patologia-300x236.png 300w, https:\/\/pos.uel.br\/patologiaexperimental\/wp-content\/uploads\/2022\/07\/maps-patologia-768x605.png 768w, https:\/\/pos.uel.br\/patologiaexperimental\/wp-content\/uploads\/2022\/07\/maps-patologia.png 1111w\" sizes=\"auto, (max-width: 1024px) 100vw, 1024px\" \/><span aria-hidden=\"true\" class=\"wp-block-cover__background has-site-background-background-color has-background-dim-30 has-background-dim\"><\/span><div class=\"wp-block-cover__inner-container is-layout-flow wp-block-cover-is-layout-flow\">\n<p class=\"has-text-align-center has-large-font-size\"><a href=\"https:\/\/goo.gl\/maps\/dMdNuyukS9fD7Nak6\" target=\"_blank\" rel=\"noreferrer noopener\"><strong>Ver Localiza\u00e7\u00e3o<\/strong><\/a><\/p>\n<\/div><\/div>\n\n\n\n<div style=\"height:55px\" aria-hidden=\"true\" class=\"wp-block-spacer\"><\/div>\n\n\n\n<p class=\"has-text-align-center has-primary-accent-color has-text-color\" style=\"font-size:16px\"><strong>Apoio<\/strong><\/p>\n\n\n\n<div class=\"wp-block-columns is-layout-flex wp-container-core-columns-is-layout-9d6595d7 wp-block-columns-is-layout-flex\">\n<div class=\"wp-block-column is-vertically-aligned-center is-layout-flow wp-block-column-is-layout-flow\"><div class=\"wp-block-image is-style-default\">\n<figure class=\"aligncenter size-full is-resized\"><a href=\"https:\/\/www.gov.br\/capes\/pt-br\" target=\"_blank\" rel=\"noreferrer noopener\"><img loading=\"lazy\" decoding=\"async\" width=\"323\" height=\"300\" src=\"https:\/\/pos.uel.br\/patologiaexperimental\/wp-content\/uploads\/2022\/07\/capes-logo.png\" alt=\"\" class=\"wp-image-320\" style=\"width:114px;height:103px\" srcset=\"https:\/\/pos.uel.br\/patologiaexperimental\/wp-content\/uploads\/2022\/07\/capes-logo.png 323w, https:\/\/pos.uel.br\/patologiaexperimental\/wp-content\/uploads\/2022\/07\/capes-logo-300x279.png 300w\" sizes=\"auto, (max-width: 323px) 100vw, 323px\" \/><\/a><\/figure>\n<\/div><\/div>\n\n\n\n<div class=\"wp-block-column is-vertically-aligned-center is-layout-flow wp-block-column-is-layout-flow\"><div class=\"wp-block-image is-style-default\">\n<figure class=\"aligncenter size-full is-resized\"><a href=\"https:\/\/www.gov.br\/cnpq\/pt-br\" target=\"_blank\" rel=\"noopener\"><img loading=\"lazy\" decoding=\"async\" width=\"300\" height=\"90\" src=\"https:\/\/pos.uel.br\/patologiaexperimental\/wp-content\/uploads\/2022\/05\/cnpq-logo-7-300x90-1.png\" alt=\"\" class=\"wp-image-166\" style=\"width:185px;height:56px\" \/><\/a><\/figure>\n<\/div><\/div>\n<\/div>\n\n\n\n<div class=\"wp-block-columns is-layout-flex wp-container-core-columns-is-layout-9d6595d7 wp-block-columns-is-layout-flex\">\n<div class=\"wp-block-column is-vertically-aligned-center is-layout-flow wp-block-column-is-layout-flow\"><div class=\"wp-block-image is-style-default\">\n<figure class=\"aligncenter size-large is-resized\"><a href=\"https:\/\/www.fappr.pr.gov.br\" target=\"_blank\" rel=\"noreferrer noopener\"><img loading=\"lazy\" decoding=\"async\" width=\"1024\" height=\"406\" src=\"https:\/\/pos.uel.br\/patologiaexperimental\/wp-content\/uploads\/2022\/07\/FA-logo-1024x406.png\" alt=\"\" class=\"wp-image-322\" style=\"width:189px;height:74px\" srcset=\"https:\/\/pos.uel.br\/patologiaexperimental\/wp-content\/uploads\/2022\/07\/FA-logo-1024x406.png 1024w, https:\/\/pos.uel.br\/patologiaexperimental\/wp-content\/uploads\/2022\/07\/FA-logo-300x119.png 300w, https:\/\/pos.uel.br\/patologiaexperimental\/wp-content\/uploads\/2022\/07\/FA-logo-768x305.png 768w, https:\/\/pos.uel.br\/patologiaexperimental\/wp-content\/uploads\/2022\/07\/FA-logo.png 1182w\" sizes=\"auto, (max-width: 1024px) 100vw, 1024px\" \/><\/a><\/figure>\n<\/div><\/div>\n\n\n\n<div class=\"wp-block-column is-vertically-aligned-center is-layout-flow wp-block-column-is-layout-flow\"><div class=\"wp-block-image is-style-default\">\n<figure class=\"aligncenter size-large is-resized\"><a href=\"http:\/\/www.finep.gov.br\" target=\"_blank\" rel=\"noreferrer noopener\"><img loading=\"lazy\" decoding=\"async\" width=\"1024\" height=\"568\" src=\"https:\/\/pos.uel.br\/patologiaexperimental\/wp-content\/uploads\/2022\/07\/MARCA_RGB_2020-1024x568.png\" alt=\"\" class=\"wp-image-263\" style=\"width:163px;height:90px\" srcset=\"https:\/\/pos.uel.br\/patologiaexperimental\/wp-content\/uploads\/2022\/07\/MARCA_RGB_2020-1024x568.png 1024w, https:\/\/pos.uel.br\/patologiaexperimental\/wp-content\/uploads\/2022\/07\/MARCA_RGB_2020-300x166.png 300w, https:\/\/pos.uel.br\/patologiaexperimental\/wp-content\/uploads\/2022\/07\/MARCA_RGB_2020-768x426.png 768w, https:\/\/pos.uel.br\/patologiaexperimental\/wp-content\/uploads\/2022\/07\/MARCA_RGB_2020-1536x851.png 1536w, https:\/\/pos.uel.br\/patologiaexperimental\/wp-content\/uploads\/2022\/07\/MARCA_RGB_2020-2048x1135.png 2048w\" sizes=\"auto, (max-width: 1024px) 100vw, 1024px\" \/><\/a><\/figure>\n<\/div><\/div>\n<\/div>\n\n\n\n<div class=\"wp-block-columns is-layout-flex wp-container-core-columns-is-layout-9d6595d7 wp-block-columns-is-layout-flex\">\n<div class=\"wp-block-column is-vertically-aligned-center is-layout-flow wp-block-column-is-layout-flow\"><div class=\"wp-block-image\">\n<figure class=\"aligncenter size-large is-resized\"><a href=\"https:\/\/www.fundect.ms.gov.br\" target=\"_blank\" rel=\"noreferrer noopener\"><img loading=\"lazy\" decoding=\"async\" width=\"1024\" height=\"502\" src=\"https:\/\/pos.uel.br\/patologiaexperimental\/wp-content\/uploads\/2022\/07\/webpc-passthru-1024x502.webp\" alt=\"\" class=\"wp-image-264\" style=\"width:178px;height:87px\" srcset=\"https:\/\/pos.uel.br\/patologiaexperimental\/wp-content\/uploads\/2022\/07\/webpc-passthru-1024x502.webp 1024w, https:\/\/pos.uel.br\/patologiaexperimental\/wp-content\/uploads\/2022\/07\/webpc-passthru-300x147.webp 300w, https:\/\/pos.uel.br\/patologiaexperimental\/wp-content\/uploads\/2022\/07\/webpc-passthru-768x377.webp 768w, https:\/\/pos.uel.br\/patologiaexperimental\/wp-content\/uploads\/2022\/07\/webpc-passthru-1536x753.webp 1536w, https:\/\/pos.uel.br\/patologiaexperimental\/wp-content\/uploads\/2022\/07\/webpc-passthru.webp 1595w\" sizes=\"auto, (max-width: 1024px) 100vw, 1024px\" \/><\/a><\/figure>\n<\/div><\/div>\n\n\n\n<div class=\"wp-block-column is-vertically-aligned-center is-layout-flow wp-block-column-is-layout-flow\"><div class=\"wp-block-image\">\n<figure class=\"aligncenter size-large is-resized\"><a href=\"https:\/\/sebrae.com.br\/sites\/PortalSebrae\" target=\"_blank\" rel=\"noreferrer noopener\"><img loading=\"lazy\" decoding=\"async\" width=\"1024\" height=\"528\" src=\"https:\/\/pos.uel.br\/patologiaexperimental\/wp-content\/uploads\/2022\/07\/logo_sebrae-1-1024x528.png\" alt=\"\" class=\"wp-image-323\" style=\"width:184px;height:94px\" srcset=\"https:\/\/pos.uel.br\/patologiaexperimental\/wp-content\/uploads\/2022\/07\/logo_sebrae-1-1024x528.png 1024w, https:\/\/pos.uel.br\/patologiaexperimental\/wp-content\/uploads\/2022\/07\/logo_sebrae-1-300x155.png 300w, https:\/\/pos.uel.br\/patologiaexperimental\/wp-content\/uploads\/2022\/07\/logo_sebrae-1-768x396.png 768w, https:\/\/pos.uel.br\/patologiaexperimental\/wp-content\/uploads\/2022\/07\/logo_sebrae-1-1536x791.png 1536w, https:\/\/pos.uel.br\/patologiaexperimental\/wp-content\/uploads\/2022\/07\/logo_sebrae-1-2048x1055.png 2048w\" sizes=\"auto, (max-width: 1024px) 100vw, 1024px\" \/><\/a><\/figure>\n<\/div><\/div>\n<\/div>\n\n\n<div class=\"wp-block-image\">\n<figure class=\"aligncenter size-full is-resized\"><a href=\"https:\/\/www.sebrae.com.br\/sites\/PortalSebrae\/catalisa\" target=\"_blank\" rel=\"noreferrer noopener\"><img loading=\"lazy\" decoding=\"async\" width=\"727\" height=\"137\" src=\"https:\/\/pos.uel.br\/patologiaexperimental\/wp-content\/uploads\/2022\/07\/logo-catalisa-1.png\" alt=\"\" class=\"wp-image-317\" style=\"width:239px;height:44px\" srcset=\"https:\/\/pos.uel.br\/patologiaexperimental\/wp-content\/uploads\/2022\/07\/logo-catalisa-1.png 727w, https:\/\/pos.uel.br\/patologiaexperimental\/wp-content\/uploads\/2022\/07\/logo-catalisa-1-300x57.png 300w\" sizes=\"auto, (max-width: 727px) 100vw, 727px\" \/><\/a><\/figure>\n<\/div>\n\n\n<div style=\"height:55px\" aria-hidden=\"true\" class=\"wp-block-spacer\"><\/div>\n\n\n\n<p class=\"has-text-align-center has-primary-accent-color has-text-color\" style=\"font-size:16px\"><strong>Parceiros<\/strong><\/p>\n\n\n\n<div class=\"wp-block-columns is-layout-flex wp-container-core-columns-is-layout-9d6595d7 wp-block-columns-is-layout-flex\">\n<div class=\"wp-block-column is-vertically-aligned-center is-layout-flow wp-block-column-is-layout-flow\"><div class=\"wp-block-image\">\n<figure class=\"aligncenter size-full is-resized\"><a href=\"http:\/\/www.aintec.uel.br\" target=\"_blank\" rel=\"noreferrer noopener\"><img loading=\"lazy\" decoding=\"async\" width=\"827\" height=\"661\" src=\"https:\/\/pos.uel.br\/patologiaexperimental\/wp-content\/uploads\/2022\/07\/aintec-logo-1.png\" alt=\"\" class=\"wp-image-324\" style=\"width:100px;height:79px\" srcset=\"https:\/\/pos.uel.br\/patologiaexperimental\/wp-content\/uploads\/2022\/07\/aintec-logo-1.png 827w, https:\/\/pos.uel.br\/patologiaexperimental\/wp-content\/uploads\/2022\/07\/aintec-logo-1-300x240.png 300w, https:\/\/pos.uel.br\/patologiaexperimental\/wp-content\/uploads\/2022\/07\/aintec-logo-1-768x614.png 768w\" sizes=\"auto, (max-width: 827px) 100vw, 827px\" \/><\/a><\/figure>\n<\/div><\/div>\n\n\n\n<div class=\"wp-block-column is-vertically-aligned-center is-layout-flow wp-block-column-is-layout-flow\"><div class=\"wp-block-image\">\n<figure class=\"aligncenter size-full is-resized\"><a href=\"https:\/\/www.fauel.org.br\" target=\"_blank\" rel=\"noreferrer noopener\"><img loading=\"lazy\" decoding=\"async\" width=\"580\" height=\"335\" src=\"https:\/\/pos.uel.br\/patologiaexperimental\/wp-content\/uploads\/2022\/07\/fauel.png\" alt=\"\" class=\"wp-image-267\" style=\"width:103px;height:59px\" srcset=\"https:\/\/pos.uel.br\/patologiaexperimental\/wp-content\/uploads\/2022\/07\/fauel.png 580w, https:\/\/pos.uel.br\/patologiaexperimental\/wp-content\/uploads\/2022\/07\/fauel-300x173.png 300w\" sizes=\"auto, (max-width: 580px) 100vw, 580px\" \/><\/a><\/figure>\n<\/div><\/div>\n\n\n\n<div class=\"wp-block-column is-vertically-aligned-center is-layout-flow wp-block-column-is-layout-flow\"><div class=\"wp-block-image\">\n<figure class=\"aligncenter size-full is-resized\"><a href=\"https:\/\/hutec.org.br\" target=\"_blank\" rel=\"noreferrer noopener\"><img loading=\"lazy\" decoding=\"async\" width=\"749\" height=\"311\" src=\"https:\/\/pos.uel.br\/patologiaexperimental\/wp-content\/uploads\/2022\/07\/logo-hutec.png\" alt=\"\" class=\"wp-image-268\" style=\"width:150px;height:62px\" srcset=\"https:\/\/pos.uel.br\/patologiaexperimental\/wp-content\/uploads\/2022\/07\/logo-hutec.png 749w, https:\/\/pos.uel.br\/patologiaexperimental\/wp-content\/uploads\/2022\/07\/logo-hutec-300x125.png 300w\" sizes=\"auto, (max-width: 749px) 100vw, 749px\" \/><\/a><\/figure>\n<\/div><\/div>\n<\/div>\n<\/div>\n<\/div>\n<\/div>\n<\/div>\n\n\n<div class=\"wp-block-image\">\n<figure class=\"aligncenter size-large is-resized\"><img loading=\"lazy\" decoding=\"async\" width=\"1024\" height=\"205\" src=\"https:\/\/pos.uel.br\/patologiaexperimental\/wp-content\/uploads\/2023\/07\/Patologia_Experimental_Aplicac\u0327a\u0303o_Principal_AF-1024x205.png\" alt=\"\" class=\"wp-image-717\" style=\"width:694px;height:139px\" srcset=\"https:\/\/pos.uel.br\/patologiaexperimental\/wp-content\/uploads\/2023\/07\/Patologia_Experimental_Aplicac\u0327a\u0303o_Principal_AF-1024x205.png 1024w, https:\/\/pos.uel.br\/patologiaexperimental\/wp-content\/uploads\/2023\/07\/Patologia_Experimental_Aplicac\u0327a\u0303o_Principal_AF-300x60.png 300w, https:\/\/pos.uel.br\/patologiaexperimental\/wp-content\/uploads\/2023\/07\/Patologia_Experimental_Aplicac\u0327a\u0303o_Principal_AF-768x154.png 768w, https:\/\/pos.uel.br\/patologiaexperimental\/wp-content\/uploads\/2023\/07\/Patologia_Experimental_Aplicac\u0327a\u0303o_Principal_AF-1536x307.png 1536w, https:\/\/pos.uel.br\/patologiaexperimental\/wp-content\/uploads\/2023\/07\/Patologia_Experimental_Aplicac\u0327a\u0303o_Principal_AF-2048x409.png 2048w\" sizes=\"auto, (max-width: 1024px) 100vw, 1024px\" \/><\/figure>\n<\/div>\n\n\n<ul class=\"wp-block-social-links has-large-icon-size has-icon-color is-style-logos-only is-horizontal is-content-justification-center is-layout-flex wp-container-core-social-links-is-layout-499968f5 wp-block-social-links-is-layout-flex\"><li style=\"color:#0d748c;\" class=\"wp-social-link wp-social-link-facebook  wp-block-social-link\"><a rel=\"noopener nofollow\" target=\"_blank\" href=\"https:\/\/www.facebook.com\/patologiaexperimentaluel\" class=\"wp-block-social-link-anchor\"><svg width=\"24\" height=\"24\" viewBox=\"0 0 24 24\" version=\"1.1\" xmlns=\"http:\/\/www.w3.org\/2000\/svg\" aria-hidden=\"true\" focusable=\"false\"><path d=\"M12 2C6.5 2 2 6.5 2 12c0 5 3.7 9.1 8.4 9.9v-7H7.9V12h2.5V9.8c0-2.5 1.5-3.9 3.8-3.9 1.1 0 2.2.2 2.2.2v2.5h-1.3c-1.2 0-1.6.8-1.6 1.6V12h2.8l-.4 2.9h-2.3v7C18.3 21.1 22 17 22 12c0-5.5-4.5-10-10-10z\"><\/path><\/svg><span class=\"wp-block-social-link-label screen-reader-text\">Facebook<\/span><\/a><\/li>\n\n<li style=\"color:#0d748c;\" class=\"wp-social-link wp-social-link-instagram  wp-block-social-link\"><a rel=\"noopener nofollow\" target=\"_blank\" href=\"https:\/\/www.instagram.com\/ppg_patologiaexperimentaluel\/\" class=\"wp-block-social-link-anchor\"><svg width=\"24\" height=\"24\" viewBox=\"0 0 24 24\" version=\"1.1\" xmlns=\"http:\/\/www.w3.org\/2000\/svg\" aria-hidden=\"true\" focusable=\"false\"><path d=\"M12,4.622c2.403,0,2.688,0.009,3.637,0.052c0.877,0.04,1.354,0.187,1.671,0.31c0.42,0.163,0.72,0.358,1.035,0.673 c0.315,0.315,0.51,0.615,0.673,1.035c0.123,0.317,0.27,0.794,0.31,1.671c0.043,0.949,0.052,1.234,0.052,3.637 s-0.009,2.688-0.052,3.637c-0.04,0.877-0.187,1.354-0.31,1.671c-0.163,0.42-0.358,0.72-0.673,1.035 c-0.315,0.315-0.615,0.51-1.035,0.673c-0.317,0.123-0.794,0.27-1.671,0.31c-0.949,0.043-1.233,0.052-3.637,0.052 s-2.688-0.009-3.637-0.052c-0.877-0.04-1.354-0.187-1.671-0.31c-0.42-0.163-0.72-0.358-1.035-0.673 c-0.315-0.315-0.51-0.615-0.673-1.035c-0.123-0.317-0.27-0.794-0.31-1.671C4.631,14.688,4.622,14.403,4.622,12 s0.009-2.688,0.052-3.637c0.04-0.877,0.187-1.354,0.31-1.671c0.163-0.42,0.358-0.72,0.673-1.035 c0.315-0.315,0.615-0.51,1.035-0.673c0.317-0.123,0.794-0.27,1.671-0.31C9.312,4.631,9.597,4.622,12,4.622 M12,3 C9.556,3,9.249,3.01,8.289,3.054C7.331,3.098,6.677,3.25,6.105,3.472C5.513,3.702,5.011,4.01,4.511,4.511 c-0.5,0.5-0.808,1.002-1.038,1.594C3.25,6.677,3.098,7.331,3.054,8.289C3.01,9.249,3,9.556,3,12c0,2.444,0.01,2.751,0.054,3.711 c0.044,0.958,0.196,1.612,0.418,2.185c0.23,0.592,0.538,1.094,1.038,1.594c0.5,0.5,1.002,0.808,1.594,1.038 c0.572,0.222,1.227,0.375,2.185,0.418C9.249,20.99,9.556,21,12,21s2.751-0.01,3.711-0.054c0.958-0.044,1.612-0.196,2.185-0.418 c0.592-0.23,1.094-0.538,1.594-1.038c0.5-0.5,0.808-1.002,1.038-1.594c0.222-0.572,0.375-1.227,0.418-2.185 C20.99,14.751,21,14.444,21,12s-0.01-2.751-0.054-3.711c-0.044-0.958-0.196-1.612-0.418-2.185c-0.23-0.592-0.538-1.094-1.038-1.594 c-0.5-0.5-1.002-0.808-1.594-1.038c-0.572-0.222-1.227-0.375-2.185-0.418C14.751,3.01,14.444,3,12,3L12,3z M12,7.378 c-2.552,0-4.622,2.069-4.622,4.622S9.448,16.622,12,16.622s4.622-2.069,4.622-4.622S14.552,7.378,12,7.378z M12,15 c-1.657,0-3-1.343-3-3s1.343-3,3-3s3,1.343,3,3S13.657,15,12,15z M16.804,6.116c-0.596,0-1.08,0.484-1.08,1.08 s0.484,1.08,1.08,1.08c0.596,0,1.08-0.484,1.08-1.08S17.401,6.116,16.804,6.116z\"><\/path><\/svg><span class=\"wp-block-social-link-label screen-reader-text\">Instagram<\/span><\/a><\/li>\n\n<li style=\"color:#0d748c;\" class=\"wp-social-link wp-social-link-mail  wp-block-social-link\"><a rel=\"noopener nofollow\" target=\"_blank\" href=\"mailto:ppgpe.ccb@uel.br\" class=\"wp-block-social-link-anchor\"><svg width=\"24\" height=\"24\" viewBox=\"0 0 24 24\" version=\"1.1\" xmlns=\"http:\/\/www.w3.org\/2000\/svg\" aria-hidden=\"true\" focusable=\"false\"><path d=\"M19,5H5c-1.1,0-2,.9-2,2v10c0,1.1.9,2,2,2h14c1.1,0,2-.9,2-2V7c0-1.1-.9-2-2-2zm.5,12c0,.3-.2.5-.5.5H5c-.3,0-.5-.2-.5-.5V9.8l7.5,5.6,7.5-5.6V17zm0-9.1L12,13.6,4.5,7.9V7c0-.3.2-.5.5-.5h14c.3,0,.5.2.5.5v.9z\"><\/path><\/svg><span class=\"wp-block-social-link-label screen-reader-text\">E-mail<\/span><\/a><\/li><\/ul>\n","protected":false},"excerpt":{"rendered":"<p>general information \/ informaciones generales @patologia_experimental Coordena\u00e7\u00e3o Coordenadora Vice-Coordenadora Comiss\u00e3o Coordenadora * As Comiss\u00f5es Financeira e de Bolsas s\u00e3o compostas pelos mesmos membros da Comiss\u00e3o Coordenadora. *A Comiss\u00e3o de sele\u00e7\u00e3o \u00e9 definida a cada Edital. Contato Telefone:&nbsp; +55 (43) 3371-4387E-mail: ppgpe.ccb@uel.brEndere\u00e7o:&nbsp; Universidade Estadual de Londrina-UEL, Centro de Ci\u00eancias Biol\u00f3gicas \u2013 CCB, Departamento de Ci\u00eancias Patol\u00f3gicas [&hellip;]<\/p>\n","protected":false},"author":10,"featured_media":0,"parent":0,"menu_order":0,"comment_status":"closed","ping_status":"closed","template":"page-templates\/template-without-title.php","meta":{"footnotes":""},"class_list":["post-87","page","type-page","status-publish","hentry"],"_links":{"self":[{"href":"https:\/\/pos.uel.br\/patologiaexperimental\/wp-json\/wp\/v2\/pages\/87","targetHints":{"allow":["GET"]}}],"collection":[{"href":"https:\/\/pos.uel.br\/patologiaexperimental\/wp-json\/wp\/v2\/pages"}],"about":[{"href":"https:\/\/pos.uel.br\/patologiaexperimental\/wp-json\/wp\/v2\/types\/page"}],"author":[{"embeddable":true,"href":"https:\/\/pos.uel.br\/patologiaexperimental\/wp-json\/wp\/v2\/users\/10"}],"replies":[{"embeddable":true,"href":"https:\/\/pos.uel.br\/patologiaexperimental\/wp-json\/wp\/v2\/comments?post=87"}],"version-history":[{"count":223,"href":"https:\/\/pos.uel.br\/patologiaexperimental\/wp-json\/wp\/v2\/pages\/87\/revisions"}],"predecessor-version":[{"id":1185,"href":"https:\/\/pos.uel.br\/patologiaexperimental\/wp-json\/wp\/v2\/pages\/87\/revisions\/1185"}],"wp:attachment":[{"href":"https:\/\/pos.uel.br\/patologiaexperimental\/wp-json\/wp\/v2\/media?parent=87"}],"curies":[{"name":"wp","href":"https:\/\/api.w.org\/{rel}","templated":true}]}}