{"id":69,"date":"2021-05-16T12:20:36","date_gmt":"2021-05-16T15:20:36","guid":{"rendered":"https:\/\/pos.uel.br\/patologiaexperimental\/?page_id=69"},"modified":"2022-10-14T17:53:06","modified_gmt":"2022-10-14T20:53:06","slug":"projetos","status":"publish","type":"page","link":"https:\/\/pos.uel.br\/patologiaexperimental\/projetos\/","title":{"rendered":"Projetos em Destaque"},"content":{"rendered":"\n<div class=\"wp-block-uel-card\">\n<div class=\"wp-block-media-text alignwide is-stacked-on-mobile is-vertically-aligned-top is-image-fill\" style=\"grid-template-columns:30% auto\"><figure class=\"wp-block-media-text__media\" style=\"background-image:url(https:\/\/pos.uel.br\/patologiaexperimental\/wp-content\/uploads\/2022\/10\/Design-sem-nome-9-compressed-1024x536-2.webp);background-position:50% 51%\"><a href=\"https:\/\/operobal.uel.br\/pos-graduacao\/2022\/09\/13\/dezesseis-programas-de-pos-graduacao-da-uel-sobem-de-conceito-na-avaliacao-da-capes\/\"><img loading=\"lazy\" decoding=\"async\" width=\"1024\" height=\"536\" src=\"https:\/\/pos.uel.br\/patologiaexperimental\/wp-content\/uploads\/2022\/10\/Design-sem-nome-9-compressed-1024x536-2.webp\" alt=\"\" class=\"wp-image-548 size-full\" srcset=\"https:\/\/pos.uel.br\/patologiaexperimental\/wp-content\/uploads\/2022\/10\/Design-sem-nome-9-compressed-1024x536-2.webp 1024w, https:\/\/pos.uel.br\/patologiaexperimental\/wp-content\/uploads\/2022\/10\/Design-sem-nome-9-compressed-1024x536-2-300x157.webp 300w, https:\/\/pos.uel.br\/patologiaexperimental\/wp-content\/uploads\/2022\/10\/Design-sem-nome-9-compressed-1024x536-2-768x402.webp 768w\" sizes=\"auto, (max-width: 1024px) 100vw, 1024px\" \/><\/a><\/figure><div class=\"wp-block-media-text__content\">\n<h3 class=\"alignfull wp-block-heading\"><a href=\"https:\/\/operobal.uel.br\/pos-graduacao\/2022\/09\/13\/dezesseis-programas-de-pos-graduacao-da-uel-sobem-de-conceito-na-avaliacao-da-capes\/\" data-type=\"URL\" data-id=\"https:\/\/operobal.uel.br\/pos-graduacao\/2022\/09\/13\/dezesseis-programas-de-pos-graduacao-da-uel-sobem-de-conceito-na-avaliacao-da-capes\/\" target=\"_blank\" rel=\"noreferrer noopener\">Dezesseis programas de p\u00f3s-gradua\u00e7\u00e3o da UEL sobem de conceito na avalia\u00e7\u00e3o da Capes<\/a><\/h3>\n\n\n\n<p class=\"has-secondary-text-color has-text-color\">A Universidade passou a contar com 5 programas de p\u00f3s-gradua\u00e7\u00e3o considerados como cursos de excel\u00eancia, dois a mais em compara\u00e7\u00e3o com a avalia\u00e7\u00e3o anterior.<\/p>\n\n\n\n<div style=\"height:60px\" aria-hidden=\"true\" class=\"wp-block-spacer\"><\/div>\n\n\n\n<p class=\"has-medium-font-size\"><strong><a href=\"https:\/\/operobal.uel.br\/pos-graduacao\/2022\/09\/13\/dezesseis-programas-de-pos-graduacao-da-uel-sobem-de-conceito-na-avaliacao-da-capes\/\" data-type=\"URL\" data-id=\"https:\/\/operobal.uel.br\/pos-graduacao\/2022\/09\/13\/dezesseis-programas-de-pos-graduacao-da-uel-sobem-de-conceito-na-avaliacao-da-capes\/\" target=\"_blank\" rel=\"noreferrer noopener\">Fonte: O Perobal<\/a><\/strong><\/p>\n<\/div><\/div>\n<\/div>\n\n\n\n<div class=\"wp-block-uel-card\">\n<div class=\"wp-block-media-text alignwide is-stacked-on-mobile is-vertically-aligned-top is-image-fill\" style=\"grid-template-columns:30% auto\"><figure class=\"wp-block-media-text__media\" style=\"background-image:url(https:\/\/pos.uel.br\/patologiaexperimental\/wp-content\/uploads\/2022\/10\/finep-1-1536x1020-1.webp);background-position:60% 52%\"><a href=\"https:\/\/oparana.com.br\/noticia\/projeto-da-uel-que-trata-doencas-com-nanoparticulas-recebe-quase-r-2-milhoes-da-finep\/\"><img loading=\"lazy\" decoding=\"async\" width=\"1200\" height=\"800\" src=\"https:\/\/pos.uel.br\/patologiaexperimental\/wp-content\/uploads\/2022\/10\/finep-1-1536x1020-1.webp\" alt=\"\" class=\"wp-image-563 size-full\" srcset=\"https:\/\/pos.uel.br\/patologiaexperimental\/wp-content\/uploads\/2022\/10\/finep-1-1536x1020-1.webp 1200w, https:\/\/pos.uel.br\/patologiaexperimental\/wp-content\/uploads\/2022\/10\/finep-1-1536x1020-1-300x200.webp 300w, https:\/\/pos.uel.br\/patologiaexperimental\/wp-content\/uploads\/2022\/10\/finep-1-1536x1020-1-1024x683.webp 1024w, https:\/\/pos.uel.br\/patologiaexperimental\/wp-content\/uploads\/2022\/10\/finep-1-1536x1020-1-768x512.webp 768w\" sizes=\"auto, (max-width: 1200px) 100vw, 1200px\" \/><\/a><\/figure><div class=\"wp-block-media-text__content\">\n<h3 class=\"alignfull wp-block-heading\"><a href=\"https:\/\/oparana.com.br\/noticia\/projeto-da-uel-que-trata-doencas-com-nanoparticulas-recebe-quase-r-2-milhoes-da-finep\/\" target=\"_blank\" rel=\"noreferrer noopener\">Projeto da UEL que trata doen\u00e7as com nanopart\u00edculas recebe quase R$ 2 milh\u00f5es da Finep<\/a><\/h3>\n\n\n\n<p class=\"has-secondary-text-color has-text-color\">A verba ficar\u00e1 sob gest\u00e3o da Funda\u00e7\u00e3o de Apoio ao Desenvolvimento da UEL (Fauel), a institui\u00e7\u00e3o proponente do projeto.<\/p>\n\n\n\n<div style=\"height:60px\" aria-hidden=\"true\" class=\"wp-block-spacer\"><\/div>\n\n\n\n<p class=\"has-medium-font-size\"><strong><a href=\"https:\/\/oparana.com.br\/noticia\/projeto-da-uel-que-trata-doencas-com-nanoparticulas-recebe-quase-r-2-milhoes-da-finep\/\" data-type=\"URL\" data-id=\"https:\/\/oparana.com.br\/noticia\/projeto-da-uel-que-trata-doencas-com-nanoparticulas-recebe-quase-r-2-milhoes-da-finep\/\" target=\"_blank\" rel=\"noreferrer noopener\">Fonte: O Paran\u00e1<\/a><\/strong><\/p>\n<\/div><\/div>\n<\/div>\n\n\n\n<div class=\"wp-block-uel-card\">\n<div class=\"wp-block-media-text alignwide is-stacked-on-mobile is-vertically-aligned-top is-image-fill\" style=\"grid-template-columns:30% auto\"><figure class=\"wp-block-media-text__media\" style=\"background-image:url(https:\/\/pos.uel.br\/patologiaexperimental\/wp-content\/uploads\/2022\/10\/professores-uel.jpg);background-position:50% 50%\"><a href=\"https:\/\/cgn.inf.br\/noticia\/297238\/cinco-pesquisadores-da-uel-aparecem-entre-os-melhores-do-mundo\"><img loading=\"lazy\" decoding=\"async\" width=\"700\" height=\"394\" src=\"https:\/\/pos.uel.br\/patologiaexperimental\/wp-content\/uploads\/2022\/10\/professores-uel.jpg\" alt=\"\" class=\"wp-image-569 size-full\" srcset=\"https:\/\/pos.uel.br\/patologiaexperimental\/wp-content\/uploads\/2022\/10\/professores-uel.jpg 700w, https:\/\/pos.uel.br\/patologiaexperimental\/wp-content\/uploads\/2022\/10\/professores-uel-300x169.jpg 300w\" sizes=\"auto, (max-width: 700px) 100vw, 700px\" \/><\/a><\/figure><div class=\"wp-block-media-text__content\">\n<h3 class=\"alignfull wp-block-heading\"><a href=\"https:\/\/cgn.inf.br\/noticia\/297238\/cinco-pesquisadores-da-uel-aparecem-entre-os-melhores-do-mundo\" data-type=\"URL\" data-id=\"https:\/\/cgn.inf.br\/noticia\/297238\/cinco-pesquisadores-da-uel-aparecem-entre-os-melhores-do-mundo\" target=\"_blank\" rel=\"noreferrer noopener\">Cinco pesquisadores da UEL aparecem entre os melhores do mundo<\/a><\/h3>\n\n\n\n<p class=\"has-secondary-text-color has-text-color\">Ao longo desta reportagem, os pesquisadores falam sobre seus objetos de estudo e destacam o reconhecimento pela publica\u00e7\u00e3o internacional.<\/p>\n\n\n\n<div style=\"height:60px\" aria-hidden=\"true\" class=\"wp-block-spacer\"><\/div>\n\n\n\n<p class=\"has-medium-font-size\"><strong><a href=\"https:\/\/cgn.inf.br\/noticia\/297238\/cinco-pesquisadores-da-uel-aparecem-entre-os-melhores-do-mundo\" data-type=\"URL\" data-id=\"https:\/\/cgn.inf.br\/noticia\/297238\/cinco-pesquisadores-da-uel-aparecem-entre-os-melhores-do-mundo\" target=\"_blank\" rel=\"noreferrer noopener\">Fonte: CGN<\/a><\/strong><\/p>\n<\/div><\/div>\n<\/div>\n\n\n\n<div class=\"wp-block-uel-card\">\n<div class=\"wp-block-media-text alignwide is-stacked-on-mobile is-vertically-aligned-top is-image-fill\" style=\"grid-template-columns:30% auto\"><figure class=\"wp-block-media-text__media\" style=\"background-image:url(https:\/\/pos.uel.br\/patologiaexperimental\/wp-content\/uploads\/2022\/10\/20191204_AGB_Premio_CienciaTec-64-1024x683-1.jpg);background-position:50% 50%\"><a href=\"https:\/\/paranashop.com.br\/2019\/12\/seti-entrega-32o-premio-de-ciencia-e-tecnologia\/\"><img loading=\"lazy\" decoding=\"async\" width=\"1024\" height=\"683\" src=\"https:\/\/pos.uel.br\/patologiaexperimental\/wp-content\/uploads\/2022\/10\/20191204_AGB_Premio_CienciaTec-64-1024x683-1.jpg\" alt=\"\" class=\"wp-image-571 size-full\" srcset=\"https:\/\/pos.uel.br\/patologiaexperimental\/wp-content\/uploads\/2022\/10\/20191204_AGB_Premio_CienciaTec-64-1024x683-1.jpg 1024w, https:\/\/pos.uel.br\/patologiaexperimental\/wp-content\/uploads\/2022\/10\/20191204_AGB_Premio_CienciaTec-64-1024x683-1-300x200.jpg 300w, https:\/\/pos.uel.br\/patologiaexperimental\/wp-content\/uploads\/2022\/10\/20191204_AGB_Premio_CienciaTec-64-1024x683-1-768x512.jpg 768w\" sizes=\"auto, (max-width: 1024px) 100vw, 1024px\" \/><\/a><\/figure><div class=\"wp-block-media-text__content\">\n<h3 class=\"alignfull wp-block-heading\"><a href=\"https:\/\/paranashop.com.br\/2019\/12\/seti-entrega-32o-premio-de-ciencia-e-tecnologia\/\" data-type=\"URL\" data-id=\"https:\/\/paranashop.com.br\/2019\/12\/seti-entrega-32o-premio-de-ciencia-e-tecnologia\/\" target=\"_blank\" rel=\"noreferrer noopener\">Seti entrega 32\u00ba Pr\u00eamio de Ci\u00eancia e Tecnologia<\/a><\/h3>\n\n\n\n<p class=\"has-secondary-text-color has-text-color\">O superintendente Aldo Nelson Bona destacou a import\u00e2ncia do pr\u00eamio que tem como objetivo reconhecer o trabalho desenvolvido por pesquisadores, estudantes, inventores e jornalistas na busca por solu\u00e7\u00f5es inovadoras para as demandas sociais.<\/p>\n\n\n\n<div style=\"height:60px\" aria-hidden=\"true\" class=\"wp-block-spacer\"><\/div>\n\n\n\n<p class=\"has-medium-font-size\"><strong><a href=\"https:\/\/paranashop.com.br\/2019\/12\/seti-entrega-32o-premio-de-ciencia-e-tecnologia\/\" data-type=\"URL\" data-id=\"https:\/\/paranashop.com.br\/2019\/12\/seti-entrega-32o-premio-de-ciencia-e-tecnologia\/\" target=\"_blank\" rel=\"noreferrer noopener\">Fonte: Paranashop<\/a><\/strong><\/p>\n<\/div><\/div>\n<\/div>\n\n\n\n<div class=\"wp-block-uel-card\">\n<div class=\"wp-block-media-text alignwide is-stacked-on-mobile is-vertically-aligned-top is-image-fill\" style=\"grid-template-columns:30% auto\"><figure class=\"wp-block-media-text__media\" style=\"background-image:url(https:\/\/pos.uel.br\/patologiaexperimental\/wp-content\/uploads\/2022\/10\/img_3320-1024x680.webp);background-position:44% 48%\"><a href=\"https:\/\/www.folhadelondrina.com.br\/saude\/alimentacao-e-sono-podem-afetar-fertilidade-masculina-1015296.html\"><img loading=\"lazy\" decoding=\"async\" width=\"1024\" height=\"680\" src=\"https:\/\/pos.uel.br\/patologiaexperimental\/wp-content\/uploads\/2022\/10\/img_3320-1024x680.webp\" alt=\"\" class=\"wp-image-573 size-full\" srcset=\"https:\/\/pos.uel.br\/patologiaexperimental\/wp-content\/uploads\/2022\/10\/img_3320-1024x680.webp 1024w, https:\/\/pos.uel.br\/patologiaexperimental\/wp-content\/uploads\/2022\/10\/img_3320-300x199.webp 300w, https:\/\/pos.uel.br\/patologiaexperimental\/wp-content\/uploads\/2022\/10\/img_3320-768x510.webp 768w, https:\/\/pos.uel.br\/patologiaexperimental\/wp-content\/uploads\/2022\/10\/img_3320-1536x1019.webp 1536w, https:\/\/pos.uel.br\/patologiaexperimental\/wp-content\/uploads\/2022\/10\/img_3320.webp 1808w\" sizes=\"auto, (max-width: 1024px) 100vw, 1024px\" \/><\/a><\/figure><div class=\"wp-block-media-text__content\">\n<h3 class=\"alignfull wp-block-heading\"><strong><a href=\"https:\/\/www.folhadelondrina.com.br\/saude\/alimentacao-e-sono-podem-afetar-fertilidade-masculina-1015296.html\" data-type=\"URL\" data-id=\"https:\/\/www.folhadelondrina.com.br\/saude\/alimentacao-e-sono-podem-afetar-fertilidade-masculina-1015296.html\" target=\"_blank\" rel=\"noreferrer noopener\">Alimenta\u00e7\u00e3o e sono podem afetar a fertilidade masculina<\/a><\/strong><\/h3>\n\n\n\n<p class=\"has-secondary-text-color has-text-color\">Os estudos avaliam diversos elementos que podem, em um m\u00e9dio ou longo prazo, gerar danos \u00e0 fertilidade masculina. As linhas de pesquisa envolvem desde a toxicologia, como o consumo de agrot\u00f3xicos por alimentos at\u00e9 comportamental, como a priva\u00e7\u00e3o do sono, consumo de \u00e1lcool, entre outros.<\/p>\n\n\n\n<div style=\"height:60px\" aria-hidden=\"true\" class=\"wp-block-spacer\"><\/div>\n\n\n\n<p class=\"has-medium-font-size\"><strong><a rel=\"noreferrer noopener\" href=\"https:\/\/www.folhadelondrina.com.br\/saude\/alimentacao-e-sono-podem-afetar-fertilidade-masculina-1015296.html\" data-type=\"URL\" data-id=\"https:\/\/www.folhadelondrina.com.br\/saude\/alimentacao-e-sono-podem-afetar-fertilidade-masculina-1015296.html\" target=\"_blank\">Fonte: <\/a><a rel=\"noreferrer noopener\" href=\"https:\/\/www.folhadelondrina.com.br\/saude\/alimentacao-e-sono-podem-afetar-fertilidade-masculina-1015296.html\" data-type=\"URL\" data-id=\"https:\/\/www.folhadelondrina.com.br\/saude\/alimentacao-e-sono-podem-afetar-fertilidade-masculina-1015296.html\" target=\"_blank\">F<\/a><a rel=\"noreferrer noopener\" href=\"https:\/\/www.folhadelondrina.com.br\/saude\/alimentacao-e-sono-podem-afetar-fertilidade-masculina-1015296.html\" data-type=\"URL\" data-id=\"https:\/\/www.folhadelondrina.com.br\/saude\/alimentacao-e-sono-podem-afetar-fertilidade-masculina-1015296.html\" target=\"_blank\">o<\/a><a rel=\"noreferrer noopener\" href=\"https:\/\/www.folhadelondrina.com.br\/saude\/alimentacao-e-sono-podem-afetar-fertilidade-masculina-1015296.html\" data-type=\"URL\" data-id=\"https:\/\/www.folhadelondrina.com.br\/saude\/alimentacao-e-sono-podem-afetar-fertilidade-masculina-1015296.html\" target=\"_blank\">l<\/a><a rel=\"noreferrer noopener\" href=\"https:\/\/www.folhadelondrina.com.br\/saude\/alimentacao-e-sono-podem-afetar-fertilidade-masculina-1015296.html\" data-type=\"URL\" data-id=\"https:\/\/www.folhadelondrina.com.br\/saude\/alimentacao-e-sono-podem-afetar-fertilidade-masculina-1015296.html\" target=\"_blank\">h<\/a><a rel=\"noreferrer noopener\" href=\"https:\/\/www.folhadelondrina.com.br\/saude\/alimentacao-e-sono-podem-afetar-fertilidade-masculina-1015296.html\" data-type=\"URL\" data-id=\"https:\/\/www.folhadelondrina.com.br\/saude\/alimentacao-e-sono-podem-afetar-fertilidade-masculina-1015296.html\" target=\"_blank\">a<\/a><a rel=\"noreferrer noopener\" href=\"https:\/\/www.folhadelondrina.com.br\/saude\/alimentacao-e-sono-podem-afetar-fertilidade-masculina-1015296.html\" data-type=\"URL\" data-id=\"https:\/\/www.folhadelondrina.com.br\/saude\/alimentacao-e-sono-podem-afetar-fertilidade-masculina-1015296.html\" target=\"_blank\"> <\/a><a rel=\"noreferrer noopener\" href=\"https:\/\/www.folhadelondrina.com.br\/saude\/alimentacao-e-sono-podem-afetar-fertilidade-masculina-1015296.html\" data-type=\"URL\" data-id=\"https:\/\/www.folhadelondrina.com.br\/saude\/alimentacao-e-sono-podem-afetar-fertilidade-masculina-1015296.html\" target=\"_blank\">d<\/a><a rel=\"noreferrer noopener\" href=\"https:\/\/www.folhadelondrina.com.br\/saude\/alimentacao-e-sono-podem-afetar-fertilidade-masculina-1015296.html\" data-type=\"URL\" data-id=\"https:\/\/www.folhadelondrina.com.br\/saude\/alimentacao-e-sono-podem-afetar-fertilidade-masculina-1015296.html\" target=\"_blank\">e<\/a><a rel=\"noreferrer noopener\" href=\"https:\/\/www.folhadelondrina.com.br\/saude\/alimentacao-e-sono-podem-afetar-fertilidade-masculina-1015296.html\" data-type=\"URL\" data-id=\"https:\/\/www.folhadelondrina.com.br\/saude\/alimentacao-e-sono-podem-afetar-fertilidade-masculina-1015296.html\" target=\"_blank\"> <\/a><a rel=\"noreferrer noopener\" href=\"https:\/\/www.folhadelondrina.com.br\/saude\/alimentacao-e-sono-podem-afetar-fertilidade-masculina-1015296.html\" data-type=\"URL\" data-id=\"https:\/\/www.folhadelondrina.com.br\/saude\/alimentacao-e-sono-podem-afetar-fertilidade-masculina-1015296.html\" target=\"_blank\">L<\/a><a rel=\"noreferrer noopener\" href=\"https:\/\/www.folhadelondrina.com.br\/saude\/alimentacao-e-sono-podem-afetar-fertilidade-masculina-1015296.html\" data-type=\"URL\" data-id=\"https:\/\/www.folhadelondrina.com.br\/saude\/alimentacao-e-sono-podem-afetar-fertilidade-masculina-1015296.html\" target=\"_blank\">o<\/a><a rel=\"noreferrer noopener\" href=\"https:\/\/www.folhadelondrina.com.br\/saude\/alimentacao-e-sono-podem-afetar-fertilidade-masculina-1015296.html\" data-type=\"URL\" data-id=\"https:\/\/www.folhadelondrina.com.br\/saude\/alimentacao-e-sono-podem-afetar-fertilidade-masculina-1015296.html\" target=\"_blank\">n<\/a><a rel=\"noreferrer noopener\" href=\"https:\/\/www.folhadelondrina.com.br\/saude\/alimentacao-e-sono-podem-afetar-fertilidade-masculina-1015296.html\" data-type=\"URL\" data-id=\"https:\/\/www.folhadelondrina.com.br\/saude\/alimentacao-e-sono-podem-afetar-fertilidade-masculina-1015296.html\" target=\"_blank\">d<\/a><a rel=\"noreferrer noopener\" href=\"https:\/\/www.folhadelondrina.com.br\/saude\/alimentacao-e-sono-podem-afetar-fertilidade-masculina-1015296.html\" data-type=\"URL\" data-id=\"https:\/\/www.folhadelondrina.com.br\/saude\/alimentacao-e-sono-podem-afetar-fertilidade-masculina-1015296.html\" target=\"_blank\">r<\/a><a rel=\"noreferrer noopener\" href=\"https:\/\/www.folhadelondrina.com.br\/saude\/alimentacao-e-sono-podem-afetar-fertilidade-masculina-1015296.html\" data-type=\"URL\" data-id=\"https:\/\/www.folhadelondrina.com.br\/saude\/alimentacao-e-sono-podem-afetar-fertilidade-masculina-1015296.html\" target=\"_blank\">i<\/a><a rel=\"noreferrer noopener\" href=\"https:\/\/www.folhadelondrina.com.br\/saude\/alimentacao-e-sono-podem-afetar-fertilidade-masculina-1015296.html\" data-type=\"URL\" data-id=\"https:\/\/www.folhadelondrina.com.br\/saude\/alimentacao-e-sono-podem-afetar-fertilidade-masculina-1015296.html\" target=\"_blank\">n<\/a><a href=\"https:\/\/www.folhadelondrina.com.br\/saude\/alimentacao-e-sono-podem-afetar-fertilidade-masculina-1015296.html\" data-type=\"URL\" data-id=\"https:\/\/www.folhadelondrina.com.br\/saude\/alimentacao-e-sono-podem-afetar-fertilidade-masculina-1015296.html\" target=\"_blank\" rel=\"noreferrer noopener\">a<\/a><\/strong><\/p>\n<\/div><\/div>\n<\/div>\n\n\n\n<div class=\"wp-block-uel-card\">\n<h3 class=\"wp-block-heading\">Pr\u00eamio Capes &#8211; Edi\u00e7\u00e3o 2017<\/h3>\n\n\n\n<p><strong>Funda\u00e7\u00e3o Coordena\u00e7\u00e3o de Aperfei\u00e7oamento de Pessoal de N\u00edvel Superior<\/strong><strong><\/strong><\/p>\n\n\n\n<p id=\"yui_3_16_0_ym19_1_1507633874812_132463\"><em>Coordena\u00e7\u00e3o Executiva dos \u00d3rg\u00e3os Colegiados<\/em><\/p>\n\n\n\n<p>Bras\u00edlia, 10 de outubro de 2017.<\/p>\n\n\n\n<p id=\"yui_3_16_0_ym19_1_1507633874812_132459\">&nbsp;<\/p>\n\n\n\n<p id=\"yui_3_16_0_ym19_1_1507633874812_132457\">\u00c9 com grande honra e satisfa\u00e7\u00e3o que a Coordena\u00e7\u00e3o de Aperfei\u00e7oamento de Pessoal de N\u00edvel Superior (CAPES) outorga a&nbsp;FELIPE ALMEIDA DE PINHO RIBEIRO, o Pr\u00eamio CAPES de Tese 2017 da \u00e1rea de&nbsp;MEDICINA II&nbsp;pela tese&nbsp;\u201cNARINGENINA REDUZ INFLAMA\u00c7\u00c3O E DOR: efeito sobre o fator Nuclear KAPPA B e via analg\u00e9sica do \u00d3xido N\u00edtrico\u201d, defendida no de 2016, sob a orienta\u00e7\u00e3o de Waldiceu Aparecido Verri J\u00fanior, do Programa de P\u00f3s-Gradua\u00e7\u00e3o em Patologia Experimental da UEL.<\/p>\n\n\n\n<p>Sua contribui\u00e7\u00e3o certamente ser\u00e1 de extrema valia para o desenvolvimento e aprimoramento da \u00e1rea, bem como para o avan\u00e7o da p\u00f3s-gradua\u00e7\u00e3o e do conhecimento cient\u00edfico de qualidade no Brasil.<\/p>\n\n\n\n<p id=\"yui_3_16_0_ym19_1_1507633874812_132474\">O resultado foi publicado no Di\u00e1rio Oficial da Uni\u00e3o de 10 de outubro de 2017, se\u00e7\u00e3o 1, p\u00e1ginas 09 a 14, Portaria n\u00b0 199, de 06 de outubro de 2017,&nbsp;O Pr\u00eamio constitui-se de certificado, medalha e bolsa de p\u00f3s-doutorado, conforme especificado no Edital n\u00ba 18\/2017, publicado no DOU de 17\/05\/2017. Dispon\u00edvel no link:&nbsp;<a href=\"http:\/\/capes.gov.br\/CECOL\/PortariaOutorgaPCT2017.pdf\" target=\"_blank\" rel=\"noreferrer noopener\">http:\/\/capes.gov.br\/CECOL\/ PortariaOutorgaPCT2017.pdf<\/a>.&nbsp;<\/p>\n\n\n\n<p id=\"yui_3_16_0_ym19_1_1507633874812_132483\">Solicita-se aos&nbsp;Autores Premiados&nbsp;que encaminhem&nbsp;imediatamente&nbsp;\u00e0 CAPES mini resumo da tese (m\u00e1ximo 500 caracteres) e uma foto em alta resolu\u00e7\u00e3o (300DPI).<\/p>\n\n\n\n<p>A cerim\u00f4nia de entrega dos pr\u00eamios acontecer\u00e1 em Bras\u00edlia, no dia 07 de dezembro de 2017, no Centro Internacional de Conven\u00e7\u00f5es do Brasil &#8211; CICB, \u00e0s 17 horas. Conforme Edital n\u00ba 18\/2017, a CAPES arcar\u00e1 com as despesas de passagens e di\u00e1rias para o autor e o orientador.&nbsp;<\/p>\n\n\n\n<p>Esclarecemos, ainda, que sua tese est\u00e1 concorrendo, automaticamente, ao Grande Pr\u00eamio CAPES de Tese, que ser\u00e1 outorgado para a melhor tese selecionada entre as vencedoras do Pr\u00eamio CAPES de Tese, agrupadas em tr\u00eas grupos de grandes \u00e1reas:<\/p>\n\n\n\n<p>I &#8211; Ci\u00eancias Biol\u00f3gicas, Ci\u00eancias da Sa\u00fade, Ci\u00eancias Agr\u00e1rias e Interdisciplinar, denominado \u201cGrande Pr\u00eamio CAPES de Tese Vital Brazil&#8221;;<\/p>\n\n\n\n<p>II \u2013 Engenharias, Ci\u00eancias Exatas e da Terra e Multidisciplinar (Materiais, Biotecnologia), denominado \u201cGrande Pr\u00eamio CAPES de Tese Casimiro Montenegro Filho\u201d;<\/p>\n\n\n\n<p>III &#8211; Ci\u00eancias Humanas, Lingu\u00edstica, Letras, Artes,Ci\u00eancias Sociais Aplicadas e Multidisciplinar (Ensino e Ci\u00eancias Ambientais), denominado \u201cGrande Pr\u00eamio CAPES de Tese Aur\u00e9lio Buarque de Holanda\u201d;&nbsp;<\/p>\n<\/div>\n","protected":false},"excerpt":{"rendered":"","protected":false},"author":7,"featured_media":0,"parent":0,"menu_order":0,"comment_status":"closed","ping_status":"closed","template":"","meta":{"footnotes":""},"class_list":["post-69","page","type-page","status-publish","hentry"],"_links":{"self":[{"href":"https:\/\/pos.uel.br\/patologiaexperimental\/wp-json\/wp\/v2\/pages\/69","targetHints":{"allow":["GET"]}}],"collection":[{"href":"https:\/\/pos.uel.br\/patologiaexperimental\/wp-json\/wp\/v2\/pages"}],"about":[{"href":"https:\/\/pos.uel.br\/patologiaexperimental\/wp-json\/wp\/v2\/types\/page"}],"author":[{"embeddable":true,"href":"https:\/\/pos.uel.br\/patologiaexperimental\/wp-json\/wp\/v2\/users\/7"}],"replies":[{"embeddable":true,"href":"https:\/\/pos.uel.br\/patologiaexperimental\/wp-json\/wp\/v2\/comments?post=69"}],"version-history":[{"count":29,"href":"https:\/\/pos.uel.br\/patologiaexperimental\/wp-json\/wp\/v2\/pages\/69\/revisions"}],"predecessor-version":[{"id":576,"href":"https:\/\/pos.uel.br\/patologiaexperimental\/wp-json\/wp\/v2\/pages\/69\/revisions\/576"}],"wp:attachment":[{"href":"https:\/\/pos.uel.br\/patologiaexperimental\/wp-json\/wp\/v2\/media?parent=69"}],"curies":[{"name":"wp","href":"https:\/\/api.w.org\/{rel}","templated":true}]}}