{"id":62,"date":"2021-05-07T09:11:27","date_gmt":"2021-05-07T12:11:27","guid":{"rendered":"https:\/\/pos.uel.br\/patologiaexperimental\/?page_id=62"},"modified":"2023-01-25T12:29:37","modified_gmt":"2023-01-25T15:29:37","slug":"grupos-de-pesquisa","status":"publish","type":"page","link":"https:\/\/pos.uel.br\/patologiaexperimental\/grupos-de-pesquisa\/","title":{"rendered":"Grupos de pesquisa"},"content":{"rendered":"\n<h2 class=\"is-style-highlighted-heading wp-block-heading\">Laborat\u00f3rio de Patologia Molecular e Laborat\u00f3rio de Fisiopatologia e Radicais Livres<\/h2>\n\n\n\n<p class=\"has-medium-font-size\"><strong>Respons\u00e1veis<\/strong><\/p>\n\n\n\n<p class=\"has-medium-font-size\"><strong>Profa. Dra. Alessandra Louren\u00e7o Cecchini Armani<\/strong><\/p>\n\n\n\n<p class=\"has-medium-font-size\"><strong>Prof. Dr. Rubens Cecchini \u2013 Pesquisador S\u00eanior<\/strong><\/p>\n\n\n\n<p class=\"has-medium-font-size\"><strong>Prof. Dr. Rodrigo Cabral Luiz<\/strong><\/p>\n\n\n\n<p>e-mail contato: alececchini@uel.br<\/p>\n\n\n\n<p>e-mail contato: rc.luiz@uel.br<\/p>\n\n\n\n<p>Universidade Estadual de Londrina<\/p>\n\n\n\n<p>Centro de Ci\u00eancias Biol\u00f3gicas<\/p>\n\n\n\n<p>Departamento de Ci\u00eancias Patol\u00f3gicas<\/p>\n\n\n\n<p class=\"has-medium-font-size\"><strong>Forma\u00e7\u00e3o<\/strong><\/p>\n\n\n\n<p>Profa. Alessandra L. C. Armani: Mestre em Bioqu\u00edmica e Doutora em Ci\u00eancias Farmac\u00eauticas pela Universidade de S\u00e3o Paulo\/Campus Ribeir\u00e3o Preto. P\u00f3s-Doutorado na Tufts University, School of Medicine em Boston &#8211; EUA, trabalhando com a valida\u00e7\u00e3o de um pr\u00f3-f\u00e1rmaco inibidor de pan-AKT ativado por prote\u00edna ativadora de fibroblasto (FAP) para tratamento direcionado do melanoma BRAFV600E.<\/p>\n\n\n\n<p>Prof. Rubens Cecchini: Mestre e Doutor em Ci\u00eancias Biol\u00f3gicas (Bioqu\u00edmica) pela Universidade de S\u00e3o Paulo \/Campus Ribeir\u00e3o Preto. P\u00f3s-doutorado em Radicais Livres em Medicina no King\u00b4s College de Londres.<\/p>\n\n\n\n<p>Prof. Rodrigo C. Luiz: Mestre em Gen\u00e9tica e Biologia Molecular pela Universidade Estadual de Londrina, e Doutorado em Ci\u00eancias Biol\u00f3gicas (Gen\u00e9tica) pela UNESP\/Botucatu.<\/p>\n\n\n\n<p class=\"has-medium-font-size\"><strong>Linha de pesquisa<\/strong><\/p>\n\n\n\n<p>Fisiopatologia de Doen\u00e7as e Les\u00f5es Celulares Mediada por Estresse Oxidativo<\/p>\n\n\n\n<p class=\"has-medium-font-size\"><strong>Sinopse<\/strong><\/p>\n\n\n\n<p>O Laborat\u00f3rio de Patologia Molecular tem foco em suas pesquisas na cultura de c\u00e9lulas de c\u00e2ncer, para o estudo dos mecanismos de sinaliza\u00e7\u00e3o redox na prolifera\u00e7\u00e3o, met\u00e1stase e morte celular frente aos tratamentos farmacol\u00f3gicos propostos. Atualmente, trabalhamos com c\u00e9lulas de melanoma murino, de&nbsp; c\u00e2ncer de tire\u00f3ide humano, cultura prim\u00e1ria de tumor de tire\u00f3ide e cultura prim\u00e1ria de paratire\u00f3ide. O Laborat\u00f3rio de Fisiopatologia e Radicais Livres tem como cerne o estudo dos fen\u00f4menos celulares ocorridos nas doen\u00e7as, tendo como modelo <em>in vivo<\/em>: melanoma subcut\u00e2neo, melanoma metast\u00e1tico, c\u00e2ncer de pele espinocelular, fotoenvelhecimento cut\u00e2neo, tumor de Ehrlich e tireotoxicose. O estudo das doen\u00e7as in vivo agrega conhecimento na triagem de f\u00e1rmacos para o tratamento das mesmas. Os laborat\u00f3rios tamb\u00e9m realizam o estudo da COVID-19 a partir de 2020, para entendermos melhor a patog\u00eanese desta doen\u00e7a. Assim, trabalhamos com pesquisa translacional atrav\u00e9s de projetos&nbsp; de pesquisa aprovados&nbsp; pelo Comit\u00ea de \u00c9tica&nbsp; em Pesquisa com seres humanos da Universidade Estadual de Londrina, onde investigamos as doen\u00e7as nos participantes das pesquisas. Projetos de c\u00e2ncer&nbsp; de&nbsp; mama, c\u00e2ncer de cabe\u00e7a e pesco\u00e7o, c\u00e2ncer de&nbsp; tire\u00f3ide s\u00e3o alguns&nbsp; dos projetos relacionados ao&nbsp; c\u00e2ncer. Pacientes com COVID-19 (finalizando) e pacientes com sepsis (iniciando) tamb\u00e9m&nbsp; s\u00e3o sujeitos de nossas&nbsp; pesquisas.<\/p>\n\n\n\n<p>Possu\u00edmos colabora\u00e7\u00e3o internacional com o ZIK plasmatis, Leibniz Institute for Plasma Science and Technology (INP), Greifswald, Alemanha, na pessoa do Dr. Sander Bekeschus.<\/p>\n\n\n\n<p class=\"has-medium-font-size\"><strong>Equipe<\/strong><\/p>\n\n\n\n<p>Alanna Huck Farias \u2013 Mestranda<\/p>\n\n\n\n<p>Michele Sanches Carrijo \u2013 Mestranda<\/p>\n\n\n\n<p>William Capelari Fumegali \u2013 Mestrando<\/p>\n\n\n\n<p>J\u00f4se de Melo \u2013 Mestranda<\/p>\n\n\n\n<p>Ms. Walison da Silva Brito \u2013 Doutorando<\/p>\n\n\n\n<p>Ms. Thiago Daniel do Nascimento \u2013 Doutorando<\/p>\n\n\n\n<p>Ms. Isabela Chagas Silva \u2013 Doutoranda<\/p>\n\n\n\n<p>Ms. Luca Kiichi Suzuki Trancolin \u2013 Doutorando<\/p>\n\n\n\n<p>Ms. Liara Freitas Cavalcanti &#8211; Doutoranda<\/p>\n\n\n\n<p class=\"has-medium-font-size\"><strong>Publica\u00e7\u00f5es<\/strong><\/p>\n\n\n\n<p>1. Nat\u00e1lia Medeiros Dias Lopes, Hannah Hamada Mendon\u00e7a Lens, Walison Augusto da Silva Brito, Julya Karen Bianchi, Poliana Camila Marinello, Rubens Cecchini, Andr\u00e9 Armani, Alessandra Louren\u00e7o Cecchini. Role of papillary thyroid carcinoma patients with Hashimoto thyroiditis: evaluation of oxidative stress and inflammatory markers. <em>Clin Transl Oncol<\/em> .2022 doi: 10.1007\/s12094-022-02891-y.<\/p>\n\n\n\n<p>2. Gabriella Pasqual-Melo, Sara S. Bernardes, Fernando P. Souza-Neto, Iriana M. Carrara, Leandra N.Z. Ramalho, Poliana C. Marinello, Rodrigo C. Luiz, Rubens Cecchini, Sander Bekeschus, Alessandra L. Cecchini.&nbsp; The progression of metastatic melanoma augments a pro-oxidative milieu locally but not systemically. <em>Pathology Research and Practice<\/em>. <a href=\"https:\/\/www.sciencedirect.com\/journal\/pathology-research-and-practice\/vol\/216\/issue\/11\">Volume 216, Issue 11<\/a>, 2020. doi:10.1016\/j.prp.2020.153218 R.<\/p>\n\n\n\n<p>3. Gabriella Pasqual-Melo, Thiago Nascimento, Larissa Juliani Sanches, Fernanda Paschoal Blegniski, Julya Karen Bianchi, Sanjeev Kumar Sagwal, Julia Berner, Anke Schmidt, Steffen Emmert, Klaus-Dieter Weltmann, Thomas von Woedtke, Rajesh Kumar Gandhirajan, Alessandra Louren\u00e7o Cecchini and Sander Bekeschus. Plasma Treatment Limits Cutaneous Squamous Cell Carcinoma Development In Vitro and In Vivo. <em>Cancers<\/em> 2020. doi:10.3390\/cancers12071993.<\/p>\n\n\n\n<p>4. Poliana Camila Marinello, Carolina Panis, Thamara Nishida Xavier Silva, Renata Binato, Eliana Abdelhay, Juliana Alves Rodrigues, Andr\u00e9 Luiz Mencalha, Nat\u00e1lia Medeiros Dias Lopes, Rodrigo Cabral Luiz, Rubens Cecchini &amp; Alessandra Louren\u00e7o Cecchini. <em>Scientific Reports<\/em> 9:5864, 2020 doi: 10.1038\/s41598-019-42357-w<\/p>\n\n\n\n<p class=\"has-medium-font-size\"><\/p>\n\n\n\n<figure class=\"wp-block-image size-full is-resized is-style-default\"><img loading=\"lazy\" decoding=\"async\" src=\"https:\/\/pos.uel.br\/patologiaexperimental\/wp-content\/uploads\/2022\/10\/img-pato-molecular-scaled.jpg\" alt=\"\" class=\"wp-image-588\" width=\"895\" height=\"540\" srcset=\"https:\/\/pos.uel.br\/patologiaexperimental\/wp-content\/uploads\/2022\/10\/img-pato-molecular-300x181.jpg 300w, https:\/\/pos.uel.br\/patologiaexperimental\/wp-content\/uploads\/2022\/10\/img-pato-molecular-1024x619.jpg 1024w, https:\/\/pos.uel.br\/patologiaexperimental\/wp-content\/uploads\/2022\/10\/img-pato-molecular-1536x929.jpg 1536w, https:\/\/pos.uel.br\/patologiaexperimental\/wp-content\/uploads\/2022\/10\/img-pato-molecular-2048x1239.jpg 2048w\" sizes=\"auto, (max-width: 895px) 100vw, 895px\" \/><\/figure>\n\n\n\n<hr class=\"wp-block-separator has-text-color has-site-background-color has-alpha-channel-opacity has-site-background-background-color has-background is-style-wide\"\/>\n\n\n\n<h2 class=\"is-style-highlighted-heading wp-block-heading\">Laborat\u00f3rio de Pesquisa em Imunologia Aplicada<\/h2>\n\n\n\n<p>e-mail: deianame@uel.br<\/p>\n\n\n\n<p>Universidade Estadual de Londrina<\/p>\n\n\n\n<p>Centro de Ci\u00eancias da Sa\u00fade (CCS)<\/p>\n\n\n\n<p>Departamento de Patologia, An\u00e1lises Cl\u00ednicas e Toxicol\u00f3gicas (PAC)<\/p>\n\n\n\n<p>Professora da \u00c1rea de Imunologia Cl\u00ednica e Diagn\u00f3stico Molecular na Universidade Estadual de Londrina desde 2006.<\/p>\n\n\n\n<p class=\"has-medium-font-size\"><strong>Forma\u00e7\u00e3o<\/strong><\/p>\n\n\n\n<p>Especialista em An\u00e1lises Cl\u00ednicas pela UEL, Mestre em Patologia Experimental pela UEL e doutora em Medicina e Ci\u00eancias da Sa\u00fade pela UEL.<\/p>\n\n\n\n<p class=\"has-medium-font-size\"><strong>Linha de pesquisa<\/strong><\/p>\n\n\n\n<p>Imunologia Cl\u00ednica e Diagn\u00f3stico Molecular.<\/p>\n\n\n\n<p class=\"has-medium-font-size\"><strong>Sinopse<\/strong><\/p>\n\n\n\n<p>O nosso grupo de pesquisa e p\u00f3s-gradua\u00e7\u00e3o tem proposto e participado de v\u00e1rios projetos de pesquisa cl\u00ednica e publicado diversos artigos cient\u00edficos na \u00e1rea de doen\u00e7as autoimunes, infecciosas e c\u00e2ncer.&nbsp; Nossos estudos t\u00eam como principal objetivo identificar biomarcadores gen\u00e9ticos, inflamat\u00f3rios e de estresse oxidativo que possam ser utilizados na predi\u00e7\u00e3o do diagn\u00f3stico, progn\u00f3stico e tratamento destas doen\u00e7as.<\/p>\n\n\n\n<p class=\"has-medium-font-size\"><strong>Equipe<\/strong><\/p>\n\n\n\n<p>Andr\u00e9a Name Colado Sim\u00e3o (professora)<\/p>\n\n\n\n<p>Edna Maria Vissoci Reiche (professora s\u00eanior &#8211; UEL)<\/p>\n\n\n\n<p>Marcell Alysson Batisti Lozovoy (professor \u2013 UEL)<\/p>\n\n\n\n<p>Camila de Alc\u00e2ntara Cataldi (doutoranda)<\/p>\n\n\n\n<p class=\"has-medium-font-size\"><strong>Publica\u00e7\u00f5es<\/strong><\/p>\n\n\n\n<p>1 &#8211; In COVID-19, NLRP3 inflammasome genetic variants are associated with critical disease and these effects are partly mediated by the sickness symptom complex: a nomothetic network approach. MOLECULAR PSYCHIATRY. , v.1, p.1 &#8211; 12, 2022.<\/p>\n\n\n\n<p>2 &#8211; Beneficial effects of a mouthwash containing an antiviral phthalocyanine derivative on the length of hospital stay for COVID-19: randomised trial. Scientific Reports. , v.11, p.1 &#8211; , 2021<\/p>\n\n\n\n<p>3 &#8211; Haplotypes of FOXP3 genetic variants are associated with susceptibility, autoantibodies, and TGF-B 1 in patients with systemic lupus erythematosus. Scientific Reports.<\/p>\n\n\n\n<p>4 &#8211; IL6 genetic variants haplotype is associated with susceptibility and disease activity but not with therapy response in patients with inflammatory bowel disease. INTERNATIONAL JOURNAL OF COLORECTAL DISEASE. , v.36, p.383 &#8211; 393, 2021.<\/p>\n\n\n\n<p>5 &#8211; Mixture of Probiotic Reduces Inflammatory Biomarkers and Improves the Oxidative\/Nitrosative Profile in Patients with Rheumatoid Arthritis. NUTRITION,&nbsp; v.1, p.111282 &#8211; , 2021.<\/p>\n\n\n\n<p>6 &#8211; TGFB1 (rs1800470 and rs1800469) variants are independently associated with disease activity and autoantibodies in rheumatoid arthritis patients. CLINICAL AND EXPERIMENTAL MEDICINE. , v.22, p.3 &#8211; 45, 2021.<\/p>\n\n\n\n<figure class=\"wp-block-image size-full is-resized\"><img loading=\"lazy\" decoding=\"async\" src=\"https:\/\/pos.uel.br\/patologiaexperimental\/wp-content\/uploads\/2022\/10\/img-imuno-aplicada.jpg\" alt=\"\" class=\"wp-image-590\" width=\"300\" height=\"300\" srcset=\"https:\/\/pos.uel.br\/patologiaexperimental\/wp-content\/uploads\/2022\/10\/img-imuno-aplicada.jpg 300w, https:\/\/pos.uel.br\/patologiaexperimental\/wp-content\/uploads\/2022\/10\/img-imuno-aplicada-150x150.jpg 150w\" sizes=\"auto, (max-width: 300px) 100vw, 300px\" \/><\/figure>\n\n\n\n<hr class=\"wp-block-separator has-text-color has-site-background-color has-alpha-channel-opacity has-site-background-background-color has-background is-style-wide\"\/>\n\n\n\n<h2 class=\"is-style-highlighted-heading wp-block-heading\">Laborat\u00f3rio de Biologia de Tumores<\/h2>\n\n\n\n<p class=\"has-medium-font-size\"><strong>Respons\u00e1vel<\/strong><\/p>\n\n\n\n<p class=\"has-medium-font-size\"><strong>Profa. Dra. Carolina Panis<\/strong><\/p>\n\n\n\n<p>e-mail contato: <a href=\"mailto:carolpanis@hotmail.com\">carolpanis@hotmail.com<\/a>, <a href=\"mailto:carolina.panis@unioeste.br\">carolina.panis@unioeste.br<\/a><\/p>\n\n\n\n<p>Universidade Estadual de Londrina<\/p>\n\n\n\n<p>Centro de Ci\u00eancias Biol\u00f3gicas\/ Centro de Ci\u00eancias da Sa\u00fade<\/p>\n\n\n\n<p>Departamento de Ci\u00eancias Patol\u00f3gicas<\/p>\n\n\n\n<p>Professora de Imunologia e de Oncohematologia no curso de Medicina da Universidade Estadual do Oeste do Paran\u00e1 desde 2014.<\/p>\n\n\n\n<p class=\"has-medium-font-size\"><strong>Forma\u00e7\u00e3o<\/strong><\/p>\n\n\n\n<p>Mestre e Doutora em Patologia Experimental pela Universidade Estadual de Londrina, P\u00f3s-Doutora em Oncologia pelo Instituto Nacional de C\u00e2ncer do Rio de Janeiro. Pesquisadora visitante no Departamento de Sa\u00fade Ambiental da Universidade de Harvard nos Estados Unidos desde 2019.<\/p>\n\n\n\n<p class=\"has-medium-font-size\"><strong>Linha de pesquisa<\/strong><\/p>\n\n\n\n<p>Pesticidas e c\u00e2ncer de mama<\/p>\n\n\n\n<p class=\"has-medium-font-size\"><strong>Sinopse<\/strong><\/p>\n\n\n\n<p>A regi\u00e3o Sudoeste do Paran\u00e1 registra elevadas taxas de incid\u00eancia e mortalidade por c\u00e2ncer de mama, associadas a um perfil de doen\u00e7a bastante agressivo. Nosso grupo vem documentando a extensa contamina\u00e7\u00e3o humana e ambiental por pesticidas que ocorre na regi\u00e3o e demonstrando de que forma altera\u00e7\u00f5es gen\u00f4micas, epigen\u00e9ticas e imunol\u00f3gicas est\u00e3o associadas ao perfil de agressividade da doen\u00e7a.<\/p>\n\n\n\n<p class=\"has-medium-font-size\"><strong>Equipe<\/strong><\/p>\n\n\n\n<p>Ms. Thalita Basso Scandolara<\/p>\n\n\n\n<p>Ms. Jana\u00edna Carla da Silva<\/p>\n\n\n\n<p>Ms. Mariane Okamoto Ferreira<\/p>\n\n\n\n<p>Ruan Soares da Silva<\/p>\n\n\n\n<p>Beatriz G. L. Vacario<\/p>\n\n\n\n<p>Prof. Ms. Daniel Rech \u2013 Hospital de C\u00e2ncer de Francisco Beltr\u00e3o<\/p>\n\n\n\n<p>Acad\u00eamicos da Liga de Oncologia Cl\u00ednica, Cir\u00fargica e Oncohematologia da Unioeste<\/p>\n\n\n\n<p class=\"has-medium-font-size\"><strong>Publica\u00e7\u00f5es<\/strong><\/p>\n\n\n\n<p>1. Panis C, Kawassaki ACB, Crestani APJ, Pascotto CR, Bortoloti DS, Vicentini GE, Lucio LC, Ferreira MO, Prates RTC, Vieira VK, Gaboardi SC, Candiotto LZP. Evidence on Human Exposure to Pesticides and the Occurrence of Health Hazards in the Brazilian Population: A Systematic Review. Front Public Health. 2022 Jan 7;9:787438. doi: 10.3389\/fpubh.2021.787438.<\/p>\n\n\n\n<p>2. Pizzatti L, Kawassaki ACB, Fadel B, Nogueira FCS, Evaristo JAM, Woldmar N, Teixeira GT, Da Silva JC, Scandolara TB, Rech D, Candiotto LPZ, Silveira GF, Pavanelli WR, Panis C. Toxicoproteomics Disclose Pesticides as Downregulators of TNF-\u03b1, IL-1\u03b2 and Estrogen Receptor Pathways in Breast Cancer Women Chronically Exposed. Front Oncol. 2020 Aug 28;10:1698. doi: 10.3389\/fonc.2020.01698. PMID: 32984049; PMCID: PMC7483484.<\/p>\n\n\n\n<p>3. Broto GE, Corr\u00eaa S, Trigo FC, Dos Santos EC, Tomiotto-Pelissier F, Pavanelli WR, Silveira GF, Abdelhay E, Panis C. Comparative Analysis of Systemic and Tumor Microenvironment Proteomes From Children With B-Cell Acute Lymphocytic Leukemia at Diagnosis and After Induction Treatment. Front Oncol. 2020 Dec 14;10:550213. doi: 10.3389\/fonc.2020.550213.<\/p>\n\n\n\n<p>4. Panis C, Victorino VJ, Herrera AC, Cecchini AL, Sim\u00e3o AN, Tomita LY, Cecchini R. Can Breast Tumors Affect the Oxidative Status of the Surrounding Environment? A Comparative Analysis among Cancerous Breast, Mammary Adjacent Tissue, and Plasma. Oxid Med Cell Longev. 2015;2015:6429812. doi: 10.1155\/2016\/6429812. Epub 2015 Nov 30.<\/p>\n\n\n\n<p>5. Block KI, Gyllenhaal C, Lowe L, Amedei A, Amin ARMR, Amin A, Aquilano K, Arbiser J, Arreola A, Arzumanyan A, Ashraf SS, Azmi AS, Benencia F, Bhakta D, Bilsland A, Bishayee A, Blain SW, Block PB, Boosani CS, Carey TE, Carnero A, Carotenuto M, Casey SC, Chakrabarti M, Chaturvedi R, Chen GZ, Chen H, Chen S, Chen YC, Choi BK, Ciriolo MR, Coley HM, Collins AR, Connell M, Crawford S, Curran CS, Dabrosin C, Damia G, Dasgupta S, DeBerardinis RJ, Decker WK, Dhawan P, Diehl AME, Dong JT, Dou QP, Drew JE, Elkord E, El-Rayes B, Feitelson MA, Felsher DW, Ferguson LR, Fimognari C, Firestone GL, Frezza C, Fujii H, Fuster MM, Generali D, Georgakilas AG, Gieseler F, Gilbertson M, Green MF, Grue B, Guha G, Halicka D, Helferich WG, Heneberg P, Hentosh P, Hirschey MD, Hofseth LJ, Holcombe RF, Honoki K, Hsu HY, Huang GS, Jensen LD, Jiang WG, Jones LW, Karpowicz PA, Keith WN, Kerkar SP, Khan GN, Khatami M, Ko YH, Kucuk O, Kulathinal RJ, Kumar NB, Kwon BS, Le A, Lea MA, Lee HY, Lichtor T, Lin LT, Locasale JW, Lokeshwar BL, Longo VD, Lyssiotis CA, MacKenzie KL, Malhotra M, Marino M, Martinez-Chantar ML, Matheu A, Maxwell C, McDonnell E, Meeker AK, Mehrmohamadi M, Mehta K, Michelotti GA, Mohammad RM, Mohammed SI, Morre DJ, Muralidhar V, Muqbil I, Murphy MP, Nagaraju GP, Nahta R, Niccolai E, Nowsheen S, Panis C, et al. Designing a broad-spectrum integrative approach for cancer prevention and treatment. Semin Cancer Biol. 2015 Dec;35 Suppl(Suppl):S276-S304. doi: 10.1016\/j.semcancer.2015.09.007.<\/p>\n\n\n\n<figure class=\"wp-block-image size-large is-resized is-style-default\"><img loading=\"lazy\" decoding=\"async\" src=\"https:\/\/pos.uel.br\/patologiaexperimental\/wp-content\/uploads\/2022\/10\/img-tumores-852x1024.png\" alt=\"\" class=\"wp-image-592\" width=\"334\" height=\"400\" srcset=\"https:\/\/pos.uel.br\/patologiaexperimental\/wp-content\/uploads\/2022\/10\/img-tumores-852x1024.png 852w, https:\/\/pos.uel.br\/patologiaexperimental\/wp-content\/uploads\/2022\/10\/img-tumores-250x300.png 250w, https:\/\/pos.uel.br\/patologiaexperimental\/wp-content\/uploads\/2022\/10\/img-tumores-768x923.png 768w, https:\/\/pos.uel.br\/patologiaexperimental\/wp-content\/uploads\/2022\/10\/img-tumores-1278x1536.png 1278w, https:\/\/pos.uel.br\/patologiaexperimental\/wp-content\/uploads\/2022\/10\/img-tumores-1704x2048.png 1704w, https:\/\/pos.uel.br\/patologiaexperimental\/wp-content\/uploads\/2022\/10\/img-tumores.png 1893w\" sizes=\"auto, (max-width: 334px) 100vw, 334px\" \/><\/figure>\n\n\n\n<hr class=\"wp-block-separator has-text-color has-site-background-color has-alpha-channel-opacity has-site-background-background-color has-background is-style-wide\"\/>\n\n\n\n<h2 class=\"is-style-highlighted-heading wp-block-heading\">Laborat\u00f3rio de Neurogastroenterologia<\/h2>\n\n\n\n<p class=\"has-medium-font-size\"><strong>Respons\u00e1vel<\/strong><\/p>\n\n\n\n<p class=\"has-medium-font-size\"><strong>Prof. Dr. Eduardo Jos\u00e9 de Almeida Ara\u00fajo<\/strong><\/p>\n\n\n\n<p>e-mail: <a href=\"mailto:eduardoaraujo@uel.br\">eduardoaraujo@uel.br<\/a><\/p>\n\n\n\n<p>Universidade Estadual de Londrina<\/p>\n\n\n\n<p>Centro de Ci\u00eancias Biol\u00f3gicas<\/p>\n\n\n\n<p>Departamento de Histologia<\/p>\n\n\n\n<p>Professor de Histologia na Universidade Estadual de Londrina desde 2010<\/p>\n\n\n\n<p class=\"has-medium-font-size\"><strong>Forma\u00e7\u00e3o<\/strong><\/p>\n\n\n\n<p>Mestre em Biologia e Morfologia pela Universidade Federal de Goi\u00e1s, Doutor em Ci\u00eancias Biol\u00f3gicas\/Biologia Celular pela Universidade Estadual de Maring\u00e1, P\u00f3s-Doutorado em Neurogastroenterologia pela Faculdade de Medicina da Queen Mary University of London, Reino Unido.<\/p>\n\n\n\n<p class=\"has-medium-font-size\"><strong>Linha de pesquisa<\/strong><\/p>\n\n\n\n<p>Fisiopatologia e tratamento de doen\u00e7as relacionadas ao trato gastrointestinal.<\/p>\n\n\n\n<p class=\"has-medium-font-size\"><strong>Sinopse<\/strong><\/p>\n\n\n\n<p>Diante do progressivo n\u00famero de indiv\u00edduos com dist\u00farbios gastrointestinais decorrentes dos h\u00e1bitos da vida moderna, este grupo tem realizado investiga\u00e7\u00f5es que buscam compreender como o Sistema Nervosos Ent\u00e9rico (SNE) adapta-se e organiza-se frente a processos inflamat\u00f3rios de diversas etiologias, assim como, em situa\u00e7\u00e3o de desequil\u00edbrio nutricional.<\/p>\n\n\n\n<p class=\"has-medium-font-size\"><strong>Equipe<\/strong><\/p>\n\n\n\n<p>Eduardo Jos\u00e9 de Almeida Ara\u00fajo<\/p>\n\n\n\n<p>Camila Cristina Alves Machado (Doutoranda)<\/p>\n\n\n\n<p>Joyce Hellen Ribeiro Dion\u00edsio (Doutoranda)<\/p>\n\n\n\n<p>Andreza Manzato Cavichioli (Doutoranda)<\/p>\n\n\n\n<p>Vinicius Balan Ramos Coronado (Doutorando)<\/p>\n\n\n\n<p>Yasmin Gon\u00e7alves de Oliveira Santos (Mestranda)<\/p>\n\n\n\n<p>Emanuel Perez Floro da Silva (Mestranda)<\/p>\n\n\n\n<p>Giovanni Bruno Clivati Sodr\u00e9 (Inicia\u00e7\u00e3o Cient\u00edfica)<\/p>\n\n\n\n<p>Larissa Da Silva Bonassa. (Inicia\u00e7\u00e3o Cient\u00edfica)<\/p>\n\n\n\n<p>Sthefanie Salgado (Inicia\u00e7\u00e3o Cient\u00edfica)<\/p>\n\n\n\n<p>Breno Pires Faggion (Inicia\u00e7\u00e3o Cient\u00edfica J\u00fanior)<\/p>\n\n\n\n<p>Nathaly de Moura Vitorino (Inicia\u00e7\u00e3o Cient\u00edfica J\u00fanior)<\/p>\n\n\n\n<p class=\"has-medium-font-size\"><strong>Publica\u00e7\u00f5es<\/strong><\/p>\n\n\n\n<ol class=\"wp-block-list\" type=\"1\">\n<li>MACHADO, C. C. A. <em>et al<\/em>. <em>Toxoplasma gondii<\/em> infection impairs the colonic motility of rats due to loss of myenteric neurons. <strong>Neurogastroenterology and Motility<\/strong>, v. 33, p. e13967, 2021.<\/li>\n\n\n\n<li><a href=\"http:\/\/lattes.cnpq.br\/5687853194494173\" target=\"_blank\" rel=\"noreferrer noopener\">ARA\u00daJO, E. J. A.<\/a> <em>et al<\/em>. Lactobacillus rhamnosus V5 Prevents <em>Salmonella enterica<\/em> <em>Serovar Typhimurium<\/em> Invasion in Cell Culture and Mice Infection. <strong>Microbiology Research Journal International<\/strong>, v. 30, p. 44-57, 2020.<\/li>\n\n\n\n<li><a href=\"http:\/\/lattes.cnpq.br\/5687853194494173\" target=\"_blank\" rel=\"noreferrer noopener\">ARA\u00daJO, E. J. A.<\/a> <em>et al<\/em>. Toxoplasmic Infection-induced Injury in the Ileal Myenteric Plexus in Rats Depends on the Dose of <em>Toxoplasma gondii<\/em> Oocysts. <strong>Journal of Morphological Sciences<\/strong>, v. 35, p. 80-86, 2018<\/li>\n\n\n\n<li><a href=\"http:\/\/lattes.cnpq.br\/9895745822142202\" target=\"_blank\" rel=\"noreferrer noopener\">ODA, J. Y.<\/a> <em>et al.<\/em> Myenteric neuroprotective role of aspirin in acute and chronic experimental infections with <em>Trypanosoma cruzi<\/em>. <strong>Neurogastroenterology and Motility,<\/strong> v.29, p. e13102, 2017.<strong><sup><\/sup><\/strong><\/li>\n\n\n\n<li><a href=\"http:\/\/lattes.cnpq.br\/3068541420970740\" target=\"_blank\" rel=\"noreferrer noopener\">BEL\u00c9M, M.O.<\/a>&nbsp;<em>et al.<\/em> Light-emitting diodes at 940nm attenuate colitis-induced inflammatory process in mice. <strong>Journal of Photochemistry and Photobiology<\/strong>, v. 162, p. 367-373, 2016.<\/li>\n<\/ol>\n\n\n\n<p class=\"has-medium-font-size\"><\/p>\n\n\n\n<figure class=\"wp-block-image size-full is-resized\"><img loading=\"lazy\" decoding=\"async\" src=\"https:\/\/pos.uel.br\/patologiaexperimental\/wp-content\/uploads\/2022\/10\/img-neurogastro.png\" alt=\"\" class=\"wp-image-593\" width=\"241\" height=\"250\"\/><\/figure>\n\n\n\n<hr class=\"wp-block-separator has-text-color has-site-background-color has-alpha-channel-opacity has-site-background-background-color has-background is-style-wide\"\/>\n\n\n\n<h2 class=\"is-style-highlighted-heading wp-block-heading\">Laborat\u00f3rio de Imunologia Aplicada (LIA)<\/h2>\n\n\n\n<p class=\"has-medium-font-size\"><strong>Respons\u00e1vel<\/strong><\/p>\n\n\n\n<p class=\"has-medium-font-size\"><strong>Profa Dra Eiko Nakagawa Itano<\/strong><\/p>\n\n\n\n<p>e-mail: itano@uel.br<\/p>\n\n\n\n<p>Universidade Estadual de Londrina<\/p>\n\n\n\n<p>Centro de Ci\u00eancias Biol\u00f3gicas<\/p>\n\n\n\n<p>Departamento de Ci\u00eancias Patol\u00f3gicas<\/p>\n\n\n\n<p>Professora de Imunologia na Universidade Estadual de Londrina.<\/p>\n\n\n\n<p>Endere\u00e7o de M\u00eddia social: Instagram: @imunologiaaplicadauel<\/p>\n\n\n\n<p class=\"has-medium-font-size\"><strong>Forma\u00e7\u00e3o<\/strong><\/p>\n\n\n\n<p>Especialista em Imunologia B\u00e1sica (OMS\/OPS\/Instituto Butantan), Mestre em Microbiologia e Imunologia pela Universidade Federal de S\u00e3o Paulo, doutora em Microbiologia e Imunologia pela Universidade Federal de S\u00e3o Paulo.<\/p>\n\n\n\n<p class=\"has-medium-font-size\"><strong>Linhas de pesquisa<\/strong><\/p>\n\n\n\n<p>Micoses sist\u00eamicas e micotoxinas.<\/p>\n\n\n\n<p>Anticorpos monoclonais.<\/p>\n\n\n\n<p class=\"has-medium-font-size\"><strong>Sinopse<\/strong><\/p>\n\n\n\n<p>Este grupo de pesquisa tem produzido trabalhos sobre intera\u00e7\u00e3o fungo ou micotoxina-hospedeiro de interesse na sa\u00fade humana e animal, com foco no imunodiagn\u00f3stico e em efeitos imunopatol\u00f3gicos resultantes dessa intera\u00e7\u00e3o, utilizando diferentes modelos experimentais. Estes trabalhos podem contribuir com a elucida\u00e7\u00e3o dos aspectos imunol\u00f3gicos destas doen\u00e7as, al\u00e9m da descoberta de novas op\u00e7\u00f5es terap\u00eauticas e de diagn\u00f3stico dos pacientes. Este grupo tamb\u00e9m atua na produ\u00e7\u00e3o de anticorpos monoclonais.<\/p>\n\n\n\n<p class=\"has-medium-font-size\"><strong>Equipe<\/strong><\/p>\n\n\n\n<p>Eiko Nakagawa Itano<\/p>\n\n\n\n<p>Bianca Dorana de Oliveira Souza (Doutoranda)<\/p>\n\n\n\n<p>Fernando Galdino Ricci (Doutorando)<\/p>\n\n\n\n<p>Fl\u00e1via Queren Cordeiro de Bonfim (Mestranda)<\/p>\n\n\n\n<p>Maria Catarina Cavalcanti Fracazzo (Inicia\u00e7\u00e3o Cient\u00edfica)<\/p>\n\n\n\n<p>Luana Alves de Brito (Inicia\u00e7\u00e3o Cient\u00edfica)<\/p>\n\n\n\n<p>Beatriz Gardin Machado (Inicia\u00e7\u00e3o Cient\u00edfica)<\/p>\n\n\n\n<p>Lucas Felipe de Souza Canella (Inicia\u00e7\u00e3o Cient\u00edfica)<\/p>\n\n\n\n<p class=\"has-medium-font-size\"><strong>Publica\u00e7\u00f5es<\/strong><\/p>\n\n\n\n<p>1. Kanegae, H.; Sano, A.; Okubo-Murata, M.; Watanabe, A.; Tashiro, R.; Eto, T.; Ueda, K.; Hossain, M.D.A.; Itano, E.N. Seroprevalences Against Paracoccidioides cetii: A Causative Agent for Paracoccidiomycosis Ceti (PCM-C) and Coccidioides posadasii; for Coccidioidomycosis (CCM) in Dall&#8217;s Porpoise (Phocoenoides dalli) and Harbor Porpoise (Phocoena phocoena) Stranded at Hokkaido, Japan. MYCOPATHOLOGIA, v. 1, p. 7-7, 2022.<\/p>\n\n\n\n<p>2. Ricci, F.G.; Terkelli, L.R.; Venancio, E.J.; Justino, L.; Santos, B.Q.; Baptista, A.A.S.; Oba, A.; Souza, B.D.O.; Bracarense, A.P.F.R.L.; Hirooka, E.Y.; Itano, E.N. Tryptophan Attenuates the Effects of OTA on Intestinal Morphology and Local IgA\/IgY Production in Broiler Chicks. Toxins, v. 13, p. 1-10, 2021.<\/p>\n\n\n\n<p>3. Kanegae, H.; Suguiura I.M.S; Minakawa, T.; Ono, M.A.; Itano, E.N.; Wada, S.; Nakamura, Y.; Shumoto, G.; Sano, A.; Ueda, K. Confirmation of a Suspected Case of Paracoccidioidomycosis Ceti by a Combination of Polymerase Chain Reaction and Loop-mediated Isothermal Amplification (PCR-LAMP) Analysis. Japanese Journal of Zoo and Wildlife Medicine, v. 26, p. 103-111, 2021.<\/p>\n\n\n\n<p>4. Souza, B.D.O.; Arcos, J.J.E.; Nakamura, C.V.; Nagashima, L.A.; Sano A; Ono, M.A.; Itano, E.N. In vitro Arthrographis kalrae biofilm formation: Scanning electron microscopy and cytotoxic analysis. JOURNAL OF MICROBIOLOGY IMMUNOLOGY AND INFECTION, p. 01-04, 2021.<\/p>\n\n\n\n<p>5. Assolini, J.P.; Lenhard-Vidal, A.; Bredt, C.S.O.; Tano, Z.N.; Sano, A.; Cezar-Dos-Santos, F.; Ono, M.A.; Itano, E.N. Distinct Pattern of Paracoccidioides lutzii, P. restrepiensis and P. americana Antigens Recognized by IgE in Human Paracoccidioidomycosis. CURRENT MICROBIOLOGY, v. 78, p. 2608-2614, 2021.<\/p>\n\n\n\n<p>6. Cezar-Dos-Santos, F.; Assolini, J.P.; Okuyama, N.C.M.; Viana, K.F.; De Oliveira, K.B.; Itano, E.N. Unraveling the susceptibility of paracoccidioidomycosis: Insights towards the pathogen-immune interplay and immunogenetics. INFECTION GENETICS AND EVOLUTION, v. 86, p. 104586-15, 2020.<\/p>\n\n\n\n<p>7. Minakawa, T.; Shumoto, G.; Izawa, T.; Sasaki, K.; Yamaguchi, S.; Kamezaki, N.; Yamate, J.; Konno, T.; Sano, A.; Itano, E.N.; Wada, S.; Willson, C.; Ueda, K. Seroprevalence of Antibodies Against Paracoccidioides Spp. in Captive Dolphins from Three Aquaria in Japan. MYCOPATHOLOGIA, v. 185, p. 1013-1020, 2020.<\/p>\n\n\n\n<p>8. Chiyoda-Rodini, F.A.S.; Souza, B.D.O.; Arcos, J.J.E.; Lenhard-Vidal, A.; Ono, M. A.; Venancio, E.J.; Itano, E.N. Aspectos imunol\u00f3gicos da paracoccidioidomicose. BIOSAUDE, v. 22, p. 34-47, 2020.<\/p>\n\n\n\n<p>9. Lenhard-Vidal, A.; Bender, F.R.; Assolini, J. P.; Maruo, A.E.M.; Vieira, L.T.; Pereira, E.C.; Ono, M.A.; Sano, A.; Itano, E.N. IgG reactivity profile to Paracoccidioides spp. antigens in people with asymptomatic Paracoccidioidomycosis. JOURNAL OF MEDICAL MICROBIOLOGY, p. 1-12, 2020.<\/p>\n\n\n\n<p>10. Kanegae, H.; Tomino, N.; Minakawa, T.; Yaguchi, T.; Izawa, T.; Sano, A.; Itano, E.N.; Ueda, K. Parengyodontium album Isolated from Cutaneous Lesions of a Pacific White-Sided Dolphin (Lagenorhynchus obliquidens) During Treatment for Paracoccidioidomycosis Ceti. MYCOPATHOLOGIA, v. 185, p. 1021-1031, 2020.<\/p>\n\n\n\n<p>11. Khan, S. A.; Venancio, E. J.; Ono, M.A.; Fernandes, E.V.; Hirooka, E.Y.; Shimizu, C.F.; Oba, A; Flaiban, K. K. M. C.; Itano, E.N. Effects of Subcutaneous Ochratoxin-A Exposure on Immune System of Broiler Chicks. Toxins, v. 11, p. 264, 2019.<\/p>\n\n\n\n<p>12. Shumoto, G.; Nagashima, L.A.; Itano, E.N.; Minakawa, T.; Ueda, K.; Sano, A. Immunohistochemical Cross-Reactivity Between Arthrographis kalrae and Highly Pathogenic Coccidioides posadasii, Histoplasma capsulatum, and Paracoccidioides Fungal Species. MYCOPATHOLOGIA, v. 184, p. 393-402, 2019.<\/p>\n\n\n\n<p>13. De Souza Suguiura, I.M.; Macagnan, R.; Omori, A.M.; Buck, E.L.; Scarpassa, J.A; Pretto-Giordano, L.G.; Vilas-Boas, L.A.; De Camargo, Z.P.; Itano, E.N.; Ono, M.A. First report of Paracoccidioides brasiliensis infection in fish. MEDICAL MYCOLOGY, v. 1, p. 1-7, 2019.<\/p>\n\n\n\n<p>14. Costa, T.M.P.S.; Hidalgo, M.M.; Lima, C.E.O.; Ono, E.; ITANO, E.N. External apical root resorption diagnosis by using FII human dentine fraction and salivary IGg. International Orthodontics, v. 16, p. 258-267, 2018.<\/p>\n\n\n\n<p>15. Cezar-Dos-Santos, F.; Lenhard-Vidal, A.; Assolini, J.P.; De Souza Marquez, A.; Ono, M.A.; Itano, E.N. Paracoccidioides restrepiensis B339 (PS3) and P. lutzii LDR2 yeast cells and soluble components display in vitro hemolytic and hemagglutinating activities on human erythrocytes. MICROBIOLOGY AND IMMUNOLOGY, v. 62, p. 436-443, 2018.<\/p>\n\n\n\n<p>16. Khan, S.A.; Venancio, E.J.; Fernandes, E.V.; Hirooka, E.Y.; Oba, A.; Flaiban, K.K.M.C.; Itano, E.N. Low Doses of Ochratoxin-A Decrease IgY and IgA Production in Broiler Chicks. Toxins, v. 10, p. 316-324, 2018.<\/p>\n\n\n\n<p>17. Ueda, K.; Terashima, Y.; Kanoshima, P.; Konno, T.; Itano, E.N.; Nagashima, L.A.; Sano A. Immunohistochemical cross-reactivity between Paracoccidioides sp. from dolphins and Histoplasma capsulatum. MYCOPATHOLOGIA, v. 183, p. 793-803, 2018.<\/p>\n\n\n\n<p>18. Silva, A.R.; Zanin, L.M.M.; Ishikawa, A.T.; Yamashita, C.R.T.; Fracalossi, F.P.; Amorim, T.M.; Itano, E.N.; Kawamaura, O.; Hirooka, E.Y. Development of ic-Elisa for the screening of aflatoxin contamination in the peanut production chain. PESQUISA AGROPECU\u00c1RIA BRASILEIRA (ONLINE), v. 53, p. 361-370, 2018.<\/p>\n\n\n\n<p>19. Lenhard-Vidal, A.; Assolini, J.P.; Chiyoda, F.A.S.; Ono, M.A.; Sano, A.; Itano, E.N. Polyclonal antibodies to Paracoccidioides brasiliensis are able to recognise antigens from different strains from Paracoccidioides species complex, including Paracoccidioides lutzii LDR2. MYCOSES, v. 61, p. 826-832, 2018.<\/p>\n\n\n\n<p>20. Santos F.C.; Lenhard-Vidal, A.; Assolini, J.P.; Souza, F.C.O.; Marquez A.S.; Ono, M.A.; Itano, E.N. Produ\u00e7\u00e3o de hemolisinas secretadas por Paracoccidioides \u00e9 influenciada por diferentes condi\u00e7\u00f5es de cultura. BIOSAUDE, v. 20, p. 1-8, 2018.<\/p>\n\n\n\n<figure class=\"wp-block-image size-large is-resized\"><img loading=\"lazy\" decoding=\"async\" src=\"https:\/\/pos.uel.br\/patologiaexperimental\/wp-content\/uploads\/2022\/10\/img-neiko-1024x831.png\" alt=\"\" class=\"wp-image-595\" width=\"671\" height=\"545\" srcset=\"https:\/\/pos.uel.br\/patologiaexperimental\/wp-content\/uploads\/2022\/10\/img-neiko-1024x831.png 1024w, https:\/\/pos.uel.br\/patologiaexperimental\/wp-content\/uploads\/2022\/10\/img-neiko-300x243.png 300w, https:\/\/pos.uel.br\/patologiaexperimental\/wp-content\/uploads\/2022\/10\/img-neiko-768x623.png 768w, https:\/\/pos.uel.br\/patologiaexperimental\/wp-content\/uploads\/2022\/10\/img-neiko.png 1295w\" sizes=\"auto, (max-width: 671px) 100vw, 671px\" \/><\/figure>\n\n\n\n<hr class=\"wp-block-separator has-text-color has-site-background-color has-alpha-channel-opacity has-site-background-background-color has-background is-style-wide\"\/>\n\n\n\n<h2 class=\"is-style-highlighted-heading wp-block-heading\">Laborat\u00f3rio de Imunologia<\/h2>\n\n\n\n<p class=\"has-medium-font-size\"><strong>Respons\u00e1vel<\/strong><\/p>\n\n\n\n<p class=\"has-medium-font-size\"><strong>Prof. Dr. Emerson Jos\u00e9 Ven\u00e2ncio<\/strong><\/p>\n\n\n\n<p>e-mail: emersonj@uel.br<\/p>\n\n\n\n<p>Universidade Estadual de Londrina<\/p>\n\n\n\n<p>Centro de Ci\u00eancias Biol\u00f3gicas<\/p>\n\n\n\n<p>Departamento de Ci\u00eancias Patol\u00f3gicas<\/p>\n\n\n\n<p>Professor de Imunologia na Universidade Estadual de Londrina<\/p>\n\n\n\n<p class=\"has-medium-font-size\"><strong>Forma\u00e7\u00e3o<\/strong><\/p>\n\n\n\n<p>Graduado em Ci\u00eancias Biol\u00f3gicas (UEL), mestre em Microbiologia (UEL) e doutor em Biologia Molecular (UnB). Professor da disciplina de Imunologia desde 1994.<\/p>\n\n\n\n<p class=\"has-medium-font-size\"><strong>Linha de pesquisa<\/strong><\/p>\n\n\n\n<p>Intera\u00e7\u00e3o Microorganismo-hospedeiro: Resposta Imunol\u00f3gica, Diagn\u00f3stico Molecular e Eco-epidemiologia<\/p>\n\n\n\n<p class=\"has-medium-font-size\"><strong>Sinopse<\/strong><\/p>\n\n\n\n<p>O laborat\u00f3rio de imunologia IV tem como objetivos: 1) a produ\u00e7\u00e3o de anticorpos IgY para fins de tratamento e diagn\u00f3stico de doen\u00e7as. Dentro desse contexto s\u00e3o desenvolvidos estudos sobre a otimiza\u00e7\u00e3o da produ\u00e7\u00e3o de anticorpos IgY com maior avidez; 2) a produ\u00e7\u00e3o de anticorpos IgY para pesquisa b\u00e1sica e aplicada; 3) a presta\u00e7\u00e3o de servi\u00e7o na \u00e1rea de produ\u00e7\u00e3o e quantifica\u00e7\u00e3o de anticorpos; 4) Fazer a capacita\u00e7\u00e3o de recursos humanos em ELISA e Western blotting. Principais t\u00e9cnicas dispon\u00edveis no laborat\u00f3rio: ELISA e Western blotting.<\/p>\n\n\n\n<p class=\"has-medium-font-size\"><strong>Publica\u00e7\u00f5es<\/strong><\/p>\n\n\n\n<p>1 &#8211; da Silva MC, Schaefer R, Gava D, Souza CK, da Silva Vaz I Jr, Bastos AP, Venancio EJ. Production and application of anti-nucleoprotein IgY antibodies for influenza A virus detection in swine. J Immunol Methods. 2018 Oct;461:100-105. doi: 10.1016\/j.jim.2018.06.023. Epub 2018 Jul 2. PMID: 30158073.<\/p>\n\n\n\n<p>2 &#8211; Sanches RF, Dos Santos Ferraro ACN, Marroni FEC, Venancio EJ. Synergistic activity between beta-lactams and igy antibodies against Pseudomonas aeruginosa in vitro. Mol Immunol. 2022 Aug;148:1-5. doi: 10.1016\/j.molimm.2022.05.010. Epub 2022 May 28. PMID: 35640520.<\/p>\n\n\n\n<p>3 &#8211; Fernandes EV, Ramos AC, Dos Santos AH, Longhini R, Gerardin DCC, Venancio EJ. Effects of maternal exposure to extract of Trichilia catigua on antibody production in the offspring of Wistar rats. Nat Prod Res. 2019 Mar;33(5):763-766. doi: 10.1080\/14786419.2017.1408097. Epub 2017 Dec 4. PMID: 29199474.<\/p>\n\n\n\n<p>4 &#8211; Poletto AC, Singi P, Barri RM, Casanova AA, Garbelini CCD, Silva CCD, Venancio EJ. Relationship of levels of trace elements in saliva and dental caries in preschool children using total reflection X-ray fluorescence technique (TXRF)<sup>\u22c6<\/sup>. J Trace Elem Med Biol. 2021 Jan;63:126663. doi: 10.1016\/j.jtemb.2020.126663. Epub 2020 Oct 3. PMID: 33069944.<\/p>\n\n\n\n<p>5 &#8211; Freitas JA, Vanat N, Pinheiro JW, Balarin MR, Sforcin JM, Venancio EJ. The effects of propolis on antibody production by laying hens. Poult Sci. 2011 Jun;90(6):1227-33. doi: 10.3382\/ps.2010-01315. PMID: 21597063.<\/p>\n\n\n\n<hr class=\"wp-block-separator has-text-color has-site-background-color has-alpha-channel-opacity has-site-background-background-color has-background is-style-wide\"\/>\n\n\n\n<h2 class=\"is-style-highlighted-heading wp-block-heading\">Laborat\u00f3rio de Imunotoxicologia<\/h2>\n\n\n\n<p class=\"has-medium-font-size\"><strong>Respons\u00e1vel<\/strong><\/p>\n\n\n\n<p class=\"has-medium-font-size\"><strong>Prof. Dr. Fabio Henrique Kwasniewski<\/strong><\/p>\n\n\n\n<p>e-mail: fhkwas@uel.br<\/p>\n\n\n\n<p>Universidade Estadual de Londrina<\/p>\n\n\n\n<p>Centro de Ci\u00eancias Biol\u00f3gicas<\/p>\n\n\n\n<p>Departamento de Ci\u00eancias Patol\u00f3gicas<\/p>\n\n\n\n<p>Professor de Imunologia na Universidade Estadual de Londrina desde 2013.<\/p>\n\n\n\n<p>Endere\u00e7o de Media social: imunotox (Instagram).<\/p>\n\n\n\n<p class=\"has-medium-font-size\"><strong>Forma\u00e7\u00e3o<\/strong><\/p>\n\n\n\n<p>Mestre Imunologia pela Universidade de S\u00e3o Paulo-SP; Doutor em Imunologia pela Universidade de S\u00e3o Paulo-SP.<\/p>\n\n\n\n<p class=\"has-medium-font-size\"><strong>Linha de pesquisa<\/strong><\/p>\n\n\n\n<p>Imunofarmacologia; Fisiopatologia desencadeada por pe\u00e7onhas\/toxinas animais.<\/p>\n\n\n\n<p class=\"has-medium-font-size\"><strong>Sinopse<\/strong><\/p>\n\n\n\n<p>As linhas est\u00e3o interligadas e objetivam verificar a participa\u00e7\u00e3o de mediadores lip\u00eddicos, citocinas e o \u00f3xido n\u00edtrico em modelos de inflama\u00e7\u00e3o em animais de experimenta\u00e7\u00e3o ou em cultura celular. Acidentes com animais pe\u00e7onhentos ocorrem em grande n\u00famero em nosso pa\u00eds e s\u00e3o considerados agravos de interesse nacional e doen\u00e7as negligenciadas. Aprofundar o conhecimento da fisiopatologia desencadeada por pe\u00e7onhas ou toxinas animais, bem como sua modula\u00e7\u00e3o imunofarmacol\u00f3gica, poder\u00e1 sugerir a utiliza\u00e7\u00e3o de tratamento(s) adjuvante(s) no envenenamento, sendo de grande valia na completa recupera\u00e7\u00e3o dos pacientes ou quando o soro hiperimune n\u00e3o se encontra dispon\u00edvel. Assim, temos avaliado o efeito da pe\u00e7onha de diferentes escorpi\u00f5es e serpentes da fauna brasileira.<\/p>\n\n\n\n<p class=\"has-medium-font-size\"><strong>Equipe<\/strong><\/p>\n\n\n\n<p>Daniel Nascimento Ferreira de Ara\u00fajo \u2013 Inicia\u00e7\u00e3o Cient\u00edfica<\/p>\n\n\n\n<p>Heloiza Lara Parizotto &#8211; Mestranda<\/p>\n\n\n\n<p class=\"has-medium-font-size\"><strong>Publica\u00e7\u00f5es<\/strong><\/p>\n\n\n\n<p>1. Severino, D.N.; Pereira, R.L.; Knysak, I.; C\u00e2ndido, D.M.; Kwasniewski, F.H. Edematogenic activity of scorpion venoms from the Buthidae family and the role of platelet-activating factor and nitric oxide in paw edema Induced by Tityus venoms. Inflammation, 32 (1), 2009. DOI: 10.1007\/s10753-008-9102-2<\/p>\n\n\n\n<p>2. Zuliani, J.P.; Freitas, T.A., Concei\u00e7\u00e3o, I.M.; Kwasniewski, F.H. Tityus serrulatus venom increases vascular permeability in selected airway tissues in a mast cell-independent way. Experimental and Toxicologic Pathology 65, 2013. DOI: 10.1016\/j.etp.2011.08.010<\/p>\n\n\n\n<p>3. Miyamoto, J.G.; Andrade, F.B.; Ferraz, C.R.; C\u00e2ndido, D.M.; Knysak, I.; Venancio, E.J.; Verri Jr., W.A.; Landgraf, M.A.; Landgraf, R.G.; Kwasniewski, F.H. A comparative study of pathophysiological alterations in scorpionism induced by Tityus serrulatus and Tityus bahiensis venoms. Toxicon 141, 2018. DOI: 10.1016\/j.toxicon.2017.11.005<\/p>\n\n\n\n<p>4. Ferraz, C.R.; Manchope, M.F.; Andrade, K.C.; Saraiva-Santos, T.; Franciosi, A.; Zaninelli, T.H.; Bagatim-Souza, J.; Borghi, S.M.; C\u00e2ndido, D.M.; Knysak, I.; Casagrande, R.; Kwasniewski, F.H.; Verri, W.A. Peripheral mechanisms involved in Tityus bahiensis venom-induced pain. Toxicon 200, 2021. DOI: 10.1016\/j.toxicon.2021.06.013<\/p>\n\n\n\n<p>5. Kwasniewski, F.H.; Kayano, A.M.; Fukunaga, A.N.; Setubal, S.S.; Soares, A.M.; Zuliani, J.P. Bothrops jararacussu snake venom lectin induces mast cell activation and vascular permeability enhance in an animal model. Toxicon 205, 2022. DOI: 10.1016\/j.toxicon.2021.11.006<\/p>\n\n\n\n<figure class=\"wp-block-image size-large is-resized\"><img loading=\"lazy\" decoding=\"async\" src=\"https:\/\/pos.uel.br\/patologiaexperimental\/wp-content\/uploads\/2022\/10\/img-imuno-1024x818.png\" alt=\"\" class=\"wp-image-596\" width=\"752\" height=\"600\" srcset=\"https:\/\/pos.uel.br\/patologiaexperimental\/wp-content\/uploads\/2022\/10\/img-imuno-1024x818.png 1024w, https:\/\/pos.uel.br\/patologiaexperimental\/wp-content\/uploads\/2022\/10\/img-imuno-300x240.png 300w, https:\/\/pos.uel.br\/patologiaexperimental\/wp-content\/uploads\/2022\/10\/img-imuno-768x614.png 768w, https:\/\/pos.uel.br\/patologiaexperimental\/wp-content\/uploads\/2022\/10\/img-imuno-1536x1228.png 1536w, https:\/\/pos.uel.br\/patologiaexperimental\/wp-content\/uploads\/2022\/10\/img-imuno-2048x1637.png 2048w\" sizes=\"auto, (max-width: 752px) 100vw, 752px\" \/><\/figure>\n\n\n\n<hr class=\"wp-block-separator has-text-color has-site-background-color has-alpha-channel-opacity has-site-background-background-color has-background is-style-wide\"\/>\n\n\n\n<h2 class=\"is-style-highlighted-heading wp-block-heading\">Laborat\u00f3rio de Fisiopatologia das Adapta\u00e7\u00f5es Musculares &#8211; LAFAM<\/h2>\n\n\n\n<p class=\"has-medium-font-size\"><strong>Respons\u00e1vel<\/strong><\/p>\n\n\n\n<p class=\"has-medium-font-size\"><strong>Profa. Dra. Fl\u00e1via A. Guarnier<\/strong><\/p>\n\n\n\n<p>e-mail: faguarnier@uel.br<\/p>\n\n\n\n<p>Universidade Estadual de Londrina<\/p>\n\n\n\n<p>Centro de Ci\u00eancias Biol\u00f3gicas<\/p>\n\n\n\n<p>Departamento de Ci\u00eancias Patol\u00f3gicas<\/p>\n\n\n\n<p>Professora de Patologia Geral na Universidade Estadual de Londrina desde 2012.<\/p>\n\n\n\n<p>Endere\u00e7o de M\u00eddia social: instagram.com\/lafam.uel\/<\/p>\n\n\n\n<p><a href=\"http:\/\/dgp.cnpq.br\/dgp\/espelhogrupo\/2684044411637349\" target=\"_blank\" rel=\"noreferrer noopener\">http:\/\/dgp.cnpq.br\/dgp\/espelhogrupo\/2684044411637349<\/a><\/p>\n\n\n\n<p class=\"has-medium-font-size\"><strong>Forma\u00e7\u00e3o<\/strong><\/p>\n\n\n\n<p>Mestre Patologia Experimental pela Universidade Estadual de Londrina; Doutora em Patologia Experimental pela Universidade Estadual de Londrina; Est\u00e1gio p\u00f3s-doutoral e per\u00edodo como Pesquisadora Visitante na Universit\u00e0 Degli Studi G. D\u00b4Annunzio Chieti-Pescara, IT (Fisiologia Celular \u2013 M\u00fasculo Estriado Esquel\u00e9tico).<\/p>\n\n\n\n<p class=\"has-medium-font-size\"><strong>Linha de pesquisa<\/strong><\/p>\n\n\n\n<p>Fisiopatologia de doen\u00e7as e les\u00f5es mediadas por estresse oxidativo<\/p>\n\n\n\n<p class=\"has-medium-font-size\"><strong>Sinopse<\/strong><\/p>\n\n\n\n<p>O Laborat\u00f3rio de Fisiopatologia das Adapta\u00e7\u00f5es Musculares vem, desde 2012, desenvolvendo estudos nas \u00e1reas de mecanismos de perda de massa muscular relacionados ao estresse oxidativo em diversos modelos experimentais. As principais frentes de investiga\u00e7\u00e3o envolvem: (a) a modula\u00e7\u00e3o da massa na caquexia pelo c\u00e2ncer na aus\u00eancia ou presen\u00e7a de quimioterapia; (b) a modula\u00e7\u00e3o da massa muscular em doen\u00e7as cr\u00f4nicas; e (c) envolvimento de altera\u00e7\u00f5es estruturais e ultraestruturais do m\u00fasculo esquel\u00e9tico em doen\u00e7as que apresentam atrofia muscular. Al\u00e9m disso, s\u00e3o investigados tamb\u00e9m f\u00e1rmacos e tratamentos que desempenhem atenua\u00e7\u00e3o do quadro e consequente amplia\u00e7\u00e3o da sobrevida. Para isso, o laborat\u00f3rio conta com modelos experimentais <em>in vivo<\/em> e <em>in vitro<\/em>. Os projetos envolvem ampla colabora\u00e7\u00e3o tanto de laborat\u00f3rios dentro da pr\u00f3pria Universidade Estadual de Londrina, quanto laborat\u00f3rios localizados em institui\u00e7\u00f5es dentro e fora do Brasil.<\/p>\n\n\n\n<p class=\"has-medium-font-size\"><strong>Equipe<\/strong><\/p>\n\n\n\n<p>Fernanda Paschoal Blegniski \u2013 egresso \u2013 P\u00f3s-doutorado<\/p>\n\n\n\n<p>Hannah Hamada Mendon\u00e7a Lens \u2013 Doutoranda<\/p>\n\n\n\n<p>Maria Isabel Faustinoni Bruno \u2013 Doutoranda<\/p>\n\n\n\n<p>Paloma Resende Romero &#8211; Mestranda<\/p>\n\n\n\n<p>Gabrielly Marques Justo \u2013 IC<\/p>\n\n\n\n<p>L\u00edvia Marvulo \u2013 IC<\/p>\n\n\n\n<p class=\"has-medium-font-size\"><strong>Artigos<\/strong><\/p>\n\n\n\n<p>1 &#8211; Sehaber-Sierakowski CC, Vieira-Frez FC, Hermes-Uliana C, Martins HA, Bossolani GDP, Lima MM, Blegniski FP, Guarnier FA, Baracat MM, Perles JVCM, Zanoni JN. Protective effects of quercetin-loaded microcapsules on the enteric nervous system of diabetic rats. Auton Neurosci. 2021 Jan;230:102759. doi: 10.1016\/j.autneu.2020.102759. Epub 2020 Dec 4. PMID: 33341532.<\/p>\n\n\n\n<p>2 &#8211; Guarnier FA, Michelucci A, Serano M, Pietrangelo L, Pecorai C, Boncompagni S, Protasi F. Aerobic Training Prevents Heatstrokes in Calsequestrin-1 Knockout Mice by Reducing Oxidative Stress. Oxid Med Cell Longev. 2018 Apr 3;2018:4652480. doi: 10.1155\/2018\/4652480. PMID: 29849896; PMCID: PMC5903204.<\/p>\n\n\n\n<p>3 &#8211; Brunnquell CR, Vieira NA, S\u00e1bio LR, Sczepanski F, Cecchini AL, Cecchini R, Guarnier FA. Oxidative and proteolysis-related parameters of skeletal muscle from hamsters with experimental pulmonary emphysema: a comparison between papain and elastase induction. Int J Exp Pathol. 2015 Jun;96(3):140-50. doi: 10.1111\/iep.12121. Epub 2015 Jun 22. PMID: 26102076; PMCID: PMC4545425.<\/p>\n\n\n\n<p>4 &#8211; Guarnier FA, Cecchini AL, Suzukawa AA, Maragno AL, Sim\u00e3o AN, Gomes MD, Cecchini R. Time course of skeletal muscle loss and oxidative stress in rats with Walker 256 solid tumor. Muscle Nerve. 2010 Dec;42(6):950-8. doi: 10.1002\/mus.21798. PMID: 21104869.<\/p>\n\n\n\n<p>5 &#8211; Borges FH, Marinello PC, Cecchini AL, Blegniski FP, Guarnier FA, Cecchini R. Oxidative and proteolytic profiles of the right and left heart in a model of cancer-induced cardiac cachexia. Pathophysiology. 2014 Nov;21(4):257-65. doi: 10.1016\/j.pathophys.2014.05.003. Epub 2014 Jun 2. PMID: 24996969<\/p>\n\n\n\n<figure class=\"wp-block-image size-large is-resized\"><img loading=\"lazy\" decoding=\"async\" src=\"https:\/\/pos.uel.br\/patologiaexperimental\/wp-content\/uploads\/2022\/10\/lafam-576x1024.png\" alt=\"\" class=\"wp-image-598\" width=\"432\" height=\"768\" srcset=\"https:\/\/pos.uel.br\/patologiaexperimental\/wp-content\/uploads\/2022\/10\/lafam-576x1024.png 576w, https:\/\/pos.uel.br\/patologiaexperimental\/wp-content\/uploads\/2022\/10\/lafam-169x300.png 169w, https:\/\/pos.uel.br\/patologiaexperimental\/wp-content\/uploads\/2022\/10\/lafam-768x1366.png 768w, https:\/\/pos.uel.br\/patologiaexperimental\/wp-content\/uploads\/2022\/10\/lafam-864x1536.png 864w, https:\/\/pos.uel.br\/patologiaexperimental\/wp-content\/uploads\/2022\/10\/lafam-1152x2048.png 1152w, https:\/\/pos.uel.br\/patologiaexperimental\/wp-content\/uploads\/2022\/10\/lafam.png 2026w\" sizes=\"auto, (max-width: 432px) 100vw, 432px\" \/><\/figure>\n\n\n\n<hr class=\"wp-block-separator has-text-color has-site-background-color has-alpha-channel-opacity has-site-background-background-color has-background is-style-wide\"\/>\n\n\n\n<h2 class=\"is-style-highlighted-heading wp-block-heading\">Laborat\u00f3rio de Toxicologia e Dist\u00farbios Metab\u00f3licos da Reprodu\u00e7\u00e3o<\/h2>\n\n\n\n<p class=\"has-medium-font-size\"><strong>Respons\u00e1vel<\/strong><\/p>\n\n\n\n<p class=\"has-medium-font-size\"><strong>Profa. Dra. Glaura Scantamburlo Alves Fernandes<\/strong><\/p>\n\n\n\n<p>e-mail: glaura@uel.br<\/p>\n\n\n\n<p>Universidade Estadual de Londrina<\/p>\n\n\n\n<p>Centro de Ci\u00eancias Biol\u00f3gicas<\/p>\n\n\n\n<p>Departamento de Biologia Geral<\/p>\n\n\n\n<p>Professora de Embriologia Humana na Universidade Estadual de Londrina \u2013 UEL, desde 2011.<\/p>\n\n\n\n<p>Endere\u00e7o de M\u00eddia social: @toxrepro.uel<\/p>\n\n\n\n<p class=\"has-medium-font-size\"><strong>Forma\u00e7\u00e3o<\/strong><\/p>\n\n\n\n<p>Mestre e Doutora em Biologia Celular e Estrutural pela Universidade Estadual de Campinas \u2013 UNICAMP<\/p>\n\n\n\n<p class=\"has-medium-font-size\"><strong>Linha de pesquisa<\/strong><\/p>\n\n\n\n<p>Toxicologia da reprodu\u00e7\u00e3o e do desenvolvimento p\u00f3s-natal<\/p>\n\n\n\n<p class=\"has-medium-font-size\"><strong>Sinopse<\/strong><\/p>\n\n\n\n<p>Investigar o efeito de contaminantes ambientais, bem como de padr\u00f5es nutricionais e comportamentais, sob o sistema reprodutor masculino e feminino em diferentes fases do desenvolvimento p\u00f3s-natal. Os resultados desses estudos t\u00eam sido publicados com \u00eaxito em revistas internacionais o que contribui para elabora\u00e7\u00e3o de pol\u00edticas p\u00fablicas para a sa\u00fade humana e animal. Esses trabalhos s\u00e3o realizados por p\u00f3s doutorandos, e estudantes de doutorado, mestrado e inicia\u00e7\u00e3o cient\u00edfica.<\/p>\n\n\n\n<p class=\"has-medium-font-size\"><strong>Equipe<\/strong><\/p>\n\n\n\n<p>Fernando Henrique Borges (P\u00f3s doutorando)<\/p>\n\n\n\n<p>Ana Camila Ferreira de Menezes (Doutoranda \u2013 PPG-PE)<\/p>\n\n\n\n<p>Ana Paula Franco Punhagui (Doutoranda \u2013 PPG-PE)<\/p>\n\n\n\n<p>Ang\u00e9lica Paulina Nunes (Doutoranda \u2013 PPG-PE)<\/p>\n\n\n\n<p>Ivana Regina da Costa (Mestranda \u2013 PPG-PE)<\/p>\n\n\n\n<p>Giovanna Fachetti Frigoli (Mestranda \u2013 PPG-PE)<\/p>\n\n\n\n<p>Karen Gomes Luiz (Inicia\u00e7\u00e3o cient\u00edfica)<\/p>\n\n\n\n<p>D\u00e9bora Hip\u00f3lito Quadreli (Inicia\u00e7\u00e3o cient\u00edfica)<\/p>\n\n\n\n<p>Let\u00edcia Pazin Bomfim (Inicia\u00e7\u00e3o cient\u00edfica)<\/p>\n\n\n\n<p>Maria Stacy dos Santos Silva (Inicia\u00e7\u00e3o cient\u00edfica)<\/p>\n\n\n\n<p>Julia Velho (Inicia\u00e7\u00e3o cient\u00edfica)<\/p>\n\n\n\n<p class=\"has-medium-font-size\"><strong>Publica\u00e7\u00f5es<\/strong><\/p>\n\n\n\n<p>1. Guerra, M. T. ; ERTHAL, R. P. ; PUNHAGUI, A. P. F. ; TRINQUE, C. M. ; BARI, M. A. T. ; NUNES, T. D. M. ; COSTA, W. F. ; CLETO, P. H. ;&nbsp;<strong>SCANTAMBURLO ALVES FERNANDES, GLAURA<\/strong>&nbsp;. REPRODUCTIVE TOXICITY OF MATERNAL EXPOSURE TO DI-(2-ETHILEXYL)PHTHALATE AND BUTYL PARABEN (ALONE OR IN ASSOCIATION) ON BOTH MALE AND FEMALE WISTAR OFFSPRING. JOURNAL OF APPLIED TOXICOLOGY, v. , p. 1 &#8211; 20, 2022<\/p>\n\n\n\n<p>2. OGO, FERNANDA MITHIE ; SIERVO, GLAUCIA ELOISA MUNHOZ LION ; DE MORAES, ANA MARIA PRAXEDES ; MACHADO, KATIA GAMA DE BARROS ; SCARTON, SUELLEN RIBEIRO DA SILVA ; GUIMAR\u00c3ES, ANA TEREZA BITTENCOURT ; CECCHINI, ALESSANDRA LOUREN\u00c7O ; SIM\u00c3O, ANDR\u00c9A NAME COLADO ; MATHIAS, PAULO CEZAR DE FREITAS ; FERNANDES, GLAURA SCANTAMBURLO ALVES . Extended light period in the maternal circadian cycle impairs the reproductive system of the rat male offspring. Journal of Developmental Origins of Health and Disease, v. 12, p. 595-602, 2021<\/p>\n\n\n\n<p>3. ERTHAL, R. P. ; FERRARI, L. S. ; FATTORI, V. ; LUIZ, K. G. ; CUNHA, F. Q. ; PESCIM, R. R. ; CECCHINI, RUBENS ; VERRI, WALDICEU A. ; GUARNIER, F. A. ; FERNANDES, G. S. A. . Exposure to low doses of malathion during juvenile and peripubertal periods impairs testicular and sperm parameters in rats: Role of oxidative stress and testosterone. REPRODUCTIVE TOXICOLOGY, v. 96, p. 17-26, 2020<\/p>\n\n\n\n<p>4. ELOISA MUNHOZ DE LION SIERVO, GL\u00c1UCIA ; OGO, F. M. ; STAURENGO-FERRARI, L. ; Anselmo-Franci, Janete A ; CUNHA, F. Q. ; CECCHINI, R. ; GUARNIER, F. A. ; VERRI JR, W. A. ; FERNANDES, GLAURA SCANTAMBURLO ALVES . Sleep restriction during peripuberty unbalances sexual hormones and testicular cytokines in rats. BIOLOGY OF REPRODUCTION, v. 1, p. 1, 2019.<\/p>\n\n\n\n<p>5. SAMPAIO, CAROLINA FERREIRA ; PRATES, KELLY VAL\u00c9RIO ; SIERVO, GL\u00c1UCIA ELOISA MUNHOZ LION ; MATHIAS, C\u00c9ZAR DE FREITAS ; FERNANDES, GLAURA SCANTAMBURLO ALVES . Impairment of testicular development in rats exposed to acephate during maternal gestation and lactation. Environmental Science and Pollution Research, v. 27, p. 5482-5488, 2019.<\/p>\n\n\n\n<figure class=\"wp-block-image size-large is-resized\"><img loading=\"lazy\" decoding=\"async\" src=\"https:\/\/pos.uel.br\/patologiaexperimental\/wp-content\/uploads\/2022\/10\/img-toxicologia-771x1024.jpg\" alt=\"\" class=\"wp-image-601\" width=\"290\" height=\"385\" srcset=\"https:\/\/pos.uel.br\/patologiaexperimental\/wp-content\/uploads\/2022\/10\/img-toxicologia-771x1024.jpg 771w, https:\/\/pos.uel.br\/patologiaexperimental\/wp-content\/uploads\/2022\/10\/img-toxicologia-226x300.jpg 226w, https:\/\/pos.uel.br\/patologiaexperimental\/wp-content\/uploads\/2022\/10\/img-toxicologia-768x1021.jpg 768w, https:\/\/pos.uel.br\/patologiaexperimental\/wp-content\/uploads\/2022\/10\/img-toxicologia-1156x1536.jpg 1156w, https:\/\/pos.uel.br\/patologiaexperimental\/wp-content\/uploads\/2022\/10\/img-toxicologia-1541x2048.jpg 1541w, https:\/\/pos.uel.br\/patologiaexperimental\/wp-content\/uploads\/2022\/10\/img-toxicologia-scaled.jpg 1926w\" sizes=\"auto, (max-width: 290px) 100vw, 290px\" \/><\/figure>\n\n\n\n<hr class=\"wp-block-separator has-text-color has-site-background-color has-alpha-channel-opacity has-site-background-background-color has-background is-style-wide\"\/>\n\n\n\n<h2 class=\"is-style-highlighted-heading wp-block-heading\">Laborat\u00f3rio de Imunoparasitologia Experimental<\/h2>\n\n\n\n<p class=\"has-medium-font-size\"><strong>Respons\u00e1vel<\/strong><\/p>\n\n\n\n<p class=\"has-medium-font-size\"><strong>Profa. Dra. Idessania Nazareth Costa<\/strong><\/p>\n\n\n\n<p>e-mail: idessania@uel.br<\/p>\n\n\n\n<p>Universidade Estadual de Londrina<\/p>\n\n\n\n<p>Centro de Ci\u00eancias Biol\u00f3gicas<\/p>\n\n\n\n<p>Departamento de Ci\u00eancias Patol\u00f3gicas<\/p>\n\n\n\n<p>Professora de Parasitologia na Universidade Estadual de Londrina desde 2012.<\/p>\n\n\n\n<p class=\"has-medium-font-size\"><strong>Forma\u00e7\u00e3o<\/strong><\/p>\n\n\n\n<p>Bi\u00f3loga (1999) pela Universidade Federal de Uberl\u00e2ndia (UFU); Mestre em Imunologia e Parasitologia Aplicadas (2002) pela Universidade Federal de Uberl\u00e2ndia (UFU); Doutora em Imunologia e Parasitologia Aplicadas (2009) pela Universidade Federal de Uberl\u00e2ndia (UFU); P\u00f3s-doutorado em Imunologia e Parasitologia Aplicadas pela Universidade Federal de Uberl\u00e2ndia (2018).<\/p>\n\n\n\n<p class=\"has-medium-font-size\"><strong>Linha de pesquisa<\/strong><\/p>\n\n\n\n<p>Imunoparasitologia e Diagn\u00f3stico das Doen\u00e7as Negligenciadas<\/p>\n\n\n\n<p class=\"has-medium-font-size\"><strong>Sinopse<\/strong><\/p>\n\n\n\n<ul class=\"wp-block-list\">\n<li><strong>&nbsp;Patogenia de Doen\u00e7as Negligenciadas<\/strong><\/li>\n<\/ul>\n\n\n\n<p><strong>Objetivo<\/strong>: <a>Estudar os mecanismos envolvidos na prote\u00e7\u00e3o e susceptibilidade as doen\u00e7as parasit\u00e1rias. Investiga\u00e7\u00e3o da resposta imune do hospedeiro e os principais mecanismos de resist\u00eancia e evas\u00e3o de parasitos frente a infec\u00e7\u00e3o. Contamos com <\/a>modelos <em>in vitro<\/em>, <em>in vivo<\/em> e pesquisa com humanos nas doen\u00e7as de Leishmaniose Tegumentar Americana e Visceral, Doen\u00e7a de Chagas e Esquistossomose.<\/p>\n\n\n\n<ul class=\"wp-block-list\">\n<li><strong>Intera\u00e7\u00e3o Parasito-Hospedeiro<\/strong><\/li>\n<\/ul>\n\n\n\n<p><strong>Objetivo<\/strong>:&nbsp;Investigar os aspectos celulares e moleculares da intera\u00e7\u00e3o parasito-hospedeiro de interesse cl\u00ednico. Estudo dos fatores de virul\u00eancia, efeitos imunol\u00f3gicos no \u00e2mbito da resposta imune inata e adaptativa e os efeitos imunopatog\u00eanicos que decorrem frente a estas intera\u00e7\u00f5es por meio de modelos experimentais <em>in vitro<\/em> e <em>in vivo<\/em>.<\/p>\n\n\n\n<ul class=\"wp-block-list\">\n<li><strong>com Extratos, Mol\u00e9culas Naturais e Sint\u00e9ticas Bioativas<\/strong><\/li>\n<\/ul>\n\n\n\n<p><strong>Objetivo<\/strong>: Investigar os efeitos bioativos de extratos naturais, mol\u00e9culas de origem natural, biosint\u00e9tica ou biotransformadas que tenham potencial antiparasit\u00e1rio e\/ou antitumoral a fim de desenvolver terapias alternativas menos t\u00f3xicas e com maior seletividade aos organismos parasit\u00e1rios e c\u00e9lulas tumorais.<\/p>\n\n\n\n<p class=\"has-medium-font-size\"><strong>Docentes colaboradores<\/strong><\/p>\n\n\n\n<p>Prof. Dr. Wander Rog\u00e9rio Pavanelli<\/p>\n\n\n\n<p>Prof.\u00aa Dr.\u00aa Larissa Rodrigues Bosqui<\/p>\n\n\n\n<p>Prof.\u00aa Dr.\u00aa Danielle Lazarin Bid\u00f3ia<\/p>\n\n\n\n<p class=\"has-medium-font-size\"><strong>Equipe<\/strong><\/p>\n\n\n\n<p>Yasmin Munhoz dos Santos \u2013Biom\u00e9dica e Doutoranda em Patologia Experimental (UEL).<\/p>\n\n\n\n<p>Mariah Eduarda Gomes Silva \u2013 IC &#8211; Biomedicina (UniFil).<\/p>\n\n\n\n<p>Raisa Ferreira Lima \u2013 IC &#8211; Ci\u00eancias Biol\u00f3gicas (UEL).<\/p>\n\n\n\n<p>Sara Mayumi Suzuki \u2013 IC &#8211; Biomedicina (UniFil).<\/p>\n\n\n\n<p class=\"has-medium-font-size\"><strong>Publica\u00e7\u00f5es<\/strong><\/p>\n\n\n\n<p>1 &#8211; Arruda Da Silva Sanfelice, Raquel; Silva, Taylon Felipe; Tomiotto-Pellissier, Fernanda; Taciane Da Silva Bortoleti, Bruna; Lazarin-Bid\u00f3ia, Danielle; Scandorieiro, Sara; Nakazato, Gerson; Daniel De Barros, Luiz; Garcia, Jo\u00e3o Luis; Verri Junior, Waldiceu Aparecido; Conchon-Costa, Ivete; Pavanelli, Wander Rog\u00e9rio<strong>; Costa, Idessania Nazareth<\/strong>. Biogenic silver nanoparticles reduce Toxoplasma gondii infection and proliferation in RAW 264.7 macrophages by inducing tumor necrosis factor-alpha and reactive oxygen species production in the cells<strong>. MICROBES AND INFECTION<\/strong>. , v.X, p.104971, 2022.<\/p>\n\n\n\n<p>2 &#8211; Sanfelice, Raquel Arruda Da Silva; Bortoleti, Bruna Taciane Da Silva; Tomiotto-Pellissier, Fernanda; Silva, Taylon Felipe; Bosqui, Larissa Rodrigues; Nakazato, Gerson; Castilho, Pablo Menegon; De Barros, Luiz Daniel; Garcia, Jo\u00e3o Luis; Lazarin-Bid\u00f3ia, Danielle; Conchon-Costa, Ivete; Pavanelli, Wander Rog\u00e9rio; <strong>Costa, Idessania Nazareth<\/strong>. Biogenic silver nanoparticles (AgNp-Bio) reduce Toxoplasma gondii infection and proliferation in HeLa cells, and induce autophagy and death of tachyzoites by apoptosis-like mechanism. <strong>ACTA TROPICA.<\/strong>, v.222, p.106070 &#8211; 14, 2021.<\/p>\n\n\n\n<p><strong>3 &#8211; Costa, Idessania Nazareth<\/strong>; Ribeiro, Mayara; Silva Franco, Priscila; Da Silva, Rafaela Jos\u00e9; De Ara\u00fajo, Th\u00e1dia Evelyn; Mili\u00e1n, Iliana Claudia Balga; Luz, Luana Carvalho; Guirelli, P\u00e2mela Mendon\u00e7a; Nakazato, Gerson; Mineo, Jos\u00e9 Roberto; Mineo, Tiago W. P.; Barbosa, Bellisa Freitas; Ferro, Eloisa Am\u00e1lia Vieira. Biogenic Silver Nanoparticles Can Control Toxoplasma Gondii Infection In Both Human Trophoblast Cells And Villous Explants. <strong>FRONTIERS IN MICROBIOLOGY.<\/strong>, V.11, P.1 &#8211; 17, 2021.<\/p>\n\n\n\n<p>4 &#8211; Bosqui, L. R.; Borges, G.; Gonzaga, H.; Goncalves, A. L.; Custodio, L.; Pavanelli, W. R.; Conchon-Costa, I.; Paula, F. M.; Costa-Cruz, J.; <strong>Costa, I. N.<\/strong> Strongyloides-specific IgA, IgG, and IgG immune complex profile in patients with pulmonary tuberculosis. <strong>PARASITE IMMUNOLOGY<\/strong>., v.x, p.1, 2021.<\/p>\n\n\n\n<p>5 &#8211; Bosqui, Larissa Rodrigues; Corral, Marcelo Andreetta; Levy, D\u00e9bora; Bydlowski, S\u00e9rgio Paulo; Gryschek, Ronaldo C\u00e9sar Borges; Custodio, Luiz Antonio; Pavanelli, Wander Rog\u00e9rio; Conchon-Costa, Ivete; Costa-Cruz, Julia Maria; De Paula, Fabiana Martins; <strong>Costa, Idessania Nazareth<\/strong>. Evaluation Of The Dot-Elisa As A Diagnostic Test For Human Strongyloidiasis Based On The Detection of IgA In Saliva. <strong>ACTA TROPICA.<\/strong>&nbsp; v.203, P.105305, 2020.<\/p>\n\n\n\n<figure class=\"wp-block-image size-full is-resized\"><img loading=\"lazy\" decoding=\"async\" src=\"https:\/\/pos.uel.br\/patologiaexperimental\/wp-content\/uploads\/2022\/10\/imuno-experimental.jpg\" alt=\"\" class=\"wp-image-602\" width=\"799\" height=\"600\" srcset=\"https:\/\/pos.uel.br\/patologiaexperimental\/wp-content\/uploads\/2022\/10\/imuno-experimental.jpg 1024w, https:\/\/pos.uel.br\/patologiaexperimental\/wp-content\/uploads\/2022\/10\/imuno-experimental-300x225.jpg 300w, https:\/\/pos.uel.br\/patologiaexperimental\/wp-content\/uploads\/2022\/10\/imuno-experimental-768x576.jpg 768w\" sizes=\"auto, (max-width: 799px) 100vw, 799px\" \/><\/figure>\n\n\n\n<hr class=\"wp-block-separator has-text-color has-site-background-color has-alpha-channel-opacity has-site-background-background-color has-background is-style-wide\"\/>\n\n\n\n<h2 class=\"is-style-highlighted-heading wp-block-heading\">Laborat\u00f3rio de Gen\u00e9tica Molecular e Imunologia e <strong>Laborat\u00f3rio de Estudos e An\u00e1lise de DNA<\/strong><\/h2>\n\n\n\n<p class=\"has-medium-font-size\"><strong>Respons\u00e1vel<\/strong><\/p>\n\n\n\n<p class=\"has-medium-font-size\"><strong>Profa. Dra. Karen Braj\u00e3o de Oliveira<\/strong><\/p>\n\n\n\n<p>e-mail: karen.brajao@uel.br<\/p>\n\n\n\n<p>Universidade Estadual de Londrina<\/p>\n\n\n\n<p>Centro de Ci\u00eancias Biol\u00f3gicas<\/p>\n\n\n\n<p>Departamento de Ci\u00eancias Patol\u00f3gicas<\/p>\n\n\n\n<p>Professora de Imunologia na Universidade Estadual de Londrina desde 2012.<\/p>\n\n\n\n<p>Instagram: @lagmi_uel<\/p>\n\n\n\n<p class=\"has-medium-font-size\"><strong>Forma\u00e7\u00e3o<\/strong><\/p>\n\n\n\n<p>Biom\u00e9dica pela Universidade Estadual de Londrina.<\/p>\n\n\n\n<p>Mestre e Doutora em Patologia Experimental pela Universidade Estadual de Londrina.<\/p>\n\n\n\n<p class=\"has-medium-font-size\"><strong>Linhas de pesquisa<\/strong><\/p>\n\n\n\n<p>&#8211; Mecanismos e Marcadores Moleculares, Celulares e Gen\u00e9ticos de Doen\u00e7as Humanas e Modelos Experimentais<\/p>\n\n\n\n<p>&#8211; Intera\u00e7\u00e3o Microorganismo-hospedeiro: Resposta Imunol\u00f3gica, Diagn\u00f3stico Molecular e Eco-epidemiologia<\/p>\n\n\n\n<p class=\"has-medium-font-size\"><strong>Sinopse<\/strong><\/p>\n\n\n\n<p>O Laborat\u00f3rio de Gen\u00e9tica Molecular e Imunologia e o Laborat\u00f3rio de Estudos e An\u00e1lises de Polimorfismos de DNA, ambos coordenados pela professora Dra Karen Braj\u00e3o de Oliveira desenvolvem projetos de pesquisa e extens\u00e3o, nos quais as principais linhas de pesquisa consistem na busca de marcadores moleculares gen\u00e9ticos relacionados ao sistema imune regulat\u00f3rio que podem estar envolvidos na suscetibilidade \u00e0 infec\u00e7\u00f5es virais, como o HPV, ou na patog\u00eanese de doen\u00e7as como a COVID-19 e c\u00e2nceres como o de colo de \u00fatero, cabe\u00e7a e pesco\u00e7o, entre outros. S\u00e3o desenvolvidos tamb\u00e9m trabalhos de extens\u00e3o, direcionados \u00e0 detec\u00e7\u00e3o molecular do v\u00edrus HPV em mulheres atendidas pelo SUS e tamb\u00e9m direcionados \u00e0 preven\u00e7\u00e3o da infec\u00e7\u00e3o pelo HPV e do desenvolvimento do c\u00e2ncer de colo de \u00fatero.<\/p>\n\n\n\n<p class=\"has-medium-font-size\"><strong>Equipe<\/strong><\/p>\n\n\n\n<p>Doutorandos<\/p>\n\n\n\n<p>&#8211; Jana\u00edna Nicolau de Oliveira<\/p>\n\n\n\n<p>&#8211; Sarah Lott Moretto<\/p>\n\n\n\n<p>&#8211; Rafaela de Jaime Curti<\/p>\n\n\n\n<p>&#8211; Eliza Pizarro Castilha<\/p>\n\n\n\n<p>&#8211; Caroline Yukari Motoori Fernandes<\/p>\n\n\n\n<p>Mestrandos<\/p>\n\n\n\n<p>&#8211; Maylla Cardoso de Oliveira<\/p>\n\n\n\n<p>Alunos de IC<\/p>\n\n\n\n<p>&#8211; Tha\u00edla Cristina Faria Pacheco<\/p>\n\n\n\n<p>&#8211; Giulia Mariane Fortunato<\/p>\n\n\n\n<p>&#8211; Mariane Riciardi da Silva<\/p>\n\n\n\n<p>&#8211; Isaura Maria Fuzinatto<\/p>\n\n\n\n<p>Inicia\u00e7\u00e3o Extensionista<\/p>\n\n\n\n<p>&#8211; Rayssa Menon Santos<\/p>\n\n\n\n<p>IC Junior<\/p>\n\n\n\n<p>&#8211; Allana Ferreira Carvalho Lima<\/p>\n\n\n\n<p class=\"has-medium-font-size\"><strong>Publica\u00e7\u00f5es<\/strong><\/p>\n\n\n\n<p>1 &#8211; OKUYAMA, N. C. M.; CEZAR-DOS-SANTOS, F.; TRUGILO, K. P.; ESPOSITO, A.; GUEMBAROVSKI, R.L.; COUTO FILHO, J. O.; WATANABE, M. A. E.; OLIVEIRA, K. B.. CXCL12\/CXCR4 axis gene variants contribute to an increased vulnerability to HPV infection and cervical oncogenesis. JOURNAL OF CANCER RESEARCH AND CLINICAL ONCOLOGY, p. 1-10, 2022.<\/p>\n\n\n\n<p>2 &#8211; CURTI, R. R. J.; CASTILHA, E. P.; BONALDO, A. L. L.; OKUYAMA, N. C. M.; TRUGILO, K. P.; GUEMBAROVSKI, R.L.; COUTO-FILHO, J. O.; WATANABE, M. A. E.; OLIVEIRA, K. B. Development of cervical intraepithelial lesions and cervical cancer is not influenced by SOD2 RS4880 polymorphism. PATHOLOGY RESEARCH AND PRACTICE, v. 230, p. 153742, 2022.<\/p>\n\n\n\n<p>3 &#8211; BERTI, F. C. B.; LOBO-ALVES, S. C.; TORE, C. F. O.; SALVIANO-SILVA, A.; OLIVEIRA, K. B.; SOUZA, P. S. A.; PARK, J. K.; CIPOLLA, G. A.; MALHEIROS, D. Competing Endogenous RNAs in Cervical Carcinogenesis: A New Layer of Complexity. PROCESSES, v. 9, p. 991, 2021.<\/p>\n\n\n\n<p>4 &#8211; PEREIRA, N. S.; BOCCHI, M.; FERNANDES, C. Y. M.; HIRATA, B. K. B.; MELO, L. G. P.; OLIVEIRA, K. B.; VITIELLO, GAF ; OLIVEIRA, C E C; CAMPOS, C. Z.; AMARANTE, M. K.; WATANABE, M. A. E. An association between chronic life stressors prior to diagnosis and molecular subtypes of breast cancer. EXCLI Journal, v. 20, p. 1370-1378, 2021.<\/p>\n\n\n\n<p>5 &#8211; SENA, M.M.; TRUGILO, K.P.; OKUYAMA, N.C.M.; PEREIRA, E.R.; CEZAR-DOS-SANTOS, F.; FERREIRA, R.S.; ESPOSITO, A.; PEREIRA, A.P.L.; D&#8217;OLIVEIRA COUTO-FILHO, J.; WATANABE, M.A.E.; DE OLIVEIRA, K.B. The role of NFKB1\/NFKBIA genetic variants in HPV infection: A cross-sectional cohort study. EXPERIMENTAL AND MOLECULAR PATHOLOGY, v. 1, p. 104716, 2021.<\/p>\n\n\n\n<p>6 &#8211; FIGUEIREDO, D.L.A.X.; OLIVEIRA, K.B. et al.; COVID-19: The question of genetic diversity and therapeutic intervention approaches. GENETICS AND MOLECULAR BIOLOGY (ONLINE VERSION), v. 44, p. 1-19, 2021.<\/p>\n\n\n\n<p>7 &#8211; PEREIRA, A.P.L.; TRUGILO, K.P.; OKUYAMA, N.C.M.; SENA, M.M.; COUTO-FILHO, J. O.; WATANABE, M.A.E.; DE OLIVEIRA, K.B. IL-10 c.-592C&gt;A (rs1800872) polymorphism is associated with cervical cancer. JOURNAL OF CANCER RESEARCH AND CLINICAL ONCOLOGY, v. 146, p. 1971-1978, 2020.<\/p>\n\n\n\n<p>8 &#8211; CEZAR-DOS-SANTOS, F.; BERTI, F.C.B.; OKUYAMA, N.C.M.; TRUGILO, K.P.; SIM\u00c3O, A.N.C.; WATANABE, M.A.E.; BRAJ\u00c3O DE OLIVEIRA, K. FOXP3 Genetic Variants Do Not Impact Circulating and Cervical Interleukin-10 Levels in Human Papillomavirus Infection in Women. VIRAL IMMUNOLOGY, v. 33, p. 652-655, 2020.<\/p>\n\n\n\n<p>9 &#8211; MANGIERI, L. F. L. ; SENA, M. M. ; SANTOS, F. C. ; TRUGILO, K. P. ; OKUYAMA, N. C. M. ; PEREIRA, E. R. ; MARIA, G. C. Q. ; WATANABE, M. A. E. ; OLIVEIRA, K. B. . CCR5 genetic variants and epidemiological determinants for HPV infection and cervical premalignant lesions. INTERNATIONAL JOURNAL OF IMMUNOGENETICS, v. 46(5), p.331-338, 2019.<\/p>\n\n\n\n<p>10 &#8211; BERTI, F.C.B.; SALVIANO-SILVA, A. ; BECKERT, H. ; OLIVEIRA, K. B. ; CIPOLLA, G. ; MALHEIROS, D. From squamous intraepithelial lesions to cervical cancer: Circulating microRNAs as potential biomarkers in cervical carcinogenesis. BIOCHIMICA ET BIOPHYSICA ACTA-REVIEWS ON CANCER, 1872(2):188306. 2019.<\/p>\n\n\n\n<p>11 &#8211; CEZAR-DOS-SANTOS, F.; FERREIRA, R.S.; OKUYAMA, N.C.M.; TRUGILO, K.P.; SENA, M.M.; PEREIRA, E.R.; PEREIRA, A.P.L.; WATANABE, M.A.E.; DE OLIVEIRA, K.B. FOXP3 immunoregulatory gene variants are independent predictors of human papillomavirus infection and cervical cancer precursor lesions. JOURNAL OF CANCER RESEARCH AND CLINICAL ONCOLOGY, v. 145, p. 2013-2025, 2019.<\/p>\n\n\n\n<p>12 &#8211; OKUYAMA, N.C.M.; CEZAR-DOS-SANTOS, F.; PEREIRA, E.R.; TRUGILO, K.P.; CEBINELLI, G.C.M.; SENA, M.M.; PEREIRA, A.P.L.; ARANOME, A.M.F.; MANGIERI, L.F.L.; FERREIRA, R.S.; WATANABE, M.A.E.; DE OLIVEIRA, K.B. Genetic variant in CXCL12 gene raises susceptibility to HPV infection and squamous intraepithelial lesions development: a case-control study. JOURNAL OF BIOMEDICAL SCIENCE, v. 25, p. 1-10, 2018.<\/p>\n\n\n\n<p>13 &#8211; TRUGILO, K.P.; CEBINELLI, G.C.M.; BERTI, F.C.B.; OKUYAMA, N.C.M.; CEZAR-DOS-SANTOS, F.; SENA, M.M.; MANGIERI, L.F.L.; WATANABE, M.A.E.; DE OLIVEIRA, K.B. Polymorphisms in the TGFB1 signal peptide influence human papillomavirus infection and development of cervical lesions. MEDICAL MICROBIOLOGY AND IMMUNOLOGY, v. 208, p. 49-58, 2018.<\/p>\n\n\n\n<p>14 &#8211; BERTI, F.C.B.; PEREIRA, A.P.L.; CEBINELLI, G.C.M.; TRUGILO, K.P.; BRAJ\u00c3O DE OLIVEIRA, K. The role of interleukin 10 in human papilloma virus infection and progression to cervical carcinoma. CYTOKINE &amp; GROWTH FACTOR REVIEWS, v. 34, p. 1-13, 2017.<\/p>\n\n\n\n<p>15 &#8211; BERTI, F.C.B.; PEREIRA, A.P.L.; TRUGILO, K.P.; CEBINELLI, G. C. M. ; SILVA, L. F. R. S. ; LOZOVOY, M. A. B. ; SIMAO, A. N. C. ; WATANABE, M. A. E. ; OLIVEIRA, K. B. . IL-10 gene polymorphism c.-592C &gt; A increases HPV infection susceptibility and influences IL-10 levels in HPV infected women. INFECTION GENETICS AND EVOLUTION, v. 53, p. 128-134, 2017.<\/p>\n\n\n\n<p>16 &#8211; CEBINELLI, G. C. M.; TRUGILO, K. P.; GARCIA, S. B.; OLIVEIRA, K. B. TGFB1 functional polymorphisms: a review. EUROPEAN CYTOKINE NETWORK, v. 27, p. 81-89, 2016.<\/p>\n\n\n\n<figure class=\"wp-block-image size-large is-resized\"><img loading=\"lazy\" decoding=\"async\" src=\"https:\/\/pos.uel.br\/patologiaexperimental\/wp-content\/uploads\/2022\/10\/genetica-molecular-1024x751.jpg\" alt=\"\" class=\"wp-image-603\" width=\"844\" height=\"620\" srcset=\"https:\/\/pos.uel.br\/patologiaexperimental\/wp-content\/uploads\/2022\/10\/genetica-molecular-1024x751.jpg 1024w, https:\/\/pos.uel.br\/patologiaexperimental\/wp-content\/uploads\/2022\/10\/genetica-molecular-300x220.jpg 300w, https:\/\/pos.uel.br\/patologiaexperimental\/wp-content\/uploads\/2022\/10\/genetica-molecular-768x564.jpg 768w, https:\/\/pos.uel.br\/patologiaexperimental\/wp-content\/uploads\/2022\/10\/genetica-molecular-1536x1127.jpg 1536w, https:\/\/pos.uel.br\/patologiaexperimental\/wp-content\/uploads\/2022\/10\/genetica-molecular.jpg 1567w\" sizes=\"auto, (max-width: 844px) 100vw, 844px\" \/><\/figure>\n\n\n\n<hr class=\"wp-block-separator has-text-color has-site-background-color has-alpha-channel-opacity has-site-background-background-color has-background is-style-wide\"\/>\n\n\n\n<h2 class=\"is-style-highlighted-heading wp-block-heading\"><strong>Laborat\u00f3rio de Imunologia Animal<\/strong><\/h2>\n\n\n\n<p class=\"has-medium-font-size\"><strong>Respons\u00e1vel<\/strong><\/p>\n\n\n\n<p class=\"has-medium-font-size\"><strong>Prof. Dr. Mario Augusto Ono<\/strong><\/p>\n\n\n\n<p>e-mail: marioono@uel.br<\/p>\n\n\n\n<p>Universidade Estadual de Londrina<\/p>\n\n\n\n<p>Centro de Ci\u00eancias Biol\u00f3gicas<\/p>\n\n\n\n<p>Departamento de Ci\u00eancias Patol\u00f3gicas<\/p>\n\n\n\n<p>Professor de Imunologia na Universidade Estadual de Londrina desde 1990.<\/p>\n\n\n\n<p class=\"has-medium-font-size\"><strong>Forma\u00e7\u00e3o<\/strong><\/p>\n\n\n\n<p>Mestre em Bioqu\u00edmica pela Universidade Federal do Rio Grande do Sul, doutor em Microbiologia e Imunologia pela Universidade Federal de S\u00e3o Paulo.<\/p>\n\n\n\n<p class=\"has-medium-font-size\"><strong>Linha de pesquisa<\/strong><\/p>\n\n\n\n<p>Eco-epidemiologia da Paracoccidioidomicose.<\/p>\n\n\n\n<p class=\"has-medium-font-size\"><strong>Sinopse<\/strong><\/p>\n\n\n\n<p>O nosso grupo tem produzido v\u00e1rios trabalhos sobre aspectos eco-epidemiol\u00f3gicos da paracoccidioidomicose (PCM) que podem contribuir para a elucida\u00e7\u00e3o do habitat dos agentes etiol\u00f3gicos da PCM, <em>Paracoccidioides brasiliensis<\/em> e <em>P. lutzii<\/em>, bem como \u00e0 descoberta de novas esp\u00e9cies de animais suscept\u00edveis ao desenvolvimento da PCM.<\/p>\n\n\n\n<p class=\"has-medium-font-size\"><strong>Equipe<\/strong><\/p>\n\n\n\n<p>Mario Augusto Ono<\/p>\n\n\n\n<p>Giovana Gomes de Carvalho Ishiuchi (Doutoranda)<\/p>\n\n\n\n<p>Igor Massahiro de Souza Suguiura (Doutorando)<\/p>\n\n\n\n<p>A\u00e7ucena Veleh Rivas (Doutoranda)<\/p>\n\n\n\n<p>Mariana Alves Chiaretto (Inicia\u00e7\u00e3o Cient\u00edfica)<\/p>\n\n\n\n<p>Yasmin Natel Marlier (Inicia\u00e7\u00e3o Cient\u00edfica)<\/p>\n\n\n\n<p class=\"has-medium-font-size\"><strong>Publica\u00e7\u00f5es<\/strong><\/p>\n\n\n\n<p>1. Suguiura, I. M. S.;&nbsp;Ono, M.A. Compulsory notification of paracoccidioidomycosis: A 14-year retrospective study of the disease in the state of Paran\u00e1, Brazil. MYCOSES, v. 65, p. 354-361, 2022.<\/p>\n\n\n\n<p>2. De Souza Suguiura, I. M.; Macagnan, R.; Omori, A. M.; Buck, E. L.; Scarpassa, J. A. ; Pretto-Giordano, L. G. ; Vilas-Boas, L. A. ; de Camargo, Z. P. ; Itano, E. N. ;&nbsp;Ono, M.A. First report of Paracoccidioides brasiliensis infection in fish. MEDICAL MYCOLOGY, v. 58, p. 737-743, 2020.<\/p>\n\n\n\n<p>3. Headley, S. A.; Pretto-Giordano, L. G.; Di Santis, G. W. ; Gomes, L. A. ; Macagnan, R. ; Da N\u00f3brega, D. F. ; Leite, K. M. ; De Alc\u00e2ntara, B. K. ; Itano, E. N. ; Alfieri, A. A. ;&nbsp;Ono, M. A. Paracoccidioides brasiliensis-associated dermatitis and lymphadenitis in a dog. Mycopathologia (1975. Print), v. 182, p. 425-434, 2017.<\/p>\n\n\n\n<p>4. <a href=\"http:\/\/lattes.cnpq.br\/3123853181372937\" target=\"_blank\" rel=\"noreferrer noopener\">Petroni, T. F.<\/a>&nbsp;; Bonfietti, L. X. ; Zaninelli, T.H. ; Itano, Eiko N. ;&nbsp;Ono, M.A.&nbsp;. Serological Evidence of Infection by Paracoccidioides brasiliensis in Dogs with Leishmaniasis. Mycopathologia, v. 182, p. 947-952, 2017.<\/p>\n\n\n\n<p>5. <a rel=\"noreferrer noopener\" href=\"http:\/\/lattes.cnpq.br\/4475471822328111\" target=\"_blank\">Sbeghen, M. R.<\/a>; Zanata, T. B. ;&nbsp;<a rel=\"noreferrer noopener\" href=\"http:\/\/lattes.cnpq.br\/2730966546094546\" target=\"_blank\">Macagnan, R.<\/a>&nbsp;; Abreu, K. C. ; Cunha, W. L. ;&nbsp;<a rel=\"noreferrer noopener\" href=\"http:\/\/lattes.cnpq.br\/3411343294900797\" target=\"_blank\">Watanabe, M. A. E<\/a>.&nbsp;; Camargo, Z. P. ;&nbsp;Ono, M. A<strong>.<\/strong>&nbsp;. Paracoccidioides brasiliensis infection in small wild mammals. Mycopathologia (1975. Print), v. 180, p. 435-440, 2015.<\/p>\n\n\n\n<figure class=\"wp-block-image size-large is-resized\"><img loading=\"lazy\" decoding=\"async\" src=\"https:\/\/pos.uel.br\/patologiaexperimental\/wp-content\/uploads\/2022\/10\/imuno-animal-775x1024.jpg\" alt=\"\" class=\"wp-image-604\" width=\"287\" height=\"380\" srcset=\"https:\/\/pos.uel.br\/patologiaexperimental\/wp-content\/uploads\/2022\/10\/imuno-animal-775x1024.jpg 775w, https:\/\/pos.uel.br\/patologiaexperimental\/wp-content\/uploads\/2022\/10\/imuno-animal-227x300.jpg 227w, https:\/\/pos.uel.br\/patologiaexperimental\/wp-content\/uploads\/2022\/10\/imuno-animal-768x1015.jpg 768w, https:\/\/pos.uel.br\/patologiaexperimental\/wp-content\/uploads\/2022\/10\/imuno-animal.jpg 937w\" sizes=\"auto, (max-width: 287px) 100vw, 287px\" \/><\/figure>\n\n\n\n<hr class=\"wp-block-separator has-text-color has-site-background-color has-alpha-channel-opacity has-site-background-background-color has-background is-style-wide\"\/>\n\n\n\n<h2 class=\"is-style-highlighted-heading wp-block-heading\">Laborat\u00f3rio de Fisiologia e Fisiopatologia Cardiovascular<\/h2>\n\n\n\n<p class=\"has-medium-font-size\"><strong>Respons\u00e1vel<\/strong><\/p>\n\n\n\n<p class=\"has-medium-font-size\"><strong>Profa. Dra. Marli Cardoso Martins Pinge<\/strong><\/p>\n\n\n\n<p>e-mail: martinspinge@uel.br<\/p>\n\n\n\n<p>Universidade Estadual de Londrina, Centro de Ci\u00eancias Biol\u00f3gicas, Departamento de Ci\u00eancias Fisiol\u00f3gicas<\/p>\n\n\n\n<p>Professora de Fisiologia na Universidade Estadual de Londrina desde 1997.<\/p>\n\n\n\n<p>Link CV Lattes: <a href=\"http:\/\/lattes.cnpq.br\/0791976490438294\">http:\/\/lattes.cnpq.br\/0791976490438294<\/a><\/p>\n\n\n\n<p class=\"has-medium-font-size\"><strong>Forma\u00e7\u00e3o<\/strong><\/p>\n\n\n\n<p>Bi\u00f3loga (1986) pela Pontif\u00edcia Universidade Cat\u00f3lica de Campinas (PUCCAMP); Mestre em Fisiologia (1991) pela Universidade Estadual de Campinas (UNICAMP); Doutora em Farmacologia (1998) pela Universidade Federal de S\u00e3o Paulo (UNIFESP); P\u00f3s-doutorado em controle neural da circula\u00e7\u00e3o pela Universidade de Missouri\/Columbia, Estados Unidos (2003-2004).<\/p>\n\n\n\n<p class=\"has-medium-font-size\"><strong>Linhas de pesquisa<\/strong><\/p>\n\n\n\n<p>Fisiopatologia da s\u00edndrome metab\u00f3lica<\/p>\n\n\n\n<p>Disfun\u00e7\u00f5es cardiovasculares na doen\u00e7a de Parkinson<\/p>\n\n\n\n<p class=\"has-medium-font-size\"><strong>Sinopse<\/strong><\/p>\n\n\n\n<p>O interesse do laborat\u00f3rio de fisiologia e fisiopatologia cardiovascular est\u00e1 em estudar os mecanismos de controle cardiocirculat\u00f3rio central e perif\u00e9rico em animais sob condi\u00e7\u00f5es fisiol\u00f3gicas como o exerc\u00edcio f\u00edsico e mudan\u00e7as posturais, bem como em modelos animais de doen\u00e7as como a obesidade, a sepse, a doen\u00e7a de Chagas e o parkinsonismo. Para essa abordagem utilizamos t\u00e9cnicas de estereotaxia; registro cardiovascular invasivo e n\u00e3o invasivo; an\u00e1lise da variabilidade cardiovascular e dosagens bioqu\u00edmicas em plasma e tecidos.<\/p>\n\n\n\n<p class=\"has-medium-font-size\"><strong>Equipe<\/strong><\/p>\n\n\n\n<p>P\u00f3s-doc:<\/p>\n\n\n\n<p>Dra. Gabriela de Souza Reginato\u2013 Biom\u00e9dica, Mestre em Anatomia pela Universidade Estadual de S\u00e3o Paulo (USP) e Doutora pelo PMPGCF (SBFis-UEL)<\/p>\n\n\n\n<p>Dr Fernando Henrique Borges\u2013 Farmac\u00eautico, Mestre e Doutor em Ci\u00eancias da Sa\u00fade (UEL).<\/p>\n\n\n\n<p>P\u00f3s-gradua\u00e7\u00e3o:<\/p>\n\n\n\n<p>Blenda Hyedra de Campos \u2013 Biom\u00e9dica, Mestre pelo PMPGCF (SBFis-UEL) e Doutoranda em Ci\u00eancias Fisiol\u00f3gicas (UEL).<\/p>\n\n\n\n<p>Lorena de Jager \u2013 Biom\u00e9dica, Mestre e doutoranda pelo PMPGCF (SBFis-UEL).<\/p>\n\n\n\n<p>Inicia\u00e7\u00e3o Cient\u00edfica:<\/p>\n\n\n\n<p>Amabile Lorena Silva Alves Pereira\u2013 Farm\u00e1cia (UEL).<\/p>\n\n\n\n<p>Gabriela Seidel Ramos\u2013 Farm\u00e1cia (UEL).<\/p>\n\n\n\n<p>Giovana Cristina Berbert Brizolla\u2013 Farm\u00e1ca (UEL).<strong><\/strong><\/p>\n\n\n\n<p class=\"has-medium-font-size\"><strong>Principais trabalhos publicados<\/strong><\/p>\n\n\n\n<p>1- CUNHA, N. V.; Pinge-Filho, P. ; PANIS, C. ; SILVA, B. R. ; PERMONIAN, L. ; GRANDO, M. D. ; Cecchini R ; BENDHACK, L. M. ; MARTINS-PINGE, M. C. . DECREASED ENDOTHELIAL NITRIC OXIDE, SYSTEMIC OXIDATIVE STRESS AND INCREASED SYMPATHETIC MODULATION CONTRIBUTE TO HYPERTENSION IN OBESE RATS. <strong>American Journal of Physiology. Heart and Circulatory Physiology,<\/strong> v. 306, p. H1472-H1480, 2014.<\/p>\n\n\n\n<p>2- ARIZA, D. ; SISDELI, L. ; CRESTANI, Carlos Cesar ; Fazan Jr., R ; MARTINS-PINGE, M. C. . DYSAUTONOMIAS IN PARKINSON&#8217;S DISEASE: CARDIOVASCULAR CHANGES AND AUTONOMIC MODULATION IN CONSCIOUS RATS AFTER INFUSION OF BILATERAL 6-OHDA IN SUBSTANTIA NIGRA. <strong>American Journal of Physiology. Heart and Circulatory Physiology, <\/strong>v. 308, p. H250-H257, 2015.<\/p>\n\n\n\n<p>3- RAQUEL, H. A. ; MASSON, G. S. ; BARNA, B. F. ; ZANLUQUI, N. ; PINGE-FILHO, PHILENO ; Michelini LC ; MARTINS-PINGE, M. C. . SWIMMING TRAINING MODULATES NITRIC OXIDE-GLUTAMATE INTERACTION IN THE ROSTRAL VENTROLATERAL MEDULLA IN NORMOTENSIVE CONSCIOUS RATS. <strong>Frontiers in Physiology<\/strong>, v. 7, p. 221, 2016.<\/p>\n\n\n\n<p>4- PAULA, J. C. C. ; CAMPOS, B. H. ; AMORIM, E. D. T. ; SILVA, R. V. ; FARIAS, C. C. ; HIGASHI, L. ; Pinge-Filho, P. ; BARBOSA, D. S. ; MARTINS-PINGE, M. C. . Cardiovascular risk and the effect of nitric oxide synthase inhibition in female rats: The role of estrogen. <strong>EXPERIMENTAL GERONTOLOGY<\/strong>, v. 97, p. 38-48, 2017.<\/p>\n\n\n\n<p>5- LUCCHETTI, B. ; ZANLUQUI, N. ; RAQUEL, H. A. ; LOVO-MARTINS, M. I. ; TATAKIHARA VL ; BELEM, M. O. ; Michelini LC ; ARAUJO, E. J. A. ; Pinge-Filho, P. ; MARTINS-PINGE, M. C. . Moderate treadmill exercise training improves cardiovascular and nitrergic response and resistance to Trypanosoma cruzi infection in mice. <strong>Frontiers in Physiology<\/strong>, v. 8, p. 315, 2017.<\/p>\n\n\n\n<p>6- PAULA, J. C. C. ; CAMPOS, B. H. ; JAGER, L. ; AMORIM, E. D. T. ; ZANLUQUI, N. ; FARIAS, C. C. ; HIGASHI, L. ; PINGE-FILHO, PHILENO ; BARBOSA, D. S. ; MARTINS-PINGE, M. C. . Effects of Inducible Nitric Oxide Synthase Inhibition on Cardiovascular Risk of Adult Endotoxemic Female Rats: Role of Estrogen. <strong>Frontiers in Physiology<\/strong>, v. 9, p. 1020, 2018.<\/p>\n\n\n\n<p>7- RAQUEL, H. A. ; FERREIRA, N. Z. ; LUCCHETTI, B. ; BARNA, B. F. ; PINGE-FILHO, PHILENO ; Michelini LC ; MARTINS-PINGE, M. C. . The essential role of hypothalamic paraventricular nucleus nNOS in the modulation of autonomic control in exercised rats. <strong>NITRIC OXIDE-BIOLOGY AND CHEMISTRY<\/strong>, v. 79, p. 14-24, 2018.<\/p>\n\n\n\n<p>8- DE JAGER, LORENA ; AMORIM, ERIC DIEGO TUROSSI ; LUCCHETTI, BRUNO FERNANDO CRUZ ; LOPES, FERNANDA NOVI CORTEGOSO ; CRESTANI, Carlos Cesar ; PINGE-FILHO, PHILENO ; MARTINS-PINGE, MARLI CARDOSO . Nitric oxide alterations in cardiovascular system of rats with Parkinsonism induced by 6-OHDA and submitted to previous exercise. <strong>LIFE SCIENCES<\/strong>, v. 204, p. 78-86, 2018.<\/p>\n\n\n\n<p>9- LUCCHETTI, B. ; BOARETTO, N. ; LOPES, F. N. C. ; MALVEZI, A. D. ; LOVO-MARTINS, M. I. ; TATAKIHARA, V. ; FATTORI, V. ; PEREIRA, R. ; VERRI JUNIOR, W. ; ARAUJO, E. J. A. ; PINGE-FILHO, PHILENO ; MARTINS-PINGE, M. C. . Metabolic syndrome agravates cardiovascular, oxidative and inflammatory dysfunction during the acute phase of Trypanosoma cruzi infection in mice. <strong>Scientific Reports<\/strong>, v. 9, p. 18885, 2019.<\/p>\n\n\n\n<p>10- TUROSSI AMORIM, ERIC DIEGO ; DE JAGER, LORENA ; MARTINS, ANDRESSA BUSETTI ; RODRIGUES, ANANDA TOTTI ; CRUZ LUCCHETTI, BRUNO FERNANDO ; ARIZA, DEBORAH ; PINGE&#8217;FILHO, PHILENO ; CRESTANI, Carlos Cesar ; UCHOA, ERNANE TORRES ; MARTINS&#8217;PINGE, MARLI CARDOSO . Glutamate and GABA neurotransmission are increased in paraventricular nucleus of hypothalamus in rats induced to 6-OHDA parkinsonism: Involvement of nNOS. <strong>ACTA PHYSIOLOGICA (ONLINE),<\/strong> v. 226, p. e13264, 2019.<\/p>\n\n\n\n<p>11- DE CAMPOS, BLENDA HYEDRA ; DE JAGER, LORENA ; REGINATO, GABRIELA SOUZA ; PEREIRA, RITO SANTO ; CRESTANI, Carlos C\u00e9sar ; PINGE-FILHO, PHILENO ; MARTINS-PINGE, MARLI CARDOSO . Cardiovascular evaluation of female rats with 6-OHDA-induced parkinsonism: Possible protection by ovarian hormones and participation of nitric oxide. <strong>LIFE SCIENCES,<\/strong> v. 259, p. 118259, 2020.<\/p>\n\n\n\n<p>12- RAQUEL, H. A. ; GUAZELLI, C. F. S. ; VERRI JR, W. A. ; Michelini LC ; MARTINS-PINGE, M. C. . Swimming training reduces iNOS expression, augments the antioxidant defense and reduces sympathetic responsiveness in the rostral ventrolateral medulla of normotensive male rats. <strong>BRAIN RESEARCH BULLETIN<\/strong>, v. 170, p. 225-233, 2021.<\/p>\n\n\n\n<p>13- LOPES, F. N. C. ; CUNHA, N. V. ; CAMPOS, B. H. ; FATTORI, V. ; PANIS, C. ; Cecchini R ; VERRI JUNIOR, W. ; PINGE-FILHO, PHILENO ; MARTINS-PINGE, M. C. . Antioxidant therapy reverses sympathetic dysfunction, oxidative stress, and hypertension in male hyperadipose rats. <strong>LIFE SCIENCES<\/strong>, v. 295, p. 120405, 2022.<\/p>\n\n\n\n<figure class=\"wp-block-image size-full is-resized\"><img loading=\"lazy\" decoding=\"async\" src=\"https:\/\/pos.uel.br\/patologiaexperimental\/wp-content\/uploads\/2022\/10\/fisio-cardio.jpg\" alt=\"\" class=\"wp-image-605\" width=\"256\" height=\"380\" srcset=\"https:\/\/pos.uel.br\/patologiaexperimental\/wp-content\/uploads\/2022\/10\/fisio-cardio.jpg 278w, https:\/\/pos.uel.br\/patologiaexperimental\/wp-content\/uploads\/2022\/10\/fisio-cardio-202x300.jpg 202w\" sizes=\"auto, (max-width: 256px) 100vw, 256px\" \/><\/figure>\n\n\n\n<hr class=\"wp-block-separator has-text-color has-site-background-color has-alpha-channel-opacity has-site-background-background-color has-background is-style-wide\"\/>\n\n\n\n<h2 class=\"is-style-highlighted-heading wp-block-heading\">Laborat\u00f3rio de Imunopatologia Experimental<\/h2>\n\n\n\n<p class=\"has-medium-font-size\"><strong>Respons\u00e1vel<\/strong><\/p>\n\n\n\n<p class=\"has-medium-font-size\"><strong>Prof. Dr. Phileno Pinge Filho<\/strong><\/p>\n\n\n\n<p>e-mail: pingefilho@uel.br<\/p>\n\n\n\n<p>Universidade Estadual de Londrina, Centro de Ci\u00eancias Biol\u00f3gicas, Departamento de Ci\u00eancias Patol\u00f3gicas<\/p>\n\n\n\n<p>Professor de Imunologia na Universidade Estadual de Londrina desde 1996.<\/p>\n\n\n\n<p class=\"has-medium-font-size\"><strong>Forma\u00e7\u00e3o<\/strong><\/p>\n\n\n\n<p>Bi\u00f3logo (1989) pela Universidade Estadual Paulista J\u00falio de Mesquita Filho (UNESP); Mestre em Biologia (Imunologia) (1993) pela Universidade Estadual de Campinas (UNICAMP); Doutor em microbiologia e imunologia (1999) pela Universidade Federal de S\u00e3o Paulo (UNIFESP); P\u00f3s-doutorado em ci\u00eancias biol\u00f3gicas pela Universidade de Missouri, Estados Unidos (2004).<\/p>\n\n\n\n<p class=\"has-medium-font-size\"><strong>Linhas de pesquisa<\/strong><\/p>\n\n\n\n<p>Obesidade e inflama\u00e7\u00e3o<\/p>\n\n\n\n<p>Regula\u00e7\u00e3o das respostas imunol\u00f3gicas celulares e da resist\u00eancia na infec\u00e7\u00e3o experimental por <em>Trypanosoma cruzi<\/em><\/p>\n\n\n\n<p>Intera\u00e7\u00e3o Parasito-Hospedeiro<\/p>\n\n\n\n<p class=\"has-medium-font-size\"><strong>Sinopse<\/strong><\/p>\n\n\n\n<p>O Laborat\u00f3rio de Imunopatologia Experimental (LIE) faz parte do Departamento de Ci\u00eancias Patol\u00f3gicas do Centro de Ci\u00eancias Biol\u00f3gicas da UEL. O pessoal do Laborat\u00f3rio de Imunopatologia desenvolve pesquisa que utiliza uma variedade de t\u00e9cnicas anal\u00edticas de imunofenotipagem, incluindo imuno-histoqu\u00edmica, citometria de fluxo e ELISA. A maioria dos ensaios s\u00e3o para an\u00e1lise das respostas imunol\u00f3gicas celulares e da resist\u00eancia por <em>Trypanosoma cruzi<\/em>, o agente causal da doen\u00e7a de Chagas. &nbsp;O laborat\u00f3rio tamb\u00e9m desenvolve projetos de pesquisa voltados para a compreens\u00e3o&nbsp; do papel das prostaglandinas e de \u00f3xido n\u00edtrico no desenvolvimento da s\u00edndrome metab\u00f3lica associados com processos infecciosos durante a sepse polimicrobiana em modelos animais e tamb\u00e9m na doen\u00e7a periodontal.<\/p>\n\n\n\n<p class=\"has-medium-font-size\"><strong>Equipe<\/strong><\/p>\n\n\n\n<p>Pesquisadores colaboradores:<\/p>\n\n\n\n<p>Profa. Dra. Maria Isabel Lovo Martins Busch Pereira \u2013 Biom\u00e9dica, Mestre em Patologia Experimental (2012) pela Universidade Estadual de Londrina &#8211; UEL. Doutora em Bioci\u00eancias (2018) pelo programa de P\u00f3s-gradua\u00e7\u00e3o em Bioci\u00eancias e Biotecnologia do Instituto Carlos Chagas &#8211; ICC &#8211; Fiocruz\/PR<\/p>\n\n\n\n<p>Prof.\u00aa Adjunta (Colaboradora) em Patologia na UEL.<\/p>\n\n\n\n<p>Dra. Aparecida Donizette Malvezi \u2013 Bi\u00f3loga, Mestre e Doutora em Patologia Experimental (UEL).<\/p>\n\n\n\n<p>P\u00f3s-gradua\u00e7\u00e3o:<\/p>\n\n\n\n<p>Me. Raquel Pires Nakama \u2013 Bi\u00f3loga, Mestre e Doutoranda em Patologia Experimental (UEL).<\/p>\n\n\n\n<p>Me. Lucas Felipe dos Santos \u2013 Bi\u00f3logo, Mestre e doutorando em Microbiologia (UEL).<\/p>\n\n\n\n<p>Lucas Sobral de Rossi \u2013 Dentista e mestrando em Patologia Experimental (UEL).<\/p>\n\n\n\n<p>Inicia\u00e7\u00e3o cient\u00edfica:<\/p>\n\n\n\n<p>Ana Paula Canizares Cardoso \u2013 Biomedicina (UEL).<\/p>\n\n\n\n<p>Mariana de Souza \u2013 Biomedicina (UEL).<\/p>\n\n\n\n<p>Luiz Cl\u00e1udio Tozoni \u2013 Nutri\u00e7\u00e3o (UEL).<\/p>\n\n\n\n<p>Ana Laura Bernardi Pariz \u2013 Farm\u00e1cia (UEL).<\/p>\n\n\n\n<p class=\"has-medium-font-size\"><strong>Principais trabalhos publicados<\/strong><\/p>\n\n\n\n<p>1- NAKAMA, RAQUEL PIRES ; MALVEZI, APARECIDA DONIZETTE ; LOVO-MARTINS, MARIA ISABEL ; DOS SANTOS, LUCAS FELIPE ; CANIZARES CARDOSO, ANA PAULA ; SCACCO, GUSTAVO ; DE FREITAS, ANDRESSA MENDES DION\u00cdSIO ; MARTINS-PINGE, MARLI CARDOSO ;&nbsp;<strong>Pinge-Filho, Phileno<\/strong>&nbsp;. Metabolic syndrome improves cardiovascular dysfunction and survival during cecal ligation and puncture-induced mild sepsis in mice. LIFE SCIENCES<sup><\/sup>, v. 286, p. 120033, 2021.<\/p>\n\n\n\n<p>2 &#8211; LOVO-MARTINS, MARIA ISABEL ; MALVEZI, APARECIDA DONIZETTE ; ZANLUQUI, N\u00c1GELA GHABDAN ; LUCCHETTI, B. F. C. ; TATAKIHARA, VERA L\u00daCIA HIDEKO ; M\u00d6RKING, PATRICIA ALVES ; OLIVEIRA, ADMILTON GON\u00c7ALVES DE ; GOLDENBERG, SAMUEL ; WOWK, PRYSCILLA FANINI ;&nbsp;<a href=\"http:\/\/lattes.cnpq.br\/1339724757657824\" target=\"_blank\" rel=\"noreferrer noopener\">Pinge-Filho, P.<\/a>&nbsp;. Extracellular Vesicles Shed By Trypanosoma cruzi Potentiate Infection and Elicit Lipid Body Formation and PGE2 Production in Murine Macrophages. Frontiers in Immunology<sup><\/sup>, v. 9, p. 1, 2018.<\/p>\n\n\n\n<p>3 &#8211; PEREIRA, RITO SANTO ; MALVEZI, APARECIDA DONIZETTE ; LOVO-MARTINS, MARIA ISABEL ; LUCCHETTI, BRUNO FERNANDO CRUZ ; SANTOS, JUSSEVANIA PEREIRA ; TAVARES, ELIANDRO REIS ; VERRI, WALDICEU APARECIDO ; DE ALMEIDA ARA\u00daJO, EDUARDO JOS\u00c9 ; Yamauchi, Lucy Megumi ; YAMADA-OGATTA, SUELI FUMIE ; MARTINS-PINGE, MARLI CARDOSO ;&nbsp;<strong>Pinge-Filho, Phileno<\/strong>&nbsp;. Combination Therapy Using Benznidazole and Aspirin during the Acute Phase of Experimental Chagas Disease Prevents Cardiovascular Dysfunction and Decreases Typical Cardiac Lesions in the Chronic Phase. ANTIMICROBIAL AGENTS AND CHEMOTHERAPY<sup><\/sup>, v. 64, p. e00069-20, 2020.<\/p>\n\n\n\n<p>4 &#8211; LUCCHETTI, BRUNO FERNANDO CRUZ ; BOARETTO, NATALIA ; LOPES, FERNANDA NOVI CORTEGOSO ; MALVEZI, APARECIDA DONIZETTE ; LOVO-MARTINS, MARIA ISABEL ; TATAKIHARA, VERA L\u00daCIA HIDEKO ; FATTORI, VICTOR ; PEREIRA, RITO SANTO ; VERRI, WALDICEU APARECIDO ; DE ALMEIDA ARAUJO, EDUARDO JOSE ;&nbsp;<strong>Pinge-Filho, Phileno<\/strong>&nbsp;; MARTINS-PINGE, MARLI CARDOSO . Metabolic syndrome agravates cardiovascular, oxidative and inflammatory dysfunction during the acute phase of Trypanosoma cruzi infection in mice. Scientific Reports<sup><\/sup>, v. 9, p. 18885, 2019<\/p>\n\n\n\n<p>5 &#8211; AMORIM, ERIC DIEGO TUROSSI ; DE JAGER, LORENA ; MARTINS, ANDRESSA BUZETTI ; RODRIGUES, ANANDA TOTTI ; LUCCHETTI, BRUNO FERNANDO CRUZ ; ARIZA, DEBORAH ;&nbsp;<strong>PINGE&#8217;FILHO, PHILENO<\/strong>&nbsp;;&nbsp;<a rel=\"noreferrer noopener\" href=\"http:\/\/lattes.cnpq.br\/1117432571971568\" target=\"_blank\">CRESTANI, Carlos Cesar<\/a>&nbsp;; UCHOA, ERNANE TORRES ; MARTINS&#8217;PINGE, MARLI CARDOSO . Glutamate and Gaba Neurotransmission Are Increased In Paraventricular Nucleus Of Hypothalamus In Rats Induced To 6\u00bf&nbsp;OHDA&nbsp;Parkinsonism: Involvement Of&nbsp;nNOS. Acta Physiologica, v. e13264, p. 1-16, 2019.<\/p>\n\n\n\n<figure class=\"wp-block-image size-full is-resized\"><img loading=\"lazy\" decoding=\"async\" src=\"https:\/\/pos.uel.br\/patologiaexperimental\/wp-content\/uploads\/2022\/10\/imunopato.jpg\" alt=\"\" class=\"wp-image-606\" width=\"294\" height=\"380\" srcset=\"https:\/\/pos.uel.br\/patologiaexperimental\/wp-content\/uploads\/2022\/10\/imunopato.jpg 284w, https:\/\/pos.uel.br\/patologiaexperimental\/wp-content\/uploads\/2022\/10\/imunopato-232x300.jpg 232w\" sizes=\"auto, (max-width: 294px) 100vw, 294px\" \/><\/figure>\n\n\n\n<hr class=\"wp-block-separator has-text-color has-site-background-color has-alpha-channel-opacity has-site-background-background-color has-background is-style-wide\"\/>\n\n\n\n<h2 class=\"is-style-highlighted-heading wp-block-heading\">Laborat\u00f3rio de Dor, Inflama\u00e7\u00e3o, Neuropatia e C\u00e2ncer (LADINC)<\/h2>\n\n\n\n<p class=\"has-medium-font-size\"><strong>Respons\u00e1vel<\/strong><\/p>\n\n\n\n<p class=\"has-medium-font-size\"><strong>Prof. Dr. Waldiceu Aparecido Verri Junior<\/strong><\/p>\n\n\n\n<p>e-mail: waverri@uel.br<\/p>\n\n\n\n<p>Universidade Estadual de Londrina<\/p>\n\n\n\n<p>Centro de Ci\u00eancias Biol\u00f3gicas<\/p>\n\n\n\n<p>Departamento de Ci\u00eancias Patol\u00f3gicas<\/p>\n\n\n\n<p>Professor de Patologia Geral B\u00e1sica na Universidade Estadual de Londrina desde 2008.<\/p>\n\n\n\n<p>Endere\u00e7o de Media social: Instagram: @ladinc.uel<\/p>\n\n\n\n<p class=\"has-medium-font-size\"><strong>Forma\u00e7\u00e3o<\/strong><\/p>\n\n\n\n<p>Mestrado, doutorado e p\u00f3s-doutorado em Farmacologia pelo Programa de P\u00f3s-Gradua\u00e7\u00e3o em Farmacologia da Faculdade de Medicina de Ribeir\u00e3o Preto, Universidade de S\u00e3o Paulo.<\/p>\n\n\n\n<p class=\"has-medium-font-size\"><strong>Linha de pesquisa<\/strong><\/p>\n\n\n\n<p>Dor e inflama\u00e7\u00e3o<\/p>\n\n\n\n<p class=\"has-medium-font-size\"><strong>Sinopse<\/strong><\/p>\n\n\n\n<p>O LADINC investiga mecanismos fisiopatol\u00f3gicos e desenvolve novas abordagens farmacol\u00f3gicas pr\u00e9-cl\u00ednicas com foco em mecanismos imunes, neuronais, neuroinflama\u00e7\u00e3o e intera\u00e7\u00e3o neuro-imune em doen\u00e7as inflamat\u00f3rias, infec\u00e7\u00f5es, neuropatias e c\u00e2ncer. Tamb\u00e9m investigamos mecanismos e novos tratamentos para les\u00f5es de \u00f3rg\u00e3os causadas por medicamentos utilizados atualmente.<\/p>\n\n\n\n<p class=\"has-medium-font-size\"><strong>Equipe<\/strong><\/p>\n\n\n\n<p>P\u00f3s-doc:<\/p>\n\n\n\n<p>Nayara Rampazzo Morelli<\/p>\n\n\n\n<p>Mestrandos:<\/p>\n\n\n\n<p>1. Kelly Megumi Yaekashi<\/p>\n\n\n\n<p>2. Ariadne Mariane Garbossi Pinheiro<\/p>\n\n\n\n<p>3. Kassyo Lenno de Sousa Dantas<\/p>\n\n\n\n<p>4. Amanda Martins Dionisio<\/p>\n\n\n\n<p>5. Julia Bagatim de Souza<\/p>\n\n\n\n<p>Doutorandos:<\/p>\n\n\n\n<p>1. Beatriz Hoffmann Salles Biachini<\/p>\n\n\n\n<p>2. Maiara Piva<\/p>\n\n\n\n<p>3. Mariana Stinglin Rosa<\/p>\n\n\n\n<p>4. Fernanda Soares Rasquel de Oliveira<\/p>\n\n\n\n<p>5. Telma Saraiva dos Santos<\/p>\n\n\n\n<p>6. Ana Paula Lombardi Pereira<\/p>\n\n\n\n<p>7. Anelise Franciosi<\/p>\n\n\n\n<p>8. Mariana Marques Bertozzi<\/p>\n\n\n\n<p>9. Nayara Anitelli Artero<\/p>\n\n\n\n<p>10. Tiago Henrique Zaninelli<\/p>\n\n\n\n<p>Inicia\u00e7\u00e3o cient\u00edfica<\/p>\n\n\n\n<p>1. Alvaro Jungblut Fernandes<\/p>\n\n\n\n<p>2. Gabrieli dos Santos C\u00e9u<\/p>\n\n\n\n<p>3. Thaila Kawane Euflazio Maximiano<\/p>\n\n\n\n<p>4. Pamela Eduarda Garcia Miguel<\/p>\n\n\n\n<p>5. Geovana Martelossi Cebinelli<\/p>\n\n\n\n<p>6. Jessica Aparecida Carneiro<\/p>\n\n\n\n<p>7. Thais Gabriela O. S. Pereira<\/p>\n\n\n\n<p>8. Vit\u00f3ria Ramos Ara\u00fajo<\/p>\n\n\n\n<p class=\"has-medium-font-size\"><strong>Publica\u00e7\u00f5es Selecionadas (20 representativas das linhas)<\/strong><\/p>\n\n\n\n<p>1. ZANINELLI, T. H.; Fattori, V.; SARAIVA-SANTOS, T.; BADARO-GARCIA, S.; Staurengo-Ferrari, L.; ANDRADE, K. C.; ARTERO, N. A.; FERRAZ, C. R.; BERTOZZI, M. M.; RASQUEL-OLIVEIRA, F. S.; MANCHOPE, MAR\u00cdLIA F.; AMARAL, FLAVIO A.; Teixeira, MM; Borghi, S.M.; ROGERS, M. S.; Casagrande, R; Verri, W. A., Jr.<\/p>\n\n\n\n<p>RvD1 disrupts nociceptor neuron and macrophage activation, and neuroimmune communication reducing pain and inflammation in gouty arthritis in mice. BRITISH JOURNAL OF PHARMACOLOGY. aceito, 2022.<\/p>\n\n\n\n<p>2. BORGHI, SERGIO M.; Fattori, V.; Carvalho, T.T.; TATAKIHARA, V. L. H.; ZANINELLI, T. H.; Pinho-Ribeiro F. A.; FERRAZ, C. R.; Staurengo-Ferrari, L.; Casagrande, R; Pavanelli, W.R.; Cunha, FQ; Cunha, TM; PINGE-FILHO, PHILENO; Verri, W. A., Jr.<\/p>\n\n\n\n<p>Experimental Trypanosoma cruzi Infection Induces Pain in Mice Dependent on Early Spinal Cord Glial Cells and NFkB Activation and Cytokine Production. Frontiers in Immunology., v.11, p.539086, 2021.<\/p>\n\n\n\n<p>3. FERRAZ, C. R.; Carvalho, T.T.; Fattori, V.; SARAIVA-SANTOS, T.; Pinho-Ribeiro F. A.; Borghi, S.M.; Manchope, M.F.; Zaninelli, Tiago H.; Cunha, TM; Casagrande, Rubia; CLISSA, P. B.; Verri, W. A., Jr.<\/p>\n\n\n\n<p>Jararhagin, a snake venom metalloproteinase, induces mechanical hyperalgesia in mice with the neuroinflammatory contribution of spinal cord microglia and astrocytes. INTERNATIONAL JOURNAL OF BIOLOGICAL MACROMOLECULES., v.179, p.610 &#8211; 619, 2021.<\/p>\n\n\n\n<p>4. Fattori, V.; RASQUEL-OLIVEIRA, F. S.; ARTERO, N. A.; FERRAZ, C. R.; Borghi, S.M.; Casagrande, R; Verri, W. A., Jr.<\/p>\n\n\n\n<p>Diosmin Treats Lipopolysaccharide-Induced Inflammatory Pain and Peritonitis by Blocking NF-kB Activation in Mice. JOURNAL OF NATURAL PRODUCTS., v.83, p.1018 &#8211; 1026, 2020.<\/p>\n\n\n\n<p>5. RASQUEL-OLIVEIRA, F. S.; MANCHOPE, MAR\u00cdLIA F.; Staurengo-Ferrari, Larissa; FERRAZ, C. R.; SANTOS, T. S.; ZANINELLI, T. H.; Fattori, Victor; ARTERO, N. A.; BADARO-GARCIA, S.; Freitas, A; Casagrande, R; Verri, W. A., Jr.<\/p>\n\n\n\n<p>Hesperidin methyl chalcone interacts with NFkB Ser276 and inhibits zymosan-induced joint pain and inflammation, and RAW 264.7 macrophage activation. INFLAMMOPHARMACOLOGY., v.28, p.979 &#8211; 992, 2020.<\/p>\n\n\n\n<p>6. BORGHI, SERGIO M.; Fattori, V.; Pinho-Ribeiro F. A.; DOMICIANO, TALITA P.; MIRANDA-SAPLA, M. M.; ZANINELLI, T. H.; Casagrande, R; PINGE-FILHO, PHILENO; PAVANELLI, WANDER R.; Alves Filho, JC; Cunha, FQ; Cunha, TM; Verri, W. A., Jr.<\/p>\n\n\n\n<p>Contribution of spinal cord glial cells to L. amazonensis experimental infection-induced pain in BALB\/c mice. Journal of Neuroinflammation, v.16, p.113, 2019.<\/p>\n\n\n\n<p>7. ROSSANEIS, A. C.; Longhi-Balbinot, D.T.; BERTOZZI, M. M.; Fattori, V.; SEGATO-VENDRAMETO, C. Z.; BADARO-GARCIA, S.; ZANINELLI, T. H.; Staurengo-Ferrari, L.; Borghi, S.M.; CARAVALHO, THACYANA T.; BUSSMANN, A. J. C.; GOUVEIA JUNIOR, F. S.; LOPES, L. G. F.; Casagrande, R; Verri, W. A., Jr.<\/p>\n\n\n\n<p>[Ru(bpy)2(NO)SO3](PF6), a Nitric Oxide Donating Ruthenium Complex, Reduces Gout Arthritis in Mice. Frontiers in Pharmacology., v.10, p.1 &#8211; 17, 2019.<\/p>\n\n\n\n<p>8. Fattori, Victor; PINHO-RIBEIRO, FELIPE A.; Staurengo-Ferrari, Larissa; BORGHI, SERGIO M.; ROSSANEIS, ANA C.; Casagrande, Rubia; Verri, Waldiceu A.<\/p>\n\n\n\n<p>The specialized pro-resolving lipid mediator Maresin-1 reduces inflammatory pain with a long-lasting analgesic effect. BRITISH JOURNAL OF PHARMACOLOGY., v.176, p.1728 &#8211; 1744, 2019.<\/p>\n\n\n\n<p>9. Staurengo-Ferrari, L.; TREVELIN, S. C.; Fattori, V.; NASCIMENTO, D. C.; LIMA, K. A.; PELAYO, J. S.; FIGUEIREDO, FLOR\u00caNCIO; Casagrande, R; Fukada, S.Y.; Teixeira, Mauro M.; Cunha, TM; Liew, FY; OLIVEIRA, R.; Louzada-Junior, P.; Cunha, Fernando Q; ALVES-FILHO, JOS\u00c9 C.; Verri, W. A., Jr.<\/p>\n\n\n\n<p>Interleukin-33 Receptor (ST2) Deficiency Improves the Outcome of Staphylococcus aureus-Induced Septic Arthritis. Frontiers in Immunology., v.9, p.962 &#8211; , 2018.<\/p>\n\n\n\n<p>10. Borghi, S.M.; Mizokami, S.S.; Pinho-Ribeiro F. A.; Fattori, V.; CRESPIGIO, J.; Clemente-Napimoga, JT; NAPIMOGA, MARCELO H.; PITOL, D. L.; ISSA, J. P. M.; FUKADA, S. Y.; Casagrande, R; Verri, W. A., Jr.<\/p>\n\n\n\n<p>The flavonoid quercetin inhibits titanium dioxide (TiO2)-induced chronic arthritis in mice. JOURNAL OF NUTRITIONAL BIOCHEMISTRY., v.53, p.81 &#8211; 95, 2018.<\/p>\n\n\n\n<p>11. Staurengo-Ferrari, Larissa; RUIZ-MIYAZAWA, KENJI W.; PINHO-RIBEIRO, FELIPE A.; DOMICIANO, TALITA P.; Fattori, Victor; Mizokami, Sandra S.; PELAYO, JACINTA S.; BORDIGNON, JULIANO; FIGUEIREDO, FLOR\u00caNCIO; Casagrande, Rubia; MIRANDA, KATRINA M.; Verri, Waldiceu A.<\/p>\n\n\n\n<p>The nitroxyl donor Angeli&#8217;s salt ameliorates Staphylococcus aureus -induced septic arthritis in mice. FREE RADICAL BIOLOGY AND MEDICINE., v.108, p.487 &#8211; 499, 2017.<\/p>\n\n\n\n<p>12. Fattori, V.; BORGHI, SERGIO M.; Guazelli, C. F. S.; GIROLDO, A. C.; CRESPIGIO, J.; BUSSMANN, A. J. C.; COELHO-SILVA, L.; LUDWIG, N. G.; MAZZUCO, T. L.; Casagrande, R; Verri, W. A., Jr.<\/p>\n\n\n\n<p>Vinpocetine reduces diclofenac-induced acute kidney injury through inhibition of oxidative stress, apoptosis, cytokine production, and NF-kB activation in mice. Pharmacological Research., v.120, p.10 &#8211; 22, 2017.<\/p>\n\n\n\n<p>13. ZARPELON, A. C.; RODRIGUES, F. C.; LOPES, A. H.; Souza, G. R.; CARVALHO, T. T.; Pinto, L. G.; Xu, D.; Ferreira, S. H.; Alves-Filho, J. C.; McInnes, I. B.; RYFFEL, B.; QUESNIAUX, V. F. J.; REVERCHON, F.; MORTAUD, S.; MENUET, A.; Liew, F. Y.; Cunha, F. Q.; Cunha, T. M.; Verri, W. A.<\/p>\n\n\n\n<p>Spinal cord oligodendrocyte-derived alarmin IL-33 mediates neuropathic pain. The FASEB Journal., v.30, p.54 &#8211; 65, 2016.<\/p>\n\n\n\n<p>14. Pinho-Ribeiro F. A.; Zarpelon, A.C.; Mizokami, S.S.; BORGHI, SERGIO M.; BORDIGNON, J.; SILVA, R. L.; Cunha, Thiago M; ALVES-FILHO, JOS\u00c9 C.; Cunha, FQ; Casagrande, R; Verri, W. A., Jr.<\/p>\n\n\n\n<p>The Citrus Flavonone Naringenin Reduces Lipopolysaccharide-Induced Inflammatory Pain and Leukocyte Recruitment by Inhibiting NF-kB Activation. Journal of Nutritional Biochemistry., v.33, p.8 &#8211; 14, 2016.<\/p>\n\n\n\n<p>15. Zarpelon, Ana C; Cunha, Thiago M; Alves-Filho, Jose C; Pinto, Larissa G.; Ferreira, Sergio H; McInnes, I.B.; Xu, Damo; Liew, Foo Y; Cunha, Fernando Q.; Verri, W. A., Jr.<\/p>\n\n\n\n<p>Interleukin-33\/ST2 signalling contributes to carrageenin-induced innate inflammation and inflammatory pain: role of cytokines, endothelin-1 and prostaglandin E2. British Journal of Pharmacology., v.169, p.90 &#8211; 101, 2013.<\/p>\n\n\n\n<p>16. GUAZELLI, CARLA F. S.; Fattori, Victor; COLOMBO, BARBARA B.; Georgetti, Sandra R.; Vicentini, Fabiana T. M. C.; Casagrande, Rubia; Baracat, Marcela M.; Verri, Waldiceu A.<\/p>\n\n\n\n<p>Quercetin-Loaded Microcapsules Ameliorate Experimental Colitis in Mice by Anti-inflammatory and Antioxidant Mechanisms. Journal of Natural Products (Print)., v.76, p.130124134438000 &#8211; 208, 2013.<\/p>\n\n\n\n<p>17. CALIXTO-CAMPOS, CASSIA; Zarpelon, Ana C.; CORR\u00caA, MAB; CARDOSO, RENATO D. R.; PINHO-RIBEIRO, FELIPE A.; CECCHINI, RUBENS; MOREIRA, ESTEFANIA G.; CRESPIGIO, JEFFERSON; BERNARDY, CATIA C. F.; Casagrande, Rubia; Verri, Waldiceu A.<\/p>\n\n\n\n<p>The Ehrlich Tumor Induces Pain-Like Behavior in Mice: A Novel Model of Cancer Pain for Pathophysiological Studies and Pharmacological Screening. Biomed Research International., v.2013, p.1 &#8211; 12, 2013.<\/p>\n\n\n\n<p>18. Zarpelon, A.C.; Souza, GR; Cunha, TM; Schivo, IRS; Marchesi, Mario; Casagrande, R; Pinge-Filho, P.; Cunha, FQ; Ferreira, SH; Miranda, K; Verri, W. A., Jr.<\/p>\n\n\n\n<p>The nitroxyl donor, Angelis salt, inhibits inflammatory hyperalgesia in rats. Neuropharmacology., v.71, p.1 &#8211; 9, 2013.<\/p>\n\n\n\n<p>19. Verri, W. A.; Souto, F. O.; VIEIRA, S. M.; Almeida, S. C. L.; Fukada, S. Y.; Xu, D.; Alves-Filho, J. C.; Cunha, T. M.; Guerrero, A. T. G.; Mattos-Guimaraes, R. B.; Oliveira, F. R.; Teixeira, M. M.; SILVA, J. S.; McInnes, I. B.; Ferreira, S. H.; Louzada-Junior, P.; Liew, F. Y.; Cunha, F. Q.<\/p>\n\n\n\n<p>IL-33 induces neutrophil migration in rheumatoid arthritis and is a target of anti-TNF therapy. Annals of the Rheumatic Diseases., v.69, p.1697 &#8211; 1703, 2010.<\/p>\n\n\n\n<p>20. Verri, W. A., Jr.; Guerrero, A. T. G.; Fukada, S.Y.; Val\u00e9rio, DAR; Cunha, TM; Xu, D; Ferreira, SH; Liew, FY; Cunha, FQ<\/p>\n\n\n\n<p>IL-33 mediates antigen-induced cutaneous and articular hypernociception in mice. PNAS. Proceedings of the National Academy of Sciences of the United States of America., v.105, p.2723 &#8211; 2728, 2008.<\/p>\n\n\n\n<figure class=\"wp-block-image size-large is-resized\"><img loading=\"lazy\" decoding=\"async\" src=\"https:\/\/pos.uel.br\/patologiaexperimental\/wp-content\/uploads\/2022\/10\/dor-cancer-1024x740.jpg\" alt=\"\" class=\"wp-image-607\" width=\"968\" height=\"700\" srcset=\"https:\/\/pos.uel.br\/patologiaexperimental\/wp-content\/uploads\/2022\/10\/dor-cancer-1024x740.jpg 1024w, https:\/\/pos.uel.br\/patologiaexperimental\/wp-content\/uploads\/2022\/10\/dor-cancer-300x217.jpg 300w, https:\/\/pos.uel.br\/patologiaexperimental\/wp-content\/uploads\/2022\/10\/dor-cancer-768x555.jpg 768w, https:\/\/pos.uel.br\/patologiaexperimental\/wp-content\/uploads\/2022\/10\/dor-cancer-1536x1110.jpg 1536w, https:\/\/pos.uel.br\/patologiaexperimental\/wp-content\/uploads\/2022\/10\/dor-cancer.jpg 1577w\" sizes=\"auto, (max-width: 968px) 100vw, 968px\" \/><\/figure>\n\n\n\n<hr class=\"wp-block-separator has-text-color has-site-background-color has-alpha-channel-opacity has-site-background-background-color has-background is-style-wide\"\/>\n\n\n\n<h2 class=\"is-style-highlighted-heading wp-block-heading\">Laborat\u00f3rio de Imunoparasitologia das Doen\u00e7as Negligenciadas e C\u00e2ncer (LIDNC)<\/h2>\n\n\n\n<p class=\"has-medium-font-size\"><strong>Respons\u00e1vel<\/strong><\/p>\n\n\n\n<p class=\"has-medium-font-size\"><strong>Prof Dr. Wander Rog\u00e9rio Pavanelli<\/strong><\/p>\n\n\n\n<p>Colaboradores: Profa. Dra. Ivete Conchon Costa \u2013 Pesquisadora S\u00eanior<\/p>\n\n\n\n<p>&nbsp;&nbsp;&nbsp;&nbsp;&nbsp;&nbsp;&nbsp;&nbsp;&nbsp;&nbsp;&nbsp;&nbsp;&nbsp;&nbsp;&nbsp; &nbsp;&nbsp;&nbsp;&nbsp;&nbsp;&nbsp;&nbsp;&nbsp;&nbsp;&nbsp;&nbsp;&nbsp; Profa. Dra. Danielle Lazarin Bid\u00f3ia<\/p>\n\n\n\n<p>Universidade Estadual de Londrina, Centro de Ci\u00eancias Biol\u00f3gicas, Departamento de Ci\u00eancias Patol\u00f3gicas\/PAT<\/p>\n\n\n\n<p><strong>Instagram:<\/strong> @lidnc.uel<\/p>\n\n\n\n<p><strong>e-mail:<\/strong> wanderpavanelli@uel.br<\/p>\n\n\n\n<p class=\"has-medium-font-size\"><strong>Forma\u00e7\u00e3o<\/strong><\/p>\n\n\n\n<p>Bi\u00f3logo (2003) pela Universidade Estadual do Oeste do Paran\u00e1 (UNIOESTE); Mestre em Patologia Experimental (2005) pela Universidade Estadual de Londrina (UEL); Doutor em Imunologia B\u00e1sica e Aplicada (2008) pela Universidade de S\u00e3o Paulo (FMRP-USP); P\u00f3s-doutor em Imunoparasitologia pela UEL (2010); Professor Associado desde 2022.<\/p>\n\n\n\n<p>Profa. Ivete Conchon Costa: Possui gradua\u00e7\u00e3o em Ci\u00eancias Biol\u00f3gicas pela Universidade Estadual de Londrina (1987), mestrado em Parasitologia pela Universidade de S\u00e3o Paulo (1994), doutorado em Microbiologia pela Universidade Estadual de Londrina (2006). Atualmente \u00e9 Pesquisadora S\u00eanior do PPG em Patologia Experimental, na \u00e1rea de Parasitologia.<\/p>\n\n\n\n<p>Profa Danielle Lazarin Bid\u00f3ia: Possui Gradua\u00e7\u00e3o em Farm\u00e1cia pela Faculdade Ing\u00e1, Maring\u00e1 &#8211; PR (2009), Mestrado (2012) e Doutorado (2015) pelo Programa de P\u00f3s Gradua\u00e7\u00e3o em Ci\u00eancias Farmac\u00eauticas da Universidade Estadual de Maring\u00e1 (UEM), Maring\u00e1 &#8211; PR. Realizou 3 p\u00f3s-doutorados, sendo 2 PDJ bolsista do CNPq e 1 bolsista pela empresa IC-MEDTECH Corporation. Atualmente \u00e9 Professor Adjunto da Universidade Estadual de Londrina, Departamento de Ci\u00eancia Patol\u00f3gicas, disciplina Parasitologia Humana<\/p>\n\n\n\n<p class=\"has-medium-font-size\"><strong>Linhas de pesquisa<\/strong><\/p>\n\n\n\n<p>Patogenia de Doen\u00e7as Negligenciadas<\/p>\n\n\n\n<p>Intera\u00e7\u00e3o Parasito-Hospedeiro<\/p>\n\n\n\n<p>Biologia, Imunopatologia e Quimiorresist\u00eancia de Tumores<\/p>\n\n\n\n<p>Desenvolvimento de Tratamentos Alternativos com Extratos, Mol\u00e9culas Naturais e Sint\u00e9ticas Bioativas<\/p>\n\n\n\n<p class=\"has-medium-font-size\"><strong>Sinopse<\/strong><\/p>\n\n\n\n<p>Wander Rog\u00e9rio Pavanelli iniciou a carreira docente na Universidade Estadual de Londrina-UEL em 2010, e juntamente com alguns professores do Departamento de Ci\u00eancias Patol\u00f3gicas\/CCB, formou o grupo de pesquisa em <strong><em>\u201cImunopatologia das Doen\u00e7as Negligenciadas\u201d<\/em><\/strong>. O grupo j\u00e1 possu\u00eda alguns especialistas nas \u00e1reas de epidemiologia, microbiologia, patologia e parasitologia, por\u00e9m havia a necessidade de algu\u00e9m com experi\u00eancia e conhecimento em Imunologia, para auxilia-los no entendimento da imunopatologia da Leishmaniose Tegumentar Americana (LTA).<\/p>\n\n\n\n<p>Por ter adquirido forma\u00e7\u00e3o em Imunoparasitologia, durante o Doutorado realizado na Faculdade de Medicina da USP\/Ribeir\u00e3o, pode contribuir, e, portanto auxiliar o grupo no desenvolvimento dos projetos em andamento e futuros, consequentemente atuar na forma\u00e7\u00e3o de recursos humanos (mestres, doutores e p\u00f3s-doutores) altamente qualificados.<\/p>\n\n\n\n<p>Al\u00e9m de auxili\u00e1-los neste entendimento, tamb\u00e9m trazia consigo uma enorme vontade de investigar e encontrar alternativas terap\u00eauticas, para esta (LTA), que \u00e9 uma doen\u00e7a considerada end\u00eamica (presente em 276 munic\u00edpios dos 399) no Estado do Paran\u00e1. Foi assim que a partir de 2010, juntamente com seus colaboradores, consolidou a linha de pesquisa que tem como objetivo principal \u201c<strong><em>Investigar o efeito biol\u00f3gico de compostos naturais ou sint\u00e9ticos como alternativas terap\u00eauticas para o tratamento da LTA<\/em><\/strong>\u201d. Ao longo desses anos, a aprova\u00e7\u00e3o de v\u00e1rios projetos de pesquisas permitiu a realiza\u00e7\u00e3o de v\u00e1rias Disserta\u00e7\u00f5es, Teses, e projetos de Inicia\u00e7\u00e3o Cient\u00edficas\/TCCs, consequentemente in\u00fameros artigos cient\u00edficos.&nbsp;<\/p>\n\n\n\n<p>J\u00e1 a partir de 2016, duas novas linhas de pesquisas foram implementadas no laborat\u00f3rio: <em>Biologia, imunopatologia e quimiorresist\u00eancia de Tumores; e Busca por tratamentos alternativos com compostos, e mol\u00e9culas naturais ou sint\u00e9ticas bioativas.<\/em><\/p>\n\n\n\n<p class=\"has-medium-font-size\"><strong>Equipe<\/strong><\/p>\n\n\n\n<p>Dr.\u00aa Fernanda Tomiotto Pellissier \u2013 Biom\u00e9dica, Mestre em Patologia Experimental (UEL) e Doutora em Bioci\u00eancias e Biotecnologia (Fiocruz). \u2013 P\u00f3s-doutorado<\/p>\n\n\n\n<p>Me. Amanda Cristina Machado Carloto \u2013 Biom\u00e9dica, Mestre e Doutoranda em Ci\u00eancias da Sa\u00fade (UEL).<\/p>\n\n\n\n<p>Me. Ana Carolina Jacob Rodrigues \u2013 Bi\u00f3loga, Mestre em Patologia Experimental (UEL) e Doutoranda em Bioci\u00eancias e Biotecnologia (Fiocruz).<\/p>\n\n\n\n<p>Me. Elaine da Silva Siqueira \u2013 Farmac\u00eautica, Mestre e Doutoranda em Fisiopatologia Cl\u00ednica e Laboratorial (UEL).<\/p>\n\n\n\n<p>Me. Ellen Mayara Souza Cruz \u2013 Bi\u00f3loga, Mestre e Doutoranda em Patologia Experimental (UEL).<\/p>\n\n\n\n<p>Me. Fabricio Seidy Ribeiro Inoue \u2013 Biom\u00e9dico, Mestre e Doutorando em Patologia Experimental (UEL).<\/p>\n\n\n\n<p>Juliana Maria Bitencourt de Morais \u2013 Bi\u00f3loga e Mestranda em Patologia Experimental (UEL).<\/p>\n\n\n\n<p>Me. Mariana Barbosa Detoni \u2013 Bi\u00f3loga, Mestre e Doutoranda em Patologia Experimental (UEL).<\/p>\n\n\n\n<p>Me. Virginia Marcia Concato \u2013 Biom\u00e9dica, Mestre e Doutoranda em Patologia Experimental (UEL).<\/p>\n\n\n\n<p>Maria Beatriz Madureira \u2013 Biom\u00e9dica e Mestranda em Patologia Experimental (UEL).<\/p>\n\n\n\n<p>Dr.\u00aa Raquel Arruda da Silva Sanfelice \u2013 Bi\u00f3loga, Biom\u00e9dica, Mestre em Patologia Experimental (UEL) e Doutora em Ci\u00eancias da Sa\u00fade (UEL) \u2013 Apoio t\u00e9cnico<\/p>\n\n\n\n<p>Inicia\u00e7\u00e3o Cient\u00edfica:<\/p>\n\n\n\n<p>Alexia Mayara dos Santos \u2013 Ci\u00eancias Biol\u00f3gicas (UEL).<\/p>\n\n\n\n<p>Isadora de Andrade Niero \u2013 Odontologia (UEL).<\/p>\n\n\n\n<p>Jullia Bertoldo de Oliveira &#8211; Odontologia (UEL).<\/p>\n\n\n\n<p>Maria Fernanda Maya Kuriki Pires \u2013 Farm\u00e1cia (UEL).<\/p>\n\n\n\n<p>Nat\u00e1lia Concimo Santos \u2013 Biomedicina (UniFil).<\/p>\n\n\n\n<p>Rafaela Evangelista dos Santos Marques &#8211; Ci\u00eancias Biol\u00f3gicas (UEL).<\/p>\n\n\n\n<p class=\"has-medium-font-size\"><strong>Publica\u00e7\u00f5es<\/strong><\/p>\n\n\n\n<p>1- Tomiotto-Pellissier, F; Bortoleti, BTS; Assolini, JP; Gon\u00e7alves, MD; Carloto, ACM;&nbsp; Miranda-Sapla, MM; Conchon-Costa, I; Bordignon, J; <strong>Pavanelli, WR<\/strong>. Macrophage Polarization in Leishmaniasis: Broadening Horizons. <strong><em>Frontiers in immunology<\/em><\/strong>, 2018.doi: 10.3389\/fimmu.2018.02529&nbsp;<\/p>\n\n\n\n<p>O trabalho \u00e9 uma revis\u00e3o que resume bem o objetivo da principal linha de pesquisa do proponente, foi publicado em 2018 em uma importante revista da \u00e1rea de imunologia, apresenta 86% mais visualiza\u00e7\u00f5es, 95% mais cita\u00e7\u00f5es e 91% mais downloads que todos os artigos publicados pelo grupo <em>Frontiers<\/em>.&nbsp;&nbsp;<\/p>\n\n\n\n<p>2- Tomiotto-Pellissier F, Alves DR, Miranda-Sapla MM, de Morais SM, Assolini JP, Bortoleti BTS, Gon\u00e7alves MD, Cataneo AHD, Kian D, Madeira TB, Yamauchi LM, Nixdorf SL, Costa IN, Conchon-Costa I, <strong>Pavanelli WR<\/strong>. Caryocar coriaceum extracts exert leishmanicidal effect acting in promastigote forms by apoptosis-like mechanism and intracellular amastigotes by Nrf2\/HO-1\/ferritin dependent response and iron depletion: Leishmanicidal effect of Caryocar coriaceum leaf exracts. <strong><em>Biomedicine Pharmacotherapy<\/em><\/strong>, 2018. doi: 10.1016\/j.biopha.2017.12.083<\/p>\n\n\n\n<p>Este artigo teve como objetivo avaliar o efeito de extratos de uma planta nativa (popularmente conhecida como Pequi) do Brasil na infec\u00e7\u00e3o <em>in vitro<\/em> por <em>Leishmania amazonensis<\/em>.&nbsp; N\u00f3s observamos que os extratos atuaram sobre formas promastigotas e amastigotas ativando a cascata Nrf2\/HO-1\/ferritina no interior dos macr\u00f3fagos e promovendo a deple\u00e7\u00e3o de ferro.<\/p>\n\n\n\n<p>3- Bortoleti BTS, Gon\u00e7alves MD, Tomiotto-Pellissier F, Miranda-Sapla MM, Assolini JP, Carloto ACM, de Carvalho PGC, Cardoso ILA, Sim\u00e3o ANC, Arakawa NS, Costa IN, Conchon-Costa I, <strong>Pavanelli WR<\/strong>. Grandiflorenic acid promotes death of promastigotes via apoptosis-like mechanism and affects amastigotes by increasing total iron bound capacity. <strong><em>Phytomedicine<\/em><\/strong>, 2018. doi: 10.1016\/j.phymed.2018.06.010&nbsp;<\/p>\n\n\n\n<p>Este trabalho abordou o uso do \u00e1cido grandiflor\u00eanico (GFA), um diterpeno isolado da planta <em>Sphagneticola trilobata<\/em> no contexto da leishmaniose <em>in vitro<\/em>. Este estudo demonstrou que o efeito leishmanicida do GFA sobre formas promastigotas se d\u00e1 pela indu\u00e7\u00e3o de mecanismos pr\u00f3 apopt\u00f3ticos. Ademais, GFA apresenta efeito antiamastigota, por promover a deple\u00e7\u00e3o do Ferro livre.<\/p>\n\n\n\n<p>4. &nbsp;Concato VM, Tomiotto-Pellissier F, Silva TF, Gon\u00e7alves MD, Bortoleti, BTS, Detoni MB, Siqueira AS, Rodrigues ACJ, Schirmann JG, Bbarbosa-Dekker AM, Costa IN, Conchon-Costa I, Miranda-Sapla, MM, Mantovani MS, <strong>Pavanelli WR. <\/strong>3,3-,5,5&#8211;tetramethoxybiphenyl-4,4-diol induces cell cycle arrest in G2\/M phase and apoptosis in human non-small cell lung cancer A549 cells. <strong><em>Chemico-Biological Interactions<\/em><\/strong>, v. 326, p. 109133, 2020. doi: 10.1016\/j.cbi.2020.109133<\/p>\n\n\n\n<p>O trabalho avaliou a atividade biol\u00f3gica do TMBP sobre c\u00e9lulas cancer\u00edgenas de pulm\u00e3o, e observamos que o mesmo promove apoptose, consequentemente a morte das c\u00e9lulas.&nbsp;<\/p>\n\n\n\n<p>5. &nbsp;Assolini JP, Da Silva TP, Bortoleti BT,&nbsp; Gon\u00e7alves MD,&nbsp; Tomiotto-Pellissier F, Sahd CS, Carloto ACM, Feuser PE, Cordeiro AP, Sayer C, Hermes de Ara\u00fajo PH, Costa IN, Conchon-Costa I, Miranda-Sapla MM, <strong>Pavanelli WR.<\/strong>&nbsp; 4-nitrochalcone exerts leishmanicidal effect on l. amazonensis promastigotes and intracellular amastigotes, and the 4-nitrochalcone encapsulation in beeswax copaiba oil nanoparticles reduces macrophages cytotoxicity. <strong><em>European Journal of Pharmacology<\/em><\/strong>, v. 884, p. 173392, 2020.doi: 10.1016\/j.ejphar.2020.173392<\/p>\n\n\n\n<p>O trabalho aborda o uso da 4-nitrochalconas (livre e encapsulada), e mostra que ambas possuem efeito leishmanicida, promovente a apoptose, por\u00e9m a encapsula\u00e7\u00e3o com nanopart\u00edculas reduz drasticamente a toxicidade do composto e aumenta a capacidade de elimina\u00e7\u00e3o do parasito.<\/p>\n\n\n\n<figure class=\"wp-block-image size-full is-resized\"><img loading=\"lazy\" decoding=\"async\" src=\"https:\/\/pos.uel.br\/patologiaexperimental\/wp-content\/uploads\/2022\/10\/lidnc.jpg\" alt=\"\" class=\"wp-image-608\" width=\"800\" height=\"600\" srcset=\"https:\/\/pos.uel.br\/patologiaexperimental\/wp-content\/uploads\/2022\/10\/lidnc.jpg 602w, https:\/\/pos.uel.br\/patologiaexperimental\/wp-content\/uploads\/2022\/10\/lidnc-300x225.jpg 300w\" sizes=\"auto, (max-width: 800px) 100vw, 800px\" \/><\/figure>\n","protected":false},"excerpt":{"rendered":"<p>Laborat\u00f3rio de Patologia Molecular e Laborat\u00f3rio de Fisiopatologia e Radicais Livres Respons\u00e1veis Profa. Dra. Alessandra Louren\u00e7o Cecchini Armani Prof. Dr. Rubens Cecchini \u2013 Pesquisador S\u00eanior Prof. Dr. Rodrigo Cabral Luiz e-mail contato: alececchini@uel.br e-mail contato: rc.luiz@uel.br Universidade Estadual de Londrina Centro de Ci\u00eancias Biol\u00f3gicas Departamento de Ci\u00eancias Patol\u00f3gicas Forma\u00e7\u00e3o Profa. Alessandra L. C. Armani: Mestre [&hellip;]<\/p>\n","protected":false},"author":7,"featured_media":0,"parent":0,"menu_order":0,"comment_status":"closed","ping_status":"closed","template":"","meta":{"footnotes":""},"class_list":["post-62","page","type-page","status-publish","hentry"],"_links":{"self":[{"href":"https:\/\/pos.uel.br\/patologiaexperimental\/wp-json\/wp\/v2\/pages\/62","targetHints":{"allow":["GET"]}}],"collection":[{"href":"https:\/\/pos.uel.br\/patologiaexperimental\/wp-json\/wp\/v2\/pages"}],"about":[{"href":"https:\/\/pos.uel.br\/patologiaexperimental\/wp-json\/wp\/v2\/types\/page"}],"author":[{"embeddable":true,"href":"https:\/\/pos.uel.br\/patologiaexperimental\/wp-json\/wp\/v2\/users\/7"}],"replies":[{"embeddable":true,"href":"https:\/\/pos.uel.br\/patologiaexperimental\/wp-json\/wp\/v2\/comments?post=62"}],"version-history":[{"count":10,"href":"https:\/\/pos.uel.br\/patologiaexperimental\/wp-json\/wp\/v2\/pages\/62\/revisions"}],"predecessor-version":[{"id":664,"href":"https:\/\/pos.uel.br\/patologiaexperimental\/wp-json\/wp\/v2\/pages\/62\/revisions\/664"}],"wp:attachment":[{"href":"https:\/\/pos.uel.br\/patologiaexperimental\/wp-json\/wp\/v2\/media?parent=62"}],"curies":[{"name":"wp","href":"https:\/\/api.w.org\/{rel}","templated":true}]}}