{"id":497,"date":"2025-05-05T11:25:01","date_gmt":"2025-05-05T14:25:01","guid":{"rendered":"https:\/\/pos.uel.br\/neurociencias\/?page_id=497"},"modified":"2026-01-07T19:21:09","modified_gmt":"2026-01-07T22:21:09","slug":"links-uteis","status":"publish","type":"page","link":"https:\/\/pos.uel.br\/neurociencias\/links-uteis\/","title":{"rendered":"Links \u00dateis"},"content":{"rendered":"<p class=\"intro\">Nesta se\u00e7\u00e3o est\u00e3o reunidos os principais links acad\u00eamicos, normativos e de servi\u00e7os utilizados ao longo da <strong>Especializa\u00e7\u00e3o em Neuroci\u00eancias da UEL<\/strong>, com acesso r\u00e1pido a documentos oficiais e sistemas institucionais.<\/p>\n<section>\n<h3>Calend\u00e1rio e Normas Acad\u00eamicas<\/h3>\n<p>Documentos institucionais que regulam o funcionamento acad\u00eamico do curso.<\/p>\n<ul>\n<li class=\"highlight\"><a href=\"https:\/\/sites.uel.br\/proppg\/calendarios\/\" target=\"_blank\" rel=\"noopener\">Calend\u00e1rio Acad\u00eamico \u2013 Especializa\u00e7\u00f5es Lato Sensu (PROPPG)<\/a><\/li>\n<li><a href=\"https:\/\/sistemas.uel.br\/files\/atonormativo\/RESOLUCOES\/2014\/33.pdf\" target=\"_blank\" rel=\"noopener\">Regulamento dos Cursos Lato Sensu da UEL (Resolu\u00e7\u00e3o CEPE n\u00ba 033\/2014)<\/a><\/li>\n<li><a href=\"https:\/\/sistemas.uel.br\/files\/atonormativo\/RESOLUCOES\/2021\/13.pdf\" target=\"_blank\" rel=\"noopener\">Modalidades de oferta dos cursos de p\u00f3s-gradua\u00e7\u00e3o (Resolu\u00e7\u00e3o CEPE n\u00ba 013\/2021)<\/a><\/li>\n<\/ul>\n<\/section>\n<section>\n<h3>Documentos do Curso de Neuroci\u00eancias<\/h3>\n<p>Atos normativos espec\u00edficos da Especializa\u00e7\u00e3o em Neuroci\u00eancias.<\/p>\n<ul>\n<li><a href=\"https:\/\/sistemas.uel.br\/files\/atonormativo\/RESOLUCOES\/2017\/84.pdf\" target=\"_blank\" rel=\"noopener\">Cria\u00e7\u00e3o da Especializa\u00e7\u00e3o em Neuroci\u00eancias da UEL (Resolu\u00e7\u00e3o CEPE n\u00ba 084\/2017)<\/a><\/li>\n<li><a href=\"https:\/\/pos.uel.br\/neurociencias\/wp-content\/uploads\/2023\/05\/Deliberacao-44-2019-Reestrutura-Esp-Neurociencias.pdf\" target=\"_blank\" rel=\"noopener\">Reestrutura\u00e7\u00e3o da Especializa\u00e7\u00e3o em Neuroci\u00eancias (Delibera\u00e7\u00e3o \u2013 Colegiado LSP n\u00ba 044\/2019)<\/a><\/li>\n<\/ul>\n<\/section>\n<section>\n<h3>Servi\u00e7os ao Estudante de P\u00f3s-Gradua\u00e7\u00e3o<\/h3>\n<p>Acesso aos principais sistemas e servi\u00e7os utilizados pelos estudantes.<\/p>\n<ul>\n<li class=\"highlight\"><a href=\"https:\/\/sistemas.uel.br\/portaldepos\/index\" target=\"_blank\" rel=\"noopener\">Portal do Estudante de P\u00f3s-Gradua\u00e7\u00e3o<\/a><\/li>\n<li><a href=\"https:\/\/sites.uel.br\/ati\/criaremail-alunos\/\" target=\"_blank\" rel=\"noopener\">Cria\u00e7\u00e3o de e-mail institucional para estudantes de P\u00f3s-Gradua\u00e7\u00e3o<\/a><\/li>\n<li><a href=\"https:\/\/sites.uel.br\/bibliotecas\/\" target=\"_blank\" rel=\"noopener\">Bibliotecas da UEL<\/a><\/li>\n<li><a href=\"https:\/\/sites.uel.br\/proppg\/estagio-2\/\" target=\"_blank\" rel=\"noopener\">Est\u00e1gio de P\u00f3s-Gradua\u00e7\u00e3o<\/a><\/li>\n<li><a href=\"https:\/\/sites.uel.br\/ati\/microsoft-365-para-educacao\/\" target=\"_blank\" rel=\"noopener\">Pacote Office 365 gratuito para estudantes<\/a><\/li>\n<li><a href=\"https:\/\/sites.uel.br\/bibliotecas\/apostilas-para-normalizacao\/\" target=\"_blank\" rel=\"noopener\">Normaliza\u00e7\u00e3o de Publica\u00e7\u00f5es<\/a><\/li>\n<li><a href=\"https:\/\/sites.uel.br\/proppg\/\" target=\"_blank\" rel=\"noopener\">PROPPG \u2013 Pr\u00f3-Reitoria de Pesquisa e P\u00f3s-Gradua\u00e7\u00e3o<\/a><\/li>\n<\/ul>\n<\/section>\n<section><\/section>\n","protected":false},"excerpt":{"rendered":"<p>Nesta se\u00e7\u00e3o est\u00e3o reunidos os principais links acad\u00eamicos, normativos e de servi\u00e7os utilizados ao longo da Especializa\u00e7\u00e3o em Neuroci\u00eancias da UEL, com acesso r\u00e1pido a documentos oficiais e sistemas institucionais. Calend\u00e1rio e Normas Acad\u00eamicas Documentos institucionais que regulam o funcionamento acad\u00eamico do curso. Calend\u00e1rio Acad\u00eamico \u2013 Especializa\u00e7\u00f5es Lato Sensu (PROPPG) Regulamento dos Cursos Lato Sensu [&hellip;]<\/p>\n","protected":false},"author":9,"featured_media":0,"parent":0,"menu_order":0,"comment_status":"closed","ping_status":"closed","template":"","meta":{"_acf_changed":false,"_themeisle_gutenberg_block_has_review":false,"footnotes":""},"class_list":["post-497","page","type-page","status-publish","hentry"],"acf":[],"_links":{"self":[{"href":"https:\/\/pos.uel.br\/neurociencias\/wp-json\/wp\/v2\/pages\/497","targetHints":{"allow":["GET"]}}],"collection":[{"href":"https:\/\/pos.uel.br\/neurociencias\/wp-json\/wp\/v2\/pages"}],"about":[{"href":"https:\/\/pos.uel.br\/neurociencias\/wp-json\/wp\/v2\/types\/page"}],"author":[{"embeddable":true,"href":"https:\/\/pos.uel.br\/neurociencias\/wp-json\/wp\/v2\/users\/9"}],"replies":[{"embeddable":true,"href":"https:\/\/pos.uel.br\/neurociencias\/wp-json\/wp\/v2\/comments?post=497"}],"version-history":[{"count":7,"href":"https:\/\/pos.uel.br\/neurociencias\/wp-json\/wp\/v2\/pages\/497\/revisions"}],"predecessor-version":[{"id":567,"href":"https:\/\/pos.uel.br\/neurociencias\/wp-json\/wp\/v2\/pages\/497\/revisions\/567"}],"wp:attachment":[{"href":"https:\/\/pos.uel.br\/neurociencias\/wp-json\/wp\/v2\/media?parent=497"}],"curies":[{"name":"wp","href":"https:\/\/api.w.org\/{rel}","templated":true}]}}