{"id":13,"date":"2025-10-14T10:44:11","date_gmt":"2025-10-14T13:44:11","guid":{"rendered":"https:\/\/pos.uel.br\/midiasdigitais\/?page_id=13"},"modified":"2025-10-14T18:48:27","modified_gmt":"2025-10-14T21:48:27","slug":"estrutura-curricular","status":"publish","type":"page","link":"https:\/\/pos.uel.br\/midiasdigitais\/estrutura-curricular\/","title":{"rendered":"Estrutura Curricular"},"content":{"rendered":"\n<p><\/p>\n\n\n\n<p><strong>2DGN248 \u2013 BRANDING E POSICIONAMENTO DIGITAL<\/strong><\/p>\n\n\n\n<p>Fundamentos te\u00f3ricos e conhecimentos pr\u00e1ticos de constru\u00e7\u00e3o e gest\u00e3o de marcas. Conceitos e elementos da marca: identidade, express\u00e3o e comunica\u00e7\u00e3o. Estrat\u00e9gias de posicionamento para ambientes digitais, t\u00e9cnicas de storytelling para fortalecimento da marca. Aplica\u00e7\u00f5es, diretrizes e documenta\u00e7\u00e3o para materializa\u00e7\u00e3o e coer\u00eancia visual.<br>Cr\u00e9dito: 2<\/p>\n\n\n\n<p><br><strong>2DGN153 \u2013 COMUNICA\u00c7\u00c3O CRIATIVA: DIRE\u00c7\u00c3O DE ARTE<\/strong><\/p>\n\n\n\n<p>Processo criativo das quest\u00f5es e constru\u00e7\u00f5es conceituais que envolvem os aspectos associados \u00e0 ret\u00f3rica textual integrada ao visual e cria\u00e7\u00e3o imag\u00e9tica \u2013 dire\u00e7\u00e3o da arte. Compreens\u00e3o e an\u00e1lise dos elementos visuais integrados aos elementos textuais expressos na cria\u00e7\u00e3o e produ\u00e7\u00e3o imag\u00e9tica por meio da constru\u00e7\u00e3o de discursos que expressem as estrat\u00e9gias de comunica\u00e7\u00e3o criativas.<br>Cr\u00e9dito: 2<\/p>\n\n\n\n<p><br><strong>2DGN253 \u2013 CONEX\u00c3O COM O MERCADO DA COMUNICA\u00c7\u00c3O DIGITAL<\/strong><\/p>\n\n\n\n<p>Contextualiza\u00e7\u00e3o da consolida\u00e7\u00e3o da cultura digital. Conex\u00f5es com o mercado de trabalho, encontros com profissionais da \u00e1rea de abrang\u00eancia do curso visando o aprimoramento profissional sob os aspectos da tecnologia da comunica\u00e7\u00e3o digital, das transforma\u00e7\u00f5es de comportamento na gera\u00e7\u00e3o de valor.<br>Cr\u00e9dito: 2<\/p>\n\n\n\n<p><br><strong>2DGN211 \u2013 DESIGN THINKING E GEST\u00c3O DO DESIGN<\/strong><\/p>\n\n\n\n<p>Abordar a aplica\u00e7\u00e3o do conceito de Design Thinking na solu\u00e7\u00e3o de problemas e explora\u00e7\u00e3o de oportunidades em produtos e servi\u00e7os, com \u00eanfase na cria\u00e7\u00e3o de valor. Caracter\u00edsticas, compet\u00eancias e papel do profissional que conduz esse processo (design thinker).<br>Cr\u00e9dito: 2<\/p>\n\n\n\n<p><br><strong>2DGN252 \u2013 ECONOMIA CRIATIVA: NEG\u00d3CIOS DIGITAIS<\/strong><\/p>\n\n\n\n<p>Conceito de economia criativa. A monetiza\u00e7\u00e3o do trabalho criativo e os novos empreendimentos tecnol\u00f3gicos na economia do s\u00e9culo XXI. Os desafios do auto-gerenciamento, o empreendedorismo e a implementa\u00e7\u00e3o de modelos de neg\u00f3cio voltados para a carreira criativa.<br>Cr\u00e9dito: 2<\/p>\n\n\n\n<p><br><strong>2DGN246 \u2013 ESTRAT\u00c9GIA, MENSURA\u00c7\u00c3O E CRESCIMENTO EM SOCIAL M\u00c9DIA<\/strong><\/p>\n\n\n\n<p>Metodologia para planejamento estrat\u00e9gico e editorial em M\u00eddias Sociais, aplicadas ao conceito de Growth Marketing e Branding. An\u00e1lise de dados e tend\u00eancias das redes sociais, para marcas, neg\u00f3cios e criadores.<br>Cr\u00e9dito: 2<\/p>\n\n\n\n<p><br><strong>2DGN245 \u2013 GEST\u00c3O DE TR\u00c1FEGO PARA M\u00cdDIA PAGO<\/strong><\/p>\n\n\n\n<p>No\u00e7\u00f5es do ecossistema e aplica\u00e7\u00e3o pr\u00e1tica de M\u00eddia Paga Online (an\u00fancios no Google, Instagram, Facebook). Introdu\u00e7\u00e3o \u00e0 M\u00e9tricas e Mensura\u00e7\u00e3o. Estudos de casos em campanhas de ativa\u00e7\u00e3o da marca pela internet.<br>Cr\u00e9dito: 2<\/p>\n\n\n\n<p><br><strong>2DGN243 \u2013 IMAGEM E CULTURA DO CONSUMO<\/strong><\/p>\n\n\n\n<p>Conceitos de imagem, percep\u00e7\u00e3o e consumo. As imagens t\u00e9cnicas e a cultura do consumo. Cultura do consumo e modernidade. Est\u00e9tica da mercadoria e t\u00e9cnicas de marketing.<br>Cr\u00e9dito: 2<\/p>\n\n\n\n<p><br><strong>2DGN247 \u2013 INBOUND MARKETING, ANALYTCS E M\u00c9TRICAS<\/strong><\/p>\n\n\n\n<p>Metodologia para planejamento estrat\u00e9gico e de mensura\u00e7\u00e3o anal\u00edtica para a t\u00e9cnica de Marketing de Conte\u00fado e Inbound Marketing. Estrat\u00e9gias de Inbound e Marketing e Conte\u00fados. M\u00e9tricas essenciais de mensura\u00e7\u00e3o de dados e ferramentas dispon\u00edveis para an\u00e1lises de conte\u00fado.<br>Cr\u00e9dito: 2<\/p>\n\n\n\n<p><br><strong>2DGN251 \u2013 INOVA\u00c7\u00c3O E CRIA\u00c7\u00c3O DIGITAL<\/strong><\/p>\n\n\n\n<p>Novas metodologias criativas para desenvolvimento de projetos de comunica\u00e7\u00e3o e design. Implementa\u00e7\u00e3o de tecnologias digitais no processo criativo. Desenvolvimento de Projetos inovadores. Hibridiza\u00e7\u00e3o entre as matrizes das linguagens; sonora, visual e verbal.<br>Cr\u00e9dito: 2<\/p>\n\n\n\n<p><br><strong>2DGN250 \u2013 INTELIG\u00caNCIA ARTIFICIAL E PRODU\u00c7\u00c3O MIDI\u00c1TICA<\/strong><\/p>\n\n\n\n<p>Intelig\u00eancia artificial no contexto das m\u00eddias contempor\u00e2neas e produ\u00e7\u00f5es envolvendo o ambiente digital. Uso de tecnologias emergentes como ferramenta de diferencia\u00e7\u00e3o estrat\u00e9gica. Processos e t\u00e9cnicas de inova\u00e7\u00e3o frente aos novos conceitos computacionais.<br>Cr\u00e9dito: 2<\/p>\n\n\n\n<p><br><strong>2DGN244 \u2013 MARKETING DE BUSCA E OTIMIZA\u00c7\u00c3O DE SEO<\/strong><\/p>\n\n\n\n<p>Fundamentos te\u00f3ricos de Marketing. No\u00e7\u00f5es do ecossistema do Marketing Digital e suas ferramentas. Marketing para Buscadores, Redes Sociais e influenciadores digitais. T\u00e1ticas de conte\u00fado para Inbound. Estudos de casos em campanhas de ativa\u00e7\u00e3o da marca pela internet.<br>Cr\u00e9dito: 2<\/p>\n\n\n\n<p><br><strong>2DGN249 \u2013 PRODU\u00c7\u00c3O E CRIA\u00c7\u00c3O DE FOTO E V\u00cdDEO EM DISPOSITIVOS M\u00d3VEIS<\/strong><\/p>\n\n\n\n<p>M\u00e9todos de produ\u00e7\u00e3o, edi\u00e7\u00e3o e publica\u00e7\u00e3o de conte\u00fados imag\u00e9ticos para m\u00eddias sociais por meio da utiliza\u00e7\u00e3o de dispositivos mobile. T\u00e9cnicas de capta\u00e7\u00e3o e p\u00f3s-produ\u00e7\u00e3o com foco em formatos de fotografia e v\u00eddeo orientados pelos padr\u00f5es e tend\u00eancias de mercado.<br>Cr\u00e9dito: 2<\/p>\n\n\n\n<p><\/p>\n","protected":false},"excerpt":{"rendered":"<p>2DGN248 \u2013 BRANDING E POSICIONAMENTO DIGITAL Fundamentos te\u00f3ricos e conhecimentos pr\u00e1ticos de constru\u00e7\u00e3o e gest\u00e3o de marcas. Conceitos e elementos da marca: identidade, express\u00e3o e comunica\u00e7\u00e3o. Estrat\u00e9gias de posicionamento para ambientes digitais, t\u00e9cnicas de storytelling para fortalecimento da marca. Aplica\u00e7\u00f5es, diretrizes e documenta\u00e7\u00e3o para materializa\u00e7\u00e3o e coer\u00eancia visual.Cr\u00e9dito: 2 2DGN153 \u2013 COMUNICA\u00c7\u00c3O CRIATIVA: DIRE\u00c7\u00c3O DE [&hellip;]<\/p>\n","protected":false},"author":6,"featured_media":0,"parent":0,"menu_order":0,"comment_status":"closed","ping_status":"closed","template":"","meta":{"_acf_changed":false,"_themeisle_gutenberg_block_has_review":false,"footnotes":""},"class_list":["post-13","page","type-page","status-publish","hentry"],"acf":[],"_links":{"self":[{"href":"https:\/\/pos.uel.br\/midiasdigitais\/wp-json\/wp\/v2\/pages\/13","targetHints":{"allow":["GET"]}}],"collection":[{"href":"https:\/\/pos.uel.br\/midiasdigitais\/wp-json\/wp\/v2\/pages"}],"about":[{"href":"https:\/\/pos.uel.br\/midiasdigitais\/wp-json\/wp\/v2\/types\/page"}],"author":[{"embeddable":true,"href":"https:\/\/pos.uel.br\/midiasdigitais\/wp-json\/wp\/v2\/users\/6"}],"replies":[{"embeddable":true,"href":"https:\/\/pos.uel.br\/midiasdigitais\/wp-json\/wp\/v2\/comments?post=13"}],"version-history":[{"count":2,"href":"https:\/\/pos.uel.br\/midiasdigitais\/wp-json\/wp\/v2\/pages\/13\/revisions"}],"predecessor-version":[{"id":57,"href":"https:\/\/pos.uel.br\/midiasdigitais\/wp-json\/wp\/v2\/pages\/13\/revisions\/57"}],"wp:attachment":[{"href":"https:\/\/pos.uel.br\/midiasdigitais\/wp-json\/wp\/v2\/media?parent=13"}],"curies":[{"name":"wp","href":"https:\/\/api.w.org\/{rel}","templated":true}]}}