{"id":899,"date":"2021-07-06T16:54:30","date_gmt":"2021-07-06T19:54:30","guid":{"rendered":"https:\/\/pos.uel.br\/microbiologia\/?page_id=899"},"modified":"2022-05-11T14:48:29","modified_gmt":"2022-05-11T17:48:29","slug":"reconhecendo-a-microbiologia-do-nosso-dia-a-dia","status":"publish","type":"page","link":"https:\/\/pos.uel.br\/microbiologia\/reconhecendo-a-microbiologia-do-nosso-dia-a-dia\/","title":{"rendered":"Reconhecendo a Microbiologia do nosso dia a dia"},"content":{"rendered":"\n<p class=\"has-medium-font-size\"><strong><span class=\"has-inline-color has-primary-accent-color\">Projeto Coordenado pela Prof. Renata K. T. Kobayashi<\/span><\/strong><\/p>\n\n\n\n<p>Atividades pr\u00e1ticas laboratoriais s\u00e3o fundamentais para a compreens\u00e3o da Microbiologia, pois despertam o interesse pela descoberta, desenvolve a capacidade de observar e formular hip\u00f3teses, promovendo mudan\u00e7as de h\u00e1bitos e atitudes. Por\u00e9m, como a Microbiologia trabalha com organismos vis\u00edveis apenas ao microsc\u00f3pio \u00f3ptico, \u00e9 um tema pouco abordado no ensino b\u00e1sico, sendo trabalhado nas escolas de forma muito te\u00f3rica, abstrata e com pouca experimenta\u00e7\u00e3o. O projeto visa proporcionar aos estudantes da rede p\u00fablica (Ensino Fundamental e M\u00e9dio) a oportunidade de realizar atividades pr\u00e1ticas laboratoriais de Microbiologia, levando a Universidade at\u00e9 o aluno, aproximando-o do universo acad\u00eamico. Aos participantes ser\u00e3o ministradas atividades te\u00f3rico-pr\u00e1ticas, onde, utilizando meios de cultura e t\u00e9cnicas de microscopia, visualizar\u00e3o a coloniza\u00e7\u00e3o microbiana ambiental, bem como a pr\u00f3pria microbiota normal. Entre outras atividades, tamb\u00e9m avaliar\u00e3o as formas de transmiss\u00e3o e preven\u00e7\u00e3o de micro-organismos, e a import\u00e2ncia destes para o meio ambiente. Por meio destas pr\u00e1ticas laboratoriais e desenvolvimento de materiais did\u00e1ticos apropriados para a realidade da escola, como Kits para colora\u00e7\u00e3o de L\u00e2minas, Lamin\u00e1rio e v\u00eddeos educativos, os estudantes observar\u00e3o a ubiquidade e a transmissibilidade dos micro-organismos, bem como o qu\u00e3o pr\u00f3ximo est\u00e3o do nosso cotidiano, na sa\u00fade, nos alimentos, no meio ambiente, ou em produtos usados no nosso dia a dia (medicamentos, combust\u00edveis, alimentos), com o intuito de uma maior conscientiza\u00e7\u00e3o quanto aos cuidados com a Higiene, Sa\u00fade e Meio Ambiente. Esses conhecimentos desencadear\u00e3o atitudes reflexivas e a\u00e7\u00f5es em sa\u00fade, refletindo na promo\u00e7\u00e3o da sa\u00fade, maior cuidado com o meio ambiente e consequentemente melhoria da qualidade de vida da popula\u00e7\u00e3o. As aulas ser\u00e3o ministradas por estudantes da P\u00f3s Gradua\u00e7\u00e3o em Microbiologia (Mestrado e Doutorado), com supervis\u00e3o dos professores e ter\u00e3o o apoio de monitores (Alunos de gradua\u00e7\u00e3o) no preparo e no decorrer das aulas, estimulando a forma\u00e7\u00e3o e capacitando futuros professores para as \u00e1reas de Ci\u00eancias, contribuindo com a forma\u00e7\u00e3o integral, e n\u00e3o apenas acad\u00eamica do estudante. Os kits para colora\u00e7\u00e3o de l\u00e2minas e os v\u00eddeos educativos ser\u00e3o desenvolvidos pelos alunos da p\u00f3s gradua\u00e7\u00e3o e ter\u00e3o apoio da AINTEC (Ag\u00eancia de Inova\u00e7\u00e3o Tecnol\u00f3gica) e do LABTED, os v\u00eddeos ser\u00e3o disponibilizados na INTERNET (YOUTUBE). Os resultados ser\u00e3o divulgados em eventos de extens\u00e3o, pesquisa e inova\u00e7\u00e3o, e ensino.<\/p>\n\n\n\n<div style=\"height:38px\" aria-hidden=\"true\" class=\"wp-block-spacer\"><\/div>\n\n\n\n<div class=\"wp-block-file\"><a href=\"https:\/\/pos.uel.br\/microbiologia\/wp-content\/uploads\/2021\/07\/Artigo-extensao-Projeto-Reconhecendo-a-Microbiologia.pdf\">Artigo-extensao-Projeto-Reconhecendo-a-Microbiologia<\/a><a href=\"https:\/\/pos.uel.br\/microbiologia\/wp-content\/uploads\/2021\/07\/Artigo-extensao-Projeto-Reconhecendo-a-Microbiologia.pdf\" class=\"wp-block-file__button\" download>Baixar<\/a><\/div>\n\n\n\n<p class=\"has-medium-font-size\"><strong><span class=\"has-inline-color has-primary-accent-color\">Alunos do 2\u00ba ano do Ensino M\u00e9dio do Col\u00e9gio Estadual Profa. D\u00e9a Alvarenga<\/span><\/strong><\/p>\n\n\n\n<div class=\"wp-block-columns is-layout-flex wp-container-core-columns-is-layout-9d6595d7 wp-block-columns-is-layout-flex\">\n<div class=\"wp-block-column is-layout-flow wp-block-column-is-layout-flow\">\n<figure class=\"wp-block-image size-large\"><img loading=\"lazy\" decoding=\"async\" width=\"1024\" height=\"576\" src=\"https:\/\/pos.uel.br\/microbiologia\/wp-content\/uploads\/2021\/07\/Slide18-1024x576.png\" alt=\"\" class=\"wp-image-900\" srcset=\"https:\/\/pos.uel.br\/microbiologia\/wp-content\/uploads\/2021\/07\/Slide18-1024x576.png 1024w, https:\/\/pos.uel.br\/microbiologia\/wp-content\/uploads\/2021\/07\/Slide18-300x169.png 300w, https:\/\/pos.uel.br\/microbiologia\/wp-content\/uploads\/2021\/07\/Slide18-768x432.png 768w, https:\/\/pos.uel.br\/microbiologia\/wp-content\/uploads\/2021\/07\/Slide18.png 1280w\" sizes=\"auto, (max-width: 1024px) 100vw, 1024px\" \/><\/figure>\n\n\n\n<p><\/p>\n<\/div>\n\n\n\n<div class=\"wp-block-column is-layout-flow wp-block-column-is-layout-flow\">\n<figure class=\"wp-block-image size-large\"><img loading=\"lazy\" decoding=\"async\" width=\"1024\" height=\"576\" src=\"https:\/\/pos.uel.br\/microbiologia\/wp-content\/uploads\/2021\/07\/Slide17-1024x576.png\" alt=\"\" class=\"wp-image-901\" srcset=\"https:\/\/pos.uel.br\/microbiologia\/wp-content\/uploads\/2021\/07\/Slide17-1024x576.png 1024w, https:\/\/pos.uel.br\/microbiologia\/wp-content\/uploads\/2021\/07\/Slide17-300x169.png 300w, https:\/\/pos.uel.br\/microbiologia\/wp-content\/uploads\/2021\/07\/Slide17-768x432.png 768w, https:\/\/pos.uel.br\/microbiologia\/wp-content\/uploads\/2021\/07\/Slide17.png 1280w\" sizes=\"auto, (max-width: 1024px) 100vw, 1024px\" \/><\/figure>\n<\/div>\n<\/div>\n\n\n\n<div style=\"height:41px\" aria-hidden=\"true\" class=\"wp-block-spacer\"><\/div>\n\n\n\n<p class=\"has-medium-font-size\"><strong><span class=\"has-inline-color has-primary-accent-color\">Alunos do Col\u00e9gio Aplica\u00e7\u00e3o da UEL<\/span><\/strong><\/p>\n\n\n\n<div class=\"wp-block-columns is-layout-flex wp-container-core-columns-is-layout-9d6595d7 wp-block-columns-is-layout-flex\">\n<div class=\"wp-block-column is-layout-flow wp-block-column-is-layout-flow\">\n<div class=\"wp-block-image\"><figure class=\"aligncenter size-large is-resized\"><img loading=\"lazy\" decoding=\"async\" src=\"https:\/\/pos.uel.br\/microbiologia\/wp-content\/uploads\/2021\/07\/Slide24-1-1024x576.png\" alt=\"\" class=\"wp-image-1022\" width=\"624\" height=\"351\" srcset=\"https:\/\/pos.uel.br\/microbiologia\/wp-content\/uploads\/2021\/07\/Slide24-1-1024x576.png 1024w, https:\/\/pos.uel.br\/microbiologia\/wp-content\/uploads\/2021\/07\/Slide24-1-300x169.png 300w, https:\/\/pos.uel.br\/microbiologia\/wp-content\/uploads\/2021\/07\/Slide24-1-768x432.png 768w, https:\/\/pos.uel.br\/microbiologia\/wp-content\/uploads\/2021\/07\/Slide24-1.png 1280w\" sizes=\"auto, (max-width: 624px) 100vw, 624px\" \/><\/figure><\/div>\n<\/div>\n<\/div>\n\n\n\n<div style=\"height:31px\" aria-hidden=\"true\" class=\"wp-block-spacer\"><\/div>\n","protected":false},"excerpt":{"rendered":"<p>Projeto Coordenado pela Prof. Renata K. T. Kobayashi Atividades pr\u00e1ticas laboratoriais s\u00e3o fundamentais para a compreens\u00e3o da Microbiologia, pois despertam o interesse pela descoberta, desenvolve a capacidade de observar e formular hip\u00f3teses, promovendo mudan\u00e7as de h\u00e1bitos e atitudes. Por\u00e9m, como a Microbiologia trabalha com organismos vis\u00edveis apenas ao microsc\u00f3pio \u00f3ptico, \u00e9 um tema pouco abordado [&hellip;]<\/p>\n","protected":false},"author":8,"featured_media":0,"parent":0,"menu_order":0,"comment_status":"closed","ping_status":"closed","template":"","meta":{"_acf_changed":false,"footnotes":""},"class_list":["post-899","page","type-page","status-publish","hentry"],"acf":[],"_links":{"self":[{"href":"https:\/\/pos.uel.br\/microbiologia\/wp-json\/wp\/v2\/pages\/899","targetHints":{"allow":["GET"]}}],"collection":[{"href":"https:\/\/pos.uel.br\/microbiologia\/wp-json\/wp\/v2\/pages"}],"about":[{"href":"https:\/\/pos.uel.br\/microbiologia\/wp-json\/wp\/v2\/types\/page"}],"author":[{"embeddable":true,"href":"https:\/\/pos.uel.br\/microbiologia\/wp-json\/wp\/v2\/users\/8"}],"replies":[{"embeddable":true,"href":"https:\/\/pos.uel.br\/microbiologia\/wp-json\/wp\/v2\/comments?post=899"}],"version-history":[{"count":5,"href":"https:\/\/pos.uel.br\/microbiologia\/wp-json\/wp\/v2\/pages\/899\/revisions"}],"predecessor-version":[{"id":1036,"href":"https:\/\/pos.uel.br\/microbiologia\/wp-json\/wp\/v2\/pages\/899\/revisions\/1036"}],"wp:attachment":[{"href":"https:\/\/pos.uel.br\/microbiologia\/wp-json\/wp\/v2\/media?parent=899"}],"curies":[{"name":"wp","href":"https:\/\/api.w.org\/{rel}","templated":true}]}}