{"id":606,"date":"2021-06-29T16:53:50","date_gmt":"2021-06-29T19:53:50","guid":{"rendered":"https:\/\/pos.uel.br\/microbiologia\/?page_id=606"},"modified":"2025-05-22T07:01:07","modified_gmt":"2025-05-22T10:01:07","slug":"producao-cientifica-2","status":"publish","type":"page","link":"https:\/\/pos.uel.br\/microbiologia\/producao-cientifica-2\/","title":{"rendered":"Produ\u00e7\u00e3o Cient\u00edfica"},"content":{"rendered":"\n<p class=\"has-secondary-accent-color has-text-color has-link-color has-medium-font-size wp-elements-0dac491106da4f12f30eac1b1cac6b80\"><strong>Produ\u00e7\u00e3o total do quadri\u00eanio 2021-2024<\/strong><\/p>\n\n\n<div class=\"wp-block-image\">\n<figure class=\"aligncenter size-large is-resized\"><img loading=\"lazy\" decoding=\"async\" width=\"1024\" height=\"576\" src=\"https:\/\/pos.uel.br\/microbiologia\/wp-content\/uploads\/2025\/05\/Slide5-1024x576.jpg\" alt=\"\" class=\"wp-image-2518\" style=\"width:654px;height:auto\" srcset=\"https:\/\/pos.uel.br\/microbiologia\/wp-content\/uploads\/2025\/05\/Slide5-1024x576.jpg 1024w, https:\/\/pos.uel.br\/microbiologia\/wp-content\/uploads\/2025\/05\/Slide5-300x169.jpg 300w, https:\/\/pos.uel.br\/microbiologia\/wp-content\/uploads\/2025\/05\/Slide5-768x432.jpg 768w, https:\/\/pos.uel.br\/microbiologia\/wp-content\/uploads\/2025\/05\/Slide5.jpg 1280w\" sizes=\"auto, (max-width: 1024px) 100vw, 1024px\" \/><\/figure>\n<\/div>\n\n\n<p class=\"has-secondary-accent-color has-text-color has-link-color has-medium-font-size wp-elements-c817728b453d5c737da5cf4b4a0613c8\"><strong>Produ\u00e7\u00e3o cient\u00edfica: 2021<\/strong><\/p>\n\n\n\n<div class=\"wp-block-columns is-layout-flex wp-container-core-columns-is-layout-9d6595d7 wp-block-columns-is-layout-flex\">\n<div class=\"wp-block-column is-layout-flow wp-block-column-is-layout-flow\">\n<figure class=\"wp-block-image size-large\"><img loading=\"lazy\" decoding=\"async\" width=\"1024\" height=\"576\" src=\"https:\/\/pos.uel.br\/microbiologia\/wp-content\/uploads\/2025\/05\/Slide1-7-1024x576.jpg\" alt=\"\" class=\"wp-image-2514\" srcset=\"https:\/\/pos.uel.br\/microbiologia\/wp-content\/uploads\/2025\/05\/Slide1-7-1024x576.jpg 1024w, https:\/\/pos.uel.br\/microbiologia\/wp-content\/uploads\/2025\/05\/Slide1-7-300x169.jpg 300w, https:\/\/pos.uel.br\/microbiologia\/wp-content\/uploads\/2025\/05\/Slide1-7-768x432.jpg 768w, https:\/\/pos.uel.br\/microbiologia\/wp-content\/uploads\/2025\/05\/Slide1-7.jpg 1280w\" sizes=\"auto, (max-width: 1024px) 100vw, 1024px\" \/><\/figure>\n<\/div>\n\n\n\n<div class=\"wp-block-column is-layout-flow wp-block-column-is-layout-flow\">\n<p>Produ\u00e7\u00e3o total (total), Produ\u00e7\u00e3o com autoria e participa\u00e7\u00e3o de discentes e egressos (D\/E); Produ\u00e7\u00e3o com participa\u00e7\u00e3o de pesquisadores estrangeiros (estangeiros). Estratifica\u00e7\u00e3o do Qualis 2017-2020 da \u00e1rea de Ci\u00eancias Biol\u00f3gicas III: A1, A2, A3, A4,B1, B2, B3, B4, C e sem estratifica\u00e7\u00e3o pelo CBIII mas com JCR (JCR) e sem JCR (s\/JCR).<\/p>\n<\/div>\n<\/div>\n\n\n\n<p class=\"has-secondary-accent-color has-text-color has-link-color has-medium-font-size wp-elements-11bfc8a67ae098ee5abd24c089fdca74\"><strong>Produ\u00e7\u00e3o cient\u00edfica: 2022<\/strong><\/p>\n\n\n\n<div class=\"wp-block-columns is-layout-flex wp-container-core-columns-is-layout-9d6595d7 wp-block-columns-is-layout-flex\">\n<div class=\"wp-block-column is-layout-flow wp-block-column-is-layout-flow\">\n<figure class=\"wp-block-image size-large\"><img loading=\"lazy\" decoding=\"async\" width=\"1024\" height=\"576\" src=\"https:\/\/pos.uel.br\/microbiologia\/wp-content\/uploads\/2025\/05\/Slide2-5-1024x576.jpg\" alt=\"\" class=\"wp-image-2515\" srcset=\"https:\/\/pos.uel.br\/microbiologia\/wp-content\/uploads\/2025\/05\/Slide2-5-1024x576.jpg 1024w, https:\/\/pos.uel.br\/microbiologia\/wp-content\/uploads\/2025\/05\/Slide2-5-300x169.jpg 300w, https:\/\/pos.uel.br\/microbiologia\/wp-content\/uploads\/2025\/05\/Slide2-5-768x432.jpg 768w, https:\/\/pos.uel.br\/microbiologia\/wp-content\/uploads\/2025\/05\/Slide2-5.jpg 1280w\" sizes=\"auto, (max-width: 1024px) 100vw, 1024px\" \/><\/figure>\n<\/div>\n\n\n\n<div class=\"wp-block-column is-layout-flow wp-block-column-is-layout-flow\">\n<p>Produ\u00e7\u00e3o total (total), Produ\u00e7\u00e3o com autoria e participa\u00e7\u00e3o de discentes e egressos (D\/E); Produ\u00e7\u00e3o com participa\u00e7\u00e3o de pesquisadores estrangeiros (estangeiros). Estratifica\u00e7\u00e3o do Qualis 2017-2020 da \u00e1rea de Ci\u00eancias Biol\u00f3gicas III: A1, A2, A3, A4,B1, B2, B3, B4, C e sem estratifica\u00e7\u00e3o pelo CBIII mas com JCR (JCR) e sem JCR (s\/JCR).<\/p>\n<\/div>\n<\/div>\n\n\n\n<p class=\"has-secondary-accent-color has-text-color has-link-color has-medium-font-size wp-elements-45b953c9c040965f7c456043875a8dc9\"><strong>Produ\u00e7\u00e3o cient\u00edfica: 2023<\/strong><\/p>\n\n\n\n<div class=\"wp-block-columns is-layout-flex wp-container-core-columns-is-layout-9d6595d7 wp-block-columns-is-layout-flex\">\n<div class=\"wp-block-column is-layout-flow wp-block-column-is-layout-flow\">\n<figure class=\"wp-block-image size-large\"><img loading=\"lazy\" decoding=\"async\" width=\"1024\" height=\"576\" src=\"https:\/\/pos.uel.br\/microbiologia\/wp-content\/uploads\/2025\/05\/Slide3-1024x576.jpg\" alt=\"\" class=\"wp-image-2516\" srcset=\"https:\/\/pos.uel.br\/microbiologia\/wp-content\/uploads\/2025\/05\/Slide3-1024x576.jpg 1024w, https:\/\/pos.uel.br\/microbiologia\/wp-content\/uploads\/2025\/05\/Slide3-300x169.jpg 300w, https:\/\/pos.uel.br\/microbiologia\/wp-content\/uploads\/2025\/05\/Slide3-768x432.jpg 768w, https:\/\/pos.uel.br\/microbiologia\/wp-content\/uploads\/2025\/05\/Slide3.jpg 1280w\" sizes=\"auto, (max-width: 1024px) 100vw, 1024px\" \/><\/figure>\n<\/div>\n\n\n\n<div class=\"wp-block-column is-layout-flow wp-block-column-is-layout-flow\">\n<p>Produ\u00e7\u00e3o total (total), Produ\u00e7\u00e3o com autoria e participa\u00e7\u00e3o de discentes e egressos (D\/E); Produ\u00e7\u00e3o com participa\u00e7\u00e3o de pesquisadores estrangeiros (estangeiros). Estratifica\u00e7\u00e3o do Qualis 2017-2020 da \u00e1rea de Ci\u00eancias Biol\u00f3gicas III: A1, A2, A3, A4,B1, B2, B3, B4, C e sem estratifica\u00e7\u00e3o pelo CBIII mas com JCR (JCR) e sem JCR (s\/JCR).<\/p>\n<\/div>\n<\/div>\n\n\n\n<p class=\"has-secondary-accent-color has-text-color has-link-color has-medium-font-size wp-elements-cc1e8b5888eb6465fb4d0e90baf083ab\"><strong>Produ\u00e7\u00e3o cient\u00edfica: 2024<\/strong><\/p>\n\n\n\n<div class=\"wp-block-columns is-layout-flex wp-container-core-columns-is-layout-9d6595d7 wp-block-columns-is-layout-flex\">\n<div class=\"wp-block-column is-layout-flow wp-block-column-is-layout-flow\">\n<figure class=\"wp-block-image size-large\"><img loading=\"lazy\" decoding=\"async\" width=\"1024\" height=\"576\" src=\"https:\/\/pos.uel.br\/microbiologia\/wp-content\/uploads\/2025\/05\/Slide4-1024x576.jpg\" alt=\"\" class=\"wp-image-2517\" srcset=\"https:\/\/pos.uel.br\/microbiologia\/wp-content\/uploads\/2025\/05\/Slide4-1024x576.jpg 1024w, https:\/\/pos.uel.br\/microbiologia\/wp-content\/uploads\/2025\/05\/Slide4-300x169.jpg 300w, https:\/\/pos.uel.br\/microbiologia\/wp-content\/uploads\/2025\/05\/Slide4-768x432.jpg 768w, https:\/\/pos.uel.br\/microbiologia\/wp-content\/uploads\/2025\/05\/Slide4.jpg 1280w\" sizes=\"auto, (max-width: 1024px) 100vw, 1024px\" \/><\/figure>\n<\/div>\n\n\n\n<div class=\"wp-block-column is-layout-flow wp-block-column-is-layout-flow\">\n<p>Produ\u00e7\u00e3o total (total), Produ\u00e7\u00e3o com autoria e participa\u00e7\u00e3o de discentes e egressos (D\/E); Produ\u00e7\u00e3o com participa\u00e7\u00e3o de pesquisadores estrangeiros (estangeiros). Estratifica\u00e7\u00e3o do Qualis 2017-2020 da \u00e1rea de Ci\u00eancias Biol\u00f3gicas III: A1, A2, A3, A4,B1, B2, B3, B4, C e sem estratifica\u00e7\u00e3o pelo CBIII mas com JCR (JCR) e sem JCR (s\/JCR).<\/p>\n<\/div>\n<\/div>\n\n\n\n<div style=\"height:63px\" aria-hidden=\"true\" class=\"wp-block-spacer\"><\/div>\n\n\n\n<p class=\"has-medium-font-size\"><strong><span class=\"has-inline-color has-primary-accent-color\">Produ\u00e7\u00e3o cient\u00edfica: 2017<\/span><\/strong><\/p>\n\n\n\n<div class=\"wp-block-columns is-layout-flex wp-container-core-columns-is-layout-9d6595d7 wp-block-columns-is-layout-flex\">\n<div class=\"wp-block-column is-layout-flow wp-block-column-is-layout-flow\" style=\"flex-basis:66.66%\">\n<figure class=\"wp-block-image size-large is-resized\"><img loading=\"lazy\" decoding=\"async\" width=\"1024\" height=\"576\" src=\"https:\/\/pos.uel.br\/microbiologia\/wp-content\/uploads\/2021\/07\/Slide1-3-1024x576.png\" alt=\"\" class=\"wp-image-1150\" style=\"width:432px;height:auto\" srcset=\"https:\/\/pos.uel.br\/microbiologia\/wp-content\/uploads\/2021\/07\/Slide1-3-1024x576.png 1024w, https:\/\/pos.uel.br\/microbiologia\/wp-content\/uploads\/2021\/07\/Slide1-3-300x169.png 300w, https:\/\/pos.uel.br\/microbiologia\/wp-content\/uploads\/2021\/07\/Slide1-3-768x432.png 768w, https:\/\/pos.uel.br\/microbiologia\/wp-content\/uploads\/2021\/07\/Slide1-3.png 1280w\" sizes=\"auto, (max-width: 1024px) 100vw, 1024px\" \/><\/figure>\n<\/div>\n\n\n\n<div class=\"wp-block-column is-layout-flow wp-block-column-is-layout-flow\" style=\"flex-basis:33.33%\">\n<p>Produ\u00e7\u00e3o total (total), Produ\u00e7\u00e3o com autoria e participa\u00e7\u00e3o de discentes e egressos (D\/E); Produ\u00e7\u00e3o com participa\u00e7\u00e3o de pesquisadores estrangeiros (estangeiros). Estratifica\u00e7\u00e3o do Qualis 2013-2017 da \u00e1rea de Ci\u00eancias Biol\u00f3gicas III: A1, A2, B1, B2, B3, B4, B5 e sem estratifica\u00e7\u00e3o pelo CBIII mas com JCR (JCR).<\/p>\n<\/div>\n<\/div>\n\n\n\n<p class=\"has-medium-font-size\"><strong><span class=\"has-inline-color has-primary-accent-color\">Produ\u00e7\u00e3o cient\u00edfica: 2018<\/span><\/strong><\/p>\n\n\n\n<div class=\"wp-block-columns is-layout-flex wp-container-core-columns-is-layout-9d6595d7 wp-block-columns-is-layout-flex\">\n<div class=\"wp-block-column is-layout-flow wp-block-column-is-layout-flow\" style=\"flex-basis:66.66%\">\n<figure class=\"wp-block-image size-large is-resized\"><img loading=\"lazy\" decoding=\"async\" width=\"1024\" height=\"576\" src=\"https:\/\/pos.uel.br\/microbiologia\/wp-content\/uploads\/2021\/07\/Slide3-1024x576.png\" alt=\"\" class=\"wp-image-1151\" style=\"width:429px;height:auto\" srcset=\"https:\/\/pos.uel.br\/microbiologia\/wp-content\/uploads\/2021\/07\/Slide3-1024x576.png 1024w, https:\/\/pos.uel.br\/microbiologia\/wp-content\/uploads\/2021\/07\/Slide3-300x169.png 300w, https:\/\/pos.uel.br\/microbiologia\/wp-content\/uploads\/2021\/07\/Slide3-768x432.png 768w, https:\/\/pos.uel.br\/microbiologia\/wp-content\/uploads\/2021\/07\/Slide3.png 1280w\" sizes=\"auto, (max-width: 1024px) 100vw, 1024px\" \/><\/figure>\n<\/div>\n\n\n\n<div class=\"wp-block-column is-layout-flow wp-block-column-is-layout-flow\" style=\"flex-basis:33.33%\">\n<p>Produ\u00e7\u00e3o total (total), Produ\u00e7\u00e3o com autoria e participa\u00e7\u00e3o de discentes e egressos (D\/E); Produ\u00e7\u00e3o com participa\u00e7\u00e3o de pesquisadores estrangeiros (estangeiros). Estratifica\u00e7\u00e3o do Qualis 2013-2017 da \u00e1rea de Ci\u00eancias Biol\u00f3gicas III: A1, A2, B1, B2, B3, B4, B5 e sem estratifica\u00e7\u00e3o pelo CBIII mas com JCR (JCR).<\/p>\n<\/div>\n<\/div>\n\n\n\n<p class=\"has-medium-font-size\"><strong><span class=\"has-inline-color has-primary-accent-color\">Produ\u00e7\u00e3o cient\u00edfica: 2019<\/span><\/strong><\/p>\n\n\n\n<div class=\"wp-block-columns is-layout-flex wp-container-core-columns-is-layout-9d6595d7 wp-block-columns-is-layout-flex\">\n<div class=\"wp-block-column is-layout-flow wp-block-column-is-layout-flow\" style=\"flex-basis:66.66%\">\n<figure class=\"wp-block-image size-large is-resized\"><img loading=\"lazy\" decoding=\"async\" width=\"1024\" height=\"576\" src=\"https:\/\/pos.uel.br\/microbiologia\/wp-content\/uploads\/2021\/07\/Slide5-1-1024x576.png\" alt=\"\" class=\"wp-image-1152\" style=\"width:429px;height:auto\" srcset=\"https:\/\/pos.uel.br\/microbiologia\/wp-content\/uploads\/2021\/07\/Slide5-1-1024x576.png 1024w, https:\/\/pos.uel.br\/microbiologia\/wp-content\/uploads\/2021\/07\/Slide5-1-300x169.png 300w, https:\/\/pos.uel.br\/microbiologia\/wp-content\/uploads\/2021\/07\/Slide5-1-768x432.png 768w, https:\/\/pos.uel.br\/microbiologia\/wp-content\/uploads\/2021\/07\/Slide5-1.png 1280w\" sizes=\"auto, (max-width: 1024px) 100vw, 1024px\" \/><\/figure>\n<\/div>\n\n\n\n<div class=\"wp-block-column is-layout-flow wp-block-column-is-layout-flow\" style=\"flex-basis:33.33%\">\n<p>Produ\u00e7\u00e3o total (total), Produ\u00e7\u00e3o com autoria e participa\u00e7\u00e3o de discentes e egressos (D\/E); Produ\u00e7\u00e3o com participa\u00e7\u00e3o de pesquisadores estrangeiros (estangeiros). Estratifica\u00e7\u00e3o do Qualis 2013-2017 da \u00e1rea de Ci\u00eancias Biol\u00f3gicas III: A1, A2, B1, B2, B3, B4, B5 e sem estratifica\u00e7\u00e3o pelo CBIII mas com JCR (JCR).<\/p>\n<\/div>\n<\/div>\n\n\n\n<p class=\"has-medium-font-size\"><strong><span class=\"has-inline-color has-primary-accent-color\">Produ\u00e7\u00e3o cient\u00edfica: 2020<\/span><\/strong><\/p>\n\n\n\n<div class=\"wp-block-columns is-layout-flex wp-container-core-columns-is-layout-9d6595d7 wp-block-columns-is-layout-flex\">\n<div class=\"wp-block-column is-layout-flow wp-block-column-is-layout-flow\" style=\"flex-basis:66.66%\">\n<figure class=\"wp-block-image size-large is-resized\"><img loading=\"lazy\" decoding=\"async\" width=\"1024\" height=\"576\" src=\"https:\/\/pos.uel.br\/microbiologia\/wp-content\/uploads\/2021\/07\/Slide7-3-1024x576.png\" alt=\"\" class=\"wp-image-1153\" style=\"width:430px;height:auto\" srcset=\"https:\/\/pos.uel.br\/microbiologia\/wp-content\/uploads\/2021\/07\/Slide7-3-1024x576.png 1024w, https:\/\/pos.uel.br\/microbiologia\/wp-content\/uploads\/2021\/07\/Slide7-3-300x169.png 300w, https:\/\/pos.uel.br\/microbiologia\/wp-content\/uploads\/2021\/07\/Slide7-3-768x432.png 768w, https:\/\/pos.uel.br\/microbiologia\/wp-content\/uploads\/2021\/07\/Slide7-3.png 1280w\" sizes=\"auto, (max-width: 1024px) 100vw, 1024px\" \/><\/figure>\n<\/div>\n\n\n\n<div class=\"wp-block-column is-layout-flow wp-block-column-is-layout-flow\" style=\"flex-basis:33.33%\">\n<p>Produ\u00e7\u00e3o total (total), Produ\u00e7\u00e3o com autoria e participa\u00e7\u00e3o de discentes e egressos (D\/E); Produ\u00e7\u00e3o com participa\u00e7\u00e3o de pesquisadores estrangeiros (estangeiros). Estratifica\u00e7\u00e3o do Qualis 2013-2017 da \u00e1rea de Ci\u00eancias Biol\u00f3gicas III: A1, A2, B1, B2, B3, B4, B5 e sem estratifica\u00e7\u00e3o pelo CBIII mas com JCR (JCR).<\/p>\n<\/div>\n<\/div>\n\n\n\n<p><\/p>\n","protected":false},"excerpt":{"rendered":"<p>Produ\u00e7\u00e3o total do quadri\u00eanio 2021-2024 Produ\u00e7\u00e3o cient\u00edfica: 2021 Produ\u00e7\u00e3o total (total), Produ\u00e7\u00e3o com autoria e participa\u00e7\u00e3o de discentes e egressos (D\/E); Produ\u00e7\u00e3o com participa\u00e7\u00e3o de pesquisadores estrangeiros (estangeiros). Estratifica\u00e7\u00e3o do Qualis 2017-2020 da \u00e1rea de Ci\u00eancias Biol\u00f3gicas III: A1, A2, A3, A4,B1, B2, B3, B4, C e sem estratifica\u00e7\u00e3o pelo CBIII mas com JCR (JCR) [&hellip;]<\/p>\n","protected":false},"author":8,"featured_media":0,"parent":0,"menu_order":0,"comment_status":"closed","ping_status":"closed","template":"","meta":{"_acf_changed":false,"footnotes":""},"class_list":["post-606","page","type-page","status-publish","hentry"],"acf":[],"_links":{"self":[{"href":"https:\/\/pos.uel.br\/microbiologia\/wp-json\/wp\/v2\/pages\/606","targetHints":{"allow":["GET"]}}],"collection":[{"href":"https:\/\/pos.uel.br\/microbiologia\/wp-json\/wp\/v2\/pages"}],"about":[{"href":"https:\/\/pos.uel.br\/microbiologia\/wp-json\/wp\/v2\/types\/page"}],"author":[{"embeddable":true,"href":"https:\/\/pos.uel.br\/microbiologia\/wp-json\/wp\/v2\/users\/8"}],"replies":[{"embeddable":true,"href":"https:\/\/pos.uel.br\/microbiologia\/wp-json\/wp\/v2\/comments?post=606"}],"version-history":[{"count":5,"href":"https:\/\/pos.uel.br\/microbiologia\/wp-json\/wp\/v2\/pages\/606\/revisions"}],"predecessor-version":[{"id":2519,"href":"https:\/\/pos.uel.br\/microbiologia\/wp-json\/wp\/v2\/pages\/606\/revisions\/2519"}],"wp:attachment":[{"href":"https:\/\/pos.uel.br\/microbiologia\/wp-json\/wp\/v2\/media?parent=606"}],"curies":[{"name":"wp","href":"https:\/\/api.w.org\/{rel}","templated":true}]}}