{"id":2016,"date":"2023-07-07T15:54:37","date_gmt":"2023-07-07T18:54:37","guid":{"rendered":"https:\/\/pos.uel.br\/microbiologia\/?page_id=2016"},"modified":"2023-07-14T13:25:51","modified_gmt":"2023-07-14T16:25:51","slug":"forum-de-autoavaliacao-do-programa-de-pos-graduacao-em-microbiologia","status":"publish","type":"page","link":"https:\/\/pos.uel.br\/microbiologia\/forum-de-autoavaliacao-do-programa-de-pos-graduacao-em-microbiologia\/","title":{"rendered":"F\u00f3rum de Autoavalia\u00e7\u00e3o do Programa de P\u00f3s-Gradua\u00e7\u00e3o em Microbiologia"},"content":{"rendered":"\n<p><\/p>\n\n\n\n<p><\/p>\n\n\n\n<p class=\"has-medium-font-size\"><strong><mark style=\"background-color:rgba(0, 0, 0, 0)\" class=\"has-inline-color has-secondary-accent-color\">Evento do Programa de P\u00f3s-Gradu\u00e7\u00e3o em Microbiologia<\/mark><\/strong><\/p>\n\n\n\n<p>Data: <strong>04 de agosto de 2023<\/strong><\/p>\n\n\n\n<p>Local: <strong>Centro de Ci\u00eancias Biol\u00f3gicas, Sala 202<\/strong><\/p>\n\n\n\n<p><\/p>\n\n\n\n<p>Programa\u00e7\u00e3o:<\/p>\n\n\n\n<div class=\"wp-block-file\"><a id=\"wp-block-file--media-8ce7579d-4b49-4525-a10d-c8f4cfdddc79\" href=\"https:\/\/pos.uel.br\/microbiologia\/wp-content\/uploads\/2023\/07\/Programacao-FAPPM-2023-1.pdf\" target=\"_blank\" rel=\"noreferrer noopener\">Programacao-FAPPM-2023-1<\/a><a href=\"https:\/\/pos.uel.br\/microbiologia\/wp-content\/uploads\/2023\/07\/Programacao-FAPPM-2023-1.pdf\" class=\"wp-block-file__button wp-element-button\" download aria-describedby=\"wp-block-file--media-8ce7579d-4b49-4525-a10d-c8f4cfdddc79\">Baixar<\/a><\/div>\n\n\n\n<div class=\"wp-block-file\"><a id=\"wp-block-file--media-d05bbdf9-8723-4c1a-b6e1-f32775a2cbd8\" href=\"https:\/\/pos.uel.br\/microbiologia\/wp-content\/uploads\/2023\/07\/Forum-de-autoavaliacao-PPM-2023.pdf\">Forum-de-autoavaliacao-PPM-2023<\/a><a href=\"https:\/\/pos.uel.br\/microbiologia\/wp-content\/uploads\/2023\/07\/Forum-de-autoavaliacao-PPM-2023.pdf\" class=\"wp-block-file__button wp-element-button\" download aria-describedby=\"wp-block-file--media-d05bbdf9-8723-4c1a-b6e1-f32775a2cbd8\">Baixar<\/a><\/div>\n","protected":false},"excerpt":{"rendered":"<p>Evento do Programa de P\u00f3s-Gradu\u00e7\u00e3o em Microbiologia Data: 04 de agosto de 2023 Local: Centro de Ci\u00eancias Biol\u00f3gicas, Sala 202 Programa\u00e7\u00e3o:<\/p>\n","protected":false},"author":8,"featured_media":0,"parent":0,"menu_order":0,"comment_status":"closed","ping_status":"closed","template":"","meta":{"_acf_changed":false,"footnotes":""},"class_list":["post-2016","page","type-page","status-publish","hentry"],"acf":[],"_links":{"self":[{"href":"https:\/\/pos.uel.br\/microbiologia\/wp-json\/wp\/v2\/pages\/2016","targetHints":{"allow":["GET"]}}],"collection":[{"href":"https:\/\/pos.uel.br\/microbiologia\/wp-json\/wp\/v2\/pages"}],"about":[{"href":"https:\/\/pos.uel.br\/microbiologia\/wp-json\/wp\/v2\/types\/page"}],"author":[{"embeddable":true,"href":"https:\/\/pos.uel.br\/microbiologia\/wp-json\/wp\/v2\/users\/8"}],"replies":[{"embeddable":true,"href":"https:\/\/pos.uel.br\/microbiologia\/wp-json\/wp\/v2\/comments?post=2016"}],"version-history":[{"count":4,"href":"https:\/\/pos.uel.br\/microbiologia\/wp-json\/wp\/v2\/pages\/2016\/revisions"}],"predecessor-version":[{"id":2028,"href":"https:\/\/pos.uel.br\/microbiologia\/wp-json\/wp\/v2\/pages\/2016\/revisions\/2028"}],"wp:attachment":[{"href":"https:\/\/pos.uel.br\/microbiologia\/wp-json\/wp\/v2\/media?parent=2016"}],"curies":[{"name":"wp","href":"https:\/\/api.w.org\/{rel}","templated":true}]}}