{"id":1078,"date":"2021-07-08T15:11:00","date_gmt":"2021-07-08T18:11:00","guid":{"rendered":"https:\/\/pos.uel.br\/microbiologia\/?page_id=1078"},"modified":"2025-05-29T08:21:07","modified_gmt":"2025-05-29T11:21:07","slug":"premios-homenagens-e-mencao-honrosa","status":"publish","type":"page","link":"https:\/\/pos.uel.br\/microbiologia\/premios-homenagens-e-mencao-honrosa\/","title":{"rendered":"Pr\u00eamios, Homenagens e Men\u00e7\u00e3o Honrosa"},"content":{"rendered":"\n<div class=\"wp-block-columns is-layout-flex wp-container-core-columns-is-layout-9d6595d7 wp-block-columns-is-layout-flex\">\n<div class=\"wp-block-column is-layout-flow wp-block-column-is-layout-flow\">\n<figure class=\"wp-block-image size-large\"><img loading=\"lazy\" decoding=\"async\" width=\"1024\" height=\"722\" src=\"https:\/\/pos.uel.br\/microbiologia\/wp-content\/uploads\/2025\/05\/hungria1-1024x722.jpg\" alt=\"\" class=\"wp-image-2528\" srcset=\"https:\/\/pos.uel.br\/microbiologia\/wp-content\/uploads\/2025\/05\/hungria1-1024x722.jpg 1024w, https:\/\/pos.uel.br\/microbiologia\/wp-content\/uploads\/2025\/05\/hungria1-300x211.jpg 300w, https:\/\/pos.uel.br\/microbiologia\/wp-content\/uploads\/2025\/05\/hungria1-768x541.jpg 768w, https:\/\/pos.uel.br\/microbiologia\/wp-content\/uploads\/2025\/05\/hungria1.jpg 1280w\" sizes=\"auto, (max-width: 1024px) 100vw, 1024px\" \/><\/figure>\n<\/div>\n\n\n\n<div class=\"wp-block-column is-layout-flow wp-block-column-is-layout-flow\">\n<p class=\"has-secondary-accent-color has-text-color has-link-color has-medium-font-size wp-elements-31847e235b0bb9b94a2b3cd654f9efe0\"><strong>World Food Prize<\/strong><\/p>\n\n\n\n<p>A cientista brasileira <strong>Mariangela Hungria<\/strong>, pesquisadora da Embrapa Soja e membro da Academia Brasileira de Ci\u00eancias, foi premiada com o World Food Prize, considerado o &#8220;Nobel&#8221; da agricultura. A premia\u00e7\u00e3o reconhece sua contribui\u00e7\u00e3o para a melhoria da qualidade e disponibilidade de alimentos no mundo. Com mais de 40 anos de pesquisa, Mariangela se destacou pelo desenvolvimento de tecnologias inovadoras em microbiologia do solo, ajudando o Brasil a se tornar uma pot\u00eancia agr\u00edcola global.<\/p>\n\n\n\n<p>\u201cSubstituir o uso de produtos qu\u00edmicos por produtos biol\u00f3gicos na agricultura tem sido a luta da minha vida. Tenho muito orgulho de contribuir para a produ\u00e7\u00e3o de alimentos e, ao mesmo tempo, diminuir o impacto ambiental. A meta era aumentar a produtividade com o menor uso poss\u00edvel de produtos qu\u00edmicos, e conseguimos isso com mais produtos biol\u00f3gicos\u201d, afirmou Mariangela em comunicado sobre o pr\u00eamio.<\/p>\n\n\n\n<p>Para ela, a l\u00e1urea \u00e9 um reconhecimento tamb\u00e9m \u00e0 ci\u00eancia feita no Brasil e um est\u00edmulo a outras pesquisadoras. \u201cN\u00e3o consigo acreditar que agora estou recebendo o Pr\u00eamio Mundial da Alimenta\u00e7\u00e3o. Muitas pessoas questionaram minha capacidade ao longo de minha carreira, mas eu acreditei no que estava fazendo e perseverei. O papel das mulheres na agricultura, da agricultura \u00e0 ci\u00eancia, merece mais reconhecimento. Espero que minha conquista inspire outras pessoas a perseguirem suas paix\u00f5es na ci\u00eancia.\u201d<\/p>\n\n\n\n<p>Reportagem <a href=\"https:\/\/www.abc.org.br\/2025\/05\/14\/mariangela-hungria-nobel-da-agricultura\/\">Academia Brasileira de Ci\u00eancias<\/a><\/p>\n\n\n\n<p>Youtube <a href=\"https:\/\/www.youtube.com\/watch?v=TEl4R4GStdY\">Embrapa\/Soja<\/a><\/p>\n<\/div>\n<\/div>\n\n\n\n<div class=\"wp-block-columns is-layout-flex wp-container-core-columns-is-layout-9d6595d7 wp-block-columns-is-layout-flex\">\n<div class=\"wp-block-column is-layout-flow wp-block-column-is-layout-flow\">\n<p class=\"has-secondary-accent-color has-text-color has-link-color has-medium-font-size wp-elements-35e6d3f92b62370a91e9c059f65bf59b\"><strong><a href=\"https:\/\/www.seti.pr.gov.br\/Prime-2024\">Programa de Propriedade Intelectual com Foco no Mercado (Prime) &#8211; Edi\u00e7\u00e3o 2024<\/a><\/strong><\/p>\n\n\n\n<p>A SETI premiou os 10 finalistas da edi\u00e7\u00e3o 2024 do Programa Prime (Propriedade Intelectual com Foco no Mercado), que visa transformar pesquisas acad\u00eamicas em produtos, servi\u00e7os e neg\u00f3cios. Cada projeto recebeu R$ 200 mil para desenvolver suas solu\u00e7\u00f5es inovadoras.<\/p>\n\n\n\n<p>Entre os finalistas, dois projetos s\u00e3o da UEL. Um deles, liderado pelo professor <strong>Gerson Nakazato<\/strong>, do Departamento de Microbiologia do CCB, \u00e9 o <strong>Blood Aid<\/strong> \u2014 uma tecnologia que identifica rapidamente o tipo sangu\u00edneo (em menos de dois minutos) e tamb\u00e9m funciona como curativo para proteger feridas e les\u00f5es. Participaram os docentes: Eliandro R. Tavares, Lucy M. Y. Lioni, Phileno Pinge Filho, Renata K.T. Kobayashi, Sueli F. Y. Ogatta, e discentes do PPM.<\/p>\n\n\n\n<p><a href=\"https:\/\/operobal.uel.br\/premios\/2024\/07\/08\/campanha-publicitaria-sobre-curativo-desenvolvido-na-uel-e-premiada-no-cannes-lions-2024\/\">O Perobal<\/a><\/p>\n<\/div>\n\n\n\n<div class=\"wp-block-column is-layout-flow wp-block-column-is-layout-flow\">\n<figure class=\"wp-block-image size-large\"><img loading=\"lazy\" decoding=\"async\" width=\"1024\" height=\"576\" src=\"https:\/\/pos.uel.br\/microbiologia\/wp-content\/uploads\/2025\/05\/Abertura-Parana-Faz-Ciencia-2024-2-1024x576.jpeg\" alt=\"\" class=\"wp-image-2534\" srcset=\"https:\/\/pos.uel.br\/microbiologia\/wp-content\/uploads\/2025\/05\/Abertura-Parana-Faz-Ciencia-2024-2-1024x576.jpeg 1024w, https:\/\/pos.uel.br\/microbiologia\/wp-content\/uploads\/2025\/05\/Abertura-Parana-Faz-Ciencia-2024-2-300x169.jpeg 300w, https:\/\/pos.uel.br\/microbiologia\/wp-content\/uploads\/2025\/05\/Abertura-Parana-Faz-Ciencia-2024-2-768x432.jpeg 768w, https:\/\/pos.uel.br\/microbiologia\/wp-content\/uploads\/2025\/05\/Abertura-Parana-Faz-Ciencia-2024-2.jpeg 1280w\" sizes=\"auto, (max-width: 1024px) 100vw, 1024px\" \/><\/figure>\n<\/div>\n<\/div>\n\n\n\n<div class=\"wp-block-columns is-layout-flex wp-container-core-columns-is-layout-9d6595d7 wp-block-columns-is-layout-flex\">\n<div class=\"wp-block-column is-layout-flow wp-block-column-is-layout-flow\">\n<figure class=\"wp-block-image size-large\"><img loading=\"lazy\" decoding=\"async\" width=\"1024\" height=\"477\" src=\"https:\/\/pos.uel.br\/microbiologia\/wp-content\/uploads\/2025\/05\/Pesquisador-Gerson-Nakazato-centro-recebeu-premiacao-indicado-pela-Fundacao-Araucaria-Fotos-Kennedy-BarrosConfap-1536x716-1-1024x477.jpg\" alt=\"\" class=\"wp-image-2532\" srcset=\"https:\/\/pos.uel.br\/microbiologia\/wp-content\/uploads\/2025\/05\/Pesquisador-Gerson-Nakazato-centro-recebeu-premiacao-indicado-pela-Fundacao-Araucaria-Fotos-Kennedy-BarrosConfap-1536x716-1-1024x477.jpg 1024w, https:\/\/pos.uel.br\/microbiologia\/wp-content\/uploads\/2025\/05\/Pesquisador-Gerson-Nakazato-centro-recebeu-premiacao-indicado-pela-Fundacao-Araucaria-Fotos-Kennedy-BarrosConfap-1536x716-1-300x140.jpg 300w, https:\/\/pos.uel.br\/microbiologia\/wp-content\/uploads\/2025\/05\/Pesquisador-Gerson-Nakazato-centro-recebeu-premiacao-indicado-pela-Fundacao-Araucaria-Fotos-Kennedy-BarrosConfap-1536x716-1-768x358.jpg 768w, https:\/\/pos.uel.br\/microbiologia\/wp-content\/uploads\/2025\/05\/Pesquisador-Gerson-Nakazato-centro-recebeu-premiacao-indicado-pela-Fundacao-Araucaria-Fotos-Kennedy-BarrosConfap-1536x716-1.jpg 1536w\" sizes=\"auto, (max-width: 1024px) 100vw, 1024px\" \/><\/figure>\n<\/div>\n\n\n\n<div class=\"wp-block-column is-layout-flow wp-block-column-is-layout-flow\">\n<p>O Prof. <strong>Gerson Nakazato<\/strong> ganhou o primeiro lugar no Pr\u00eamio Confap de Ci\u00eancia, Tecnologia &amp; Inova\u00e7\u00e3o \u2013 Johanna D\u00f6bereiner, na categoria \u201cPesquisador(a) Inovador(a) \u2013 Inova\u00e7\u00e3o para o Setor Empresarial\u201c. A cerim\u00f4nia de premia\u00e7\u00e3o aconteceu em Bras\u00edlia (DF), no Sesi Lab, na abertura do 63\u00ba F\u00f3rum Nacional CONSECTI &amp; CONFAP, e foi transmitida ao vivo pelo canal do YouTube do Conselho Nacional das Funda\u00e7\u00f5es Estaduais de Amparo \u00e0 Pesquisa (CONFAP) do Paran\u00e1.<\/p>\n\n\n\n<p>Prof. Gerson Nakazato tamb\u00e9m recebeu o Pr\u00eamio Mercosul de Ci\u00eancia e Tecnologia 2024 &#8211; categoria Pesquisador Senior (Men\u00e7\u00e3o Honrosa)<\/p>\n<\/div>\n<\/div>\n\n\n\n<div class=\"wp-block-columns is-layout-flex wp-container-core-columns-is-layout-9d6595d7 wp-block-columns-is-layout-flex\"><\/div>\n\n\n\n<div style=\"height:52px\" aria-hidden=\"true\" class=\"wp-block-spacer\"><\/div>\n\n\n\n<div class=\"wp-block-media-text alignwide is-stacked-on-mobile\" style=\"grid-template-columns:43% auto\"><figure class=\"wp-block-media-text__media\"><a href=\"http:\/\/www.uel.br\/com\/agenciaueldenoticias\/index.php?arq=ARQ_not&amp;FWS_Ano_Edicao=1&amp;FWS_N_Edicao=1&amp;FWS_Cod_Categoria=2&amp;FWS_N_Texto=24387\" target=\"_blank\" rel=\"noopener\"><img loading=\"lazy\" decoding=\"async\" width=\"454\" height=\"311\" src=\"https:\/\/pos.uel.br\/microbiologia\/wp-content\/uploads\/2021\/07\/28-3-2017-p-icjr.jpg\" alt=\"\" class=\"wp-image-1079 size-full\" srcset=\"https:\/\/pos.uel.br\/microbiologia\/wp-content\/uploads\/2021\/07\/28-3-2017-p-icjr.jpg 454w, https:\/\/pos.uel.br\/microbiologia\/wp-content\/uploads\/2021\/07\/28-3-2017-p-icjr-300x206.jpg 300w\" sizes=\"auto, (max-width: 454px) 100vw, 454px\" \/><\/a><\/figure><div class=\"wp-block-media-text__content\">\n<p><span class=\"has-inline-color has-primary-accent-color\">Professor orientador,<strong> Galdino Andrade<\/strong> e a jovem Maria Vit\u00f3ria. Pesquisa sobre bact\u00e9ria KPC<\/span><br>A estudante do Ensino M\u00e9dio Maria Vitoria Valoro, pesquisadora de Inicia\u00e7\u00e3o Cient\u00edfica J\u00fanior (IC-Jr) da UEL, , conquistou o primeiro lugar na Feira Brasileira de Ci\u00eancias e Engenharia (FEBRACE), realizada de 20 a 24 de mar\u00e7o, na USP, em S\u00e3o Paulo. A estudante conquistou o feito na categoria Ci\u00eancia da Sa\u00fade a partir de estudos desenvolvidos no Laborat\u00f3rio de Ecologia Microbiana, do Centro de Ci\u00eancias Biol\u00f3gicas (CCB) da UEL. O trabalho foi orientado pelo professor Galdino Andrade Filho do Departamento de Microbiologia. O pr\u00eamio d\u00e1 direito a participa\u00e7\u00e3o na feira Intel International Science and Engineering Fair (Intel ISEF), que ser\u00e1 realizada em maio deste ano em Las Vegas (EUA)<\/p>\n\n\n\n<p><\/p>\n<\/div><\/div>\n\n\n\n<div class=\"wp-block-media-text alignwide has-media-on-the-right is-stacked-on-mobile\" style=\"grid-template-columns:auto 39%\"><div class=\"wp-block-media-text__content\">\n<p class=\"has-normal-font-size\">Em 2017, a docente <strong>Mariangela Hungria <\/strong>recebeu o t\u00edtulo de Embaixador de Turismo de Londrina pela realiza\u00e7\u00e3o da XXVII Reuni\u00e3o Latino-americana de Rizobiologia, Convention Bureau &#8211; LCB e SEBRAE. Em 2018, a docente Mariangela Hungria recebeu a Medalha da Ordem Nacional do M\u00e9rito Cient\u00edfico, na classe Gr\u00e3-Cruz, \u00e1rea de Ci\u00eancias Agr\u00e1rias; Medalha de M\u00e9rito do Conselho Regional de Engenharia e Agronomia do Paran\u00e1; e Medalha de M\u00e9rito do Conselho Regional de Engenharia e Agronomia do Paran\u00e1. Em 2019 a docente foi agraciada com o pr\u00eamio \u201cAntonio Carlos Moniz\u201d pela Sociedade Brasileira de Ci\u00eancia do Solo. Em 2020, a docente foi contemplada com o pr\u00eamio TWAS (Third World Academy of Sciences)-Lenovo Award in Agriculture, TWAS-Lenovo.<\/p>\n<\/div><figure class=\"wp-block-media-text__media\"><img loading=\"lazy\" decoding=\"async\" width=\"1024\" height=\"768\" src=\"https:\/\/pos.uel.br\/microbiologia\/wp-content\/uploads\/2021\/07\/MAriangela-1024x768.jpg\" alt=\"\" class=\"wp-image-1083 size-full\" srcset=\"https:\/\/pos.uel.br\/microbiologia\/wp-content\/uploads\/2021\/07\/MAriangela-1024x768.jpg 1024w, https:\/\/pos.uel.br\/microbiologia\/wp-content\/uploads\/2021\/07\/MAriangela-300x225.jpg 300w, https:\/\/pos.uel.br\/microbiologia\/wp-content\/uploads\/2021\/07\/MAriangela-768x576.jpg 768w, https:\/\/pos.uel.br\/microbiologia\/wp-content\/uploads\/2021\/07\/MAriangela-1536x1152.jpg 1536w, https:\/\/pos.uel.br\/microbiologia\/wp-content\/uploads\/2021\/07\/MAriangela.jpg 2048w\" sizes=\"auto, (max-width: 1024px) 100vw, 1024px\" \/><\/figure><\/div>\n\n\n\n<div class=\"wp-block-media-text alignwide is-stacked-on-mobile\" style=\"grid-template-columns:38% auto\"><figure class=\"wp-block-media-text__media\"><img loading=\"lazy\" decoding=\"async\" width=\"512\" height=\"383\" src=\"https:\/\/pos.uel.br\/microbiologia\/wp-content\/uploads\/2021\/07\/Celso.jpg\" alt=\"\" class=\"wp-image-1084 size-full\" srcset=\"https:\/\/pos.uel.br\/microbiologia\/wp-content\/uploads\/2021\/07\/Celso.jpg 512w, https:\/\/pos.uel.br\/microbiologia\/wp-content\/uploads\/2021\/07\/Celso-300x224.jpg 300w\" sizes=\"auto, (max-width: 512px) 100vw, 512px\" \/><\/figure><div class=\"wp-block-media-text__content\">\n<p>O professor <strong>Celso Vataru Nakamura<\/strong> da Universidade Estadual de Maring\u00e1 (UEM), foi premiado na categoria Pesquisador da \u00e1rea de Ci\u00eancias Biol\u00f3gicas o Pr\u00eamio Paranaense de Ci\u00eancia e Tecnologia em 2018. O professor Nakamura ressalta a emo\u00e7\u00e3o de ser premiado aos 39 anos de servi\u00e7os prestados \u00e0 universidade \u00e0s v\u00e9speras de sua aposentadoria. \u201cEstou muito feliz e surpreso diante do alcance deste pr\u00eamio. Valoriza o trabalho de toda uma vida e fazendo o que eu gosto. Um projeto que teve a participa\u00e7\u00e3o da minha equipe de trabalho\u201d.<\/p>\n<\/div><\/div>\n\n\n\n<div class=\"wp-block-media-text alignwide has-media-on-the-right is-stacked-on-mobile\"><div class=\"wp-block-media-text__content\">\n<p class=\"has-normal-font-size\">Na segunda coloca\u00e7\u00e3o, o professor <strong>Admilton Oliveira<\/strong>, da Universidade Estadual de Londrina (UEL), dar\u00e1 continuidade ao desenvolvimento de um agente biol\u00f3gico para o controle de doen\u00e7as de plantas. Na pesquisa, al\u00e9m da a\u00e7\u00e3o fungicida, o bioproduto obteve resultados favor\u00e1veis para o crescimento de plantas com mais vigor. Ele poder\u00e1 ser aplicado, por exemplo, contra o mofo branco e a ferrugem da soja.<\/p>\n\n\n\n<p><a href=\"https:\/\/www.aen.pr.gov.br\/modules\/noticias\/article.php?storyid=113645\">https:\/\/www.aen.pr.gov.br\/modules\/noticias\/article.php?storyid=113645<\/a><\/p>\n<\/div><figure class=\"wp-block-media-text__media\"><img loading=\"lazy\" decoding=\"async\" width=\"1024\" height=\"683\" src=\"https:\/\/pos.uel.br\/microbiologia\/wp-content\/uploads\/2021\/07\/news_interna_Prime-1024x683.jpg\" alt=\"\" class=\"wp-image-1222 size-full\" srcset=\"https:\/\/pos.uel.br\/microbiologia\/wp-content\/uploads\/2021\/07\/news_interna_Prime-1024x683.jpg 1024w, https:\/\/pos.uel.br\/microbiologia\/wp-content\/uploads\/2021\/07\/news_interna_Prime-300x200.jpg 300w, https:\/\/pos.uel.br\/microbiologia\/wp-content\/uploads\/2021\/07\/news_interna_Prime-768x512.jpg 768w, https:\/\/pos.uel.br\/microbiologia\/wp-content\/uploads\/2021\/07\/news_interna_Prime-1536x1024.jpg 1536w, https:\/\/pos.uel.br\/microbiologia\/wp-content\/uploads\/2021\/07\/news_interna_Prime.jpg 1920w\" sizes=\"auto, (max-width: 1024px) 100vw, 1024px\" \/><\/figure><\/div>\n\n\n\n<p><\/p>\n","protected":false},"excerpt":{"rendered":"<p>World Food Prize A cientista brasileira Mariangela Hungria, pesquisadora da Embrapa Soja e membro da Academia Brasileira de Ci\u00eancias, foi premiada com o World Food Prize, considerado o &#8220;Nobel&#8221; da agricultura. A premia\u00e7\u00e3o reconhece sua contribui\u00e7\u00e3o para a melhoria da qualidade e disponibilidade de alimentos no mundo. Com mais de 40 anos de pesquisa, Mariangela [&hellip;]<\/p>\n","protected":false},"author":8,"featured_media":0,"parent":0,"menu_order":0,"comment_status":"closed","ping_status":"closed","template":"","meta":{"_acf_changed":false,"footnotes":""},"class_list":["post-1078","page","type-page","status-publish","hentry"],"acf":[],"_links":{"self":[{"href":"https:\/\/pos.uel.br\/microbiologia\/wp-json\/wp\/v2\/pages\/1078","targetHints":{"allow":["GET"]}}],"collection":[{"href":"https:\/\/pos.uel.br\/microbiologia\/wp-json\/wp\/v2\/pages"}],"about":[{"href":"https:\/\/pos.uel.br\/microbiologia\/wp-json\/wp\/v2\/types\/page"}],"author":[{"embeddable":true,"href":"https:\/\/pos.uel.br\/microbiologia\/wp-json\/wp\/v2\/users\/8"}],"replies":[{"embeddable":true,"href":"https:\/\/pos.uel.br\/microbiologia\/wp-json\/wp\/v2\/comments?post=1078"}],"version-history":[{"count":13,"href":"https:\/\/pos.uel.br\/microbiologia\/wp-json\/wp\/v2\/pages\/1078\/revisions"}],"predecessor-version":[{"id":2540,"href":"https:\/\/pos.uel.br\/microbiologia\/wp-json\/wp\/v2\/pages\/1078\/revisions\/2540"}],"wp:attachment":[{"href":"https:\/\/pos.uel.br\/microbiologia\/wp-json\/wp\/v2\/media?parent=1078"}],"curies":[{"name":"wp","href":"https:\/\/api.w.org\/{rel}","templated":true}]}}