{"id":665,"date":"2025-07-14T10:23:48","date_gmt":"2025-07-14T13:23:48","guid":{"rendered":"https:\/\/pos.uel.br\/mbagp\/?page_id=665"},"modified":"2025-10-06T10:15:19","modified_gmt":"2025-10-06T13:15:19","slug":"sobre-o-curso","status":"publish","type":"page","link":"https:\/\/pos.uel.br\/mbagp\/sobre-o-curso\/","title":{"rendered":"Sobre o curso"},"content":{"rendered":"\n<p><\/p>\n\n\n\n<p class=\"has-primary-accent-color has-text-color has-link-color wp-elements-af84d4d43b2572d127b4e79417a40381\"><strong>OBJETIVOS<\/strong><\/p>\n\n\n\n<p><strong>Gerais:<\/strong><\/p>\n\n\n\n<p>\u2013 Sensibilizar, viabilizar e instrumentalizar a discuss\u00e3o e a pr\u00e1tica sobre as atuais e novas demandas da gest\u00e3o de pessoas.<\/p>\n\n\n\n<p><strong>Espec\u00edficos:<\/strong><\/p>\n\n\n\n<p>\u2013&nbsp;Analisar e discutir as influ\u00eancias do macro-ambiente na gest\u00e3o organizacional e vice-versa;<\/p>\n\n\n\n<p>\u2013&nbsp;Analisar e discutir a mudan\u00e7a de paradigmas na Administra\u00e7\u00e3o de PESSOAS;<\/p>\n\n\n\n<p>\u2013&nbsp;Analisar e discutir as ferramentas de administra\u00e7\u00e3o de PESSOAS frente ao atual contexto da gest\u00e3o de organiza\u00e7\u00f5es;<\/p>\n\n\n\n<p>\u2013 Proporcionar meios para a gest\u00e3o estrat\u00e9gica de Pessoas integrada aos diversos subsistemas organizacionais;<\/p>\n\n\n\n<p>\u2013&nbsp;Analisar e discutir sistemas de avalia\u00e7\u00e3o de desempenho integrados aos contextos macro e micro organizacionais;<\/p>\n\n\n\n<hr class=\"wp-block-separator has-alpha-channel-opacity is-style-wide\" \/>\n\n\n\n<p class=\"has-primary-accent-color has-text-color has-link-color wp-elements-f659a05abe45c6874286a1b5100f7698\"><strong>P\u00daBLICO ALVO<\/strong><\/p>\n\n\n\n<p>Poder\u00e3o candidatar-se ao Curso graduados ou graduandos, preferentemente, que possuam experi\u00eancia em gest\u00e3o, que atuam como gerentes, supervisores, chefes de setor, empreendedores, profissionais que tenham como objetivo alavancar resultados por meio de uma gest\u00e3o de pessoas mais estrat\u00e9gica, desde que comprovem a conclus\u00e3o da gradua\u00e7\u00e3o na data da matr\u00edcula.<\/p>\n\n\n\n<hr class=\"wp-block-separator has-alpha-channel-opacity is-style-wide\" \/>\n\n\n\n<p class=\"has-primary-accent-color has-text-color has-link-color wp-elements-8a5d50c40a3f9ef95e96ecd795253bd0\"><strong>N\u00daMERO DE VAGAS<\/strong><\/p>\n\n\n\n<p>M\u00ednimo: 25 (vinte e cinco)<br>M\u00e1ximo: 40 (quarenta)<\/p>\n\n\n\n<hr class=\"wp-block-separator has-alpha-channel-opacity is-style-wide\" \/>\n\n\n\n<p class=\"has-primary-accent-color has-text-color has-link-color wp-elements-6848bac0283c7d3a57065ed731b47198\"><strong>INVESTIMENTO<\/strong><\/p>\n\n\n\n<p>18 parcelas de R$ 498,00 (a primeira parcela, no ato da matr\u00edcula) &nbsp;&nbsp;&nbsp;<\/p>\n\n\n\n<hr class=\"wp-block-separator has-alpha-channel-opacity is-style-wide\" \/>\n\n\n\n<p class=\"has-primary-accent-color has-text-color has-link-color wp-elements-286bb88d9cb9de9a94be3bd86454892b\"><strong>IN\u00cdCIO E T\u00c9RMINO DAS AULAS | CURSO<\/strong><\/p>\n\n\n\n<p>In\u00edcio das aulas: 27\/03\/2026<\/p>\n\n\n\n<p>T\u00e9rmino: julho de 2027<\/p>\n\n\n\n<p>As aulas s\u00e3o ministradas \u00e0s sextas-feiras \u00e0 noite e aos s\u00e1bados de manh\u00e3 e \u00e0 tarde, podendo ocorrer aulas em semanas alternadas ou em semanas sequenciais. Totalizando 30 (trinta)&nbsp;finais de semana com aula.&nbsp;<\/p>\n\n\n\n<hr class=\"wp-block-separator has-alpha-channel-opacity is-style-wide\" \/>\n\n\n\n<h5 class=\"wp-block-heading has-primary-accent-color has-text-color has-link-color wp-elements-cec12c0234445921f0ee3442a045a44d\">Turma com in\u00edcio em 2026<\/h5>\n\n\n\n<p>Presencial.<\/p>\n\n\n\n<hr class=\"wp-block-separator has-alpha-channel-opacity is-style-wide\" \/>\n\n\n\n<h5 class=\"wp-block-heading has-primary-accent-color has-text-color has-link-color wp-elements-26153a125e06ad00c06ba48520887ce6\">Inscri\u00e7\u00f5es online<\/h5>\n\n\n\n<p>Realize o upload da documenta\u00e7\u00e3o somente via sistema de Inscri\u00e7\u00e3o online \u2013 Acesse o Edital de Oferta no menu INSCRI\u00c7\u00d5ES.<\/p>\n\n\n\n<hr class=\"wp-block-separator has-alpha-channel-opacity is-style-wide\" \/>\n\n\n\n<p><\/p>\n","protected":false},"excerpt":{"rendered":"<p>OBJETIVOS Gerais: \u2013 Sensibilizar, viabilizar e instrumentalizar a discuss\u00e3o e a pr\u00e1tica sobre as atuais e novas demandas da gest\u00e3o de pessoas. Espec\u00edficos: \u2013&nbsp;Analisar e discutir as influ\u00eancias do macro-ambiente na gest\u00e3o organizacional e vice-versa; \u2013&nbsp;Analisar e discutir a mudan\u00e7a de paradigmas na Administra\u00e7\u00e3o de PESSOAS; \u2013&nbsp;Analisar e discutir as ferramentas de administra\u00e7\u00e3o de PESSOAS [&hellip;]<\/p>\n","protected":false},"author":9,"featured_media":0,"parent":0,"menu_order":0,"comment_status":"closed","ping_status":"closed","template":"","meta":{"_acf_changed":false,"_themeisle_gutenberg_block_has_review":false,"footnotes":""},"class_list":["post-665","page","type-page","status-publish","hentry"],"acf":[],"_links":{"self":[{"href":"https:\/\/pos.uel.br\/mbagp\/wp-json\/wp\/v2\/pages\/665","targetHints":{"allow":["GET"]}}],"collection":[{"href":"https:\/\/pos.uel.br\/mbagp\/wp-json\/wp\/v2\/pages"}],"about":[{"href":"https:\/\/pos.uel.br\/mbagp\/wp-json\/wp\/v2\/types\/page"}],"author":[{"embeddable":true,"href":"https:\/\/pos.uel.br\/mbagp\/wp-json\/wp\/v2\/users\/9"}],"replies":[{"embeddable":true,"href":"https:\/\/pos.uel.br\/mbagp\/wp-json\/wp\/v2\/comments?post=665"}],"version-history":[{"count":6,"href":"https:\/\/pos.uel.br\/mbagp\/wp-json\/wp\/v2\/pages\/665\/revisions"}],"predecessor-version":[{"id":721,"href":"https:\/\/pos.uel.br\/mbagp\/wp-json\/wp\/v2\/pages\/665\/revisions\/721"}],"wp:attachment":[{"href":"https:\/\/pos.uel.br\/mbagp\/wp-json\/wp\/v2\/media?parent=665"}],"curies":[{"name":"wp","href":"https:\/\/api.w.org\/{rel}","templated":true}]}}