{"id":9256,"date":"2025-03-08T11:42:04","date_gmt":"2025-03-08T14:42:04","guid":{"rendered":"https:\/\/pos.uel.br\/letras\/?page_id=9256"},"modified":"2025-03-19T23:36:37","modified_gmt":"2025-03-20T02:36:37","slug":"selecao-2022_2","status":"publish","type":"page","link":"https:\/\/pos.uel.br\/letras\/selecao-2022_2\/","title":{"rendered":"Sele\u00e7\u00e3o 2022\/2"},"content":{"rendered":"\n<p><\/p>\n\n\n\n<p style=\"font-size:15px\"><a href=\"https:\/\/pos.uel.br\/letras\/wp-content\/uploads\/2022\/04\/Edital-processo-seletivo-10-2022.pdf\" target=\"_blank\" rel=\"noreferrer noopener\">EDITAL N\u00ba 10\/2022 <\/a>\u2013 Sele\u00e7\u00e3o Mestrado e Doutorado <br><a href=\"https:\/\/pos.uel.br\/letras\/wp-content\/uploads\/2022\/04\/Edital-processo-seletivo-10-2022.pdf\" target=\"_blank\" rel=\"noreferrer noopener\">MODELO DO PR\u00c9-PROJETO DE PESQUISA<\/a><br><a href=\"https:\/\/pos.uel.br\/letras\/wp-content\/uploads\/2022\/04\/Resultado-cadunico-2022-2.pdf\" target=\"_blank\" rel=\"noreferrer noopener\">RESULTADO CAD\u00daNICO<\/a><br><a href=\"https:\/\/pos.uel.br\/letras\/wp-content\/uploads\/2022\/04\/Termo-Aditivo-Edital-Chamada-para-proficiencia.pdf\" target=\"_blank\" rel=\"noreferrer noopener\">TERMO ADITIVO AO EDITAL N\u00ba 04\/2022 <\/a>\u2013 Profici\u00eancia em L\u00edngua estrangeira<br><a href=\"https:\/\/pos.uel.br\/letras\/wp-content\/uploads\/2022\/05\/M-RESULTADO-ACOES-AFIRMATIVAS-COTAS.pdf\" target=\"_blank\" rel=\"noreferrer noopener\">RESULTADO A\u00c7\u00d5ES  AFIRMATIVAS I <\/a>\u2013 Cotas<br><a href=\"https:\/\/pos.uel.br\/letras\/wp-content\/uploads\/2022\/05\/M-RESULTADO-ACOES-AFIRMATIVAS-COTAS-1.pdf\" target=\"_blank\" rel=\"noreferrer noopener\">RESULTADO A\u00c7\u00d5ES AFIRMATIVAS II <\/a>\u2013 Cotas<br><a href=\"https:\/\/pos.uel.br\/letras\/wp-content\/uploads\/2022\/06\/M-RESULTADO-ACOES-AFIRMATIVAS-COTAS-deficientes.pdf\" target=\"_blank\" rel=\"noreferrer noopener\">RESULTADO A\u00c7\u00d5ES AFIRMATIVAS III<\/a> \u2013 Defici\u00eancia<br><a href=\"https:\/\/pos.uel.br\/letras\/wp-content\/uploads\/2022\/06\/2-Edital-11_2022_Inscricoes-homologadas_PPGL.pdf\" target=\"_blank\" rel=\"noreferrer noopener\">EDITAL N\u00ba 11\/2022<\/a> \u2013 Inscri\u00e7\u00f5es homologadas<br><a href=\"https:\/\/pos.uel.br\/letras\/wp-content\/uploads\/2022\/06\/4-Edital-12_2022_Aprovados-Fase-I.pdf\" target=\"_blank\" rel=\"noreferrer noopener\">EDITAL N\u00ba 12\/2022<\/a> \u2013 Resultado Fase I<br><a href=\"https:\/\/pos.uel.br\/letras\/wp-content\/uploads\/2022\/06\/Edital-13_2022_resultado-prova-roficiencia-veteranos.pdf\" target=\"_blank\" rel=\"noreferrer noopener\">EDITAL N\u00ba 13\/2022<\/a> \u2013 Resultado da profici\u00eancia veteranos<br><a href=\"https:\/\/pos.uel.br\/letras\/wp-content\/uploads\/2022\/06\/Edital-Recursos-Fase-I.pdf\" target=\"_blank\" rel=\"noreferrer noopener\">EDITAL N\u00ba 14\/2022<\/a> \u2013 Recurso Fase I<br><a href=\"https:\/\/pos.uel.br\/letras\/wp-content\/uploads\/2022\/06\/Edital-15_2022_Aprovados-Fase-II.pdf\" target=\"_blank\" rel=\"noreferrer noopener\">EDITAL N\u00ba 15\/2022<\/a> \u2013 Resultado Fase II<br><a href=\"https:\/\/pos.uel.br\/letras\/wp-content\/uploads\/2022\/06\/Edital-16_2022_Cronograma-entrevistas.pdf\" target=\"_blank\" rel=\"noreferrer noopener\">EDITAL N\u00ba 16\/2022<\/a> \u2013 Entrevistas<br><a href=\"https:\/\/pos.uel.br\/letras\/wp-content\/uploads\/2022\/06\/Edital-17_2022_Resultado-Entrevistas.pdf\" target=\"_blank\" rel=\"noreferrer noopener\">EDITAL N\u00ba 17\/2022 <\/a>\u2013 Resultado Fase III<br><a href=\"https:\/\/pos.uel.br\/letras\/wp-content\/uploads\/2022\/07\/8-Edital-18_2022_Resultado-Final_convocacao-matricula_MESTRADO.pdf\" target=\"_blank\" rel=\"noreferrer noopener\">EDITAL N\u00ba 18\/2022<\/a> \u2013 Resultado final e Convoca\u00e7\u00e3o matr\u00edcula Mestrado<br><a href=\"https:\/\/pos.uel.br\/letras\/wp-content\/uploads\/2022\/07\/9-Edital-19_2022_Resultado-Final_convocacao-matricula_DOUTORADO.pdf\" target=\"_blank\" rel=\"noreferrer noopener\">EDITAL N\u00ba 19\/2022<\/a> \u2013 Resultado final e Convoca\u00e7\u00e3o matr\u00edcula Doutorado<br><br><strong>EDITAIS PARA ESTUDANTE ESPECIAL <\/strong><br><br><a href=\"https:\/\/pos.uel.br\/letras\/wp-content\/uploads\/2022\/07\/1-Edital_20_2022-Oferta-Estudante-Especial-PPGL-2022_2.pdf\" target=\"_blank\" rel=\"noreferrer noopener\">EDITAL N\u00ba 20\/2022 <\/a>\u2013 Sele\u00e7\u00e3o Estudante Especial<br><a href=\"https:\/\/pos.uel.br\/letras\/wp-content\/uploads\/2022\/08\/2-Edital-Resultado-Estudante-Especial-PPGL-2022-2.pdf\" target=\"_blank\" rel=\"noreferrer noopener\">EDITAL N\u00ba 24\/2022 <\/a>\u2013 Resultado e Convoca\u00e7\u00e3o matr\u00edcula<\/p>\n","protected":false},"excerpt":{"rendered":"<p>EDITAL N\u00ba 10\/2022 \u2013 Sele\u00e7\u00e3o Mestrado e Doutorado MODELO DO PR\u00c9-PROJETO DE PESQUISARESULTADO CAD\u00daNICOTERMO ADITIVO AO EDITAL N\u00ba 04\/2022 \u2013 Profici\u00eancia em L\u00edngua estrangeiraRESULTADO A\u00c7\u00d5ES AFIRMATIVAS I \u2013 CotasRESULTADO A\u00c7\u00d5ES AFIRMATIVAS II \u2013 CotasRESULTADO A\u00c7\u00d5ES AFIRMATIVAS III \u2013 Defici\u00eanciaEDITAL N\u00ba 11\/2022 \u2013 Inscri\u00e7\u00f5es homologadasEDITAL N\u00ba 12\/2022 \u2013 Resultado Fase IEDITAL N\u00ba 13\/2022 \u2013 Resultado da [&hellip;]<\/p>\n","protected":false},"author":9,"featured_media":0,"parent":0,"menu_order":0,"comment_status":"closed","ping_status":"closed","template":"","meta":{"_acf_changed":false,"footnotes":""},"class_list":["post-9256","page","type-page","status-publish","hentry"],"acf":[],"_links":{"self":[{"href":"https:\/\/pos.uel.br\/letras\/wp-json\/wp\/v2\/pages\/9256","targetHints":{"allow":["GET"]}}],"collection":[{"href":"https:\/\/pos.uel.br\/letras\/wp-json\/wp\/v2\/pages"}],"about":[{"href":"https:\/\/pos.uel.br\/letras\/wp-json\/wp\/v2\/types\/page"}],"author":[{"embeddable":true,"href":"https:\/\/pos.uel.br\/letras\/wp-json\/wp\/v2\/users\/9"}],"replies":[{"embeddable":true,"href":"https:\/\/pos.uel.br\/letras\/wp-json\/wp\/v2\/comments?post=9256"}],"version-history":[{"count":30,"href":"https:\/\/pos.uel.br\/letras\/wp-json\/wp\/v2\/pages\/9256\/revisions"}],"predecessor-version":[{"id":9959,"href":"https:\/\/pos.uel.br\/letras\/wp-json\/wp\/v2\/pages\/9256\/revisions\/9959"}],"wp:attachment":[{"href":"https:\/\/pos.uel.br\/letras\/wp-json\/wp\/v2\/media?parent=9256"}],"curies":[{"name":"wp","href":"https:\/\/api.w.org\/{rel}","templated":true}]}}