{"id":8950,"date":"2025-03-06T22:35:18","date_gmt":"2025-03-07T01:35:18","guid":{"rendered":"https:\/\/pos.uel.br\/letras\/?page_id=8950"},"modified":"2026-03-03T10:52:34","modified_gmt":"2026-03-03T13:52:34","slug":"associacoes-e-redes-de-pesquisa-internacionais","status":"publish","type":"page","link":"https:\/\/pos.uel.br\/letras\/associacoes-e-redes-de-pesquisa-internacionais\/","title":{"rendered":"Associa\u00e7\u00f5es e Redes de Pesquisa Internacionais"},"content":{"rendered":"\n<p><\/p>\n\n\n\n<p style=\"font-size:15px\">O PPGL promove diversas a\u00e7\u00f5es voltadas \u00e0 consolida\u00e7\u00e3o de suas pesquisas em \u00e2mbito internacional, tais como: 1) Projetos de pesquisa em colabora\u00e7\u00e3o com docentes e universidades estrangeiras; 2) Apoio aos docentes e discentes em eventos internacionais; 3) Mobilidade de docentes e discentes em pesquisas em IES estrangeiras; 4) Incentivo e apoio aos discentes em interc\u00e2mbios (doutorado sandu\u00edche) a fim de ampliar a forma\u00e7\u00e3o e promover dupla diploma\u00e7\u00e3o; 5) Incentivo a pesquisadores e discentes estrangeiros em atua\u00e7\u00e3o nas atividades do PPGL; 6) Participa\u00e7\u00e3o de docentes e discentes estrangeiros em eventos promovidos pelo PPGL; 7) Participa\u00e7\u00e3o em Associa\u00e7\u00f5es, Redes ou Grupos de Pesquisa em \u00e2mbito internacional.<\/p>\n\n\n\n<div class=\"wp-block-columns is-layout-flex wp-container-core-columns-is-layout-9d6595d7 wp-block-columns-is-layout-flex\">\n<div class=\"wp-block-column is-layout-flow wp-block-column-is-layout-flow\"><\/div>\n<\/div>\n\n\n\n<div class=\"wp-block-columns is-layout-flex wp-container-core-columns-is-layout-9d6595d7 wp-block-columns-is-layout-flex\">\n<div class=\"wp-block-column is-layout-flow wp-block-column-is-layout-flow\">\n<blockquote class=\"wp-block-quote is-layout-flow wp-block-quote-is-layout-flow\">\n<p style=\"font-size:15px\"><strong>Associa\u00e7\u00f5es e Redes de pesquisa em \u00e2mbito internacional<\/strong><\/p>\n<\/blockquote>\n<\/div>\n<\/div>\n\n\n\n<p style=\"font-size:15px\"><strong><a href=\"https:\/\/www.lusitanistasail.org\/\" target=\"_blank\" rel=\"noreferrer noopener\">AIL \u2013 Associa\u00e7\u00e3o Internacional de Lusitanistas<\/a><\/strong><br>Fundada em Poitiers em 1984 durante o congresso liderado por R. A. Lawton (Universidade de Poitiers), a Associa\u00e7\u00e3o Internacional de Lusitanistas (AIL) tem como principais objetivos, segundo os seus Estatutos: fomentar os estudos de l\u00edngua, literaturas e culturas dos pa\u00edses de l\u00edngua portuguesa; organizar congressos e publicar volumes tem\u00e1ticos; editar a revista Veredas; colaborar com institui\u00e7\u00f5es nacionais e internacionais.<br><strong>Docente do PPGL: Prof. Dr. Frederico Garcia Fernandes<\/strong><br><br><a href=\"https:\/\/ainalc.org\/\" target=\"_blank\" rel=\"noreferrer noopener\"><strong>AINALC \u2013 Associa\u00e7\u00e3o de Investigadores\/as Afrolatinoamericanos\/as e do Caribe<\/strong><\/a><br>A partir do di\u00e1logo horizontal entre pesquisadoras, pesquisadores e intelectuais negras e negros da Am\u00e9rica Latina e do Caribe, este espa\u00e7o tamb\u00e9m busca tornar vis\u00edvel uma tradi\u00e7\u00e3o intelectual e emancipat\u00f3ria negra e afrodiasp\u00f3rica que foi subalternizado, privilegiado, negado e, em muitos casos, n\u00e3o reconhecido em campos acad\u00eamicos. Estamos interessados em contribuir para a dissemina\u00e7\u00e3o do pensamento libert\u00e1rio, progressivo e humanizante, a fim de que, a partir do di\u00e1logo sul-sul, abram novas possibilidades e horizontes emancipat\u00f3rios para a popula\u00e7\u00e3o negra \/ afrodescendente na Am\u00e9rica Latina e no Caribe.<br><strong>Docente do PPGL: Prof\u00aa Dr\u00aa Maria Carolina de Godoy<\/strong><br><br><strong><a href=\"https:\/\/www.imagenlat.org\/\" target=\"_blank\" rel=\"noreferrer noopener\">IMAGENLAT \u2013 Red Latinoamericana de Investigaciones en Pr\u00e1cticas y Medios de la Imagen<\/a><\/strong><br>Rede de pesquisa latinoamericana interdisciplinar cujas investiga\u00e7\u00f5es est\u00e3o centradas nos <em>Visual Studies<\/em> e <em>Intermediality Studies<\/em>. Os projetos de investiga\u00e7\u00e3o que a RED promove s\u00e3o interdisciplinares e transdisciplinares. Enfoques provenientes da hist\u00f3ria da arte, da teoria da arte, da filosofia, das teorias da m\u00eddia e dos estudos de literatura, entre outras disciplinas, se p\u00f5em \u00e0 servi\u00e7o de indaga\u00e7\u00f5es sobre as imagens que englobam desde suas especificidades at\u00e9 as suas formas de intera\u00e7\u00e3o, o que as impulsiona para al\u00e9m de seus pr\u00f3prios limites disciplinares. A RED \u00e9 composta de pesquisadores vinculados a Institui\u00e7\u00f5es chilenas, argentinas, uruguaias e brasileiras.<br><strong>Docente do PPGL: Prof\u00aa Dr\u00aa Barbara Cristina Marques<\/strong><br><br><strong><a href=\"https:\/\/litelat.net\/\" target=\"_blank\" rel=\"noreferrer noopener\">litElat \u2013 Red de Literatura Electr\u00f3nica Latinoamericana<\/a><\/strong><br>Rede de pesquisa que integra acad\u00eamicos, pesquisadores e artistas da Am\u00e9rica Latina interessados em estudos e temas de obras de literatura eletr\u00f4nica. A litElat conecta investiga\u00e7\u00f5es e obras liter\u00e1rias que t\u00eam se desenvolvido no \u00e2mbito da literatura eletr\u00f4nica em contexto latino americano; cartografa as pesquisas e as obras produzidas no campo da literatura eletr\u00f4nica a fim de facilitar o acesso a pesquisadores, artistas e p\u00fablico em geral; estabelece an\u00e1lises cr\u00edticas e debates que permitam compreender as implica\u00e7\u00f5es sociais, econ\u00f4micas, pol\u00edticas e culturais da produ\u00e7\u00e3o, circula\u00e7\u00e3o e consumo de literatura eletr\u00f4nica em contextos latinoamericanos.<br><strong>Docente do PPGL: Prof. Dr. Alamir Aquino Corr\u00eaa<\/strong><br><br><strong><a href=\"https:\/\/brasa.org\/\" target=\"_blank\" rel=\"noreferrer noopener\">BRASA \u2013 Brazilian Studies Association<\/a><\/strong><br>BRASA \u00e9 um grupo internacional e interdisciplinar de acad\u00eamicos que apoia e promove os estudos brasileiros em todos os campos, especialmente nas Humanidades e Ci\u00eancias sociais. BRASA \u00e9 dedicada \u00e0 promo\u00e7\u00e3o dos estudos brasileiros ao redor do mundo em geral, e nos Estados Unidos em particular.<br><strong>Docente envolvido: Prof. Dr. Alamir Aquino Corr\u00eaa<\/strong><br><br><a href=\"http:\/\/(https:\/\/www.roland-barthes.org\/\" target=\"_blank\" rel=\"noreferrer noopener\"><strong>R\u00e9seau Roland Barthes \u2013 Le r\u00e9seau international de recherche<\/strong><br><\/a>Rede dedicada aos estudos acerca de Roland Barthes. Os membros, a cada trimestre, comunicam suas novas publica\u00e7\u00f5es sobre Barthes a fim de atualizar a base bibliogr\u00e1fica, biografia e cadernos individuais. Al\u00e9m disso, cabe aos membros da Rede Roland Barthes divulgar e difundir no site todas as atividades atuais barthesianas para conhecimento do p\u00fablico.<br><strong>Docente do PPGL: Prof\u00aa Dr\u00aa Laura Taddei Brandini<\/strong><\/p>\n","protected":false},"excerpt":{"rendered":"<p>O PPGL promove diversas a\u00e7\u00f5es voltadas \u00e0 consolida\u00e7\u00e3o de suas pesquisas em \u00e2mbito internacional, tais como: 1) Projetos de pesquisa em colabora\u00e7\u00e3o com docentes e universidades estrangeiras; 2) Apoio aos docentes e discentes em eventos internacionais; 3) Mobilidade de docentes e discentes em pesquisas em IES estrangeiras; 4) Incentivo e apoio aos discentes em interc\u00e2mbios [&hellip;]<\/p>\n","protected":false},"author":9,"featured_media":0,"parent":0,"menu_order":0,"comment_status":"closed","ping_status":"closed","template":"","meta":{"_acf_changed":false,"footnotes":""},"class_list":["post-8950","page","type-page","status-publish","hentry"],"acf":[],"_links":{"self":[{"href":"https:\/\/pos.uel.br\/letras\/wp-json\/wp\/v2\/pages\/8950","targetHints":{"allow":["GET"]}}],"collection":[{"href":"https:\/\/pos.uel.br\/letras\/wp-json\/wp\/v2\/pages"}],"about":[{"href":"https:\/\/pos.uel.br\/letras\/wp-json\/wp\/v2\/types\/page"}],"author":[{"embeddable":true,"href":"https:\/\/pos.uel.br\/letras\/wp-json\/wp\/v2\/users\/9"}],"replies":[{"embeddable":true,"href":"https:\/\/pos.uel.br\/letras\/wp-json\/wp\/v2\/comments?post=8950"}],"version-history":[{"count":12,"href":"https:\/\/pos.uel.br\/letras\/wp-json\/wp\/v2\/pages\/8950\/revisions"}],"predecessor-version":[{"id":10814,"href":"https:\/\/pos.uel.br\/letras\/wp-json\/wp\/v2\/pages\/8950\/revisions\/10814"}],"wp:attachment":[{"href":"https:\/\/pos.uel.br\/letras\/wp-json\/wp\/v2\/media?parent=8950"}],"curies":[{"name":"wp","href":"https:\/\/api.w.org\/{rel}","templated":true}]}}