{"id":8263,"date":"2025-03-02T11:06:46","date_gmt":"2025-03-02T14:06:46","guid":{"rendered":"https:\/\/pos.uel.br\/letras\/?page_id=8263"},"modified":"2025-03-19T23:34:52","modified_gmt":"2025-03-20T02:34:52","slug":"selecao_2022_1","status":"publish","type":"page","link":"https:\/\/pos.uel.br\/letras\/selecao_2022_1\/","title":{"rendered":"Sele\u00e7\u00e3o 2022\/1"},"content":{"rendered":"\n<p><\/p>\n\n\n\n<p style=\"font-size:15px\"><a href=\"https:\/\/pos.uel.br\/letras\/wp-content\/uploads\/2025\/03\/Edital_selecao20211.pdf\" target=\"_blank\" rel=\"noreferrer noopener\">EDITAL N\u00ba 11\/2021\u00a0<\/a> \u2013 Sele\u00e7\u00e3o Mestrado e Doutorado<br><a href=\"https:\/\/pos.uel.br\/letras\/wp-content\/uploads\/2025\/03\/2-Edital-12_2021_PPGL_retificac\u0327a\u0303o.pdf\" target=\"_blank\" rel=\"noreferrer noopener\">EDITAL N\u00ba 12\/2021<\/a> \u2013 Retifica\u00e7\u00e3o do EDITAL N\u00ba 11\/2021<br><a href=\"https:\/\/pos.uel.br\/letras\/wp-content\/uploads\/2025\/03\/3-Edital-13_2021_Inscric\u0327o\u0303es-homologadas_PPGL.pdf\" target=\"_blank\" rel=\"noreferrer noopener\">EDITAL N\u00ba 13\/2021<\/a> \u2013 Inscri\u00e7\u00f5es homologadas<br><a href=\"https:\/\/pos.uel.br\/letras\/wp-content\/uploads\/2021\/09\/Edital_proficiencia2021.docx\" target=\"_blank\" rel=\"noreferrer noopener\">EDITAL N\u00ba 14\/2021<\/a> \u2013 Profici\u00eancia em L\u00edngua estrangeira<br><a href=\"https:\/\/pos.uel.br\/letras\/wp-content\/uploads\/2025\/03\/Edital-15_20211_Aprovados_FaseI.pdf\" target=\"_blank\" rel=\"noreferrer noopener\">EDITAL N\u00ba 15\/2021<\/a> \u2013 Resultado Fase I<br><a href=\"https:\/\/pos.uel.br\/letras\/wp-content\/uploads\/2025\/03\/Edital_Resultado_recursos_faseI.pdf\" target=\"_blank\" rel=\"noreferrer noopener\">EDITAL N\u00ba 16\/2021<\/a> \u2013 Resultado de Recurso Fase I<br><a href=\"https:\/\/pos.uel.br\/letras\/wp-content\/uploads\/2025\/03\/Edital-17_entrevista_2021_1.pdf\" target=\"_blank\" rel=\"noreferrer noopener\">EDITAL N\u00ba 17\/2021<\/a> \u2013 Entrevistas<br><a href=\"https:\/\/pos.uel.br\/letras\/wp-content\/uploads\/2025\/03\/Edital-18_2021_Resultado-Extraoficial.pdf\" target=\"_blank\" rel=\"noreferrer noopener\">EDITAL N\u00ba 18\/2021<\/a> \u2013 Resultado extraoficial<br><a href=\"https:\/\/pos.uel.br\/letras\/wp-content\/uploads\/2025\/03\/Edital-20_20211_Resultado-Final_convocac\u0327a\u0303o-matri\u0301cula_MESTRADO.pdf\" target=\"_blank\" rel=\"noreferrer noopener\">EDITAL N\u00ba 20\/2021 <\/a>\u2013 Resultado final e Convoca\u00e7\u00e3o matr\u00edcula Mestrado<br><a href=\"https:\/\/pos.uel.br\/letras\/wp-content\/uploads\/2025\/03\/Edital-21_20211_Resultado-Final_convocac\u0327a\u0303o-matri\u0301cula_DOUTORADO.pdf\" target=\"_blank\" rel=\"noreferrer noopener\">EDITAL N\u00ba 21\/2021<\/a> \u2013 Resultado final e Convoca\u00e7\u00e3o matr\u00edcula Doutorado<br><br><strong>EDITAIS PARA ESTUDANTE ESPECIAL <\/strong><br><br><a href=\"https:\/\/pos.uel.br\/letras\/wp-content\/uploads\/2025\/03\/Edital-19-Oferta-Estudante-Especial-PPGL-2021_2.pdf\" target=\"_blank\" rel=\"noreferrer noopener\">EDITAL N\u00ba 19\/2021 <\/a>\u2013 Sele\u00e7\u00e3o Estudante Especial<br><a href=\"https:\/\/pos.uel.br\/letras\/wp-content\/uploads\/2025\/03\/Edital-24_Resultado-Estudante-Especial-PPGL-20211.pdf\" target=\"_blank\" rel=\"noreferrer noopener\">EDITAL N\u00ba 24\/2021 <\/a>\u2013 Resultado<br><\/p>\n","protected":false},"excerpt":{"rendered":"<p>EDITAL N\u00ba 11\/2021\u00a0 \u2013 Sele\u00e7\u00e3o Mestrado e DoutoradoEDITAL N\u00ba 12\/2021 \u2013 Retifica\u00e7\u00e3o do EDITAL N\u00ba 11\/2021EDITAL N\u00ba 13\/2021 \u2013 Inscri\u00e7\u00f5es homologadasEDITAL N\u00ba 14\/2021 \u2013 Profici\u00eancia em L\u00edngua estrangeiraEDITAL N\u00ba 15\/2021 \u2013 Resultado Fase IEDITAL N\u00ba 16\/2021 \u2013 Resultado de Recurso Fase IEDITAL N\u00ba 17\/2021 \u2013 EntrevistasEDITAL N\u00ba 18\/2021 \u2013 Resultado extraoficialEDITAL N\u00ba 20\/2021 \u2013 Resultado [&hellip;]<\/p>\n","protected":false},"author":9,"featured_media":0,"parent":0,"menu_order":0,"comment_status":"closed","ping_status":"closed","template":"","meta":{"_acf_changed":false,"footnotes":""},"class_list":["post-8263","page","type-page","status-publish","hentry"],"acf":[],"_links":{"self":[{"href":"https:\/\/pos.uel.br\/letras\/wp-json\/wp\/v2\/pages\/8263","targetHints":{"allow":["GET"]}}],"collection":[{"href":"https:\/\/pos.uel.br\/letras\/wp-json\/wp\/v2\/pages"}],"about":[{"href":"https:\/\/pos.uel.br\/letras\/wp-json\/wp\/v2\/types\/page"}],"author":[{"embeddable":true,"href":"https:\/\/pos.uel.br\/letras\/wp-json\/wp\/v2\/users\/9"}],"replies":[{"embeddable":true,"href":"https:\/\/pos.uel.br\/letras\/wp-json\/wp\/v2\/comments?post=8263"}],"version-history":[{"count":20,"href":"https:\/\/pos.uel.br\/letras\/wp-json\/wp\/v2\/pages\/8263\/revisions"}],"predecessor-version":[{"id":9961,"href":"https:\/\/pos.uel.br\/letras\/wp-json\/wp\/v2\/pages\/8263\/revisions\/9961"}],"wp:attachment":[{"href":"https:\/\/pos.uel.br\/letras\/wp-json\/wp\/v2\/media?parent=8263"}],"curies":[{"name":"wp","href":"https:\/\/api.w.org\/{rel}","templated":true}]}}