{"id":73,"date":"2021-05-16T12:23:25","date_gmt":"2021-05-16T15:23:25","guid":{"rendered":"https:\/\/pos.uel.br\/letras\/?page_id=73"},"modified":"2025-08-30T12:42:28","modified_gmt":"2025-08-30T15:42:28","slug":"projetos_de_pesquisa","status":"publish","type":"page","link":"https:\/\/pos.uel.br\/letras\/projetos_de_pesquisa\/","title":{"rendered":"Projetos de pesquisa"},"content":{"rendered":"\n<div class=\"wp-block-columns is-layout-flex wp-container-core-columns-is-layout-9d6595d7 wp-block-columns-is-layout-flex\">\n<div class=\"wp-block-column is-layout-flow wp-block-column-is-layout-flow\">\n<p><\/p>\n<\/div>\n<\/div>\n\n\n\n<div class=\"wp-block-columns is-layout-flex wp-container-core-columns-is-layout-9d6595d7 wp-block-columns-is-layout-flex\">\n<div class=\"wp-block-column is-layout-flow wp-block-column-is-layout-flow\">\n<p><strong>Adriana Aparecida de Figueiredo Fiuza<\/strong><br>T\u00edtulo: <a href=\"https:\/\/www.sistemasweb.uel.br\/system\/prj\/pes\/pdf\/pes_pesquisa_14463.pdf\" target=\"_blank\" rel=\"noreferrer noopener\">Arqueologias insurgentes: escritas e mem\u00f3rias das mulheres da Gera\u00e7\u00e3o de 27 na Espanha e do Modernismo no Brasil (fase II)<\/a><br>Per\u00edodo: 12\/05\/2025 a 11\/05\/2028 \u2551 Colaboradores: <\/p>\n\n\n\n<p class=\"has-primary-text-color has-text-color\" style=\"font-size:15px\"><strong>Alamir Aquino Corr\u00eaa<\/strong><br>T\u00edtulo: <a href=\"https:\/\/www.sistemasweb.uel.br\/system\/prj\/pes\/pdf\/pes_pesquisa_14683.pdf\" target=\"_blank\" rel=\"noreferrer noopener\">Solid\u00e3o e desamparo em narradores autodieg\u00e9ticos em romances brasileiros contempor\u00e2neos<\/a><br>Per\u00edodo: 18\/08\/2025 a \u2551 Colaboradores:<\/p>\n\n\n\n<p class=\"has-primary-text-color has-text-color\" style=\"font-size:15px\"><strong><span class=\"has-inline-color has-primary-text-color\">Barbara Cristina Marques<\/span><\/strong><br>T\u00edtulo:&nbsp;<a href=\"https:\/\/www.sistemasweb.uel.br\/system\/prj\/pes\/pdf\/pes_pesquisa_14606.pdf\" target=\"_blank\" rel=\"noreferrer noopener\">Imagens para o futuro: imagina\u00e7\u00f5es e modo de apari\u00e7\u00e3o na literatura e nos audiovisuais contempor\u00e2neos sob as perspectivas do Neo-materialismo e do Antropoceno<\/a><br>Per\u00edodo: 08\/06\/2025 a \u2551 Colaboradores: 3<\/p>\n\n\n\n<p class=\"has-primary-text-color has-text-color\" style=\"font-size:15px\"><strong>Cl\u00e1udia Camardella Rio Doce<\/strong><br>T\u00edtulo:\u00a0<a href=\"https:\/\/www.sistemasweb.uel.br\/system\/prj\/pes\/pdf\/pes_pesquisa_14048.pdf\" target=\"_blank\" rel=\"noreferrer noopener\">Releituras no Modernismo<\/a><br>Per\u00edodo: 04\/06\/2024 a 03\/06\/2027\u2551 Colaboradores: 7<br><br><strong>Cl\u00e1udia Cristina Ferreira<\/strong><br>T\u00edtulo: <a href=\"https:\/\/www.sistemasweb.uel.br\/system\/prj\/pes\/pdf\/pes_pesquisa_14477.pdf\" target=\"_blank\" rel=\"noreferrer noopener\">Representa\u00e7\u00f5es da mulher em narrativas ins\u00f3litas contempor\u00e2neas: da invisibilidade ao protagonismo<\/a><br>Per\u00edodo: 12\/05\/2025 a 11\/05\/2028 | Colaboradores: 15<br><br><strong>Ellen Mariany da Silva Dias<\/strong><br>T\u00edtulo: <a href=\"https:\/\/www.sistemasweb.uel.br\/system\/prj\/pes\/pdf\/pes_pesquisa_14167.pdf\" target=\"_blank\" rel=\"noreferrer noopener\">Interartes e Interm\u00eddias em tr\u00e2nsito: o corpo como pot\u00eancia nas representa\u00e7\u00f5es do feminino em Aline Bei, Louise Bourgeois e Adriana Varej\u00e3o<\/a><br>Per\u00edodo: 03\/09\/2024 a 02\/09\/2027 | Colaboradores: 4<\/p>\n\n\n\n<p class=\"has-primary-text-color has-text-color\" style=\"font-size:15px\"><strong>Frederico Augusto Garcia Fernandes<\/strong><br>T\u00edtulo: <a href=\"https:\/\/www.sistemasweb.uel.br\/system\/prj\/pes\/pdf\/pes_pesquisa_14424.pdf\" target=\"_blank\" rel=\"noreferrer noopener\">&#8220;Meu corpo \u00e9 texto&#8221;: coletivos po\u00e9ticos e performance<\/a><br>Per\u00edodo: 01\/03\/2024 a 28\/02\/2027 \u2551 Colaboradores: 1<br><br><strong>Gustavo Javier Figliolo<\/strong><br>T\u00edtulo: <a href=\"https:\/\/www.sistemasweb.uel.br\/system\/prj\/pes\/pdf\/pes_pesquisa_14624.pdf\" target=\"_blank\" rel=\"noreferrer noopener\">A literatura e o seu di\u00e1logo com os conceitos da teoria psicanal\u00edtica<\/a><br>Per\u00edodo: 19\/08\/2025 a 18\/08\/2028 \u2551 Colaboradores: 3<\/p>\n\n\n\n<p class=\"has-primary-text-color has-text-color\" style=\"font-size:15px\"><strong>Laura Taddei Brandini<\/strong><br>T\u00edtulo: <a href=\"https:\/\/www.sistemasweb.uel.br\/system\/prj\/pes\/pdf\/pes_pesquisa_13843.pdf\" target=\"_blank\" rel=\"noreferrer noopener\">As viagens da escrita em Roland Barthes<\/a><br>Per\u00edodo: 11\/10\/2022 a 10\/10\/2025 \u2551 Colaboradores: 6<\/p>\n\n\n\n<p class=\"has-primary-text-color has-text-color\" style=\"font-size:15px\"><strong>Luiz Carlos Migliozzi Ferreira de Mello<\/strong><br>T\u00edtulo:&nbsp;<a href=\"https:\/\/www.sistemasweb.uel.br\/system\/prj\/pes\/pdf\/pes_pesquisa_10715.pdf\" data-type=\"URL\" data-id=\"https:\/\/www.sistemasweb.uel.br\/system\/prj\/pes\/pdf\/pes_pesquisa_10715.pdf\" target=\"_blank\" rel=\"noreferrer noopener\">O processo da transmuta\u00e7\u00e3o dos efeitos de sentidos: ruptura e continuidade<\/a><br>Per\u00edodo: 06\/06\/2017 a 05\/05\/2025 \u2551 Colaboradores: 1<br><br>T\u00edtulo: <a href=\"https:\/\/www.sistemasweb.uel.br\/system\/prj\/pes\/pdf\/pes_pesquisa_13341.pdf\" target=\"_blank\" rel=\"noreferrer noopener\">Doutrinas teol\u00f3gicas em uma perspectiva semi\u00f3tica<\/a><br>Per\u00edodo: 02\/04\/2024 a 01\/04\/2027  \u2551 Colaboradores: 16<\/p>\n\n\n\n<p class=\"has-primary-text-color has-text-color\" style=\"font-size:15px\"><strong>Luiz Carlos Santos Simon<\/strong><br>T\u00edtulo:&nbsp;<a href=\"https:\/\/www.sistemasweb.uel.br\/system\/prj\/pes\/pdf\/pes_pesquisa_13365.pdf\" target=\"_blank\" rel=\"noreferrer noopener\">As masculinidades em cem anos de romances brasileiros: de 1870 a 1970<\/a><br>Per\u00edodo: 07\/03\/2023 a 06\/03\/2026 \u2551 Colaboradores: 8<\/p>\n\n\n\n<p class=\"has-primary-text-color has-text-color\" style=\"font-size:15px\"><strong>Maria Carolina de Godoy<\/strong><br>T\u00edtulo:&nbsp;<a href=\"https:\/\/www.sistemasweb.uel.br\/system\/prj\/pes\/pdf\/pes_pesquisa_14680.pdf\" target=\"_blank\" rel=\"noreferrer noopener\">Literatura infantil e juvenil afro-brasileira: tr\u00e2nsitos, identidades e pertencimento<\/a><br>Per\u00edodo: 17\/08\/2025 a \u2551&nbsp;Colaboradores: 11<\/p>\n\n\n\n<p class=\"has-primary-text-color has-text-color\" style=\"font-size:15px\"><strong>Marta Dantas da Silva<\/strong><br>T\u00edtulo:&nbsp;<a href=\"https:\/\/www.sistemasweb.uel.br\/system\/prj\/pes\/pdf\/pes_pesquisa_13585.pdf\" target=\"_blank\" rel=\"noreferrer noopener\">O fant\u00e1stico e o maravilhoso: uma investiga\u00e7\u00e3o sobre a concep\u00e7\u00e3o de realidade e de surrealidade, do liter\u00e1rio e do extra-liter\u00e1rio no Surrealismo<\/a><br>Per\u00edodo: 10\/07\/2023 a 09\/07\/2026 \u2551 Colaboradores: 1<\/p>\n\n\n\n<p class=\"has-primary-text-color has-text-color\" style=\"font-size:15px\"><strong>Miguel Heitor Braga Vieira<\/strong><br>T\u00edtulo:&nbsp;<a href=\"https:\/\/www.sistemasweb.uel.br\/system\/prj\/pes\/pdf\/pes_pesquisa_14390.pdf\" target=\"_blank\" rel=\"noreferrer noopener\">Formas fixas na poesia brasileira contempor\u00e2nea<\/a><br>Per\u00edodo: 11\/03\/2025 a 10\/03\/2028 \u2551 Colaboradores:&nbsp;7<\/p>\n\n\n\n<p class=\"has-primary-text-color has-text-color\" style=\"font-size:15px\"><strong>Regina C\u00e9lia dos Santos Alves<\/strong><br>T\u00edtulo:\u00a0<a href=\"https:\/\/www.sistemasweb.uel.br\/system\/prj\/pes\/pdf\/pes_pesquisa_14186.pdf\" target=\"_blank\" rel=\"noreferrer noopener\">Estudos da paisagem na prosa e na poesia no contexto da literatura brasileira contempor\u00e2nea<\/a><br>Per\u00edodo: 02\/10\/2024 a 01\/10\/2027 \u2551 Colaboradores: 4<br><br><strong>Rodolfo Rorato Londero<\/strong><br>T\u00edtulo: <a href=\"https:\/\/www.sistemasweb.uel.br\/system\/prj\/pes\/pdf\/pes_pesquisa_14579.pdf\" target=\"_blank\" rel=\"noreferrer noopener\">&#8220;Esse embara\u00e7o no meio da desilus\u00e3o&#8221;: suic\u00eddio, depress\u00e3o e <em>Stimmung<\/em> em letras do g\u00eanero musical rock (1980-2020)<\/a><br>Per\u00edodo: 09\/06\/2025 a 08\/06\/2028\u2551 Colaboradores: 1<\/p>\n\n\n\n<p class=\"has-primary-text-color has-text-color\" style=\"font-size:15px\"><strong>Silvio Cesar dos Santos Alves<\/strong><br>T\u00edtulo:&nbsp;<a href=\"https:\/\/www.sistemasweb.uel.br\/system\/prj\/pes\/pdf\/pes_pesquisa_12874.pdf\" target=\"_blank\" rel=\"noreferrer noopener\">O ceticismo na fic\u00e7\u00e3o e no jornalismo de E\u00e7a de Queir\u00f3s&nbsp;<\/a><br>Per\u00edodo: 09\/06\/2021 a 08\/12\/2024 \u2551 Colaboradores: 1<\/p>\n\n\n\n<p class=\"has-primary-text-color has-text-color\" style=\"font-size:15px\"><strong>Suely Leite<\/strong><br>T\u00edtulo:&nbsp;<a href=\"https:\/\/www.sistemasweb.uel.br\/system\/prj\/pes\/pdf\/pes_pesquisa_13424.pdf\" target=\"_blank\" rel=\"noreferrer noopener\">Representa\u00e7\u00f5es de g\u00eanero em contos de autoria feminina elencados nas obras <em>O conto brasileiro contempor\u00e2neo <\/em>(1985)<em>, Gera\u00e7\u00e3o 90: os transgressores <\/em>(2003)<em> e Hist\u00f3ria da literatura brasileira <\/em>(2004)<\/a><br>Per\u00edodo: 07\/03\/2023 a 06\/03\/2026 \u2551 Colaboradores: 13<\/p>\n\n\n\n<p class=\"has-primary-text-color has-text-color\" style=\"font-size:15px\"><strong>Telma Maciel da Silva<br><\/strong>T\u00edtulo:&nbsp;<a href=\"https:\/\/www.sistemasweb.uel.br\/system\/prj\/pes\/pdf\/pes_pesquisa_14568.pdf\" target=\"_blank\" rel=\"noreferrer noopener\">O amor e suas (in)correspond\u00eancias na literatura e na escrita \u00edntima: sentimentalidades em an\u00e1lise<\/a><br>Per\u00edodo: 30\/06\/2025 a 29\/06\/2028 \u2551 Colaboradores: 6<br><\/p>\n<\/div>\n<\/div>\n\n\n\n<p><\/p>\n","protected":false},"excerpt":{"rendered":"<p>Adriana Aparecida de Figueiredo FiuzaT\u00edtulo: Arqueologias insurgentes: escritas e mem\u00f3rias das mulheres da Gera\u00e7\u00e3o de 27 na Espanha e do Modernismo no Brasil (fase II)Per\u00edodo: 12\/05\/2025 a 11\/05\/2028 \u2551 Colaboradores: Alamir Aquino Corr\u00eaaT\u00edtulo: Solid\u00e3o e desamparo em narradores autodieg\u00e9ticos em romances brasileiros contempor\u00e2neosPer\u00edodo: 18\/08\/2025 a \u2551 Colaboradores: Barbara Cristina MarquesT\u00edtulo:&nbsp;Imagens para o futuro: imagina\u00e7\u00f5es e [&hellip;]<\/p>\n","protected":false},"author":7,"featured_media":0,"parent":0,"menu_order":0,"comment_status":"closed","ping_status":"closed","template":"","meta":{"_acf_changed":false,"footnotes":""},"class_list":["post-73","page","type-page","status-publish","hentry"],"acf":[],"_links":{"self":[{"href":"https:\/\/pos.uel.br\/letras\/wp-json\/wp\/v2\/pages\/73","targetHints":{"allow":["GET"]}}],"collection":[{"href":"https:\/\/pos.uel.br\/letras\/wp-json\/wp\/v2\/pages"}],"about":[{"href":"https:\/\/pos.uel.br\/letras\/wp-json\/wp\/v2\/types\/page"}],"author":[{"embeddable":true,"href":"https:\/\/pos.uel.br\/letras\/wp-json\/wp\/v2\/users\/7"}],"replies":[{"embeddable":true,"href":"https:\/\/pos.uel.br\/letras\/wp-json\/wp\/v2\/comments?post=73"}],"version-history":[{"count":90,"href":"https:\/\/pos.uel.br\/letras\/wp-json\/wp\/v2\/pages\/73\/revisions"}],"predecessor-version":[{"id":10514,"href":"https:\/\/pos.uel.br\/letras\/wp-json\/wp\/v2\/pages\/73\/revisions\/10514"}],"wp:attachment":[{"href":"https:\/\/pos.uel.br\/letras\/wp-json\/wp\/v2\/media?parent=73"}],"curies":[{"name":"wp","href":"https:\/\/api.w.org\/{rel}","templated":true}]}}