{"id":629,"date":"2021-07-27T11:20:48","date_gmt":"2021-07-27T14:20:48","guid":{"rendered":"https:\/\/pos.uel.br\/letras\/?page_id=629"},"modified":"2026-04-27T15:13:09","modified_gmt":"2026-04-27T18:13:09","slug":"estudantes-regulares","status":"publish","type":"page","link":"https:\/\/pos.uel.br\/letras\/estudantes-regulares\/","title":{"rendered":"Estudantes regulares"},"content":{"rendered":"\n<p><br><\/p>\n\n\n\n<div class=\"wp-block-columns is-layout-flex wp-container-core-columns-is-layout-9d6595d7 wp-block-columns-is-layout-flex\">\n<div class=\"wp-block-column is-layout-flow wp-block-column-is-layout-flow\">\n<blockquote class=\"wp-block-quote is-layout-flow wp-block-quote-is-layout-flow\">\n<p style=\"font-size:15px\">Orientadora \u2013 Prof\u00aa Dr\u00aa Adriana Aparecida de Figueiredo Fiuza<\/p>\n<\/blockquote>\n\n\n\n<div class=\"wp-block-columns is-layout-flex wp-container-core-columns-is-layout-9d6595d7 wp-block-columns-is-layout-flex\">\n<div class=\"wp-block-column is-layout-flow wp-block-column-is-layout-flow\">\n<figure class=\"wp-block-table is-style-stripes\" style=\"font-size:15px\"><table class=\"has-fixed-layout\"><tbody><tr><td><strong>DISCENTE<\/strong><\/td><td><strong>LINHA DE PESQUISA<\/strong><\/td><td><strong>CURSO<\/strong><\/td><td><strong>INGRESSO<\/strong><\/td><td><strong>BOLSA\/AG\u00caNCIA<\/strong><\/td><\/tr><tr><td><a href=\"http:\/\/lattes.cnpq.br\/4988109515340124\" target=\"_blank\" rel=\"noreferrer noopener\">Ana Clara Borges da Cruz<\/a><\/td><td>Constru\u00e7\u00f5es e processos identit\u00e1rios<\/td><td>Mestrado<\/td><td>2026\/1<\/td><td><\/td><\/tr><tr><td><a href=\"http:\/\/lattes.cnpq.br\/1151213836585768\" target=\"_blank\" rel=\"noreferrer noopener\">Melissa Gomes de Oliveira<\/a><\/td><td>Constru\u00e7\u00f5es e processos identit\u00e1rios<\/td><td>Mestrado<\/td><td>2026\/1<\/td><td><\/td><\/tr><\/tbody><\/table><\/figure>\n<\/div>\n<\/div>\n<\/div>\n<\/div>\n\n\n\n<blockquote class=\"wp-block-quote is-layout-flow wp-block-quote-is-layout-flow\">\n<p style=\"font-size:15px\">Orientador \u2013 Prof. Dr. Alamir Aquino Corr\u00eaa<\/p>\n<\/blockquote>\n\n\n\n<div class=\"wp-block-columns is-layout-flex wp-container-core-columns-is-layout-9d6595d7 wp-block-columns-is-layout-flex\">\n<div class=\"wp-block-column is-layout-flow wp-block-column-is-layout-flow\">\n<figure class=\"wp-block-table is-style-stripes\" style=\"font-size:15px\"><table class=\"has-fixed-layout\"><tbody><tr><td><strong>DISCENTE<\/strong><\/td><td><strong>LINHA DE PESQUISA<\/strong><\/td><td><strong>CURSO<\/strong><\/td><td><strong>INGRESSO<\/strong><\/td><td><strong>BOLSA\/AG\u00caNCIA<\/strong><\/td><\/tr><tr><td><a href=\"http:\/\/lattes.cnpq.br\/1442724335559109\" target=\"_blank\" rel=\"noreferrer noopener\">Gabriel Viruez da Silva<\/a><\/td><td>Representa\u00e7\u00f5es e textualidades<\/td><td>Mestrado<\/td><td>2024\/1<\/td><td><\/td><\/tr><tr><td><a href=\"http:\/\/lattes.cnpq.br\/3736751493326083\" target=\"_blank\" rel=\"noreferrer noopener\">Raphaela da Silva e Souza<\/a><\/td><td>Representa\u00e7\u00f5es e textualidades<\/td><td>Mestrado<\/td><td>2024\/1<\/td><td><\/td><\/tr><tr><td><a href=\"http:\/\/lattes.cnpq.br\/5258690640080595\" target=\"_blank\" rel=\"noreferrer noopener\">Maria Eduarda de Faria Azevedo<\/a><\/td><td>Representa\u00e7\u00f5es e textualidades<\/td><td>Mestrado<\/td><td>2024\/2<\/td><td><\/td><\/tr><tr><td><a href=\"http:\/\/lattes.cnpq.br\/5046902977601860\" target=\"_blank\" rel=\"noreferrer noopener\">Milene Aguiar Costa C\u00e2mara<\/a><\/td><td>Representa\u00e7\u00f5es e textualidades<\/td><td>Mestrado<\/td><td>2026\/1<\/td><td><\/td><\/tr><tr><td><a href=\"http:\/\/lattes.cnpq.br\/8409545030735629\" target=\"_blank\" rel=\"noreferrer noopener\">Milena Migliorini Celinski<\/a><\/td><td>Representa\u00e7\u00f5es e textualidades<\/td><td>Doutorado<\/td><td>2026\/1<\/td><td><\/td><\/tr><\/tbody><\/table><\/figure>\n<\/div>\n<\/div>\n\n\n\n<div class=\"wp-block-columns is-layout-flex wp-container-core-columns-is-layout-9d6595d7 wp-block-columns-is-layout-flex\">\n<div class=\"wp-block-column is-layout-flow wp-block-column-is-layout-flow\">\n<blockquote class=\"wp-block-quote is-layout-flow wp-block-quote-is-layout-flow\">\n<p style=\"font-size:15px\">Orientadora \u2013 Prof\u00aa Dr\u00aa Barbara Cristina Marques<\/p>\n<\/blockquote>\n<\/div>\n<\/div>\n\n\n\n<div class=\"wp-block-columns is-layout-flex wp-container-core-columns-is-layout-9d6595d7 wp-block-columns-is-layout-flex\" style=\"font-size:15px\">\n<div class=\"wp-block-column is-layout-flow wp-block-column-is-layout-flow\">\n<figure class=\"wp-block-table is-style-stripes\" style=\"font-size:15px\"><table class=\"has-fixed-layout\"><tbody><tr><td><strong>DISCENTE<\/strong><\/td><td><strong>LINHA DE PESQUISA<\/strong><\/td><td><strong>CURSO<\/strong><\/td><td><strong>INGRESSO<\/strong><\/td><td><strong>BOLSA\/AG\u00caNCIA<\/strong><\/td><\/tr><tr><td><a href=\"http:\/\/lattes.cnpq.br\/0247830228782759\">Juliana da Silva Bello <\/a><\/td><td>Intermedialidade e novas formas art\u00edsticas<\/td><td>Doutorado<\/td><td>2022\/1<\/td><td><\/td><\/tr><tr><td><a href=\"http:\/\/lattes.cnpq.br\/2767513378510559\" target=\"_blank\" rel=\"noreferrer noopener\">Izabelle dos Santos Lopes N\u00f3brega<\/a><\/td><td>Intermedialidade e novas formas art\u00edsticas<\/td><td>Mestrado<\/td><td>2024\/2<\/td><td>CAPES \u2013 01\/10\/2024 a 31\/07\/2026<br><\/td><\/tr><tr><td><a href=\"http:\/\/lattes.cnpq.br\/2320782646224440\" target=\"_blank\" rel=\"noreferrer noopener\">Kelvin Pablo Domingos Mendes<\/a><\/td><td>Intermedialidade e novas formas art\u00edsticas<\/td><td>Mestrado<\/td><td>2025\/1<\/td><td>CAPES \u2013 01\/03\/2026 a 28\/02\/2027<\/td><\/tr><tr><td><a href=\"http:\/\/lattes.cnpq.br\/9162537009954550\" target=\"_blank\" rel=\"noreferrer noopener\">Bianca Eug\u00eania Candido<\/a><\/td><td>Intermedialidade e novas formas art\u00edsticas<\/td><td>Doutorado<\/td><td>2026\/1<\/td><td><\/td><\/tr><\/tbody><\/table><\/figure>\n<\/div>\n<\/div>\n\n\n\n<div class=\"wp-block-columns is-layout-flex wp-container-core-columns-is-layout-9d6595d7 wp-block-columns-is-layout-flex\" style=\"font-size:15px\">\n<div class=\"wp-block-column is-layout-flow wp-block-column-is-layout-flow\">\n<blockquote class=\"wp-block-quote is-layout-flow wp-block-quote-is-layout-flow\">\n<p style=\"font-size:15px\">Orientadora \u2013 Prof\u00aa Dr\u00aa Cl\u00e1udia Camardella Rio Doce<\/p>\n<\/blockquote>\n<\/div>\n<\/div>\n\n\n\n<div class=\"wp-block-columns is-layout-flex wp-container-core-columns-is-layout-9d6595d7 wp-block-columns-is-layout-flex\" style=\"font-size:15px\">\n<div class=\"wp-block-column is-layout-flow wp-block-column-is-layout-flow\">\n<figure class=\"wp-block-table is-style-stripes\" style=\"font-size:15px\"><table class=\"has-fixed-layout\"><tbody><tr><td><strong>DISCENTE<\/strong><\/td><td><strong>LINHA DE PESQUISA<\/strong><\/td><td><strong>CURSO<\/strong><\/td><td><strong>INGRESSO<\/strong><\/td><td><strong>BOLSA\/AG\u00caNCIA<\/strong><\/td><\/tr><tr><td><a href=\"http:\/\/lattes.cnpq.br\/5068102158051404\" target=\"_blank\" rel=\"noreferrer noopener\">Giovane Sgarbossa Mossambani <\/a><\/td><td>Representa\u00e7\u00f5es e textualidades<\/td><td>Doutorado<\/td><td>2023\/2<\/td><td>CAPES \u2013 01\/03\/2024 a 31\/07\/2027<\/td><\/tr><tr><td><a href=\"http:\/\/lattes.cnpq.br\/5904241419162329\" data-type=\"link\" data-id=\"http:\/\/lattes.cnpq.br\/5904241419162329\" target=\"_blank\" rel=\"noreferrer noopener\">Vivian Batista Gombi<\/a> <\/td><td>Representa\u00e7\u00f5es e textualidades<\/td><td>Doutorado<\/td><td>2023\/2<\/td><td>CAPES \u2013 01\/03\/2025 a 31\/07\/2027<\/td><\/tr><tr><td><a href=\"http:\/\/lattes.cnpq.br\/1982000538142359\" target=\"_blank\" rel=\"noreferrer noopener\">Maria Fernanda Buratto de Assis<\/a><\/td><td>Representa\u00e7\u00f5es e textualidades<\/td><td>Mestrado<\/td><td>2024\/2<\/td><td>CAPES \u2013 01\/08\/2024 a 31\/07\/2026<\/td><\/tr><tr><td><a href=\"http:\/\/lattes.cnpq.br\/6363529364943603\" target=\"_blank\" rel=\"noreferrer noopener\">Francesco Carlo Turilli<\/a><\/td><td>Representa\u00e7\u00f5es e textualidades<\/td><td>Doutorado<\/td><td>2025\/1<\/td><td>CAPES \u2013 01\/04\/2025 a 31\/03\/2029 (Cota PROPPG)<\/td><\/tr><tr><td><a href=\"http:\/\/lattes.cnpq.br\/5288330785394089\" target=\"_blank\" rel=\"noreferrer noopener\">Mikael Bezerra de Oliveira<\/a><\/td><td>Representa\u00e7\u00f5es e textualidades<\/td><td>Mestrado<\/td><td>2026\/1<\/td><td><\/td><\/tr><\/tbody><\/table><\/figure>\n<\/div>\n<\/div>\n\n\n\n<div class=\"wp-block-columns is-layout-flex wp-container-core-columns-is-layout-9d6595d7 wp-block-columns-is-layout-flex\">\n<div class=\"wp-block-column is-layout-flow wp-block-column-is-layout-flow\">\n<blockquote class=\"wp-block-quote is-layout-flow wp-block-quote-is-layout-flow\">\n<p style=\"font-size:15px\">Orientadora \u2013 Prof\u00aa Dr\u00aa Cl\u00e1udia Cristina Ferreira<\/p>\n<\/blockquote>\n<\/div>\n<\/div>\n\n\n\n<div class=\"wp-block-columns is-layout-flex wp-container-core-columns-is-layout-9d6595d7 wp-block-columns-is-layout-flex\">\n<div class=\"wp-block-column is-layout-flow wp-block-column-is-layout-flow\">\n<figure class=\"wp-block-table is-style-stripes\" style=\"font-size:15px\"><table class=\"has-fixed-layout\"><tbody><tr><td><strong>DISCENTE<\/strong><\/td><td><strong>LINHA DE PESQUISA<\/strong><\/td><td><strong>CURSO<\/strong><\/td><td><strong>INGRESSO<\/strong><\/td><td><strong>BOLSA\/AG\u00caNCIA<\/strong><\/td><\/tr><tr><td><a href=\"http:\/\/lattes.cnpq.br\/4139886067885830\" target=\"_blank\" rel=\"noreferrer noopener\">J\u00e9ssica Larissa Pais dos Santos<\/a><\/td><td>Representa\u00e7\u00f5es e textualidades<\/td><td>Mestrado<\/td><td>2025\/1<\/td><td><\/td><\/tr><tr><td><a href=\"http:\/\/lattes.cnpq.br\/1146746455210172\" target=\"_blank\" rel=\"noreferrer noopener\">Calebe Rodrigues Caleffi<\/a><\/td><td>Representa\u00e7\u00f5es e textualidades<\/td><td>Mestrado<\/td><td>2026\/1<\/td><td><\/td><\/tr><tr><td><a href=\"http:\/\/lattes.cnpq.br\/3994855997391515\" target=\"_blank\" rel=\"noreferrer noopener\">Laura Manuelly Vieira Costa<\/a><\/td><td>Representa\u00e7\u00f5es e textualidades<\/td><td>Mestrado<\/td><td>2026\/1<\/td><td><\/td><\/tr><\/tbody><\/table><\/figure>\n<\/div>\n<\/div>\n\n\n\n<div class=\"wp-block-columns is-layout-flex wp-container-core-columns-is-layout-9d6595d7 wp-block-columns-is-layout-flex\">\n<div class=\"wp-block-column is-layout-flow wp-block-column-is-layout-flow\">\n<blockquote class=\"wp-block-quote is-layout-flow wp-block-quote-is-layout-flow\">\n<p style=\"font-size:15px\">Orientadora \u2013 Prof\u00aa Dr\u00aa Ellen Mariany da Silva Dias<\/p>\n<\/blockquote>\n<\/div>\n<\/div>\n\n\n\n<div class=\"wp-block-columns is-layout-flex wp-container-core-columns-is-layout-9d6595d7 wp-block-columns-is-layout-flex\">\n<div class=\"wp-block-column is-layout-flow wp-block-column-is-layout-flow\">\n<figure class=\"wp-block-table is-style-stripes\" style=\"font-size:15px\"><table class=\"has-fixed-layout\"><tbody><tr><td><strong>DISCENTE<\/strong><\/td><td><strong>LINHA DE PESQUISA<\/strong><\/td><td><strong>CURSO<\/strong><\/td><td><strong>INGRESSO<\/strong><\/td><td><strong>BOLSA\/AG\u00caNCIA<\/strong><\/td><\/tr><tr><td><a href=\"http:\/\/lattes.cnpq.br\/0078068871022515\" target=\"_blank\" rel=\"noreferrer noopener\">Gabriella Correa Ferrajam Barbari<\/a><\/td><td>Intermedialidade e novas formas art\u00edsticas<\/td><td>Mestrado<\/td><td>2025\/1<\/td><td>CAPES \u2013 01\/08\/2025 a 28\/02\/2027<\/td><\/tr><tr><td><a href=\"http:\/\/lattes.cnpq.br\/9823924128797672\" target=\"_blank\" rel=\"noreferrer noopener\">Matheus Oliveira da Silva<\/a><\/td><td>Intermedialidades e novas formas art\u00edsticas<\/td><td>Mestrado<\/td><td>2025\/1<\/td><td>CAPES \u2013 01\/08\/2025 a 28\/02\/2027<\/td><\/tr><\/tbody><\/table><\/figure>\n<\/div>\n<\/div>\n\n\n\n<div class=\"wp-block-columns is-layout-flex wp-container-core-columns-is-layout-9d6595d7 wp-block-columns-is-layout-flex\">\n<div class=\"wp-block-column is-layout-flow wp-block-column-is-layout-flow\">\n<blockquote class=\"wp-block-quote is-layout-flow wp-block-quote-is-layout-flow\">\n<p style=\"font-size:15px\">Orientador \u2013 Prof. Dr. Frederico Augusto Garcia Fernandes<\/p>\n<\/blockquote>\n<\/div>\n<\/div>\n\n\n\n<div class=\"wp-block-columns is-layout-flex wp-container-core-columns-is-layout-9d6595d7 wp-block-columns-is-layout-flex\">\n<div class=\"wp-block-column is-layout-flow wp-block-column-is-layout-flow\" style=\"font-size:15px\">\n<figure class=\"wp-block-table is-style-stripes\"><table class=\"has-fixed-layout\"><tbody><tr><td><strong>DISCENTE<\/strong><\/td><td><strong>LINHA DE PESQUISA<\/strong><\/td><td><strong>CURSO<\/strong><\/td><td><strong>INGRESSO<\/strong><\/td><td><strong>BOLSA\/AG\u00caNCIA<\/strong><\/td><\/tr><tr><td><a href=\"http:\/\/lattes.cnpq.br\/2004469524602532\">Amanda Maria Damasio Teixeira<\/a><\/td><td>Intermedialidades e novas formas art\u00edsticas<\/td><td>Doutorado<\/td><td>2022\/2<\/td><td>CAPES \u2013 01\/04\/2023 a 31\/07\/2026<\/td><\/tr><tr><td><a href=\"http:\/\/lattes.cnpq.br\/8935073633022025\" target=\"_blank\" rel=\"noreferrer noopener\">Ana Cristina Pereira da Silva<\/a>&nbsp;<\/td><td>Intermedialidades e novas formas art\u00edsticas<\/td><td>Doutorado<\/td><td>2024\/1<\/td><td>CAPES \u2013 01\/03\/2024 a 29\/02\/2028<\/td><\/tr><tr><td><a href=\"http:\/\/lattes.cnpq.br\/0859337456124720\" target=\"_blank\" rel=\"noreferrer noopener\">Douglas Augusto de Santana<\/a><\/td><td>Intermedialidades e novas formas art\u00edsticas<\/td><td>Mestrado<\/td><td>2024\/2<\/td><td>CAPES \u2013 01\/03\/2025 a 31\/07\/2026<\/td><\/tr><tr><td><a href=\"http:\/\/lattes.cnpq.br\/2016164942156487\" target=\"_blank\" rel=\"noreferrer noopener\">Malu Monteiro Storer<\/a><\/td><td>Intermedialidades e novas formas art\u00edsticas<\/td><td>Mestrado<\/td><td>2024\/2<\/td><td>CAPES \u2013 01\/08\/2025 a 31\/07\/2026<\/td><\/tr><tr><td><a href=\"http:\/\/lattes.cnpq.br\/5708246434292639\" target=\"_blank\" rel=\"noreferrer noopener\">Let\u00edcia Chokr Rodrigues<\/a><\/td><td>Intermedialidades e novas formas art\u00edsticas<\/td><td>Mestrado<\/td><td>2026\/1<\/td><td><\/td><\/tr><\/tbody><\/table><\/figure>\n<\/div>\n<\/div>\n\n\n\n<div class=\"wp-block-columns is-layout-flex wp-container-core-columns-is-layout-9d6595d7 wp-block-columns-is-layout-flex\">\n<div class=\"wp-block-column is-layout-flow wp-block-column-is-layout-flow\">\n<blockquote class=\"wp-block-quote is-layout-flow wp-block-quote-is-layout-flow\">\n<p style=\"font-size:15px\">Orientador \u2013 Prof. Dr. Gustavo Javier Figliolo<\/p>\n<\/blockquote>\n\n\n\n<div class=\"wp-block-columns is-layout-flex wp-container-core-columns-is-layout-9d6595d7 wp-block-columns-is-layout-flex\">\n<div class=\"wp-block-column is-layout-flow wp-block-column-is-layout-flow\">\n<figure class=\"wp-block-table is-style-stripes\" style=\"font-size:15px\"><table class=\"has-fixed-layout\"><tbody><tr><td><strong>DISCENTE<\/strong><\/td><td><strong>LINHA DE PESQUISA<\/strong><\/td><td><strong>CURSO<\/strong><\/td><td><strong>INGRESSO<\/strong><\/td><td><strong>BOLSA\/AG\u00caNCIA<\/strong><\/td><\/tr><tr><td><a href=\"http:\/\/lattes.cnpq.br\/8165142940038032\" target=\"_blank\" rel=\"noreferrer noopener\">Caio Augusto de Souza<\/a><\/td><td>Representa\u00e7\u00f5es e Textualidades&nbsp;<\/td><td>Mestrado<\/td><td>2025\/1<\/td><td>CAPES \u2013 01\/03\/2026 a 28\/02\/2027 (Cota PROPPG)<\/td><\/tr><tr><td><a href=\"http:\/\/lattes.cnpq.br\/8369211655969741\" target=\"_blank\" rel=\"noreferrer noopener\">Breno Ernesto Rhoden<\/a><\/td><td>Representa\u00e7\u00f5es e Textualidades&nbsp;<\/td><td>Mestrado<\/td><td>2026\/1<\/td><td><\/td><\/tr><tr><td><a href=\"http:\/\/lattes.cnpq.br\/6536030010727286\" target=\"_blank\" rel=\"noreferrer noopener\">Amanda Ciraque<\/a><\/td><td>Representa\u00e7\u00f5es e Textualidades<\/td><td>Mestrado<\/td><td>2026\/1<\/td><td><\/td><\/tr><\/tbody><\/table><\/figure>\n<\/div>\n<\/div>\n<\/div>\n<\/div>\n\n\n\n<div class=\"wp-block-columns is-layout-flex wp-container-core-columns-is-layout-9d6595d7 wp-block-columns-is-layout-flex\">\n<div class=\"wp-block-column is-layout-flow wp-block-column-is-layout-flow\">\n<blockquote class=\"wp-block-quote is-layout-flow wp-block-quote-is-layout-flow\">\n<p style=\"font-size:15px\">Orientadora \u2013 Prof\u00aa Dr\u00aa Laura Taddei Brandini<\/p>\n<\/blockquote>\n<\/div>\n<\/div>\n\n\n\n<div class=\"wp-block-columns is-layout-flex wp-container-core-columns-is-layout-9d6595d7 wp-block-columns-is-layout-flex\">\n<div class=\"wp-block-column is-layout-flow wp-block-column-is-layout-flow\" style=\"font-size:15px\">\n<figure class=\"wp-block-table is-style-stripes\" style=\"font-size:15px\"><table class=\"has-fixed-layout\"><tbody><tr><td><strong>DISCENTE<\/strong><\/td><td><strong>LINHA DE PESQUISA<\/strong><\/td><td><strong>CURSO<\/strong><\/td><td><strong>INGRESSO<\/strong><\/td><td><strong>BOLSA\/AG\u00caNCIA<\/strong><\/td><\/tr><tr><td><a href=\"http:\/\/lattes.cnpq.br\/7164460150664747\" target=\"_blank\" rel=\"noreferrer noopener\">\u00c9rika Alves Manh\u00e3es Slonski<\/a> <\/td><td>Representa\u00e7\u00f5es e Textualidades&nbsp;<\/td><td>Mestrado<\/td><td>2023\/2<\/td><td><\/td><\/tr><tr><td><a href=\"http:\/\/lattes.cnpq.br\/2846204069828768\" target=\"_blank\" rel=\"noreferrer noopener\">Vit\u00f3ria Carolina Marinho<\/a> <\/td><td>Representa\u00e7\u00f5es e Textualidades<\/td><td>Mestrado<\/td><td>2024\/2<\/td><td>CNPq \u2013 06\/2025 a 05\/2027 (Cota PROPPG)<\/td><\/tr><tr><td><a href=\"http:\/\/lattes.cnpq.br\/0319507504720922\" target=\"_blank\" rel=\"noreferrer noopener\">Athalya Gabriela Santos Quinaglia<\/a><\/td><td>Representa\u00e7\u00f5es e Textualidades<\/td><td>Mestrado<\/td><td>2025\/1<\/td><td><\/td><\/tr><tr><td><a href=\"http:\/\/lattes.cnpq.br\/6799372914104907\" target=\"_blank\" rel=\"noreferrer noopener\">Tain\u00e1 Cristina de Souza Eurindio<\/a><\/td><td>Representa\u00e7\u00f5es e Textualidades<\/td><td>Mestrado<\/td><td>2026\/1<\/td><td><\/td><\/tr><tr><td><a href=\"http:\/\/lattes.cnpq.br\/1519877912277475\" target=\"_blank\" rel=\"noreferrer noopener\">Laura Bittencourt Domingues Burgatti<\/a><\/td><td>Representa\u00e7\u00f5es e Textualidades<\/td><td>Mestrado<\/td><td>2026\/1<\/td><td><\/td><\/tr><tr><td><a href=\"http:\/\/lattes.cnpq.br\/1050536913895874\" target=\"_blank\" rel=\"noreferrer noopener\">Michela Vieira Prestes<\/a><\/td><td>Representa\u00e7\u00f5es e Textualidades<\/td><td>Doutorado<\/td><td>2026\/1<\/td><td><\/td><\/tr><\/tbody><\/table><\/figure>\n<\/div>\n<\/div>\n\n\n\n<div class=\"wp-block-columns is-layout-flex wp-container-core-columns-is-layout-9d6595d7 wp-block-columns-is-layout-flex\">\n<div class=\"wp-block-column is-layout-flow wp-block-column-is-layout-flow\">\n<blockquote class=\"wp-block-quote is-layout-flow wp-block-quote-is-layout-flow\">\n<p style=\"font-size:15px\">Orientador \u2013 Prof. Dr. Luiz Carlos Migliozzi Ferreira de Melo<\/p>\n<\/blockquote>\n\n\n\n<div class=\"wp-block-columns is-layout-flex wp-container-core-columns-is-layout-9d6595d7 wp-block-columns-is-layout-flex\">\n<div class=\"wp-block-column is-layout-flow wp-block-column-is-layout-flow\" style=\"font-size:15px\">\n<figure class=\"wp-block-table is-style-stripes\" style=\"font-size:15px\"><table class=\"has-fixed-layout\"><tbody><tr><td><strong>DISCENTE<\/strong><\/td><td><strong>LINHA DE PESQUISA<\/strong><\/td><td><strong>CURSO<\/strong><\/td><td><strong>INGRESSO<\/strong><\/td><td><strong>BOLSA\/AG\u00caNCIA<\/strong><\/td><\/tr><tr><td><a href=\"http:\/\/lattes.cnpq.br\/8325871420218175\" target=\"_blank\" rel=\"noreferrer noopener\">Nat\u00e1lia Afonso Nunes<\/a><\/td><td>Representa\u00e7\u00f5es e textualidades&nbsp;<\/td><td>Mestrado<\/td><td>2025\/1<\/td><td><\/td><\/tr><tr><td><a href=\"http:\/\/lattes.cnpq.br\/3310350127889084\" target=\"_blank\" rel=\"noreferrer noopener\">Leandra Vieira dos Santos Diamor<\/a><\/td><td>Representa\u00e7\u00f5es e textualidades&nbsp;<\/td><td>Mestrado<\/td><td>2026\/1<\/td><td><\/td><\/tr><\/tbody><\/table><\/figure>\n<\/div>\n<\/div>\n<\/div>\n<\/div>\n\n\n\n<div class=\"wp-block-columns is-layout-flex wp-container-core-columns-is-layout-9d6595d7 wp-block-columns-is-layout-flex\">\n<div class=\"wp-block-column is-layout-flow wp-block-column-is-layout-flow\">\n<blockquote class=\"wp-block-quote is-layout-flow wp-block-quote-is-layout-flow\">\n<p style=\"font-size:15px\">Orientadora \u2013 Prof\u00aa Dr\u00aa Maria Carolina de Godoy<\/p>\n<\/blockquote>\n<\/div>\n<\/div>\n\n\n\n<div class=\"wp-block-columns is-layout-flex wp-container-core-columns-is-layout-9d6595d7 wp-block-columns-is-layout-flex\">\n<div class=\"wp-block-column is-layout-flow wp-block-column-is-layout-flow\">\n<figure class=\"wp-block-table is-style-stripes\" style=\"font-size:15px\"><table class=\"has-fixed-layout\"><tbody><tr><td><strong>DISCENTE<\/strong><\/td><td><strong>LINHA DE PESQUISA<\/strong><\/td><td><strong>CURSO<\/strong><\/td><td><strong>INGRESSO<\/strong><\/td><td><strong>BOLSA\/AG\u00caNCIA<\/strong><\/td><\/tr><tr><td><a href=\"http:\/\/lattes.cnpq.br\/1195800444171427\">Luc\u00e9lia Canassa<\/a><\/td><td>Constru\u00e7\u00f5es e processos identit\u00e1rios<\/td><td>Doutorado<\/td><td>2023\/1<\/td><td>CAPES \u2013 01\/03\/2023 a 28\/02\/2027<\/td><\/tr><tr><td><a href=\"http:\/\/lattes.cnpq.br\/3818945520428403\" target=\"_blank\" rel=\"noreferrer noopener\">Gabriela Ferraz Baptista Janu\u00e1rio<\/a><\/td><td>Constru\u00e7\u00f5es e processos identit\u00e1rios<\/td><td>Mestrado<\/td><td>2023\/2<\/td><td><\/td><\/tr><tr><td><a href=\"http:\/\/lattes.cnpq.br\/2615400310068781\" target=\"_blank\" rel=\"noreferrer noopener\">Laura Regina Carneiro Lug\u00e3o<\/a><\/td><td>Constru\u00e7\u00f5es e processos identit\u00e1rios<\/td><td>Mestrado<\/td><td>2025\/1<\/td><td>CAPES \u2013 01\/08\/2025 a 28\/02\/2027<\/td><\/tr><\/tbody><\/table><\/figure>\n<\/div>\n<\/div>\n\n\n\n<div class=\"wp-block-columns is-layout-flex wp-container-core-columns-is-layout-9d6595d7 wp-block-columns-is-layout-flex\">\n<div class=\"wp-block-column is-layout-flow wp-block-column-is-layout-flow\">\n<blockquote class=\"wp-block-quote is-layout-flow wp-block-quote-is-layout-flow\">\n<p style=\"font-size:15px\">Orientadora \u2013 Prof\u00aa Dr\u00aa Marta Dantas da Silva<\/p>\n<\/blockquote>\n<\/div>\n<\/div>\n\n\n\n<div class=\"wp-block-columns is-layout-flex wp-container-core-columns-is-layout-9d6595d7 wp-block-columns-is-layout-flex\">\n<div class=\"wp-block-column is-layout-flow wp-block-column-is-layout-flow\">\n<figure class=\"wp-block-table is-style-stripes\" style=\"font-size:15px\"><table class=\"has-fixed-layout\"><tbody><tr><td><strong>DISCENTE<\/strong><\/td><td><strong>LINHA DE PESQUISA<\/strong><\/td><td><strong>CURSO<\/strong><\/td><td><strong>INGRESSO<\/strong><\/td><td><strong>BOLSA\/AG\u00caNCIA<\/strong><\/td><\/tr><tr><td><a href=\"http:\/\/lattes.cnpq.br\/5364465454211431\" target=\"_blank\" rel=\"noreferrer noopener\">Valdir Heitkoeter de Melo Junior<\/a><\/td><td><\/td><td>Doutorado<\/td><td>2024\/1<\/td><td>CAPES \u2013 01\/03\/2024 a 29\/02\/2028<\/td><\/tr><tr><td><a href=\"http:\/\/lattes.cnpq.br\/4184566712059457\">Eloisa Marques dos Santos<\/a><\/td><td><\/td><td>Mestrado<\/td><td>2025\/1<\/td><td><\/td><\/tr><tr><td><a href=\"http:\/\/lattes.cnpq.br\/6231291259036197\" target=\"_blank\" rel=\"noreferrer noopener\">Mateus Jos\u00e9 Guimar\u00e3es de Abreu<\/a><\/td><td><\/td><td>Mestrado<\/td><td>2025\/1<\/td><td><\/td><\/tr><\/tbody><\/table><\/figure>\n<\/div>\n<\/div>\n\n\n\n<div class=\"wp-block-columns is-layout-flex wp-container-core-columns-is-layout-9d6595d7 wp-block-columns-is-layout-flex\">\n<div class=\"wp-block-column is-layout-flow wp-block-column-is-layout-flow\">\n<blockquote class=\"wp-block-quote is-layout-flow wp-block-quote-is-layout-flow\">\n<p style=\"font-size:15px\">Orientador \u2013 Prof. Dr. Miguel Heitor Braga Vieira<\/p>\n<\/blockquote>\n<\/div>\n<\/div>\n\n\n\n<div class=\"wp-block-columns is-layout-flex wp-container-core-columns-is-layout-9d6595d7 wp-block-columns-is-layout-flex\">\n<div class=\"wp-block-column is-layout-flow wp-block-column-is-layout-flow\">\n<figure class=\"wp-block-table is-style-stripes\" style=\"font-size:15px\"><table class=\"has-fixed-layout\"><tbody><tr><td><strong>DISCENTE<\/strong><\/td><td><strong>LINHA DE PESQUISA<\/strong><\/td><td><strong>CURSO<\/strong><\/td><td><strong>INGRESSO<\/strong><\/td><td><strong>BOLSA\/AG\u00caNCIA<\/strong><\/td><\/tr><tr><td><a href=\"http:\/\/lattes.cnpq.br\/2081512194281244\" target=\"_blank\" rel=\"noreferrer noopener\">Diogo Pablos Florian<\/a><\/td><td>Representa\u00e7\u00f5es e textualidades<\/td><td>Doutorado<\/td><td>2024\/1<\/td><td>CAPES \u2013 01\/08\/2024 a 29\/02\/2028<\/td><\/tr><tr><td><a href=\"http:\/\/lattes.cnpq.br\/7759611303045384\" target=\"_blank\" rel=\"noreferrer noopener\">Matheus Willian Migotto<\/a><\/td><td>Representa\u00e7\u00f5es e textualidades<\/td><td>Doutorado<\/td><td>2024\/1<\/td><td>CAPES \u2013 01\/03\/2024 a 29\/02\/2028<\/td><\/tr><\/tbody><\/table><\/figure>\n\n\n\n<figure class=\"wp-block-table is-style-stripes\" style=\"font-size:15px\"><table class=\"has-fixed-layout\"><tbody><tr><td><a href=\"http:\/\/lattes.cnpq.br\/6727112596101206\" target=\"_blank\" rel=\"noreferrer noopener\">Alexandre Leidens<\/a><\/td><td>Representa\u00e7\u00f5es e textualidades<\/td><td>Doutorado<\/td><td>2025\/1<\/td><td>CAPES \u2013 01\/03\/2026 a 28\/02\/2029<\/td><\/tr><tr><td><a href=\"http:\/\/lattes.cnpq.br\/6217261079097845\" target=\"_blank\" rel=\"noreferrer noopener\">Anna Victorya Rigolon<\/a><\/td><td>Representa\u00e7\u00f5es e textualidades<\/td><td>Mestrado<\/td><td>2026\/1<\/td><td><\/td><\/tr><tr><td><a href=\"http:\/\/lattes.cnpq.br\/4678091855746673\" target=\"_blank\" rel=\"noreferrer noopener\">Jo\u00e3o Renato Ferreira da Silva<\/a><\/td><td>Representa\u00e7\u00f5es e textualidades<\/td><td>Mestrado<\/td><td>2026\/1<\/td><td><\/td><\/tr><\/tbody><\/table><\/figure>\n<\/div>\n<\/div>\n\n\n\n<div class=\"wp-block-columns is-layout-flex wp-container-core-columns-is-layout-9d6595d7 wp-block-columns-is-layout-flex\" style=\"font-size:15px\">\n<div class=\"wp-block-column is-layout-flow wp-block-column-is-layout-flow\">\n<blockquote class=\"wp-block-quote is-layout-flow wp-block-quote-is-layout-flow\">\n<p>Orientadora \u2013 Prof\u00aa Dr\u00aa Regina C\u00e9lia dos Santos Alves<\/p>\n<\/blockquote>\n<\/div>\n<\/div>\n\n\n\n<div class=\"wp-block-columns is-layout-flex wp-container-core-columns-is-layout-9d6595d7 wp-block-columns-is-layout-flex\" style=\"font-size:15px\">\n<div class=\"wp-block-column is-layout-flow wp-block-column-is-layout-flow\">\n<figure class=\"wp-block-table is-style-stripes\"><table class=\"has-fixed-layout\"><tbody><tr><td><strong>DISCENTE<\/strong><\/td><td><strong>LINHA DE PESQUISA<\/strong><\/td><td><strong>CURSO<\/strong><\/td><td><strong>INGRESSO<\/strong><\/td><td><strong>BOLSA\/AG\u00caNCIA<\/strong><\/td><\/tr><tr><td><a href=\"http:\/\/lattes.cnpq.br\/1814571136684188\" target=\"_blank\" rel=\"noreferrer noopener\">Maria Izabel de Oliveira<\/a><\/td><td>Representa\u00e7\u00f5es e textualidades<\/td><td>Mestrado<\/td><td>2024\/1<\/td><td><\/td><\/tr><tr><td><a href=\"http:\/\/lattes.cnpq.br\/8252081878398595\" target=\"_blank\" rel=\"noreferrer noopener\">Isadora Zurlo Nogueira<\/a><\/td><td>Representa\u00e7\u00f5es e textualidades<\/td><td>Mestrado<\/td><td>2024\/2<\/td><td>CAPES \u2013 01\/08\/2025 a 31\/07\/2026<\/td><\/tr><tr><td><a href=\"http:\/\/lattes.cnpq.br\/5832001450513092\" target=\"_blank\" rel=\"noreferrer noopener\">Amanda Machado Sorgi<\/a><\/td><td>Representa\u00e7\u00f5es e textualidades<\/td><td>Doutorado<\/td><td>2024\/2<\/td><td>CAPES \u2013 01\/03\/2025 a 31\/07\/2028<\/td><\/tr><tr><td><a href=\"http:\/\/lattes.cnpq.br\/5086027234107539\" target=\"_blank\" rel=\"noreferrer noopener\">Caio Jos\u00e9 Fonteque Gaspar<\/a><\/td><td>Representa\u00e7\u00f5es e textualidades<\/td><td>Doutorado<\/td><td>2026\/1<\/td><td>CAPES \u2013 01\/03\/2026 a 28\/02\/2030 (Cota PROPPG)<\/td><\/tr><\/tbody><\/table><\/figure>\n<\/div>\n<\/div>\n\n\n\n<div class=\"wp-block-columns is-layout-flex wp-container-core-columns-is-layout-9d6595d7 wp-block-columns-is-layout-flex\" style=\"font-size:15px\">\n<div class=\"wp-block-column is-layout-flow wp-block-column-is-layout-flow\">\n<blockquote class=\"wp-block-quote is-layout-flow wp-block-quote-is-layout-flow\">\n<p>Orientador \u2013 Prof. Dr. Silvio Cesar dos Santos Alves<\/p>\n<\/blockquote>\n<\/div>\n<\/div>\n\n\n\n<div class=\"wp-block-columns is-layout-flex wp-container-core-columns-is-layout-9d6595d7 wp-block-columns-is-layout-flex\" style=\"font-size:15px\">\n<div class=\"wp-block-column is-layout-flow wp-block-column-is-layout-flow\">\n<figure class=\"wp-block-table is-style-stripes\"><table class=\"has-fixed-layout\"><tbody><tr><td><strong>DISCENTE<\/strong><\/td><td><strong>LINHA DE PESQUISA<\/strong><\/td><td><strong>CURSO<\/strong><\/td><td><strong>INGRESSO<\/strong><\/td><td><strong>BOLSA\/AG\u00caNCIA<\/strong><\/td><\/tr><tr><td><a href=\"http:\/\/lattes.cnpq.br\/5580988104236852\" target=\"_blank\" rel=\"noreferrer noopener\">Jo\u00e3o Pedro Lopes Conchon<\/a><\/td><td>Constru\u00e7\u00f5es e Processos Identit\u00e1rios&nbsp;<\/td><td>Mestrado<\/td><td>2024\/2<\/td><td>CAPES \u2013 01\/03\/2025 a 31\/07\/2026<\/td><\/tr><tr><td><a href=\"http:\/\/lattes.cnpq.br\/0548439857652639\" target=\"_blank\" rel=\"noreferrer noopener\">Ana Paula Silva<\/a><\/td><td>Constru\u00e7\u00f5es e Processos Identit\u00e1rios&nbsp;<\/td><td>Doutorado<\/td><td>2025\/1<\/td><td>CAPES \u2013 01\/04\/2025 a 28\/02\/2029<\/td><\/tr><tr><td><a href=\"http:\/\/lattes.cnpq.br\/9754340089029972\" target=\"_blank\" rel=\"noreferrer noopener\">D\u00e9borah Cristina Stagliano<\/a><\/td><td>Constru\u00e7\u00f5es e Processos Identit\u00e1rios&nbsp;<\/td><td>Doutorado<\/td><td>2026\/1<\/td><td><\/td><\/tr><\/tbody><\/table><\/figure>\n<\/div>\n<\/div>\n\n\n\n<div class=\"wp-block-columns is-layout-flex wp-container-core-columns-is-layout-9d6595d7 wp-block-columns-is-layout-flex\" style=\"font-size:15px\">\n<div class=\"wp-block-column is-layout-flow wp-block-column-is-layout-flow\">\n<blockquote class=\"wp-block-quote is-layout-flow wp-block-quote-is-layout-flow\">\n<p>Orientadora \u2013 Prof\u00aa Dr\u00aa Suely Leite<\/p>\n<\/blockquote>\n<\/div>\n<\/div>\n\n\n\n<div class=\"wp-block-columns is-layout-flex wp-container-core-columns-is-layout-9d6595d7 wp-block-columns-is-layout-flex\" style=\"font-size:15px\">\n<div class=\"wp-block-column is-layout-flow wp-block-column-is-layout-flow\">\n<figure class=\"wp-block-table is-style-stripes\"><table class=\"has-fixed-layout\"><tbody><tr><td><strong>DISCENTE<\/strong><\/td><td><strong>LINHA DE PESQUISA<\/strong><\/td><td><strong>CURSO<\/strong><\/td><td><strong>INGRESSO<\/strong><\/td><td><strong>BOLSA\/AG\u00caNCIA<\/strong><\/td><\/tr><tr><td><a href=\"http:\/\/lattes.cnpq.br\/1103387179996994\" target=\"_blank\" rel=\"noreferrer noopener\">B\u00e1rbara Roberta Almeida Trevisan<\/a><\/td><td>Constru\u00e7\u00f5es e Processos Identit\u00e1rios<\/td><td>Mestrado<\/td><td>2023\/2<\/td><td><\/td><\/tr><tr><td><a href=\"http:\/\/lattes.cnpq.br\/4841209662931197\" target=\"_blank\" rel=\"noreferrer noopener\">Carolina Montagnini do Nascimento<\/a><\/td><td>Constru\u00e7\u00f5es e Processos Identit\u00e1rios<\/td><td>Doutorado<\/td><td>2024\/2<\/td><td>CAPES \u2013 01\/10\/2024 a 31\/07\/2028<\/td><\/tr><tr><td><a href=\"http:\/\/lattes.cnpq.br\/8463276232578186\" target=\"_blank\" rel=\"noreferrer noopener\">Fernanda Costa Susigan<\/a><\/td><td>Constru\u00e7\u00f5es e Processos Identit\u00e1rios<\/td><td>Mestrado<\/td><td>2026\/1<\/td><td><\/td><\/tr><tr><td><a href=\"http:\/\/lattes.cnpq.br\/9878969400193568\" target=\"_blank\" rel=\"noreferrer noopener\">Maria Fernanda Pavani Moreira Meluci<\/a><\/td><td>Constru\u00e7\u00f5es e Processos Identit\u00e1rios<\/td><td>Mestrado<\/td><td>2026\/1<\/td><td><\/td><\/tr><tr><td><a href=\"http:\/\/lattes.cnpq.br\/1313305551790522\" target=\"_blank\" rel=\"noreferrer noopener\">Fernanda Borges Lahmann<\/a><\/td><td>Constru\u00e7\u00f5es e Processos Identit\u00e1rios<\/td><td>Mestrado<\/td><td>2026\/1<\/td><td><\/td><\/tr><\/tbody><\/table><\/figure>\n<\/div>\n<\/div>\n\n\n\n<div class=\"wp-block-columns is-layout-flex wp-container-core-columns-is-layout-9d6595d7 wp-block-columns-is-layout-flex\" style=\"font-size:15px\">\n<div class=\"wp-block-column is-layout-flow wp-block-column-is-layout-flow\">\n<blockquote class=\"wp-block-quote is-layout-flow wp-block-quote-is-layout-flow\">\n<p>Orientadora \u2013 Prof\u00aa Dr\u00aa Telma Maciel da Silva<\/p>\n<\/blockquote>\n<\/div>\n<\/div>\n\n\n\n<div class=\"wp-block-columns is-layout-flex wp-container-core-columns-is-layout-9d6595d7 wp-block-columns-is-layout-flex\" style=\"font-size:15px\">\n<div class=\"wp-block-column is-layout-flow wp-block-column-is-layout-flow\">\n<figure class=\"wp-block-table is-style-stripes\"><table class=\"has-fixed-layout\"><tbody><tr><td><strong>DISCENTE<\/strong><\/td><td><strong>LINHA DE PESQUISA<\/strong><\/td><td><strong>CURSO<\/strong><\/td><td><strong>INGRESSO<\/strong><\/td><td><strong>BOLSA\/AG\u00caNCIA<\/strong><\/td><\/tr><tr><td><a href=\"http:\/\/lattes.cnpq.br\/2037252934917444\" target=\"_blank\" rel=\"noreferrer noopener\">Beatriz Karolyne Momesso Santos<\/a><\/td><td>Constru\u00e7\u00f5es e Processos Identit\u00e1rios&nbsp;<\/td><td>Mestrado<\/td><td>2025\/1<\/td><td>CAPES \u2013 01\/03\/2026 a 28\/02\/2027<\/td><\/tr><tr><td><a href=\"http:\/\/lattes.cnpq.br\/9594145800404423\" target=\"_blank\" rel=\"noreferrer noopener\">Giulia Armagno Liuti<\/a><\/td><td>Constru\u00e7\u00f5es e Processos Identit\u00e1rios<\/td><td>Mestrado<\/td><td>2025\/1<\/td><td><\/td><\/tr><tr><td><a href=\"http:\/\/lattes.cnpq.br\/1080659976269596\" target=\"_blank\" rel=\"noreferrer noopener\">Jamila Zahara Juny<\/a><\/td><td>Constru\u00e7\u00f5es e Processos Identit\u00e1rios<\/td><td>Mestrado<\/td><td>2025\/1<\/td><td><\/td><\/tr><tr><td><a href=\"http:\/\/lattes.cnpq.br\/5840614756382492\" target=\"_blank\" rel=\"noreferrer noopener\">Ant\u00f4nio Martins da Silva Junior<\/a><\/td><td>Constru\u00e7\u00f5es e Processos Identit\u00e1rios<\/td><td>Doutorado<\/td><td>2026\/1<\/td><td>CAPES \u2013 01\/03\/2026 a 28\/02\/2030<\/td><\/tr><\/tbody><\/table><\/figure>\n<\/div>\n<\/div>\n","protected":false},"excerpt":{"rendered":"<p>Orientadora \u2013 Prof\u00aa Dr\u00aa Adriana Aparecida de Figueiredo Fiuza DISCENTE LINHA DE PESQUISA CURSO INGRESSO BOLSA\/AG\u00caNCIA Ana Clara Borges da Cruz Constru\u00e7\u00f5es e processos identit\u00e1rios Mestrado 2026\/1 Melissa Gomes de Oliveira Constru\u00e7\u00f5es e processos identit\u00e1rios Mestrado 2026\/1 Orientador \u2013 Prof. Dr. Alamir Aquino Corr\u00eaa DISCENTE LINHA DE PESQUISA CURSO INGRESSO BOLSA\/AG\u00caNCIA Gabriel Viruez da Silva [&hellip;]<\/p>\n","protected":false},"author":8,"featured_media":0,"parent":0,"menu_order":0,"comment_status":"closed","ping_status":"closed","template":"","meta":{"_acf_changed":false,"footnotes":""},"class_list":["post-629","page","type-page","status-publish","hentry"],"acf":[],"_links":{"self":[{"href":"https:\/\/pos.uel.br\/letras\/wp-json\/wp\/v2\/pages\/629","targetHints":{"allow":["GET"]}}],"collection":[{"href":"https:\/\/pos.uel.br\/letras\/wp-json\/wp\/v2\/pages"}],"about":[{"href":"https:\/\/pos.uel.br\/letras\/wp-json\/wp\/v2\/types\/page"}],"author":[{"embeddable":true,"href":"https:\/\/pos.uel.br\/letras\/wp-json\/wp\/v2\/users\/8"}],"replies":[{"embeddable":true,"href":"https:\/\/pos.uel.br\/letras\/wp-json\/wp\/v2\/comments?post=629"}],"version-history":[{"count":456,"href":"https:\/\/pos.uel.br\/letras\/wp-json\/wp\/v2\/pages\/629\/revisions"}],"predecessor-version":[{"id":10848,"href":"https:\/\/pos.uel.br\/letras\/wp-json\/wp\/v2\/pages\/629\/revisions\/10848"}],"wp:attachment":[{"href":"https:\/\/pos.uel.br\/letras\/wp-json\/wp\/v2\/media?parent=629"}],"curies":[{"name":"wp","href":"https:\/\/api.w.org\/{rel}","templated":true}]}}