{"id":1572,"date":"2021-10-02T13:33:00","date_gmt":"2021-10-02T16:33:00","guid":{"rendered":"https:\/\/pos.uel.br\/letras\/?page_id=1572"},"modified":"2025-03-07T19:22:10","modified_gmt":"2025-03-07T22:22:10","slug":"redes-de-pesquisa","status":"publish","type":"page","link":"https:\/\/pos.uel.br\/letras\/redes-de-pesquisa\/","title":{"rendered":"Associa\u00e7\u00f5es, Redes e Grupos de pesquisa"},"content":{"rendered":"\n<p><\/p>\n\n\n\n<p style=\"font-size:15px\">Os docentes do PPGL t\u00eam desempenhado um papel significativo no desenvolvimento de diversas Associa\u00e7\u00f5es, Redes e Grupos de pesquisa nas \u00e1reas de Letras e Humanidades em geral, em parceria com universidades brasileiras e estrangeiras, com o intuito de promover o interc\u00e2mbio de pesquisas e estudos entre os docentes e discentes do PPGL e pesquisadores de outras lES e Centros de Pesquisa.<br><br><strong>Prof. Dr. Alamir Aquino Corr\u00eaa<\/strong><br><a href=\"https:\/\/anpoll.org.br\/gt\/literatura-brasileira-contemporanea\/\" target=\"_blank\" rel=\"noreferrer noopener\">ANPOLL (GT \u2013 Literatura brasileira contempor\u00e2nea)<\/a><br><a href=\"http:\/\/nupill.org\/\" data-type=\"URL\" data-id=\"http:\/\/nupill.org\/\" target=\"_blank\" rel=\"noreferrer noopener\">NuPILL &#8211; N\u00facleo de Pesquisas em Inform\u00e1tica, Literatura e Ling\u00fc\u00edstica<\/a> (UFSC)<br><a href=\"https:\/\/litelat.net\/\" target=\"_blank\" rel=\"noreferrer noopener\">litElat \u2013 Red de Literatura Electr\u00f3nica Latinoamericana<\/a><br><a href=\"https:\/\/brasa.org\/\" target=\"_blank\" rel=\"noreferrer noopener\">BRASA \u2013 Brazilian Studies Association<\/a><br><a href=\"https:\/\/pos.uel.br\/letras\/grupos-de-pesquisa-cnpq\/#:~:text=Representa%C3%A7%C3%B5es%20da%20morte%20na%20literatura%20e%20nas%20artes\" target=\"_blank\" rel=\"noreferrer noopener\">Representa\u00e7\u00f5es da morte na literatura e nas artes<\/a> (L\u00edder do grupo de pesquisa\/CNPq)<br><br><strong>Prof\u00aa Dr\u00aa Barbara Cristina Marques<\/strong><br><a href=\"https:\/\/anpoll.org.br\/gt\/intermidialidade-literaturas-artes-e-midias\/\" target=\"_blank\" rel=\"noreferrer noopener\">ANPOLL (GT \u2013 Intermidialidades: literatura, artes e m\u00eddias)<\/a><br><a href=\"https:\/\/www.imagenlat.org\/\" data-type=\"URL\" data-id=\"https:\/\/www.imagenlat.org\/\" target=\"_blank\" rel=\"noreferrer noopener\">IMAGENLAT \u2013 Red Latinoamericana de Investigaciones en Pr\u00e1cticas y Medios de la Imagen<\/a> <br><a href=\"http:\/\/dgp.cnpq.br\/dgp\/espelhogrupo\/6323424151993729\" data-type=\"URL\" data-id=\"http:\/\/dgp.cnpq.br\/dgp\/espelhogrupo\/6323424151993729\" target=\"_blank\" rel=\"noreferrer noopener\">Estudos Interdisciplinares de L\u00edngua, Literatura e Ensino<\/a> (UEL) em parceria com a Facolta\u0300 di Interpretariato e Traduzione (UNINT\/It\u00e1lia)<br><a href=\"https:\/\/pos.uel.br\/letras\/grupos-de-pesquisa-cnpq\/#:~:text=Experi%C3%AAncias%20entre%20Literatura%2C%20Cinema%20e%20suas%20materialidades\" target=\"_blank\" rel=\"noreferrer noopener\">Experi\u00eancias entre Literatura, Cinema e suas materialidades<\/a> (L\u00edder do grupo de pesquisa CNPq)<br><br><strong>Prof\u00aa Dr\u00aa Cl\u00e1udia Camardella Rio Doce<\/strong><br><a href=\"https:\/\/anpoll.org.br\/gt\/literatura-comparada\/\" target=\"_blank\" rel=\"noreferrer noopener\">ANPOLL (GT \u2013 Literatura Comparada)<\/a><br><a href=\"http:\/\/dgp.cnpq.br\/dgp\/espelhogrupo\/9348912051700009\" data-type=\"URL\" data-id=\"http:\/\/dgp.cnpq.br\/dgp\/espelhogrupo\/9348912051700009\" target=\"_blank\" rel=\"noreferrer noopener\">Estudos de Po\u00e9ticas do Presente: Literatura Comparada na Am\u00e9rica Latina<\/a> (UFRGS)<br><br><strong>Prof\u00aa Dr\u00aa Cl\u00e1udia Cristina Ferreira<\/strong><br><a href=\"https:\/\/anpoll.org.br\/gt\/vertentes-do-insolito-ficcional\/\" target=\"_blank\" rel=\"noreferrer noopener\">ANPOLL (GT \u2013 Vertentes do ins\u00f3lito ficcional)<\/a><br><a href=\"https:\/\/letras.ufba.br\/volta-grupo-de-estudos-e-pesquisas-sobre-cinema-irlandes-contemporaneo\" target=\"_blank\" rel=\"noreferrer noopener\">VOLTA \u2013 Grupo de Estudos e Pesquisas sobre Cinema Irland\u00eas Contempor\u00e2neo<\/a> (UFBA)<br><a href=\"http:\/\/dgp.cnpq.br\/dgp\/espelhogrupo\/9093831869545318\" data-type=\"URL\" data-id=\"http:\/\/dgp.cnpq.br\/dgp\/espelhogrupo\/9093831869545318\" target=\"_blank\" rel=\"noreferrer noopener\">Materiais did\u00e1ticos e ensino de l\u00ednguas estrangeiras\/adicionais: an\u00e1lise e autoria<\/a> (UEL)<br><br><strong>Prof\u00aa Dr\u00aa Ellen Mariany da Silva Dias<\/strong><br><a href=\"https:\/\/www.letras.ufmg.br\/nucleos\/intermidia\/\" target=\"_blank\" rel=\"noreferrer noopener\">Interm\u00eddia: Estudos sobre a Intermidialidade<\/a> (UFMG)<br><br><strong>Prof. Dr. Frederico Augusto Garcia Fernandes<\/strong><br><a href=\"https:\/\/anpoll.org.br\/gt\/literatura-oral-e-popular\/\" target=\"_blank\" rel=\"noreferrer noopener\">ANPOLL (GT \u2013 Literatura oral e popular)<\/a><br><a href=\"http:\/\/dgp.cnpq.br\/dgp\/espelhogrupo\/5043639273102564\" data-type=\"URL\" data-id=\"http:\/\/dgp.cnpq.br\/dgp\/espelhogrupo\/5043639273102564\" target=\"_blank\" rel=\"noreferrer noopener\">NUPLAV \u2013 N\u00facleo de Pesquisa em Literatura e Artes Visuais Populares <\/a>(UNEAL)<br><a href=\"https:\/\/www.lusitanistasail.org\/\" target=\"_blank\" rel=\"noreferrer noopener\">AIL \u2013 Associa\u00e7\u00e3o Internacional de Lusitanistas<\/a><br>FCHSSALLA \u2013 F\u00f3rum de Ci\u00eancias Humanas, Sociais Aplicadas, Lingu\u00edstica, Letras e Artes<br><a href=\"https:\/\/portal.sbpcnet.org.br\/\" target=\"_blank\" rel=\"noreferrer noopener\">SBPC \u2013 Sociedade Brasileira para o progresso da ci\u00eancia<\/a><br><a href=\"https:\/\/pos.uel.br\/letras\/grupos-de-pesquisa-cnpq\/#:~:text=Cartografia%20de%20Po%C3%A9ticas%20Orais%20do%20Brasil\" target=\"_blank\" rel=\"noreferrer noopener\">Cartografia de Po\u00e9ticas Orais do Brasi<\/a><a href=\"https:\/\/portal.sbpcnet.org.br\/\" target=\"_blank\" rel=\"noreferrer noopener\">l<\/a> (L\u00edder do grupo de pesquisa CNPq)<br><br><strong>Prof\u00aa Dr\u00aa Laura Taddei Brandini<\/strong><br><a href=\"https:\/\/anpoll.org.br\/gt\/literatura-comparada\/\" target=\"_blank\" rel=\"noreferrer noopener\">ANPOLL (GT \u2013 Literatura Comparada)<\/a><br><a href=\"https:\/\/www.abralic.org.br\/\" target=\"_blank\" rel=\"noreferrer noopener\">ABRALIC \u2013 Associa\u00e7\u00e3o Brasileira de Literatura Comparada<\/a><br><a href=\"http:\/\/dgp.cnpq.br\/dgp\/espelhogrupo\/2060057012383245\" data-type=\"URL\" data-id=\"http:\/\/dgp.cnpq.br\/dgp\/espelhogrupo\/2060057012383245\" target=\"_blank\" rel=\"noreferrer noopener\">Escritor Plural: estudos pluridisciplinares da obra de Roland Barthes<\/a> (UFRN)<br><a href=\"https:\/\/www.roland-barthes.org\/reseau.html\" target=\"_blank\" rel=\"noreferrer noopener\">R\u00e9seau Roland Barthes <\/a><br><a href=\"https:\/\/apfpr.com.br\/\" target=\"_blank\" rel=\"noreferrer noopener\">APPF \u2013 Associa\u00e7\u00e3o Paranaense de Professores de Franc\u00eas<\/a><br><a href=\"https:\/\/pos.uel.br\/letras\/grupos-de-pesquisa-cnpq\/#:~:text=Di%C3%A1logos%20art%C3%ADsticos%20e%20liter%C3%A1rios%20entre%20Brasil%2C%20Fran%C3%A7a%20e%20pa%C3%ADses%20de%20express%C3%A3o%20francesa\" target=\"_blank\" rel=\"noreferrer noopener\">Di\u00e1logos art\u00edsticos e liter\u00e1rios entre Brasil, Fran\u00e7a e pa\u00edses de express\u00e3o francesa<\/a> (L\u00edder do grupo de pesquisa CNPq)<br><br><strong>Prof. Dr. Luiz Carlos Santos Simon<\/strong><br><a href=\"https:\/\/www.abralic.org.br\/\" target=\"_blank\" rel=\"noreferrer noopener\">ABRALIC \u2013 Associa\u00e7\u00e3o Brasileira de Literatura Comparada<\/a><br><a href=\"https:\/\/anpoll.org.br\/gt\/teorias-da-narrativa\/\" target=\"_blank\" rel=\"noreferrer noopener\">ANPOLL (GT \u2013 Teorias da narrativa)<\/a><br><br><strong>Prof. Dr. Luiz Carlos Migliozzi Ferreira de Mello<\/strong><br><a href=\"https:\/\/www.abes-semiotica.org\/\" target=\"_blank\" rel=\"noreferrer noopener\">ABES \u2013 Associa\u00e7\u00e3o Brasileira de Estudos Semi\u00f3ticos<\/a><br>Centro de Estudos Semi\u00f3ticos da UEL (CES-UEL) (L\u00edder do grupo de pesquisa CNPq)<br><br><strong>Prof\u00aa Dr\u00aa Maria Carolina de Godoy<\/strong><br><a href=\"https:\/\/anpoll.org.br\/gt\/literatura-oral-e-popular\/\" target=\"_blank\" rel=\"noreferrer noopener\">ANPOLL (GT \u2013 Literatura oral e popular)<\/a> <br><a href=\"https:\/\/ainalc.org\/\" target=\"_blank\" rel=\"noreferrer noopener\">AINALC \u2013 Associa\u00e7\u00e3o de Investigadores\/as Afrolatinoamericanos\/as e do Caribe<\/a><br><a href=\"https:\/\/www.abralic.org.br\/\" target=\"_blank\" rel=\"noreferrer noopener\">ABRALIC \u2013 Associa\u00e7\u00e3o Brasileira de Literatura Comparada<\/a><br><a href=\"https:\/\/portal.sbpcnet.org.br\/\" target=\"_blank\" rel=\"noreferrer noopener\">SBPC \u2013 Sociedade Brasileira para o progresso da ci\u00eancia<\/a><br><a href=\"https:\/\/pos.uel.br\/letras\/grupos-de-pesquisa-cnpq\/#:~:text=Literatura%20afro%2Dbrasileira%20e%20sua%20divulga%C3%A7%C3%A3o%20em%20rede\" target=\"_blank\" rel=\"noreferrer noopener\">Literatura afro-brasileira e sua divulga\u00e7\u00e3o em rede<\/a> (L\u00edder do grupo de pesquisa CNPq)<br><a href=\"http:\/\/dgp.cnpq.br\/dgp\/espelhogrupo\/8633493061670158\" data-type=\"URL\" data-id=\"http:\/\/dgp.cnpq.br\/dgp\/espelhogrupo\/8633493061670158\" target=\"_blank\" rel=\"noreferrer noopener\">Cartografias de Po\u00e9ticas Orais no Brasil<\/a> (UEL)<br><br><strong>Prof\u00aa Dr\u00aa Marta Dantas da Silva<\/strong><br><a href=\"https:\/\/anpoll.org.br\/gt\/vertentes-do-insolito-ficcional\/\" target=\"_blank\" rel=\"noreferrer noopener\">ANPOLL (GT \u2013 Vertentes do ins\u00f3lito ficcional)<\/a><br><br><strong>Prof. Dr. Miguel Heitor Braga Vieira<\/strong><br><a href=\"https:\/\/anpoll.org.br\/gt\/teoria-do-texto-poetico\/\" target=\"_blank\" rel=\"noreferrer noopener\">ANPOLL (GT \u2013 Teoria do texto po\u00e9tico)<\/a><br><a href=\"http:\/\/dgp.cnpq.br\/dgp\/espelhogrupo\/3579532459353780\" data-type=\"URL\" data-id=\"http:\/\/dgp.cnpq.br\/dgp\/espelhogrupo\/3579532459353780\" target=\"_blank\" rel=\"noreferrer noopener\">Representa\u00e7\u00f5es do urbano na narrativa brasileira no s\u00e9culo XX <\/a>(UEL)<br><a href=\"https:\/\/pos.uel.br\/letras\/grupos-de-pesquisa-cnpq\/#:~:text=Poesia%20brasileira%20moderna%20e%20contempor%C3%A2nea\" target=\"_blank\" rel=\"noreferrer noopener\">Poesia brasileira moderna e contempor\u00e2nea<\/a> (L\u00edder do grupo de pesquisa CNPq)<br><br><strong>Prof\u00aa Dr\u00aa Regina C\u00e9lia dos Santos Alves<\/strong><br><a href=\"http:\/\/dgp.cnpq.br\/dgp\/espelhogrupo\/8075381684638971\" data-type=\"URL\" data-id=\"http:\/\/dgp.cnpq.br\/dgp\/espelhogrupo\/8075381684638971\" target=\"_blank\" rel=\"noreferrer noopener\">Estudos de Paisagem nas Literaturas de L\u00edngua Portuguesa<\/a> (UFF)<br><a href=\"http:\/\/dgp.cnpq.br\/dgp\/espelhogrupo\/5180268818014958\" data-type=\"URL\" data-id=\"http:\/\/dgp.cnpq.br\/dgp\/espelhogrupo\/5180268818014958\" target=\"_blank\" rel=\"noreferrer noopener\">TOPUS &#8211; Grupo de Pesquisa sobre Espa\u00e7o, Literatura e outras Artes<\/a> (UnB)<br><a href=\"https:\/\/pos.uel.br\/letras\/grupos-de-pesquisa-cnpq\/#:~:text=Representa%C3%A7%C3%B5es%20do%20urbano%20na%20narrativa%20brasileira%20no%20s%C3%A9culo%20XX\" target=\"_blank\" rel=\"noreferrer noopener\">Representa\u00e7\u00f5es do urbano na narrativa brasileira no s\u00e9culo XX<\/a> (L\u00edder do grupo de pesquisa CNPq)<br><br><strong>Prof. Dr. Silvio C\u00e9sar dos Santos Alves<\/strong><br><a href=\"https:\/\/anpoll.org.br\/gt\/literatura-portuguesa\/\" target=\"_blank\" rel=\"noreferrer noopener\">ANPOLL (GT \u2013 Literatura portuguesa)<\/a><br><a href=\"https:\/\/ge.fflch.usp.br\/\" data-type=\"URL\" data-id=\"https:\/\/ge.fflch.usp.br\/\" target=\"_blank\" rel=\"noreferrer noopener\">Grupo E\u00e7a<\/a> (USP)<br><a href=\"https:\/\/www.realgabinete.com.br\/Centro-de-Estudos\/Polo-de-Pesquisas-PPLB\/Apresentacao\" data-type=\"URL\" data-id=\"https:\/\/www.realgabinete.com.br\/Centro-de-Estudos\/Polo-de-Pesquisas-PPLB\/Apresentacao\" target=\"_blank\" rel=\"noreferrer noopener\">Pesquisas liter\u00e1rias luso-brasileiras<\/a> (UERJ)<br><a href=\"http:\/\/dgp.cnpq.br\/dgp\/espelhogrupo\/6323424151993729\" data-type=\"URL\" data-id=\"http:\/\/dgp.cnpq.br\/dgp\/espelhogrupo\/6323424151993729\" target=\"_blank\" rel=\"noreferrer noopener\">Estudos Interdisciplinares de L\u00edngua, Literatura e Ensino<\/a> (UEL) em parceria com a Facolta\u0300 di Interpretariato e Traduzione (UNINT\/It\u00e1lia)<br><a href=\"https:\/\/www.abraplip.org.br\/\" target=\"_blank\" rel=\"noreferrer noopener\">ABRAPLIP \u2013 Associa\u00e7\u00e3o Brasileira de Professores de Literatura Portuguesa<\/a><br><a href=\"https:\/\/pos.uel.br\/letras\/grupos-de-pesquisa-cnpq\/#:~:text=Cen%C3%A1culo%3A%20fluxos%20e%20afluxos%20da%20Gera%C3%A7%C3%A3o%20de%2070\" target=\"_blank\" rel=\"noreferrer noopener\">Cen\u00e1culo: fluxos e afluxos da Gera\u00e7\u00e3o de 70 <\/a>(L\u00edder do grupo de pesquisa CNPq)<br><br><strong>Prof\u00aa Dr\u00aa Suely Leite<\/strong><br><a href=\"https:\/\/anpoll.org.br\/gt\/a-mulher-na-literatura\/\" target=\"_blank\" rel=\"noreferrer noopener\">ANPOLL (GT \u2013 A mulher na literatura)<\/a><br><a href=\"http:\/\/dgp.cnpq.br\/dgp\/espelhogrupo\/1064711108033856\" data-type=\"URL\" data-id=\"http:\/\/dgp.cnpq.br\/dgp\/espelhogrupo\/1064711108033856\" target=\"_blank\" rel=\"noreferrer noopener\">LAFEB \u2013 Literatura de autoria feminina brasileira<\/a> (UEM)<br><a href=\"https:\/\/pos.uel.br\/letras\/grupos-de-pesquisa-cnpq\/#:~:text=Legado%20intelectual%20e%20produ%C3%A7%C3%A3o%20liter%C3%A1ria%20de%20autoria%20feminina%20na%20Am%C3%A9rica%20Latina\" target=\"_blank\" rel=\"noreferrer noopener\">Legado intelectual e produ\u00e7\u00e3o liter\u00e1ria de autoria feminina na Am\u00e9rica Latina<\/a> (L\u00edder do grupo de pesquisa CNPq)<br><strong><br>Prof\u00aa Dr\u00aa Telma Maciel da Silva<\/strong><br><a href=\"http:\/\/www2.assis.unesp.br\/cedap\/acervo_joao_antonio\/Acervo.htm\" data-type=\"URL\" data-id=\"http:\/\/www2.assis.unesp.br\/cedap\/acervo_joao_antonio\/Acervo.htm\" target=\"_blank\" rel=\"noreferrer noopener\">Grupo de pesquisa \u2013 Acervo Jo\u00e3o Ant\u00f4nio<\/a> (UNESP\/Assis)<br><a href=\"https:\/\/www.abraplip.org.br\/\" target=\"_blank\" rel=\"noreferrer noopener\">ABRAPLIP \u2013 Associa\u00e7\u00e3o Brasileira de Professores de Literatura Portuguesa<\/a><br><a href=\"http:\/\/dgp.cnpq.br\/dgp\/espelhogrupo\/4304004342735805\" data-type=\"URL\" data-id=\"http:\/\/dgp.cnpq.br\/dgp\/espelhogrupo\/4304004342735805\" target=\"_blank\" rel=\"noreferrer noopener\">Poesia brasileira moderna e contempor\u00e2nea<\/a> (UEL)<br><br><br><\/p>\n\n\n\n<p><\/p>\n","protected":false},"excerpt":{"rendered":"<p>Os docentes do PPGL t\u00eam desempenhado um papel significativo no desenvolvimento de diversas Associa\u00e7\u00f5es, Redes e Grupos de pesquisa nas \u00e1reas de Letras e Humanidades em geral, em parceria com universidades brasileiras e estrangeiras, com o intuito de promover o interc\u00e2mbio de pesquisas e estudos entre os docentes e discentes do PPGL e pesquisadores de [&hellip;]<\/p>\n","protected":false},"author":9,"featured_media":0,"parent":0,"menu_order":0,"comment_status":"closed","ping_status":"closed","template":"","meta":{"_acf_changed":false,"footnotes":""},"class_list":["post-1572","page","type-page","status-publish","hentry"],"acf":[],"_links":{"self":[{"href":"https:\/\/pos.uel.br\/letras\/wp-json\/wp\/v2\/pages\/1572","targetHints":{"allow":["GET"]}}],"collection":[{"href":"https:\/\/pos.uel.br\/letras\/wp-json\/wp\/v2\/pages"}],"about":[{"href":"https:\/\/pos.uel.br\/letras\/wp-json\/wp\/v2\/types\/page"}],"author":[{"embeddable":true,"href":"https:\/\/pos.uel.br\/letras\/wp-json\/wp\/v2\/users\/9"}],"replies":[{"embeddable":true,"href":"https:\/\/pos.uel.br\/letras\/wp-json\/wp\/v2\/comments?post=1572"}],"version-history":[{"count":108,"href":"https:\/\/pos.uel.br\/letras\/wp-json\/wp\/v2\/pages\/1572\/revisions"}],"predecessor-version":[{"id":9004,"href":"https:\/\/pos.uel.br\/letras\/wp-json\/wp\/v2\/pages\/1572\/revisions\/9004"}],"wp:attachment":[{"href":"https:\/\/pos.uel.br\/letras\/wp-json\/wp\/v2\/media?parent=1572"}],"curies":[{"name":"wp","href":"https:\/\/api.w.org\/{rel}","templated":true}]}}