{"id":559,"date":"2021-06-17T20:19:45","date_gmt":"2021-06-17T23:19:45","guid":{"rendered":"https:\/\/pos.uel.br\/gbm\/?page_id=559"},"modified":"2025-06-02T11:12:23","modified_gmt":"2025-06-02T14:12:23","slug":"processo-de-selecao-doutorado","status":"publish","type":"page","link":"https:\/\/pos.uel.br\/gbm\/processo-de-selecao-doutorado\/","title":{"rendered":"Processo de sele\u00e7\u00e3o Doutorado"},"content":{"rendered":"\n<p><strong>Requisitos para o Doutorado:<\/strong><\/p>\n\n\n\n<p>Poder\u00e3o se candidatar os possuidores de t\u00edtulo de Mestre obtido em Gen\u00e9tica e Biologia Molecular e \u00e1reas afins, em Programas Stricto sensu com validade nacional.<\/p>\n\n\n\n<figure class=\"wp-block-table\"><table><tbody><tr><td>O processo seletivo para o Doutorado utilizar\u00e1, a partir de 2022, a reserva de vagas sociais nas seguinte modalidades:<br>I &#8211; Ampla Concorr\u00eancia, que se referem \u00e0quelas que n\u00e3o est\u00e3o submetidas a nenhuma modalidade de reserva ou suplementariedade de vagas, totalizando 70%;<br>II &#8211; Reservadas para pessoas autodeclaradas negras (pretas e pardas), totalizando 30%;<br>III &#8211; Suplementares para pessoas autodeclaradas ind\u00edgenas, transexuais e deficientes, totalizando 10%;<br>&nbsp;<br>A vagas suplementares ser\u00e3o automaticamente criadas caso haja candidatas\/os ind\u00edgenas, transexuais e deficientes.<\/td><\/tr><\/tbody><\/table><\/figure>\n\n\n\n<p>Sele\u00e7\u00e3o:<\/p>\n\n\n\n<p>A sele\u00e7\u00e3o dos candidatos ser\u00e1 de responsabilidade da Comiss\u00e3o Coordenadora e docentes do Programa, e constar\u00e1 das seguintes etapas e respectivos pesos:<\/p>\n\n\n\n<p>Apresenta\u00e7\u00e3o oral dos pr\u00e9-projetos de tese (peso 03);<\/p>\n\n\n\n<p>Argui\u00e7\u00e3o (peso 04);<\/p>\n\n\n\n<p>An\u00e1lise de Curr\u00edculo Lattes, pontuado pelo candidato conforme tabela de pontua\u00e7\u00e3o descrita no t\u00f3pico anterior (peso 03);<\/p>\n\n\n\n<p>Sobre a pontua\u00e7\u00e3o do Curr\u00edculo Lattes:<\/p>\n\n\n\n<p>O candidato dever\u00e1 pontuar seu pr\u00f3prio curr\u00edculo, de acordo com a tabela de pontua\u00e7\u00e3o;<\/p>\n\n\n\n<p>Todas as informa\u00e7\u00f5es nele contidas dever\u00e3o ser comprovadas. Por exemplo, o candidato dever\u00e1 incluir fotoc\u00f3pias de carteira ou contrato de trabalho, de certificados de est\u00e1gio, de resumos publicados em anais de congressos, artigos publicados, etc. No caso de trabalhos aceitos para publica\u00e7\u00e3o, deve-se anexar c\u00f3pia do trabalho acompanhada da carta de aceite do peri\u00f3dico e\/ou editor;<\/p>\n\n\n\n<p>As informa\u00e7\u00f5es que n\u00e3o forem comprovadas n\u00e3o ser\u00e3o consideradas para a pontua\u00e7\u00e3o do curr\u00edculo;<\/p>\n\n\n\n<p>A nota m\u00ednima a ser atribu\u00edda ao Curr\u00edculo Lattes obedecer\u00e1 crit\u00e9rio de pontua\u00e7\u00e3o determinado pela Comiss\u00e3o Coordenadora do Programa;<\/p>\n\n\n\n<p>A nota final de cada Curr\u00edculo Lattes ser\u00e1 calculada a partir da seguinte equa\u00e7\u00e3o:<\/p>\n\n\n\n<p>onde:<\/p>\n\n\n\n<p>Nc = nota final da an\u00e1lise do Curr\u00edculo Lattes do candidato;<\/p>\n\n\n\n<p>Nmax = nota at\u00e9 10,0 (dez) que a banca examinadora considera justa para o candidato que obteve a maior pontua\u00e7\u00e3o;<\/p>\n\n\n\n<p>Nmin = nota que a banca examinadora considera justa para o candidato que obteve a menor pontua\u00e7\u00e3o;<\/p>\n\n\n\n<p>Pc = pontua\u00e7\u00e3o obtida pelo candidato na an\u00e1lise do Curr\u00edculo Lattes, com base no gabarito;<\/p>\n\n\n\n<p>Pmax = pontua\u00e7\u00e3o mais alta, obtida entre os Curr\u00edculo Lattes de todos os candidatos;<\/p>\n\n\n\n<p>Pmin = pontua\u00e7\u00e3o mais baixa, obtida entre os Curr\u00edculo Lattes de todos os candidatos.<\/p>\n\n\n\n<p>Sobre a pontua\u00e7\u00e3o do pr\u00e9-projeto e da argui\u00e7\u00e3o:<\/p>\n\n\n\n<p>As notas da apresenta\u00e7\u00e3o do pr\u00e9-projeto e da argui\u00e7\u00e3o resultar\u00e3o da m\u00e9dia das notas atribu\u00eddas pelos membros da Comiss\u00e3o Examinadora;<\/p>\n\n\n\n<p>Computadas as notas, ser\u00e1 atribu\u00edda ao candidato uma m\u00e9dia final, levando-se em conta os pesos discriminados acima;<\/p>\n\n\n\n<p>O preenchimento das vagas de Doutorado no Programa ser\u00e1 baseado na m\u00e9dia final dos candidatos aprovados e estes ser\u00e3o classificados de acordo com o n\u00famero de vagas pr\u00e9-estabelecido;<\/p>\n\n\n\n<p>Os(As) candidatos(as) aprovados(as) que n\u00e3o conseguirem ocupar a vaga dispon\u00edvel, ficar\u00e3o em uma lista suplementar;<\/p>\n\n\n\n<p>O Programa de P\u00f3s-Gradua\u00e7\u00e3o em Gen\u00e9tica e Biologia Molecular tem recebido bolsas de estudos da CAPES, CNPq e Funda\u00e7\u00e3o Arauc\u00e1ria, mas n\u00e3o em n\u00famero suficiente para atender a demanda;<\/p>\n\n\n\n<p>A distribui\u00e7\u00e3o de bolsas ser\u00e1 feita conforme a disponibilidade e por ordem de classifica\u00e7\u00e3o na Sele\u00e7\u00e3o.<\/p>\n\n\n\n<p><\/p>\n\n\n\n<p><strong>Veja os editais de sele\u00e7\u00e3o no quadri\u00eanio 2021-2024<\/strong><\/p>\n\n\n\n<p>Edital de sele\u00e7\u00e3o 2021-1: <a href=\"https:\/\/pos.uel.br\/gbm\/wp-content\/uploads\/2021\/06\/Edital_PPG-GBM-09.2020-2021.pdf\" data-type=\"URL\" data-id=\"https:\/\/pos.uel.br\/gbm\/wp-content\/uploads\/2021\/06\/Edital_PPG-GBM-09.2020-2021.pdf\" target=\"_blank\" rel=\"noreferrer noopener\">arquivo em PDF<\/a><\/p>\n\n\n\n<p>Edital de sele\u00e7\u00e3o 2021-2: <a href=\"https:\/\/pos.uel.br\/gbm\/wp-content\/uploads\/2021\/06\/Edital_PPG-GBM-02.2021-Mestrado-e-doutorado-2021.2.pdf\" data-type=\"URL\" data-id=\"https:\/\/pos.uel.br\/gbm\/wp-content\/uploads\/2021\/06\/Edital_PPG-GBM-02.2021-Mestrado-e-doutorado-2021.2.pdf\" target=\"_blank\" rel=\"noreferrer noopener\">arquivo em PDF<\/a><\/p>\n\n\n\n<p>Edital de sele\u00e7\u00e3o 2022-1: <a rel=\"noreferrer noopener\" href=\"https:\/\/pos.uel.br\/gbm\/wp-content\/uploads\/2021\/09\/Edital_PPG-GBM-2022-1.pdf\" data-type=\"URL\" data-id=\"https:\/\/pos.uel.br\/gbm\/wp-content\/uploads\/2021\/09\/Edital_PPG-GBM-2022-1.pdf\" target=\"_blank\">arquivo em PDF<\/a>   \/   cronograma e vagas: <a rel=\"noreferrer noopener\" href=\"https:\/\/pos.uel.br\/gbm\/wp-content\/uploads\/2021\/09\/crongrama_-e_vagas_2021_2022.pdf\" data-type=\"URL\" data-id=\"https:\/\/pos.uel.br\/gbm\/wp-content\/uploads\/2021\/09\/crongrama_-e_vagas_2021_2022.pdf\" target=\"_blank\">arquivo em PDF<\/a><\/p>\n\n\n\n<p>Edital de sele\u00e7\u00e3o 2022-2: <a rel=\"noreferrer noopener\" href=\"https:\/\/pos.uel.br\/gbm\/wp-content\/uploads\/2022\/04\/Edital_Programa-2022-2.pdf\" data-type=\"URL\" data-id=\"https:\/\/pos.uel.br\/gbm\/wp-content\/uploads\/2022\/04\/Edital_Programa-2022-2.pdf\" target=\"_blank\">arquivo em PDF<\/a> <\/p>\n\n\n\n<p>Edital de sele\u00e7\u00e3o 2023-1: <a href=\"https:\/\/pos.uel.br\/gbm\/wp-content\/uploads\/2024\/04\/Edital_PPG-GBM-2023.1.pdf\" data-type=\"link\" data-id=\"https:\/\/pos.uel.br\/gbm\/wp-content\/uploads\/2024\/04\/Edital_PPG-GBM-2023.1.pdf\">arquivo em PDF<\/a><\/p>\n\n\n\n<p>Edital de sele\u00e7\u00e3o 2023-2: <a href=\"https:\/\/pos.uel.br\/gbm\/wp-content\/uploads\/2024\/04\/Edital_PPG-GBM_2023.2.pdf\" data-type=\"link\" data-id=\"https:\/\/pos.uel.br\/gbm\/wp-content\/uploads\/2024\/04\/Edital_PPG-GBM_2023.2.pdf\">arquivo em PDF<\/a><\/p>\n\n\n\n<p>Edital de sele\u00e7\u00e3o 2024-1: <a href=\"https:\/\/pos.uel.br\/gbm\/wp-content\/uploads\/2024\/04\/Edital_PPG-GBM-2024-1.pdf\" data-type=\"link\" data-id=\"https:\/\/pos.uel.br\/gbm\/wp-content\/uploads\/2024\/04\/Edital_PPG-GBM-2024-1.pdf\">arquivo em PDF<\/a> <\/p>\n\n\n\n<p>Edital de sele\u00e7\u00e3o 2025-1: <a href=\"https:\/\/pos.uel.br\/gbm\/wp-content\/uploads\/2025\/06\/Edital-Regular-2025-1.pdf\" data-type=\"attachment\" data-id=\"1900\">arquivo em PDF<\/a><\/p>\n\n\n\n<p><\/p>\n","protected":false},"excerpt":{"rendered":"<p>Requisitos para o Doutorado: Poder\u00e3o se candidatar os possuidores de t\u00edtulo de Mestre obtido em Gen\u00e9tica e Biologia Molecular e \u00e1reas afins, em Programas Stricto sensu com validade nacional. O processo seletivo para o Doutorado utilizar\u00e1, a partir de 2022, a reserva de vagas sociais nas seguinte modalidades:I &#8211; Ampla Concorr\u00eancia, que se referem \u00e0quelas [&hellip;]<\/p>\n","protected":false},"author":8,"featured_media":0,"parent":0,"menu_order":0,"comment_status":"closed","ping_status":"closed","template":"","meta":{"footnotes":""},"class_list":["post-559","page","type-page","status-publish","hentry"],"_links":{"self":[{"href":"https:\/\/pos.uel.br\/gbm\/wp-json\/wp\/v2\/pages\/559","targetHints":{"allow":["GET"]}}],"collection":[{"href":"https:\/\/pos.uel.br\/gbm\/wp-json\/wp\/v2\/pages"}],"about":[{"href":"https:\/\/pos.uel.br\/gbm\/wp-json\/wp\/v2\/types\/page"}],"author":[{"embeddable":true,"href":"https:\/\/pos.uel.br\/gbm\/wp-json\/wp\/v2\/users\/8"}],"replies":[{"embeddable":true,"href":"https:\/\/pos.uel.br\/gbm\/wp-json\/wp\/v2\/comments?post=559"}],"version-history":[{"count":21,"href":"https:\/\/pos.uel.br\/gbm\/wp-json\/wp\/v2\/pages\/559\/revisions"}],"predecessor-version":[{"id":1901,"href":"https:\/\/pos.uel.br\/gbm\/wp-json\/wp\/v2\/pages\/559\/revisions\/1901"}],"wp:attachment":[{"href":"https:\/\/pos.uel.br\/gbm\/wp-json\/wp\/v2\/media?parent=559"}],"curies":[{"name":"wp","href":"https:\/\/api.w.org\/{rel}","templated":true}]}}