{"id":433,"date":"2021-06-15T02:55:57","date_gmt":"2021-06-15T05:55:57","guid":{"rendered":"https:\/\/pos.uel.br\/gbm\/pagina-inicial\/"},"modified":"2026-01-17T12:26:40","modified_gmt":"2026-01-17T15:26:40","slug":"pagina-inicial","status":"publish","type":"page","link":"https:\/\/pos.uel.br\/gbm\/","title":{"rendered":"P\u00e1gina inicial"},"content":{"rendered":"\n<div class=\"wp-block-columns is-layout-flex wp-container-core-columns-is-layout-9d6595d7 wp-block-columns-is-layout-flex\">\n<div class=\"wp-block-column is-layout-flow wp-block-column-is-layout-flow\" style=\"flex-basis:66.66%\">\n<div class=\"wp-block-uel-card\">\n<h2 class=\"wp-block-heading\"><mark style=\"background-color:#f3f1bc38\" class=\"has-inline-color has-primary-accent-color\">PROGRAMA DE FORMA\u00c7\u00c3O COMPLEMENTAR P\u00d3S-DOC (ORIENTA\u00c7\u00c3O MESTRADO)<\/mark><\/h2>\n\n\n\n<ul class=\"wp-block-list\">\n<li>Edital do programa de forma\u00e7\u00e3o complementar <a href=\"https:\/\/pos.uel.br\/gbm\/wp-content\/uploads\/2026\/01\/Edital_do_Programa_de_Formacao_Complementar_de_Pos-Doc_Orientacao_de_Mestrado_assinado1.pdf\" data-type=\"attachment\" data-id=\"2042\">(PDF)<\/a><\/li>\n<\/ul>\n\n\n\n<h2 class=\"wp-block-heading\"><mark class=\"has-inline-color has-primary-accent-color\">SELE\u00c7\u00c3O MESTRADO\/DOUTORADO 2026-1<\/mark><\/h2>\n\n\n\n<ul class=\"wp-block-list\">\n<li>Edital sele\u00e7\u00e3o PPG-GBM niv\u00e9l Mestrado e Doutorado 2026-1 (<a href=\"https:\/\/pos.uel.br\/gbm\/wp-content\/uploads\/2025\/09\/Edital_2026-1_assinado.pdf\" data-type=\"attachment\" data-id=\"1968\">PDF<\/a>)<\/li>\n\n\n\n<li>Tabela de auto pontua\u00e7\u00e3o do Curr\u00edculo Lattes &lt;<strong><a href=\"https:\/\/pos.uel.br\/gbm\/wp-content\/uploads\/2025\/06\/Tabela-pontuacao.xlsx\">fa\u00e7a o download<\/a><\/strong>&gt;<\/li>\n\n\n\n<li>EDITAL DE ISEN\u00c7\u00c3O (<a href=\"https:\/\/pos.uel.br\/gbm\/wp-content\/uploads\/2025\/09\/Edital_04_2025_Isencao_assinado.pdf\" data-type=\"attachment\" data-id=\"1973\">pdf<\/a>)<\/li>\n\n\n\n<li><mark style=\"background-color:#F5F5F5\" class=\"has-inline-color has-primary-text-color\">EDITAL HOMOLOGA\u00c7\u00c3O DAS INSCRI\u00c7\u00d5ES <a href=\"https:\/\/pos.uel.br\/gbm\/wp-content\/uploads\/2025\/11\/Edital_de_homologacao_de_inscricoes_assinado-1.pdf\" data-type=\"attachment\" data-id=\"1994\">(PDF)<\/a><\/mark><\/li>\n\n\n\n<li>EDITAL DE HOMOLOGA\u00c7\u00c3O AP\u00d3S RECURSOS (<a href=\"https:\/\/pos.uel.br\/gbm\/wp-content\/uploads\/2025\/11\/Edital_07_2025_assinado.pdf\" data-type=\"attachment\" data-id=\"2000\">PDF<\/a>)<\/li>\n\n\n\n<li>EDITAL DE HOMOLOGA\u00c7\u00c3O DOS CURR\u00cdCULOS (<a href=\"https:\/\/pos.uel.br\/gbm\/wp-content\/uploads\/2025\/11\/Edital_08_2025_homologacao_dos_curriculos_assinado.pdf\" data-type=\"attachment\" data-id=\"2003\">PDF<\/a>)<\/li>\n\n\n\n<li>BANCA EXAMINADORA (<a href=\"https:\/\/pos.uel.br\/gbm\/wp-content\/uploads\/2025\/11\/Edital_09_2025_Composicao_da_Banca_assinado.pdf\" data-type=\"attachment\" data-id=\"2004\">PDF<\/a>)<\/li>\n\n\n\n<li>HOR\u00c1RIO DE ARGUI\u00c7\u00c3O MESTRADO (<a href=\"https:\/\/pos.uel.br\/gbm\/wp-content\/uploads\/2025\/11\/horario_arguicao_mestrado_2026_assinado.pdf\" data-type=\"attachment\" data-id=\"2008\">PDF<\/a>) DOUTORADO (<a href=\"https:\/\/pos.uel.br\/gbm\/wp-content\/uploads\/2025\/11\/horario_arguicao_doutorado_2026_assinado.pdf\" data-type=\"attachment\" data-id=\"2009\">PDF<\/a>)<\/li>\n\n\n\n<li>Resultado da avalia\u00e7\u00e3o dos pedidos de concorr\u00eancia por cota dos Inscritos (<a href=\"https:\/\/pos.uel.br\/gbm\/wp-content\/uploads\/2025\/11\/Edital_10_2025_Cotas_assinado.pdf\" data-type=\"attachment\" data-id=\"2012\">PDF<\/a>)<\/li>\n\n\n\n<li><strong><mark style=\"background-color:#ffffff\" class=\"has-inline-color has-extra-2-color\">RESULTADO FINAL SELE\u00c7\u00c3O MESTRADO\/DOUTORADO (<a href=\"https:\/\/pos.uel.br\/gbm\/wp-content\/uploads\/2025\/12\/Resultado_Final_2026-1_assinado.pdf\" data-type=\"attachment\" data-id=\"2026\">PDF<\/a>)<\/mark><\/strong><\/li>\n<\/ul>\n\n\n\n<h2 class=\"wp-block-heading\"><mark class=\"has-inline-color has-secondary-accent-color\">Edital para distribui\u00e7\u00e3o de cotas de bolsa<\/mark><\/h2>\n\n\n\n<ul class=\"wp-block-list\">\n<li>Edital bolsa (<a href=\"https:\/\/pos.uel.br\/gbm\/wp-content\/uploads\/2025\/12\/Edital_14_2025_assinado.pdf\" data-type=\"attachment\" data-id=\"2036\">PDF<\/a>)<\/li>\n\n\n\n<li>Declara\u00e7\u00e3o de bolsa (<a href=\"https:\/\/pos.uel.br\/gbm\/wp-content\/uploads\/2025\/12\/Declaracao-de-Bolsa.doc\" data-type=\"attachment\" data-id=\"2035\">Word<\/a>)<\/li>\n<\/ul>\n\n\n\n<p><\/p>\n\n\n\n<h2 class=\"wp-block-heading\"><mark class=\"has-inline-color has-extra-1-color\"><strong>EDITAL PDSE 2025<\/strong><\/mark><\/h2>\n\n\n\n<ul class=\"wp-block-list\">\n<li>Edital PDSE (<a href=\"https:\/\/pos.uel.br\/gbm\/wp-content\/uploads\/2025\/09\/1.-Edital_GBM_UEL_PDSE2025_Primeira_Chamada_assinado.pdf\" data-type=\"attachment\" data-id=\"1960\">PDF<\/a>)<\/li>\n\n\n\n<li>Anexo I &#8211; Termo de outorga (<a href=\"https:\/\/pos.uel.br\/gbm\/wp-content\/uploads\/2025\/09\/3.-Anexo_I___Termo_de_Outorga_.pdf\" data-type=\"attachment\" data-id=\"1961\">PDF<\/a>)<\/li>\n\n\n\n<li>Anexo II &#8211; Declaracao Reconhecimento da Fluencia Linguistica do cooorientador no exterior (<a href=\"https:\/\/pos.uel.br\/gbm\/wp-content\/uploads\/2025\/09\/4.-Anexo_II___Declaracao_Reconhecimento_da_Fluencia_Linguistica_do_cooorientador_no_exterior__1_.pdf\" data-type=\"attachment\" data-id=\"1962\">PDF<\/a>)<\/li>\n\n\n\n<li>Anexo III &#8211; Declaracao de Reconhecimento da Fluencia Linguistica Orientador no Brasil (<a href=\"https:\/\/pos.uel.br\/gbm\/wp-content\/uploads\/2025\/09\/5.-Anexo_III_Declaracao-de-Reconhecimento-da-Fluencia-Linguistica_Orientador-no-Brasil.pdf\" data-type=\"attachment\" data-id=\"1963\">PDF<\/a>)<\/li>\n\n\n\n<li>Anexo IV &#8211; Requisitos de proficiencia em lingua estrangeira Alternativa a Declaracao (<a href=\"https:\/\/pos.uel.br\/gbm\/wp-content\/uploads\/2025\/09\/6.-Anexo_IV__Requisitos-de-proficiencia-em-lingua-estrangeira-Alternativa-a-Declaracao.pdf\" data-type=\"attachment\" data-id=\"1964\">PDF<\/a>)<\/li>\n\n\n\n<li>Anexo V &#8211; Modelo da declara\u00e7\u00e3o  do Coorientador no exterior (<a href=\"https:\/\/pos.uel.br\/gbm\/wp-content\/uploads\/2025\/09\/7.-Anexo_V___MODELO_DA_DECLARACAO_DO_COORIENTADOR_NO_EXTERIOR_.pdf\" data-type=\"attachment\" data-id=\"1965\">PDF<\/a>)<\/li>\n\n\n\n<li><mark style=\"background-color:#F5F5F5\" class=\"has-inline-color has-extra-2-color\">RESULTADO DA SELE\u00c7\u00c3O INTERNA PPG-GBM<\/mark> (<a href=\"https:\/\/pos.uel.br\/gbm\/wp-content\/uploads\/2025\/09\/2.-Ata-de-Resultado-da-Selecao-Interna-PDSE-UEL_assinado.pdf\" data-type=\"attachment\" data-id=\"1975\">PDF<\/a>)<\/li>\n<\/ul>\n\n\n\n<p><mark style=\"background-color:#e4cf2c\" class=\"has-inline-color\"><strong>EDITAL PDSE 2\u00aa CHAMADA 2025 (<a href=\"https:\/\/pos.uel.br\/gbm\/wp-content\/uploads\/2025\/11\/1.-Edital_GBM_UEL_PDSE2025_Segunda_Chamada_assinado.pdf\" data-type=\"attachment\" data-id=\"2015\">PDF<\/a>)<\/strong><\/mark><\/p>\n\n\n\n<ul class=\"wp-block-list\">\n<li>Resultado de sele\u00e7\u00e3o interna PDSE (<a href=\"https:\/\/pos.uel.br\/gbm\/wp-content\/uploads\/2026\/01\/2.-Ata-de-Resultado-da-Selecao-Interna-PDSE-UEL.pdf\" data-type=\"attachment\" data-id=\"2041\">PDF<\/a>)<\/li>\n<\/ul>\n\n\n\n<p><\/p>\n\n\n\n<h3 class=\"wp-block-heading is-style-highlighted-heading\" id=\"defesas-e-qualificacoes\">Defesas e Qualifica\u00e7\u00f5es<\/h3>\n\n\n\n<p>Veja as pr\u00f3ximas defesas de Disserta\u00e7\u00e3o: <a href=\"https:\/\/pos.uel.br\/gbm\/wp-content\/uploads\/2021\/07\/DEFESAS-DE-MESTRADO-2021-1.pdf\" data-type=\"URL\" data-id=\"https:\/\/pos.uel.br\/gbm\/wp-content\/uploads\/2021\/07\/DEFESAS-DE-MESTRADO-2021-1.pdf\" target=\"_blank\" rel=\"noreferrer noopener\">arquivo em PDF<\/a><\/p>\n\n\n\n<p>Veja as pr\u00f3ximas defesas de Tese: <a href=\"https:\/\/pos.uel.br\/gbm\/wp-content\/uploads\/2021\/07\/DEFESAS-DE-DOUTORADO-2021.pdf\" data-type=\"URL\" data-id=\"https:\/\/pos.uel.br\/gbm\/wp-content\/uploads\/2021\/07\/DEFESAS-DE-DOUTORADO-2021.pdf\" target=\"_blank\" rel=\"noreferrer noopener\">arquivo em PDF<\/a> <\/p>\n<\/div>\n<\/div>\n\n\n\n<div class=\"wp-block-column is-layout-flow wp-block-column-is-layout-flow\"><\/div>\n\n\n\n<div class=\"wp-block-column is-layout-flow wp-block-column-is-layout-flow\" style=\"flex-basis:33.33%\">\n<div class=\"wp-block-media-text alignwide is-stacked-on-mobile\" style=\"grid-template-columns:15% auto\"><figure class=\"wp-block-media-text__media\"><img loading=\"lazy\" decoding=\"async\" width=\"270\" height=\"187\" src=\"https:\/\/pos.uel.br\/gbm\/wp-content\/uploads\/2021\/10\/espanhol.jpeg\" alt=\"\" class=\"wp-image-868 size-full\" \/><\/figure><div class=\"wp-block-media-text__content\">\n<p class=\"has-text-align-left\"><a href=\"https:\/\/pos.uel.br\/gbm\/ppg-en-genetica-y-biologia-molecular\/\" data-type=\"URL\" data-id=\"https:\/\/pos.uel.br\/gbm\/ppg-en-genetica-y-biologia-molecular\/\" target=\"_blank\" rel=\"noreferrer noopener\">informaci\u00f3n en espa\u00f1ol<\/a><\/p>\n<\/div><\/div>\n\n\n\n<div class=\"wp-block-media-text alignwide is-stacked-on-mobile\" style=\"grid-template-columns:15% auto\"><figure class=\"wp-block-media-text__media\"><img loading=\"lazy\" decoding=\"async\" width=\"290\" height=\"174\" src=\"https:\/\/pos.uel.br\/gbm\/wp-content\/uploads\/2021\/10\/ingles.png\" alt=\"\" class=\"wp-image-869 size-full\" \/><\/figure><div class=\"wp-block-media-text__content\">\n<p><a href=\"https:\/\/pos.uel.br\/gbm\/887-2\/\" data-type=\"URL\" data-id=\"https:\/\/pos.uel.br\/gbm\/887-2\/\">information in english<\/a><\/p>\n<\/div><\/div>\n\n\n\n<p><\/p>\n\n\n\n<p><strong><span class=\"has-inline-color has-primary-accent-color\">Coordena\u00e7\u00e3o<\/span><\/strong><\/p>\n\n\n\n<p>Dr. M\u00e1rio S. Mantovani<\/p>\n\n\n\n<p>Dr\u00aa. Renata da Rosa<\/p>\n\n\n\n<p>Dr\u00aa. Fernanda S. de Almeida<\/p>\n\n\n\n<p><\/p>\n\n\n\n<p><strong><span class=\"has-inline-color has-primary-accent-color\">Contato<\/span><\/strong><\/p>\n\n\n\n<p><strong>Telefone:&nbsp;<\/strong>+55 43 33714191<br><strong>E-mail<\/strong>: posgenetica@uel.br<br><strong>Endere\u00e7o:<\/strong>&nbsp;Universidade Estadual de Londrina, Campus Universit\u00e1rio, Rodovia Celso Garcia Cid, PR 445, Km 380. Centro de Ci\u00eancias Biol\u00f3gicas. Londrina, Paran\u00e1, Brasil. CEP: 86057-970.<\/p>\n\n\n<div class=\"wp-block-image\">\n<figure class=\"aligncenter size-large is-resized\"><img loading=\"lazy\" decoding=\"async\" width=\"732\" height=\"563\" src=\"https:\/\/pos.uel.br\/gbm\/wp-content\/uploads\/2021\/06\/UEL_imagem.png\" alt=\"\" class=\"wp-image-317\" style=\"width:230px;height:176px\" srcset=\"https:\/\/pos.uel.br\/gbm\/wp-content\/uploads\/2021\/06\/UEL_imagem.png 732w, https:\/\/pos.uel.br\/gbm\/wp-content\/uploads\/2021\/06\/UEL_imagem-300x231.png 300w\" sizes=\"auto, (max-width: 732px) 100vw, 732px\" \/><figcaption class=\"wp-element-caption\"><a href=\"https:\/\/www.google.com.br\/maps\/place\/Universidade+Estadual+de+Londrina\/@-23.3256536,-51.2111813,15z\/data=!4m5!3m4!1s0x94eb5ca6a7aa0ad7:0x8cd1fb9730cff6b!8m2!3d-23.3268108!4d-51.2038207?hl=pt-BR\" data-type=\"URL\" data-id=\"https:\/\/www.google.com.br\/maps\/place\/Universidade+Estadual+de+Londrina\/@-23.3256536,-51.2111813,15z\/data=!4m5!3m4!1s0x94eb5ca6a7aa0ad7:0x8cd1fb9730cff6b!8m2!3d-23.3268108!4d-51.2038207?hl=pt-BR\" target=\"_blank\" rel=\"noreferrer noopener\">abra o link<\/a><\/figcaption><\/figure>\n<\/div>\n\n<div class=\"wp-block-image\">\n<figure class=\"aligncenter size-large is-resized\"><img loading=\"lazy\" decoding=\"async\" width=\"833\" height=\"489\" src=\"https:\/\/pos.uel.br\/gbm\/wp-content\/uploads\/2021\/06\/WGBM.jpg\" alt=\"\" class=\"wp-image-449\" style=\"width:270px;height:158px\" srcset=\"https:\/\/pos.uel.br\/gbm\/wp-content\/uploads\/2021\/06\/WGBM.jpg 833w, https:\/\/pos.uel.br\/gbm\/wp-content\/uploads\/2021\/06\/WGBM-300x176.jpg 300w, https:\/\/pos.uel.br\/gbm\/wp-content\/uploads\/2021\/06\/WGBM-768x451.jpg 768w\" sizes=\"auto, (max-width: 833px) 100vw, 833px\" \/><\/figure>\n<\/div>\n\n\n<p class=\"has-text-align-center\"><a href=\"https:\/\/pos.uel.br\/gbm\/workshop-gbm\/\" data-type=\"URL\" data-id=\"https:\/\/pos.uel.br\/gbm\/workshop-gbm\/\" target=\"_blank\" rel=\"noreferrer noopener\">abra o link dos eventos<\/a><\/p>\n\n\n\n<p><\/p>\n\n\n\n<p><\/p>\n\n\n\n<p class=\"has-text-align-center\"><strong>Apoio financeiro e parceiros<\/strong><\/p>\n\n\n\n<div class=\"wp-block-columns alignfull is-layout-flex wp-container-core-columns-is-layout-9d6595d7 wp-block-columns-is-layout-flex\">\n<div class=\"wp-block-column is-vertically-aligned-center is-layout-flow wp-block-column-is-layout-flow\" style=\"flex-basis:100%\">\n<div class=\"wp-block-columns is-layout-flex wp-container-core-columns-is-layout-9d6595d7 wp-block-columns-is-layout-flex\">\n<div class=\"wp-block-column is-layout-flow wp-block-column-is-layout-flow\">\n<figure class=\"wp-block-image\"><img loading=\"lazy\" decoding=\"async\" width=\"204\" height=\"192\" src=\"https:\/\/pos.uel.br\/gbm\/wp-content\/uploads\/2024\/12\/capes-nota-5.png\" alt=\"\" class=\"wp-image-1731\" \/><\/figure>\n<\/div>\n\n\n\n<div class=\"wp-block-column is-layout-flow wp-block-column-is-layout-flow\"><div class=\"wp-block-image\">\n<figure class=\"aligncenter size-large is-resized\"><a href=\"https:\/\/www.gov.br\/cnpq\/pt-br\" target=\"_blank\" rel=\"noopener\"><img loading=\"lazy\" decoding=\"async\" width=\"1024\" height=\"307\" src=\"https:\/\/pos.uel.br\/gbm\/wp-content\/uploads\/2021\/06\/cnpq-logo-7-1024x307.png\" alt=\"\" class=\"wp-image-662\" style=\"width:119px;height:35px\" srcset=\"https:\/\/pos.uel.br\/gbm\/wp-content\/uploads\/2021\/06\/cnpq-logo-7-1024x307.png 1024w, https:\/\/pos.uel.br\/gbm\/wp-content\/uploads\/2021\/06\/cnpq-logo-7-300x90.png 300w, https:\/\/pos.uel.br\/gbm\/wp-content\/uploads\/2021\/06\/cnpq-logo-7-768x230.png 768w, https:\/\/pos.uel.br\/gbm\/wp-content\/uploads\/2021\/06\/cnpq-logo-7-1536x461.png 1536w, https:\/\/pos.uel.br\/gbm\/wp-content\/uploads\/2021\/06\/cnpq-logo-7-2048x615.png 2048w\" sizes=\"auto, (max-width: 1024px) 100vw, 1024px\" \/><\/a><\/figure>\n<\/div><\/div>\n<\/div>\n\n\n\n<div class=\"wp-block-columns is-layout-flex wp-container-core-columns-is-layout-9d6595d7 wp-block-columns-is-layout-flex\">\n<div class=\"wp-block-column is-layout-flow wp-block-column-is-layout-flow\"><div class=\"wp-block-image\">\n<figure class=\"aligncenter size-large is-resized\"><a href=\"http:\/\/finep.gov.br\/\" target=\"_blank\" rel=\"noopener\"><img loading=\"lazy\" decoding=\"async\" width=\"1024\" height=\"596\" src=\"https:\/\/pos.uel.br\/gbm\/wp-content\/uploads\/2021\/06\/finep_empresa_brasileira_de_inovacao_e_pesquisa_RGB-1024x596.jpg\" alt=\"\" class=\"wp-image-660\" style=\"width:97px;height:56px\" srcset=\"https:\/\/pos.uel.br\/gbm\/wp-content\/uploads\/2021\/06\/finep_empresa_brasileira_de_inovacao_e_pesquisa_RGB-1024x596.jpg 1024w, https:\/\/pos.uel.br\/gbm\/wp-content\/uploads\/2021\/06\/finep_empresa_brasileira_de_inovacao_e_pesquisa_RGB-300x174.jpg 300w, https:\/\/pos.uel.br\/gbm\/wp-content\/uploads\/2021\/06\/finep_empresa_brasileira_de_inovacao_e_pesquisa_RGB-768x447.jpg 768w, https:\/\/pos.uel.br\/gbm\/wp-content\/uploads\/2021\/06\/finep_empresa_brasileira_de_inovacao_e_pesquisa_RGB.jpg 1066w\" sizes=\"auto, (max-width: 1024px) 100vw, 1024px\" \/><\/a><\/figure>\n<\/div><\/div>\n\n\n\n<div class=\"wp-block-column is-layout-flow wp-block-column-is-layout-flow\"><div class=\"wp-block-image\">\n<figure class=\"aligncenter size-large is-resized\"><a href=\"http:\/\/www.fappr.pr.gov.br\/\" target=\"_blank\" rel=\"noopener\"><img loading=\"lazy\" decoding=\"async\" width=\"309\" height=\"142\" src=\"https:\/\/pos.uel.br\/gbm\/wp-content\/uploads\/2021\/06\/MarcaColorHor_FA.jpg\" alt=\"\" class=\"wp-image-657\" style=\"width:146px;height:67px\" srcset=\"https:\/\/pos.uel.br\/gbm\/wp-content\/uploads\/2021\/06\/MarcaColorHor_FA.jpg 309w, https:\/\/pos.uel.br\/gbm\/wp-content\/uploads\/2021\/06\/MarcaColorHor_FA-300x138.jpg 300w\" sizes=\"auto, (max-width: 309px) 100vw, 309px\" \/><\/a><\/figure>\n<\/div><\/div>\n<\/div>\n\n\n\n<div class=\"wp-block-columns is-layout-flex wp-container-core-columns-is-layout-9d6595d7 wp-block-columns-is-layout-flex\">\n<div class=\"wp-block-column is-layout-flow wp-block-column-is-layout-flow\"><div class=\"wp-block-image\">\n<figure class=\"aligncenter size-large is-resized\"><a href=\"https:\/\/www.embrapa.br\/soja\" target=\"_blank\" rel=\"noopener\"><img loading=\"lazy\" decoding=\"async\" width=\"177\" height=\"64\" src=\"https:\/\/pos.uel.br\/gbm\/wp-content\/uploads\/2021\/06\/embrapa.png\" alt=\"\" class=\"wp-image-661\" style=\"width:103px;height:37px\" \/><\/a><\/figure>\n<\/div><\/div>\n\n\n\n<div class=\"wp-block-column is-layout-flow wp-block-column-is-layout-flow\"><div class=\"wp-block-image\">\n<figure class=\"aligncenter size-large is-resized\"><a href=\"http:\/\/www.idrparana.pr.gov.br\/Endereco\/Instituto-de-Desenvolvimento-Rural-do-Parana-Londrina\" target=\"_blank\" rel=\"noopener\"><img loading=\"lazy\" decoding=\"async\" width=\"1024\" height=\"341\" src=\"https:\/\/pos.uel.br\/gbm\/wp-content\/uploads\/2021\/06\/MARCA_IDR_Horizontal-1024x341.jpg\" alt=\"\" class=\"wp-image-655\" style=\"width:151px;height:50px\" srcset=\"https:\/\/pos.uel.br\/gbm\/wp-content\/uploads\/2021\/06\/MARCA_IDR_Horizontal-1024x341.jpg 1024w, https:\/\/pos.uel.br\/gbm\/wp-content\/uploads\/2021\/06\/MARCA_IDR_Horizontal-300x100.jpg 300w, https:\/\/pos.uel.br\/gbm\/wp-content\/uploads\/2021\/06\/MARCA_IDR_Horizontal-768x256.jpg 768w, https:\/\/pos.uel.br\/gbm\/wp-content\/uploads\/2021\/06\/MARCA_IDR_Horizontal-1536x511.jpg 1536w, https:\/\/pos.uel.br\/gbm\/wp-content\/uploads\/2021\/06\/MARCA_IDR_Horizontal-2048x682.jpg 2048w\" sizes=\"auto, (max-width: 1024px) 100vw, 1024px\" \/><\/a><\/figure>\n<\/div>\n\n\n<div class=\"wp-block-columns is-layout-flex wp-container-core-columns-is-layout-9d6595d7 wp-block-columns-is-layout-flex\">\n<div class=\"wp-block-column is-layout-flow wp-block-column-is-layout-flow\">\n<div class=\"wp-block-columns is-layout-flex wp-container-core-columns-is-layout-9d6595d7 wp-block-columns-is-layout-flex\">\n<div class=\"wp-block-column is-layout-flow wp-block-column-is-layout-flow\" style=\"flex-basis:100%\">\n<div class=\"wp-block-columns is-layout-flex wp-container-core-columns-is-layout-9d6595d7 wp-block-columns-is-layout-flex\">\n<div class=\"wp-block-column is-layout-flow wp-block-column-is-layout-flow\"><\/div>\n\n\n\n<div class=\"wp-block-column is-layout-flow wp-block-column-is-layout-flow\"><\/div>\n<\/div>\n<\/div>\n<\/div>\n<\/div>\n<\/div>\n<\/div>\n<\/div>\n<\/div>\n<\/div>\n<\/div>\n<\/div>\n\n\n\n<p><\/p>\n","protected":false},"excerpt":{"rendered":"<p>informaci\u00f3n en espa\u00f1ol information in english Coordena\u00e7\u00e3o Dr. M\u00e1rio S. Mantovani Dr\u00aa. Renata da Rosa Dr\u00aa. Fernanda S. de Almeida Contato Telefone:&nbsp;+55 43 33714191E-mail: posgenetica@uel.brEndere\u00e7o:&nbsp;Universidade Estadual de Londrina, Campus Universit\u00e1rio, Rodovia Celso Garcia Cid, PR 445, Km 380. Centro de Ci\u00eancias Biol\u00f3gicas. Londrina, Paran\u00e1, Brasil. CEP: 86057-970. abra o link dos eventos Apoio financeiro e [&hellip;]<\/p>\n","protected":false},"author":0,"featured_media":0,"parent":0,"menu_order":0,"comment_status":"closed","ping_status":"closed","template":"page-templates\/template-without-title.php","meta":{"footnotes":""},"class_list":["post-433","page","type-page","status-publish","hentry"],"_links":{"self":[{"href":"https:\/\/pos.uel.br\/gbm\/wp-json\/wp\/v2\/pages\/433","targetHints":{"allow":["GET"]}}],"collection":[{"href":"https:\/\/pos.uel.br\/gbm\/wp-json\/wp\/v2\/pages"}],"about":[{"href":"https:\/\/pos.uel.br\/gbm\/wp-json\/wp\/v2\/types\/page"}],"replies":[{"embeddable":true,"href":"https:\/\/pos.uel.br\/gbm\/wp-json\/wp\/v2\/comments?post=433"}],"version-history":[{"count":263,"href":"https:\/\/pos.uel.br\/gbm\/wp-json\/wp\/v2\/pages\/433\/revisions"}],"predecessor-version":[{"id":2045,"href":"https:\/\/pos.uel.br\/gbm\/wp-json\/wp\/v2\/pages\/433\/revisions\/2045"}],"wp:attachment":[{"href":"https:\/\/pos.uel.br\/gbm\/wp-json\/wp\/v2\/media?parent=433"}],"curies":[{"name":"wp","href":"https:\/\/api.w.org\/{rel}","templated":true}]}}