{"id":328,"date":"2021-06-09T20:04:06","date_gmt":"2021-06-09T23:04:06","guid":{"rendered":"https:\/\/pos.uel.br\/gbm\/?page_id=328"},"modified":"2022-09-21T10:12:01","modified_gmt":"2022-09-21T13:12:01","slug":"workshop-gbm","status":"publish","type":"page","link":"https:\/\/pos.uel.br\/gbm\/workshop-gbm\/","title":{"rendered":"Workshop de Gen\u00e9tica e Biologia Molecular"},"content":{"rendered":"\n<p>O Workshop de Gen\u00e9tica e Biologia Molecular (WGBM) \u00e9 a nova vers\u00e3o do Curso de Inverno \u201cGen\u00e9tica nas F\u00e9rias\u201d. Esse \u00e9 um evento organizado pelo corpo discente do Programa, que conta anualmente com a participa\u00e7\u00e3o de aproximadamente 150 a 200 pessoas. O p\u00fablico compreende pessoal de diferentes cursos de Gradua\u00e7\u00e3o da UEL, de outras institui\u00e7\u00f5es de Londrina e do Paran\u00e1, professores de escolas p\u00fablicas, de Londrina, Regi\u00e3o e de diferentes locais do Brasil. O evento traz palestras, minicursos te\u00f3rico-pr\u00e1ticos e mesas-redondas, e tem atra\u00eddo um bom p\u00fablico acerca de temas inovadores e diversificados na \u00e1rea da Gen\u00e9tica. Em fun\u00e7\u00e3o da pandemia covid, os WGBMs de 2020 e 2021 ocorrem na vers\u00e3o remota, e em 2022 retomamos as atividades presenciais.<\/p>\n\n\n\n<figure class=\"wp-block-image size-large is-resized\"><img loading=\"lazy\" decoding=\"async\" src=\"https:\/\/pos.uel.br\/gbm\/wp-content\/uploads\/2021\/06\/PerfilInstagram_IIWGBM.jpg\" alt=\"\" class=\"wp-image-694\" width=\"191\" height=\"111\" srcset=\"https:\/\/pos.uel.br\/gbm\/wp-content\/uploads\/2021\/06\/PerfilInstagram_IIWGBM.jpg 560w, https:\/\/pos.uel.br\/gbm\/wp-content\/uploads\/2021\/06\/PerfilInstagram_IIWGBM-300x175.jpg 300w\" sizes=\"auto, (max-width: 191px) 100vw, 191px\" \/><\/figure>\n\n\n\n<p><\/p>\n\n\n\n<p><strong>WGBM &#8211; 2022<\/strong> &#8211; <a href=\"https:\/\/workgen.wixsite.com\/workshopgenetica\" target=\"_blank\" rel=\"noreferrer noopener\">https:\/\/workgen.wixsite.com\/workshopgenetica<\/a><\/p>\n\n\n\n<p>Objetivo: O II Workshop de Gen\u00e9tica e Biologia Molecular teve como finalidade criar em 2 dias um ambiente de intera\u00e7\u00e3o e conv\u00edvio da comunidade universit\u00e1ria e do setor privado (estudantes, professores, profissionais liberais e outros) ao redor dos avan\u00e7os cient\u00edficos na \u00e1rea da Gen\u00e9tica e Biologia Molecular. O evento teve como tema central a dissemina\u00e7\u00e3o de pesquisas b\u00e1sicas e aplicadas envolvendo a Gen\u00e9tica, e suas utilidades em diferentes \u00e1reas da Sa\u00fade, Ambiente e cadeia produtiva. Foram expostos modelos e t\u00e9cnicas inovadoras de estudos em diversas \u00e1reas, al\u00e9m da finalidade de transfer\u00eancia de conhecimento e tecnologia.<\/p>\n\n\n\n<p>Per\u00edodo de realiza\u00e7\u00e3o: 23\/09\/2022 \u00e0 24\/09\/2022<br>Dias da semana: sexta-feira \u00e0 s\u00e1bado<br>Local: Anfiteatro Cyro Grossi, laborat\u00f3rios de pesquisa e salas de aula.<\/p>\n\n\n\n<p>Palestras e atividades:<br>PALESTRA BOAS VINDAS \u2013 Prof a . Dr a . Fernanda Sim\u00f5es de Almeida<br>PALESTRA 1 &#8211; Prof a . Dr a . Renata da Rosa. Titulo: Biotecnologia e Sustentabilidade no campo: a produ\u00e7\u00e3o de seda como<br>exemplo de sucesso. <\/p>\n\n\n\n<p>PALESTRA 2 \u2013 Prof a . Dr a . Fernanda Freitas de Oliveira. T\u00edtulo: Como Competir com as Redes Sociais no Ensino de Ci\u00eancia (Geral ou<br>Aplicada)<br>PALESTRA 3 \u2013 Prof a . Dr a . Glaura Scantamburlo A. Fernandes. T\u00edtulo: Puberdade X Toxicologia: uma associa\u00e7\u00e3o para o desenvolvimento de<br>infertilidade masculina e c\u00e2ncer<br>PALESTRA 4 \u2013 Prof a . Dr a . L\u00edgia Carla Faccin Galhardi. T\u00edtulo: Efeito da variabilidade gen\u00e9tica no desenvolvimento e efic\u00e1cia das<br>vacinas virais<\/p>\n\n\n\n<p><\/p>\n\n\n\n<p>Minicurso 1 (4 horas) \u2013 LAGEA &#8211; Apresenta\u00e7\u00e3o de t\u00e9cnicas utilizando marcadores moleculares na conserva\u00e7\u00e3o e no estudo da biodiversidade<\/p>\n\n\n\n<p>Minicurso 2 (8 horas) \u2013 LACEM &#8211; Marcadores gen\u00e9ticos para o monitoramento de mosquitos vetores de doen\u00e7as<\/p>\n\n\n\n<p>Minicurso 3 (8 horas) \u2013 LAMON &#8211; Estudo de marcadores moleculares para predi\u00e7\u00e3o de progn\u00f3stico no c\u00e2ncer<\/p>\n\n\n\n<p>Minicurso 4 (8 horas) \u2013 GENTOX &#8211; Avalia\u00e7\u00e3o de morfologia celular por microscopia de fluoresc\u00eancia e an\u00e1lise de ciclo celular por citometria de fluxo<\/p>\n\n\n\n<p>Minicurso 5 (4 horas) \u2013 LCDV &#8211; DNAs em movimento: anota\u00e7\u00e3o de elementos transpon\u00edveis<\/p>\n\n\n\n<p>Minicurso 6 (4 horas) \u2013 GEN\u00c9TICA E TAXONOMIA DE BACT\u00c9RIAS &#8211; Desenvolvimento de Marcadores Moleculares na Identifica\u00e7\u00e3o de Microrganismos: Diagn\u00f3stico Molecular de Doen\u00e7as Infecciosas<\/p>\n\n\n\n<p>Minicurso 7 (4 horas) \u2013 LEFA &#8211; Gen\u00e9tica aplicada \u00e0 ecotoxicologia <\/p>\n\n\n\n<p>Minicurso 8 (8 horas) \u2013 BIOTECNOLOGIA &#8211; Emprego de Marcadores Moleculares SNPs para Estudos Gen\u00e9ticos e Melhoramento de Plantas<\/p>\n\n\n\n<p><\/p>\n\n\n\n<p><\/p>\n\n\n\n<p><strong>WGBM &#8211; 2021<\/strong> &#8211; <a href=\"http:\/\/www.instagram.com\/wgbmuel\" target=\"_blank\" rel=\"noreferrer noopener\">http:\/\/www.instagram.com\/wgbmuel<\/a><\/p>\n\n\n\n<figure class=\"wp-block-image size-large is-resized\"><img loading=\"lazy\" decoding=\"async\" src=\"https:\/\/pos.uel.br\/gbm\/wp-content\/uploads\/2021\/06\/PerfilInstagram_IIWGBM.jpg\" alt=\"\" class=\"wp-image-694\" width=\"191\" height=\"111\" srcset=\"https:\/\/pos.uel.br\/gbm\/wp-content\/uploads\/2021\/06\/PerfilInstagram_IIWGBM.jpg 560w, https:\/\/pos.uel.br\/gbm\/wp-content\/uploads\/2021\/06\/PerfilInstagram_IIWGBM-300x175.jpg 300w\" sizes=\"auto, (max-width: 191px) 100vw, 191px\" \/><\/figure>\n\n\n\n<p>O II Webinar de Gen\u00e9tica e Biologia Molecular tem como finalidade criar em 3 dias um ambiente de intera\u00e7\u00e3o e conv\u00edvio da comunidade universit\u00e1ria e do setor privado (estudantes, professores, profissionais liberais e outros) ao redor dos avan\u00e7os cient\u00edficos na \u00e1rea da Gen\u00e9tica e Biologia Molecular. Esse evento est\u00e1 focado na consolida\u00e7\u00e3o de colabora\u00e7\u00f5es, redes de pesquisa, intera\u00e7\u00e3o entre professores\/pesquisadores da UEL com a comunidade externa e a sociedade de um modo geral. Para tal, haver\u00e1 uma ampla divulga\u00e7\u00e3o em canais virtuais. Ser\u00e1 uma excelente oportunidade para estudantes de gradua\u00e7\u00e3o e p\u00f3s-gradua\u00e7\u00e3o atualizarem seus conhecimentos e trocar experi\u00eancia em meio a pandemia. O evento ter\u00e1 como tema central a troca de conhecimento em Gen\u00e9tica e Biologia Molecular, e suas utilidades em diferentes \u00e1reas da Sa\u00fade, Ambiente e cadeia produtiva. Al\u00e9m de ser uma oportunidade excelente para a consolida\u00e7\u00e3o do Programa de P\u00f3s-gradua\u00e7\u00e3o em Gen\u00e9tica e Biologia Molecular no Brasil, e para criar experi\u00eancia aos alunos de p\u00f3s-gradua\u00e7\u00e3o que est\u00e3o conduzindo todo o programa do evento, e atrair alunos de outras regi\u00f5es do pa\u00eds.<\/p>\n\n\n\n<p><strong>Palestras<\/strong><\/p>\n\n\n\n<p>1) Abertura: Apresenta\u00e7\u00e3o do Programa de P\u00f3s-Gradua\u00e7\u00e3o em Gen\u00e9tica e Biologia Molecular &#8211; Dr\u00aa. Fernanda Sim\u00f5es de Almeida &#8211; UEL<\/p>\n\n\n\n<p>2) Fitoqu\u00edmicos como agentes antic\u00e2ncer e seus efeitos em c\u00e9lulas tumorais de pr\u00f3stata e mama cultivadas em modelos 2D e 3D &#8211; Dr\u00aa. Juliana Mara Serpeloni &#8211; UEL<\/p>\n\n\n\n<p>3) O que a gen\u00e9tica nos conta sobre a diversidade dos peixes Neotropicais? &#8211; Dr\u00aa Jamille de Ara\u00fajo Bitencourt &nbsp;&#8211; UESB<\/p>\n\n\n\n<p>4) Melhoramento molecular de cafeeiros: um enfoque na qualidade nutrac\u00eautica da bebida &#8211; Dr\u00aa Suzana Tiemi Ivamoto Suzuki \u2013 UEL<\/p>\n\n\n\n<p>5) A import\u00e2ncia da gen\u00e9tica toxicol\u00f3gica e da toxicologia reprodutiva no desenvolvimento e avalia\u00e7\u00e3o de larvicidas &#8211; Dr. Rodrigo Juliano Oliveira \u2013 UFMS\/UEL<\/p>\n\n\n\n<p>6) Ecologia molecular: gen\u00e9tica molecular aplicada ao ambiente &#8211; Wilson Frantine da Silva &#8211; UENF<\/p>\n\n\n\n<p>7) Produ\u00e7\u00e3o de scaffolds biol\u00f3gicos para recelulariza\u00e7\u00e3o com c\u00e9lulas tronco mesenquimais &#8211; Dr. Phelipe Oliveira Favaron &#8211; UEL<\/p>\n\n\n\n<p><\/p>\n\n\n\n<p><\/p>\n\n\n\n<p><strong>WGBM &#8211; 2020<\/strong><\/p>\n\n\n\n<p>&#8220;A Ci\u00eancia e a Vida Cotidiana n\u00e3o podem ser separadas&#8221;. Esse foi o tema do 2\u00ba <em>Workshop<\/em> de Gen\u00e9tica e Biologia Molecular (WGBM), realizado de 4 a 7 de agosto de 2020, no Anfiteatro Cyro Grossi, do Centro de Ci\u00eancias Biol\u00f3gicas (CCB). A edi\u00e7\u00e3o 2020 homenageou os 100 anos de Rosalind Franklin, pesquisadora inglesa, e teve como objetivo principal destacar o papel da mulher na ci\u00eancia. Foram abordados diferentes temas, principalmente aqueles com contribui\u00e7\u00e3o relevante vindas de pesquisas desenvolvidas por mulheres ao longo da hist\u00f3ria. A programa\u00e7\u00e3o teve palestras, mesas-redondas, minicursos e trabalhos sob as formas de p\u00f4ster&nbsp;e apresenta\u00e7\u00e3o oral.<\/p>\n\n\n\n<p><strong>Palestras<\/strong><\/p>\n\n\n\n<p>1) Abertura &#8211; Representante docente \u2013 Dra. Fernanda &nbsp;Sim\u00f5es e Representante discente &#8211; Fernanda Freitas<\/p>\n\n\n\n<p>2) Estrat\u00e9gias biotecnol\u00f3gicas e de melhoramento molecular voltadas para a resist\u00eancia a doen\u00e7as em<\/p>\n\n\n\n<p>soja &#8211; Dra. Francismar C. Marcelino-Guimar\u00e3es<\/p>\n\n\n\n<p>3) Abelhas das orqu\u00eddeas: conserva\u00e7\u00e3o, filogeografia e taxonomia a partir de an\u00e1lises gen\u00e9ticas &#8211; Dra. Silvia Helena Sofia<\/p>\n\n\n\n<p>4) Membranas extra-embrion\u00e1rias como fonte de c\u00e9lulas tronco mesenquimais &#8211; Dr. Phelipe Oliveira Favaron<\/p>\n\n\n\n<p>5) Entomologia molecular: a aplica\u00e7\u00e3o da gen\u00e9tica no estudo dos insetos \u2013 Dra. Renata da Rosa<\/p>\n\n\n\n<p>6) Avan\u00e7os da citogen\u00e9tica vegetal nas ci\u00eancias b\u00e1sicas e aplicadas &#8211; Doutoranda Thaissa B. de Souza<\/p>\n\n\n\n<p>7) A gen\u00e9tica como ferramenta para a gera\u00e7\u00e3o de produtos biotecnol\u00f3gicos: o exemplo do <em>Bacillus<\/em><\/p>\n\n\n\n<p><em>thuringiensis<\/em>&nbsp;no controle biol\u00f3gico de insetos &#8211; Dra. Gislayne T. Vilas Boas<\/p>\n\n\n\n<p>8) Oncogen\u00e9tica &#8211; Dra. Roberta L. Guembarovski<\/p>\n\n\n\n<p>9) Contamina\u00e7\u00e3o das \u00e1guas e seus efeitos para os organismos &#8211; Dra. Claudia Martinez<\/p>\n\n\n\n<p>10) Ferramentas Gen\u00f4micas e Aplica\u00e7\u00f5es na Pesquisa em Caf\u00e9s \u2013 Dr. Luiz Filipe P. Pereira<\/p>\n\n\n\n<p>11) Gen\u00e9tica na conserva\u00e7\u00e3o de peixes &#8211; Dra. Karen M. S. Amorim<\/p>\n\n\n\n<p>12) Mutag\u00eanese: ferramenta para prote\u00e7\u00e3o do genoma e estrat\u00e9gias terap\u00eauticas &#8211; Dra. Ilce M. S. C\u00f3lus<\/p>\n\n\n\n<p><\/p>\n","protected":false},"excerpt":{"rendered":"<p>O Workshop de Gen\u00e9tica e Biologia Molecular (WGBM) \u00e9 a nova vers\u00e3o do Curso de Inverno \u201cGen\u00e9tica nas F\u00e9rias\u201d. Esse \u00e9 um evento organizado pelo corpo discente do Programa, que conta anualmente com a participa\u00e7\u00e3o de aproximadamente 150 a 200 pessoas. O p\u00fablico compreende pessoal de diferentes cursos de Gradua\u00e7\u00e3o da UEL, de outras institui\u00e7\u00f5es [&hellip;]<\/p>\n","protected":false},"author":8,"featured_media":0,"parent":0,"menu_order":0,"comment_status":"closed","ping_status":"closed","template":"","meta":{"footnotes":""},"class_list":["post-328","page","type-page","status-publish","hentry"],"_links":{"self":[{"href":"https:\/\/pos.uel.br\/gbm\/wp-json\/wp\/v2\/pages\/328","targetHints":{"allow":["GET"]}}],"collection":[{"href":"https:\/\/pos.uel.br\/gbm\/wp-json\/wp\/v2\/pages"}],"about":[{"href":"https:\/\/pos.uel.br\/gbm\/wp-json\/wp\/v2\/types\/page"}],"author":[{"embeddable":true,"href":"https:\/\/pos.uel.br\/gbm\/wp-json\/wp\/v2\/users\/8"}],"replies":[{"embeddable":true,"href":"https:\/\/pos.uel.br\/gbm\/wp-json\/wp\/v2\/comments?post=328"}],"version-history":[{"count":14,"href":"https:\/\/pos.uel.br\/gbm\/wp-json\/wp\/v2\/pages\/328\/revisions"}],"predecessor-version":[{"id":1145,"href":"https:\/\/pos.uel.br\/gbm\/wp-json\/wp\/v2\/pages\/328\/revisions\/1145"}],"wp:attachment":[{"href":"https:\/\/pos.uel.br\/gbm\/wp-json\/wp\/v2\/media?parent=328"}],"curies":[{"name":"wp","href":"https:\/\/api.w.org\/{rel}","templated":true}]}}