{"id":710,"date":"2021-10-04T21:48:24","date_gmt":"2021-10-05T00:48:24","guid":{"rendered":"https:\/\/pos.uel.br\/fisica\/?page_id=710"},"modified":"2021-10-04T21:48:25","modified_gmt":"2021-10-05T00:48:25","slug":"historia-mision-y-objetivos","status":"publish","type":"page","link":"https:\/\/pos.uel.br\/fisica\/es\/acerca-del-programa\/historia-mision-y-objetivos\/","title":{"rendered":"Historia, misi\u00f3n y objetivos"},"content":{"rendered":"\n<p>El Programa de Maestr\u00eda Acad\u00e9mica del Departamento de F\u00edsica de la UEL existe desde 1996. En el a\u00f1o 2000 comenz\u00f3 a funcionar el Programa de Doctorado Acad\u00e9mico Asociado, en ese entonces integrado por profesores de los Departamentos de F\u00edsica de la UEL y la UEM (Universidad Estadual de Maring\u00e1), el cual se mantuvo en ese formato hasta 2008.<\/p>\n\n\n\n<p>En 2009 el Departamento de F\u00edsica de la UEL aprob\u00f3 su propuesta de un programa de Doctorado independiente, el cual se encuentra en pleno funcionamiento desde entonces. En su primera d\u00e9cada de acci\u00f3n conjunta, el Programa de Maestr\u00eda y Doctorado en F\u00edsica (PPG-F\u00edsica) de la UEL atraves\u00f3 varios desaf\u00edos y numerosos logros. A pesar de las dificultades pol\u00edticas, geogr\u00e1ficas y econ\u00f3micas, el en\u00e9rgico desempe\u00f1o de los integrantes del programa contribuy\u00f3 a que se estableciera como un referente en el interior de los estados de Paran\u00e1 y S\u00e3o Paulo, siendo tambi\u00e9n reconocido por estudiantes e investigadores de pa\u00edses lim\u00edtrofes con Brasil, como lo son Colombia, Paraguay y Venezuela.<\/p>\n\n\n\n<p>En la actualidad, el PPG-F\u00edsica se destaca por su grupo de doctores j\u00f3venes y activos, la mayor\u00eda becarios y con fuerte presencia en sus respectivas \u00e1reas de investigaci\u00f3n.<\/p>\n\n\n\n<p>La misi\u00f3n del PPG-F\u00edsica de la UEL es la de formar recursos humanos de alto nivel, capaces de actuar como protagonistas en los desaf\u00edos de la f\u00edsica actual, tanto en sus \u00e1reas teoricas como aplicadas. Los objetivos del Programa son:<\/p>\n\n\n\n<ul class=\"wp-block-list\"><li>Preparar recursos humanos de alto nivel para la docencia y la investigaci\u00f3n; <\/li><li>Contribuir a la generaci\u00f3n de nuevos conocimientos en las \u00e1reas de F\u00edsica Fundamental, F\u00edsica Aplicada y sus tecnolog\u00edas; <\/li><li>Complementar y perfeccionar la formaci\u00f3n de los graduandos de la carrera de pregrado en F\u00edsica y \u00e1reas afines; <\/li><li>Contribuir al fortalecimiento de la investigaci\u00f3n cient\u00edfica en Paran\u00e1.<\/li><\/ul>\n\n\n\n<p><\/p>\n","protected":false},"excerpt":{"rendered":"<p>El Programa de Maestr\u00eda Acad\u00e9mica del Departamento de F\u00edsica de la UEL existe desde 1996. En el a\u00f1o 2000 comenz\u00f3 a funcionar el Programa de Doctorado Acad\u00e9mico Asociado, en ese entonces integrado por profesores de los Departamentos de F\u00edsica de la UEL y la UEM (Universidad Estadual de Maring\u00e1), el cual se mantuvo en ese [&hellip;]<\/p>\n","protected":false},"author":8,"featured_media":0,"parent":708,"menu_order":0,"comment_status":"closed","ping_status":"closed","template":"","meta":{"_acf_changed":false,"footnotes":""},"class_list":["post-710","page","type-page","status-publish","hentry"],"acf":[],"_links":{"self":[{"href":"https:\/\/pos.uel.br\/fisica\/wp-json\/wp\/v2\/pages\/710","targetHints":{"allow":["GET"]}}],"collection":[{"href":"https:\/\/pos.uel.br\/fisica\/wp-json\/wp\/v2\/pages"}],"about":[{"href":"https:\/\/pos.uel.br\/fisica\/wp-json\/wp\/v2\/types\/page"}],"author":[{"embeddable":true,"href":"https:\/\/pos.uel.br\/fisica\/wp-json\/wp\/v2\/users\/8"}],"replies":[{"embeddable":true,"href":"https:\/\/pos.uel.br\/fisica\/wp-json\/wp\/v2\/comments?post=710"}],"version-history":[{"count":1,"href":"https:\/\/pos.uel.br\/fisica\/wp-json\/wp\/v2\/pages\/710\/revisions"}],"predecessor-version":[{"id":762,"href":"https:\/\/pos.uel.br\/fisica\/wp-json\/wp\/v2\/pages\/710\/revisions\/762"}],"up":[{"embeddable":true,"href":"https:\/\/pos.uel.br\/fisica\/wp-json\/wp\/v2\/pages\/708"}],"wp:attachment":[{"href":"https:\/\/pos.uel.br\/fisica\/wp-json\/wp\/v2\/media?parent=710"}],"curies":[{"name":"wp","href":"https:\/\/api.w.org\/{rel}","templated":true}]}}