{"id":468,"date":"2021-09-21T09:00:08","date_gmt":"2021-09-21T12:00:08","guid":{"rendered":"https:\/\/pos.uel.br\/fisica\/pagina-inicial-espanol\/"},"modified":"2021-10-05T08:48:41","modified_gmt":"2021-10-05T11:48:41","slug":"pagina-inicial-espanol","status":"publish","type":"page","link":"https:\/\/pos.uel.br\/fisica\/es\/pagina-inicial-espanol\/","title":{"rendered":"Programa de Posgrado en F\u00edsica"},"content":{"rendered":"\n<div class=\"wp-block-columns is-layout-flex wp-container-core-columns-is-layout-9d6595d7 wp-block-columns-is-layout-flex\">\n<div class=\"wp-block-column is-layout-flow wp-block-column-is-layout-flow\" style=\"flex-basis:66.66%\">\n<figure class=\"wp-block-image size-full\"><img loading=\"lazy\" decoding=\"async\" width=\"1024\" height=\"415\" src=\"https:\/\/pos.uel.br\/fisica\/wp-content\/uploads\/2021\/10\/PolEm.webp\" alt=\"\" class=\"wp-image-678\" srcset=\"https:\/\/pos.uel.br\/fisica\/wp-content\/uploads\/2021\/10\/PolEm.webp 1024w, https:\/\/pos.uel.br\/fisica\/wp-content\/uploads\/2021\/10\/PolEm-300x122.webp 300w, https:\/\/pos.uel.br\/fisica\/wp-content\/uploads\/2021\/10\/PolEm-768x311.webp 768w\" sizes=\"auto, (max-width: 1024px) 100vw, 1024px\" \/><\/figure>\n\n\n\n<figure class=\"wp-block-image size-large\"><img loading=\"lazy\" decoding=\"async\" width=\"1024\" height=\"273\" src=\"https:\/\/pos.uel.br\/fisica\/wp-content\/uploads\/2021\/09\/EUF-2-2021-1024x273.jpg\" alt=\"\" class=\"wp-image-569\" srcset=\"https:\/\/pos.uel.br\/fisica\/wp-content\/uploads\/2021\/09\/EUF-2-2021-1024x273.jpg 1024w, https:\/\/pos.uel.br\/fisica\/wp-content\/uploads\/2021\/09\/EUF-2-2021-300x80.jpg 300w, https:\/\/pos.uel.br\/fisica\/wp-content\/uploads\/2021\/09\/EUF-2-2021-768x204.jpg 768w, https:\/\/pos.uel.br\/fisica\/wp-content\/uploads\/2021\/09\/EUF-2-2021-1536x409.jpg 1536w, https:\/\/pos.uel.br\/fisica\/wp-content\/uploads\/2021\/09\/EUF-2-2021.jpg 1736w\" sizes=\"auto, (max-width: 1024px) 100vw, 1024px\" \/><\/figure>\n<\/div>\n\n\n\n<div class=\"wp-block-column is-layout-flow wp-block-column-is-layout-flow\" style=\"flex-basis:33.33%\">\n<div class=\"wp-block-uel-card\">\n<h3 class=\"has-primary-accent-color has-text-color wp-block-heading\">Thesis y Disertaciones<\/h3>\n\n\n<div class=\"teses-dissertacoes\"><div class=\"teses-dissertacoes__item-block\"><div class=\"teses-dissertacoes__titulo\"><span><a href=\"https:\/\/pos.uel.br\/fisica\/teses-dissertacoes\/simetrias-generalizadas-anomalias-e-sistemas-com-emaranhamento-de-longo-alcance\/\">Simetrias Generalizadas, Anomalias E Sistemas Com Emaranhamento De Longo Alcance<\/a><\/span><\/div><div class=\"teses-dissertacoes__resumo\"><span>Esta tese investiga a emerg\u00eancia de ordens topol\u00f3gicas a partir do empilhamento de fases de mat\u00e9ria protegidas por simetria (SPTs), explorando a rela\u00e7\u00e3o entre simetrias, anomalias e emaranhamento de longo alcance. Introduzimos a constru\u00e7\u00e3o por empilhamento an\u00f4malo (ASC), uma estrutura na qual a ordem topol\u00f3gica emerge deacoplamentos apropriados entre camadas SPT, guiados pela imposi\u00e7\u00e3o de anomalias mistas de \u2019t Hooft. Esta abordagem permite gerar fases topologicamente ordenadas em dimens\u00f5es superiores a partir de blocos elementares de baixa dimensionalidade. Como resultado central, constru\u00edmos e analisamos o c\u00f3digo Levin-Gu-Fracton (LGF), obtido aplicando o ASC ao modelo de Levin-Gu. O c\u00f3digo LGF apresenta excita\u00e7\u00f5es do tipo fracton e degeneresc\u00eancia do estado fundamental subextensiva, com restri\u00e7\u00f5es associadas a simetrias de subsistema e anomalias mistas. Tais caracter\u00edsticas indicam seu potencial como plataforma para o estudo de ordens topol\u00f3gicas do tipo fracton. Estudamos tamb\u00e9m a abordagem de fios qu\u00e2nticos aplicada \u00e0s fases de Hall qu\u00e2ntico fracion\u00e1rio, recuperando descri\u00e7\u00f5es de teoria de campo efetiva e conectando os resultados \u00e0 teoria de Chern-Simons e \u00e0s dualidades. Esta constru\u00e7\u00e3o reproduz os estados de Laughlin e sugere caminhos para a realiza\u00e7\u00e3o de fases topol\u00f3gicas n\u00e3o abelianas mais ex\u00f3ticas. Em conjunto, estas constru\u00e7\u00f5es contribuem para o entendimento de como simetrias e anomalias podem ser usadas como ferramentas na constru\u00e7\u00e3o de novas fases da mat\u00e9ria.<\/span><\/div><div class=\"teses-dissertacoes__mais\"><a href=\"https:\/\/pos.uel.br\/fisica\/teses-dissertacoes\/simetrias-generalizadas-anomalias-e-sistemas-com-emaranhamento-de-longo-alcance\/\">Ler mais<\/a><\/div><\/div><div class=\"teses-dissertacoes__item-block\"><div class=\"teses-dissertacoes__titulo\"><span><a href=\"https:\/\/pos.uel.br\/fisica\/teses-dissertacoes\/estudo-de-ceramicas-do-complexo-arqueologico-ventarron-collud-lambayeque-peru-utilizando-metodologias-nuclear-atomico-moleculares-e-analise-multivariada-exploratoria\/\">Estudo De Cer\u00e2micas Do Complexo Arqueol\u00f3gico Ventarr\u00f3n-Collud, Lambayeque \u2013 Peru, Utilizando Metodologias Nuclear-At\u00f4mico-Moleculares E An\u00e1lise Multivariada Explorat\u00f3ria<\/a><\/span><\/div><div class=\"teses-dissertacoes__resumo\"><span>As cer\u00e2micas, sendo os artefatos mais comuns em s\u00edtios arqueol\u00f3gicos, se destacam como ferramentas essenciais para auxiliar na compreens\u00e3o das sociedades antigas, devido \u00e0 sua durabilidade e resist\u00eancia \u00e0s condi\u00e7\u00f5es clim\u00e1ticas. Em raz\u00e3o da sua complexidade, a an\u00e1lise desses artefatos n\u00e3o se limita apenas \u00e0 diversidade de culturas e fun\u00e7\u00f5es, mas tamb\u00e9m abrange a variedade de materiais e tecnologias utilizadas em sua fabrica\u00e7\u00e3o, o que torna o estudo ainda mais desafiador. Este estudo tem como foco o Complexo Arqueol\u00f3gico Ventarr\u00f3n-Collud, localizado em Lambayeque, Peru, que engloba os s\u00edtios Huaca Zarp\u00e1n, Huaca Collud, Arenal e Huaca Ventarr\u00f3n. Situada em uma estreita faixa des\u00e9rtica entre a Cordilheira dos Andes e o Oceano Pac\u00edfico, essa regi\u00e3o \u00e9 altamente suscet\u00edvel ao fen\u00f4meno El Ni\u00f1o, sendo uma das \u00e1reas com maior estresse ambiental do planeta. Al\u00e9m disso, com uma hist\u00f3ria de mais de 4.000 anos, marcada por diversos ciclos de ocupa\u00e7\u00e3o e uma grande diversidade cultural, representa um desafio para os arque\u00f3logos. Para contribuir com os estudos destes s\u00edtios, 193 fragmentos cer\u00e2micos foram analisados por EDXRF (Fluoresc\u00eancia de Raios X por Dispers\u00e3o de Energia), XRD (Difra\u00e7\u00e3o de Raios X), FTIR (Espectroscopia no Infravermelho), espectrometria gama, com o aux\u00edlio da an\u00e1lise multivariada explorat\u00f3ria, e an\u00e1lise de fotomicrografias para estudo petrogr\u00e1fico. Os resultados indicaram semelhan\u00e7a na composi\u00e7\u00e3o elementar da pasta cer\u00e2mica dos artefatos, o que, apesar da variabilidade estil\u00edstica e de contexto de origem, sugere uma consist\u00eancia na escolha da mat\u00e9ria-prima e na caracter\u00edstica calc\u00e1ria da argila utilizada. Isso aponta que, ao longo dos s\u00e9culos, as fontes de argila e as adi\u00e7\u00f5es empregadas na manufatura dos artefatos permaneceram relativamente constantes. Por outro lado, as diferen\u00e7as mineral\u00f3gicas observadas por meio das t\u00e9cnicas moleculares e nuclear indicam que, embora as mat\u00e9rias primas sejam similares, as diferen\u00e7as observadas entre os conjuntos ocorreram possivelmente nas etapas subsequentes \u00e0 escolha da mat\u00e9ria prima. Provavelmente, durante a cozedura do artefato, pequenas varia\u00e7\u00f5es na temperatura de queima, atmosfera de coc\u00e7\u00e3o e resfriamento, resultaram nas diferen\u00e7as observadas. Tamb\u00e9m foi identificada uma diferen\u00e7a significativa nos processos de intemperismo entre os conjuntos Ventarr\u00f3n-Arenal e Collud-Zarp\u00e1n, que pode ser atribu\u00eddo ao ambiente deposicional distinto de cada local. Em rela\u00e7\u00e3o aos engobes e decora\u00e7\u00f5es, observa-se pouca variabilidade nos materiais utilizados na fabrica\u00e7\u00e3o das tintas vermelhas, sendo predominantemente \u00f3xidos de ferro. Quanto \u00e0 tinta preta, a maioria sugere o uso de \u00f3xido de ferro, e em um \u00fanico fragmento pode-se indicar o uso de \u00f3xido de mangan\u00eas ou ocre castanho. Em contrapartida, a tinta branca foi encontrada em maior quantidade de fragmentos, demonstrando uma maior diversidade de mat\u00e9rias-primas e misturas empregadas em sua produ\u00e7\u00e3o. As informa\u00e7\u00f5es espec\u00edficas obtidas a respeito desses artefatos t\u00eam suma import\u00e2ncia para auxiliar no desenvolvimento de hip\u00f3teses e teorias sobre os complexos sistemas organizacionais na Costa Norte peruana.<\/span><\/div><div class=\"teses-dissertacoes__mais\"><a href=\"https:\/\/pos.uel.br\/fisica\/teses-dissertacoes\/estudo-de-ceramicas-do-complexo-arqueologico-ventarron-collud-lambayeque-peru-utilizando-metodologias-nuclear-atomico-moleculares-e-analise-multivariada-exploratoria\/\">Ler mais<\/a><\/div><\/div><div class=\"teses-dissertacoes__item-block\"><div class=\"teses-dissertacoes__titulo\"><span><a href=\"https:\/\/pos.uel.br\/fisica\/teses-dissertacoes\/integradores-de-linha-de-visada-para-universos-de-bianchi-quase-isotropicos\/\">Integradores De Linha-De-Visada Para Universos De Bianchi Quase-Isotropicos<\/a><\/span><\/div><div class=\"teses-dissertacoes__resumo\"><span>&quot;Nas \u00faltimas d\u00e9cadas, a hip\u00f3tese de isotropia c\u00f3smica vem sendo sujeita a escrut\u00ednio. Dados ob-\r\nservacionais favorecem-na, mas pequenos graus de anisotropias intr\u00ednsecas da geometria ainda\r\nn\u00e3o podem ser descartados. Conforme os experimentos se tornam mais precisos, novas ferra-\r\nmentas se fazem necess\u00e1rias para esse tipo de an\u00e1lise. Neste contexto, introduzimos dois pro-\r\ngramas, AniCLASS e AniLoS, que calculam, utilizando m\u00e9todo da integral na Linha-de-visada,\r\nos efeitos deixados na Radia\u00e7\u00e3o C\u00f3smica de Fundo por uma classe de modelos cosmol\u00f3gicos\r\nhomogeneos. O software \u00e9 baseado na correspond\u00eancia entre modelos de Bianchi e pertur-\r\nba\u00e7\u00f5es homog\u00eaneas da m\u00e9trica FLRW. Neste trabalho, apresentamos um resumo sobre todos\r\nos m\u00e9todos nos quais os programas s\u00e3o baseados: a f\u00edsica da teoria de perturba\u00e7\u00f5es em FLRW,\r\na din\u00e2mica de modelos de Bianchi linearizados e suas conex\u00f5es com perturba\u00e7\u00f5es em FLRW,\r\ne a evolu\u00e7\u00e3o dos f\u00f3tons da Radia\u00e7\u00e3o C\u00f3smica de Fundo. Tamb\u00e9m analisamos suas estruturas\r\ne produtos. As ferramentas aqui propostas pavimentam a busca pela geometria do universo a\r\npartir de dados da pr\u00f3xima gera\u00e7\u00e3o de sondas da Radia\u00e7\u00e3o C\u00f3smica de Fundo.&quot;<\/span><\/div><div class=\"teses-dissertacoes__mais\"><a href=\"https:\/\/pos.uel.br\/fisica\/teses-dissertacoes\/integradores-de-linha-de-visada-para-universos-de-bianchi-quase-isotropicos\/\">Ler mais<\/a><\/div><\/div><div class=\"teses-dissertacoes__item-block\"><div class=\"teses-dissertacoes__titulo\"><span><a href=\"https:\/\/pos.uel.br\/fisica\/teses-dissertacoes\/um-hamiltoniano-local-para-espacos-tempos-kerr-schild-com-aplicacao-na-termodinamica-de-buracos-negros\/\">Um Hamiltoniano Local Para Espa\u00e7os Tempos Kerr-Schild Com Aplica\u00e7\u00e3o Na Termodin\u00e2mica De Buracos Negros<\/a><\/span><\/div><div class=\"teses-dissertacoes__resumo\"><span>Exploramos o formalismo do Espa\u00e7o de Fase Covariante desde uma perspectiva local. Sob esta abordagem, propomos um hamiltoniano local para solu\u00e7\u00f5es de v\u00e1cuo das equa\u00e7\u00f5es de Einstein que possuem a estrutura Kerr-Schild. Quando calculamos as cargas locais associadas a este hamiltoniano para o buraco negro Kerr-AdS4, os nossos resultados coincidem com os obtidos por outros m\u00e9todos. Al\u00e9m disso, a nossa proposta oferece uma nova forma de interpretar as quantidades conservadas associadas a estas solu\u00e7\u00f5es de buracos negros. Utilizando este hamiltoniano, mostraremos que uma termodin\u00e2mica satisfat\u00f3ria pode ser estabelecida para o caso do buraco negro Kerr-AdS4.<\/span><\/div><div class=\"teses-dissertacoes__mais\"><a href=\"https:\/\/pos.uel.br\/fisica\/teses-dissertacoes\/um-hamiltoniano-local-para-espacos-tempos-kerr-schild-com-aplicacao-na-termodinamica-de-buracos-negros\/\">Ler mais<\/a><\/div><\/div><\/div><\/div>\n\n\n\n<figure class=\"wp-block-embed is-type-video is-provider-youtube wp-block-embed-youtube wp-embed-aspect-16-9 wp-has-aspect-ratio\"><div class=\"wp-block-embed__wrapper\">\n<iframe loading=\"lazy\" title=\"V\u00eddeo Institucional - UEL - Espanhol\" width=\"640\" height=\"360\" src=\"https:\/\/www.youtube.com\/embed\/qaRivRY9e3s?feature=oembed\" frameborder=\"0\" allow=\"accelerometer; autoplay; clipboard-write; encrypted-media; gyroscope; picture-in-picture; web-share\" referrerpolicy=\"strict-origin-when-cross-origin\" allowfullscreen><\/iframe>\n<\/div><\/figure>\n<\/div>\n<\/div>\n\n\n\n<p><\/p>\n","protected":false},"excerpt":{"rendered":"","protected":false},"author":3,"featured_media":0,"parent":0,"menu_order":0,"comment_status":"closed","ping_status":"closed","template":"","meta":{"_acf_changed":false,"footnotes":""},"class_list":["post-468","page","type-page","status-publish","hentry"],"acf":[],"_links":{"self":[{"href":"https:\/\/pos.uel.br\/fisica\/wp-json\/wp\/v2\/pages\/468","targetHints":{"allow":["GET"]}}],"collection":[{"href":"https:\/\/pos.uel.br\/fisica\/wp-json\/wp\/v2\/pages"}],"about":[{"href":"https:\/\/pos.uel.br\/fisica\/wp-json\/wp\/v2\/types\/page"}],"author":[{"embeddable":true,"href":"https:\/\/pos.uel.br\/fisica\/wp-json\/wp\/v2\/users\/3"}],"replies":[{"embeddable":true,"href":"https:\/\/pos.uel.br\/fisica\/wp-json\/wp\/v2\/comments?post=468"}],"version-history":[{"count":12,"href":"https:\/\/pos.uel.br\/fisica\/wp-json\/wp\/v2\/pages\/468\/revisions"}],"predecessor-version":[{"id":800,"href":"https:\/\/pos.uel.br\/fisica\/wp-json\/wp\/v2\/pages\/468\/revisions\/800"}],"wp:attachment":[{"href":"https:\/\/pos.uel.br\/fisica\/wp-json\/wp\/v2\/media?parent=468"}],"curies":[{"name":"wp","href":"https:\/\/api.w.org\/{rel}","templated":true}]}}