{"id":251,"date":"2021-06-15T02:55:40","date_gmt":"2021-06-15T05:55:40","guid":{"rendered":"https:\/\/pos.uel.br\/fisica\/pagina-inicial\/"},"modified":"2026-04-19T10:19:03","modified_gmt":"2026-04-19T13:19:03","slug":"pagina-inicial","status":"publish","type":"page","link":"https:\/\/pos.uel.br\/fisica\/","title":{"rendered":"P\u00e1gina inicial"},"content":{"rendered":"\n<div class=\"wp-block-columns is-layout-flex wp-container-core-columns-is-layout-9d6595d7 wp-block-columns-is-layout-flex\">\n<div class=\"wp-block-column is-vertically-aligned-top is-layout-flow wp-block-column-is-layout-flow\" style=\"flex-basis:66.66%\">\n<div class=\"wp-block-cover is-light\" style=\"min-height:180px;aspect-ratio:unset;\"><img loading=\"lazy\" decoding=\"async\" width=\"1024\" height=\"415\" class=\"wp-block-cover__image-background wp-image-678\" alt=\"\" src=\"https:\/\/pos.uel.br\/fisica\/wp-content\/uploads\/2021\/10\/PolEm.webp\" data-object-fit=\"cover\" srcset=\"https:\/\/pos.uel.br\/fisica\/wp-content\/uploads\/2021\/10\/PolEm.webp 1024w, https:\/\/pos.uel.br\/fisica\/wp-content\/uploads\/2021\/10\/PolEm-300x122.webp 300w, https:\/\/pos.uel.br\/fisica\/wp-content\/uploads\/2021\/10\/PolEm-768x311.webp 768w\" sizes=\"auto, (max-width: 1024px) 100vw, 1024px\" \/><span aria-hidden=\"true\" class=\"wp-block-cover__background has-extra-2-background-color has-background-dim\"><\/span><div class=\"wp-block-cover__inner-container is-layout-flow wp-block-cover-is-layout-flow\">\n<p class=\"has-text-align-left has-site-background-color has-text-color has-link-color has-large-font-size wp-elements-18eaa28e9b2339c29ae454eb6d12be34\"><strong><a href=\"https:\/\/pos.uel.br\/fisica\/chamadas-pt\/2026\/04\/16\/vagas-para-mestrado-e-doutorado-selecao-2026-2\/\">Vagas de Mestrado e Doutorado<\/a><\/strong><\/p>\n\n\n\n<p class=\"has-site-background-color has-text-color has-link-color wp-elements-d649ee28336fb50513d0530e68b70eeb\"><a href=\"https:\/\/pos.uel.br\/fisica\/chamadas-pt\/2026\/04\/16\/vagas-para-mestrado-e-doutorado-selecao-2026-2\/\">Inscri\u00e7\u00f5es abertas para o segundo semestre de 2026<\/a><\/p>\n\n\n\n<p class=\"has-site-background-color has-text-color has-link-color wp-elements-ace3e3647bb311b2213535e75eb3950c\"><a href=\"https:\/\/pos.uel.br\/fisica\/chamadas\/2024\/03\/28\/vagas-para-mestrado-e-doutorado-2o-semestre-de-2024\/\"><br><strong><mark style=\"color:#ff0000\" class=\"has-inline-color\"><\/mark><\/strong><\/a><\/p>\n\n\n\n<p><a href=\"https:\/\/pos.uel.br\/fisica\/editais\/edital-de-classificacao-para-bolsas-2024-2\/\"><\/a><\/p>\n<\/div><\/div>\n\n\n\n<div class=\"wp-block-uel-card\">\n<h3 class=\"wp-block-heading is-style-highlighted-heading\"><a href=\"https:\/\/pos.uel.br\/fisica\/editais\/\">Editais<\/a><\/h3>\n\n\n<div class=\"editais-block\"><a class=\"editais-block__item-block\" href=\"https:\/\/pos.uel.br\/fisica\/wp-content\/uploads\/2026\/04\/edital_doutorado_2026.pdf\"><div class=\"editais-block__titulo\"><span>EDITAL N\u00ba 02\/2026 \u2013 NAPI \u2013 FEU \/ Bolsa de Doutorado (PD)<\/span><\/div><div class=\"editais-block__resumo\"><span>Edital N\u00ba 02\/2026 &#8211; NAPI-FEU visa selecionar bolsista de doutorado (PD), com mestrado em F\u00edsica\/Astronomia ou \u00e1reas afins e experi\u00eancia em gravita\u00e7\u00e3o e cosmologia, sem v\u00ednculo empregat\u00edcio, para desenvolver projeto de pesquisa no Grupo de Gravita\u00e7\u00e3o e Cosmologia da Universidade Estadual de Londrina, no \u00e2mbito do Conv\u00eanio PD&amp;I N\u00ba 347\/2024 do NAPI Fen\u00f4menos Extremos do Universo.<\/span><\/div><div class=\"editais-block__publicado\"><span>6 dias atr\u00e1s<\/span><\/div><\/a><a class=\"editais-block__item-block\" href=\"https:\/\/pos.uel.br\/fisica\/wp-content\/uploads\/2026\/03\/004_2026_Oferta_Regular_2026-2PPGFisica_assinado.pdf\"><div class=\"editais-block__titulo\"><span>EDITAL N\u00ba 004\/2026\u2013 Oferta aluno regular 2026\/2<\/span><\/div><div class=\"editais-block__resumo\"><span>Per\u00edodo de inscri\u00e7\u00e3o regular de 16 de abril a 15 de maio.\r\nLink para isen\u00e7\u00e3o Cad\u00danico: http:\/\/www.uel.br\/eventos\/sigec\/?id=11805<\/span><\/div><div class=\"editais-block__publicado\"><span>1 m\u00eas atr\u00e1s<\/span><\/div><\/a><a class=\"editais-block__item-block\" href=\"https:\/\/pos.uel.br\/fisica\/wp-content\/uploads\/2026\/03\/edital_posdoc_2026-4.pdf\"><div class=\"editais-block__titulo\"><span>EDITAL N\u00ba 01\/2026 \u2013 NAPI \u2013 FEU \/ Bolsa de P\u00f3s Doutorado (PD)<\/span><\/div><div class=\"editais-block__resumo\"><span>O coordenador da regional do NAPI de Fen\u00f4menos Extremos do Universo (Conv\u00eanio PD&amp;I N\u00ba 347\/2024) da Universidade Estadual de Londrina, Dr. Thiago Pereira, torna p\u00fablica a abertura de inscri\u00e7\u00f5es para a sele\u00e7\u00e3o de bolsista de p\u00f3s-doutorado, nos termos definidos neste edital. Ver anexo em: https:\/\/pos.uel.br\/fisica\/anexol\/<\/span><\/div><div class=\"editais-block__publicado\"><span>2 meses atr\u00e1s<\/span><\/div><\/a><a class=\"editais-block__item-block\" href=\"https:\/\/pos.uel.br\/fisica\/wp-content\/uploads\/2026\/03\/Edital003_2026_resultado_estudante_especial-2026-01.pdf\"><div class=\"editais-block__titulo\"><span>Resultado &#8211; Estudante Especial<\/span><\/div><div class=\"editais-block__resumo\"><span>DIVULGA\u00c7\u00c3O DE RESULTADO E CONVOCA\u00c7\u00c3O PARA MATR\u00cdCULA DE ESTUDANTE ESPECIAL<\/span><\/div><div class=\"editais-block__publicado\"><span>2 meses atr\u00e1s<\/span><\/div><\/a><\/div>\n\n\n<p><\/p>\n<\/div>\n\n\n\n<div class=\"wp-block-columns is-layout-flex wp-container-core-columns-is-layout-9d6595d7 wp-block-columns-is-layout-flex\">\n<div class=\"wp-block-column is-layout-flow wp-block-column-is-layout-flow\">\n<div class=\"wp-block-uel-card\">\n<h3 class=\"wp-block-heading is-style-highlighted-heading\"><a href=\"https:\/\/pos.uel.br\/fisica\/defesas-qualificacoes\/\" data-type=\"URL\" data-id=\"https:\/\/pos.uel.br\/fisica\/defesas-qualificacoes\/\" target=\"_blank\" rel=\"noreferrer noopener\"><span class=\"has-inline-color has-primary-accent-color\">Defesas e qualifica\u00e7\u00f5es<\/span><\/a><\/h3>\n\n\n<div class=\"defesas-qualificacoes\">N\u00e3o existem defesas ou qualifica\u00e7\u00f5es agendadas.<a href=\"https:\/\/pos.uel.br\/fisica\/defesas-qualificacoes\/\" class=\"defesas-qualificacoes__todas\">Ver todas<\/a><\/div><\/div>\n\n\n\n<div class=\"wp-block-uel-card\">\n<h3 class=\"wp-block-heading is-style-highlighted-heading\">Quadro de disciplinas<\/h3>\n\n\n\n<p><a href=\"https:\/\/pos.uel.br\/fisica\/wp-content\/uploads\/2023\/01\/Quadro-de-horarios-FISICA-2023-1.pdf\">Primeiro semestre de 2023<\/a><\/p>\n<\/div>\n<\/div>\n\n\n\n<div class=\"wp-block-column is-layout-flow wp-block-column-is-layout-flow\">\n<div class=\"wp-block-uel-card\">\n<h3 class=\"wp-block-heading is-style-highlighted-heading\"><a href=\"https:\/\/pos.uel.br\/fisica\/posts\/\" data-type=\"page\" data-id=\"449\" target=\"_blank\" rel=\"noreferrer noopener\"><span class=\"has-inline-color has-primary-accent-color\">Postagens<\/span><\/a><\/h3>\n\n\n<ul class=\"wp-block-latest-posts__list has-dates wp-block-latest-posts\"><li><a class=\"wp-block-latest-posts__post-title\" href=\"https:\/\/pos.uel.br\/fisica\/chamadas-pt\/2026\/04\/16\/vagas-para-mestrado-e-doutorado-selecao-2026-2\/\">Vagas para Mestrado e Doutorado \u2014 2o Semestre de 2026<\/a><time datetime=\"2026-04-16T15:37:43-03:00\" class=\"wp-block-latest-posts__post-date\">16 de abril de 2026<\/time><\/li>\n<li><a class=\"wp-block-latest-posts__post-title\" href=\"https:\/\/pos.uel.br\/fisica\/chamadas-pt\/2025\/09\/07\/vagas-para-mestrado-e-doutorado-1o-semestre-de-2026\/\">Vagas para Mestrado e Doutorado \u2014 1o Semestre de 2026<\/a><time datetime=\"2025-09-07T11:49:42-03:00\" class=\"wp-block-latest-posts__post-date\">7 de setembro de 2025<\/time><\/li>\n<li><a class=\"wp-block-latest-posts__post-title\" href=\"https:\/\/pos.uel.br\/fisica\/chamadas-pt\/2025\/03\/24\/vagas-para-mestrado-e-doutorado-2o-semestre-de-2025\/\">Vagas para Mestrado e Doutorado \u2014 2o Semestre de 2025<\/a><time datetime=\"2025-03-24T19:30:18-03:00\" class=\"wp-block-latest-posts__post-date\">24 de mar\u00e7o de 2025<\/time><\/li>\n<li><a class=\"wp-block-latest-posts__post-title\" href=\"https:\/\/pos.uel.br\/fisica\/chamadas-pt\/2024\/09\/05\/vagas-para-mestrado-e-doutorado-1o-semestre-de-2025\/\">Vagas para Mestrado e Doutorado \u2014 1o Semestre de 2025<\/a><time datetime=\"2024-09-05T23:05:21-03:00\" class=\"wp-block-latest-posts__post-date\">5 de setembro de 2024<\/time><\/li>\n<li><a class=\"wp-block-latest-posts__post-title\" href=\"https:\/\/pos.uel.br\/fisica\/chamadas-pt\/2024\/03\/28\/vagas-para-mestrado-e-doutorado-2o-semestre-de-2024\/\">Vagas para Mestrado e Doutorado \u2014 2o Semestre de 2024<\/a><time datetime=\"2024-03-28T09:34:31-03:00\" class=\"wp-block-latest-posts__post-date\">28 de mar\u00e7o de 2024<\/time><\/li>\n<\/ul><\/div>\n<\/div>\n<\/div>\n\n\n\n<figure class=\"wp-block-image size-large\"><a href=\"https:\/\/www1.fisica.org.br\/~euf\/index.php\/pt\/\"><img loading=\"lazy\" decoding=\"async\" width=\"1024\" height=\"329\" src=\"https:\/\/pos.uel.br\/fisica\/wp-content\/uploads\/2026\/02\/euf-2026-1.fw_-1024x329.png\" alt=\"\" class=\"wp-image-1399\" srcset=\"https:\/\/pos.uel.br\/fisica\/wp-content\/uploads\/2026\/02\/euf-2026-1.fw_-1024x329.png 1024w, https:\/\/pos.uel.br\/fisica\/wp-content\/uploads\/2026\/02\/euf-2026-1.fw_-300x96.png 300w, https:\/\/pos.uel.br\/fisica\/wp-content\/uploads\/2026\/02\/euf-2026-1.fw_-768x247.png 768w, https:\/\/pos.uel.br\/fisica\/wp-content\/uploads\/2026\/02\/euf-2026-1.fw_.png 1382w\" sizes=\"auto, (max-width: 1024px) 100vw, 1024px\" \/><\/a><\/figure>\n<\/div>\n\n\n\n<div class=\"wp-block-column is-layout-flow wp-block-column-is-layout-flow\" style=\"flex-basis:33.33%\"><div class=\"wp-block-image\">\n<figure class=\"aligncenter size-full\"><img loading=\"lazy\" decoding=\"async\" width=\"216\" height=\"233\" src=\"https:\/\/pos.uel.br\/fisica\/wp-content\/uploads\/2026\/01\/Imagem_conceito-5.png\" alt=\"\" class=\"wp-image-1392\" \/><\/figure>\n<\/div>\n\n\n<div class=\"wp-block-uel-card\">\n<h3 class=\"wp-block-heading is-style-highlighted-heading has-primary-accent-color has-text-color\"><a rel=\"noreferrer noopener\" href=\"https:\/\/pos.uel.br\/fisica\/teses-dissertacoes\/\" data-type=\"URL\" data-id=\"https:\/\/pos.uel.br\/fisica\/teses-dissertacoes\/\" target=\"_blank\"><span class=\"has-inline-color has-primary-accent-color\">Teses e disserta\u00e7\u00f5es<\/span><\/a><\/h3>\n\n\n<div class=\"teses-dissertacoes\"><div class=\"teses-dissertacoes__item-block\"><div class=\"teses-dissertacoes__titulo\"><span><a href=\"https:\/\/pos.uel.br\/fisica\/teses-dissertacoes\/simetrias-generalizadas-anomalias-e-sistemas-com-emaranhamento-de-longo-alcance\/\">Simetrias Generalizadas, Anomalias E Sistemas Com Emaranhamento De Longo Alcance<\/a><\/span><\/div><div class=\"teses-dissertacoes__resumo\"><span>Esta tese investiga a emerg\u00eancia de ordens topol\u00f3gicas a partir do empilhamento de fases de mat\u00e9ria protegidas por simetria (SPTs), explorando a rela\u00e7\u00e3o entre simetrias, anomalias e emaranhamento de longo alcance. Introduzimos a constru\u00e7\u00e3o por empilhamento an\u00f4malo (ASC), uma estrutura na qual a ordem topol\u00f3gica emerge deacoplamentos apropriados entre camadas SPT, guiados pela imposi\u00e7\u00e3o de anomalias mistas de \u2019t Hooft. Esta abordagem permite gerar fases topologicamente ordenadas em dimens\u00f5es superiores a partir de blocos elementares de baixa dimensionalidade. Como resultado central, constru\u00edmos e analisamos o c\u00f3digo Levin-Gu-Fracton (LGF), obtido aplicando o ASC ao modelo de Levin-Gu. O c\u00f3digo LGF apresenta excita\u00e7\u00f5es do tipo fracton e degeneresc\u00eancia do estado fundamental subextensiva, com restri\u00e7\u00f5es associadas a simetrias de subsistema e anomalias mistas. Tais caracter\u00edsticas indicam seu potencial como plataforma para o estudo de ordens topol\u00f3gicas do tipo fracton. Estudamos tamb\u00e9m a abordagem de fios qu\u00e2nticos aplicada \u00e0s fases de Hall qu\u00e2ntico fracion\u00e1rio, recuperando descri\u00e7\u00f5es de teoria de campo efetiva e conectando os resultados \u00e0 teoria de Chern-Simons e \u00e0s dualidades. Esta constru\u00e7\u00e3o reproduz os estados de Laughlin e sugere caminhos para a realiza\u00e7\u00e3o de fases topol\u00f3gicas n\u00e3o abelianas mais ex\u00f3ticas. Em conjunto, estas constru\u00e7\u00f5es contribuem para o entendimento de como simetrias e anomalias podem ser usadas como ferramentas na constru\u00e7\u00e3o de novas fases da mat\u00e9ria.<\/span><\/div><div class=\"teses-dissertacoes__mais\"><a href=\"https:\/\/pos.uel.br\/fisica\/teses-dissertacoes\/simetrias-generalizadas-anomalias-e-sistemas-com-emaranhamento-de-longo-alcance\/\">Ler mais<\/a><\/div><\/div><div class=\"teses-dissertacoes__item-block\"><div class=\"teses-dissertacoes__titulo\"><span><a href=\"https:\/\/pos.uel.br\/fisica\/teses-dissertacoes\/estudo-de-ceramicas-do-complexo-arqueologico-ventarron-collud-lambayeque-peru-utilizando-metodologias-nuclear-atomico-moleculares-e-analise-multivariada-exploratoria\/\">Estudo De Cer\u00e2micas Do Complexo Arqueol\u00f3gico Ventarr\u00f3n-Collud, Lambayeque \u2013 Peru, Utilizando Metodologias Nuclear-At\u00f4mico-Moleculares E An\u00e1lise Multivariada Explorat\u00f3ria<\/a><\/span><\/div><div class=\"teses-dissertacoes__resumo\"><span>As cer\u00e2micas, sendo os artefatos mais comuns em s\u00edtios arqueol\u00f3gicos, se destacam como ferramentas essenciais para auxiliar na compreens\u00e3o das sociedades antigas, devido \u00e0 sua durabilidade e resist\u00eancia \u00e0s condi\u00e7\u00f5es clim\u00e1ticas. Em raz\u00e3o da sua complexidade, a an\u00e1lise desses artefatos n\u00e3o se limita apenas \u00e0 diversidade de culturas e fun\u00e7\u00f5es, mas tamb\u00e9m abrange a variedade de materiais e tecnologias utilizadas em sua fabrica\u00e7\u00e3o, o que torna o estudo ainda mais desafiador. Este estudo tem como foco o Complexo Arqueol\u00f3gico Ventarr\u00f3n-Collud, localizado em Lambayeque, Peru, que engloba os s\u00edtios Huaca Zarp\u00e1n, Huaca Collud, Arenal e Huaca Ventarr\u00f3n. Situada em uma estreita faixa des\u00e9rtica entre a Cordilheira dos Andes e o Oceano Pac\u00edfico, essa regi\u00e3o \u00e9 altamente suscet\u00edvel ao fen\u00f4meno El Ni\u00f1o, sendo uma das \u00e1reas com maior estresse ambiental do planeta. Al\u00e9m disso, com uma hist\u00f3ria de mais de 4.000 anos, marcada por diversos ciclos de ocupa\u00e7\u00e3o e uma grande diversidade cultural, representa um desafio para os arque\u00f3logos. Para contribuir com os estudos destes s\u00edtios, 193 fragmentos cer\u00e2micos foram analisados por EDXRF (Fluoresc\u00eancia de Raios X por Dispers\u00e3o de Energia), XRD (Difra\u00e7\u00e3o de Raios X), FTIR (Espectroscopia no Infravermelho), espectrometria gama, com o aux\u00edlio da an\u00e1lise multivariada explorat\u00f3ria, e an\u00e1lise de fotomicrografias para estudo petrogr\u00e1fico. Os resultados indicaram semelhan\u00e7a na composi\u00e7\u00e3o elementar da pasta cer\u00e2mica dos artefatos, o que, apesar da variabilidade estil\u00edstica e de contexto de origem, sugere uma consist\u00eancia na escolha da mat\u00e9ria-prima e na caracter\u00edstica calc\u00e1ria da argila utilizada. Isso aponta que, ao longo dos s\u00e9culos, as fontes de argila e as adi\u00e7\u00f5es empregadas na manufatura dos artefatos permaneceram relativamente constantes. Por outro lado, as diferen\u00e7as mineral\u00f3gicas observadas por meio das t\u00e9cnicas moleculares e nuclear indicam que, embora as mat\u00e9rias primas sejam similares, as diferen\u00e7as observadas entre os conjuntos ocorreram possivelmente nas etapas subsequentes \u00e0 escolha da mat\u00e9ria prima. Provavelmente, durante a cozedura do artefato, pequenas varia\u00e7\u00f5es na temperatura de queima, atmosfera de coc\u00e7\u00e3o e resfriamento, resultaram nas diferen\u00e7as observadas. Tamb\u00e9m foi identificada uma diferen\u00e7a significativa nos processos de intemperismo entre os conjuntos Ventarr\u00f3n-Arenal e Collud-Zarp\u00e1n, que pode ser atribu\u00eddo ao ambiente deposicional distinto de cada local. Em rela\u00e7\u00e3o aos engobes e decora\u00e7\u00f5es, observa-se pouca variabilidade nos materiais utilizados na fabrica\u00e7\u00e3o das tintas vermelhas, sendo predominantemente \u00f3xidos de ferro. Quanto \u00e0 tinta preta, a maioria sugere o uso de \u00f3xido de ferro, e em um \u00fanico fragmento pode-se indicar o uso de \u00f3xido de mangan\u00eas ou ocre castanho. Em contrapartida, a tinta branca foi encontrada em maior quantidade de fragmentos, demonstrando uma maior diversidade de mat\u00e9rias-primas e misturas empregadas em sua produ\u00e7\u00e3o. As informa\u00e7\u00f5es espec\u00edficas obtidas a respeito desses artefatos t\u00eam suma import\u00e2ncia para auxiliar no desenvolvimento de hip\u00f3teses e teorias sobre os complexos sistemas organizacionais na Costa Norte peruana.<\/span><\/div><div class=\"teses-dissertacoes__mais\"><a href=\"https:\/\/pos.uel.br\/fisica\/teses-dissertacoes\/estudo-de-ceramicas-do-complexo-arqueologico-ventarron-collud-lambayeque-peru-utilizando-metodologias-nuclear-atomico-moleculares-e-analise-multivariada-exploratoria\/\">Ler mais<\/a><\/div><\/div><div class=\"teses-dissertacoes__item-block\"><div class=\"teses-dissertacoes__titulo\"><span><a href=\"https:\/\/pos.uel.br\/fisica\/teses-dissertacoes\/integradores-de-linha-de-visada-para-universos-de-bianchi-quase-isotropicos\/\">Integradores De Linha-De-Visada Para Universos De Bianchi Quase-Isotropicos<\/a><\/span><\/div><div class=\"teses-dissertacoes__resumo\"><span>&quot;Nas \u00faltimas d\u00e9cadas, a hip\u00f3tese de isotropia c\u00f3smica vem sendo sujeita a escrut\u00ednio. Dados ob-\r\nservacionais favorecem-na, mas pequenos graus de anisotropias intr\u00ednsecas da geometria ainda\r\nn\u00e3o podem ser descartados. Conforme os experimentos se tornam mais precisos, novas ferra-\r\nmentas se fazem necess\u00e1rias para esse tipo de an\u00e1lise. Neste contexto, introduzimos dois pro-\r\ngramas, AniCLASS e AniLoS, que calculam, utilizando m\u00e9todo da integral na Linha-de-visada,\r\nos efeitos deixados na Radia\u00e7\u00e3o C\u00f3smica de Fundo por uma classe de modelos cosmol\u00f3gicos\r\nhomogeneos. O software \u00e9 baseado na correspond\u00eancia entre modelos de Bianchi e pertur-\r\nba\u00e7\u00f5es homog\u00eaneas da m\u00e9trica FLRW. Neste trabalho, apresentamos um resumo sobre todos\r\nos m\u00e9todos nos quais os programas s\u00e3o baseados: a f\u00edsica da teoria de perturba\u00e7\u00f5es em FLRW,\r\na din\u00e2mica de modelos de Bianchi linearizados e suas conex\u00f5es com perturba\u00e7\u00f5es em FLRW,\r\ne a evolu\u00e7\u00e3o dos f\u00f3tons da Radia\u00e7\u00e3o C\u00f3smica de Fundo. Tamb\u00e9m analisamos suas estruturas\r\ne produtos. As ferramentas aqui propostas pavimentam a busca pela geometria do universo a\r\npartir de dados da pr\u00f3xima gera\u00e7\u00e3o de sondas da Radia\u00e7\u00e3o C\u00f3smica de Fundo.&quot;<\/span><\/div><div class=\"teses-dissertacoes__mais\"><a href=\"https:\/\/pos.uel.br\/fisica\/teses-dissertacoes\/integradores-de-linha-de-visada-para-universos-de-bianchi-quase-isotropicos\/\">Ler mais<\/a><\/div><\/div><\/div><\/div>\n\n\n\n<figure class=\"wp-block-embed is-type-video is-provider-youtube wp-block-embed-youtube wp-embed-aspect-16-9 wp-has-aspect-ratio\"><div class=\"wp-block-embed__wrapper\">\n<iframe loading=\"lazy\" title=\"V\u00eddeo Institucional - UEL - Portugu\u00eas\/Legenda\/Libras\" width=\"640\" height=\"360\" src=\"https:\/\/www.youtube.com\/embed\/dPsctr58qGU?list=PLDZ6BN2nohiU1bUAeTAEztjw6GIy-8Bci\" frameborder=\"0\" allow=\"accelerometer; autoplay; clipboard-write; encrypted-media; gyroscope; picture-in-picture; web-share\" referrerpolicy=\"strict-origin-when-cross-origin\" allowfullscreen><\/iframe>\n<\/div><\/figure>\n<\/div>\n<\/div>\n\n\n\n<div class=\"wp-block-columns is-layout-flex wp-container-core-columns-is-layout-9d6595d7 wp-block-columns-is-layout-flex\">\n<div class=\"wp-block-column is-layout-flow wp-block-column-is-layout-flow\">\n<figure class=\"wp-block-image size-full\"><img loading=\"lazy\" decoding=\"async\" width=\"2560\" height=\"1308\" src=\"https:\/\/pos.uel.br\/fisica\/wp-content\/uploads\/2026\/01\/LogoPPG_Nota5-scaled.jpg\" alt=\"\" class=\"wp-image-1387\" srcset=\"https:\/\/pos.uel.br\/fisica\/wp-content\/uploads\/2026\/01\/LogoPPG_Nota5-scaled.jpg 2560w, https:\/\/pos.uel.br\/fisica\/wp-content\/uploads\/2026\/01\/LogoPPG_Nota5-300x153.jpg 300w, https:\/\/pos.uel.br\/fisica\/wp-content\/uploads\/2026\/01\/LogoPPG_Nota5-1024x523.jpg 1024w, https:\/\/pos.uel.br\/fisica\/wp-content\/uploads\/2026\/01\/LogoPPG_Nota5-768x392.jpg 768w, https:\/\/pos.uel.br\/fisica\/wp-content\/uploads\/2026\/01\/LogoPPG_Nota5-1536x785.jpg 1536w, https:\/\/pos.uel.br\/fisica\/wp-content\/uploads\/2026\/01\/LogoPPG_Nota5-2048x1046.jpg 2048w\" sizes=\"auto, (max-width: 2560px) 100vw, 2560px\" \/><\/figure>\n<\/div>\n\n\n\n<div class=\"wp-block-column is-layout-flow wp-block-column-is-layout-flow\">\n<figure class=\"wp-block-image size-full is-resized\"><a href=\"http:\/\/www.uel.br\/proppg\/portal\/\"><img loading=\"lazy\" decoding=\"async\" width=\"304\" height=\"119\" src=\"https:\/\/pos.uel.br\/fisica\/wp-content\/uploads\/2021\/09\/proppg.png\" alt=\"\" class=\"wp-image-598\" style=\"width:143px;height:55px\" srcset=\"https:\/\/pos.uel.br\/fisica\/wp-content\/uploads\/2021\/09\/proppg.png 304w, https:\/\/pos.uel.br\/fisica\/wp-content\/uploads\/2021\/09\/proppg-300x117.png 300w\" sizes=\"auto, (max-width: 304px) 100vw, 304px\" \/><\/a><\/figure>\n<\/div>\n\n\n\n<div class=\"wp-block-column is-layout-flow wp-block-column-is-layout-flow\">\n<figure class=\"wp-block-image size-full\"><a href=\"http:\/\/www.fappr.pr.gov.br\/\"><img loading=\"lazy\" decoding=\"async\" width=\"512\" height=\"204\" src=\"https:\/\/pos.uel.br\/fisica\/wp-content\/uploads\/2021\/09\/faraucaria.png\" alt=\"\" class=\"wp-image-596\" srcset=\"https:\/\/pos.uel.br\/fisica\/wp-content\/uploads\/2021\/09\/faraucaria.png 512w, https:\/\/pos.uel.br\/fisica\/wp-content\/uploads\/2021\/09\/faraucaria-300x120.png 300w\" sizes=\"auto, (max-width: 512px) 100vw, 512px\" \/><\/a><\/figure>\n<\/div>\n\n\n\n<div class=\"wp-block-column is-layout-flow wp-block-column-is-layout-flow\">\n<figure class=\"wp-block-image size-full is-resized\"><a href=\"https:\/\/www.gov.br\/cnpq\/pt-br\"><img decoding=\"async\" src=\"https:\/\/pos.uel.br\/fisica\/wp-content\/uploads\/2021\/09\/CNPq.png\" alt=\"\" class=\"wp-image-585\" style=\"width:112px;height:84px\" \/><\/a><\/figure>\n<\/div>\n\n\n\n<div class=\"wp-block-column is-layout-flow wp-block-column-is-layout-flow\">\n<figure class=\"wp-block-image size-full is-resized\"><a href=\"https:\/\/www.gov.br\/capes\/pt-br\"><img loading=\"lazy\" decoding=\"async\" width=\"850\" height=\"848\" src=\"https:\/\/pos.uel.br\/fisica\/wp-content\/uploads\/2021\/09\/logo-original-fundo-claro.jpg\" alt=\"\" class=\"wp-image-583\" style=\"width:114px;height:113px\" srcset=\"https:\/\/pos.uel.br\/fisica\/wp-content\/uploads\/2021\/09\/logo-original-fundo-claro.jpg 850w, https:\/\/pos.uel.br\/fisica\/wp-content\/uploads\/2021\/09\/logo-original-fundo-claro-300x300.jpg 300w, https:\/\/pos.uel.br\/fisica\/wp-content\/uploads\/2021\/09\/logo-original-fundo-claro-150x150.jpg 150w, https:\/\/pos.uel.br\/fisica\/wp-content\/uploads\/2021\/09\/logo-original-fundo-claro-768x766.jpg 768w\" sizes=\"auto, (max-width: 850px) 100vw, 850px\" \/><\/a><\/figure>\n<\/div>\n\n\n\n<div class=\"wp-block-column is-layout-flow wp-block-column-is-layout-flow\">\n<div class=\"wp-block-group\"><div class=\"wp-block-group__inner-container is-layout-flow wp-block-group-is-layout-flow\">\n<figure class=\"wp-block-image size-full is-resized\"><a href=\"http:\/\/www.sbfisica.org.br\/v1\/home\/index.php\/pt\/\"><img loading=\"lazy\" decoding=\"async\" width=\"438\" height=\"115\" src=\"https:\/\/pos.uel.br\/fisica\/wp-content\/uploads\/2021\/09\/sbf.png\" alt=\"\" class=\"wp-image-589\" style=\"width:170px;height:55px\" srcset=\"https:\/\/pos.uel.br\/fisica\/wp-content\/uploads\/2021\/09\/sbf.png 438w, https:\/\/pos.uel.br\/fisica\/wp-content\/uploads\/2021\/09\/sbf-300x79.png 300w\" sizes=\"auto, (max-width: 438px) 100vw, 438px\" \/><\/a><\/figure>\n<\/div><\/div>\n<\/div>\n\n\n\n<div class=\"wp-block-column is-layout-flow wp-block-column-is-layout-flow\"><\/div>\n<\/div>\n\n\n\n<p><\/p>\n","protected":false},"excerpt":{"rendered":"","protected":false},"author":4,"featured_media":0,"parent":0,"menu_order":0,"comment_status":"closed","ping_status":"closed","template":"page-templates\/template-without-title.php","meta":{"_acf_changed":false,"footnotes":""},"class_list":["post-251","page","type-page","status-publish","hentry"],"acf":[],"_links":{"self":[{"href":"https:\/\/pos.uel.br\/fisica\/wp-json\/wp\/v2\/pages\/251","targetHints":{"allow":["GET"]}}],"collection":[{"href":"https:\/\/pos.uel.br\/fisica\/wp-json\/wp\/v2\/pages"}],"about":[{"href":"https:\/\/pos.uel.br\/fisica\/wp-json\/wp\/v2\/types\/page"}],"author":[{"embeddable":true,"href":"https:\/\/pos.uel.br\/fisica\/wp-json\/wp\/v2\/users\/4"}],"replies":[{"embeddable":true,"href":"https:\/\/pos.uel.br\/fisica\/wp-json\/wp\/v2\/comments?post=251"}],"version-history":[{"count":114,"href":"https:\/\/pos.uel.br\/fisica\/wp-json\/wp\/v2\/pages\/251\/revisions"}],"predecessor-version":[{"id":1439,"href":"https:\/\/pos.uel.br\/fisica\/wp-json\/wp\/v2\/pages\/251\/revisions\/1439"}],"wp:attachment":[{"href":"https:\/\/pos.uel.br\/fisica\/wp-json\/wp\/v2\/media?parent=251"}],"curies":[{"name":"wp","href":"https:\/\/api.w.org\/{rel}","templated":true}]}}