{"id":182,"date":"2021-06-09T17:15:33","date_gmt":"2021-06-09T20:15:33","guid":{"rendered":"https:\/\/pos.uel.br\/fisica\/?page_id=182"},"modified":"2021-06-09T22:27:40","modified_gmt":"2021-06-10T01:27:40","slug":"fisica-da-materia-condensada","status":"publish","type":"page","link":"https:\/\/pos.uel.br\/fisica\/posts\/grupos-de-pesquisa\/fisica-da-materia-condensada\/","title":{"rendered":"F\u00edsica da Mat\u00e9ria Condensada"},"content":{"rendered":"\n<p>A \u00e1rea de F\u00edsica da Mat\u00e9ria Condensada possui pesquisadores atuando em diversas linhas, com \u00eanfase na investiga\u00e7\u00e3o das propriedades de novos materiais e sua aplica\u00e7\u00e3o em uma variedade de dispositivos. H\u00e1 na \u00e1rea uma predomin\u00e2ncia da atividade experimental, mas tamb\u00e9m s\u00e3o exploradas as propriedades de estruturas moleculares atrav\u00e9s de simula\u00e7\u00f5es computacionais, bem como os aspectos reol\u00f3gicos e termodin\u00e2micos de cristais l\u00edquidos. Para isso, os pesquisadores contam com uma infraestrutura em termos de equipamentos e t\u00e9cnicas dispon\u00edveis em laborat\u00f3rios de pesquisa, tanto aqueles localizados no pr\u00f3prio departamento de F\u00edsica, quanto nos laborat\u00f3rios multiusu\u00e1rios gerenciados pela Pr\u00f3-Reitora de Pesquisa e P\u00f3s-Gradua\u00e7\u00e3o (PROPPG). H\u00e1 tamb\u00e9m a colabora\u00e7\u00e3o com outros departamentos da universidade, tais como o Dep. de Qu\u00edmica, Biologia e Bioqu\u00edmica e Biotecnologia, al\u00e9m da participa\u00e7\u00e3o de pesquisadores em redes estadual e nacional, como o Hub de Nanotecnologia do Paran\u00e1 e o Instituto Nacional de Eletr\u00f4nica Org\u00e2nica (INEO). Os temas de pesquisa do grupo de mat\u00e9ria condensada incluem os seguintes t\u00f3picos:<\/p>\n\n\n\n<ul class=\"wp-block-list\"><li>Ci\u00eancia e Tecnologia de Filmes Finos<\/li><li>Espectroscopia \u00f3ptica<\/li><li>Opto-eletroqu\u00edmica e \u00f3tica de semicondutores<\/li><li>Fotof\u00edsica de heteroestruturas semicondutoras<\/li><li>Propriedades \u00f3pticas e espectrosc\u00f3picas de nanoestruturas semicondutoras<\/li><li>Resson\u00e2ncia Paramagn\u00e9tica Eletr\u00f4nica aplicada a materiais, pol\u00edmeros e nanocompostos<\/li><li>Fotof\u00edsica de pol\u00edmeros semicondutores<\/li><li> F\u00edsica At\u00f4mica e molecular<\/li><li>Din\u00e2mica molecular de l\u00edquidos<\/li><li>F\u00edsica de cristais l\u00edquidos<\/li><li>Produ\u00e7\u00e3o e caracteriza\u00e7\u00e3o de filmes finos<\/li><li>Produ\u00e7\u00e3o e caracteriza\u00e7\u00e3o de dispositivos eletro-\u00f3pticos<\/li><li>Reciclagem de baterias de \u00edon-l\u00edtio descartadas <\/li><li>Ci\u00eancia e tecnologia do v\u00e1cuo<\/li><li>Cristalografia<\/li><\/ul>\n","protected":false},"excerpt":{"rendered":"<p>A \u00e1rea de F\u00edsica da Mat\u00e9ria Condensada possui pesquisadores atuando em diversas linhas, com \u00eanfase na investiga\u00e7\u00e3o das propriedades de novos materiais e sua aplica\u00e7\u00e3o em uma variedade de dispositivos. H\u00e1 na \u00e1rea uma predomin\u00e2ncia da atividade experimental, mas tamb\u00e9m s\u00e3o exploradas as propriedades de estruturas moleculares atrav\u00e9s de simula\u00e7\u00f5es computacionais, bem como os aspectos [&hellip;]<\/p>\n","protected":false},"author":8,"featured_media":0,"parent":61,"menu_order":0,"comment_status":"closed","ping_status":"closed","template":"","meta":{"_acf_changed":false,"footnotes":""},"class_list":["post-182","page","type-page","status-publish","hentry"],"acf":[],"_links":{"self":[{"href":"https:\/\/pos.uel.br\/fisica\/wp-json\/wp\/v2\/pages\/182","targetHints":{"allow":["GET"]}}],"collection":[{"href":"https:\/\/pos.uel.br\/fisica\/wp-json\/wp\/v2\/pages"}],"about":[{"href":"https:\/\/pos.uel.br\/fisica\/wp-json\/wp\/v2\/types\/page"}],"author":[{"embeddable":true,"href":"https:\/\/pos.uel.br\/fisica\/wp-json\/wp\/v2\/users\/8"}],"replies":[{"embeddable":true,"href":"https:\/\/pos.uel.br\/fisica\/wp-json\/wp\/v2\/comments?post=182"}],"version-history":[{"count":3,"href":"https:\/\/pos.uel.br\/fisica\/wp-json\/wp\/v2\/pages\/182\/revisions"}],"predecessor-version":[{"id":249,"href":"https:\/\/pos.uel.br\/fisica\/wp-json\/wp\/v2\/pages\/182\/revisions\/249"}],"up":[{"embeddable":true,"href":"https:\/\/pos.uel.br\/fisica\/wp-json\/wp\/v2\/pages\/61"}],"wp:attachment":[{"href":"https:\/\/pos.uel.br\/fisica\/wp-json\/wp\/v2\/media?parent=182"}],"curies":[{"name":"wp","href":"https:\/\/api.w.org\/{rel}","templated":true}]}}