{"id":180,"date":"2021-06-09T17:14:58","date_gmt":"2021-06-09T20:14:58","guid":{"rendered":"https:\/\/pos.uel.br\/fisica\/?page_id=180"},"modified":"2021-06-09T17:59:14","modified_gmt":"2021-06-09T20:59:14","slug":"fisica-nuclear-aplicada","status":"publish","type":"page","link":"https:\/\/pos.uel.br\/fisica\/posts\/grupos-de-pesquisa\/fisica-nuclear-aplicada\/","title":{"rendered":"F\u00edsica Nuclear Aplicada"},"content":{"rendered":"\n<p>A hist\u00f3ria do Grupo de F\u00edsica Nuclear Aplicada (<a href=\"http:\/\/www.fisica.uel.br\/gfna\" data-type=\"URL\" data-id=\"www.fisica.uel.br\/gfna\" target=\"_blank\" rel=\"noreferrer noopener\">GFNA<\/a>) da UEL, iniciada em 1977, se entrela\u00e7a com a do pr\u00f3prio Departamento de F\u00edsica, e, em especial, com a hist\u00f3ria da implanta\u00e7\u00e3o e desenvolvimento das atividades de pesquisa na UEL. Al\u00e9m da estrutura\u00e7\u00e3o do Grupo, do laborat\u00f3rio e da produ\u00e7\u00e3o cient\u00edfica, o GFNA contribui com a forma\u00e7\u00e3o de recursos humanos desde a inicia\u00e7\u00e3o cient\u00edfica j\u00fanior at\u00e9 o p\u00f3s-doutorado. Como o grupo desenvolve pesquisas aplicadas, a maioria dos projetos \u00e9 multidisciplinar. S\u00e3o desenvolvidos projetos nas \u00e1reas de Arqueometria, Meio Ambiente, Alimentos, Forense, Agronomia, Odontologia, Ci\u00eancia dos Materiais, entre outros. Existe uma rede de colabora\u00e7\u00f5es com qu\u00edmicos, bi\u00f3logos, arque\u00f3logos, restauradores, policiais, agr\u00f4nomos, engenheiros civis e de alimentos, dentistas, entre outros. Somado a isso, todos os professores do GFNA s\u00e3o membros e um deles \u00e9 parte do Comit\u00ea Gestor do INCT-FNA (Instituto Nacional de Ci\u00eancia e Tecnologia &#8211; F\u00edsica Nuclear e Aplica\u00e7\u00f5es). Dentre as atuais colabora\u00e7\u00f5es na \u00e1rea de12 Relat\u00f3rio Quadrienal \u2013 PPG-F\u00edsica Arqueometria, destacamos no pa\u00eds as atividades com o Museu Paranaense (MUPA) desde 1997, com o Museu de Arqueologia e Etnologia (MAE) da USP\/SP desde 2003, com o Centro Brasileiro de Pesquisas F\u00edsica (CBPF) desde 2006 e com o Museu de Arte de S\u00e3o Paulo (MASP) desde 2008, dentre outros museus brasileiros; no \u00e2mbito internacional destacam-se as colabora\u00e7\u00f5es com Dr. Roberto Cesareo, professor s\u00eanior da Universit\u00e0 di Sassari e a Dra. Maria Filomena Guerra (CNRS Fran\u00e7a). O grupo atua em v\u00e1rias \u00e1reas de aplica\u00e7\u00f5es atrav\u00e9s de seis linhas de pesquisa:<\/p>\n\n\n\n<ul class=\"wp-block-list\"><li>Transmiss\u00e3o e espalhamento de raios gama<\/li><li>Espectrometia de raios gama<\/li><li>Microtomografia com raios X<\/li><li>Porosimetria de merc\u00fario<\/li><li>Fluoresc\u00eancia de raios X (EDXRF, PXRF, TXRF, WDXRF)<\/li><li>Espectroscopia Raman<\/li><\/ul>\n\n\n\n<p><\/p>\n","protected":false},"excerpt":{"rendered":"<p>A hist\u00f3ria do Grupo de F\u00edsica Nuclear Aplicada (GFNA) da UEL, iniciada em 1977, se entrela\u00e7a com a do pr\u00f3prio Departamento de F\u00edsica, e, em especial, com a hist\u00f3ria da implanta\u00e7\u00e3o e desenvolvimento das atividades de pesquisa na UEL. Al\u00e9m da estrutura\u00e7\u00e3o do Grupo, do laborat\u00f3rio e da produ\u00e7\u00e3o cient\u00edfica, o GFNA contribui com a [&hellip;]<\/p>\n","protected":false},"author":8,"featured_media":0,"parent":61,"menu_order":0,"comment_status":"closed","ping_status":"closed","template":"","meta":{"_acf_changed":false,"footnotes":""},"class_list":["post-180","page","type-page","status-publish","hentry"],"acf":[],"_links":{"self":[{"href":"https:\/\/pos.uel.br\/fisica\/wp-json\/wp\/v2\/pages\/180","targetHints":{"allow":["GET"]}}],"collection":[{"href":"https:\/\/pos.uel.br\/fisica\/wp-json\/wp\/v2\/pages"}],"about":[{"href":"https:\/\/pos.uel.br\/fisica\/wp-json\/wp\/v2\/types\/page"}],"author":[{"embeddable":true,"href":"https:\/\/pos.uel.br\/fisica\/wp-json\/wp\/v2\/users\/8"}],"replies":[{"embeddable":true,"href":"https:\/\/pos.uel.br\/fisica\/wp-json\/wp\/v2\/comments?post=180"}],"version-history":[{"count":4,"href":"https:\/\/pos.uel.br\/fisica\/wp-json\/wp\/v2\/pages\/180\/revisions"}],"predecessor-version":[{"id":203,"href":"https:\/\/pos.uel.br\/fisica\/wp-json\/wp\/v2\/pages\/180\/revisions\/203"}],"up":[{"embeddable":true,"href":"https:\/\/pos.uel.br\/fisica\/wp-json\/wp\/v2\/pages\/61"}],"wp:attachment":[{"href":"https:\/\/pos.uel.br\/fisica\/wp-json\/wp\/v2\/media?parent=180"}],"curies":[{"name":"wp","href":"https:\/\/api.w.org\/{rel}","templated":true}]}}