{"id":10,"date":"2021-04-29T13:56:29","date_gmt":"2021-04-29T16:56:29","guid":{"rendered":"https:\/\/pos.uel.br\/fisica\/?page_id=10"},"modified":"2021-09-21T10:43:47","modified_gmt":"2021-09-21T13:43:47","slug":"historico","status":"publish","type":"page","link":"https:\/\/pos.uel.br\/fisica\/posts\/sobre-o-programa\/historico\/","title":{"rendered":"Hist\u00f3rico, miss\u00e3o e objetivos"},"content":{"rendered":"\n<p class=\"has-text-align-left\">O Programa de Mestrado Acad\u00eamico do Departamento de F\u00edsica da UEL existe desde 1996. Em 2000 come\u00e7ou a funcionar o Programa de Doutorado Acad\u00eamico Associado, ent\u00e3o composto por docentes dos Departamentos de F\u00edsica da UEL e da UEM (Universidade Estadual de Maring\u00e1), o qual manteve-se neste formato at\u00e9 2008. <\/p>\n\n\n\n<p class=\"has-text-align-left\">Em 2009 o Departamento de F\u00edsica da UEL tem aprovada sua proposta de um programa de Doutorado independente, o qual est\u00e1 em pleno funcionamento desde ent\u00e3o. Em sua primeira d\u00e9cada de atua\u00e7\u00e3o conjunta, o Programa de Mestrado e Doutorado em F\u00edsica (PPG-F\u00edsica) da UEL passou por v\u00e1rios desafios e in\u00fameras conquistas. Apesar das dificuldades pol\u00edtica, geogr\u00e1fica e econ\u00f4mica, a atua\u00e7\u00e3o en\u00e9rgica dos membros do programa contribuiu para que este se estabelecesse como uma refer\u00eancia no interior dos Estados do Paran\u00e1 e S\u00e3o Paulo, sendo tamb\u00e9m reconhecido por estudantes e pesquisadores de pa\u00edses lim\u00edtrofes ao Brasil, notadamente a Col\u00f4mbia, Paraguai e Venezuela. <\/p>\n\n\n\n<p class=\"has-text-align-left\">Hoje, o PPG-F\u00edsica se destaca pela concentra\u00e7\u00e3o de jovens e atuantes doutores, em boa parte bolsistas de produtividade, e com forte inser\u00e7\u00e3o em suas respectivas \u00e1reas de pesquisa.<\/p>\n\n\n\n<p>A miss\u00e3o do PPG-F\u00edsica da UEL \u00e9 formar recursos humanos de alto n\u00edvel, capazes de atuar de forma protagonista em desafios de fronteira da f\u00edsica, tanto em suas \u00e1reas puras como aplicadas. Os objetivos do Programa s\u00e3o:<\/p>\n\n\n\n<ul class=\"wp-block-list\"><li>Preparar recursos humanos de alto n\u00edvel para o ensino e a pesquisa;<\/li><li>Contribuir para a gera\u00e7\u00e3o de novos conhecimentos nas \u00e1reas de F\u00edsica Fundamental, F\u00edsica Aplicada e suas tecnologias;<\/li><li>Completar e aperfei\u00e7oar a forma\u00e7\u00e3o dos diplomados no curso de gradua\u00e7\u00e3o em F\u00edsica e \u00e1reas afins;<\/li><li>Contribuir para o fortalecimento da pesquisa cient\u00edfica no Paran\u00e1;<\/li><\/ul>\n\n\n\n<p><\/p>\n","protected":false},"excerpt":{"rendered":"<p>O Programa de Mestrado Acad\u00eamico do Departamento de F\u00edsica da UEL existe desde 1996. Em 2000 come\u00e7ou a funcionar o Programa de Doutorado Acad\u00eamico Associado, ent\u00e3o composto por docentes dos Departamentos de F\u00edsica da UEL e da UEM (Universidade Estadual de Maring\u00e1), o qual manteve-se neste formato at\u00e9 2008. Em 2009 o Departamento de F\u00edsica [&hellip;]<\/p>\n","protected":false},"author":7,"featured_media":0,"parent":8,"menu_order":0,"comment_status":"closed","ping_status":"closed","template":"","meta":{"_acf_changed":false,"footnotes":""},"class_list":["post-10","page","type-page","status-publish","hentry"],"acf":[],"_links":{"self":[{"href":"https:\/\/pos.uel.br\/fisica\/wp-json\/wp\/v2\/pages\/10","targetHints":{"allow":["GET"]}}],"collection":[{"href":"https:\/\/pos.uel.br\/fisica\/wp-json\/wp\/v2\/pages"}],"about":[{"href":"https:\/\/pos.uel.br\/fisica\/wp-json\/wp\/v2\/types\/page"}],"author":[{"embeddable":true,"href":"https:\/\/pos.uel.br\/fisica\/wp-json\/wp\/v2\/users\/7"}],"replies":[{"embeddable":true,"href":"https:\/\/pos.uel.br\/fisica\/wp-json\/wp\/v2\/comments?post=10"}],"version-history":[{"count":11,"href":"https:\/\/pos.uel.br\/fisica\/wp-json\/wp\/v2\/pages\/10\/revisions"}],"predecessor-version":[{"id":234,"href":"https:\/\/pos.uel.br\/fisica\/wp-json\/wp\/v2\/pages\/10\/revisions\/234"}],"up":[{"embeddable":true,"href":"https:\/\/pos.uel.br\/fisica\/wp-json\/wp\/v2\/pages\/8"}],"wp:attachment":[{"href":"https:\/\/pos.uel.br\/fisica\/wp-json\/wp\/v2\/media?parent=10"}],"curies":[{"name":"wp","href":"https:\/\/api.w.org\/{rel}","templated":true}]}}