{"id":516,"date":"2022-07-07T08:41:27","date_gmt":"2022-07-07T11:41:27","guid":{"rendered":"https:\/\/pos.uel.br\/filosofia\/?page_id=516"},"modified":"2026-02-01T16:57:37","modified_gmt":"2026-02-01T19:57:37","slug":"estudante-especial-de-outras-ies","status":"publish","type":"page","link":"https:\/\/pos.uel.br\/filosofia\/estudante-especial-de-outras-ies\/","title":{"rendered":"Estudante Especial de outras IES"},"content":{"rendered":"\n<p class=\"has-primary-accent-color has-text-color has-medium-font-size\"><strong>Matr\u00edcula em disciplina(s) para Estudante Especiais de outras IES <strong>(Mestrado e Doutorado)<\/strong><\/strong><\/p>\n\n\n\n<p><strong>MATR\u00cdCULA EM DISCIPLINA\/S &#8211; ALUNO DE MESTRADO\/DOUTORADO DE OUTRA INSTITUI\u00c7\u00c3O<\/strong><\/p>\n\n\n\n<p><strong>MATRICULADO EM PROGRAMA&nbsp;<\/strong><strong><em>STRICTO SENSU<\/em><\/strong><strong>&nbsp;DE OUTRA IES<\/strong><\/p>\n\n\n\n<p>O Regulamento Geral dos cursos&nbsp;<em>Stricto Sensu<\/em>&nbsp;da UEL \u2013 Universidade Estadual de Londrina disp\u00f5e, em seu art. 27, que estudantes regularmente matriculados em Cursos\/Programas de outras IES, devidamente reconhecidos pela CAPES, poder\u00e3o cursar disciplinas como estudante especial, ofertadas a qualquer momento no per\u00edodo letivo pelos Programas da UEL, desde que sejam autorizados pelo docente respons\u00e1vel da disciplina e pelo Coordenador do Programa.&nbsp;<\/p>\n\n\n\n<p>O quadro de hor\u00e1rios com as disciplinas do primeiro semestre de 2026 segue abaixo:<\/p>\n\n\n\n<p>O primeiro per\u00edodo letivo de 2026 corresponde ao intervalo de 16 de mar\u00e7o a 31 de julho de 2026.<\/p>\n\n\n\n<figure class=\"wp-block-table\"><table class=\"has-fixed-layout\"><tbody><tr><td><strong>NOME DO DOCENTE<\/strong><\/td><td><strong>DISCIPLINA PRESENCIAL<\/strong><\/td><td><strong>DIA DA SEMANA<\/strong><\/td><td><strong>HOR\u00c1RIO<\/strong><\/td><\/tr><tr><td>Aguinaldo Antonio Cavalheiro Pav\u00e3o<\/td><td>2 FIL 280 &#8211; T\u00f3picos Especiais em Filosofia: Responsabilidade Moral em Kant e Schopenhauer &#8211; 4 cr 60 h<\/td><td>Ter\u00e7a-feira<\/td><td>14h &#8211; 18h<\/td><\/tr><tr><td>Charles Feldhaus<\/td><td>2 FIL 243 &#8211; \u00c9tica I &#8211; 4 cr 60 h<\/td><td>Quinta-feira<\/td><td>14h &#8211; 18h<\/td><\/tr><tr><td>F\u00e1bio Cesar Scherer<\/td><td>2 FIL 279 &#8211; T\u00f3picos Especiais em Filosofia: Descartes e Kant: heur\u00edstico &#8211; 4 cr 60 h<\/td><td>Quinta-feira<\/td><td>8h &#8211; 12h<\/td><\/tr><tr><td>Gelson Liston<\/td><td>2 FIL 239 &#8211; Conhecimento I &#8211; 4 cr 60 h<\/td><td>Ter\u00e7a-feira<\/td><td>8h &#8211; 12h<\/td><\/tr><tr><td>Marcos Alexandre Gomes Nalli<\/td><td>2 FIL 242 &#8211; Subjetividade II &#8211; 4 cr 60 h<\/td><td>Ter\u00e7a-feira<\/td><td>14h &#8211; 18h<\/td><\/tr><\/tbody><\/table><\/figure>\n\n\n\n<p>Acesse o link abaixo e localize a ementa da disciplina no ANEXO DA DELIBERA\u00c7\u00c3O \u2013 Colegiado PPG Stricto sensu N\u00ba 003\/2023:<\/p>\n\n\n\n<p><a href=\"https:\/\/pos.uel.br\/filosofia\/wp-content\/uploads\/2023\/05\/Reest-PPG-Filosofia-2023-Delib-03-2023.pdf\">PPGFIL &#8211; Programa de P\u00f3s-Gradua\u00e7\u00e3o em Filosofia<\/a><\/p>\n\n\n\n<p>Para fins de requerimento de disciplina\/s, faz-se obrigat\u00f3rio o que segue:<\/p>\n\n\n\n<ol class=\"wp-block-list\">\n<li><strong>Preencher o Requerimento de Matr\u00edcula &#8211; Estudante de Outra Institui\u00e7\u00e3o (Formul\u00e1rio Online), dispon\u00edvel <\/strong><a href=\"https:\/\/forms.gle\/oZcwB6R71AFnRcDG8\"><strong>AQUI Clicar<\/strong><\/a><strong>. Para preenchimento, tenha em m\u00e3os seus documentos pessoais, dados acad\u00eamicos da Gradua\u00e7\u00e3o, p\u00f3s-gradua\u00e7\u00e3o, endere\u00e7o.<\/strong><\/li>\n\n\n\n<li>anexar ao Requerimento o comprovante de matr\u00edcula da Institui\u00e7\u00e3o de origem, digitalizado em formato PDF;<\/li>\n\n\n\n<li>anexar ao Requerimento uma carta do\/a orientador\/a recomendando a realiza\u00e7\u00e3o da\/s disciplina\/s (descrever o c\u00f3digo e nome da disciplina a ser requerida), digitalizada em formato PDF<\/li>\n<\/ol>\n\n\n\n<p>O prazo para requerer a matr\u00edcula em disciplina\/s \u00e9<strong> dia 27 de fevereiro de 2026.&nbsp;<\/strong><\/p>\n\n\n\n<ol class=\"wp-block-list\">\n<li>Ap\u00f3s clicar em ENVIAR o Formul\u00e1rio Online voc\u00ea receber\u00e1 em seu e-mail c\u00f3pia das respostas ao Formul\u00e1rio como comprovante do envio.<\/li>\n<\/ol>\n\n\n\n<p>Recebido o pedido, \u00e0 Coordena\u00e7\u00e3o do Curso\/Programa caber\u00e1 a an\u00e1lise. O resultado do pedido ser\u00e1 informado, por e-mail, ao requerente, no prazo de 5 dias.<\/p>\n\n\n\n<p>Coordena\u00e7\u00e3o do Programa de P\u00f3s-gradua\u00e7\u00e3o<\/p>\n\n\n\n<p><\/p>\n","protected":false},"excerpt":{"rendered":"<p>Matr\u00edcula em disciplina(s) para Estudante Especiais de outras IES (Mestrado e Doutorado) MATR\u00cdCULA EM DISCIPLINA\/S &#8211; ALUNO DE MESTRADO\/DOUTORADO DE OUTRA INSTITUI\u00c7\u00c3O MATRICULADO EM PROGRAMA&nbsp;STRICTO SENSU&nbsp;DE OUTRA IES O Regulamento Geral dos cursos&nbsp;Stricto Sensu&nbsp;da UEL \u2013 Universidade Estadual de Londrina disp\u00f5e, em seu art. 27, que estudantes regularmente matriculados em Cursos\/Programas de outras IES, devidamente [&hellip;]<\/p>\n","protected":false},"author":16,"featured_media":0,"parent":0,"menu_order":0,"comment_status":"closed","ping_status":"closed","template":"","meta":{"footnotes":""},"class_list":["post-516","page","type-page","status-publish","hentry"],"_links":{"self":[{"href":"https:\/\/pos.uel.br\/filosofia\/wp-json\/wp\/v2\/pages\/516","targetHints":{"allow":["GET"]}}],"collection":[{"href":"https:\/\/pos.uel.br\/filosofia\/wp-json\/wp\/v2\/pages"}],"about":[{"href":"https:\/\/pos.uel.br\/filosofia\/wp-json\/wp\/v2\/types\/page"}],"author":[{"embeddable":true,"href":"https:\/\/pos.uel.br\/filosofia\/wp-json\/wp\/v2\/users\/16"}],"replies":[{"embeddable":true,"href":"https:\/\/pos.uel.br\/filosofia\/wp-json\/wp\/v2\/comments?post=516"}],"version-history":[{"count":22,"href":"https:\/\/pos.uel.br\/filosofia\/wp-json\/wp\/v2\/pages\/516\/revisions"}],"predecessor-version":[{"id":2093,"href":"https:\/\/pos.uel.br\/filosofia\/wp-json\/wp\/v2\/pages\/516\/revisions\/2093"}],"wp:attachment":[{"href":"https:\/\/pos.uel.br\/filosofia\/wp-json\/wp\/v2\/media?parent=516"}],"curies":[{"name":"wp","href":"https:\/\/api.w.org\/{rel}","templated":true}]}}