{"id":24,"date":"2021-04-27T14:56:46","date_gmt":"2021-04-27T17:56:46","guid":{"rendered":"https:\/\/pos.uel.br\/filosofia\/?page_id=24"},"modified":"2023-02-23T13:59:39","modified_gmt":"2023-02-23T16:59:39","slug":"sobre-o-programa-2","status":"publish","type":"page","link":"https:\/\/pos.uel.br\/filosofia\/sobre-o-programa-2\/","title":{"rendered":"Sobre o programa"},"content":{"rendered":"\n<p>O <strong>Programa de P\u00f3s-Gradua\u00e7\u00e3o em Filosofia, <em>stricto sensu<\/em>, da Universidade Estadual de Londrina (PPGFIL-UEL)<\/strong> foi criado com a <strong>miss\u00e3o principal<\/strong> de formar e qualificar profissionais para o exerc\u00edcio de atividades de ensino, pesquisa e extens\u00e3o em Filosofia em n\u00edvel de excel\u00eancia de modo a poder contribuir com a sociedade no seu desenvolvimento cultural, social, econ\u00f4mico e cient\u00edfico.<\/p>\n\n\n\n<p>Sua modalidade \u00e9 a <strong>acad\u00eamica (mestrado e doutorado)<\/strong>. Com sua <strong>\u00e1rea de concentra\u00e7\u00e3o em Filosofia<\/strong>, o Programa trabalha com <strong>duas linhas de pesquisa<\/strong>, a saber: <\/p>\n\n\n\n<ul class=\"wp-block-list\">\n<li><strong>Conhecimento e subjetividade<\/strong> <\/li>\n\n\n\n<li><strong>\u00c9tica e filosofia pol\u00edtica<\/strong><\/li>\n<\/ul>\n\n\n\n<p>Embora as linhas possuam suas caracter\u00edsticas pr\u00f3prias, em casos espec\u00edficos, h\u00e1 flexibilidade para que professores de uma linha orientem ou coorientem trabalhos de outras linhas quando os projetos dos discentes tocam em fil\u00f3sofos da especialidade do docente, mas cujos temas n\u00e3o se encaixam na linha a qual o professor est\u00e1 ligado.<\/p>\n\n\n\n<p>Na Linha de <strong>Conhecimento e subjetividade<\/strong> trabalha-se tanto quest\u00f5es espec\u00edficas de cada tem\u00e1tica como a intersec\u00e7\u00e3o entres elas. A tem\u00e1tica conhecimento abrange investiga\u00e7\u00f5es sobre hist\u00f3ria da ci\u00eancia, justifica\u00e7\u00e3o, realismo e antirrealismo, estatuto da verdade nas ci\u00eancias, paradigmas na ci\u00eancia, racionalidade, l\u00f3gica. Em subjetividade, investigam-se quest\u00f5es tais como niilismo, metaf\u00edsica e p\u00f3s-metaf\u00edsica, linguagem, fenomenologia e hermen\u00eautica, diferen\u00e7a, cria\u00e7\u00e3o e biopol\u00edtica, constitui\u00e7\u00e3o da subjetividade na filosofia, psican\u00e1lise e psicologia. Na intersec\u00e7\u00e3o entre as duas tem\u00e1ticas a pesquisa volta-se para a problematiza\u00e7\u00e3o do estatuto da subjetividade, da racionalidade e do conhecimento na fenomenologia, na hermen\u00eautica, na linguagem e na epistemologia, bem como a rela\u00e7\u00e3o desta tem\u00e1tica com a ci\u00eancia, a t\u00e9cnica e a cr\u00edtica \u00e0 metaf\u00edsica.<\/p>\n\n\n\n<p>Na linha de <strong>\u00c9tica e Filosofia Pol\u00edtica<\/strong> discute-se temas cl\u00e1ssicos e contempor\u00e2neos da reflex\u00e3o \u00e9tica e pol\u00edtica tal como a justifica\u00e7\u00e3o da autoridade do estado, crit\u00e9rios de legitimidade do exerc\u00edcio do poder pol\u00edtico, as condi\u00e7\u00f5es de exerc\u00edcio da cidadania em sociedades pluralistas, os crit\u00e9rios de corre\u00e7\u00e3o moral da conduta humana, as condi\u00e7\u00f5es da atribui\u00e7\u00e3o de responsabilidade moral e jur\u00eddica, a rela\u00e7\u00e3o entre a moral, a pol\u00edtica e o direito, a natureza e a base de justifica\u00e7\u00e3o dos direitos humanos, a especificidade das esferas da \u00e9tica, do direito e pol\u00edtica em compara\u00e7\u00e3o e contraste com outras esferas da investiga\u00e7\u00e3o humana e sua rela\u00e7\u00e3o com outras \u00e1reas da conhecimento humano como as ci\u00eancias, a t\u00e9cnica, a ontologia. Esses temas s\u00e3o discutidos tanto da perspectiva hist\u00f3rica quanto de uma perspectiva conceitual. Da perspectiva hist\u00f3ria esses temas s\u00e3o tratados a partir de pensadores cl\u00e1ssicos da hist\u00f3ria da filosofia e de uma perspectiva conceitual se procura examinar as diferentes respostas a esses problemas quanto a sua plausibilidade e justifica\u00e7\u00e3o sob diferentes crit\u00e9rios metodol\u00f3gicos.<\/p>\n","protected":false},"excerpt":{"rendered":"<p>O Programa de P\u00f3s-Gradua\u00e7\u00e3o em Filosofia, stricto sensu, da Universidade Estadual de Londrina (PPGFIL-UEL) foi criado com a miss\u00e3o principal de formar e qualificar profissionais para o exerc\u00edcio de atividades de ensino, pesquisa e extens\u00e3o em Filosofia em n\u00edvel de excel\u00eancia de modo a poder contribuir com a sociedade no seu desenvolvimento cultural, social, econ\u00f4mico [&hellip;]<\/p>\n","protected":false},"author":16,"featured_media":0,"parent":0,"menu_order":0,"comment_status":"closed","ping_status":"closed","template":"","meta":{"footnotes":""},"class_list":["post-24","page","type-page","status-publish","hentry"],"_links":{"self":[{"href":"https:\/\/pos.uel.br\/filosofia\/wp-json\/wp\/v2\/pages\/24","targetHints":{"allow":["GET"]}}],"collection":[{"href":"https:\/\/pos.uel.br\/filosofia\/wp-json\/wp\/v2\/pages"}],"about":[{"href":"https:\/\/pos.uel.br\/filosofia\/wp-json\/wp\/v2\/types\/page"}],"author":[{"embeddable":true,"href":"https:\/\/pos.uel.br\/filosofia\/wp-json\/wp\/v2\/users\/16"}],"replies":[{"embeddable":true,"href":"https:\/\/pos.uel.br\/filosofia\/wp-json\/wp\/v2\/comments?post=24"}],"version-history":[{"count":4,"href":"https:\/\/pos.uel.br\/filosofia\/wp-json\/wp\/v2\/pages\/24\/revisions"}],"predecessor-version":[{"id":973,"href":"https:\/\/pos.uel.br\/filosofia\/wp-json\/wp\/v2\/pages\/24\/revisions\/973"}],"wp:attachment":[{"href":"https:\/\/pos.uel.br\/filosofia\/wp-json\/wp\/v2\/media?parent=24"}],"curies":[{"name":"wp","href":"https:\/\/api.w.org\/{rel}","templated":true}]}}